{"id":1903,"date":"2018-10-03T11:42:40","date_gmt":"2018-10-03T11:42:40","guid":{"rendered":"http:\/\/colindres.es\/?post_type=project&#038;p=1903"},"modified":"2018-10-03T11:42:40","modified_gmt":"2018-10-03T11:42:40","slug":"el-ayuntamiento-adjudica-tres-obras-por-importe-de-mas-de-700-000-euros-que-mejoraran-notablemente-el-nucleo-urbano","status":"publish","type":"project","link":"https:\/\/www.colindres.es\/index.php\/project\/el-ayuntamiento-adjudica-tres-obras-por-importe-de-mas-de-700-000-euros-que-mejoraran-notablemente-el-nucleo-urbano\/","title":{"rendered":"El Ayuntamiento adjudica tres obras por importe de m\u00e1s de 700.000 euros que \u201cmejorar\u00e1n notablemente el n\u00facleo urbano\u201d"},"content":{"rendered":"<p><strong>Los trabajos de reordenaci\u00f3n de la Plaza de la Constituci\u00f3n, la rehabilitaci\u00f3n de la Casa de los Maestros y la transformaci\u00f3n de La Charca comenzar\u00e1n \u201cen aproximadamente un mes y medio\u201d <\/strong><\/p>\n<p><em>Colindres, 03 de Octubre.-<\/em> El Pleno del Ayuntamiento de Colindres ha aprobado la adjudicaci\u00f3n de tres obras que en conjunto suponen una inversi\u00f3n de m\u00e1s de 700.000 euros y que servir\u00e1n para \u201cmejorar notablemente el n\u00facleo urbano del municipio y la calidad de vida de los vecinos\u201d.<\/p>\n<p>En concreto, el Consistorio ha adjudicado la reordenaci\u00f3n de la Plaza de la Constituci\u00f3n a GIOC por 299.557 euros, la rehabilitaci\u00f3n de la fachada de la Casa de los Maestros a Canor por 91.138 euros y la construcci\u00f3n de un parque p\u00fablico en la zona conocida como La Charca a Ruecan por 324.936 euros.<\/p>\n<p>Seg\u00fan ha explicado el alcalde, Javier Incera, \u201ccon la adjudicaci\u00f3n de estos tres proyectos damos un paso m\u00e1s para que en breve se puedan materializar estas actuaciones tan importantes para Colindres, que sin duda mejorar\u00e1n el n\u00facleo urbano del municipio y la calidad de vida de los vecinos\u201d.<\/p>\n<p>As\u00ed, una vez superado este tr\u00e1mite, Incera ha indicado que se proceder\u00e1 a formalizar los contratos, con lo que \u201cest\u00e1 previsto que las obras comiencen aproximadamente en un mes y medio\u201d.<\/p>\n<p>El regidor municipal ha recordado que la reordenaci\u00f3n de la Plaza de la Constituci\u00f3n, la rehabilitaci\u00f3n de la Casa de los Maestros y la transformaci\u00f3n de La Charca son los proyectos que el equipo de Gobierno present\u00f3 al Plan de Obras del Gobierno de Cantabria y, en este sentido, ha ensalzado \u201cla magn\u00edfica colaboraci\u00f3n institucional que de otra forma har\u00eda inviable estas inversiones\u201d.<\/p>\n<p>Sobre la renovaci\u00f3n de la Plaza de la Constituci\u00f3n, el alcalde ha se\u00f1alado que se va a proceder a la sustituci\u00f3n integral del pavimento y del mobiliario y que, asimismo, se instalar\u00e1 una zona de ocio infantil que simular\u00e1 un barco pirata colocado sobre suelo de seguridad. Adem\u00e1s, se aprovechar\u00e1n los trabajos para disponer de un sistema de iluminaci\u00f3n led m\u00e1s eficiente.<\/p>\n<p>El segundo de los proyectos que se llevar\u00e1 a cabo supondr\u00e1 la rehabilitaci\u00f3n de la fachada de la antigua Casa de los Maestros. Esta actuaci\u00f3n permitir\u00e1 resolver los problemas de humedad que tiene el inmueble, que actualmente acoge el centro de la tercera edad, el albergue municipal y distintas asociaciones culturales.<\/p>\n<p>Por \u00faltimo, el Ayuntamiento va a construir un nuevo parque en el antiguo barrio de Viar, com\u00fanmente conocido como \u2018La Charca\u2019 por el lugar que le ocupa. El alcalde ha explicado que el proyecto\u00a0prev\u00e9 \u201cla construcci\u00f3n de una l\u00e1mina de agua que generar\u00e1 la sensaci\u00f3n de laguna y que se podr\u00e1 recorrer a trav\u00e9s de una pasarela\u201d. \u201cSe trata de una actuaci\u00f3n muy ambiciosa que servir\u00e1 para transformar un espacio degradado en una zona de ocio de 3.000 metros cuadrados pensada en los vecinos\u201d, ha resaltado Incera.<\/p>\n","protected":false},"excerpt":{"rendered":"<p>Los trabajos de reordenaci\u00f3n de la Plaza de la Constituci\u00f3n, la rehabilitaci\u00f3n de la Casa de los Maestros y la transformaci\u00f3n de La Charca comenzar\u00e1n \u201cen aproximadamente un mes y medio\u201d Colindres, 03 de Octubre.- El Pleno del Ayuntamiento de Colindres ha aprobado la adjudicaci\u00f3n de tres obras que en conjunto suponen una inversi\u00f3n de [&hellip;]<\/p>\n","protected":false},"author":1,"featured_media":1904,"comment_status":"open","ping_status":"closed","template":"","meta":{"_et_pb_use_builder":"off","_et_pb_old_content":"","_et_gb_content_width":"","footnotes":""},"project_category":[],"project_tag":[],"class_list":["post-1903","project","type-project","status-publish","has-post-thumbnail","hentry"],"yoast_head":"<!-- This site is optimized with the Yoast SEO plugin v24.9 - https:\/\/yoast.com\/wordpress\/plugins\/seo\/ -->\n<title>El Ayuntamiento adjudica tres obras por importe de m\u00e1s de 700.000 euros que \u201cmejorar\u00e1n notablemente el n\u00facleo urbano\u201d - Ayuntamiento de Colindres<\/title>\n<meta name=\"robots\" content=\"index, follow, max-snippet:-1, max-image-preview:large, max-video-preview:-1\" \/>\n<link rel=\"canonical\" href=\"https:\/\/www.colindres.es\/index.php\/project\/el-ayuntamiento-adjudica-tres-obras-por-importe-de-mas-de-700-000-euros-que-mejoraran-notablemente-el-nucleo-urbano\/\" \/>\n<meta property=\"og:locale\" content=\"es_ES\" \/>\n<meta property=\"og:type\" content=\"article\" \/>\n<meta property=\"og:title\" content=\"El Ayuntamiento adjudica tres obras por importe de m\u00e1s de 700.000 euros que \u201cmejorar\u00e1n notablemente el n\u00facleo urbano\u201d - Ayuntamiento de Colindres\" \/>\n<meta property=\"og:description\" content=\"Los trabajos de reordenaci\u00f3n de la Plaza de la Constituci\u00f3n, la rehabilitaci\u00f3n de la Casa de los Maestros y la transformaci\u00f3n de La Charca comenzar\u00e1n \u201cen aproximadamente un mes y medio\u201d Colindres, 03 de Octubre.- El Pleno del Ayuntamiento de Colindres ha aprobado la adjudicaci\u00f3n de tres obras que en conjunto suponen una inversi\u00f3n de [&hellip;]\" \/>\n<meta property=\"og:url\" content=\"https:\/\/www.colindres.es\/index.php\/project\/el-ayuntamiento-adjudica-tres-obras-por-importe-de-mas-de-700-000-euros-que-mejoraran-notablemente-el-nucleo-urbano\/\" \/>\n<meta property=\"og:site_name\" content=\"Ayuntamiento de Colindres\" \/>\n<meta property=\"og:image\" content=\"https:\/\/www.colindres.es\/wp-content\/uploads\/2018\/10\/Infograf\u00eda-Rehabilitaci\u00f3n-Casa-de-los-Maestros-1.jpg\" \/>\n\t<meta property=\"og:image:width\" content=\"6283\" \/>\n\t<meta property=\"og:image:height\" content=\"3000\" \/>\n\t<meta property=\"og:image:type\" content=\"image\/jpeg\" \/>\n<meta name=\"twitter:card\" content=\"summary_large_image\" \/>\n<meta name=\"twitter:label1\" content=\"Tiempo de lectura\" \/>\n\t<meta name=\"twitter:data1\" content=\"3 minutos\" \/>\n<script type=\"application\/ld+json\" class=\"yoast-schema-graph\">{\"@context\":\"https:\/\/schema.org\",\"@graph\":[{\"@type\":\"WebPage\",\"@id\":\"https:\/\/www.colindres.es\/index.php\/project\/el-ayuntamiento-adjudica-tres-obras-por-importe-de-mas-de-700-000-euros-que-mejoraran-notablemente-el-nucleo-urbano\/\",\"url\":\"https:\/\/www.colindres.es\/index.php\/project\/el-ayuntamiento-adjudica-tres-obras-por-importe-de-mas-de-700-000-euros-que-mejoraran-notablemente-el-nucleo-urbano\/\",\"name\":\"El Ayuntamiento adjudica tres obras por importe de m\u00e1s de 700.000 euros que \u201cmejorar\u00e1n notablemente el n\u00facleo urbano\u201d - Ayuntamiento de Colindres\",\"isPartOf\":{\"@id\":\"https:\/\/www.colindres.es\/#website\"},\"primaryImageOfPage\":{\"@id\":\"https:\/\/www.colindres.es\/index.php\/project\/el-ayuntamiento-adjudica-tres-obras-por-importe-de-mas-de-700-000-euros-que-mejoraran-notablemente-el-nucleo-urbano\/#primaryimage\"},\"image\":{\"@id\":\"https:\/\/www.colindres.es\/index.php\/project\/el-ayuntamiento-adjudica-tres-obras-por-importe-de-mas-de-700-000-euros-que-mejoraran-notablemente-el-nucleo-urbano\/#primaryimage\"},\"thumbnailUrl\":\"https:\/\/www.colindres.es\/wp-content\/uploads\/2018\/10\/Infograf\u00eda-Rehabilitaci\u00f3n-Casa-de-los-Maestros-1.jpg\",\"datePublished\":\"2018-10-03T11:42:40+00:00\",\"breadcrumb\":{\"@id\":\"https:\/\/www.colindres.es\/index.php\/project\/el-ayuntamiento-adjudica-tres-obras-por-importe-de-mas-de-700-000-euros-que-mejoraran-notablemente-el-nucleo-urbano\/#breadcrumb\"},\"inLanguage\":\"es\",\"potentialAction\":[{\"@type\":\"ReadAction\",\"target\":[\"https:\/\/www.colindres.es\/index.php\/project\/el-ayuntamiento-adjudica-tres-obras-por-importe-de-mas-de-700-000-euros-que-mejoraran-notablemente-el-nucleo-urbano\/\"]}]},{\"@type\":\"ImageObject\",\"inLanguage\":\"es\",\"@id\":\"https:\/\/www.colindres.es\/index.php\/project\/el-ayuntamiento-adjudica-tres-obras-por-importe-de-mas-de-700-000-euros-que-mejoraran-notablemente-el-nucleo-urbano\/#primaryimage\",\"url\":\"https:\/\/www.colindres.es\/wp-content\/uploads\/2018\/10\/Infograf\u00eda-Rehabilitaci\u00f3n-Casa-de-los-Maestros-1.jpg\",\"contentUrl\":\"https:\/\/www.colindres.es\/wp-content\/uploads\/2018\/10\/Infograf\u00eda-Rehabilitaci\u00f3n-Casa-de-los-Maestros-1.jpg\",\"width\":6283,\"height\":3000},{\"@type\":\"BreadcrumbList\",\"@id\":\"https:\/\/www.colindres.es\/index.php\/project\/el-ayuntamiento-adjudica-tres-obras-por-importe-de-mas-de-700-000-euros-que-mejoraran-notablemente-el-nucleo-urbano\/#breadcrumb\",\"itemListElement\":[{\"@type\":\"ListItem\",\"position\":1,\"name\":\"Portada\",\"item\":\"https:\/\/www.colindres.es\/\"},{\"@type\":\"ListItem\",\"position\":2,\"name\":\"Proyectos\",\"item\":\"https:\/\/www.colindres.es\/index.php\/project\/\"},{\"@type\":\"ListItem\",\"position\":3,\"name\":\"El Ayuntamiento adjudica tres obras por importe de m\u00e1s de 700.000 euros que \u201cmejorar\u00e1n notablemente el n\u00facleo urbano\u201d\"}]},{\"@type\":\"WebSite\",\"@id\":\"https:\/\/www.colindres.es\/#website\",\"url\":\"https:\/\/www.colindres.es\/\",\"name\":\"Ayuntamiento de Colindres\",\"description\":\"Dise\u00f1ado por NTIC&#039;s\",\"publisher\":{\"@id\":\"https:\/\/www.colindres.es\/#organization\"},\"potentialAction\":[{\"@type\":\"SearchAction\",\"target\":{\"@type\":\"EntryPoint\",\"urlTemplate\":\"https:\/\/www.colindres.es\/?s={search_term_string}\"},\"query-input\":{\"@type\":\"PropertyValueSpecification\",\"valueRequired\":true,\"valueName\":\"search_term_string\"}}],\"inLanguage\":\"es\"},{\"@type\":\"Organization\",\"@id\":\"https:\/\/www.colindres.es\/#organization\",\"name\":\"AYUNTAMIENTO DE COLINDRES\",\"url\":\"https:\/\/www.colindres.es\/\",\"logo\":{\"@type\":\"ImageObject\",\"inLanguage\":\"es\",\"@id\":\"https:\/\/www.colindres.es\/#\/schema\/logo\/image\/\",\"url\":\"https:\/\/www.colindres.es\/wp-content\/uploads\/2017\/01\/LOGO-PRINCIPAL.jpg\",\"contentUrl\":\"https:\/\/www.colindres.es\/wp-content\/uploads\/2017\/01\/LOGO-PRINCIPAL.jpg\",\"width\":1209,\"height\":579,\"caption\":\"AYUNTAMIENTO DE COLINDRES\"},\"image\":{\"@id\":\"https:\/\/www.colindres.es\/#\/schema\/logo\/image\/\"}}]}<\/script>\n<!-- \/ Yoast SEO plugin. -->","yoast_head_json":{"title":"El Ayuntamiento adjudica tres obras por importe de m\u00e1s de 700.000 euros que \u201cmejorar\u00e1n notablemente el n\u00facleo urbano\u201d - Ayuntamiento de Colindres","robots":{"index":"index","follow":"follow","max-snippet":"max-snippet:-1","max-image-preview":"max-image-preview:large","max-video-preview":"max-video-preview:-1"},"canonical":"https:\/\/www.colindres.es\/index.php\/project\/el-ayuntamiento-adjudica-tres-obras-por-importe-de-mas-de-700-000-euros-que-mejoraran-notablemente-el-nucleo-urbano\/","og_locale":"es_ES","og_type":"article","og_title":"El Ayuntamiento adjudica tres obras por importe de m\u00e1s de 700.000 euros que \u201cmejorar\u00e1n notablemente el n\u00facleo urbano\u201d - Ayuntamiento de Colindres","og_description":"Los trabajos de reordenaci\u00f3n de la Plaza de la Constituci\u00f3n, la rehabilitaci\u00f3n de la Casa de los Maestros y la transformaci\u00f3n de La Charca comenzar\u00e1n \u201cen aproximadamente un mes y medio\u201d Colindres, 03 de Octubre.- El Pleno del Ayuntamiento de Colindres ha aprobado la adjudicaci\u00f3n de tres obras que en conjunto suponen una inversi\u00f3n de [&hellip;]","og_url":"https:\/\/www.colindres.es\/index.php\/project\/el-ayuntamiento-adjudica-tres-obras-por-importe-de-mas-de-700-000-euros-que-mejoraran-notablemente-el-nucleo-urbano\/","og_site_name":"Ayuntamiento de Colindres","og_image":[{"width":6283,"height":3000,"url":"https:\/\/www.colindres.es\/wp-content\/uploads\/2018\/10\/Infograf\u00eda-Rehabilitaci\u00f3n-Casa-de-los-Maestros-1.jpg","type":"image\/jpeg"}],"twitter_card":"summary_large_image","twitter_misc":{"Tiempo de lectura":"3 minutos"},"schema":{"@context":"https:\/\/schema.org","@graph":[{"@type":"WebPage","@id":"https:\/\/www.colindres.es\/index.php\/project\/el-ayuntamiento-adjudica-tres-obras-por-importe-de-mas-de-700-000-euros-que-mejoraran-notablemente-el-nucleo-urbano\/","url":"https:\/\/www.colindres.es\/index.php\/project\/el-ayuntamiento-adjudica-tres-obras-por-importe-de-mas-de-700-000-euros-que-mejoraran-notablemente-el-nucleo-urbano\/","name":"El Ayuntamiento adjudica tres obras por importe de m\u00e1s de 700.000 euros que \u201cmejorar\u00e1n notablemente el n\u00facleo urbano\u201d - Ayuntamiento de Colindres","isPartOf":{"@id":"https:\/\/www.colindres.es\/#website"},"primaryImageOfPage":{"@id":"https:\/\/www.colindres.es\/index.php\/project\/el-ayuntamiento-adjudica-tres-obras-por-importe-de-mas-de-700-000-euros-que-mejoraran-notablemente-el-nucleo-urbano\/#primaryimage"},"image":{"@id":"https:\/\/www.colindres.es\/index.php\/project\/el-ayuntamiento-adjudica-tres-obras-por-importe-de-mas-de-700-000-euros-que-mejoraran-notablemente-el-nucleo-urbano\/#primaryimage"},"thumbnailUrl":"https:\/\/www.colindres.es\/wp-content\/uploads\/2018\/10\/Infograf\u00eda-Rehabilitaci\u00f3n-Casa-de-los-Maestros-1.jpg","datePublished":"2018-10-03T11:42:40+00:00","breadcrumb":{"@id":"https:\/\/www.colindres.es\/index.php\/project\/el-ayuntamiento-adjudica-tres-obras-por-importe-de-mas-de-700-000-euros-que-mejoraran-notablemente-el-nucleo-urbano\/#breadcrumb"},"inLanguage":"es","potentialAction":[{"@type":"ReadAction","target":["https:\/\/www.colindres.es\/index.php\/project\/el-ayuntamiento-adjudica-tres-obras-por-importe-de-mas-de-700-000-euros-que-mejoraran-notablemente-el-nucleo-urbano\/"]}]},{"@type":"ImageObject","inLanguage":"es","@id":"https:\/\/www.colindres.es\/index.php\/project\/el-ayuntamiento-adjudica-tres-obras-por-importe-de-mas-de-700-000-euros-que-mejoraran-notablemente-el-nucleo-urbano\/#primaryimage","url":"https:\/\/www.colindres.es\/wp-content\/uploads\/2018\/10\/Infograf\u00eda-Rehabilitaci\u00f3n-Casa-de-los-Maestros-1.jpg","contentUrl":"https:\/\/www.colindres.es\/wp-content\/uploads\/2018\/10\/Infograf\u00eda-Rehabilitaci\u00f3n-Casa-de-los-Maestros-1.jpg","width":6283,"height":3000},{"@type":"BreadcrumbList","@id":"https:\/\/www.colindres.es\/index.php\/project\/el-ayuntamiento-adjudica-tres-obras-por-importe-de-mas-de-700-000-euros-que-mejoraran-notablemente-el-nucleo-urbano\/#breadcrumb","itemListElement":[{"@type":"ListItem","position":1,"name":"Portada","item":"https:\/\/www.colindres.es\/"},{"@type":"ListItem","position":2,"name":"Proyectos","item":"https:\/\/www.colindres.es\/index.php\/project\/"},{"@type":"ListItem","position":3,"name":"El Ayuntamiento adjudica tres obras por importe de m\u00e1s de 700.000 euros que \u201cmejorar\u00e1n notablemente el n\u00facleo urbano\u201d"}]},{"@type":"WebSite","@id":"https:\/\/www.colindres.es\/#website","url":"https:\/\/www.colindres.es\/","name":"Ayuntamiento de Colindres","description":"Dise\u00f1ado por NTIC&#039;s","publisher":{"@id":"https:\/\/www.colindres.es\/#organization"},"potentialAction":[{"@type":"SearchAction","target":{"@type":"EntryPoint","urlTemplate":"https:\/\/www.colindres.es\/?s={search_term_string}"},"query-input":{"@type":"PropertyValueSpecification","valueRequired":true,"valueName":"search_term_string"}}],"inLanguage":"es"},{"@type":"Organization","@id":"https:\/\/www.colindres.es\/#organization","name":"AYUNTAMIENTO DE COLINDRES","url":"https:\/\/www.colindres.es\/","logo":{"@type":"ImageObject","inLanguage":"es","@id":"https:\/\/www.colindres.es\/#\/schema\/logo\/image\/","url":"https:\/\/www.colindres.es\/wp-content\/uploads\/2017\/01\/LOGO-PRINCIPAL.jpg","contentUrl":"https:\/\/www.colindres.es\/wp-content\/uploads\/2017\/01\/LOGO-PRINCIPAL.jpg","width":1209,"height":579,"caption":"AYUNTAMIENTO DE COLINDRES"},"image":{"@id":"https:\/\/www.colindres.es\/#\/schema\/logo\/image\/"}}]}},"_links":{"self":[{"href":"https:\/\/www.colindres.es\/index.php\/wp-json\/wp\/v2\/project\/1903","targetHints":{"allow":["GET"]}}],"collection":[{"href":"https:\/\/www.colindres.es\/index.php\/wp-json\/wp\/v2\/project"}],"about":[{"href":"https:\/\/www.colindres.es\/index.php\/wp-json\/wp\/v2\/types\/project"}],"author":[{"embeddable":true,"href":"https:\/\/www.colindres.es\/index.php\/wp-json\/wp\/v2\/users\/1"}],"replies":[{"embeddable":true,"href":"https:\/\/www.colindres.es\/index.php\/wp-json\/wp\/v2\/comments?post=1903"}],"version-history":[{"count":1,"href":"https:\/\/www.colindres.es\/index.php\/wp-json\/wp\/v2\/project\/1903\/revisions"}],"predecessor-version":[{"id":1905,"href":"https:\/\/www.colindres.es\/index.php\/wp-json\/wp\/v2\/project\/1903\/revisions\/1905"}],"wp:featuredmedia":[{"embeddable":true,"href":"https:\/\/www.colindres.es\/index.php\/wp-json\/wp\/v2\/media\/1904"}],"wp:attachment":[{"href":"https:\/\/www.colindres.es\/index.php\/wp-json\/wp\/v2\/media?parent=1903"}],"wp:term":[{"taxonomy":"project_category","embeddable":true,"href":"https:\/\/www.colindres.es\/index.php\/wp-json\/wp\/v2\/project_category?post=1903"},{"taxonomy":"project_tag","embeddable":true,"href":"https:\/\/www.colindres.es\/index.php\/wp-json\/wp\/v2\/project_tag?post=1903"}],"curies":[{"name":"wp","href":"https:\/\/api.w.org\/{rel}","templated":true}]}}