{"id":1896,"date":"2018-10-03T07:03:51","date_gmt":"2018-10-03T07:03:51","guid":{"rendered":"http:\/\/colindres.es\/?post_type=project&#038;p=1896"},"modified":"2018-10-03T07:03:51","modified_gmt":"2018-10-03T07:03:51","slug":"decreto-de-la-presidencia-123-2018-anuncio-de-la-propuesta-definitiva-para-la-formacion-de-una-bolsa-de-trabajo-con-destino-al-nombramiento-de-personal-laboral-temporal-para-auxiliar-administrativo","status":"publish","type":"project","link":"https:\/\/www.colindres.es\/index.php\/project\/decreto-de-la-presidencia-123-2018-anuncio-de-la-propuesta-definitiva-para-la-formacion-de-una-bolsa-de-trabajo-con-destino-al-nombramiento-de-personal-laboral-temporal-para-auxiliar-administrativo\/","title":{"rendered":"DECRETO DE LA PRESIDENCIA 123\/2018 &#8211; anuncio de la propuesta definitiva para la formaci\u00f3n de una bolsa de trabajo con destino al nombramiento de personal laboral temporal para Auxiliar administrativo\/a"},"content":{"rendered":"<p><strong>DECRETO DE LA PRESIDENCIA 123\/2018<\/strong><\/p>\n<p>Javier Incera Goyenechea, Presidente de la Mancomunidad de Servicios Sociales de Ampuero, Limpias, Liendo, Guriezo y Colindres, en el d\u00eda de la fecha dicto la presente resoluci\u00f3n:<\/p>\n<p>Visto el anuncio de la propuesta definitiva para la formaci\u00f3n de una bolsa de trabajo con destino al nombramiento de personal laboral temporal para Auxiliar administrativo\/a. A efectos de dar cumplimiento a lo establecido en la base s\u00e9ptima de las que rigen las pruebas selectivas para la creaci\u00f3n, mediante concurso, de una bolsa de empleo con destino a la selecci\u00f3n de personal en la categor\u00eda de Auxiliar administrativo\/a (personal laboral temporal), se procede por parte de la Comisi\u00f3n de Valoraci\u00f3n a la publicaci\u00f3n en la p\u00e1gina web del Ayuntamiento de Colindres (<a href=\"https:\/\/www.colindres.es\/\">www.colindres.es<\/a>) y en su Tabl\u00f3n de Anuncios (en la medida de lo posible se publicar\u00e1 el citado anuncio en las webs de los municipios integrantes de la Mancomunidad y en sus Tablones de Anuncios), de la propuesta de aspirantes baremados elevada a la Presidencia (por orden de propuesta de nombramiento), con indicaci\u00f3n de la nota final obtenida (desglosada por m\u00e9ritos).<\/p>\n<p>La relaci\u00f3n definitiva de los\/as integrantes de la Bolsa de Trabajo quedar\u00eda tal y como sigue:<\/p>\n<p><img loading=\"lazy\" decoding=\"async\" class=\"alignnone size-medium wp-image-1899\" src=\"http:\/\/colindres.es\/wp-content\/uploads\/2018\/10\/1-300x214.png\" alt=\"\" width=\"300\" height=\"214\" srcset=\"https:\/\/www.colindres.es\/wp-content\/uploads\/2018\/10\/1-300x214.png 300w, https:\/\/www.colindres.es\/wp-content\/uploads\/2018\/10\/1-400x284.png 400w, https:\/\/www.colindres.es\/wp-content\/uploads\/2018\/10\/1.png 690w\" sizes=\"(max-width: 300px) 100vw, 300px\" \/><\/p>\n<p><img loading=\"lazy\" decoding=\"async\" class=\"alignnone size-medium wp-image-1900\" src=\"http:\/\/colindres.es\/wp-content\/uploads\/2018\/10\/2-300x192.png\" alt=\"\" width=\"300\" height=\"192\" srcset=\"https:\/\/www.colindres.es\/wp-content\/uploads\/2018\/10\/2-300x192.png 300w, https:\/\/www.colindres.es\/wp-content\/uploads\/2018\/10\/2.png 690w\" sizes=\"(max-width: 300px) 100vw, 300px\" \/><\/p>\n<p><em>*En caso de empate la Comisi\u00f3n de Valoraci\u00f3n ha utilizado como criterio el de la letra que determina el orden de actuaci\u00f3n de los aspirantes en las pruebas selectivas para el acceso al empleo p\u00fablico: letra \u00d1, en virtud de la Resoluci\u00f3n de 18 de abril de 2017 de la Secretar\u00eda de Estado de Funci\u00f3n P\u00fablica.<\/em><\/p>\n<p>Visto que la Comisi\u00f3n detecta la existencia de un error en la lista definitiva de aspirantes admitidos en esta bolsa de empleo: la aspirante Do\u00f1a Ana Fern\u00e1ndez Ortiz no debe figurar en la bolsa de auxiliar y si en la de trabajadora social. Advertido de la existencia de este error la propia Comisi\u00f3n propone acordar de oficio su exclusi\u00f3n de la bolsa de empleo de auxiliar administrativo, as\u00ed como remitir la solicitud a la Comisi\u00f3n de Valoraci\u00f3n de la bolsa de empleo para la selecci\u00f3n de un trabajador\/a social que es donde entiende que debe incluirse, en congruencia con la solicitud presentada.<\/p>\n<p>Teniendo en cuenta todo lo anterior, y a la vista de las competencias que me atribuye el art\u00edculo 21.1 h) de la Ley 7\/1985, de 2 de abril, de bases de r\u00e9gimen local, y a la vista de las competencias que me atribuye el art\u00edculo 11 g) de los Estatutos de la Mancomunidad (BOC n\u00ba: 216, de 8 de noviembre de 2001)<\/p>\n<p><strong>RESUELVO:<\/strong><\/p>\n<p><strong>Primero: <\/strong>Aprobar la Bolsa de Trabajo con destino al nombramiento de Auxiliar administrativo\/a, con el objeto de posibilitar pr\u00f3ximos nombramientos que, con car\u00e1cter de personal laboral temporal, se estimen de necesidad o urgencia, en los t\u00e9rminos y de acuerdo con lo expuesto en la Base Primera y Base Octava de las Bases reguladoras del proceso selectivo, sin que para los aspirantes contenidos en la misma se generen m\u00e1s derechos que los se\u00f1alados en las referidas Bases.<\/p>\n<p>Determinar que los aspirantes que forman parte de la Lista de Espera o Bolsa de Empleo, y por el Orden de su puntuaci\u00f3n son:<\/p>\n<p><img loading=\"lazy\" decoding=\"async\" class=\"alignnone size-medium wp-image-1897\" src=\"http:\/\/colindres.es\/wp-content\/uploads\/2018\/10\/3-275x300.png\" alt=\"\" width=\"275\" height=\"300\" srcset=\"https:\/\/www.colindres.es\/wp-content\/uploads\/2018\/10\/3-275x300.png 275w, https:\/\/www.colindres.es\/wp-content\/uploads\/2018\/10\/3.png 690w\" sizes=\"(max-width: 275px) 100vw, 275px\" \/><\/p>\n<p><img loading=\"lazy\" decoding=\"async\" class=\"alignnone size-medium wp-image-1898\" src=\"http:\/\/colindres.es\/wp-content\/uploads\/2018\/10\/4-300x79.png\" alt=\"\" width=\"300\" height=\"79\" srcset=\"https:\/\/www.colindres.es\/wp-content\/uploads\/2018\/10\/4-300x79.png 300w, https:\/\/www.colindres.es\/wp-content\/uploads\/2018\/10\/4.png 690w\" sizes=\"(max-width: 300px) 100vw, 300px\" \/><\/p>\n<p>Segundo: Acordar, en congruencia con las consideraciones de la Comisi\u00f3n de Valoraci\u00f3n, la exclusi\u00f3n de la bolsa de Auxiliar administrativo de la aspirante Do\u00f1a Ana Bego\u00f1a Fern\u00e1ndez Ortiz. Acordar, asimismo, la remisi\u00f3n de su solicitud a la Comisi\u00f3n de Valoraci\u00f3n de la bolsa de trabajador\/a social, que es donde debe figurar de acuerdo con lo expuesto en su instancia.<\/p>\n<p><strong>Tercero: <\/strong>La Bolsa de Trabajo se regir\u00e1 por los criterios establecidos en las Bases reguladoras del presente proceso y, por los que se exponen a continuaci\u00f3n:<\/p>\n<ul>\n<li>La Mancomunidad se pondr\u00e1 en contacto telef\u00f3nico con el aspirante, siguiendo rigurosamente el orden establecido en la lista. El aspirante deber\u00e1 dar una contestaci\u00f3n a la oferta de empleo en el plazo de 24 horas. En el caso de que no se pueda localizar a un aspirante despu\u00e9s de haber intentado tres llamadas telef\u00f3nicas en horas distintas y enviado correo electr\u00f3nico, se proceder\u00e1 a llamar al siguiente aspirante de la lista, siendo el aspirante no localizado colocado en la misma posici\u00f3n que ten\u00eda adjudicada originariamente en la lista de espera.<\/li>\n<li>El aspirante que integrado en una lista de espera, sea llamado para cubrir una necesidad y alegue y justifique la imposibilidad de incorporaci\u00f3n efectiva por estar trabajando, o incapacidad temporal, continuar\u00e1 en la lista de espera en la misma posici\u00f3n que ocupaba inicialmente, si bien no ser\u00e1 activado en la lista de espera y llamado para una nueva oferta hasta que el propio aspirante comunique, por escrito, a la Mancomunidad que est\u00e1 disponible por haberse modificado la causa que aleg\u00f3 para no aceptar la oferta de trabajo.<\/li>\n<li>El aspirante que haya sido objeto de contrataci\u00f3n, una vez finalizada la prestaci\u00f3n ser\u00e1 colocado de nuevo en la lista de espera en la misma posici\u00f3n que ten\u00eda adjudicada originariamente.<\/li>\n<\/ul>\n<p><strong>Cuarto: <\/strong>La presente Bolsa de Trabajo entrar\u00e1 en vigor desde la fecha de su aprobaci\u00f3n, siendo su duraci\u00f3n la prevista en la Base Primera de las reguladoras del presente proceso: cuatro a\u00f1os.<\/p>\n<p><strong>Quinto: <\/strong>Que se de publicidad del presente acuerdo conforme a las bases de la convocatoria.<\/p>\n<p><strong>Sexto: <\/strong>Que se de cuenta a la Junta de la Mancomunidad en la primera sesi\u00f3n ordinaria que se celebre.<\/p>\n<p>Lo manda y firma el Sr. Presidente, en Colindres a 2 de octubre de 2018.<\/p>\n<p>El Presidente,\u00a0\u00a0\u00a0\u00a0\u00a0\u00a0\u00a0\u00a0\u00a0 \u00a0\u00a0\u00a0\u00a0 \u00a0\u00a0\u00a0\u00a0\u00a0\u00a0\u00a0\u00a0\u00a0\u00a0\u00a0\u00a0\u00a0\u00a0\u00a0\u00a0\u00a0\u00a0\u00a0\u00a0\u00a0\u00a0 \u00a0Doy fe, el Secretario-Interventor<\/p>\n<p>Fdo.- Javier Incera Goyenechea.\u00a0\u00a0\u00a0 \u00a0\u00a0\u00a0\u00a0\u00a0\u00a0\u00a0\u00a0\u00a0\u00a0 Fdo.- Jos\u00e9 Ignacio S\u00e1nchez Mart\u00ednez.<\/p>\n<p><a href=\"http:\/\/colindres.es\/wp-content\/uploads\/2018\/10\/123-2018-decreto-aprobacion-bolsa-auxiliar-administrativo.pdf\">Aqu\u00ed puede descargar en formato PDF el decreto.<\/a><\/p>\n","protected":false},"excerpt":{"rendered":"<p>DECRETO DE LA PRESIDENCIA 123\/2018 Javier Incera Goyenechea, Presidente de la Mancomunidad de Servicios Sociales de Ampuero, Limpias, Liendo, Guriezo y Colindres, en el d\u00eda de la fecha dicto la presente resoluci\u00f3n: Visto el anuncio de la propuesta definitiva para la formaci\u00f3n de una bolsa de trabajo con destino al nombramiento de personal laboral temporal [&hellip;]<\/p>\n","protected":false},"author":1,"featured_media":1471,"comment_status":"open","ping_status":"closed","template":"","meta":{"_et_pb_use_builder":"","_et_pb_old_content":"","_et_gb_content_width":"","footnotes":""},"project_category":[],"project_tag":[],"class_list":["post-1896","project","type-project","status-publish","has-post-thumbnail","hentry"],"yoast_head":"<!-- This site is optimized with the Yoast SEO plugin v24.9 - https:\/\/yoast.com\/wordpress\/plugins\/seo\/ -->\n<title>DECRETO DE LA PRESIDENCIA 123\/2018 - anuncio de la propuesta definitiva para la formaci\u00f3n de una bolsa de trabajo con destino al nombramiento de personal laboral temporal para Auxiliar administrativo\/a - Ayuntamiento de Colindres<\/title>\n<meta name=\"robots\" content=\"index, follow, max-snippet:-1, max-image-preview:large, max-video-preview:-1\" \/>\n<link rel=\"canonical\" href=\"https:\/\/www.colindres.es\/index.php\/project\/decreto-de-la-presidencia-123-2018-anuncio-de-la-propuesta-definitiva-para-la-formacion-de-una-bolsa-de-trabajo-con-destino-al-nombramiento-de-personal-laboral-temporal-para-auxiliar-administrativo\/\" \/>\n<meta property=\"og:locale\" content=\"es_ES\" \/>\n<meta property=\"og:type\" content=\"article\" \/>\n<meta property=\"og:title\" content=\"DECRETO DE LA PRESIDENCIA 123\/2018 - anuncio de la propuesta definitiva para la formaci\u00f3n de una bolsa de trabajo con destino al nombramiento de personal laboral temporal para Auxiliar administrativo\/a - Ayuntamiento de Colindres\" \/>\n<meta property=\"og:description\" content=\"DECRETO DE LA PRESIDENCIA 123\/2018 Javier Incera Goyenechea, Presidente de la Mancomunidad de Servicios Sociales de Ampuero, Limpias, Liendo, Guriezo y Colindres, en el d\u00eda de la fecha dicto la presente resoluci\u00f3n: Visto el anuncio de la propuesta definitiva para la formaci\u00f3n de una bolsa de trabajo con destino al nombramiento de personal laboral temporal [&hellip;]\" \/>\n<meta property=\"og:url\" content=\"https:\/\/www.colindres.es\/index.php\/project\/decreto-de-la-presidencia-123-2018-anuncio-de-la-propuesta-definitiva-para-la-formacion-de-una-bolsa-de-trabajo-con-destino-al-nombramiento-de-personal-laboral-temporal-para-auxiliar-administrativo\/\" \/>\n<meta property=\"og:site_name\" content=\"Ayuntamiento de Colindres\" \/>\n<meta property=\"og:image\" content=\"https:\/\/www.colindres.es\/wp-content\/uploads\/2018\/04\/mancomunidad.jpg\" \/>\n\t<meta property=\"og:image:width\" content=\"1376\" \/>\n\t<meta property=\"og:image:height\" content=\"1040\" \/>\n\t<meta property=\"og:image:type\" content=\"image\/jpeg\" \/>\n<meta name=\"twitter:card\" content=\"summary_large_image\" \/>\n<meta name=\"twitter:label1\" content=\"Tiempo de lectura\" \/>\n\t<meta name=\"twitter:data1\" content=\"5 minutos\" \/>\n<script type=\"application\/ld+json\" class=\"yoast-schema-graph\">{\"@context\":\"https:\/\/schema.org\",\"@graph\":[{\"@type\":\"WebPage\",\"@id\":\"https:\/\/www.colindres.es\/index.php\/project\/decreto-de-la-presidencia-123-2018-anuncio-de-la-propuesta-definitiva-para-la-formacion-de-una-bolsa-de-trabajo-con-destino-al-nombramiento-de-personal-laboral-temporal-para-auxiliar-administrativo\/\",\"url\":\"https:\/\/www.colindres.es\/index.php\/project\/decreto-de-la-presidencia-123-2018-anuncio-de-la-propuesta-definitiva-para-la-formacion-de-una-bolsa-de-trabajo-con-destino-al-nombramiento-de-personal-laboral-temporal-para-auxiliar-administrativo\/\",\"name\":\"DECRETO DE LA PRESIDENCIA 123\/2018 - anuncio de la propuesta definitiva para la formaci\u00f3n de una bolsa de trabajo con destino al nombramiento de personal laboral temporal para Auxiliar administrativo\/a - Ayuntamiento de Colindres\",\"isPartOf\":{\"@id\":\"https:\/\/www.colindres.es\/#website\"},\"primaryImageOfPage\":{\"@id\":\"https:\/\/www.colindres.es\/index.php\/project\/decreto-de-la-presidencia-123-2018-anuncio-de-la-propuesta-definitiva-para-la-formacion-de-una-bolsa-de-trabajo-con-destino-al-nombramiento-de-personal-laboral-temporal-para-auxiliar-administrativo\/#primaryimage\"},\"image\":{\"@id\":\"https:\/\/www.colindres.es\/index.php\/project\/decreto-de-la-presidencia-123-2018-anuncio-de-la-propuesta-definitiva-para-la-formacion-de-una-bolsa-de-trabajo-con-destino-al-nombramiento-de-personal-laboral-temporal-para-auxiliar-administrativo\/#primaryimage\"},\"thumbnailUrl\":\"https:\/\/www.colindres.es\/wp-content\/uploads\/2018\/04\/mancomunidad.jpg\",\"datePublished\":\"2018-10-03T07:03:51+00:00\",\"breadcrumb\":{\"@id\":\"https:\/\/www.colindres.es\/index.php\/project\/decreto-de-la-presidencia-123-2018-anuncio-de-la-propuesta-definitiva-para-la-formacion-de-una-bolsa-de-trabajo-con-destino-al-nombramiento-de-personal-laboral-temporal-para-auxiliar-administrativo\/#breadcrumb\"},\"inLanguage\":\"es\",\"potentialAction\":[{\"@type\":\"ReadAction\",\"target\":[\"https:\/\/www.colindres.es\/index.php\/project\/decreto-de-la-presidencia-123-2018-anuncio-de-la-propuesta-definitiva-para-la-formacion-de-una-bolsa-de-trabajo-con-destino-al-nombramiento-de-personal-laboral-temporal-para-auxiliar-administrativo\/\"]}]},{\"@type\":\"ImageObject\",\"inLanguage\":\"es\",\"@id\":\"https:\/\/www.colindres.es\/index.php\/project\/decreto-de-la-presidencia-123-2018-anuncio-de-la-propuesta-definitiva-para-la-formacion-de-una-bolsa-de-trabajo-con-destino-al-nombramiento-de-personal-laboral-temporal-para-auxiliar-administrativo\/#primaryimage\",\"url\":\"https:\/\/www.colindres.es\/wp-content\/uploads\/2018\/04\/mancomunidad.jpg\",\"contentUrl\":\"https:\/\/www.colindres.es\/wp-content\/uploads\/2018\/04\/mancomunidad.jpg\",\"width\":1376,\"height\":1040,\"caption\":\"logo mancomunidad\"},{\"@type\":\"BreadcrumbList\",\"@id\":\"https:\/\/www.colindres.es\/index.php\/project\/decreto-de-la-presidencia-123-2018-anuncio-de-la-propuesta-definitiva-para-la-formacion-de-una-bolsa-de-trabajo-con-destino-al-nombramiento-de-personal-laboral-temporal-para-auxiliar-administrativo\/#breadcrumb\",\"itemListElement\":[{\"@type\":\"ListItem\",\"position\":1,\"name\":\"Portada\",\"item\":\"https:\/\/www.colindres.es\/\"},{\"@type\":\"ListItem\",\"position\":2,\"name\":\"Proyectos\",\"item\":\"https:\/\/www.colindres.es\/index.php\/project\/\"},{\"@type\":\"ListItem\",\"position\":3,\"name\":\"DECRETO DE LA PRESIDENCIA 123\/2018 &#8211; anuncio de la propuesta definitiva para la formaci\u00f3n de una bolsa de trabajo con destino al nombramiento de personal laboral temporal para Auxiliar administrativo\/a\"}]},{\"@type\":\"WebSite\",\"@id\":\"https:\/\/www.colindres.es\/#website\",\"url\":\"https:\/\/www.colindres.es\/\",\"name\":\"Ayuntamiento de Colindres\",\"description\":\"Dise\u00f1ado por NTIC&#039;s\",\"publisher\":{\"@id\":\"https:\/\/www.colindres.es\/#organization\"},\"potentialAction\":[{\"@type\":\"SearchAction\",\"target\":{\"@type\":\"EntryPoint\",\"urlTemplate\":\"https:\/\/www.colindres.es\/?s={search_term_string}\"},\"query-input\":{\"@type\":\"PropertyValueSpecification\",\"valueRequired\":true,\"valueName\":\"search_term_string\"}}],\"inLanguage\":\"es\"},{\"@type\":\"Organization\",\"@id\":\"https:\/\/www.colindres.es\/#organization\",\"name\":\"AYUNTAMIENTO DE COLINDRES\",\"url\":\"https:\/\/www.colindres.es\/\",\"logo\":{\"@type\":\"ImageObject\",\"inLanguage\":\"es\",\"@id\":\"https:\/\/www.colindres.es\/#\/schema\/logo\/image\/\",\"url\":\"https:\/\/www.colindres.es\/wp-content\/uploads\/2017\/01\/LOGO-PRINCIPAL.jpg\",\"contentUrl\":\"https:\/\/www.colindres.es\/wp-content\/uploads\/2017\/01\/LOGO-PRINCIPAL.jpg\",\"width\":1209,\"height\":579,\"caption\":\"AYUNTAMIENTO DE COLINDRES\"},\"image\":{\"@id\":\"https:\/\/www.colindres.es\/#\/schema\/logo\/image\/\"}}]}<\/script>\n<!-- \/ Yoast SEO plugin. -->","yoast_head_json":{"title":"DECRETO DE LA PRESIDENCIA 123\/2018 - anuncio de la propuesta definitiva para la formaci\u00f3n de una bolsa de trabajo con destino al nombramiento de personal laboral temporal para Auxiliar administrativo\/a - Ayuntamiento de Colindres","robots":{"index":"index","follow":"follow","max-snippet":"max-snippet:-1","max-image-preview":"max-image-preview:large","max-video-preview":"max-video-preview:-1"},"canonical":"https:\/\/www.colindres.es\/index.php\/project\/decreto-de-la-presidencia-123-2018-anuncio-de-la-propuesta-definitiva-para-la-formacion-de-una-bolsa-de-trabajo-con-destino-al-nombramiento-de-personal-laboral-temporal-para-auxiliar-administrativo\/","og_locale":"es_ES","og_type":"article","og_title":"DECRETO DE LA PRESIDENCIA 123\/2018 - anuncio de la propuesta definitiva para la formaci\u00f3n de una bolsa de trabajo con destino al nombramiento de personal laboral temporal para Auxiliar administrativo\/a - Ayuntamiento de Colindres","og_description":"DECRETO DE LA PRESIDENCIA 123\/2018 Javier Incera Goyenechea, Presidente de la Mancomunidad de Servicios Sociales de Ampuero, Limpias, Liendo, Guriezo y Colindres, en el d\u00eda de la fecha dicto la presente resoluci\u00f3n: Visto el anuncio de la propuesta definitiva para la formaci\u00f3n de una bolsa de trabajo con destino al nombramiento de personal laboral temporal [&hellip;]","og_url":"https:\/\/www.colindres.es\/index.php\/project\/decreto-de-la-presidencia-123-2018-anuncio-de-la-propuesta-definitiva-para-la-formacion-de-una-bolsa-de-trabajo-con-destino-al-nombramiento-de-personal-laboral-temporal-para-auxiliar-administrativo\/","og_site_name":"Ayuntamiento de Colindres","og_image":[{"width":1376,"height":1040,"url":"https:\/\/www.colindres.es\/wp-content\/uploads\/2018\/04\/mancomunidad.jpg","type":"image\/jpeg"}],"twitter_card":"summary_large_image","twitter_misc":{"Tiempo de lectura":"5 minutos"},"schema":{"@context":"https:\/\/schema.org","@graph":[{"@type":"WebPage","@id":"https:\/\/www.colindres.es\/index.php\/project\/decreto-de-la-presidencia-123-2018-anuncio-de-la-propuesta-definitiva-para-la-formacion-de-una-bolsa-de-trabajo-con-destino-al-nombramiento-de-personal-laboral-temporal-para-auxiliar-administrativo\/","url":"https:\/\/www.colindres.es\/index.php\/project\/decreto-de-la-presidencia-123-2018-anuncio-de-la-propuesta-definitiva-para-la-formacion-de-una-bolsa-de-trabajo-con-destino-al-nombramiento-de-personal-laboral-temporal-para-auxiliar-administrativo\/","name":"DECRETO DE LA PRESIDENCIA 123\/2018 - anuncio de la propuesta definitiva para la formaci\u00f3n de una bolsa de trabajo con destino al nombramiento de personal laboral temporal para Auxiliar administrativo\/a - Ayuntamiento de Colindres","isPartOf":{"@id":"https:\/\/www.colindres.es\/#website"},"primaryImageOfPage":{"@id":"https:\/\/www.colindres.es\/index.php\/project\/decreto-de-la-presidencia-123-2018-anuncio-de-la-propuesta-definitiva-para-la-formacion-de-una-bolsa-de-trabajo-con-destino-al-nombramiento-de-personal-laboral-temporal-para-auxiliar-administrativo\/#primaryimage"},"image":{"@id":"https:\/\/www.colindres.es\/index.php\/project\/decreto-de-la-presidencia-123-2018-anuncio-de-la-propuesta-definitiva-para-la-formacion-de-una-bolsa-de-trabajo-con-destino-al-nombramiento-de-personal-laboral-temporal-para-auxiliar-administrativo\/#primaryimage"},"thumbnailUrl":"https:\/\/www.colindres.es\/wp-content\/uploads\/2018\/04\/mancomunidad.jpg","datePublished":"2018-10-03T07:03:51+00:00","breadcrumb":{"@id":"https:\/\/www.colindres.es\/index.php\/project\/decreto-de-la-presidencia-123-2018-anuncio-de-la-propuesta-definitiva-para-la-formacion-de-una-bolsa-de-trabajo-con-destino-al-nombramiento-de-personal-laboral-temporal-para-auxiliar-administrativo\/#breadcrumb"},"inLanguage":"es","potentialAction":[{"@type":"ReadAction","target":["https:\/\/www.colindres.es\/index.php\/project\/decreto-de-la-presidencia-123-2018-anuncio-de-la-propuesta-definitiva-para-la-formacion-de-una-bolsa-de-trabajo-con-destino-al-nombramiento-de-personal-laboral-temporal-para-auxiliar-administrativo\/"]}]},{"@type":"ImageObject","inLanguage":"es","@id":"https:\/\/www.colindres.es\/index.php\/project\/decreto-de-la-presidencia-123-2018-anuncio-de-la-propuesta-definitiva-para-la-formacion-de-una-bolsa-de-trabajo-con-destino-al-nombramiento-de-personal-laboral-temporal-para-auxiliar-administrativo\/#primaryimage","url":"https:\/\/www.colindres.es\/wp-content\/uploads\/2018\/04\/mancomunidad.jpg","contentUrl":"https:\/\/www.colindres.es\/wp-content\/uploads\/2018\/04\/mancomunidad.jpg","width":1376,"height":1040,"caption":"logo mancomunidad"},{"@type":"BreadcrumbList","@id":"https:\/\/www.colindres.es\/index.php\/project\/decreto-de-la-presidencia-123-2018-anuncio-de-la-propuesta-definitiva-para-la-formacion-de-una-bolsa-de-trabajo-con-destino-al-nombramiento-de-personal-laboral-temporal-para-auxiliar-administrativo\/#breadcrumb","itemListElement":[{"@type":"ListItem","position":1,"name":"Portada","item":"https:\/\/www.colindres.es\/"},{"@type":"ListItem","position":2,"name":"Proyectos","item":"https:\/\/www.colindres.es\/index.php\/project\/"},{"@type":"ListItem","position":3,"name":"DECRETO DE LA PRESIDENCIA 123\/2018 &#8211; anuncio de la propuesta definitiva para la formaci\u00f3n de una bolsa de trabajo con destino al nombramiento de personal laboral temporal para Auxiliar administrativo\/a"}]},{"@type":"WebSite","@id":"https:\/\/www.colindres.es\/#website","url":"https:\/\/www.colindres.es\/","name":"Ayuntamiento de Colindres","description":"Dise\u00f1ado por NTIC&#039;s","publisher":{"@id":"https:\/\/www.colindres.es\/#organization"},"potentialAction":[{"@type":"SearchAction","target":{"@type":"EntryPoint","urlTemplate":"https:\/\/www.colindres.es\/?s={search_term_string}"},"query-input":{"@type":"PropertyValueSpecification","valueRequired":true,"valueName":"search_term_string"}}],"inLanguage":"es"},{"@type":"Organization","@id":"https:\/\/www.colindres.es\/#organization","name":"AYUNTAMIENTO DE COLINDRES","url":"https:\/\/www.colindres.es\/","logo":{"@type":"ImageObject","inLanguage":"es","@id":"https:\/\/www.colindres.es\/#\/schema\/logo\/image\/","url":"https:\/\/www.colindres.es\/wp-content\/uploads\/2017\/01\/LOGO-PRINCIPAL.jpg","contentUrl":"https:\/\/www.colindres.es\/wp-content\/uploads\/2017\/01\/LOGO-PRINCIPAL.jpg","width":1209,"height":579,"caption":"AYUNTAMIENTO DE COLINDRES"},"image":{"@id":"https:\/\/www.colindres.es\/#\/schema\/logo\/image\/"}}]}},"_links":{"self":[{"href":"https:\/\/www.colindres.es\/index.php\/wp-json\/wp\/v2\/project\/1896","targetHints":{"allow":["GET"]}}],"collection":[{"href":"https:\/\/www.colindres.es\/index.php\/wp-json\/wp\/v2\/project"}],"about":[{"href":"https:\/\/www.colindres.es\/index.php\/wp-json\/wp\/v2\/types\/project"}],"author":[{"embeddable":true,"href":"https:\/\/www.colindres.es\/index.php\/wp-json\/wp\/v2\/users\/1"}],"replies":[{"embeddable":true,"href":"https:\/\/www.colindres.es\/index.php\/wp-json\/wp\/v2\/comments?post=1896"}],"version-history":[{"count":1,"href":"https:\/\/www.colindres.es\/index.php\/wp-json\/wp\/v2\/project\/1896\/revisions"}],"predecessor-version":[{"id":1902,"href":"https:\/\/www.colindres.es\/index.php\/wp-json\/wp\/v2\/project\/1896\/revisions\/1902"}],"wp:featuredmedia":[{"embeddable":true,"href":"https:\/\/www.colindres.es\/index.php\/wp-json\/wp\/v2\/media\/1471"}],"wp:attachment":[{"href":"https:\/\/www.colindres.es\/index.php\/wp-json\/wp\/v2\/media?parent=1896"}],"wp:term":[{"taxonomy":"project_category","embeddable":true,"href":"https:\/\/www.colindres.es\/index.php\/wp-json\/wp\/v2\/project_category?post=1896"},{"taxonomy":"project_tag","embeddable":true,"href":"https:\/\/www.colindres.es\/index.php\/wp-json\/wp\/v2\/project_tag?post=1896"}],"curies":[{"name":"wp","href":"https:\/\/api.w.org\/{rel}","templated":true}]}}