{"id":1890,"date":"2018-09-29T07:25:29","date_gmt":"2018-09-29T07:25:29","guid":{"rendered":"http:\/\/colindres.es\/?post_type=project&#038;p=1890"},"modified":"2018-09-29T07:25:29","modified_gmt":"2018-09-29T07:25:29","slug":"concluyen-las-obras-de-renovacion-de-los-aseos-y-almacenes-del-estadio-el-carmen","status":"publish","type":"project","link":"https:\/\/www.colindres.es\/index.php\/project\/concluyen-las-obras-de-renovacion-de-los-aseos-y-almacenes-del-estadio-el-carmen\/","title":{"rendered":"Concluyen las obras de renovaci\u00f3n de los aseos y almacenes del estadio El Carmen"},"content":{"rendered":"<p><strong>La Concejal\u00eda de Deportes ha invertido 60.000 euros en estos trabajos y ultima un nuevo proyecto para remodelar los vestuarios<\/strong><\/p>\n<p><em>Colindres, 27 de Septiembre.-<\/em> El alcalde de Colindres, Javier Incera, ha visitado esta semana las instalaciones del estadio municipal El Carmen tras las obras de remodelaci\u00f3n y acondicionamiento ejecutadas por el Ayuntamiento.<\/p>\n<p>En concreto, el Consistorio, a trav\u00e9s de la Concejal\u00eda de Deportes, ha invertido 60.500 euros en la renovaci\u00f3n completa de los aseos destinados al p\u00fablico y de los almacenes. Los trabajos se han prolongado durante tres meses y han sido realizados por la empresa Arbeit Gesti\u00f3n, adjudicataria del concurso abierto para la ejecuci\u00f3n de las obras.<\/p>\n<p>Incera, junto con la concejala del \u00e1rea, Saray Villal\u00f3n, ha explicado que se ha construido un nuevo edificio, sobre el mismo espacio que estaba el antiguo almac\u00e9n, con una nueva distribuci\u00f3n de los espacios que da respuesta a las actuales necesidades de la entidad deportiva.<\/p>\n<p>As\u00ed, se han habilitado dos cuartos para guardar material, otro para el servicio de lavander\u00eda y se han renovado los dos aseos, masculino y femenino, que tambi\u00e9n han sido adaptados a personas con movilidad reducida. En total, los nuevos locales suman una superficie de 37 metros cuadrados.<\/p>\n<p>Adem\u00e1s, se han aprovechado las obras para recrecer el suelo y evitar las inundaciones que se produc\u00edan al encontrarse por debajo de la rasante del campo.<\/p>\n<p>La actuaci\u00f3n ha conllevado la reforma total, tanto externa como interna, incluyendo saneamientos, tuber\u00edas, instalaciones el\u00e9ctricas, equipamiento, sanitarios, as\u00ed como las labores de pintura.<\/p>\n<p>Por otro lado, la concejala de Deportes, Saray Villal\u00f3n, ha se\u00f1alado que el Ayuntamiento est\u00e1 trabajando intensamente en el proyecto de remodelaci\u00f3n de los vestuarios, el cual espera presentar pr\u00f3ximamente.<\/p>\n<p>&nbsp;<\/p>\n","protected":false},"excerpt":{"rendered":"<p>La Concejal\u00eda de Deportes ha invertido 60.000 euros en estos trabajos y ultima un nuevo proyecto para remodelar los vestuarios Colindres, 27 de Septiembre.- El alcalde de Colindres, Javier Incera, ha visitado esta semana las instalaciones del estadio municipal El Carmen tras las obras de remodelaci\u00f3n y acondicionamiento ejecutadas por el Ayuntamiento. En concreto, el [&hellip;]<\/p>\n","protected":false},"author":1,"featured_media":1891,"comment_status":"open","ping_status":"closed","template":"","meta":{"_et_pb_use_builder":"","_et_pb_old_content":"","_et_gb_content_width":"","footnotes":""},"project_category":[],"project_tag":[],"class_list":["post-1890","project","type-project","status-publish","has-post-thumbnail","hentry"],"yoast_head":"<!-- This site is optimized with the Yoast SEO plugin v24.9 - https:\/\/yoast.com\/wordpress\/plugins\/seo\/ -->\n<title>Concluyen las obras de renovaci\u00f3n de los aseos y almacenes del estadio El Carmen - Ayuntamiento de Colindres<\/title>\n<meta name=\"robots\" content=\"index, follow, max-snippet:-1, max-image-preview:large, max-video-preview:-1\" \/>\n<link rel=\"canonical\" href=\"https:\/\/www.colindres.es\/index.php\/project\/concluyen-las-obras-de-renovacion-de-los-aseos-y-almacenes-del-estadio-el-carmen\/\" \/>\n<meta property=\"og:locale\" content=\"es_ES\" \/>\n<meta property=\"og:type\" content=\"article\" \/>\n<meta property=\"og:title\" content=\"Concluyen las obras de renovaci\u00f3n de los aseos y almacenes del estadio El Carmen - Ayuntamiento de Colindres\" \/>\n<meta property=\"og:description\" content=\"La Concejal\u00eda de Deportes ha invertido 60.000 euros en estos trabajos y ultima un nuevo proyecto para remodelar los vestuarios Colindres, 27 de Septiembre.- El alcalde de Colindres, Javier Incera, ha visitado esta semana las instalaciones del estadio municipal El Carmen tras las obras de remodelaci\u00f3n y acondicionamiento ejecutadas por el Ayuntamiento. En concreto, el [&hellip;]\" \/>\n<meta property=\"og:url\" content=\"https:\/\/www.colindres.es\/index.php\/project\/concluyen-las-obras-de-renovacion-de-los-aseos-y-almacenes-del-estadio-el-carmen\/\" \/>\n<meta property=\"og:site_name\" content=\"Ayuntamiento de Colindres\" \/>\n<meta property=\"og:image\" content=\"https:\/\/www.colindres.es\/wp-content\/uploads\/2018\/09\/Obras-El-Carmen.jpg\" \/>\n\t<meta property=\"og:image:width\" content=\"1280\" \/>\n\t<meta property=\"og:image:height\" content=\"960\" \/>\n\t<meta property=\"og:image:type\" content=\"image\/jpeg\" \/>\n<meta name=\"twitter:card\" content=\"summary_large_image\" \/>\n<meta name=\"twitter:label1\" content=\"Tiempo de lectura\" \/>\n\t<meta name=\"twitter:data1\" content=\"2 minutos\" \/>\n<script type=\"application\/ld+json\" class=\"yoast-schema-graph\">{\"@context\":\"https:\/\/schema.org\",\"@graph\":[{\"@type\":\"WebPage\",\"@id\":\"https:\/\/www.colindres.es\/index.php\/project\/concluyen-las-obras-de-renovacion-de-los-aseos-y-almacenes-del-estadio-el-carmen\/\",\"url\":\"https:\/\/www.colindres.es\/index.php\/project\/concluyen-las-obras-de-renovacion-de-los-aseos-y-almacenes-del-estadio-el-carmen\/\",\"name\":\"Concluyen las obras de renovaci\u00f3n de los aseos y almacenes del estadio El Carmen - Ayuntamiento de Colindres\",\"isPartOf\":{\"@id\":\"https:\/\/www.colindres.es\/#website\"},\"primaryImageOfPage\":{\"@id\":\"https:\/\/www.colindres.es\/index.php\/project\/concluyen-las-obras-de-renovacion-de-los-aseos-y-almacenes-del-estadio-el-carmen\/#primaryimage\"},\"image\":{\"@id\":\"https:\/\/www.colindres.es\/index.php\/project\/concluyen-las-obras-de-renovacion-de-los-aseos-y-almacenes-del-estadio-el-carmen\/#primaryimage\"},\"thumbnailUrl\":\"https:\/\/www.colindres.es\/wp-content\/uploads\/2018\/09\/Obras-El-Carmen.jpg\",\"datePublished\":\"2018-09-29T07:25:29+00:00\",\"breadcrumb\":{\"@id\":\"https:\/\/www.colindres.es\/index.php\/project\/concluyen-las-obras-de-renovacion-de-los-aseos-y-almacenes-del-estadio-el-carmen\/#breadcrumb\"},\"inLanguage\":\"es\",\"potentialAction\":[{\"@type\":\"ReadAction\",\"target\":[\"https:\/\/www.colindres.es\/index.php\/project\/concluyen-las-obras-de-renovacion-de-los-aseos-y-almacenes-del-estadio-el-carmen\/\"]}]},{\"@type\":\"ImageObject\",\"inLanguage\":\"es\",\"@id\":\"https:\/\/www.colindres.es\/index.php\/project\/concluyen-las-obras-de-renovacion-de-los-aseos-y-almacenes-del-estadio-el-carmen\/#primaryimage\",\"url\":\"https:\/\/www.colindres.es\/wp-content\/uploads\/2018\/09\/Obras-El-Carmen.jpg\",\"contentUrl\":\"https:\/\/www.colindres.es\/wp-content\/uploads\/2018\/09\/Obras-El-Carmen.jpg\",\"width\":1280,\"height\":960},{\"@type\":\"BreadcrumbList\",\"@id\":\"https:\/\/www.colindres.es\/index.php\/project\/concluyen-las-obras-de-renovacion-de-los-aseos-y-almacenes-del-estadio-el-carmen\/#breadcrumb\",\"itemListElement\":[{\"@type\":\"ListItem\",\"position\":1,\"name\":\"Portada\",\"item\":\"https:\/\/www.colindres.es\/\"},{\"@type\":\"ListItem\",\"position\":2,\"name\":\"Proyectos\",\"item\":\"https:\/\/www.colindres.es\/index.php\/project\/\"},{\"@type\":\"ListItem\",\"position\":3,\"name\":\"Concluyen las obras de renovaci\u00f3n de los aseos y almacenes del estadio El Carmen\"}]},{\"@type\":\"WebSite\",\"@id\":\"https:\/\/www.colindres.es\/#website\",\"url\":\"https:\/\/www.colindres.es\/\",\"name\":\"Ayuntamiento de Colindres\",\"description\":\"Dise\u00f1ado por NTIC&#039;s\",\"publisher\":{\"@id\":\"https:\/\/www.colindres.es\/#organization\"},\"potentialAction\":[{\"@type\":\"SearchAction\",\"target\":{\"@type\":\"EntryPoint\",\"urlTemplate\":\"https:\/\/www.colindres.es\/?s={search_term_string}\"},\"query-input\":{\"@type\":\"PropertyValueSpecification\",\"valueRequired\":true,\"valueName\":\"search_term_string\"}}],\"inLanguage\":\"es\"},{\"@type\":\"Organization\",\"@id\":\"https:\/\/www.colindres.es\/#organization\",\"name\":\"AYUNTAMIENTO DE COLINDRES\",\"url\":\"https:\/\/www.colindres.es\/\",\"logo\":{\"@type\":\"ImageObject\",\"inLanguage\":\"es\",\"@id\":\"https:\/\/www.colindres.es\/#\/schema\/logo\/image\/\",\"url\":\"https:\/\/www.colindres.es\/wp-content\/uploads\/2017\/01\/LOGO-PRINCIPAL.jpg\",\"contentUrl\":\"https:\/\/www.colindres.es\/wp-content\/uploads\/2017\/01\/LOGO-PRINCIPAL.jpg\",\"width\":1209,\"height\":579,\"caption\":\"AYUNTAMIENTO DE COLINDRES\"},\"image\":{\"@id\":\"https:\/\/www.colindres.es\/#\/schema\/logo\/image\/\"}}]}<\/script>\n<!-- \/ Yoast SEO plugin. -->","yoast_head_json":{"title":"Concluyen las obras de renovaci\u00f3n de los aseos y almacenes del estadio El Carmen - Ayuntamiento de Colindres","robots":{"index":"index","follow":"follow","max-snippet":"max-snippet:-1","max-image-preview":"max-image-preview:large","max-video-preview":"max-video-preview:-1"},"canonical":"https:\/\/www.colindres.es\/index.php\/project\/concluyen-las-obras-de-renovacion-de-los-aseos-y-almacenes-del-estadio-el-carmen\/","og_locale":"es_ES","og_type":"article","og_title":"Concluyen las obras de renovaci\u00f3n de los aseos y almacenes del estadio El Carmen - Ayuntamiento de Colindres","og_description":"La Concejal\u00eda de Deportes ha invertido 60.000 euros en estos trabajos y ultima un nuevo proyecto para remodelar los vestuarios Colindres, 27 de Septiembre.- El alcalde de Colindres, Javier Incera, ha visitado esta semana las instalaciones del estadio municipal El Carmen tras las obras de remodelaci\u00f3n y acondicionamiento ejecutadas por el Ayuntamiento. En concreto, el [&hellip;]","og_url":"https:\/\/www.colindres.es\/index.php\/project\/concluyen-las-obras-de-renovacion-de-los-aseos-y-almacenes-del-estadio-el-carmen\/","og_site_name":"Ayuntamiento de Colindres","og_image":[{"width":1280,"height":960,"url":"https:\/\/www.colindres.es\/wp-content\/uploads\/2018\/09\/Obras-El-Carmen.jpg","type":"image\/jpeg"}],"twitter_card":"summary_large_image","twitter_misc":{"Tiempo de lectura":"2 minutos"},"schema":{"@context":"https:\/\/schema.org","@graph":[{"@type":"WebPage","@id":"https:\/\/www.colindres.es\/index.php\/project\/concluyen-las-obras-de-renovacion-de-los-aseos-y-almacenes-del-estadio-el-carmen\/","url":"https:\/\/www.colindres.es\/index.php\/project\/concluyen-las-obras-de-renovacion-de-los-aseos-y-almacenes-del-estadio-el-carmen\/","name":"Concluyen las obras de renovaci\u00f3n de los aseos y almacenes del estadio El Carmen - Ayuntamiento de Colindres","isPartOf":{"@id":"https:\/\/www.colindres.es\/#website"},"primaryImageOfPage":{"@id":"https:\/\/www.colindres.es\/index.php\/project\/concluyen-las-obras-de-renovacion-de-los-aseos-y-almacenes-del-estadio-el-carmen\/#primaryimage"},"image":{"@id":"https:\/\/www.colindres.es\/index.php\/project\/concluyen-las-obras-de-renovacion-de-los-aseos-y-almacenes-del-estadio-el-carmen\/#primaryimage"},"thumbnailUrl":"https:\/\/www.colindres.es\/wp-content\/uploads\/2018\/09\/Obras-El-Carmen.jpg","datePublished":"2018-09-29T07:25:29+00:00","breadcrumb":{"@id":"https:\/\/www.colindres.es\/index.php\/project\/concluyen-las-obras-de-renovacion-de-los-aseos-y-almacenes-del-estadio-el-carmen\/#breadcrumb"},"inLanguage":"es","potentialAction":[{"@type":"ReadAction","target":["https:\/\/www.colindres.es\/index.php\/project\/concluyen-las-obras-de-renovacion-de-los-aseos-y-almacenes-del-estadio-el-carmen\/"]}]},{"@type":"ImageObject","inLanguage":"es","@id":"https:\/\/www.colindres.es\/index.php\/project\/concluyen-las-obras-de-renovacion-de-los-aseos-y-almacenes-del-estadio-el-carmen\/#primaryimage","url":"https:\/\/www.colindres.es\/wp-content\/uploads\/2018\/09\/Obras-El-Carmen.jpg","contentUrl":"https:\/\/www.colindres.es\/wp-content\/uploads\/2018\/09\/Obras-El-Carmen.jpg","width":1280,"height":960},{"@type":"BreadcrumbList","@id":"https:\/\/www.colindres.es\/index.php\/project\/concluyen-las-obras-de-renovacion-de-los-aseos-y-almacenes-del-estadio-el-carmen\/#breadcrumb","itemListElement":[{"@type":"ListItem","position":1,"name":"Portada","item":"https:\/\/www.colindres.es\/"},{"@type":"ListItem","position":2,"name":"Proyectos","item":"https:\/\/www.colindres.es\/index.php\/project\/"},{"@type":"ListItem","position":3,"name":"Concluyen las obras de renovaci\u00f3n de los aseos y almacenes del estadio El Carmen"}]},{"@type":"WebSite","@id":"https:\/\/www.colindres.es\/#website","url":"https:\/\/www.colindres.es\/","name":"Ayuntamiento de Colindres","description":"Dise\u00f1ado por NTIC&#039;s","publisher":{"@id":"https:\/\/www.colindres.es\/#organization"},"potentialAction":[{"@type":"SearchAction","target":{"@type":"EntryPoint","urlTemplate":"https:\/\/www.colindres.es\/?s={search_term_string}"},"query-input":{"@type":"PropertyValueSpecification","valueRequired":true,"valueName":"search_term_string"}}],"inLanguage":"es"},{"@type":"Organization","@id":"https:\/\/www.colindres.es\/#organization","name":"AYUNTAMIENTO DE COLINDRES","url":"https:\/\/www.colindres.es\/","logo":{"@type":"ImageObject","inLanguage":"es","@id":"https:\/\/www.colindres.es\/#\/schema\/logo\/image\/","url":"https:\/\/www.colindres.es\/wp-content\/uploads\/2017\/01\/LOGO-PRINCIPAL.jpg","contentUrl":"https:\/\/www.colindres.es\/wp-content\/uploads\/2017\/01\/LOGO-PRINCIPAL.jpg","width":1209,"height":579,"caption":"AYUNTAMIENTO DE COLINDRES"},"image":{"@id":"https:\/\/www.colindres.es\/#\/schema\/logo\/image\/"}}]}},"_links":{"self":[{"href":"https:\/\/www.colindres.es\/index.php\/wp-json\/wp\/v2\/project\/1890","targetHints":{"allow":["GET"]}}],"collection":[{"href":"https:\/\/www.colindres.es\/index.php\/wp-json\/wp\/v2\/project"}],"about":[{"href":"https:\/\/www.colindres.es\/index.php\/wp-json\/wp\/v2\/types\/project"}],"author":[{"embeddable":true,"href":"https:\/\/www.colindres.es\/index.php\/wp-json\/wp\/v2\/users\/1"}],"replies":[{"embeddable":true,"href":"https:\/\/www.colindres.es\/index.php\/wp-json\/wp\/v2\/comments?post=1890"}],"version-history":[{"count":1,"href":"https:\/\/www.colindres.es\/index.php\/wp-json\/wp\/v2\/project\/1890\/revisions"}],"predecessor-version":[{"id":1892,"href":"https:\/\/www.colindres.es\/index.php\/wp-json\/wp\/v2\/project\/1890\/revisions\/1892"}],"wp:featuredmedia":[{"embeddable":true,"href":"https:\/\/www.colindres.es\/index.php\/wp-json\/wp\/v2\/media\/1891"}],"wp:attachment":[{"href":"https:\/\/www.colindres.es\/index.php\/wp-json\/wp\/v2\/media?parent=1890"}],"wp:term":[{"taxonomy":"project_category","embeddable":true,"href":"https:\/\/www.colindres.es\/index.php\/wp-json\/wp\/v2\/project_category?post=1890"},{"taxonomy":"project_tag","embeddable":true,"href":"https:\/\/www.colindres.es\/index.php\/wp-json\/wp\/v2\/project_tag?post=1890"}],"curies":[{"name":"wp","href":"https:\/\/api.w.org\/{rel}","templated":true}]}}