{"id":1886,"date":"2018-09-25T07:12:15","date_gmt":"2018-09-25T07:12:15","guid":{"rendered":"http:\/\/colindres.es\/?post_type=project&#038;p=1886"},"modified":"2018-09-25T07:12:15","modified_gmt":"2018-09-25T07:12:15","slug":"la-cofradia-de-colindres-ii","status":"publish","type":"project","link":"https:\/\/www.colindres.es\/index.php\/project\/la-cofradia-de-colindres-ii\/","title":{"rendered":"La Cofrad\u00eda de Colindres (II)"},"content":{"rendered":"<p><span style=\"color: #000000;\">El conflicto abierto entre mareantes colindreses y laredanos por la intromisi\u00f3n de los primeros en aguas jurisdiccionales pejinas, se intent\u00f3 solucionar con la firma de una concordia en 1815. Sin embargo, la persistencia de los pescadores de Colindres en seguir faenando en aguas de Laredo reabri\u00f3 el enfrentamiento, lo que llev\u00f3 a la Cofrad\u00eda de San Mart\u00edn a solicitar a las autoridades de Marina la prohibici\u00f3n de que aqu\u00e9llos pescaran en su jurisdicci\u00f3n. La pugna persisti\u00f3 hasta que, en agosto de 1820, los mareantes colindreses dirigieron a los cofrades laredanos una propuesta de colaboraci\u00f3n.<\/span><\/p>\n<p><span style=\"color: #000000;\">Seg\u00fan \u00e9sta, se constituir\u00eda una junta integrada por procuradores y alcaldes de mar de ambas cofrad\u00edas, junto con cuatro \u201chombres buenos\u201d, dos por cada uno de los concejos. En su seno se plantear\u00edan las diferencias entre los pescadores de ambas villas para tratar de llegar a una soluci\u00f3n consensuada.<\/span><\/p>\n<p><span style=\"color: #000000;\">En todo caso, la larga tradici\u00f3n del gremialismo marinero llegaba a su fin. En 1864 se dict\u00f3 la supresi\u00f3n de los gremios de mareantes y en 1873 la matr\u00edcula de mar fue extinguida. Ello dej\u00f3 un vac\u00edo que, ante la profunda transformaci\u00f3n que las actividades pesqueras sufrieron por la industrializaci\u00f3n del sector pesquero y su integraci\u00f3n en la nueva econom\u00eda de mercado, hubo de colmatarse a comienzos del siglo XX con el agrupamiento de las gentes de mar en nuevas modalidades de organizaci\u00f3n.<\/span><\/p>\n<p><span style=\"color: #000000;\">Las primeras d\u00e9cadas del siglo asistieron a la mejora t\u00e9cnica de las embarcaciones (motores de vapor y gasolina), permitiendo naves m\u00e1s grandes, potentes y seguras, y a la introducci\u00f3n de nuevos tipos de artes y t\u00e9cnicas de capturas; todo lo cual redund\u00f3 en una mayor capacidad y productividad del sector. Esta capitalizaci\u00f3n y tecnificaci\u00f3n de las a\u00f1ejas labores artesanales implic\u00f3, sin embargo, que las antiguas sociedades marineras perdieran el control que hab\u00edan ejercido durante siglos sobre sus actividades. <\/span><\/p>\n<p><span style=\"color: #000000;\">Es el momento en el que los medios de producci\u00f3n, que siempre hab\u00edan estado repartidos entre la mayor\u00eda de los integrantes de las embarcaciones, al necesitar mayores vol\u00famenes de inversi\u00f3n pasaron a ser propiedad de unos pocos. El resto de la mariner\u00eda se convirti\u00f3 en mano de obra contratada, que debi\u00f3 adaptarse a las nuevas relaciones sociales de producci\u00f3n: el movimiento obrero comenz\u00f3 a implantarse en el seno de las comunidades marineras.<\/span><\/p>\n<p><span style=\"color: #000000;\">As\u00ed, en 1900 la cofrad\u00eda colindresa se reconvirti\u00f3 en la Sociedad de Socorros Mutuos de la Uni\u00f3n Marinera de Colindres. Su sede fue construida en 1909 por obra de Pedro Asensio sobre un terreno de ciento cincuenta metros cuadrados cedidos por el Ayuntamiento, siendo presidente del cabildo Benito Ib\u00e1\u00f1ez. El edificio contaba con sal\u00f3n de reuniones, gabinete para la Junta, despacho, sala de escritorio, portal y escusado; instalaciones a las que se les a\u00f1adi\u00f3 la marquesina en 1920 y el primer surtidor de gasolina del pueblo en 1926.<\/span><\/p>\n<p><span style=\"color: #000000;\">En este \u00faltimo a\u00f1o la Sociedad fue refundada como P\u00f3sito de Pescadores Uni\u00f3n Marinera, sustentado en el asociacionismo cooperativo. El 21 de febrero de 1926 se incorpor\u00f3 a la Confederaci\u00f3n de P\u00f3sitos de la Costa Cant\u00e1brica. Y en junio de 1934 aprob\u00f3 su nuevo reglamento. Esta adaptaci\u00f3n le permit\u00eda optar a las subvenciones que el Ministerio de Marina conced\u00eda a trav\u00e9s de la Caja Central de Cr\u00e9dito Mar\u00edtimo, solicitar a \u00e9sta pr\u00e9stamos al 3% anual (a devolver en cinco a\u00f1os prorrogables) y disfrutar de diversas exenciones fiscales. Su Junta de Gobierno estaba formada por cuatros socios, dos patronos y dos obreros, votados en Pleno.<\/span><\/p>\n<p><span style=\"color: #000000;\">Sus actividades se agrupaban en dos funciones principales. Por un lado, organizar la manipulaci\u00f3n, venta y exportaci\u00f3n de la pesca de sus asociados. Y por otro, favorecerlos con una determinada pol\u00edtica social: socorrer a enfermos, inv\u00e1lidos y jubilados; suministrar medicinas y asistencia m\u00e9dica; ayudar a los asociados en caso de falta de ingresos; aumentar su cultura general y profesional (mediante clases nocturnas); organizar cooperativas de consumo para facilitar la adquisici\u00f3n de art\u00edculos para la vida profesional y privada; conceder pr\u00e9stamos a muy bajo inter\u00e9s; y adquirir embarcaciones y artes cuando se considerara necesario.<\/span><\/p>\n<p><span style=\"color: #000000;\">Por otro lado, la fuerte conflictividad social y pol\u00edtica vivida en los a\u00f1os treinta deriv\u00f3 en la escisi\u00f3n del asociacionismo pesquero colindr\u00e9s entre empresarios y trabajadores, con la formaci\u00f3n de una Sociedad de Armadores.<\/span><\/p>\n<p><span style=\"color: #000000;\">Tras la Guerra Civil, la implantaci\u00f3n de la dictadura implic\u00f3 nuevos cambios en la organizaci\u00f3n de las sociedades marineras. Se clausur\u00f3 as\u00ed la etapa como p\u00f3sito para la Uni\u00f3n Marinera que, mediante la Ley de 18 de octubre de 1941 y la Orden de 31 de marzo de 1943, fue encuadrada dentro del Sindicato Vertical de la Pesca, con la obligatoria agrupaci\u00f3n en su seno de empresarios y trabajadores. Recuper\u00f3 entonces la denominaci\u00f3n de Cofrad\u00eda y qued\u00f3 bajo la tutela del Instituto Social de la Marina.<\/span><\/p>\n<p><span style=\"color: #000000;\">La transici\u00f3n democr\u00e1tica y la aprobaci\u00f3n de la Constituci\u00f3n en 1978 abrieron una nueva etapa, la actual, en los m\u00e1s de dos siglos de historia de la Cofrad\u00eda de Pescadores San Gin\u00e9s de Colindres. <\/span><\/p>\n<p align=\"right\"><span style=\"color: #000000;\">Yolanda Arce y \u00c1ngel Revuelta<\/span><\/p>\n<p><em>Pie de foto: \u201cEl edificio de la Venta a comienzos del siglo XX\u201d. Fuente: Archivo Carmen Urriola.<\/em><\/p>\n<p>&nbsp;<\/p>\n","protected":false},"excerpt":{"rendered":"<p>El conflicto abierto entre mareantes colindreses y laredanos por la intromisi\u00f3n de los primeros en aguas jurisdiccionales pejinas, se intent\u00f3 solucionar con la firma de una concordia en 1815. Sin embargo, la persistencia de los pescadores de Colindres en seguir faenando en aguas de Laredo reabri\u00f3 el enfrentamiento, lo que llev\u00f3 a la Cofrad\u00eda de [&hellip;]<\/p>\n","protected":false},"author":1,"featured_media":1887,"comment_status":"open","ping_status":"closed","template":"","meta":{"_et_pb_use_builder":"","_et_pb_old_content":"","_et_gb_content_width":"","footnotes":""},"project_category":[],"project_tag":[],"class_list":["post-1886","project","type-project","status-publish","has-post-thumbnail","hentry"],"yoast_head":"<!-- This site is optimized with the Yoast SEO plugin v24.9 - https:\/\/yoast.com\/wordpress\/plugins\/seo\/ -->\n<title>La Cofrad\u00eda de Colindres (II) - Ayuntamiento de Colindres<\/title>\n<meta name=\"robots\" content=\"index, follow, max-snippet:-1, max-image-preview:large, max-video-preview:-1\" \/>\n<link rel=\"canonical\" href=\"https:\/\/www.colindres.es\/index.php\/project\/la-cofradia-de-colindres-ii\/\" \/>\n<meta property=\"og:locale\" content=\"es_ES\" \/>\n<meta property=\"og:type\" content=\"article\" \/>\n<meta property=\"og:title\" content=\"La Cofrad\u00eda de Colindres (II) - Ayuntamiento de Colindres\" \/>\n<meta property=\"og:description\" content=\"El conflicto abierto entre mareantes colindreses y laredanos por la intromisi\u00f3n de los primeros en aguas jurisdiccionales pejinas, se intent\u00f3 solucionar con la firma de una concordia en 1815. Sin embargo, la persistencia de los pescadores de Colindres en seguir faenando en aguas de Laredo reabri\u00f3 el enfrentamiento, lo que llev\u00f3 a la Cofrad\u00eda de [&hellip;]\" \/>\n<meta property=\"og:url\" content=\"https:\/\/www.colindres.es\/index.php\/project\/la-cofradia-de-colindres-ii\/\" \/>\n<meta property=\"og:site_name\" content=\"Ayuntamiento de Colindres\" \/>\n<meta property=\"og:image\" content=\"https:\/\/www.colindres.es\/wp-content\/uploads\/2018\/09\/venta-principio-de-siglo.jpg\" \/>\n\t<meta property=\"og:image:width\" content=\"1312\" \/>\n\t<meta property=\"og:image:height\" content=\"883\" \/>\n\t<meta property=\"og:image:type\" content=\"image\/jpeg\" \/>\n<meta name=\"twitter:card\" content=\"summary_large_image\" \/>\n<meta name=\"twitter:label1\" content=\"Tiempo de lectura\" \/>\n\t<meta name=\"twitter:data1\" content=\"5 minutos\" \/>\n<script type=\"application\/ld+json\" class=\"yoast-schema-graph\">{\"@context\":\"https:\/\/schema.org\",\"@graph\":[{\"@type\":\"WebPage\",\"@id\":\"https:\/\/www.colindres.es\/index.php\/project\/la-cofradia-de-colindres-ii\/\",\"url\":\"https:\/\/www.colindres.es\/index.php\/project\/la-cofradia-de-colindres-ii\/\",\"name\":\"La Cofrad\u00eda de Colindres (II) - Ayuntamiento de Colindres\",\"isPartOf\":{\"@id\":\"https:\/\/www.colindres.es\/#website\"},\"primaryImageOfPage\":{\"@id\":\"https:\/\/www.colindres.es\/index.php\/project\/la-cofradia-de-colindres-ii\/#primaryimage\"},\"image\":{\"@id\":\"https:\/\/www.colindres.es\/index.php\/project\/la-cofradia-de-colindres-ii\/#primaryimage\"},\"thumbnailUrl\":\"https:\/\/www.colindres.es\/wp-content\/uploads\/2018\/09\/venta-principio-de-siglo.jpg\",\"datePublished\":\"2018-09-25T07:12:15+00:00\",\"breadcrumb\":{\"@id\":\"https:\/\/www.colindres.es\/index.php\/project\/la-cofradia-de-colindres-ii\/#breadcrumb\"},\"inLanguage\":\"es\",\"potentialAction\":[{\"@type\":\"ReadAction\",\"target\":[\"https:\/\/www.colindres.es\/index.php\/project\/la-cofradia-de-colindres-ii\/\"]}]},{\"@type\":\"ImageObject\",\"inLanguage\":\"es\",\"@id\":\"https:\/\/www.colindres.es\/index.php\/project\/la-cofradia-de-colindres-ii\/#primaryimage\",\"url\":\"https:\/\/www.colindres.es\/wp-content\/uploads\/2018\/09\/venta-principio-de-siglo.jpg\",\"contentUrl\":\"https:\/\/www.colindres.es\/wp-content\/uploads\/2018\/09\/venta-principio-de-siglo.jpg\",\"width\":1312,\"height\":883},{\"@type\":\"BreadcrumbList\",\"@id\":\"https:\/\/www.colindres.es\/index.php\/project\/la-cofradia-de-colindres-ii\/#breadcrumb\",\"itemListElement\":[{\"@type\":\"ListItem\",\"position\":1,\"name\":\"Portada\",\"item\":\"https:\/\/www.colindres.es\/\"},{\"@type\":\"ListItem\",\"position\":2,\"name\":\"Proyectos\",\"item\":\"https:\/\/www.colindres.es\/index.php\/project\/\"},{\"@type\":\"ListItem\",\"position\":3,\"name\":\"La Cofrad\u00eda de Colindres (II)\"}]},{\"@type\":\"WebSite\",\"@id\":\"https:\/\/www.colindres.es\/#website\",\"url\":\"https:\/\/www.colindres.es\/\",\"name\":\"Ayuntamiento de Colindres\",\"description\":\"Dise\u00f1ado por NTIC&#039;s\",\"publisher\":{\"@id\":\"https:\/\/www.colindres.es\/#organization\"},\"potentialAction\":[{\"@type\":\"SearchAction\",\"target\":{\"@type\":\"EntryPoint\",\"urlTemplate\":\"https:\/\/www.colindres.es\/?s={search_term_string}\"},\"query-input\":{\"@type\":\"PropertyValueSpecification\",\"valueRequired\":true,\"valueName\":\"search_term_string\"}}],\"inLanguage\":\"es\"},{\"@type\":\"Organization\",\"@id\":\"https:\/\/www.colindres.es\/#organization\",\"name\":\"AYUNTAMIENTO DE COLINDRES\",\"url\":\"https:\/\/www.colindres.es\/\",\"logo\":{\"@type\":\"ImageObject\",\"inLanguage\":\"es\",\"@id\":\"https:\/\/www.colindres.es\/#\/schema\/logo\/image\/\",\"url\":\"https:\/\/www.colindres.es\/wp-content\/uploads\/2017\/01\/LOGO-PRINCIPAL.jpg\",\"contentUrl\":\"https:\/\/www.colindres.es\/wp-content\/uploads\/2017\/01\/LOGO-PRINCIPAL.jpg\",\"width\":1209,\"height\":579,\"caption\":\"AYUNTAMIENTO DE COLINDRES\"},\"image\":{\"@id\":\"https:\/\/www.colindres.es\/#\/schema\/logo\/image\/\"}}]}<\/script>\n<!-- \/ Yoast SEO plugin. -->","yoast_head_json":{"title":"La Cofrad\u00eda de Colindres (II) - Ayuntamiento de Colindres","robots":{"index":"index","follow":"follow","max-snippet":"max-snippet:-1","max-image-preview":"max-image-preview:large","max-video-preview":"max-video-preview:-1"},"canonical":"https:\/\/www.colindres.es\/index.php\/project\/la-cofradia-de-colindres-ii\/","og_locale":"es_ES","og_type":"article","og_title":"La Cofrad\u00eda de Colindres (II) - Ayuntamiento de Colindres","og_description":"El conflicto abierto entre mareantes colindreses y laredanos por la intromisi\u00f3n de los primeros en aguas jurisdiccionales pejinas, se intent\u00f3 solucionar con la firma de una concordia en 1815. Sin embargo, la persistencia de los pescadores de Colindres en seguir faenando en aguas de Laredo reabri\u00f3 el enfrentamiento, lo que llev\u00f3 a la Cofrad\u00eda de [&hellip;]","og_url":"https:\/\/www.colindres.es\/index.php\/project\/la-cofradia-de-colindres-ii\/","og_site_name":"Ayuntamiento de Colindres","og_image":[{"width":1312,"height":883,"url":"https:\/\/www.colindres.es\/wp-content\/uploads\/2018\/09\/venta-principio-de-siglo.jpg","type":"image\/jpeg"}],"twitter_card":"summary_large_image","twitter_misc":{"Tiempo de lectura":"5 minutos"},"schema":{"@context":"https:\/\/schema.org","@graph":[{"@type":"WebPage","@id":"https:\/\/www.colindres.es\/index.php\/project\/la-cofradia-de-colindres-ii\/","url":"https:\/\/www.colindres.es\/index.php\/project\/la-cofradia-de-colindres-ii\/","name":"La Cofrad\u00eda de Colindres (II) - Ayuntamiento de Colindres","isPartOf":{"@id":"https:\/\/www.colindres.es\/#website"},"primaryImageOfPage":{"@id":"https:\/\/www.colindres.es\/index.php\/project\/la-cofradia-de-colindres-ii\/#primaryimage"},"image":{"@id":"https:\/\/www.colindres.es\/index.php\/project\/la-cofradia-de-colindres-ii\/#primaryimage"},"thumbnailUrl":"https:\/\/www.colindres.es\/wp-content\/uploads\/2018\/09\/venta-principio-de-siglo.jpg","datePublished":"2018-09-25T07:12:15+00:00","breadcrumb":{"@id":"https:\/\/www.colindres.es\/index.php\/project\/la-cofradia-de-colindres-ii\/#breadcrumb"},"inLanguage":"es","potentialAction":[{"@type":"ReadAction","target":["https:\/\/www.colindres.es\/index.php\/project\/la-cofradia-de-colindres-ii\/"]}]},{"@type":"ImageObject","inLanguage":"es","@id":"https:\/\/www.colindres.es\/index.php\/project\/la-cofradia-de-colindres-ii\/#primaryimage","url":"https:\/\/www.colindres.es\/wp-content\/uploads\/2018\/09\/venta-principio-de-siglo.jpg","contentUrl":"https:\/\/www.colindres.es\/wp-content\/uploads\/2018\/09\/venta-principio-de-siglo.jpg","width":1312,"height":883},{"@type":"BreadcrumbList","@id":"https:\/\/www.colindres.es\/index.php\/project\/la-cofradia-de-colindres-ii\/#breadcrumb","itemListElement":[{"@type":"ListItem","position":1,"name":"Portada","item":"https:\/\/www.colindres.es\/"},{"@type":"ListItem","position":2,"name":"Proyectos","item":"https:\/\/www.colindres.es\/index.php\/project\/"},{"@type":"ListItem","position":3,"name":"La Cofrad\u00eda de Colindres (II)"}]},{"@type":"WebSite","@id":"https:\/\/www.colindres.es\/#website","url":"https:\/\/www.colindres.es\/","name":"Ayuntamiento de Colindres","description":"Dise\u00f1ado por NTIC&#039;s","publisher":{"@id":"https:\/\/www.colindres.es\/#organization"},"potentialAction":[{"@type":"SearchAction","target":{"@type":"EntryPoint","urlTemplate":"https:\/\/www.colindres.es\/?s={search_term_string}"},"query-input":{"@type":"PropertyValueSpecification","valueRequired":true,"valueName":"search_term_string"}}],"inLanguage":"es"},{"@type":"Organization","@id":"https:\/\/www.colindres.es\/#organization","name":"AYUNTAMIENTO DE COLINDRES","url":"https:\/\/www.colindres.es\/","logo":{"@type":"ImageObject","inLanguage":"es","@id":"https:\/\/www.colindres.es\/#\/schema\/logo\/image\/","url":"https:\/\/www.colindres.es\/wp-content\/uploads\/2017\/01\/LOGO-PRINCIPAL.jpg","contentUrl":"https:\/\/www.colindres.es\/wp-content\/uploads\/2017\/01\/LOGO-PRINCIPAL.jpg","width":1209,"height":579,"caption":"AYUNTAMIENTO DE COLINDRES"},"image":{"@id":"https:\/\/www.colindres.es\/#\/schema\/logo\/image\/"}}]}},"_links":{"self":[{"href":"https:\/\/www.colindres.es\/index.php\/wp-json\/wp\/v2\/project\/1886","targetHints":{"allow":["GET"]}}],"collection":[{"href":"https:\/\/www.colindres.es\/index.php\/wp-json\/wp\/v2\/project"}],"about":[{"href":"https:\/\/www.colindres.es\/index.php\/wp-json\/wp\/v2\/types\/project"}],"author":[{"embeddable":true,"href":"https:\/\/www.colindres.es\/index.php\/wp-json\/wp\/v2\/users\/1"}],"replies":[{"embeddable":true,"href":"https:\/\/www.colindres.es\/index.php\/wp-json\/wp\/v2\/comments?post=1886"}],"version-history":[{"count":1,"href":"https:\/\/www.colindres.es\/index.php\/wp-json\/wp\/v2\/project\/1886\/revisions"}],"predecessor-version":[{"id":1888,"href":"https:\/\/www.colindres.es\/index.php\/wp-json\/wp\/v2\/project\/1886\/revisions\/1888"}],"wp:featuredmedia":[{"embeddable":true,"href":"https:\/\/www.colindres.es\/index.php\/wp-json\/wp\/v2\/media\/1887"}],"wp:attachment":[{"href":"https:\/\/www.colindres.es\/index.php\/wp-json\/wp\/v2\/media?parent=1886"}],"wp:term":[{"taxonomy":"project_category","embeddable":true,"href":"https:\/\/www.colindres.es\/index.php\/wp-json\/wp\/v2\/project_category?post=1886"},{"taxonomy":"project_tag","embeddable":true,"href":"https:\/\/www.colindres.es\/index.php\/wp-json\/wp\/v2\/project_tag?post=1886"}],"curies":[{"name":"wp","href":"https:\/\/api.w.org\/{rel}","templated":true}]}}