{"id":1871,"date":"2018-09-24T20:24:17","date_gmt":"2018-09-24T20:24:17","guid":{"rendered":"http:\/\/colindres.es\/?post_type=project&#038;p=1871"},"modified":"2018-09-24T20:24:17","modified_gmt":"2018-09-24T20:24:17","slug":"el-dia-de-la-bicicleta-de-colindres-reunio-a-mas-de-300-participantes","status":"publish","type":"project","link":"https:\/\/www.colindres.es\/index.php\/project\/el-dia-de-la-bicicleta-de-colindres-reunio-a-mas-de-300-participantes\/","title":{"rendered":"El D\u00eda de la Bicicleta de Colindres reuni\u00f3 a m\u00e1s de 300 participantes"},"content":{"rendered":"<p><em>Colindres, 24 de Septiembre.-<\/em> Colindres celebr\u00f3 este domingo una nueva edici\u00f3n del D\u00eda de la Bicicleta con una jornada en la que ni\u00f1os y ni\u00f1as de todas las edades, mayores, familias al completo y grupos de amigos se reunieron para realizar el cl\u00e1sico recorrido pedaleando por las calles del municipio.<\/p>\n<p><img loading=\"lazy\" decoding=\"async\" class=\"alignnone size-medium wp-image-1872\" src=\"http:\/\/colindres.es\/wp-content\/uploads\/2018\/09\/D\u00eda-de-la-Bicicleta-2-300x225.jpg\" alt=\"\" width=\"300\" height=\"225\" srcset=\"https:\/\/www.colindres.es\/wp-content\/uploads\/2018\/09\/D\u00eda-de-la-Bicicleta-2-300x225.jpg 300w, https:\/\/www.colindres.es\/wp-content\/uploads\/2018\/09\/D\u00eda-de-la-Bicicleta-2-768x576.jpg 768w, https:\/\/www.colindres.es\/wp-content\/uploads\/2018\/09\/D\u00eda-de-la-Bicicleta-2-1024x768.jpg 1024w, https:\/\/www.colindres.es\/wp-content\/uploads\/2018\/09\/D\u00eda-de-la-Bicicleta-2-510x382.jpg 510w, https:\/\/www.colindres.es\/wp-content\/uploads\/2018\/09\/D\u00eda-de-la-Bicicleta-2-1080x810.jpg 1080w, https:\/\/www.colindres.es\/wp-content\/uploads\/2018\/09\/D\u00eda-de-la-Bicicleta-2.jpg 1280w\" sizes=\"(max-width: 300px) 100vw, 300px\" \/><\/p>\n<p>M\u00e1s de 300 personas participaron en este evento organizado un a\u00f1o m\u00e1s por la Concejal\u00eda de Medio Ambiente del Ayuntamiento de Colindres, que cont\u00f3 con la colaboraci\u00f3n de Protecci\u00f3n Civil, la Polic\u00eda Local, el Club Ciclista Colindres y la Mancomunidad de Municipios Sostenibles de la Comarca del As\u00f3n.\u00a0Entre los patrocinadores privados figuran Covir\u00e1n Colindres, Supermercados Lupa y Ricardo Trives.<\/p>\n<p>Desde las 10.00 horas, los ciclistas se dieron cita frente al Ayuntamiento para proceder a la inscripci\u00f3n y a la recogida de dorsales. La salida tuvo lugar a las 11.00 horas y finaliz\u00f3 aproximadamente una hora despu\u00e9s. Entre el periodo de inscripci\u00f3n y el inicio del recorrido los m\u00e1s j\u00f3venes pudieron participar en una gymkana organizada por el Club Ciclista Colindres.<\/p>\n<p>La prueba, que no tiene car\u00e1cter competitivo, transcurri\u00f3 sin incidencias y cont\u00f3 con la presencia del alcalde, Javier Incera, y de representantes de los distintos grupos municipales.<\/p>\n<p>Al terminar el recorrido se procedi\u00f3 al sorteo de regalos entre los participantes, todos ellos cascos con el fin de concienciar sobre la importancia de su uso, ya que previenen el 85% de las lesiones de cabeza. Tambi\u00e9n hubo un premio para el participante m\u00e1s joven y para el m\u00e1s mayor, que recayeron en Einar Vigiola y \u00c1ngel Fern\u00e1ndez, de uno y 77 a\u00f1os respectivamente. Para concluir la jornada se sorte\u00f3 una bicicleta donada por el comercio local Ricardo Trives, que gan\u00f3 M\u00f3nica Rodr\u00edguez G\u00f3mez.<\/p>\n<p>Esta actividad est\u00e1 enmarcada dentro de la programaci\u00f3n de la Semana de la Movilidad y su objetivo principal es fomentar el uso de la bicicleta como medio de transporte alternativo, a la vez que promueve h\u00e1bitos de vida saludables y promociona una forma de desplazamiento no contaminante.<\/p>\n","protected":false},"excerpt":{"rendered":"<p>Colindres, 24 de Septiembre.- Colindres celebr\u00f3 este domingo una nueva edici\u00f3n del D\u00eda de la Bicicleta con una jornada en la que ni\u00f1os y ni\u00f1as de todas las edades, mayores, familias al completo y grupos de amigos se reunieron para realizar el cl\u00e1sico recorrido pedaleando por las calles del municipio. M\u00e1s de 300 personas participaron [&hellip;]<\/p>\n","protected":false},"author":1,"featured_media":1873,"comment_status":"open","ping_status":"closed","template":"","meta":{"_et_pb_use_builder":"","_et_pb_old_content":"","_et_gb_content_width":"","footnotes":""},"project_category":[],"project_tag":[],"class_list":["post-1871","project","type-project","status-publish","has-post-thumbnail","hentry"],"yoast_head":"<!-- This site is optimized with the Yoast SEO plugin v24.9 - https:\/\/yoast.com\/wordpress\/plugins\/seo\/ -->\n<title>El D\u00eda de la Bicicleta de Colindres reuni\u00f3 a m\u00e1s de 300 participantes - Ayuntamiento de Colindres<\/title>\n<meta name=\"robots\" content=\"index, follow, max-snippet:-1, max-image-preview:large, max-video-preview:-1\" \/>\n<link rel=\"canonical\" href=\"https:\/\/www.colindres.es\/index.php\/project\/el-dia-de-la-bicicleta-de-colindres-reunio-a-mas-de-300-participantes\/\" \/>\n<meta property=\"og:locale\" content=\"es_ES\" \/>\n<meta property=\"og:type\" content=\"article\" \/>\n<meta property=\"og:title\" content=\"El D\u00eda de la Bicicleta de Colindres reuni\u00f3 a m\u00e1s de 300 participantes - Ayuntamiento de Colindres\" \/>\n<meta property=\"og:description\" content=\"Colindres, 24 de Septiembre.- Colindres celebr\u00f3 este domingo una nueva edici\u00f3n del D\u00eda de la Bicicleta con una jornada en la que ni\u00f1os y ni\u00f1as de todas las edades, mayores, familias al completo y grupos de amigos se reunieron para realizar el cl\u00e1sico recorrido pedaleando por las calles del municipio. M\u00e1s de 300 personas participaron [&hellip;]\" \/>\n<meta property=\"og:url\" content=\"https:\/\/www.colindres.es\/index.php\/project\/el-dia-de-la-bicicleta-de-colindres-reunio-a-mas-de-300-participantes\/\" \/>\n<meta property=\"og:site_name\" content=\"Ayuntamiento de Colindres\" \/>\n<meta property=\"og:image\" content=\"https:\/\/www.colindres.es\/wp-content\/uploads\/2018\/09\/D\u00eda-de-la-Bicicleta.jpg\" \/>\n\t<meta property=\"og:image:width\" content=\"1280\" \/>\n\t<meta property=\"og:image:height\" content=\"960\" \/>\n\t<meta property=\"og:image:type\" content=\"image\/jpeg\" \/>\n<meta name=\"twitter:card\" content=\"summary_large_image\" \/>\n<meta name=\"twitter:label1\" content=\"Tiempo de lectura\" \/>\n\t<meta name=\"twitter:data1\" content=\"2 minutos\" \/>\n<script type=\"application\/ld+json\" class=\"yoast-schema-graph\">{\"@context\":\"https:\/\/schema.org\",\"@graph\":[{\"@type\":\"WebPage\",\"@id\":\"https:\/\/www.colindres.es\/index.php\/project\/el-dia-de-la-bicicleta-de-colindres-reunio-a-mas-de-300-participantes\/\",\"url\":\"https:\/\/www.colindres.es\/index.php\/project\/el-dia-de-la-bicicleta-de-colindres-reunio-a-mas-de-300-participantes\/\",\"name\":\"El D\u00eda de la Bicicleta de Colindres reuni\u00f3 a m\u00e1s de 300 participantes - Ayuntamiento de Colindres\",\"isPartOf\":{\"@id\":\"https:\/\/www.colindres.es\/#website\"},\"primaryImageOfPage\":{\"@id\":\"https:\/\/www.colindres.es\/index.php\/project\/el-dia-de-la-bicicleta-de-colindres-reunio-a-mas-de-300-participantes\/#primaryimage\"},\"image\":{\"@id\":\"https:\/\/www.colindres.es\/index.php\/project\/el-dia-de-la-bicicleta-de-colindres-reunio-a-mas-de-300-participantes\/#primaryimage\"},\"thumbnailUrl\":\"https:\/\/www.colindres.es\/wp-content\/uploads\/2018\/09\/D\u00eda-de-la-Bicicleta.jpg\",\"datePublished\":\"2018-09-24T20:24:17+00:00\",\"breadcrumb\":{\"@id\":\"https:\/\/www.colindres.es\/index.php\/project\/el-dia-de-la-bicicleta-de-colindres-reunio-a-mas-de-300-participantes\/#breadcrumb\"},\"inLanguage\":\"es\",\"potentialAction\":[{\"@type\":\"ReadAction\",\"target\":[\"https:\/\/www.colindres.es\/index.php\/project\/el-dia-de-la-bicicleta-de-colindres-reunio-a-mas-de-300-participantes\/\"]}]},{\"@type\":\"ImageObject\",\"inLanguage\":\"es\",\"@id\":\"https:\/\/www.colindres.es\/index.php\/project\/el-dia-de-la-bicicleta-de-colindres-reunio-a-mas-de-300-participantes\/#primaryimage\",\"url\":\"https:\/\/www.colindres.es\/wp-content\/uploads\/2018\/09\/D\u00eda-de-la-Bicicleta.jpg\",\"contentUrl\":\"https:\/\/www.colindres.es\/wp-content\/uploads\/2018\/09\/D\u00eda-de-la-Bicicleta.jpg\",\"width\":1280,\"height\":960},{\"@type\":\"BreadcrumbList\",\"@id\":\"https:\/\/www.colindres.es\/index.php\/project\/el-dia-de-la-bicicleta-de-colindres-reunio-a-mas-de-300-participantes\/#breadcrumb\",\"itemListElement\":[{\"@type\":\"ListItem\",\"position\":1,\"name\":\"Portada\",\"item\":\"https:\/\/www.colindres.es\/\"},{\"@type\":\"ListItem\",\"position\":2,\"name\":\"Proyectos\",\"item\":\"https:\/\/www.colindres.es\/index.php\/project\/\"},{\"@type\":\"ListItem\",\"position\":3,\"name\":\"El D\u00eda de la Bicicleta de Colindres reuni\u00f3 a m\u00e1s de 300 participantes\"}]},{\"@type\":\"WebSite\",\"@id\":\"https:\/\/www.colindres.es\/#website\",\"url\":\"https:\/\/www.colindres.es\/\",\"name\":\"Ayuntamiento de Colindres\",\"description\":\"Dise\u00f1ado por NTIC&#039;s\",\"publisher\":{\"@id\":\"https:\/\/www.colindres.es\/#organization\"},\"potentialAction\":[{\"@type\":\"SearchAction\",\"target\":{\"@type\":\"EntryPoint\",\"urlTemplate\":\"https:\/\/www.colindres.es\/?s={search_term_string}\"},\"query-input\":{\"@type\":\"PropertyValueSpecification\",\"valueRequired\":true,\"valueName\":\"search_term_string\"}}],\"inLanguage\":\"es\"},{\"@type\":\"Organization\",\"@id\":\"https:\/\/www.colindres.es\/#organization\",\"name\":\"AYUNTAMIENTO DE COLINDRES\",\"url\":\"https:\/\/www.colindres.es\/\",\"logo\":{\"@type\":\"ImageObject\",\"inLanguage\":\"es\",\"@id\":\"https:\/\/www.colindres.es\/#\/schema\/logo\/image\/\",\"url\":\"https:\/\/www.colindres.es\/wp-content\/uploads\/2017\/01\/LOGO-PRINCIPAL.jpg\",\"contentUrl\":\"https:\/\/www.colindres.es\/wp-content\/uploads\/2017\/01\/LOGO-PRINCIPAL.jpg\",\"width\":1209,\"height\":579,\"caption\":\"AYUNTAMIENTO DE COLINDRES\"},\"image\":{\"@id\":\"https:\/\/www.colindres.es\/#\/schema\/logo\/image\/\"}}]}<\/script>\n<!-- \/ Yoast SEO plugin. -->","yoast_head_json":{"title":"El D\u00eda de la Bicicleta de Colindres reuni\u00f3 a m\u00e1s de 300 participantes - Ayuntamiento de Colindres","robots":{"index":"index","follow":"follow","max-snippet":"max-snippet:-1","max-image-preview":"max-image-preview:large","max-video-preview":"max-video-preview:-1"},"canonical":"https:\/\/www.colindres.es\/index.php\/project\/el-dia-de-la-bicicleta-de-colindres-reunio-a-mas-de-300-participantes\/","og_locale":"es_ES","og_type":"article","og_title":"El D\u00eda de la Bicicleta de Colindres reuni\u00f3 a m\u00e1s de 300 participantes - Ayuntamiento de Colindres","og_description":"Colindres, 24 de Septiembre.- Colindres celebr\u00f3 este domingo una nueva edici\u00f3n del D\u00eda de la Bicicleta con una jornada en la que ni\u00f1os y ni\u00f1as de todas las edades, mayores, familias al completo y grupos de amigos se reunieron para realizar el cl\u00e1sico recorrido pedaleando por las calles del municipio. M\u00e1s de 300 personas participaron [&hellip;]","og_url":"https:\/\/www.colindres.es\/index.php\/project\/el-dia-de-la-bicicleta-de-colindres-reunio-a-mas-de-300-participantes\/","og_site_name":"Ayuntamiento de Colindres","og_image":[{"width":1280,"height":960,"url":"https:\/\/www.colindres.es\/wp-content\/uploads\/2018\/09\/D\u00eda-de-la-Bicicleta.jpg","type":"image\/jpeg"}],"twitter_card":"summary_large_image","twitter_misc":{"Tiempo de lectura":"2 minutos"},"schema":{"@context":"https:\/\/schema.org","@graph":[{"@type":"WebPage","@id":"https:\/\/www.colindres.es\/index.php\/project\/el-dia-de-la-bicicleta-de-colindres-reunio-a-mas-de-300-participantes\/","url":"https:\/\/www.colindres.es\/index.php\/project\/el-dia-de-la-bicicleta-de-colindres-reunio-a-mas-de-300-participantes\/","name":"El D\u00eda de la Bicicleta de Colindres reuni\u00f3 a m\u00e1s de 300 participantes - Ayuntamiento de Colindres","isPartOf":{"@id":"https:\/\/www.colindres.es\/#website"},"primaryImageOfPage":{"@id":"https:\/\/www.colindres.es\/index.php\/project\/el-dia-de-la-bicicleta-de-colindres-reunio-a-mas-de-300-participantes\/#primaryimage"},"image":{"@id":"https:\/\/www.colindres.es\/index.php\/project\/el-dia-de-la-bicicleta-de-colindres-reunio-a-mas-de-300-participantes\/#primaryimage"},"thumbnailUrl":"https:\/\/www.colindres.es\/wp-content\/uploads\/2018\/09\/D\u00eda-de-la-Bicicleta.jpg","datePublished":"2018-09-24T20:24:17+00:00","breadcrumb":{"@id":"https:\/\/www.colindres.es\/index.php\/project\/el-dia-de-la-bicicleta-de-colindres-reunio-a-mas-de-300-participantes\/#breadcrumb"},"inLanguage":"es","potentialAction":[{"@type":"ReadAction","target":["https:\/\/www.colindres.es\/index.php\/project\/el-dia-de-la-bicicleta-de-colindres-reunio-a-mas-de-300-participantes\/"]}]},{"@type":"ImageObject","inLanguage":"es","@id":"https:\/\/www.colindres.es\/index.php\/project\/el-dia-de-la-bicicleta-de-colindres-reunio-a-mas-de-300-participantes\/#primaryimage","url":"https:\/\/www.colindres.es\/wp-content\/uploads\/2018\/09\/D\u00eda-de-la-Bicicleta.jpg","contentUrl":"https:\/\/www.colindres.es\/wp-content\/uploads\/2018\/09\/D\u00eda-de-la-Bicicleta.jpg","width":1280,"height":960},{"@type":"BreadcrumbList","@id":"https:\/\/www.colindres.es\/index.php\/project\/el-dia-de-la-bicicleta-de-colindres-reunio-a-mas-de-300-participantes\/#breadcrumb","itemListElement":[{"@type":"ListItem","position":1,"name":"Portada","item":"https:\/\/www.colindres.es\/"},{"@type":"ListItem","position":2,"name":"Proyectos","item":"https:\/\/www.colindres.es\/index.php\/project\/"},{"@type":"ListItem","position":3,"name":"El D\u00eda de la Bicicleta de Colindres reuni\u00f3 a m\u00e1s de 300 participantes"}]},{"@type":"WebSite","@id":"https:\/\/www.colindres.es\/#website","url":"https:\/\/www.colindres.es\/","name":"Ayuntamiento de Colindres","description":"Dise\u00f1ado por NTIC&#039;s","publisher":{"@id":"https:\/\/www.colindres.es\/#organization"},"potentialAction":[{"@type":"SearchAction","target":{"@type":"EntryPoint","urlTemplate":"https:\/\/www.colindres.es\/?s={search_term_string}"},"query-input":{"@type":"PropertyValueSpecification","valueRequired":true,"valueName":"search_term_string"}}],"inLanguage":"es"},{"@type":"Organization","@id":"https:\/\/www.colindres.es\/#organization","name":"AYUNTAMIENTO DE COLINDRES","url":"https:\/\/www.colindres.es\/","logo":{"@type":"ImageObject","inLanguage":"es","@id":"https:\/\/www.colindres.es\/#\/schema\/logo\/image\/","url":"https:\/\/www.colindres.es\/wp-content\/uploads\/2017\/01\/LOGO-PRINCIPAL.jpg","contentUrl":"https:\/\/www.colindres.es\/wp-content\/uploads\/2017\/01\/LOGO-PRINCIPAL.jpg","width":1209,"height":579,"caption":"AYUNTAMIENTO DE COLINDRES"},"image":{"@id":"https:\/\/www.colindres.es\/#\/schema\/logo\/image\/"}}]}},"_links":{"self":[{"href":"https:\/\/www.colindres.es\/index.php\/wp-json\/wp\/v2\/project\/1871","targetHints":{"allow":["GET"]}}],"collection":[{"href":"https:\/\/www.colindres.es\/index.php\/wp-json\/wp\/v2\/project"}],"about":[{"href":"https:\/\/www.colindres.es\/index.php\/wp-json\/wp\/v2\/types\/project"}],"author":[{"embeddable":true,"href":"https:\/\/www.colindres.es\/index.php\/wp-json\/wp\/v2\/users\/1"}],"replies":[{"embeddable":true,"href":"https:\/\/www.colindres.es\/index.php\/wp-json\/wp\/v2\/comments?post=1871"}],"version-history":[{"count":1,"href":"https:\/\/www.colindres.es\/index.php\/wp-json\/wp\/v2\/project\/1871\/revisions"}],"predecessor-version":[{"id":1874,"href":"https:\/\/www.colindres.es\/index.php\/wp-json\/wp\/v2\/project\/1871\/revisions\/1874"}],"wp:featuredmedia":[{"embeddable":true,"href":"https:\/\/www.colindres.es\/index.php\/wp-json\/wp\/v2\/media\/1873"}],"wp:attachment":[{"href":"https:\/\/www.colindres.es\/index.php\/wp-json\/wp\/v2\/media?parent=1871"}],"wp:term":[{"taxonomy":"project_category","embeddable":true,"href":"https:\/\/www.colindres.es\/index.php\/wp-json\/wp\/v2\/project_category?post=1871"},{"taxonomy":"project_tag","embeddable":true,"href":"https:\/\/www.colindres.es\/index.php\/wp-json\/wp\/v2\/project_tag?post=1871"}],"curies":[{"name":"wp","href":"https:\/\/api.w.org\/{rel}","templated":true}]}}