{"id":1868,"date":"2018-09-22T20:33:49","date_gmt":"2018-09-22T20:33:49","guid":{"rendered":"http:\/\/colindres.es\/?post_type=project&#038;p=1868"},"modified":"2018-09-22T20:33:49","modified_gmt":"2018-09-22T20:33:49","slug":"la-oficina-de-turismo-de-colindres-atendio-a-700-personas-este-verano","status":"publish","type":"project","link":"https:\/\/www.colindres.es\/index.php\/project\/la-oficina-de-turismo-de-colindres-atendio-a-700-personas-este-verano\/","title":{"rendered":"La Oficina de Turismo de Colindres atendi\u00f3 a 700 personas este verano"},"content":{"rendered":"<p><strong>El Ayuntamiento ofrecer\u00e1 a los centros escolares la posibilidad de realizar tres rutas guiadas para difundir entre los m\u00e1s j\u00f3venes el patrimonio hist\u00f3rico y medioambiental<\/strong><\/p>\n<p><em>Colindres, 21 de septiembre-.<\/em> La Oficina de Turismo habilitada por el Ayuntamiento de Colindres en la Casa Serafina ha atendido durante este verano a casi 700 personas que solicitaron informaci\u00f3n sobre el patrimonio hist\u00f3rico y medioambiental del municipio, as\u00ed como de las actividades culturales, l\u00fadico y festivas.<\/p>\n<p>Seg\u00fan los datos dados a conocer por la concejala del \u00e1rea en comisi\u00f3n, M\u00f3nica Navascuez, han sido 685 el n\u00famero de personas que han pasado por la Oficina procedentes de ocho pa\u00edses distintos, siendo en su inmensa mayor\u00eda espa\u00f1oles (un 88%) seguidos de franceses (7%), la nacionalidad extranjera que m\u00e1s ha visitado Colindres.<\/p>\n<p>Por provincias, el 30% de los usuarios han sido c\u00e1ntabros, un 15% proced\u00edan de Vizcaya, el 13% de Valladolid y el 12% de Madrid.<\/p>\n<p>La concejala de Turismo ha destacado que se trata de unos datos \u201cmuy buenos, ya que se ha registrado un aumento de visitantes con respecto al a\u00f1o pasado en la Oficina de Turismo, por lo que se mantiene la tendencia al alza de los \u00faltimos a\u00f1os\u201d.<\/p>\n<p><strong>Rustas guiadas<\/strong><\/p>\n<p>Adem\u00e1s de atender a los visitantes y ofrecer informaci\u00f3n sobre los atractivos tur\u00edsticos de Colindres, la Comarca del As\u00f3n y Cantabria, la Oficina de Turismo tambi\u00e9n ha llevado a cabo durante este verano tres rutas guiadas: la Ruta de las Casonas, en la que se pueden contemplar las casonas se\u00f1oriales de los siglos XVI al XVIII; la Ruta Modernista, que muestra Colindres de\u00a0Abajo, reflejo de una sociedad moderna, burguesa y colonial de la segunda mitad del siglo XIX, y la Ruta Natural, que discurre por el entorno de la reserva natural de las Marismas de Santo\u00f1a, Victorial y Joyel.<\/p>\n<p>Una vez concluida la temporada estival, el Ayuntamiento pondr\u00e1 a disposici\u00f3n de todos los centros educativos del municipio la posibilidad de que los ni\u00f1os y ni\u00f1as puedan realizar de forma gratuita y como actividad complementaria estas rutas guiadas.<\/p>\n<p>\u201cUna parte importante que siempre defendemos es difundir nuestro patrimonio entre los vecinos de Colindres y, sobre todo, entre los m\u00e1s peque\u00f1os, porque estamos convencidos que si los m\u00e1s j\u00f3venes reconocen su valor e incluso se enorgullecen de \u00e9l, nos ayudar\u00e1n a protegerlo y a difundirlo\u201d, ha se\u00f1alado al respecto el alcalde, Javier Incera.<\/p>\n<p>Otro de los desempe\u00f1os de los trabajadores de la Oficina de Turismo de Colindres es dar a conocer el albergue de peregrinos que se encuentra dentro de la ruta del Camino de Santiago.<\/p>\n<p><strong><u>*Fotograf\u00eda:<\/u><\/strong> <em>La nave Nao Victoria atracada en el Puerto Deportivo de Colindres el pasado mes de julio.<strong>Firma: \u00c1ngel Paz.<\/strong><\/em><\/p>\n","protected":false},"excerpt":{"rendered":"<p>El Ayuntamiento ofrecer\u00e1 a los centros escolares la posibilidad de realizar tres rutas guiadas para difundir entre los m\u00e1s j\u00f3venes el patrimonio hist\u00f3rico y medioambiental Colindres, 21 de septiembre-. La Oficina de Turismo habilitada por el Ayuntamiento de Colindres en la Casa Serafina ha atendido durante este verano a casi 700 personas que solicitaron informaci\u00f3n [&hellip;]<\/p>\n","protected":false},"author":1,"featured_media":1869,"comment_status":"open","ping_status":"closed","template":"","meta":{"_et_pb_use_builder":"","_et_pb_old_content":"","_et_gb_content_width":"","footnotes":""},"project_category":[],"project_tag":[],"class_list":["post-1868","project","type-project","status-publish","has-post-thumbnail","hentry"],"yoast_head":"<!-- This site is optimized with the Yoast SEO plugin v24.9 - https:\/\/yoast.com\/wordpress\/plugins\/seo\/ -->\n<title>La Oficina de Turismo de Colindres atendi\u00f3 a 700 personas este verano - Ayuntamiento de Colindres<\/title>\n<meta name=\"robots\" content=\"index, follow, max-snippet:-1, max-image-preview:large, max-video-preview:-1\" \/>\n<link rel=\"canonical\" href=\"https:\/\/www.colindres.es\/index.php\/project\/la-oficina-de-turismo-de-colindres-atendio-a-700-personas-este-verano\/\" \/>\n<meta property=\"og:locale\" content=\"es_ES\" \/>\n<meta property=\"og:type\" content=\"article\" \/>\n<meta property=\"og:title\" content=\"La Oficina de Turismo de Colindres atendi\u00f3 a 700 personas este verano - Ayuntamiento de Colindres\" \/>\n<meta property=\"og:description\" content=\"El Ayuntamiento ofrecer\u00e1 a los centros escolares la posibilidad de realizar tres rutas guiadas para difundir entre los m\u00e1s j\u00f3venes el patrimonio hist\u00f3rico y medioambiental Colindres, 21 de septiembre-. La Oficina de Turismo habilitada por el Ayuntamiento de Colindres en la Casa Serafina ha atendido durante este verano a casi 700 personas que solicitaron informaci\u00f3n [&hellip;]\" \/>\n<meta property=\"og:url\" content=\"https:\/\/www.colindres.es\/index.php\/project\/la-oficina-de-turismo-de-colindres-atendio-a-700-personas-este-verano\/\" \/>\n<meta property=\"og:site_name\" content=\"Ayuntamiento de Colindres\" \/>\n<meta property=\"og:image\" content=\"https:\/\/www.colindres.es\/wp-content\/uploads\/2018\/09\/Nave-Nao-Victoria_-\u00c1ngel-Paz.jpg\" \/>\n\t<meta property=\"og:image:width\" content=\"720\" \/>\n\t<meta property=\"og:image:height\" content=\"731\" \/>\n\t<meta property=\"og:image:type\" content=\"image\/jpeg\" \/>\n<meta name=\"twitter:card\" content=\"summary_large_image\" \/>\n<meta name=\"twitter:label1\" content=\"Tiempo de lectura\" \/>\n\t<meta name=\"twitter:data1\" content=\"2 minutos\" \/>\n<script type=\"application\/ld+json\" class=\"yoast-schema-graph\">{\"@context\":\"https:\/\/schema.org\",\"@graph\":[{\"@type\":\"WebPage\",\"@id\":\"https:\/\/www.colindres.es\/index.php\/project\/la-oficina-de-turismo-de-colindres-atendio-a-700-personas-este-verano\/\",\"url\":\"https:\/\/www.colindres.es\/index.php\/project\/la-oficina-de-turismo-de-colindres-atendio-a-700-personas-este-verano\/\",\"name\":\"La Oficina de Turismo de Colindres atendi\u00f3 a 700 personas este verano - Ayuntamiento de Colindres\",\"isPartOf\":{\"@id\":\"https:\/\/www.colindres.es\/#website\"},\"primaryImageOfPage\":{\"@id\":\"https:\/\/www.colindres.es\/index.php\/project\/la-oficina-de-turismo-de-colindres-atendio-a-700-personas-este-verano\/#primaryimage\"},\"image\":{\"@id\":\"https:\/\/www.colindres.es\/index.php\/project\/la-oficina-de-turismo-de-colindres-atendio-a-700-personas-este-verano\/#primaryimage\"},\"thumbnailUrl\":\"https:\/\/www.colindres.es\/wp-content\/uploads\/2018\/09\/Nave-Nao-Victoria_-\u00c1ngel-Paz.jpg\",\"datePublished\":\"2018-09-22T20:33:49+00:00\",\"breadcrumb\":{\"@id\":\"https:\/\/www.colindres.es\/index.php\/project\/la-oficina-de-turismo-de-colindres-atendio-a-700-personas-este-verano\/#breadcrumb\"},\"inLanguage\":\"es\",\"potentialAction\":[{\"@type\":\"ReadAction\",\"target\":[\"https:\/\/www.colindres.es\/index.php\/project\/la-oficina-de-turismo-de-colindres-atendio-a-700-personas-este-verano\/\"]}]},{\"@type\":\"ImageObject\",\"inLanguage\":\"es\",\"@id\":\"https:\/\/www.colindres.es\/index.php\/project\/la-oficina-de-turismo-de-colindres-atendio-a-700-personas-este-verano\/#primaryimage\",\"url\":\"https:\/\/www.colindres.es\/wp-content\/uploads\/2018\/09\/Nave-Nao-Victoria_-\u00c1ngel-Paz.jpg\",\"contentUrl\":\"https:\/\/www.colindres.es\/wp-content\/uploads\/2018\/09\/Nave-Nao-Victoria_-\u00c1ngel-Paz.jpg\",\"width\":720,\"height\":731},{\"@type\":\"BreadcrumbList\",\"@id\":\"https:\/\/www.colindres.es\/index.php\/project\/la-oficina-de-turismo-de-colindres-atendio-a-700-personas-este-verano\/#breadcrumb\",\"itemListElement\":[{\"@type\":\"ListItem\",\"position\":1,\"name\":\"Portada\",\"item\":\"https:\/\/www.colindres.es\/\"},{\"@type\":\"ListItem\",\"position\":2,\"name\":\"Proyectos\",\"item\":\"https:\/\/www.colindres.es\/index.php\/project\/\"},{\"@type\":\"ListItem\",\"position\":3,\"name\":\"La Oficina de Turismo de Colindres atendi\u00f3 a 700 personas este verano\"}]},{\"@type\":\"WebSite\",\"@id\":\"https:\/\/www.colindres.es\/#website\",\"url\":\"https:\/\/www.colindres.es\/\",\"name\":\"Ayuntamiento de Colindres\",\"description\":\"Dise\u00f1ado por NTIC&#039;s\",\"publisher\":{\"@id\":\"https:\/\/www.colindres.es\/#organization\"},\"potentialAction\":[{\"@type\":\"SearchAction\",\"target\":{\"@type\":\"EntryPoint\",\"urlTemplate\":\"https:\/\/www.colindres.es\/?s={search_term_string}\"},\"query-input\":{\"@type\":\"PropertyValueSpecification\",\"valueRequired\":true,\"valueName\":\"search_term_string\"}}],\"inLanguage\":\"es\"},{\"@type\":\"Organization\",\"@id\":\"https:\/\/www.colindres.es\/#organization\",\"name\":\"AYUNTAMIENTO DE COLINDRES\",\"url\":\"https:\/\/www.colindres.es\/\",\"logo\":{\"@type\":\"ImageObject\",\"inLanguage\":\"es\",\"@id\":\"https:\/\/www.colindres.es\/#\/schema\/logo\/image\/\",\"url\":\"https:\/\/www.colindres.es\/wp-content\/uploads\/2017\/01\/LOGO-PRINCIPAL.jpg\",\"contentUrl\":\"https:\/\/www.colindres.es\/wp-content\/uploads\/2017\/01\/LOGO-PRINCIPAL.jpg\",\"width\":1209,\"height\":579,\"caption\":\"AYUNTAMIENTO DE COLINDRES\"},\"image\":{\"@id\":\"https:\/\/www.colindres.es\/#\/schema\/logo\/image\/\"}}]}<\/script>\n<!-- \/ Yoast SEO plugin. -->","yoast_head_json":{"title":"La Oficina de Turismo de Colindres atendi\u00f3 a 700 personas este verano - Ayuntamiento de Colindres","robots":{"index":"index","follow":"follow","max-snippet":"max-snippet:-1","max-image-preview":"max-image-preview:large","max-video-preview":"max-video-preview:-1"},"canonical":"https:\/\/www.colindres.es\/index.php\/project\/la-oficina-de-turismo-de-colindres-atendio-a-700-personas-este-verano\/","og_locale":"es_ES","og_type":"article","og_title":"La Oficina de Turismo de Colindres atendi\u00f3 a 700 personas este verano - Ayuntamiento de Colindres","og_description":"El Ayuntamiento ofrecer\u00e1 a los centros escolares la posibilidad de realizar tres rutas guiadas para difundir entre los m\u00e1s j\u00f3venes el patrimonio hist\u00f3rico y medioambiental Colindres, 21 de septiembre-. La Oficina de Turismo habilitada por el Ayuntamiento de Colindres en la Casa Serafina ha atendido durante este verano a casi 700 personas que solicitaron informaci\u00f3n [&hellip;]","og_url":"https:\/\/www.colindres.es\/index.php\/project\/la-oficina-de-turismo-de-colindres-atendio-a-700-personas-este-verano\/","og_site_name":"Ayuntamiento de Colindres","og_image":[{"width":720,"height":731,"url":"https:\/\/www.colindres.es\/wp-content\/uploads\/2018\/09\/Nave-Nao-Victoria_-\u00c1ngel-Paz.jpg","type":"image\/jpeg"}],"twitter_card":"summary_large_image","twitter_misc":{"Tiempo de lectura":"2 minutos"},"schema":{"@context":"https:\/\/schema.org","@graph":[{"@type":"WebPage","@id":"https:\/\/www.colindres.es\/index.php\/project\/la-oficina-de-turismo-de-colindres-atendio-a-700-personas-este-verano\/","url":"https:\/\/www.colindres.es\/index.php\/project\/la-oficina-de-turismo-de-colindres-atendio-a-700-personas-este-verano\/","name":"La Oficina de Turismo de Colindres atendi\u00f3 a 700 personas este verano - Ayuntamiento de Colindres","isPartOf":{"@id":"https:\/\/www.colindres.es\/#website"},"primaryImageOfPage":{"@id":"https:\/\/www.colindres.es\/index.php\/project\/la-oficina-de-turismo-de-colindres-atendio-a-700-personas-este-verano\/#primaryimage"},"image":{"@id":"https:\/\/www.colindres.es\/index.php\/project\/la-oficina-de-turismo-de-colindres-atendio-a-700-personas-este-verano\/#primaryimage"},"thumbnailUrl":"https:\/\/www.colindres.es\/wp-content\/uploads\/2018\/09\/Nave-Nao-Victoria_-\u00c1ngel-Paz.jpg","datePublished":"2018-09-22T20:33:49+00:00","breadcrumb":{"@id":"https:\/\/www.colindres.es\/index.php\/project\/la-oficina-de-turismo-de-colindres-atendio-a-700-personas-este-verano\/#breadcrumb"},"inLanguage":"es","potentialAction":[{"@type":"ReadAction","target":["https:\/\/www.colindres.es\/index.php\/project\/la-oficina-de-turismo-de-colindres-atendio-a-700-personas-este-verano\/"]}]},{"@type":"ImageObject","inLanguage":"es","@id":"https:\/\/www.colindres.es\/index.php\/project\/la-oficina-de-turismo-de-colindres-atendio-a-700-personas-este-verano\/#primaryimage","url":"https:\/\/www.colindres.es\/wp-content\/uploads\/2018\/09\/Nave-Nao-Victoria_-\u00c1ngel-Paz.jpg","contentUrl":"https:\/\/www.colindres.es\/wp-content\/uploads\/2018\/09\/Nave-Nao-Victoria_-\u00c1ngel-Paz.jpg","width":720,"height":731},{"@type":"BreadcrumbList","@id":"https:\/\/www.colindres.es\/index.php\/project\/la-oficina-de-turismo-de-colindres-atendio-a-700-personas-este-verano\/#breadcrumb","itemListElement":[{"@type":"ListItem","position":1,"name":"Portada","item":"https:\/\/www.colindres.es\/"},{"@type":"ListItem","position":2,"name":"Proyectos","item":"https:\/\/www.colindres.es\/index.php\/project\/"},{"@type":"ListItem","position":3,"name":"La Oficina de Turismo de Colindres atendi\u00f3 a 700 personas este verano"}]},{"@type":"WebSite","@id":"https:\/\/www.colindres.es\/#website","url":"https:\/\/www.colindres.es\/","name":"Ayuntamiento de Colindres","description":"Dise\u00f1ado por NTIC&#039;s","publisher":{"@id":"https:\/\/www.colindres.es\/#organization"},"potentialAction":[{"@type":"SearchAction","target":{"@type":"EntryPoint","urlTemplate":"https:\/\/www.colindres.es\/?s={search_term_string}"},"query-input":{"@type":"PropertyValueSpecification","valueRequired":true,"valueName":"search_term_string"}}],"inLanguage":"es"},{"@type":"Organization","@id":"https:\/\/www.colindres.es\/#organization","name":"AYUNTAMIENTO DE COLINDRES","url":"https:\/\/www.colindres.es\/","logo":{"@type":"ImageObject","inLanguage":"es","@id":"https:\/\/www.colindres.es\/#\/schema\/logo\/image\/","url":"https:\/\/www.colindres.es\/wp-content\/uploads\/2017\/01\/LOGO-PRINCIPAL.jpg","contentUrl":"https:\/\/www.colindres.es\/wp-content\/uploads\/2017\/01\/LOGO-PRINCIPAL.jpg","width":1209,"height":579,"caption":"AYUNTAMIENTO DE COLINDRES"},"image":{"@id":"https:\/\/www.colindres.es\/#\/schema\/logo\/image\/"}}]}},"_links":{"self":[{"href":"https:\/\/www.colindres.es\/index.php\/wp-json\/wp\/v2\/project\/1868","targetHints":{"allow":["GET"]}}],"collection":[{"href":"https:\/\/www.colindres.es\/index.php\/wp-json\/wp\/v2\/project"}],"about":[{"href":"https:\/\/www.colindres.es\/index.php\/wp-json\/wp\/v2\/types\/project"}],"author":[{"embeddable":true,"href":"https:\/\/www.colindres.es\/index.php\/wp-json\/wp\/v2\/users\/1"}],"replies":[{"embeddable":true,"href":"https:\/\/www.colindres.es\/index.php\/wp-json\/wp\/v2\/comments?post=1868"}],"version-history":[{"count":1,"href":"https:\/\/www.colindres.es\/index.php\/wp-json\/wp\/v2\/project\/1868\/revisions"}],"predecessor-version":[{"id":1870,"href":"https:\/\/www.colindres.es\/index.php\/wp-json\/wp\/v2\/project\/1868\/revisions\/1870"}],"wp:featuredmedia":[{"embeddable":true,"href":"https:\/\/www.colindres.es\/index.php\/wp-json\/wp\/v2\/media\/1869"}],"wp:attachment":[{"href":"https:\/\/www.colindres.es\/index.php\/wp-json\/wp\/v2\/media?parent=1868"}],"wp:term":[{"taxonomy":"project_category","embeddable":true,"href":"https:\/\/www.colindres.es\/index.php\/wp-json\/wp\/v2\/project_category?post=1868"},{"taxonomy":"project_tag","embeddable":true,"href":"https:\/\/www.colindres.es\/index.php\/wp-json\/wp\/v2\/project_tag?post=1868"}],"curies":[{"name":"wp","href":"https:\/\/api.w.org\/{rel}","templated":true}]}}