{"id":1860,"date":"2018-09-18T06:50:08","date_gmt":"2018-09-18T06:50:08","guid":{"rendered":"http:\/\/colindres.es\/?post_type=project&#038;p=1860"},"modified":"2018-09-18T06:55:58","modified_gmt":"2018-09-18T06:55:58","slug":"decreto-de-la-presidencia-117-2018","status":"publish","type":"project","link":"https:\/\/www.colindres.es\/index.php\/project\/decreto-de-la-presidencia-117-2018\/","title":{"rendered":"DECRETO DE LA PRESIDENCIA 117\/2018"},"content":{"rendered":"<p>D. Javier Incera Goyenechea, Presidente de la Mancomunidad de Servicios Sociales de Ampuero, Limpias, Liendo, Guriezo y Colindres, en el d\u00eda de la fecha dicto la presente resoluci\u00f3n:<\/p>\n<p>Visto el Decreto de Alcald\u00eda 90\/2018, de fecha 13 de julio, en virtud del cual se aprueba la Bolsa de Trabajo con destino al nombramiento de Educador\/a Social, con el objeto de posibilitar pr\u00f3ximos nombramientos que, con car\u00e1cter de personal laboral temporal, se estimen de necesidad o urgencia, en los t\u00e9rminos y de acuerdo con lo expuesto en la Base Primera y Base Octava de las Bases reguladoras del proceso selectivo.<\/p>\n<p>Vistas las alegaciones formuladas frente a dicho Decreto y las consideraciones que al respecto realiza la comisi\u00f3n de valoraci\u00f3n en su acta de fecha 13\/09\/2018 en los siguientes t\u00e9rminos:<\/p>\n<ul>\n<li><i><em>DNI 72393014P: se estima<\/em><em>; en el apartado \u201cprocedimientos selectivos aprobados\u201d debe apreciarse una puntuaci\u00f3n de 0,50, y no de 0,25 tal y como figura en el Decreto 90\/2018 que determina la relaci\u00f3n definitiva de los integrantes de la bolsa. En su solicitud acredita la superaci\u00f3n de dos ejercicios en procedimientos selectivos en relaci\u00f3n con la plaza a la que opta, por lo que, de acuerdo con la base 6.2.2 de las que rigen la creaci\u00f3n de la bolsa, deben valorarse en 0,25 puntos cada uno.<\/em><\/i><\/li>\n<li><i><em>DNI 29033049B: se desestima<\/em><em>; en la certificaci\u00f3n aportada<\/em><em> no consta ning\u00fan periodo que alcance el mes de servicios prestados. La comisi\u00f3n, en congruencia con la base 6.2.1 de las que rigen la bolsa, ha procedido a no valorar los periodos de servicios de duraci\u00f3n inferior al mes.<\/em><\/i><\/li>\n<li><i><em>DNI 13729128Z: se desestima<\/em><em>; la comisi\u00f3n entiende que para que puedan computarse los periodos de un a\u00f1o completo dicha prestaci\u00f3n ha de tener el car\u00e1cter de continuado, en otro caso el computo se verificara por mensualidades. Cuando el computo se verifique por meses se realizar\u00e1 de fecha a fecha desech\u00e1ndose los d\u00edas restantes que no alcancen un nuevo mes.<\/em><\/i><\/li>\n<\/ul>\n<p>En congruencia con la resoluci\u00f3n de dichas alegaciones la relaci\u00f3n definitiva de los\/as integrantes de la Bolsa de Trabajo quedar\u00eda tal y como sigue:<\/p>\n<p><img loading=\"lazy\" decoding=\"async\" class=\"alignnone size-medium wp-image-1861\" src=\"http:\/\/colindres.es\/wp-content\/uploads\/2018\/09\/TABLA-1-300x113.png\" alt=\"\" width=\"300\" height=\"113\" srcset=\"https:\/\/www.colindres.es\/wp-content\/uploads\/2018\/09\/TABLA-1-300x113.png 300w, https:\/\/www.colindres.es\/wp-content\/uploads\/2018\/09\/TABLA-1-768x290.png 768w, https:\/\/www.colindres.es\/wp-content\/uploads\/2018\/09\/TABLA-1.png 936w\" sizes=\"(max-width: 300px) 100vw, 300px\" \/><\/p>\n<p><img loading=\"lazy\" decoding=\"async\" class=\"alignnone size-medium wp-image-1862\" src=\"http:\/\/colindres.es\/wp-content\/uploads\/2018\/09\/TABLA-2-300x251.png\" alt=\"\" width=\"300\" height=\"251\" srcset=\"https:\/\/www.colindres.es\/wp-content\/uploads\/2018\/09\/TABLA-2-300x251.png 300w, https:\/\/www.colindres.es\/wp-content\/uploads\/2018\/09\/TABLA-2-768x642.png 768w, https:\/\/www.colindres.es\/wp-content\/uploads\/2018\/09\/TABLA-2.png 936w\" sizes=\"(max-width: 300px) 100vw, 300px\" \/><\/p>\n<p><em>*E<\/em><em>n cas<\/em><em>o de e<\/em><em>mpate la Comisi\u00f3<\/em><em>n de Valoraci\u00f3n ha utilizado como criterio el de la letra que determina el orden de actuaci\u00f3n de los aspirantes en las pruebas selectivas para el acceso al empleo p\u00fablico: letra \u00d1, en virtud de la Resoluci\u00f3n de 18 de abril de 2017 de la Secretar\u00eda de Estado de Funci\u00f3n P\u00fablica.<\/em><\/p>\n<p>Visto el art\u00edculo 123.1 de la Ley 39\/2015, de 1 de octubre, que establece que los actos administrativos que pongan fin a la v\u00eda administrativa podr\u00e1n ser recurridos potestativamente en reposici\u00f3n ante el mismo \u00f3rgano que los hubiera dictado o ser impugnados directamente ante el orden jurisdiccional contencioso-administrativo.<\/p>\n<p>Teniendo en cuenta todo lo anterior, y a la vista de las competencias que me atribuye el art\u00edculo 21.1 g) de la Ley 7\/1985, de 2 de abril, de bases de r\u00e9gimen local, y a la vista de las competencias que me atribuye el art\u00edculo 11 g) de los Estatutos de la Mancomunidad (BOC n\u00ba: 216, de 8 de noviembre de 2001)<\/p>\n<p><strong>RESUELVO:<\/strong><\/p>\n<p><strong>Primero: <\/strong>Estimar las alegaciones formuladas por el solicitante con DNI 72393014P. Debiendo apreciarse en el apartado \u201cprocedimientos selectivos aprobados\u201d una puntuaci\u00f3n de 0,50 de acuerdo con el acta de la comisi\u00f3n de valoraci\u00f3n referida en el cuerpo de esta resoluci\u00f3n.<\/p>\n<p><strong>Segundo: <\/strong>Desestimar las alegaciones formuladas por el solicitante con DNI <em>29033049B<\/em> <em>de acuerdo con el acta de la comisi\u00f3n de valoraci\u00f3n referida en el cuerpo de esta resoluci\u00f3n<\/em><\/p>\n<p><strong>Tercero: <\/strong>Desestimar las alegaciones formuladas por el solicitante con DNI <em>13729128Z:<\/em> <em>de acuerdo con el acta de la comisi\u00f3n de valoraci\u00f3n referida en el cuerpo de esta resoluci\u00f3n.<\/em><\/p>\n<p><strong><em>Cuarto: <\/em><\/strong><em>Notificar a los alegantes el acta de la comisi\u00f3n de valoraci\u00f3n de fecha 13 de septiembre de 2018.<\/em><\/p>\n<p><strong>Cuarto: <\/strong>Aprobar, en congruencia con la resoluci\u00f3n de estas alegaciones, la Bolsa de Trabajo con destino al nombramiento de Educador\/a Social, con el objeto de posibilitar pr\u00f3ximos nombramientos que, con car\u00e1cter de personal laboral temporal, se estimen de necesidad o urgencia, en los t\u00e9rminos y de acuerdo con lo expuesto en la Base Primera y Base Octava de las Bases reguladoras del proceso selectivo, sin que para los aspirantes contenidos en la misma se generen m\u00e1s derechos que los se\u00f1alados en las referidas Bases.<\/p>\n<p>Determinar que los aspirantes que forman parte de la Lista de Espera o Bolsa de Empleo, y por el Orden de su puntuaci\u00f3n son:<\/p>\n<p><img loading=\"lazy\" decoding=\"async\" class=\"alignnone size-medium wp-image-1863\" src=\"http:\/\/colindres.es\/wp-content\/uploads\/2018\/09\/TABLA-3-300x113.png\" alt=\"\" width=\"300\" height=\"113\" srcset=\"https:\/\/www.colindres.es\/wp-content\/uploads\/2018\/09\/TABLA-3-300x113.png 300w, https:\/\/www.colindres.es\/wp-content\/uploads\/2018\/09\/TABLA-3-768x290.png 768w, https:\/\/www.colindres.es\/wp-content\/uploads\/2018\/09\/TABLA-3.png 886w\" sizes=\"(max-width: 300px) 100vw, 300px\" \/><\/p>\n<p><img loading=\"lazy\" decoding=\"async\" class=\"alignnone size-medium wp-image-1864\" src=\"http:\/\/colindres.es\/wp-content\/uploads\/2018\/09\/TABLA-4-300x251.png\" alt=\"\" width=\"300\" height=\"251\" srcset=\"https:\/\/www.colindres.es\/wp-content\/uploads\/2018\/09\/TABLA-4-300x251.png 300w, https:\/\/www.colindres.es\/wp-content\/uploads\/2018\/09\/TABLA-4-768x641.png 768w, https:\/\/www.colindres.es\/wp-content\/uploads\/2018\/09\/TABLA-4.png 886w\" sizes=\"(max-width: 300px) 100vw, 300px\" \/><\/p>\n<p><strong>Quinto: <\/strong>Que se d\u00e9 publicidad del presente acuerdo conforme a las bases de la convocatoria.<\/p>\n<p><strong>Sexto: <\/strong>Que se d\u00e9 cuenta a la Junta de la Mancomunidad en la primera sesi\u00f3n ordinaria que se celebre.<\/p>\n<p>Lo manda y firma el Sr. Presidente, en Colindres a 14 de septiembre de 2018.<\/p>\n<p>El Presidente,\u00a0\u00a0\u00a0\u00a0\u00a0\u00a0\u00a0\u00a0\u00a0 \u00a0\u00a0\u00a0\u00a0 \u00a0\u00a0\u00a0\u00a0\u00a0\u00a0\u00a0\u00a0\u00a0\u00a0\u00a0\u00a0\u00a0\u00a0\u00a0\u00a0\u00a0\u00a0\u00a0\u00a0\u00a0\u00a0 \u00a0Doy fe, el Secretario-Interventor<\/p>\n<p>Fdo.- Javier Incera Goyenechea.\u00a0\u00a0\u00a0 \u00a0\u00a0\u00a0\u00a0\u00a0\u00a0\u00a0\u00a0\u00a0\u00a0 Fdo.- Jos\u00e9 Ignacio S\u00e1nchez Mart\u00ednez.<\/p>\n<p><a href=\"http:\/\/colindres.es\/wp-content\/uploads\/2018\/09\/117-2018-decreto-resoluci\u00f3n-alegaciones-y-aprobacion-bolsa-educador-social.pdf\">Descargar en formato PDF el decreto.<\/a><\/p>\n","protected":false},"excerpt":{"rendered":"<p>D. Javier Incera Goyenechea, Presidente de la Mancomunidad de Servicios Sociales de Ampuero, Limpias, Liendo, Guriezo y Colindres, en el d\u00eda de la fecha dicto la presente resoluci\u00f3n: Visto el Decreto de Alcald\u00eda 90\/2018, de fecha 13 de julio, en virtud del cual se aprueba la Bolsa de Trabajo con destino al nombramiento de Educador\/a [&hellip;]<\/p>\n","protected":false},"author":1,"featured_media":1471,"comment_status":"open","ping_status":"closed","template":"","meta":{"_et_pb_use_builder":"","_et_pb_old_content":"","_et_gb_content_width":"","footnotes":""},"project_category":[],"project_tag":[],"class_list":["post-1860","project","type-project","status-publish","has-post-thumbnail","hentry"],"yoast_head":"<!-- This site is optimized with the Yoast SEO plugin v24.9 - https:\/\/yoast.com\/wordpress\/plugins\/seo\/ -->\n<title>DECRETO DE LA PRESIDENCIA 117\/2018 - Ayuntamiento de Colindres<\/title>\n<meta name=\"robots\" content=\"index, follow, max-snippet:-1, max-image-preview:large, max-video-preview:-1\" \/>\n<link rel=\"canonical\" href=\"https:\/\/www.colindres.es\/index.php\/project\/decreto-de-la-presidencia-117-2018\/\" \/>\n<meta property=\"og:locale\" content=\"es_ES\" \/>\n<meta property=\"og:type\" content=\"article\" \/>\n<meta property=\"og:title\" content=\"DECRETO DE LA PRESIDENCIA 117\/2018 - Ayuntamiento de Colindres\" \/>\n<meta property=\"og:description\" content=\"D. Javier Incera Goyenechea, Presidente de la Mancomunidad de Servicios Sociales de Ampuero, Limpias, Liendo, Guriezo y Colindres, en el d\u00eda de la fecha dicto la presente resoluci\u00f3n: Visto el Decreto de Alcald\u00eda 90\/2018, de fecha 13 de julio, en virtud del cual se aprueba la Bolsa de Trabajo con destino al nombramiento de Educador\/a [&hellip;]\" \/>\n<meta property=\"og:url\" content=\"https:\/\/www.colindres.es\/index.php\/project\/decreto-de-la-presidencia-117-2018\/\" \/>\n<meta property=\"og:site_name\" content=\"Ayuntamiento de Colindres\" \/>\n<meta property=\"article:modified_time\" content=\"2018-09-18T06:55:58+00:00\" \/>\n<meta property=\"og:image\" content=\"https:\/\/www.colindres.es\/wp-content\/uploads\/2018\/04\/mancomunidad.jpg\" \/>\n\t<meta property=\"og:image:width\" content=\"1376\" \/>\n\t<meta property=\"og:image:height\" content=\"1040\" \/>\n\t<meta property=\"og:image:type\" content=\"image\/jpeg\" \/>\n<meta name=\"twitter:card\" content=\"summary_large_image\" \/>\n<meta name=\"twitter:label1\" content=\"Tiempo de lectura\" \/>\n\t<meta name=\"twitter:data1\" content=\"4 minutos\" \/>\n<script type=\"application\/ld+json\" class=\"yoast-schema-graph\">{\"@context\":\"https:\/\/schema.org\",\"@graph\":[{\"@type\":\"WebPage\",\"@id\":\"https:\/\/www.colindres.es\/index.php\/project\/decreto-de-la-presidencia-117-2018\/\",\"url\":\"https:\/\/www.colindres.es\/index.php\/project\/decreto-de-la-presidencia-117-2018\/\",\"name\":\"DECRETO DE LA PRESIDENCIA 117\/2018 - Ayuntamiento de Colindres\",\"isPartOf\":{\"@id\":\"https:\/\/www.colindres.es\/#website\"},\"primaryImageOfPage\":{\"@id\":\"https:\/\/www.colindres.es\/index.php\/project\/decreto-de-la-presidencia-117-2018\/#primaryimage\"},\"image\":{\"@id\":\"https:\/\/www.colindres.es\/index.php\/project\/decreto-de-la-presidencia-117-2018\/#primaryimage\"},\"thumbnailUrl\":\"https:\/\/www.colindres.es\/wp-content\/uploads\/2018\/04\/mancomunidad.jpg\",\"datePublished\":\"2018-09-18T06:50:08+00:00\",\"dateModified\":\"2018-09-18T06:55:58+00:00\",\"breadcrumb\":{\"@id\":\"https:\/\/www.colindres.es\/index.php\/project\/decreto-de-la-presidencia-117-2018\/#breadcrumb\"},\"inLanguage\":\"es\",\"potentialAction\":[{\"@type\":\"ReadAction\",\"target\":[\"https:\/\/www.colindres.es\/index.php\/project\/decreto-de-la-presidencia-117-2018\/\"]}]},{\"@type\":\"ImageObject\",\"inLanguage\":\"es\",\"@id\":\"https:\/\/www.colindres.es\/index.php\/project\/decreto-de-la-presidencia-117-2018\/#primaryimage\",\"url\":\"https:\/\/www.colindres.es\/wp-content\/uploads\/2018\/04\/mancomunidad.jpg\",\"contentUrl\":\"https:\/\/www.colindres.es\/wp-content\/uploads\/2018\/04\/mancomunidad.jpg\",\"width\":1376,\"height\":1040,\"caption\":\"logo mancomunidad\"},{\"@type\":\"BreadcrumbList\",\"@id\":\"https:\/\/www.colindres.es\/index.php\/project\/decreto-de-la-presidencia-117-2018\/#breadcrumb\",\"itemListElement\":[{\"@type\":\"ListItem\",\"position\":1,\"name\":\"Portada\",\"item\":\"https:\/\/www.colindres.es\/\"},{\"@type\":\"ListItem\",\"position\":2,\"name\":\"Proyectos\",\"item\":\"https:\/\/www.colindres.es\/index.php\/project\/\"},{\"@type\":\"ListItem\",\"position\":3,\"name\":\"DECRETO DE LA PRESIDENCIA 117\/2018\"}]},{\"@type\":\"WebSite\",\"@id\":\"https:\/\/www.colindres.es\/#website\",\"url\":\"https:\/\/www.colindres.es\/\",\"name\":\"Ayuntamiento de Colindres\",\"description\":\"Dise\u00f1ado por NTIC&#039;s\",\"publisher\":{\"@id\":\"https:\/\/www.colindres.es\/#organization\"},\"potentialAction\":[{\"@type\":\"SearchAction\",\"target\":{\"@type\":\"EntryPoint\",\"urlTemplate\":\"https:\/\/www.colindres.es\/?s={search_term_string}\"},\"query-input\":{\"@type\":\"PropertyValueSpecification\",\"valueRequired\":true,\"valueName\":\"search_term_string\"}}],\"inLanguage\":\"es\"},{\"@type\":\"Organization\",\"@id\":\"https:\/\/www.colindres.es\/#organization\",\"name\":\"AYUNTAMIENTO DE COLINDRES\",\"url\":\"https:\/\/www.colindres.es\/\",\"logo\":{\"@type\":\"ImageObject\",\"inLanguage\":\"es\",\"@id\":\"https:\/\/www.colindres.es\/#\/schema\/logo\/image\/\",\"url\":\"https:\/\/www.colindres.es\/wp-content\/uploads\/2017\/01\/LOGO-PRINCIPAL.jpg\",\"contentUrl\":\"https:\/\/www.colindres.es\/wp-content\/uploads\/2017\/01\/LOGO-PRINCIPAL.jpg\",\"width\":1209,\"height\":579,\"caption\":\"AYUNTAMIENTO DE COLINDRES\"},\"image\":{\"@id\":\"https:\/\/www.colindres.es\/#\/schema\/logo\/image\/\"}}]}<\/script>\n<!-- \/ Yoast SEO plugin. -->","yoast_head_json":{"title":"DECRETO DE LA PRESIDENCIA 117\/2018 - Ayuntamiento de Colindres","robots":{"index":"index","follow":"follow","max-snippet":"max-snippet:-1","max-image-preview":"max-image-preview:large","max-video-preview":"max-video-preview:-1"},"canonical":"https:\/\/www.colindres.es\/index.php\/project\/decreto-de-la-presidencia-117-2018\/","og_locale":"es_ES","og_type":"article","og_title":"DECRETO DE LA PRESIDENCIA 117\/2018 - Ayuntamiento de Colindres","og_description":"D. Javier Incera Goyenechea, Presidente de la Mancomunidad de Servicios Sociales de Ampuero, Limpias, Liendo, Guriezo y Colindres, en el d\u00eda de la fecha dicto la presente resoluci\u00f3n: Visto el Decreto de Alcald\u00eda 90\/2018, de fecha 13 de julio, en virtud del cual se aprueba la Bolsa de Trabajo con destino al nombramiento de Educador\/a [&hellip;]","og_url":"https:\/\/www.colindres.es\/index.php\/project\/decreto-de-la-presidencia-117-2018\/","og_site_name":"Ayuntamiento de Colindres","article_modified_time":"2018-09-18T06:55:58+00:00","og_image":[{"width":1376,"height":1040,"url":"https:\/\/www.colindres.es\/wp-content\/uploads\/2018\/04\/mancomunidad.jpg","type":"image\/jpeg"}],"twitter_card":"summary_large_image","twitter_misc":{"Tiempo de lectura":"4 minutos"},"schema":{"@context":"https:\/\/schema.org","@graph":[{"@type":"WebPage","@id":"https:\/\/www.colindres.es\/index.php\/project\/decreto-de-la-presidencia-117-2018\/","url":"https:\/\/www.colindres.es\/index.php\/project\/decreto-de-la-presidencia-117-2018\/","name":"DECRETO DE LA PRESIDENCIA 117\/2018 - Ayuntamiento de Colindres","isPartOf":{"@id":"https:\/\/www.colindres.es\/#website"},"primaryImageOfPage":{"@id":"https:\/\/www.colindres.es\/index.php\/project\/decreto-de-la-presidencia-117-2018\/#primaryimage"},"image":{"@id":"https:\/\/www.colindres.es\/index.php\/project\/decreto-de-la-presidencia-117-2018\/#primaryimage"},"thumbnailUrl":"https:\/\/www.colindres.es\/wp-content\/uploads\/2018\/04\/mancomunidad.jpg","datePublished":"2018-09-18T06:50:08+00:00","dateModified":"2018-09-18T06:55:58+00:00","breadcrumb":{"@id":"https:\/\/www.colindres.es\/index.php\/project\/decreto-de-la-presidencia-117-2018\/#breadcrumb"},"inLanguage":"es","potentialAction":[{"@type":"ReadAction","target":["https:\/\/www.colindres.es\/index.php\/project\/decreto-de-la-presidencia-117-2018\/"]}]},{"@type":"ImageObject","inLanguage":"es","@id":"https:\/\/www.colindres.es\/index.php\/project\/decreto-de-la-presidencia-117-2018\/#primaryimage","url":"https:\/\/www.colindres.es\/wp-content\/uploads\/2018\/04\/mancomunidad.jpg","contentUrl":"https:\/\/www.colindres.es\/wp-content\/uploads\/2018\/04\/mancomunidad.jpg","width":1376,"height":1040,"caption":"logo mancomunidad"},{"@type":"BreadcrumbList","@id":"https:\/\/www.colindres.es\/index.php\/project\/decreto-de-la-presidencia-117-2018\/#breadcrumb","itemListElement":[{"@type":"ListItem","position":1,"name":"Portada","item":"https:\/\/www.colindres.es\/"},{"@type":"ListItem","position":2,"name":"Proyectos","item":"https:\/\/www.colindres.es\/index.php\/project\/"},{"@type":"ListItem","position":3,"name":"DECRETO DE LA PRESIDENCIA 117\/2018"}]},{"@type":"WebSite","@id":"https:\/\/www.colindres.es\/#website","url":"https:\/\/www.colindres.es\/","name":"Ayuntamiento de Colindres","description":"Dise\u00f1ado por NTIC&#039;s","publisher":{"@id":"https:\/\/www.colindres.es\/#organization"},"potentialAction":[{"@type":"SearchAction","target":{"@type":"EntryPoint","urlTemplate":"https:\/\/www.colindres.es\/?s={search_term_string}"},"query-input":{"@type":"PropertyValueSpecification","valueRequired":true,"valueName":"search_term_string"}}],"inLanguage":"es"},{"@type":"Organization","@id":"https:\/\/www.colindres.es\/#organization","name":"AYUNTAMIENTO DE COLINDRES","url":"https:\/\/www.colindres.es\/","logo":{"@type":"ImageObject","inLanguage":"es","@id":"https:\/\/www.colindres.es\/#\/schema\/logo\/image\/","url":"https:\/\/www.colindres.es\/wp-content\/uploads\/2017\/01\/LOGO-PRINCIPAL.jpg","contentUrl":"https:\/\/www.colindres.es\/wp-content\/uploads\/2017\/01\/LOGO-PRINCIPAL.jpg","width":1209,"height":579,"caption":"AYUNTAMIENTO DE COLINDRES"},"image":{"@id":"https:\/\/www.colindres.es\/#\/schema\/logo\/image\/"}}]}},"_links":{"self":[{"href":"https:\/\/www.colindres.es\/index.php\/wp-json\/wp\/v2\/project\/1860","targetHints":{"allow":["GET"]}}],"collection":[{"href":"https:\/\/www.colindres.es\/index.php\/wp-json\/wp\/v2\/project"}],"about":[{"href":"https:\/\/www.colindres.es\/index.php\/wp-json\/wp\/v2\/types\/project"}],"author":[{"embeddable":true,"href":"https:\/\/www.colindres.es\/index.php\/wp-json\/wp\/v2\/users\/1"}],"replies":[{"embeddable":true,"href":"https:\/\/www.colindres.es\/index.php\/wp-json\/wp\/v2\/comments?post=1860"}],"version-history":[{"count":2,"href":"https:\/\/www.colindres.es\/index.php\/wp-json\/wp\/v2\/project\/1860\/revisions"}],"predecessor-version":[{"id":1867,"href":"https:\/\/www.colindres.es\/index.php\/wp-json\/wp\/v2\/project\/1860\/revisions\/1867"}],"wp:featuredmedia":[{"embeddable":true,"href":"https:\/\/www.colindres.es\/index.php\/wp-json\/wp\/v2\/media\/1471"}],"wp:attachment":[{"href":"https:\/\/www.colindres.es\/index.php\/wp-json\/wp\/v2\/media?parent=1860"}],"wp:term":[{"taxonomy":"project_category","embeddable":true,"href":"https:\/\/www.colindres.es\/index.php\/wp-json\/wp\/v2\/project_category?post=1860"},{"taxonomy":"project_tag","embeddable":true,"href":"https:\/\/www.colindres.es\/index.php\/wp-json\/wp\/v2\/project_tag?post=1860"}],"curies":[{"name":"wp","href":"https:\/\/api.w.org\/{rel}","templated":true}]}}