{"id":1856,"date":"2018-09-17T05:45:05","date_gmt":"2018-09-17T05:45:05","guid":{"rendered":"http:\/\/colindres.es\/?post_type=project&#038;p=1856"},"modified":"2018-09-17T05:45:05","modified_gmt":"2018-09-17T05:45:05","slug":"la-cofradia-de-colindres-i","status":"publish","type":"project","link":"https:\/\/www.colindres.es\/index.php\/project\/la-cofradia-de-colindres-i\/","title":{"rendered":"La Cofrad\u00eda de Colindres (I)"},"content":{"rendered":"<p><span style=\"color: #000000;\">Una caracter\u00edstica que singulariza al puerto colindr\u00e9s de las otras villas pescadoras c\u00e1ntabras es la tard\u00eda formaci\u00f3n de su Cofrad\u00eda, que no se materializ\u00f3 hasta finales del siglo XVIII. La constituci\u00f3n de gremios de mareantes en la franja costera perteneciente al Corregimiento de las Cuatro Villas (entidad administrativa que englobaba gran parte de la actual Cantabria) tuvo lugar en dos fases. En la primera, durante la Edad Media, se fundaron las de las villas \u201cmayores\u201d que dieron nombre al Corregimiento (San Vicente, Santander, Laredo y Castro-Urdiales) y que, durante mucho tiempo, monopolizaron las actividades marineras. La segunda fase tuvo lugar durante los siglos modernos, al final de la cual se constituy\u00f3 la Cofrad\u00eda colindresa, con evidente retraso respecto a puertos como Comillas (siglo XVI) o Suances (siglo XVII). <\/span><\/p>\n<p><span style=\"color: #000000;\">La organizaci\u00f3n gremial de los pescadores de estas villas \u201cmenores\u201d respondi\u00f3 a diversos factores. En primer lugar, el modelo que pudieron observar en las Cuatro Villas, donde resultaban evidentes los beneficios que otorgaba a sus mareantes en cuesti\u00f3n de organizaci\u00f3n de sus actividades, protecci\u00f3n de sus oficios, facilitaci\u00f3n de la comercializaci\u00f3n de las capturas, etc. Sumado a ello, result\u00f3 crucial el fin de la jurisdicci\u00f3n exclusiva que las villas principales hab\u00edan disfrutado sobre las aguas del Corregimiento, liberando as\u00ed a los dem\u00e1s puertos del principal obst\u00e1culo que hab\u00edan afrontado para el desarrollo de sus actividades marineras (lo que fue perceptible en el crecimiento econ\u00f3mico que experimentaron a partir de entonces) e independiz\u00e1ndose de las cofrad\u00edas de aquellas para poder organizar gremialmente a sus propias poblaciones de marineros.<\/span><\/p>\n<p><span style=\"color: #000000;\">Otro factor relevante fue el apoyo que los concejos de Comillas, Suances y Colindres prestaron a la organizaci\u00f3n de sus cofrad\u00edas, algo que diferencia su caso de lo ocurrido con las villas medievales. En \u00e9stas sus gremios de mareantes, integrados por la mayor\u00eda del pueblo com\u00fan, mantuvieron siempre un enfrentamiento, latente o abierto, con los \u00f3rganos de gobierno en manos de las oligarqu\u00edas locales. Unas diferencias sociales que se materializaban, en numerosas ocasiones, en la defensa de intereses contrapuestos. En las villas de menor entidad, sin embargo, esos contrastes de clase eran m\u00e1s atenuados, de modo que la organizaci\u00f3n de las gentes de mar no fue recibida por las \u00e9lites, que tambi\u00e9n controlaban los gobiernos locales, como una amenaza para su preponderancia econ\u00f3mica y social.<\/span><\/p>\n<p><span style=\"color: #000000;\">Si estas son las peculiaridades que emparentan a Colindres con las dem\u00e1s villas que gestaron sus cofrad\u00edas a lo largo de la \u00c9poca Moderna, su caso, no obstante, presenta matices propios que lo singularizan; y que explican la notable tardanza con que se organizaron sus mareantes. Unos factores que derivan del fen\u00f3meno hist\u00f3rico que con mayor hondura marc\u00f3 el devenir de la localidad colindresa a partir de 1618: la implantaci\u00f3n en la zona de Falgote de los Reales Astilleros que nutrieron de galeones a la Armada espa\u00f1ola durante un siglo. La relevancia de su actividad ocup\u00f3 en la construcci\u00f3n naval a gran parte de la poblaci\u00f3n colindresa, lo que implic\u00f3 la postergaci\u00f3n de las labores pesqueras y comerciales que tambi\u00e9n les eran propias (como las conservas de pescado exportadas a Castilla a trav\u00e9s del Camino Real); y, en consecuencia, del retraso en la organizaci\u00f3n de los marineros de la villa.<\/span><\/p>\n<p><span style=\"color: #000000;\">Fue ya entrado el siglo XVIII, tras la clausura de la actividad del Astillero Real y una vez que la jurisdicci\u00f3n laredana sobre las aguas de la bah\u00eda se debilit\u00f3, al tiempo que su puerto perd\u00eda operatividad a causa de los dep\u00f3sitos de arena que colmataban su fondo, cuando las labores pesqueras pudieron asentarse y desarrollarse en Colindres. Se organizaron entonces los marineros que a ellas se dedicaban formando un Gremio de Pescadores, en principio de forma t\u00e1cita, sin constataci\u00f3n oficial, document\u00e1ndose su existencia con la aprobaci\u00f3n de sus Ordenanzas en 1783.<\/span><\/p>\n<p><span style=\"color: #000000;\">El caso colindr\u00e9s resulta tanto m\u00e1s singular cuando consideramos que la constituci\u00f3n de su cofrad\u00eda fue tan tard\u00eda que coincidi\u00f3 con los primeros impulsos, en Espa\u00f1a y en Europa, para desmantelar la organizaci\u00f3n corporativa de la econom\u00eda que hab\u00eda caracterizado a las sociedades del Antiguo R\u00e9gimen, y se abr\u00edan paso las ideas de liberalizaci\u00f3n de los mercados para fomentar su crecimiento, desarrollo y productividad. <\/span><\/p>\n<p><span style=\"color: #000000;\">En todo caso, la organizaci\u00f3n de las actividades marineras en Colindres a trav\u00e9s de su reci\u00e9n creada Cofrad\u00eda gener\u00f3 diversos conflictos con los mareantes laredanos. Estos se opon\u00edan a que los colindreses faenaran fuera de sus aguas jurisdiccionales, desplaz\u00e1ndose a las de la villa pejina, por no hallarse matriculados como gente de mar para el servicio de la Armada real, como era preceptivo seg\u00fan las Ordenanzas de \u00e9sta aprobadas en 1751. Una excepci\u00f3n sustentada en el Privilegio de Colindres, carta foral otorgada en 1399 y que les exim\u00eda del r\u00e9gimen general de la matr\u00edcula del mar, sistema de reclutamiento de la Armada. La escalada de este conflicto durante los primeros a\u00f1os del siglo XIX y sus intentos de resoluci\u00f3n los abordaremos en el siguiente cap\u00edtulo.<\/span><\/p>\n<p align=\"right\"><span style=\"color: #000000;\">Yolanda Arce y \u00c1ngel Revuelta<\/span><\/p>\n<p><em>Pie de foto: \u201cDesmallando la pesca\u201d. Fuente: Archivo Carmen Urriola.<\/em><\/p>\n","protected":false},"excerpt":{"rendered":"<p>Una caracter\u00edstica que singulariza al puerto colindr\u00e9s de las otras villas pescadoras c\u00e1ntabras es la tard\u00eda formaci\u00f3n de su Cofrad\u00eda, que no se materializ\u00f3 hasta finales del siglo XVIII. La constituci\u00f3n de gremios de mareantes en la franja costera perteneciente al Corregimiento de las Cuatro Villas (entidad administrativa que englobaba gran parte de la actual [&hellip;]<\/p>\n","protected":false},"author":1,"featured_media":1857,"comment_status":"open","ping_status":"closed","template":"","meta":{"_et_pb_use_builder":"","_et_pb_old_content":"","_et_gb_content_width":"","footnotes":""},"project_category":[],"project_tag":[],"class_list":["post-1856","project","type-project","status-publish","has-post-thumbnail","hentry"],"yoast_head":"<!-- This site is optimized with the Yoast SEO plugin v24.9 - https:\/\/yoast.com\/wordpress\/plugins\/seo\/ -->\n<title>La Cofrad\u00eda de Colindres (I) - Ayuntamiento de Colindres<\/title>\n<meta name=\"robots\" content=\"index, follow, max-snippet:-1, max-image-preview:large, max-video-preview:-1\" \/>\n<link rel=\"canonical\" href=\"https:\/\/www.colindres.es\/index.php\/project\/la-cofradia-de-colindres-i\/\" \/>\n<meta property=\"og:locale\" content=\"es_ES\" \/>\n<meta property=\"og:type\" content=\"article\" \/>\n<meta property=\"og:title\" content=\"La Cofrad\u00eda de Colindres (I) - Ayuntamiento de Colindres\" \/>\n<meta property=\"og:description\" content=\"Una caracter\u00edstica que singulariza al puerto colindr\u00e9s de las otras villas pescadoras c\u00e1ntabras es la tard\u00eda formaci\u00f3n de su Cofrad\u00eda, que no se materializ\u00f3 hasta finales del siglo XVIII. La constituci\u00f3n de gremios de mareantes en la franja costera perteneciente al Corregimiento de las Cuatro Villas (entidad administrativa que englobaba gran parte de la actual [&hellip;]\" \/>\n<meta property=\"og:url\" content=\"https:\/\/www.colindres.es\/index.php\/project\/la-cofradia-de-colindres-i\/\" \/>\n<meta property=\"og:site_name\" content=\"Ayuntamiento de Colindres\" \/>\n<meta property=\"og:image\" content=\"https:\/\/www.colindres.es\/wp-content\/uploads\/2018\/09\/desmallando-la-pesca.jpg\" \/>\n\t<meta property=\"og:image:width\" content=\"1723\" \/>\n\t<meta property=\"og:image:height\" content=\"1188\" \/>\n\t<meta property=\"og:image:type\" content=\"image\/jpeg\" \/>\n<meta name=\"twitter:card\" content=\"summary_large_image\" \/>\n<meta name=\"twitter:label1\" content=\"Tiempo de lectura\" \/>\n\t<meta name=\"twitter:data1\" content=\"5 minutos\" \/>\n<script type=\"application\/ld+json\" class=\"yoast-schema-graph\">{\"@context\":\"https:\/\/schema.org\",\"@graph\":[{\"@type\":\"WebPage\",\"@id\":\"https:\/\/www.colindres.es\/index.php\/project\/la-cofradia-de-colindres-i\/\",\"url\":\"https:\/\/www.colindres.es\/index.php\/project\/la-cofradia-de-colindres-i\/\",\"name\":\"La Cofrad\u00eda de Colindres (I) - Ayuntamiento de Colindres\",\"isPartOf\":{\"@id\":\"https:\/\/www.colindres.es\/#website\"},\"primaryImageOfPage\":{\"@id\":\"https:\/\/www.colindres.es\/index.php\/project\/la-cofradia-de-colindres-i\/#primaryimage\"},\"image\":{\"@id\":\"https:\/\/www.colindres.es\/index.php\/project\/la-cofradia-de-colindres-i\/#primaryimage\"},\"thumbnailUrl\":\"https:\/\/www.colindres.es\/wp-content\/uploads\/2018\/09\/desmallando-la-pesca.jpg\",\"datePublished\":\"2018-09-17T05:45:05+00:00\",\"breadcrumb\":{\"@id\":\"https:\/\/www.colindres.es\/index.php\/project\/la-cofradia-de-colindres-i\/#breadcrumb\"},\"inLanguage\":\"es\",\"potentialAction\":[{\"@type\":\"ReadAction\",\"target\":[\"https:\/\/www.colindres.es\/index.php\/project\/la-cofradia-de-colindres-i\/\"]}]},{\"@type\":\"ImageObject\",\"inLanguage\":\"es\",\"@id\":\"https:\/\/www.colindres.es\/index.php\/project\/la-cofradia-de-colindres-i\/#primaryimage\",\"url\":\"https:\/\/www.colindres.es\/wp-content\/uploads\/2018\/09\/desmallando-la-pesca.jpg\",\"contentUrl\":\"https:\/\/www.colindres.es\/wp-content\/uploads\/2018\/09\/desmallando-la-pesca.jpg\",\"width\":1723,\"height\":1188},{\"@type\":\"BreadcrumbList\",\"@id\":\"https:\/\/www.colindres.es\/index.php\/project\/la-cofradia-de-colindres-i\/#breadcrumb\",\"itemListElement\":[{\"@type\":\"ListItem\",\"position\":1,\"name\":\"Portada\",\"item\":\"https:\/\/www.colindres.es\/\"},{\"@type\":\"ListItem\",\"position\":2,\"name\":\"Proyectos\",\"item\":\"https:\/\/www.colindres.es\/index.php\/project\/\"},{\"@type\":\"ListItem\",\"position\":3,\"name\":\"La Cofrad\u00eda de Colindres (I)\"}]},{\"@type\":\"WebSite\",\"@id\":\"https:\/\/www.colindres.es\/#website\",\"url\":\"https:\/\/www.colindres.es\/\",\"name\":\"Ayuntamiento de Colindres\",\"description\":\"Dise\u00f1ado por NTIC&#039;s\",\"publisher\":{\"@id\":\"https:\/\/www.colindres.es\/#organization\"},\"potentialAction\":[{\"@type\":\"SearchAction\",\"target\":{\"@type\":\"EntryPoint\",\"urlTemplate\":\"https:\/\/www.colindres.es\/?s={search_term_string}\"},\"query-input\":{\"@type\":\"PropertyValueSpecification\",\"valueRequired\":true,\"valueName\":\"search_term_string\"}}],\"inLanguage\":\"es\"},{\"@type\":\"Organization\",\"@id\":\"https:\/\/www.colindres.es\/#organization\",\"name\":\"AYUNTAMIENTO DE COLINDRES\",\"url\":\"https:\/\/www.colindres.es\/\",\"logo\":{\"@type\":\"ImageObject\",\"inLanguage\":\"es\",\"@id\":\"https:\/\/www.colindres.es\/#\/schema\/logo\/image\/\",\"url\":\"https:\/\/www.colindres.es\/wp-content\/uploads\/2017\/01\/LOGO-PRINCIPAL.jpg\",\"contentUrl\":\"https:\/\/www.colindres.es\/wp-content\/uploads\/2017\/01\/LOGO-PRINCIPAL.jpg\",\"width\":1209,\"height\":579,\"caption\":\"AYUNTAMIENTO DE COLINDRES\"},\"image\":{\"@id\":\"https:\/\/www.colindres.es\/#\/schema\/logo\/image\/\"}}]}<\/script>\n<!-- \/ Yoast SEO plugin. -->","yoast_head_json":{"title":"La Cofrad\u00eda de Colindres (I) - Ayuntamiento de Colindres","robots":{"index":"index","follow":"follow","max-snippet":"max-snippet:-1","max-image-preview":"max-image-preview:large","max-video-preview":"max-video-preview:-1"},"canonical":"https:\/\/www.colindres.es\/index.php\/project\/la-cofradia-de-colindres-i\/","og_locale":"es_ES","og_type":"article","og_title":"La Cofrad\u00eda de Colindres (I) - Ayuntamiento de Colindres","og_description":"Una caracter\u00edstica que singulariza al puerto colindr\u00e9s de las otras villas pescadoras c\u00e1ntabras es la tard\u00eda formaci\u00f3n de su Cofrad\u00eda, que no se materializ\u00f3 hasta finales del siglo XVIII. La constituci\u00f3n de gremios de mareantes en la franja costera perteneciente al Corregimiento de las Cuatro Villas (entidad administrativa que englobaba gran parte de la actual [&hellip;]","og_url":"https:\/\/www.colindres.es\/index.php\/project\/la-cofradia-de-colindres-i\/","og_site_name":"Ayuntamiento de Colindres","og_image":[{"width":1723,"height":1188,"url":"https:\/\/www.colindres.es\/wp-content\/uploads\/2018\/09\/desmallando-la-pesca.jpg","type":"image\/jpeg"}],"twitter_card":"summary_large_image","twitter_misc":{"Tiempo de lectura":"5 minutos"},"schema":{"@context":"https:\/\/schema.org","@graph":[{"@type":"WebPage","@id":"https:\/\/www.colindres.es\/index.php\/project\/la-cofradia-de-colindres-i\/","url":"https:\/\/www.colindres.es\/index.php\/project\/la-cofradia-de-colindres-i\/","name":"La Cofrad\u00eda de Colindres (I) - Ayuntamiento de Colindres","isPartOf":{"@id":"https:\/\/www.colindres.es\/#website"},"primaryImageOfPage":{"@id":"https:\/\/www.colindres.es\/index.php\/project\/la-cofradia-de-colindres-i\/#primaryimage"},"image":{"@id":"https:\/\/www.colindres.es\/index.php\/project\/la-cofradia-de-colindres-i\/#primaryimage"},"thumbnailUrl":"https:\/\/www.colindres.es\/wp-content\/uploads\/2018\/09\/desmallando-la-pesca.jpg","datePublished":"2018-09-17T05:45:05+00:00","breadcrumb":{"@id":"https:\/\/www.colindres.es\/index.php\/project\/la-cofradia-de-colindres-i\/#breadcrumb"},"inLanguage":"es","potentialAction":[{"@type":"ReadAction","target":["https:\/\/www.colindres.es\/index.php\/project\/la-cofradia-de-colindres-i\/"]}]},{"@type":"ImageObject","inLanguage":"es","@id":"https:\/\/www.colindres.es\/index.php\/project\/la-cofradia-de-colindres-i\/#primaryimage","url":"https:\/\/www.colindres.es\/wp-content\/uploads\/2018\/09\/desmallando-la-pesca.jpg","contentUrl":"https:\/\/www.colindres.es\/wp-content\/uploads\/2018\/09\/desmallando-la-pesca.jpg","width":1723,"height":1188},{"@type":"BreadcrumbList","@id":"https:\/\/www.colindres.es\/index.php\/project\/la-cofradia-de-colindres-i\/#breadcrumb","itemListElement":[{"@type":"ListItem","position":1,"name":"Portada","item":"https:\/\/www.colindres.es\/"},{"@type":"ListItem","position":2,"name":"Proyectos","item":"https:\/\/www.colindres.es\/index.php\/project\/"},{"@type":"ListItem","position":3,"name":"La Cofrad\u00eda de Colindres (I)"}]},{"@type":"WebSite","@id":"https:\/\/www.colindres.es\/#website","url":"https:\/\/www.colindres.es\/","name":"Ayuntamiento de Colindres","description":"Dise\u00f1ado por NTIC&#039;s","publisher":{"@id":"https:\/\/www.colindres.es\/#organization"},"potentialAction":[{"@type":"SearchAction","target":{"@type":"EntryPoint","urlTemplate":"https:\/\/www.colindres.es\/?s={search_term_string}"},"query-input":{"@type":"PropertyValueSpecification","valueRequired":true,"valueName":"search_term_string"}}],"inLanguage":"es"},{"@type":"Organization","@id":"https:\/\/www.colindres.es\/#organization","name":"AYUNTAMIENTO DE COLINDRES","url":"https:\/\/www.colindres.es\/","logo":{"@type":"ImageObject","inLanguage":"es","@id":"https:\/\/www.colindres.es\/#\/schema\/logo\/image\/","url":"https:\/\/www.colindres.es\/wp-content\/uploads\/2017\/01\/LOGO-PRINCIPAL.jpg","contentUrl":"https:\/\/www.colindres.es\/wp-content\/uploads\/2017\/01\/LOGO-PRINCIPAL.jpg","width":1209,"height":579,"caption":"AYUNTAMIENTO DE COLINDRES"},"image":{"@id":"https:\/\/www.colindres.es\/#\/schema\/logo\/image\/"}}]}},"_links":{"self":[{"href":"https:\/\/www.colindres.es\/index.php\/wp-json\/wp\/v2\/project\/1856","targetHints":{"allow":["GET"]}}],"collection":[{"href":"https:\/\/www.colindres.es\/index.php\/wp-json\/wp\/v2\/project"}],"about":[{"href":"https:\/\/www.colindres.es\/index.php\/wp-json\/wp\/v2\/types\/project"}],"author":[{"embeddable":true,"href":"https:\/\/www.colindres.es\/index.php\/wp-json\/wp\/v2\/users\/1"}],"replies":[{"embeddable":true,"href":"https:\/\/www.colindres.es\/index.php\/wp-json\/wp\/v2\/comments?post=1856"}],"version-history":[{"count":1,"href":"https:\/\/www.colindres.es\/index.php\/wp-json\/wp\/v2\/project\/1856\/revisions"}],"predecessor-version":[{"id":1858,"href":"https:\/\/www.colindres.es\/index.php\/wp-json\/wp\/v2\/project\/1856\/revisions\/1858"}],"wp:featuredmedia":[{"embeddable":true,"href":"https:\/\/www.colindres.es\/index.php\/wp-json\/wp\/v2\/media\/1857"}],"wp:attachment":[{"href":"https:\/\/www.colindres.es\/index.php\/wp-json\/wp\/v2\/media?parent=1856"}],"wp:term":[{"taxonomy":"project_category","embeddable":true,"href":"https:\/\/www.colindres.es\/index.php\/wp-json\/wp\/v2\/project_category?post=1856"},{"taxonomy":"project_tag","embeddable":true,"href":"https:\/\/www.colindres.es\/index.php\/wp-json\/wp\/v2\/project_tag?post=1856"}],"curies":[{"name":"wp","href":"https:\/\/api.w.org\/{rel}","templated":true}]}}