{"id":18423,"date":"2025-12-14T19:05:34","date_gmt":"2025-12-14T18:05:34","guid":{"rendered":"https:\/\/www.colindres.es\/?post_type=project&#038;p=18423"},"modified":"2025-12-14T19:05:34","modified_gmt":"2025-12-14T18:05:34","slug":"colindres-presenta-su-programacion-navidena-3","status":"publish","type":"project","link":"https:\/\/www.colindres.es\/index.php\/project\/colindres-presenta-su-programacion-navidena-3\/","title":{"rendered":"COLINDRES PRESENTA SU PROGRAMACI\u00d3N NAVIDE\u00d1A"},"content":{"rendered":"<p>Actividades para todas las edades entre las que destacan una nueva edici\u00f3n del \u201cChristmas Park\u201d, la fiesta NaviBoom para los m\u00e1s peque\u00f1os y propuestas para j\u00f3venes<br \/>\nEl Ayuntamiento de Colindres, con la colaboraci\u00f3n de distintos colectivos del municipio y asociaciones locales, ha preparado una completa programaci\u00f3n de actividades infantiles, juveniles y familiares para que vecinos, vecinas y visitantes puedan disfrutar de la Navidad en el municipio.<br \/>\nLa programaci\u00f3n comienza ma\u00f1ana viernes con la actuaci\u00f3n del Coro Maristerra en la Iglesia del Carmen a las 19.30 horas. Esta cita dar\u00e1 el pistoletazo de salida a \u201cun programa muy completo, pensado para todo tipo de p\u00fablico y que incluye m\u00fasica, magia, baile, exhibiciones, deporte y, por supuesto, la tradicional Cabalgata de Reyes\u201d. Javier Incera, alcalde de Colindres, explicaba que \u201cde hecho, desde hoy mismo ya est\u00e1 instalada y abierta al p\u00fablico la tradicional pista de hielo, ubicada en la Plaza de San Gin\u00e9s y de la que se podr\u00e1 disfrutar hasta el d\u00eda de Reyes. Otra de las apuestas que no pueden faltar en la programaci\u00f3n navide\u00f1a, el Christmas Park, abrir\u00e1 sus puertas el pr\u00f3ximo 26 de diciembre en el polideportivo del Colegio Fray Pablo y all\u00ed los m\u00e1s peque\u00f1os podr\u00e1n participar en talleres, juegos y espect\u00e1culos de todo tipo y atracciones como karts o hinchables\u201d.<br \/>\nAs\u00ed lo ha destacado el alcalde, que tambi\u00e9n apuntaba que \u201clas actividades est\u00e1n dirigidas a un amplio abanico de p\u00fablico y esperamos que esta programaci\u00f3n navide\u00f1a sirva para que los vecinos y vecinas y tambi\u00e9n quienes nos visiten puedan disfrutar de cualquiera de las actividades, dinamizando as\u00ed el comercio y la hosteler\u00eda de Colindres\u201d.<br \/>\nEl s\u00e1bado, 13 de diciembre, se celebrar\u00e1 la tercera jornada de la Liga escolar Alev\u00edn de Nataci\u00f3n, que se desarrollar\u00e1 a partir de las 10.15 horas y que est\u00e1 organizada por le Federaci\u00f3n C\u00e1ntabra. Un poco m\u00e1s tarde, a las 11.00 horas, se desarrollar\u00e1 la segunda regata de banco M\u00f3vil del calendario federativo de Remo.<br \/>\nPor la tarde, la m\u00fasica toma el protagonismo con las actuaciones de los alumnos de viol\u00edn de Elena Smith y la actuaci\u00f3n musical de la Iglesia Evang\u00e9lica las 19 y 20.30 horas respectivamente, en la Casa de Cultura.<br \/>\nEl domingo, d\u00eda 14, el ciclo de magia \u201cOriente M\u00e1gico\u201d arranca con la \u201cGala de la Magia Familiar\u201d a cargo del mentalista Alejandro Revuelta en la Casa de Cultura a las 18.30 horas. A este espect\u00e1culo se suman otros dos con entrada libre que tendr\u00e1n lugar el 2 y el 3 de enero. El primero de ellos, en la casa de la juventud a cargo de Iv\u00e1n Geenr y el segundo a cargo del Mago Cliff.<br \/>\nAntes de ello, durante la ma\u00f1ana, tendr\u00e1 lugar la segunda edici\u00f3n de Nada \u2013 Corre. Una prueba deportiva organizada por la Escuela de Triatl\u00f3n de Colindres que se desarrollar\u00e1 en la piscina municipal y las pistas de atletismo.<br \/>\nEl siguiente viernes, d\u00eda 19, se celebrar\u00e1 el Festival de Navidad de los alumnos de Viol\u00edn y Guitarra de la Escuela de M\u00fasica a las 18.30 horas en la Casa de Cultura y el de la Academia Estrymens en el CEIP Fray Pablo a las 20.30h.<br \/>\nNo puede faltar en la programaci\u00f3n navide\u00f1a la tradicional Biciclaus que se desarrollar\u00e1 el s\u00e1bado, d\u00eda 20, organizada por APYMECO y con salida desde la Plaza de la Constituci\u00f3n a medio d\u00eda.<br \/>\nSer\u00e1 un d\u00eda muy deportivo ya que a las 16.00 horas se disputar\u00e1 la tercera Regata de Banco M\u00f3vil organizada por la Federaci\u00f3n C\u00e1ntabra y a partir de las 18.00 h. Festival Navide\u00f1o de la Acadwmia World Dance en el pabell\u00f3n del Colegio Fray Pablo. La tarde terminar\u00e1 con chocolatada y \u201cM\u00fasica de Siempre\u201d para los m\u00e1s mayores en el Centro Social La Calzada a las 18.30h.<br \/>\nEl domingo 21, los ni\u00f1os y ni\u00f1as de la catequesis nos deleitar\u00e1n con un festival de villancicos a partir de las 17.00 horas en la Iglesia del Carmen y, a partir de las 19.00 horas, tendr\u00e1 lugar el Festival navide\u00f1o del Gimnasio Trans World Gym, en el Polideportivo 1.<br \/>\nDurante la siguiente semana la actividad se incrementa y comenzar\u00e1 con un concierto en el auditorio de la Casa de Cultura el lunes 22, de los alumnos de Piano y Lenguaje Musical de la Escuela de M\u00fasica y el s\u00e1bado 27 se podr\u00e1 disfrutar de la actuaci\u00f3n del grupo de ballet flamenco \u201cDuende y Sal\u201d a las 19.30 horas.<br \/>\nEn el Centro Social La Calzada se ha organizado un bingo para la tarde del martes, d\u00eda 23 y, pensando en el mismo p\u00fablico, el d\u00eda 4 de enero, se celebrar\u00e1 una fiesta cotill\u00f3n de Reyes.<br \/>\nPara los j\u00f3venes se ha confeccionado una programaci\u00f3n espec\u00edfica que incluye actividades muy variadas actividades organizadas por la Casa de la Juventud. La primera de ellas tendr\u00e1 lugar el d\u00eda 23, bajo el nombre \u201cStranger Colindres Navidad\u201d: un juego de misterio basado en el cl\u00e1sico Cluedo e inspirado en la famosa serie Stranger Things. Adem\u00e1s, tambi\u00e9n disfrutar\u00e1n de talleres de cocina, torneos de videojuegos, , una tarde de magia, patinaje sobre hielo e, incluso, una salida a una bolera americana.<br \/>\nEntre las actividades pensadas espec\u00edficamente para el p\u00fablico infantil se ha organizado una \u201cGran fiesta NaviBoom\u201d el viernes, 2 de enero, en la Plaza de la Esperanza, donde la magia, la diversi\u00f3n y las sorpresas ser\u00e1n los protagonistas y donde se podr\u00e1n entregar las cartas a los Pajes Reales.<br \/>\nEl d\u00eda m\u00e1s esperado por los peque\u00f1os, el 5 de enero, sus Majestades partir\u00e1n a las 18.00 horas desde la Alameda del Ayuntamiento en la tradicional Cabalgata de Reyes. La recepci\u00f3n a todos los ni\u00f1os y ni\u00f1as se realizar\u00e1 en la Iglesia del Carmen.<br \/>\nPor otra parte, para ambientar las calles de Colindres, el d\u00eda 26, durante la tarde, villancicos a cargo del Coro Juvenil Aila que, un a\u00f1o m\u00e1s, har\u00e1n una ronda musical por el municipio.<br \/>\nAdem\u00e1s, en Colindres tambi\u00e9n existe la posibilidad de visitar dos espectaculares nacimientos instalados en la Iglesia del Carmen y en la Iglesia de San Juan. El primero de ellos se puede visitar todos los d\u00edas de 17.00 A 19.00 horas y el segundo de lunes, a s\u00e1bado de 16.00 a 18.00 y los domingos y festivos de 11.30 a 12.30 horas.<br \/>\nY despu\u00e9s de los d\u00edas de fiesta, el d\u00eda 11 de enero, se realizar\u00e1 el sorteo de Reyes de Apymeco en la Casa de Cultura y tambi\u00e9n tendr\u00e1 lugar el Cross Villa de Colindres, organizado por el Club de Atletismo; la cita es tambi\u00e9n Campeonato Regional Absoluto y comenzar\u00e1 a las 10.00 h de la ma\u00f1ana en el parque del Riego.<\/p>\n<p><img loading=\"lazy\" decoding=\"async\" class=\"alignnone size-medium wp-image-18424\" src=\"https:\/\/www.colindres.es\/wp-content\/uploads\/2025\/12\/thumbnail-1-300x212.jpg\" alt=\"\" width=\"300\" height=\"212\" \/><\/p>\n<p>&nbsp;<\/p>\n<p>&nbsp;<\/p>\n","protected":false},"excerpt":{"rendered":"<p>Actividades para todas las edades entre las que destacan una nueva edici\u00f3n del \u201cChristmas Park\u201d, la fiesta NaviBoom para los m\u00e1s peque\u00f1os y propuestas para j\u00f3venes El Ayuntamiento de Colindres, con la colaboraci\u00f3n de distintos colectivos del municipio y asociaciones locales, ha preparado una completa programaci\u00f3n de actividades infantiles, juveniles y familiares para que vecinos, [&hellip;]<\/p>\n","protected":false},"author":1,"featured_media":18425,"comment_status":"open","ping_status":"closed","template":"","meta":{"_et_pb_use_builder":"","_et_pb_old_content":"","_et_gb_content_width":"","footnotes":""},"project_category":[6],"project_tag":[],"class_list":["post-18423","project","type-project","status-publish","has-post-thumbnail","hentry","project_category-noticias"],"yoast_head":"<!-- This site is optimized with the Yoast SEO plugin v24.9 - https:\/\/yoast.com\/wordpress\/plugins\/seo\/ -->\n<title>COLINDRES PRESENTA SU PROGRAMACI\u00d3N NAVIDE\u00d1A - Ayuntamiento de Colindres<\/title>\n<meta name=\"robots\" content=\"index, follow, max-snippet:-1, max-image-preview:large, max-video-preview:-1\" \/>\n<link rel=\"canonical\" href=\"https:\/\/www.colindres.es\/index.php\/project\/colindres-presenta-su-programacion-navidena-3\/\" \/>\n<meta property=\"og:locale\" content=\"es_ES\" \/>\n<meta property=\"og:type\" content=\"article\" \/>\n<meta property=\"og:title\" content=\"COLINDRES PRESENTA SU PROGRAMACI\u00d3N NAVIDE\u00d1A - Ayuntamiento de Colindres\" \/>\n<meta property=\"og:description\" content=\"Actividades para todas las edades entre las que destacan una nueva edici\u00f3n del \u201cChristmas Park\u201d, la fiesta NaviBoom para los m\u00e1s peque\u00f1os y propuestas para j\u00f3venes El Ayuntamiento de Colindres, con la colaboraci\u00f3n de distintos colectivos del municipio y asociaciones locales, ha preparado una completa programaci\u00f3n de actividades infantiles, juveniles y familiares para que vecinos, [&hellip;]\" \/>\n<meta property=\"og:url\" content=\"https:\/\/www.colindres.es\/index.php\/project\/colindres-presenta-su-programacion-navidena-3\/\" \/>\n<meta property=\"og:site_name\" content=\"Ayuntamiento de Colindres\" \/>\n<meta property=\"og:image\" content=\"https:\/\/www.colindres.es\/wp-content\/uploads\/2025\/12\/thumbnail.jpg\" \/>\n\t<meta property=\"og:image:width\" content=\"1080\" \/>\n\t<meta property=\"og:image:height\" content=\"769\" \/>\n\t<meta property=\"og:image:type\" content=\"image\/jpeg\" \/>\n<meta name=\"twitter:card\" content=\"summary_large_image\" \/>\n<meta name=\"twitter:label1\" content=\"Tiempo de lectura\" \/>\n\t<meta name=\"twitter:data1\" content=\"6 minutos\" \/>\n<script type=\"application\/ld+json\" class=\"yoast-schema-graph\">{\"@context\":\"https:\/\/schema.org\",\"@graph\":[{\"@type\":\"WebPage\",\"@id\":\"https:\/\/www.colindres.es\/index.php\/project\/colindres-presenta-su-programacion-navidena-3\/\",\"url\":\"https:\/\/www.colindres.es\/index.php\/project\/colindres-presenta-su-programacion-navidena-3\/\",\"name\":\"COLINDRES PRESENTA SU PROGRAMACI\u00d3N NAVIDE\u00d1A - Ayuntamiento de Colindres\",\"isPartOf\":{\"@id\":\"https:\/\/www.colindres.es\/#website\"},\"primaryImageOfPage\":{\"@id\":\"https:\/\/www.colindres.es\/index.php\/project\/colindres-presenta-su-programacion-navidena-3\/#primaryimage\"},\"image\":{\"@id\":\"https:\/\/www.colindres.es\/index.php\/project\/colindres-presenta-su-programacion-navidena-3\/#primaryimage\"},\"thumbnailUrl\":\"https:\/\/www.colindres.es\/wp-content\/uploads\/2025\/12\/thumbnail.jpg\",\"datePublished\":\"2025-12-14T18:05:34+00:00\",\"breadcrumb\":{\"@id\":\"https:\/\/www.colindres.es\/index.php\/project\/colindres-presenta-su-programacion-navidena-3\/#breadcrumb\"},\"inLanguage\":\"es\",\"potentialAction\":[{\"@type\":\"ReadAction\",\"target\":[\"https:\/\/www.colindres.es\/index.php\/project\/colindres-presenta-su-programacion-navidena-3\/\"]}]},{\"@type\":\"ImageObject\",\"inLanguage\":\"es\",\"@id\":\"https:\/\/www.colindres.es\/index.php\/project\/colindres-presenta-su-programacion-navidena-3\/#primaryimage\",\"url\":\"https:\/\/www.colindres.es\/wp-content\/uploads\/2025\/12\/thumbnail.jpg\",\"contentUrl\":\"https:\/\/www.colindres.es\/wp-content\/uploads\/2025\/12\/thumbnail.jpg\",\"width\":1080,\"height\":769},{\"@type\":\"BreadcrumbList\",\"@id\":\"https:\/\/www.colindres.es\/index.php\/project\/colindres-presenta-su-programacion-navidena-3\/#breadcrumb\",\"itemListElement\":[{\"@type\":\"ListItem\",\"position\":1,\"name\":\"Portada\",\"item\":\"https:\/\/www.colindres.es\/\"},{\"@type\":\"ListItem\",\"position\":2,\"name\":\"Proyectos\",\"item\":\"https:\/\/www.colindres.es\/index.php\/project\/\"},{\"@type\":\"ListItem\",\"position\":3,\"name\":\"COLINDRES PRESENTA SU PROGRAMACI\u00d3N NAVIDE\u00d1A\"}]},{\"@type\":\"WebSite\",\"@id\":\"https:\/\/www.colindres.es\/#website\",\"url\":\"https:\/\/www.colindres.es\/\",\"name\":\"Ayuntamiento de Colindres\",\"description\":\"Dise\u00f1ado por NTIC&#039;s\",\"publisher\":{\"@id\":\"https:\/\/www.colindres.es\/#organization\"},\"potentialAction\":[{\"@type\":\"SearchAction\",\"target\":{\"@type\":\"EntryPoint\",\"urlTemplate\":\"https:\/\/www.colindres.es\/?s={search_term_string}\"},\"query-input\":{\"@type\":\"PropertyValueSpecification\",\"valueRequired\":true,\"valueName\":\"search_term_string\"}}],\"inLanguage\":\"es\"},{\"@type\":\"Organization\",\"@id\":\"https:\/\/www.colindres.es\/#organization\",\"name\":\"AYUNTAMIENTO DE COLINDRES\",\"url\":\"https:\/\/www.colindres.es\/\",\"logo\":{\"@type\":\"ImageObject\",\"inLanguage\":\"es\",\"@id\":\"https:\/\/www.colindres.es\/#\/schema\/logo\/image\/\",\"url\":\"https:\/\/www.colindres.es\/wp-content\/uploads\/2017\/01\/LOGO-PRINCIPAL.jpg\",\"contentUrl\":\"https:\/\/www.colindres.es\/wp-content\/uploads\/2017\/01\/LOGO-PRINCIPAL.jpg\",\"width\":1209,\"height\":579,\"caption\":\"AYUNTAMIENTO DE COLINDRES\"},\"image\":{\"@id\":\"https:\/\/www.colindres.es\/#\/schema\/logo\/image\/\"}}]}<\/script>\n<!-- \/ Yoast SEO plugin. -->","yoast_head_json":{"title":"COLINDRES PRESENTA SU PROGRAMACI\u00d3N NAVIDE\u00d1A - Ayuntamiento de Colindres","robots":{"index":"index","follow":"follow","max-snippet":"max-snippet:-1","max-image-preview":"max-image-preview:large","max-video-preview":"max-video-preview:-1"},"canonical":"https:\/\/www.colindres.es\/index.php\/project\/colindres-presenta-su-programacion-navidena-3\/","og_locale":"es_ES","og_type":"article","og_title":"COLINDRES PRESENTA SU PROGRAMACI\u00d3N NAVIDE\u00d1A - Ayuntamiento de Colindres","og_description":"Actividades para todas las edades entre las que destacan una nueva edici\u00f3n del \u201cChristmas Park\u201d, la fiesta NaviBoom para los m\u00e1s peque\u00f1os y propuestas para j\u00f3venes El Ayuntamiento de Colindres, con la colaboraci\u00f3n de distintos colectivos del municipio y asociaciones locales, ha preparado una completa programaci\u00f3n de actividades infantiles, juveniles y familiares para que vecinos, [&hellip;]","og_url":"https:\/\/www.colindres.es\/index.php\/project\/colindres-presenta-su-programacion-navidena-3\/","og_site_name":"Ayuntamiento de Colindres","og_image":[{"width":1080,"height":769,"url":"https:\/\/www.colindres.es\/wp-content\/uploads\/2025\/12\/thumbnail.jpg","type":"image\/jpeg"}],"twitter_card":"summary_large_image","twitter_misc":{"Tiempo de lectura":"6 minutos"},"schema":{"@context":"https:\/\/schema.org","@graph":[{"@type":"WebPage","@id":"https:\/\/www.colindres.es\/index.php\/project\/colindres-presenta-su-programacion-navidena-3\/","url":"https:\/\/www.colindres.es\/index.php\/project\/colindres-presenta-su-programacion-navidena-3\/","name":"COLINDRES PRESENTA SU PROGRAMACI\u00d3N NAVIDE\u00d1A - Ayuntamiento de Colindres","isPartOf":{"@id":"https:\/\/www.colindres.es\/#website"},"primaryImageOfPage":{"@id":"https:\/\/www.colindres.es\/index.php\/project\/colindres-presenta-su-programacion-navidena-3\/#primaryimage"},"image":{"@id":"https:\/\/www.colindres.es\/index.php\/project\/colindres-presenta-su-programacion-navidena-3\/#primaryimage"},"thumbnailUrl":"https:\/\/www.colindres.es\/wp-content\/uploads\/2025\/12\/thumbnail.jpg","datePublished":"2025-12-14T18:05:34+00:00","breadcrumb":{"@id":"https:\/\/www.colindres.es\/index.php\/project\/colindres-presenta-su-programacion-navidena-3\/#breadcrumb"},"inLanguage":"es","potentialAction":[{"@type":"ReadAction","target":["https:\/\/www.colindres.es\/index.php\/project\/colindres-presenta-su-programacion-navidena-3\/"]}]},{"@type":"ImageObject","inLanguage":"es","@id":"https:\/\/www.colindres.es\/index.php\/project\/colindres-presenta-su-programacion-navidena-3\/#primaryimage","url":"https:\/\/www.colindres.es\/wp-content\/uploads\/2025\/12\/thumbnail.jpg","contentUrl":"https:\/\/www.colindres.es\/wp-content\/uploads\/2025\/12\/thumbnail.jpg","width":1080,"height":769},{"@type":"BreadcrumbList","@id":"https:\/\/www.colindres.es\/index.php\/project\/colindres-presenta-su-programacion-navidena-3\/#breadcrumb","itemListElement":[{"@type":"ListItem","position":1,"name":"Portada","item":"https:\/\/www.colindres.es\/"},{"@type":"ListItem","position":2,"name":"Proyectos","item":"https:\/\/www.colindres.es\/index.php\/project\/"},{"@type":"ListItem","position":3,"name":"COLINDRES PRESENTA SU PROGRAMACI\u00d3N NAVIDE\u00d1A"}]},{"@type":"WebSite","@id":"https:\/\/www.colindres.es\/#website","url":"https:\/\/www.colindres.es\/","name":"Ayuntamiento de Colindres","description":"Dise\u00f1ado por NTIC&#039;s","publisher":{"@id":"https:\/\/www.colindres.es\/#organization"},"potentialAction":[{"@type":"SearchAction","target":{"@type":"EntryPoint","urlTemplate":"https:\/\/www.colindres.es\/?s={search_term_string}"},"query-input":{"@type":"PropertyValueSpecification","valueRequired":true,"valueName":"search_term_string"}}],"inLanguage":"es"},{"@type":"Organization","@id":"https:\/\/www.colindres.es\/#organization","name":"AYUNTAMIENTO DE COLINDRES","url":"https:\/\/www.colindres.es\/","logo":{"@type":"ImageObject","inLanguage":"es","@id":"https:\/\/www.colindres.es\/#\/schema\/logo\/image\/","url":"https:\/\/www.colindres.es\/wp-content\/uploads\/2017\/01\/LOGO-PRINCIPAL.jpg","contentUrl":"https:\/\/www.colindres.es\/wp-content\/uploads\/2017\/01\/LOGO-PRINCIPAL.jpg","width":1209,"height":579,"caption":"AYUNTAMIENTO DE COLINDRES"},"image":{"@id":"https:\/\/www.colindres.es\/#\/schema\/logo\/image\/"}}]}},"_links":{"self":[{"href":"https:\/\/www.colindres.es\/index.php\/wp-json\/wp\/v2\/project\/18423","targetHints":{"allow":["GET"]}}],"collection":[{"href":"https:\/\/www.colindres.es\/index.php\/wp-json\/wp\/v2\/project"}],"about":[{"href":"https:\/\/www.colindres.es\/index.php\/wp-json\/wp\/v2\/types\/project"}],"author":[{"embeddable":true,"href":"https:\/\/www.colindres.es\/index.php\/wp-json\/wp\/v2\/users\/1"}],"replies":[{"embeddable":true,"href":"https:\/\/www.colindres.es\/index.php\/wp-json\/wp\/v2\/comments?post=18423"}],"version-history":[{"count":1,"href":"https:\/\/www.colindres.es\/index.php\/wp-json\/wp\/v2\/project\/18423\/revisions"}],"predecessor-version":[{"id":18426,"href":"https:\/\/www.colindres.es\/index.php\/wp-json\/wp\/v2\/project\/18423\/revisions\/18426"}],"wp:featuredmedia":[{"embeddable":true,"href":"https:\/\/www.colindres.es\/index.php\/wp-json\/wp\/v2\/media\/18425"}],"wp:attachment":[{"href":"https:\/\/www.colindres.es\/index.php\/wp-json\/wp\/v2\/media?parent=18423"}],"wp:term":[{"taxonomy":"project_category","embeddable":true,"href":"https:\/\/www.colindres.es\/index.php\/wp-json\/wp\/v2\/project_category?post=18423"},{"taxonomy":"project_tag","embeddable":true,"href":"https:\/\/www.colindres.es\/index.php\/wp-json\/wp\/v2\/project_tag?post=18423"}],"curies":[{"name":"wp","href":"https:\/\/api.w.org\/{rel}","templated":true}]}}