{"id":18420,"date":"2025-12-09T11:28:59","date_gmt":"2025-12-09T10:28:59","guid":{"rendered":"https:\/\/www.colindres.es\/?post_type=project&#038;p=18420"},"modified":"2025-12-09T11:28:59","modified_gmt":"2025-12-09T10:28:59","slug":"colindres-acoge-una-nueva-edicion-del-oriente-magico","status":"publish","type":"project","link":"https:\/\/www.colindres.es\/index.php\/project\/colindres-acoge-una-nueva-edicion-del-oriente-magico\/","title":{"rendered":"Colindres acoge una nueva edici\u00f3n del Oriente M\u00e1gico."},"content":{"rendered":"<p><em>Magia e ilusionismo de la mano del mentalista colindr\u00e9s Alejando Revuelta<\/em><\/p>\n<p>Las Jornadas de Magia e Ilusionismo de Cantabria Oriental que coordina Alejandro Revuelta llegan por segundo a\u00f1o consecutivo a Colindres.<\/p>\n<p>El \u00e9xito de 2024 volver\u00e1 a revivirse con un ciclo de tres paradas en el municipio. La primera de ellas, una gala destinada a p\u00fablico familiar el domingo 14 de diciembre, a las 18:30, en el Auditorio de la Casa de Cultura de Colindres. La cita contar\u00e1 con las actuaciones de \u201cKayto\u201d, uno de los mejores magos infantiles del mundo; \u201cLuki Magic\u201d, una de las j\u00f3venes promesas de la magia de Cantabria, y \u201cJon Zabal\u201d, uno de los mentalistas con mayor renombre del panorama nacional. Bajo la direcci\u00f3n y participaci\u00f3n del mago, mentalista y escritor colindr\u00e9s, Alejandro Revuelta.<\/p>\n<p>La entrada a este espect\u00e1culo tendr\u00e1 un coste de 12 euros por persona en la taquilla f\u00edsica, que se abrir\u00e1 horas antes del comienzo de la funci\u00f3n y un coste de 10 euros para aquellos que se hagan con su entrada a trav\u00e9s de giglon.com o compr\u00e1ndola en \u201cEl Paladar\u201d de Colindres.<\/p>\n<p>El viernes, d\u00eda 2 de enero, Iv\u00e1n Gener, joven mago c\u00e1ntabro, realizar\u00e1 un evento enfocado a nuestros j\u00f3venes y adolescentes, en la Casa de la Juventud, para atraerles al mundo de la magia con un enfoque adaptado a sus gustos y a las actividades que de manera frecuente se despliegan desde este espacio. Este evento ser\u00e1 de entrada libre.<\/p>\n<p>Finalmente, el s\u00e1bado 3 de enero, el brit\u00e1nico \u201cel mago Cliff\u201d, traer\u00e1 al Auditorio de la Casa de Cultura, a las 20:00 horas. Un espect\u00e1culo pedag\u00f3gico enfocado hacia los peque\u00f1os del municipio que transmitir\u00e1 la importancia de la adquisici\u00f3n de valores educacionales a trav\u00e9s de la magia, los idiomas y la diversi\u00f3n. Este evento tambi\u00e9n ser\u00e1 de entrada libre hasta completar aforo.<\/p>\n<p>Seg\u00fan el concejal de cultura de Colindres, Marcos Agudo, \u201cel \u00e9xito cosechado el a\u00f1o pasado alrededor de este evento, hace que seamos muy optimistas, desde la corporaci\u00f3n, sobre el inter\u00e9s y la participaci\u00f3n de los colindreses y colindresas en este ciclo\u201d. Agudo ha querido remarcar que \u201ceste cartel cuenta con profesionales de primer nivel. Magos y mentalistas de trascendencia regional y nacional, pero que, a su vez, los a\u00fana con j\u00f3venes promesas de esta disciplina art\u00edstica. La verdadera magia reside en el efecto sugestivo que esto crea: un espect\u00e1culo de j\u00f3venes y mayores para j\u00f3venes y mayores\u201d.<\/p>\n<p>Para el alcalde, Javier Incera, \u201cColindres se ha convertido en un punto de referencia en la prestaci\u00f3n y acogida de espect\u00e1culos culturales de la comarca\u201d. \u201cEn esta ocasi\u00f3n, adem\u00e1s, vamos a tener la oportunidad de disfrutar de j\u00f3venes promesas en el mundo de la magia que van a tener un hueco relevante en este ciclo. Como Ayuntamiento, respaldamos todas las iniciativas que garantizan oportunidades a aquellos que se est\u00e1n abriendo paso en una disciplina concreta. En esta ocasi\u00f3n, de t\u00fa a t\u00fa con aut\u00e9nticos profesionales en el \u00e1mbito de la magia\u201d, ha afirmado.<\/p>\n","protected":false},"excerpt":{"rendered":"<p>Magia e ilusionismo de la mano del mentalista colindr\u00e9s Alejando Revuelta Las Jornadas de Magia e Ilusionismo de Cantabria Oriental que coordina Alejandro Revuelta llegan por segundo a\u00f1o consecutivo a Colindres. El \u00e9xito de 2024 volver\u00e1 a revivirse con un ciclo de tres paradas en el municipio. La primera de ellas, una gala destinada a [&hellip;]<\/p>\n","protected":false},"author":1,"featured_media":18421,"comment_status":"open","ping_status":"closed","template":"","meta":{"_et_pb_use_builder":"","_et_pb_old_content":"","_et_gb_content_width":"","footnotes":""},"project_category":[6],"project_tag":[],"class_list":["post-18420","project","type-project","status-publish","has-post-thumbnail","hentry","project_category-noticias"],"yoast_head":"<!-- This site is optimized with the Yoast SEO plugin v24.9 - https:\/\/yoast.com\/wordpress\/plugins\/seo\/ -->\n<title>Colindres acoge una nueva edici\u00f3n del Oriente M\u00e1gico. - Ayuntamiento de Colindres<\/title>\n<meta name=\"robots\" content=\"index, follow, max-snippet:-1, max-image-preview:large, max-video-preview:-1\" \/>\n<link rel=\"canonical\" href=\"https:\/\/www.colindres.es\/index.php\/project\/colindres-acoge-una-nueva-edicion-del-oriente-magico\/\" \/>\n<meta property=\"og:locale\" content=\"es_ES\" \/>\n<meta property=\"og:type\" content=\"article\" \/>\n<meta property=\"og:title\" content=\"Colindres acoge una nueva edici\u00f3n del Oriente M\u00e1gico. - Ayuntamiento de Colindres\" \/>\n<meta property=\"og:description\" content=\"Magia e ilusionismo de la mano del mentalista colindr\u00e9s Alejando Revuelta Las Jornadas de Magia e Ilusionismo de Cantabria Oriental que coordina Alejandro Revuelta llegan por segundo a\u00f1o consecutivo a Colindres. El \u00e9xito de 2024 volver\u00e1 a revivirse con un ciclo de tres paradas en el municipio. La primera de ellas, una gala destinada a [&hellip;]\" \/>\n<meta property=\"og:url\" content=\"https:\/\/www.colindres.es\/index.php\/project\/colindres-acoge-una-nueva-edicion-del-oriente-magico\/\" \/>\n<meta property=\"og:site_name\" content=\"Ayuntamiento de Colindres\" \/>\n<meta property=\"og:image\" content=\"https:\/\/www.colindres.es\/wp-content\/uploads\/2025\/12\/cartel-alex.jpg\" \/>\n\t<meta property=\"og:image:width\" content=\"1448\" \/>\n\t<meta property=\"og:image:height\" content=\"2048\" \/>\n\t<meta property=\"og:image:type\" content=\"image\/jpeg\" \/>\n<meta name=\"twitter:card\" content=\"summary_large_image\" \/>\n<meta name=\"twitter:label1\" content=\"Tiempo de lectura\" \/>\n\t<meta name=\"twitter:data1\" content=\"3 minutos\" \/>\n<script type=\"application\/ld+json\" class=\"yoast-schema-graph\">{\"@context\":\"https:\/\/schema.org\",\"@graph\":[{\"@type\":\"WebPage\",\"@id\":\"https:\/\/www.colindres.es\/index.php\/project\/colindres-acoge-una-nueva-edicion-del-oriente-magico\/\",\"url\":\"https:\/\/www.colindres.es\/index.php\/project\/colindres-acoge-una-nueva-edicion-del-oriente-magico\/\",\"name\":\"Colindres acoge una nueva edici\u00f3n del Oriente M\u00e1gico. - Ayuntamiento de Colindres\",\"isPartOf\":{\"@id\":\"https:\/\/www.colindres.es\/#website\"},\"primaryImageOfPage\":{\"@id\":\"https:\/\/www.colindres.es\/index.php\/project\/colindres-acoge-una-nueva-edicion-del-oriente-magico\/#primaryimage\"},\"image\":{\"@id\":\"https:\/\/www.colindres.es\/index.php\/project\/colindres-acoge-una-nueva-edicion-del-oriente-magico\/#primaryimage\"},\"thumbnailUrl\":\"https:\/\/www.colindres.es\/wp-content\/uploads\/2025\/12\/cartel-alex.jpg\",\"datePublished\":\"2025-12-09T10:28:59+00:00\",\"breadcrumb\":{\"@id\":\"https:\/\/www.colindres.es\/index.php\/project\/colindres-acoge-una-nueva-edicion-del-oriente-magico\/#breadcrumb\"},\"inLanguage\":\"es\",\"potentialAction\":[{\"@type\":\"ReadAction\",\"target\":[\"https:\/\/www.colindres.es\/index.php\/project\/colindres-acoge-una-nueva-edicion-del-oriente-magico\/\"]}]},{\"@type\":\"ImageObject\",\"inLanguage\":\"es\",\"@id\":\"https:\/\/www.colindres.es\/index.php\/project\/colindres-acoge-una-nueva-edicion-del-oriente-magico\/#primaryimage\",\"url\":\"https:\/\/www.colindres.es\/wp-content\/uploads\/2025\/12\/cartel-alex.jpg\",\"contentUrl\":\"https:\/\/www.colindres.es\/wp-content\/uploads\/2025\/12\/cartel-alex.jpg\",\"width\":1448,\"height\":2048},{\"@type\":\"BreadcrumbList\",\"@id\":\"https:\/\/www.colindres.es\/index.php\/project\/colindres-acoge-una-nueva-edicion-del-oriente-magico\/#breadcrumb\",\"itemListElement\":[{\"@type\":\"ListItem\",\"position\":1,\"name\":\"Portada\",\"item\":\"https:\/\/www.colindres.es\/\"},{\"@type\":\"ListItem\",\"position\":2,\"name\":\"Proyectos\",\"item\":\"https:\/\/www.colindres.es\/index.php\/project\/\"},{\"@type\":\"ListItem\",\"position\":3,\"name\":\"Colindres acoge una nueva edici\u00f3n del Oriente M\u00e1gico.\"}]},{\"@type\":\"WebSite\",\"@id\":\"https:\/\/www.colindres.es\/#website\",\"url\":\"https:\/\/www.colindres.es\/\",\"name\":\"Ayuntamiento de Colindres\",\"description\":\"Dise\u00f1ado por NTIC&#039;s\",\"publisher\":{\"@id\":\"https:\/\/www.colindres.es\/#organization\"},\"potentialAction\":[{\"@type\":\"SearchAction\",\"target\":{\"@type\":\"EntryPoint\",\"urlTemplate\":\"https:\/\/www.colindres.es\/?s={search_term_string}\"},\"query-input\":{\"@type\":\"PropertyValueSpecification\",\"valueRequired\":true,\"valueName\":\"search_term_string\"}}],\"inLanguage\":\"es\"},{\"@type\":\"Organization\",\"@id\":\"https:\/\/www.colindres.es\/#organization\",\"name\":\"AYUNTAMIENTO DE COLINDRES\",\"url\":\"https:\/\/www.colindres.es\/\",\"logo\":{\"@type\":\"ImageObject\",\"inLanguage\":\"es\",\"@id\":\"https:\/\/www.colindres.es\/#\/schema\/logo\/image\/\",\"url\":\"https:\/\/www.colindres.es\/wp-content\/uploads\/2017\/01\/LOGO-PRINCIPAL.jpg\",\"contentUrl\":\"https:\/\/www.colindres.es\/wp-content\/uploads\/2017\/01\/LOGO-PRINCIPAL.jpg\",\"width\":1209,\"height\":579,\"caption\":\"AYUNTAMIENTO DE COLINDRES\"},\"image\":{\"@id\":\"https:\/\/www.colindres.es\/#\/schema\/logo\/image\/\"}}]}<\/script>\n<!-- \/ Yoast SEO plugin. -->","yoast_head_json":{"title":"Colindres acoge una nueva edici\u00f3n del Oriente M\u00e1gico. - Ayuntamiento de Colindres","robots":{"index":"index","follow":"follow","max-snippet":"max-snippet:-1","max-image-preview":"max-image-preview:large","max-video-preview":"max-video-preview:-1"},"canonical":"https:\/\/www.colindres.es\/index.php\/project\/colindres-acoge-una-nueva-edicion-del-oriente-magico\/","og_locale":"es_ES","og_type":"article","og_title":"Colindres acoge una nueva edici\u00f3n del Oriente M\u00e1gico. - Ayuntamiento de Colindres","og_description":"Magia e ilusionismo de la mano del mentalista colindr\u00e9s Alejando Revuelta Las Jornadas de Magia e Ilusionismo de Cantabria Oriental que coordina Alejandro Revuelta llegan por segundo a\u00f1o consecutivo a Colindres. El \u00e9xito de 2024 volver\u00e1 a revivirse con un ciclo de tres paradas en el municipio. La primera de ellas, una gala destinada a [&hellip;]","og_url":"https:\/\/www.colindres.es\/index.php\/project\/colindres-acoge-una-nueva-edicion-del-oriente-magico\/","og_site_name":"Ayuntamiento de Colindres","og_image":[{"width":1448,"height":2048,"url":"https:\/\/www.colindres.es\/wp-content\/uploads\/2025\/12\/cartel-alex.jpg","type":"image\/jpeg"}],"twitter_card":"summary_large_image","twitter_misc":{"Tiempo de lectura":"3 minutos"},"schema":{"@context":"https:\/\/schema.org","@graph":[{"@type":"WebPage","@id":"https:\/\/www.colindres.es\/index.php\/project\/colindres-acoge-una-nueva-edicion-del-oriente-magico\/","url":"https:\/\/www.colindres.es\/index.php\/project\/colindres-acoge-una-nueva-edicion-del-oriente-magico\/","name":"Colindres acoge una nueva edici\u00f3n del Oriente M\u00e1gico. - Ayuntamiento de Colindres","isPartOf":{"@id":"https:\/\/www.colindres.es\/#website"},"primaryImageOfPage":{"@id":"https:\/\/www.colindres.es\/index.php\/project\/colindres-acoge-una-nueva-edicion-del-oriente-magico\/#primaryimage"},"image":{"@id":"https:\/\/www.colindres.es\/index.php\/project\/colindres-acoge-una-nueva-edicion-del-oriente-magico\/#primaryimage"},"thumbnailUrl":"https:\/\/www.colindres.es\/wp-content\/uploads\/2025\/12\/cartel-alex.jpg","datePublished":"2025-12-09T10:28:59+00:00","breadcrumb":{"@id":"https:\/\/www.colindres.es\/index.php\/project\/colindres-acoge-una-nueva-edicion-del-oriente-magico\/#breadcrumb"},"inLanguage":"es","potentialAction":[{"@type":"ReadAction","target":["https:\/\/www.colindres.es\/index.php\/project\/colindres-acoge-una-nueva-edicion-del-oriente-magico\/"]}]},{"@type":"ImageObject","inLanguage":"es","@id":"https:\/\/www.colindres.es\/index.php\/project\/colindres-acoge-una-nueva-edicion-del-oriente-magico\/#primaryimage","url":"https:\/\/www.colindres.es\/wp-content\/uploads\/2025\/12\/cartel-alex.jpg","contentUrl":"https:\/\/www.colindres.es\/wp-content\/uploads\/2025\/12\/cartel-alex.jpg","width":1448,"height":2048},{"@type":"BreadcrumbList","@id":"https:\/\/www.colindres.es\/index.php\/project\/colindres-acoge-una-nueva-edicion-del-oriente-magico\/#breadcrumb","itemListElement":[{"@type":"ListItem","position":1,"name":"Portada","item":"https:\/\/www.colindres.es\/"},{"@type":"ListItem","position":2,"name":"Proyectos","item":"https:\/\/www.colindres.es\/index.php\/project\/"},{"@type":"ListItem","position":3,"name":"Colindres acoge una nueva edici\u00f3n del Oriente M\u00e1gico."}]},{"@type":"WebSite","@id":"https:\/\/www.colindres.es\/#website","url":"https:\/\/www.colindres.es\/","name":"Ayuntamiento de Colindres","description":"Dise\u00f1ado por NTIC&#039;s","publisher":{"@id":"https:\/\/www.colindres.es\/#organization"},"potentialAction":[{"@type":"SearchAction","target":{"@type":"EntryPoint","urlTemplate":"https:\/\/www.colindres.es\/?s={search_term_string}"},"query-input":{"@type":"PropertyValueSpecification","valueRequired":true,"valueName":"search_term_string"}}],"inLanguage":"es"},{"@type":"Organization","@id":"https:\/\/www.colindres.es\/#organization","name":"AYUNTAMIENTO DE COLINDRES","url":"https:\/\/www.colindres.es\/","logo":{"@type":"ImageObject","inLanguage":"es","@id":"https:\/\/www.colindres.es\/#\/schema\/logo\/image\/","url":"https:\/\/www.colindres.es\/wp-content\/uploads\/2017\/01\/LOGO-PRINCIPAL.jpg","contentUrl":"https:\/\/www.colindres.es\/wp-content\/uploads\/2017\/01\/LOGO-PRINCIPAL.jpg","width":1209,"height":579,"caption":"AYUNTAMIENTO DE COLINDRES"},"image":{"@id":"https:\/\/www.colindres.es\/#\/schema\/logo\/image\/"}}]}},"_links":{"self":[{"href":"https:\/\/www.colindres.es\/index.php\/wp-json\/wp\/v2\/project\/18420","targetHints":{"allow":["GET"]}}],"collection":[{"href":"https:\/\/www.colindres.es\/index.php\/wp-json\/wp\/v2\/project"}],"about":[{"href":"https:\/\/www.colindres.es\/index.php\/wp-json\/wp\/v2\/types\/project"}],"author":[{"embeddable":true,"href":"https:\/\/www.colindres.es\/index.php\/wp-json\/wp\/v2\/users\/1"}],"replies":[{"embeddable":true,"href":"https:\/\/www.colindres.es\/index.php\/wp-json\/wp\/v2\/comments?post=18420"}],"version-history":[{"count":1,"href":"https:\/\/www.colindres.es\/index.php\/wp-json\/wp\/v2\/project\/18420\/revisions"}],"predecessor-version":[{"id":18422,"href":"https:\/\/www.colindres.es\/index.php\/wp-json\/wp\/v2\/project\/18420\/revisions\/18422"}],"wp:featuredmedia":[{"embeddable":true,"href":"https:\/\/www.colindres.es\/index.php\/wp-json\/wp\/v2\/media\/18421"}],"wp:attachment":[{"href":"https:\/\/www.colindres.es\/index.php\/wp-json\/wp\/v2\/media?parent=18420"}],"wp:term":[{"taxonomy":"project_category","embeddable":true,"href":"https:\/\/www.colindres.es\/index.php\/wp-json\/wp\/v2\/project_category?post=18420"},{"taxonomy":"project_tag","embeddable":true,"href":"https:\/\/www.colindres.es\/index.php\/wp-json\/wp\/v2\/project_tag?post=18420"}],"curies":[{"name":"wp","href":"https:\/\/api.w.org\/{rel}","templated":true}]}}