{"id":18362,"date":"2025-10-21T13:26:39","date_gmt":"2025-10-21T11:26:39","guid":{"rendered":"https:\/\/www.colindres.es\/?post_type=project&#038;p=18362"},"modified":"2025-10-21T13:26:39","modified_gmt":"2025-10-21T11:26:39","slug":"colindres-desafia-al-miedo-con-ordo-tenebris-inferno-la-gran-aventura-juvenil-de-halloween-2025","status":"publish","type":"project","link":"https:\/\/www.colindres.es\/index.php\/project\/colindres-desafia-al-miedo-con-ordo-tenebris-inferno-la-gran-aventura-juvenil-de-halloween-2025\/","title":{"rendered":"Colindres desaf\u00eda al miedo con \u201cOrdo Tenebris: Inferno\u201d, la gran aventura juvenil de Halloween 2025"},"content":{"rendered":"<p><em>El consistorio presenta una completa programaci\u00f3n de actividades para disfrutar del Halloween m\u00e1s participativo y creativo. <\/em><\/p>\n<p>El Ayuntamiento de Colindres, a trav\u00e9s del Servicio de Juventud, ha dise\u00f1ado una completa programaci\u00f3n para celebrar Halloween 2025, con propuestas dirigidas especialmente al p\u00fablico joven del municipio.<\/p>\n<p>La agenda combina diversi\u00f3n, misterio y convivencia, apostando por un ocio saludable, gratuito y participativo. La cita central ser\u00e1 \u201cOrdo Tenebris: Inferno\u201d, la gran aventura de Halloween, que tendr\u00e1 lugar el viernes 31 de octubre en la nave municipal situada detr\u00e1s de las piscinas. Dirigida a j\u00f3venes mayores de 12 a\u00f1os, esta experiencia inmersiva propone un reto lleno de emoci\u00f3n, donde las y los participantes deber\u00e1n demostrar su valor al adentrarse en una sociedad secreta de corte simb\u00f3lico y misterioso.<\/p>\n<p>La actividad contar\u00e1 con dos turnos, a las 19:30 horas y a las 21:30 horas, con 40 plazas por grupo. La participaci\u00f3n es gratuita, pero requiere reserva previa de entrada, que podr\u00e1 formalizarse presencialmente en la Casa de la Juventud o a trav\u00e9s del formulario online: bit.ly\/Ordo.<\/p>\n<p>Las personas inscritas recibir\u00e1n confirmaci\u00f3n de su plaza y turno. Para completar la inscripci\u00f3n, deber\u00e1n recoger su invitaci\u00f3n personal e intransferible en la Casa de la Juventud los d\u00edas mi\u00e9rcoles 29 o jueves 30 de octubre, y presentarla el d\u00eda del evento en la entrada.<\/p>\n<p>Como antesala de esta cita, el jueves 24 de octubre, la Casa de la Juventud celebrar\u00e1 una divertida sesi\u00f3n de \u201cC\u00f3cteles terror\u00edficos\u201d entre las 16:00 horas y las 20:00 horas, donde las y los j\u00f3venes podr\u00e1n crear originales bebidas sin alcohol, inspiradas en la noche m\u00e1s espeluznante del a\u00f1o.<\/p>\n<p>Durante la semana no lectiva, la Casa de la Juventud mantendr\u00e1 su horario habitual de ma\u00f1ana, de 10:00 horas a 14:00 horas, con una programaci\u00f3n especial de juegos, talleres y gymkanas tem\u00e1ticas, pensadas para fomentar la creatividad y el trabajo en equipo. Con esta programaci\u00f3n, el Ayuntamiento de Colindres reafirma su compromiso con una oferta de ocio juvenil diversa y de calidad, que fomente la participaci\u00f3n y la convivencia entre los j\u00f3venes del municipio.<\/p>\n<p>El Concejal de Juventud, Santiago Cuevas, ha explicado, en la presentaci\u00f3n del programa que \u201cdesde la Casa de la Juventud siempre tratamos de organizar actividades y juegos en los que los m\u00e1s j\u00f3venes tengan verdaderas ganas de participar y la experiencia nos dice que este tipo de actividades, en las que se juega en grupo, se recrea una situaci\u00f3n en concreto, se monta un escenario y los chavales se convierten en protagonistas, son las que m\u00e1s les gustan\u201d.<\/p>\n<p>El alcalde, Javier Incera, ha querido agradecer la implicaci\u00f3n del t\u00e9cnico de juventud, trabajadores de la Casa y voluntarios, en el desarrollo de actividades tan ambiciosas como estas que se han convertido ya en un punto de referencia para todos los j\u00f3venes de la comarca que esperan cada a\u00f1o la actividad de Halloween de Colindres\u201d.<\/p>\n<p>&nbsp;<\/p>\n<p>&nbsp;<\/p>\n","protected":false},"excerpt":{"rendered":"<p>El consistorio presenta una completa programaci\u00f3n de actividades para disfrutar del Halloween m\u00e1s participativo y creativo. El Ayuntamiento de Colindres, a trav\u00e9s del Servicio de Juventud, ha dise\u00f1ado una completa programaci\u00f3n para celebrar Halloween 2025, con propuestas dirigidas especialmente al p\u00fablico joven del municipio. La agenda combina diversi\u00f3n, misterio y convivencia, apostando por un ocio [&hellip;]<\/p>\n","protected":false},"author":1,"featured_media":18363,"comment_status":"open","ping_status":"closed","template":"","meta":{"_et_pb_use_builder":"","_et_pb_old_content":"","_et_gb_content_width":"","footnotes":""},"project_category":[6],"project_tag":[],"class_list":["post-18362","project","type-project","status-publish","has-post-thumbnail","hentry","project_category-noticias"],"yoast_head":"<!-- This site is optimized with the Yoast SEO plugin v24.9 - https:\/\/yoast.com\/wordpress\/plugins\/seo\/ -->\n<title>Colindres desaf\u00eda al miedo con \u201cOrdo Tenebris: Inferno\u201d, la gran aventura juvenil de Halloween 2025 - Ayuntamiento de Colindres<\/title>\n<meta name=\"robots\" content=\"index, follow, max-snippet:-1, max-image-preview:large, max-video-preview:-1\" \/>\n<link rel=\"canonical\" href=\"https:\/\/www.colindres.es\/index.php\/project\/colindres-desafia-al-miedo-con-ordo-tenebris-inferno-la-gran-aventura-juvenil-de-halloween-2025\/\" \/>\n<meta property=\"og:locale\" content=\"es_ES\" \/>\n<meta property=\"og:type\" content=\"article\" \/>\n<meta property=\"og:title\" content=\"Colindres desaf\u00eda al miedo con \u201cOrdo Tenebris: Inferno\u201d, la gran aventura juvenil de Halloween 2025 - Ayuntamiento de Colindres\" \/>\n<meta property=\"og:description\" content=\"El consistorio presenta una completa programaci\u00f3n de actividades para disfrutar del Halloween m\u00e1s participativo y creativo. El Ayuntamiento de Colindres, a trav\u00e9s del Servicio de Juventud, ha dise\u00f1ado una completa programaci\u00f3n para celebrar Halloween 2025, con propuestas dirigidas especialmente al p\u00fablico joven del municipio. La agenda combina diversi\u00f3n, misterio y convivencia, apostando por un ocio [&hellip;]\" \/>\n<meta property=\"og:url\" content=\"https:\/\/www.colindres.es\/index.php\/project\/colindres-desafia-al-miedo-con-ordo-tenebris-inferno-la-gran-aventura-juvenil-de-halloween-2025\/\" \/>\n<meta property=\"og:site_name\" content=\"Ayuntamiento de Colindres\" \/>\n<meta property=\"og:image\" content=\"https:\/\/www.colindres.es\/wp-content\/uploads\/2025\/10\/8c201493-4d40-4d40-b3ec-0c11248bb778.jpeg\" \/>\n\t<meta property=\"og:image:width\" content=\"1600\" \/>\n\t<meta property=\"og:image:height\" content=\"1200\" \/>\n\t<meta property=\"og:image:type\" content=\"image\/jpeg\" \/>\n<meta name=\"twitter:card\" content=\"summary_large_image\" \/>\n<meta name=\"twitter:label1\" content=\"Tiempo de lectura\" \/>\n\t<meta name=\"twitter:data1\" content=\"3 minutos\" \/>\n<script type=\"application\/ld+json\" class=\"yoast-schema-graph\">{\"@context\":\"https:\/\/schema.org\",\"@graph\":[{\"@type\":\"WebPage\",\"@id\":\"https:\/\/www.colindres.es\/index.php\/project\/colindres-desafia-al-miedo-con-ordo-tenebris-inferno-la-gran-aventura-juvenil-de-halloween-2025\/\",\"url\":\"https:\/\/www.colindres.es\/index.php\/project\/colindres-desafia-al-miedo-con-ordo-tenebris-inferno-la-gran-aventura-juvenil-de-halloween-2025\/\",\"name\":\"Colindres desaf\u00eda al miedo con \u201cOrdo Tenebris: Inferno\u201d, la gran aventura juvenil de Halloween 2025 - Ayuntamiento de Colindres\",\"isPartOf\":{\"@id\":\"https:\/\/www.colindres.es\/#website\"},\"primaryImageOfPage\":{\"@id\":\"https:\/\/www.colindres.es\/index.php\/project\/colindres-desafia-al-miedo-con-ordo-tenebris-inferno-la-gran-aventura-juvenil-de-halloween-2025\/#primaryimage\"},\"image\":{\"@id\":\"https:\/\/www.colindres.es\/index.php\/project\/colindres-desafia-al-miedo-con-ordo-tenebris-inferno-la-gran-aventura-juvenil-de-halloween-2025\/#primaryimage\"},\"thumbnailUrl\":\"https:\/\/www.colindres.es\/wp-content\/uploads\/2025\/10\/8c201493-4d40-4d40-b3ec-0c11248bb778.jpeg\",\"datePublished\":\"2025-10-21T11:26:39+00:00\",\"breadcrumb\":{\"@id\":\"https:\/\/www.colindres.es\/index.php\/project\/colindres-desafia-al-miedo-con-ordo-tenebris-inferno-la-gran-aventura-juvenil-de-halloween-2025\/#breadcrumb\"},\"inLanguage\":\"es\",\"potentialAction\":[{\"@type\":\"ReadAction\",\"target\":[\"https:\/\/www.colindres.es\/index.php\/project\/colindres-desafia-al-miedo-con-ordo-tenebris-inferno-la-gran-aventura-juvenil-de-halloween-2025\/\"]}]},{\"@type\":\"ImageObject\",\"inLanguage\":\"es\",\"@id\":\"https:\/\/www.colindres.es\/index.php\/project\/colindres-desafia-al-miedo-con-ordo-tenebris-inferno-la-gran-aventura-juvenil-de-halloween-2025\/#primaryimage\",\"url\":\"https:\/\/www.colindres.es\/wp-content\/uploads\/2025\/10\/8c201493-4d40-4d40-b3ec-0c11248bb778.jpeg\",\"contentUrl\":\"https:\/\/www.colindres.es\/wp-content\/uploads\/2025\/10\/8c201493-4d40-4d40-b3ec-0c11248bb778.jpeg\",\"width\":1600,\"height\":1200},{\"@type\":\"BreadcrumbList\",\"@id\":\"https:\/\/www.colindres.es\/index.php\/project\/colindres-desafia-al-miedo-con-ordo-tenebris-inferno-la-gran-aventura-juvenil-de-halloween-2025\/#breadcrumb\",\"itemListElement\":[{\"@type\":\"ListItem\",\"position\":1,\"name\":\"Portada\",\"item\":\"https:\/\/www.colindres.es\/\"},{\"@type\":\"ListItem\",\"position\":2,\"name\":\"Proyectos\",\"item\":\"https:\/\/www.colindres.es\/index.php\/project\/\"},{\"@type\":\"ListItem\",\"position\":3,\"name\":\"Colindres desaf\u00eda al miedo con \u201cOrdo Tenebris: Inferno\u201d, la gran aventura juvenil de Halloween 2025\"}]},{\"@type\":\"WebSite\",\"@id\":\"https:\/\/www.colindres.es\/#website\",\"url\":\"https:\/\/www.colindres.es\/\",\"name\":\"Ayuntamiento de Colindres\",\"description\":\"Dise\u00f1ado por NTIC&#039;s\",\"publisher\":{\"@id\":\"https:\/\/www.colindres.es\/#organization\"},\"potentialAction\":[{\"@type\":\"SearchAction\",\"target\":{\"@type\":\"EntryPoint\",\"urlTemplate\":\"https:\/\/www.colindres.es\/?s={search_term_string}\"},\"query-input\":{\"@type\":\"PropertyValueSpecification\",\"valueRequired\":true,\"valueName\":\"search_term_string\"}}],\"inLanguage\":\"es\"},{\"@type\":\"Organization\",\"@id\":\"https:\/\/www.colindres.es\/#organization\",\"name\":\"AYUNTAMIENTO DE COLINDRES\",\"url\":\"https:\/\/www.colindres.es\/\",\"logo\":{\"@type\":\"ImageObject\",\"inLanguage\":\"es\",\"@id\":\"https:\/\/www.colindres.es\/#\/schema\/logo\/image\/\",\"url\":\"https:\/\/www.colindres.es\/wp-content\/uploads\/2017\/01\/LOGO-PRINCIPAL.jpg\",\"contentUrl\":\"https:\/\/www.colindres.es\/wp-content\/uploads\/2017\/01\/LOGO-PRINCIPAL.jpg\",\"width\":1209,\"height\":579,\"caption\":\"AYUNTAMIENTO DE COLINDRES\"},\"image\":{\"@id\":\"https:\/\/www.colindres.es\/#\/schema\/logo\/image\/\"}}]}<\/script>\n<!-- \/ Yoast SEO plugin. -->","yoast_head_json":{"title":"Colindres desaf\u00eda al miedo con \u201cOrdo Tenebris: Inferno\u201d, la gran aventura juvenil de Halloween 2025 - Ayuntamiento de Colindres","robots":{"index":"index","follow":"follow","max-snippet":"max-snippet:-1","max-image-preview":"max-image-preview:large","max-video-preview":"max-video-preview:-1"},"canonical":"https:\/\/www.colindres.es\/index.php\/project\/colindres-desafia-al-miedo-con-ordo-tenebris-inferno-la-gran-aventura-juvenil-de-halloween-2025\/","og_locale":"es_ES","og_type":"article","og_title":"Colindres desaf\u00eda al miedo con \u201cOrdo Tenebris: Inferno\u201d, la gran aventura juvenil de Halloween 2025 - Ayuntamiento de Colindres","og_description":"El consistorio presenta una completa programaci\u00f3n de actividades para disfrutar del Halloween m\u00e1s participativo y creativo. El Ayuntamiento de Colindres, a trav\u00e9s del Servicio de Juventud, ha dise\u00f1ado una completa programaci\u00f3n para celebrar Halloween 2025, con propuestas dirigidas especialmente al p\u00fablico joven del municipio. La agenda combina diversi\u00f3n, misterio y convivencia, apostando por un ocio [&hellip;]","og_url":"https:\/\/www.colindres.es\/index.php\/project\/colindres-desafia-al-miedo-con-ordo-tenebris-inferno-la-gran-aventura-juvenil-de-halloween-2025\/","og_site_name":"Ayuntamiento de Colindres","og_image":[{"width":1600,"height":1200,"url":"https:\/\/www.colindres.es\/wp-content\/uploads\/2025\/10\/8c201493-4d40-4d40-b3ec-0c11248bb778.jpeg","type":"image\/jpeg"}],"twitter_card":"summary_large_image","twitter_misc":{"Tiempo de lectura":"3 minutos"},"schema":{"@context":"https:\/\/schema.org","@graph":[{"@type":"WebPage","@id":"https:\/\/www.colindres.es\/index.php\/project\/colindres-desafia-al-miedo-con-ordo-tenebris-inferno-la-gran-aventura-juvenil-de-halloween-2025\/","url":"https:\/\/www.colindres.es\/index.php\/project\/colindres-desafia-al-miedo-con-ordo-tenebris-inferno-la-gran-aventura-juvenil-de-halloween-2025\/","name":"Colindres desaf\u00eda al miedo con \u201cOrdo Tenebris: Inferno\u201d, la gran aventura juvenil de Halloween 2025 - Ayuntamiento de Colindres","isPartOf":{"@id":"https:\/\/www.colindres.es\/#website"},"primaryImageOfPage":{"@id":"https:\/\/www.colindres.es\/index.php\/project\/colindres-desafia-al-miedo-con-ordo-tenebris-inferno-la-gran-aventura-juvenil-de-halloween-2025\/#primaryimage"},"image":{"@id":"https:\/\/www.colindres.es\/index.php\/project\/colindres-desafia-al-miedo-con-ordo-tenebris-inferno-la-gran-aventura-juvenil-de-halloween-2025\/#primaryimage"},"thumbnailUrl":"https:\/\/www.colindres.es\/wp-content\/uploads\/2025\/10\/8c201493-4d40-4d40-b3ec-0c11248bb778.jpeg","datePublished":"2025-10-21T11:26:39+00:00","breadcrumb":{"@id":"https:\/\/www.colindres.es\/index.php\/project\/colindres-desafia-al-miedo-con-ordo-tenebris-inferno-la-gran-aventura-juvenil-de-halloween-2025\/#breadcrumb"},"inLanguage":"es","potentialAction":[{"@type":"ReadAction","target":["https:\/\/www.colindres.es\/index.php\/project\/colindres-desafia-al-miedo-con-ordo-tenebris-inferno-la-gran-aventura-juvenil-de-halloween-2025\/"]}]},{"@type":"ImageObject","inLanguage":"es","@id":"https:\/\/www.colindres.es\/index.php\/project\/colindres-desafia-al-miedo-con-ordo-tenebris-inferno-la-gran-aventura-juvenil-de-halloween-2025\/#primaryimage","url":"https:\/\/www.colindres.es\/wp-content\/uploads\/2025\/10\/8c201493-4d40-4d40-b3ec-0c11248bb778.jpeg","contentUrl":"https:\/\/www.colindres.es\/wp-content\/uploads\/2025\/10\/8c201493-4d40-4d40-b3ec-0c11248bb778.jpeg","width":1600,"height":1200},{"@type":"BreadcrumbList","@id":"https:\/\/www.colindres.es\/index.php\/project\/colindres-desafia-al-miedo-con-ordo-tenebris-inferno-la-gran-aventura-juvenil-de-halloween-2025\/#breadcrumb","itemListElement":[{"@type":"ListItem","position":1,"name":"Portada","item":"https:\/\/www.colindres.es\/"},{"@type":"ListItem","position":2,"name":"Proyectos","item":"https:\/\/www.colindres.es\/index.php\/project\/"},{"@type":"ListItem","position":3,"name":"Colindres desaf\u00eda al miedo con \u201cOrdo Tenebris: Inferno\u201d, la gran aventura juvenil de Halloween 2025"}]},{"@type":"WebSite","@id":"https:\/\/www.colindres.es\/#website","url":"https:\/\/www.colindres.es\/","name":"Ayuntamiento de Colindres","description":"Dise\u00f1ado por NTIC&#039;s","publisher":{"@id":"https:\/\/www.colindres.es\/#organization"},"potentialAction":[{"@type":"SearchAction","target":{"@type":"EntryPoint","urlTemplate":"https:\/\/www.colindres.es\/?s={search_term_string}"},"query-input":{"@type":"PropertyValueSpecification","valueRequired":true,"valueName":"search_term_string"}}],"inLanguage":"es"},{"@type":"Organization","@id":"https:\/\/www.colindres.es\/#organization","name":"AYUNTAMIENTO DE COLINDRES","url":"https:\/\/www.colindres.es\/","logo":{"@type":"ImageObject","inLanguage":"es","@id":"https:\/\/www.colindres.es\/#\/schema\/logo\/image\/","url":"https:\/\/www.colindres.es\/wp-content\/uploads\/2017\/01\/LOGO-PRINCIPAL.jpg","contentUrl":"https:\/\/www.colindres.es\/wp-content\/uploads\/2017\/01\/LOGO-PRINCIPAL.jpg","width":1209,"height":579,"caption":"AYUNTAMIENTO DE COLINDRES"},"image":{"@id":"https:\/\/www.colindres.es\/#\/schema\/logo\/image\/"}}]}},"_links":{"self":[{"href":"https:\/\/www.colindres.es\/index.php\/wp-json\/wp\/v2\/project\/18362","targetHints":{"allow":["GET"]}}],"collection":[{"href":"https:\/\/www.colindres.es\/index.php\/wp-json\/wp\/v2\/project"}],"about":[{"href":"https:\/\/www.colindres.es\/index.php\/wp-json\/wp\/v2\/types\/project"}],"author":[{"embeddable":true,"href":"https:\/\/www.colindres.es\/index.php\/wp-json\/wp\/v2\/users\/1"}],"replies":[{"embeddable":true,"href":"https:\/\/www.colindres.es\/index.php\/wp-json\/wp\/v2\/comments?post=18362"}],"version-history":[{"count":1,"href":"https:\/\/www.colindres.es\/index.php\/wp-json\/wp\/v2\/project\/18362\/revisions"}],"predecessor-version":[{"id":18364,"href":"https:\/\/www.colindres.es\/index.php\/wp-json\/wp\/v2\/project\/18362\/revisions\/18364"}],"wp:featuredmedia":[{"embeddable":true,"href":"https:\/\/www.colindres.es\/index.php\/wp-json\/wp\/v2\/media\/18363"}],"wp:attachment":[{"href":"https:\/\/www.colindres.es\/index.php\/wp-json\/wp\/v2\/media?parent=18362"}],"wp:term":[{"taxonomy":"project_category","embeddable":true,"href":"https:\/\/www.colindres.es\/index.php\/wp-json\/wp\/v2\/project_category?post=18362"},{"taxonomy":"project_tag","embeddable":true,"href":"https:\/\/www.colindres.es\/index.php\/wp-json\/wp\/v2\/project_tag?post=18362"}],"curies":[{"name":"wp","href":"https:\/\/api.w.org\/{rel}","templated":true}]}}