{"id":18167,"date":"2025-04-14T23:01:55","date_gmt":"2025-04-14T21:01:55","guid":{"rendered":"https:\/\/www.colindres.es\/?post_type=project&#038;p=18167"},"modified":"2025-04-14T23:01:55","modified_gmt":"2025-04-14T21:01:55","slug":"el-taller-de-empleo-colindres-verde-2024-finaliza-tras-formar-a-15-personas-desempleadas","status":"publish","type":"project","link":"https:\/\/www.colindres.es\/index.php\/project\/el-taller-de-empleo-colindres-verde-2024-finaliza-tras-formar-a-15-personas-desempleadas\/","title":{"rendered":"El Taller de Empleo \u201cColindres Verde 2024\u201d finaliza tras formar a 15 personas desempleadas"},"content":{"rendered":"<p>Los participantes han obtenido un certificado de profesionalidad en actividades auxiliares de jardiner\u00eda.<\/p>\n<p>El Ayuntamiento de Colindres clausur\u00f3 el pasado 28 de marzo el Taller de Empleo \u201cColindres Verde 2024\u201d en el que han participado un total de 15 alumnos &#8211; trabajadores que, a lo largo de todo un a\u00f1o, han recibido formaci\u00f3n en materia de jardiner\u00eda y han llevado a cabo varios trabajos en el propio municipio.<\/p>\n<p>El acto de clausura cont\u00f3 con la presencia no s\u00f3lo del alcalde, Javier Incera, sino tambi\u00e9n de la directora del Servicio C\u00e1ntabro de Empleo, Luc\u00eda Serrano y de Sonia \u00c1lvarez, directora de la Oficina de Empleo de Colindres.<\/p>\n<p>Despu\u00e9s de 12 meses de formaci\u00f3n y trabajo, el pasado 31 de marzo se dio por finalizado el Taller de Empleo en el que han participado un total de 15 alumnos-trabajadores, adem\u00e1s de la docente y coordinadora. Este proyecto se puso en marcha en abril de 2024, financiado por el Servicio C\u00e1ntabro de Empleo del Gobierno de Cantabria, con un importe de 376.819,83 \u20ac.<\/p>\n<p>Durante este periodo se han alternado la formaci\u00f3n te\u00f3rica y el trabajo pr\u00e1ctico.<br \/>\nLos alumnos-trabajadores han obtenido el Certificado Profesional, encuadrado actualmente en el grado C del Sistema de la FP \u201cActividades auxiliares en jardines, viveros y centros de jardiner\u00eda\u201d (Nivel 1).<\/p>\n<p>Esta formaci\u00f3n se ha complementado con el m\u00f3dulo \u201cMantenimiento y mejora de jardines de interior, exterior y zonas verdes\u201d perteneciente al Certificado Profesional de Nivel 2 \u201cInstalaci\u00f3n y mantenimiento de zonas verdes\u201d.<\/p>\n<p>Incera ha destacado que \u201cdesde el Ayuntamiento nos sumamos a todas las iniciativas y programas de empleo y formaci\u00f3n que creemos que pueden beneficiar a nuestros vecinos y vecinas, bien sea para adquirir nuevas competencias, para dar un giro a su vida profesional o para fomentar el acceso al mercado de trabajo\u201d.<\/p>\n<p>Adem\u00e1s del Certificado de Profesionalidad, los alumnos y alumnas han recibido formaci\u00f3n en manejo de dumper, retroexcavadora, plataforma elevadora, drones aplicados a jardiner\u00eda, prevenci\u00f3n de riesgos laborales y carnet de aplicador de fitosanitarios.<\/p>\n<p>Tambi\u00e9n es importante destacar el trabajo que han realizado en diferentes ubicaciones del municipio, con el objetivo de contribuir a la mejora de los espacios p\u00fablicos, tales como Villaluz, Regato Madre, Parque del Tintero y huertos urbanos, Encina de San Roque, Ruta del Agua de Colindres de Arriba y jardines de la Casa de Cultura y Casa Serafina, entre otros.<\/p>\n","protected":false},"excerpt":{"rendered":"<p>Los participantes han obtenido un certificado de profesionalidad en actividades auxiliares de jardiner\u00eda. El Ayuntamiento de Colindres clausur\u00f3 el pasado 28 de marzo el Taller de Empleo \u201cColindres Verde 2024\u201d en el que han participado un total de 15 alumnos &#8211; trabajadores que, a lo largo de todo un a\u00f1o, han recibido formaci\u00f3n en materia [&hellip;]<\/p>\n","protected":false},"author":1,"featured_media":18168,"comment_status":"open","ping_status":"closed","template":"","meta":{"_et_pb_use_builder":"","_et_pb_old_content":"","_et_gb_content_width":"","footnotes":""},"project_category":[6],"project_tag":[],"class_list":["post-18167","project","type-project","status-publish","has-post-thumbnail","hentry","project_category-noticias"],"yoast_head":"<!-- This site is optimized with the Yoast SEO plugin v24.9 - https:\/\/yoast.com\/wordpress\/plugins\/seo\/ -->\n<title>El Taller de Empleo \u201cColindres Verde 2024\u201d finaliza tras formar a 15 personas desempleadas - Ayuntamiento de Colindres<\/title>\n<meta name=\"robots\" content=\"index, follow, max-snippet:-1, max-image-preview:large, max-video-preview:-1\" \/>\n<link rel=\"canonical\" href=\"https:\/\/www.colindres.es\/index.php\/project\/el-taller-de-empleo-colindres-verde-2024-finaliza-tras-formar-a-15-personas-desempleadas\/\" \/>\n<meta property=\"og:locale\" content=\"es_ES\" \/>\n<meta property=\"og:type\" content=\"article\" \/>\n<meta property=\"og:title\" content=\"El Taller de Empleo \u201cColindres Verde 2024\u201d finaliza tras formar a 15 personas desempleadas - Ayuntamiento de Colindres\" \/>\n<meta property=\"og:description\" content=\"Los participantes han obtenido un certificado de profesionalidad en actividades auxiliares de jardiner\u00eda. El Ayuntamiento de Colindres clausur\u00f3 el pasado 28 de marzo el Taller de Empleo \u201cColindres Verde 2024\u201d en el que han participado un total de 15 alumnos &#8211; trabajadores que, a lo largo de todo un a\u00f1o, han recibido formaci\u00f3n en materia [&hellip;]\" \/>\n<meta property=\"og:url\" content=\"https:\/\/www.colindres.es\/index.php\/project\/el-taller-de-empleo-colindres-verde-2024-finaliza-tras-formar-a-15-personas-desempleadas\/\" \/>\n<meta property=\"og:site_name\" content=\"Ayuntamiento de Colindres\" \/>\n<meta property=\"og:image\" content=\"https:\/\/www.colindres.es\/wp-content\/uploads\/2025\/04\/1744277010386.jpg\" \/>\n\t<meta property=\"og:image:width\" content=\"1200\" \/>\n\t<meta property=\"og:image:height\" content=\"1600\" \/>\n\t<meta property=\"og:image:type\" content=\"image\/jpeg\" \/>\n<meta name=\"twitter:card\" content=\"summary_large_image\" \/>\n<meta name=\"twitter:label1\" content=\"Tiempo de lectura\" \/>\n\t<meta name=\"twitter:data1\" content=\"2 minutos\" \/>\n<script type=\"application\/ld+json\" class=\"yoast-schema-graph\">{\"@context\":\"https:\/\/schema.org\",\"@graph\":[{\"@type\":\"WebPage\",\"@id\":\"https:\/\/www.colindres.es\/index.php\/project\/el-taller-de-empleo-colindres-verde-2024-finaliza-tras-formar-a-15-personas-desempleadas\/\",\"url\":\"https:\/\/www.colindres.es\/index.php\/project\/el-taller-de-empleo-colindres-verde-2024-finaliza-tras-formar-a-15-personas-desempleadas\/\",\"name\":\"El Taller de Empleo \u201cColindres Verde 2024\u201d finaliza tras formar a 15 personas desempleadas - Ayuntamiento de Colindres\",\"isPartOf\":{\"@id\":\"https:\/\/www.colindres.es\/#website\"},\"primaryImageOfPage\":{\"@id\":\"https:\/\/www.colindres.es\/index.php\/project\/el-taller-de-empleo-colindres-verde-2024-finaliza-tras-formar-a-15-personas-desempleadas\/#primaryimage\"},\"image\":{\"@id\":\"https:\/\/www.colindres.es\/index.php\/project\/el-taller-de-empleo-colindres-verde-2024-finaliza-tras-formar-a-15-personas-desempleadas\/#primaryimage\"},\"thumbnailUrl\":\"https:\/\/www.colindres.es\/wp-content\/uploads\/2025\/04\/1744277010386.jpg\",\"datePublished\":\"2025-04-14T21:01:55+00:00\",\"breadcrumb\":{\"@id\":\"https:\/\/www.colindres.es\/index.php\/project\/el-taller-de-empleo-colindres-verde-2024-finaliza-tras-formar-a-15-personas-desempleadas\/#breadcrumb\"},\"inLanguage\":\"es\",\"potentialAction\":[{\"@type\":\"ReadAction\",\"target\":[\"https:\/\/www.colindres.es\/index.php\/project\/el-taller-de-empleo-colindres-verde-2024-finaliza-tras-formar-a-15-personas-desempleadas\/\"]}]},{\"@type\":\"ImageObject\",\"inLanguage\":\"es\",\"@id\":\"https:\/\/www.colindres.es\/index.php\/project\/el-taller-de-empleo-colindres-verde-2024-finaliza-tras-formar-a-15-personas-desempleadas\/#primaryimage\",\"url\":\"https:\/\/www.colindres.es\/wp-content\/uploads\/2025\/04\/1744277010386.jpg\",\"contentUrl\":\"https:\/\/www.colindres.es\/wp-content\/uploads\/2025\/04\/1744277010386.jpg\",\"width\":1200,\"height\":1600},{\"@type\":\"BreadcrumbList\",\"@id\":\"https:\/\/www.colindres.es\/index.php\/project\/el-taller-de-empleo-colindres-verde-2024-finaliza-tras-formar-a-15-personas-desempleadas\/#breadcrumb\",\"itemListElement\":[{\"@type\":\"ListItem\",\"position\":1,\"name\":\"Portada\",\"item\":\"https:\/\/www.colindres.es\/\"},{\"@type\":\"ListItem\",\"position\":2,\"name\":\"Proyectos\",\"item\":\"https:\/\/www.colindres.es\/index.php\/project\/\"},{\"@type\":\"ListItem\",\"position\":3,\"name\":\"El Taller de Empleo \u201cColindres Verde 2024\u201d finaliza tras formar a 15 personas desempleadas\"}]},{\"@type\":\"WebSite\",\"@id\":\"https:\/\/www.colindres.es\/#website\",\"url\":\"https:\/\/www.colindres.es\/\",\"name\":\"Ayuntamiento de Colindres\",\"description\":\"Dise\u00f1ado por NTIC&#039;s\",\"publisher\":{\"@id\":\"https:\/\/www.colindres.es\/#organization\"},\"potentialAction\":[{\"@type\":\"SearchAction\",\"target\":{\"@type\":\"EntryPoint\",\"urlTemplate\":\"https:\/\/www.colindres.es\/?s={search_term_string}\"},\"query-input\":{\"@type\":\"PropertyValueSpecification\",\"valueRequired\":true,\"valueName\":\"search_term_string\"}}],\"inLanguage\":\"es\"},{\"@type\":\"Organization\",\"@id\":\"https:\/\/www.colindres.es\/#organization\",\"name\":\"AYUNTAMIENTO DE COLINDRES\",\"url\":\"https:\/\/www.colindres.es\/\",\"logo\":{\"@type\":\"ImageObject\",\"inLanguage\":\"es\",\"@id\":\"https:\/\/www.colindres.es\/#\/schema\/logo\/image\/\",\"url\":\"https:\/\/www.colindres.es\/wp-content\/uploads\/2017\/01\/LOGO-PRINCIPAL.jpg\",\"contentUrl\":\"https:\/\/www.colindres.es\/wp-content\/uploads\/2017\/01\/LOGO-PRINCIPAL.jpg\",\"width\":1209,\"height\":579,\"caption\":\"AYUNTAMIENTO DE COLINDRES\"},\"image\":{\"@id\":\"https:\/\/www.colindres.es\/#\/schema\/logo\/image\/\"}}]}<\/script>\n<!-- \/ Yoast SEO plugin. -->","yoast_head_json":{"title":"El Taller de Empleo \u201cColindres Verde 2024\u201d finaliza tras formar a 15 personas desempleadas - Ayuntamiento de Colindres","robots":{"index":"index","follow":"follow","max-snippet":"max-snippet:-1","max-image-preview":"max-image-preview:large","max-video-preview":"max-video-preview:-1"},"canonical":"https:\/\/www.colindres.es\/index.php\/project\/el-taller-de-empleo-colindres-verde-2024-finaliza-tras-formar-a-15-personas-desempleadas\/","og_locale":"es_ES","og_type":"article","og_title":"El Taller de Empleo \u201cColindres Verde 2024\u201d finaliza tras formar a 15 personas desempleadas - Ayuntamiento de Colindres","og_description":"Los participantes han obtenido un certificado de profesionalidad en actividades auxiliares de jardiner\u00eda. El Ayuntamiento de Colindres clausur\u00f3 el pasado 28 de marzo el Taller de Empleo \u201cColindres Verde 2024\u201d en el que han participado un total de 15 alumnos &#8211; trabajadores que, a lo largo de todo un a\u00f1o, han recibido formaci\u00f3n en materia [&hellip;]","og_url":"https:\/\/www.colindres.es\/index.php\/project\/el-taller-de-empleo-colindres-verde-2024-finaliza-tras-formar-a-15-personas-desempleadas\/","og_site_name":"Ayuntamiento de Colindres","og_image":[{"width":1200,"height":1600,"url":"https:\/\/www.colindres.es\/wp-content\/uploads\/2025\/04\/1744277010386.jpg","type":"image\/jpeg"}],"twitter_card":"summary_large_image","twitter_misc":{"Tiempo de lectura":"2 minutos"},"schema":{"@context":"https:\/\/schema.org","@graph":[{"@type":"WebPage","@id":"https:\/\/www.colindres.es\/index.php\/project\/el-taller-de-empleo-colindres-verde-2024-finaliza-tras-formar-a-15-personas-desempleadas\/","url":"https:\/\/www.colindres.es\/index.php\/project\/el-taller-de-empleo-colindres-verde-2024-finaliza-tras-formar-a-15-personas-desempleadas\/","name":"El Taller de Empleo \u201cColindres Verde 2024\u201d finaliza tras formar a 15 personas desempleadas - Ayuntamiento de Colindres","isPartOf":{"@id":"https:\/\/www.colindres.es\/#website"},"primaryImageOfPage":{"@id":"https:\/\/www.colindres.es\/index.php\/project\/el-taller-de-empleo-colindres-verde-2024-finaliza-tras-formar-a-15-personas-desempleadas\/#primaryimage"},"image":{"@id":"https:\/\/www.colindres.es\/index.php\/project\/el-taller-de-empleo-colindres-verde-2024-finaliza-tras-formar-a-15-personas-desempleadas\/#primaryimage"},"thumbnailUrl":"https:\/\/www.colindres.es\/wp-content\/uploads\/2025\/04\/1744277010386.jpg","datePublished":"2025-04-14T21:01:55+00:00","breadcrumb":{"@id":"https:\/\/www.colindres.es\/index.php\/project\/el-taller-de-empleo-colindres-verde-2024-finaliza-tras-formar-a-15-personas-desempleadas\/#breadcrumb"},"inLanguage":"es","potentialAction":[{"@type":"ReadAction","target":["https:\/\/www.colindres.es\/index.php\/project\/el-taller-de-empleo-colindres-verde-2024-finaliza-tras-formar-a-15-personas-desempleadas\/"]}]},{"@type":"ImageObject","inLanguage":"es","@id":"https:\/\/www.colindres.es\/index.php\/project\/el-taller-de-empleo-colindres-verde-2024-finaliza-tras-formar-a-15-personas-desempleadas\/#primaryimage","url":"https:\/\/www.colindres.es\/wp-content\/uploads\/2025\/04\/1744277010386.jpg","contentUrl":"https:\/\/www.colindres.es\/wp-content\/uploads\/2025\/04\/1744277010386.jpg","width":1200,"height":1600},{"@type":"BreadcrumbList","@id":"https:\/\/www.colindres.es\/index.php\/project\/el-taller-de-empleo-colindres-verde-2024-finaliza-tras-formar-a-15-personas-desempleadas\/#breadcrumb","itemListElement":[{"@type":"ListItem","position":1,"name":"Portada","item":"https:\/\/www.colindres.es\/"},{"@type":"ListItem","position":2,"name":"Proyectos","item":"https:\/\/www.colindres.es\/index.php\/project\/"},{"@type":"ListItem","position":3,"name":"El Taller de Empleo \u201cColindres Verde 2024\u201d finaliza tras formar a 15 personas desempleadas"}]},{"@type":"WebSite","@id":"https:\/\/www.colindres.es\/#website","url":"https:\/\/www.colindres.es\/","name":"Ayuntamiento de Colindres","description":"Dise\u00f1ado por NTIC&#039;s","publisher":{"@id":"https:\/\/www.colindres.es\/#organization"},"potentialAction":[{"@type":"SearchAction","target":{"@type":"EntryPoint","urlTemplate":"https:\/\/www.colindres.es\/?s={search_term_string}"},"query-input":{"@type":"PropertyValueSpecification","valueRequired":true,"valueName":"search_term_string"}}],"inLanguage":"es"},{"@type":"Organization","@id":"https:\/\/www.colindres.es\/#organization","name":"AYUNTAMIENTO DE COLINDRES","url":"https:\/\/www.colindres.es\/","logo":{"@type":"ImageObject","inLanguage":"es","@id":"https:\/\/www.colindres.es\/#\/schema\/logo\/image\/","url":"https:\/\/www.colindres.es\/wp-content\/uploads\/2017\/01\/LOGO-PRINCIPAL.jpg","contentUrl":"https:\/\/www.colindres.es\/wp-content\/uploads\/2017\/01\/LOGO-PRINCIPAL.jpg","width":1209,"height":579,"caption":"AYUNTAMIENTO DE COLINDRES"},"image":{"@id":"https:\/\/www.colindres.es\/#\/schema\/logo\/image\/"}}]}},"_links":{"self":[{"href":"https:\/\/www.colindres.es\/index.php\/wp-json\/wp\/v2\/project\/18167","targetHints":{"allow":["GET"]}}],"collection":[{"href":"https:\/\/www.colindres.es\/index.php\/wp-json\/wp\/v2\/project"}],"about":[{"href":"https:\/\/www.colindres.es\/index.php\/wp-json\/wp\/v2\/types\/project"}],"author":[{"embeddable":true,"href":"https:\/\/www.colindres.es\/index.php\/wp-json\/wp\/v2\/users\/1"}],"replies":[{"embeddable":true,"href":"https:\/\/www.colindres.es\/index.php\/wp-json\/wp\/v2\/comments?post=18167"}],"version-history":[{"count":1,"href":"https:\/\/www.colindres.es\/index.php\/wp-json\/wp\/v2\/project\/18167\/revisions"}],"predecessor-version":[{"id":18169,"href":"https:\/\/www.colindres.es\/index.php\/wp-json\/wp\/v2\/project\/18167\/revisions\/18169"}],"wp:featuredmedia":[{"embeddable":true,"href":"https:\/\/www.colindres.es\/index.php\/wp-json\/wp\/v2\/media\/18168"}],"wp:attachment":[{"href":"https:\/\/www.colindres.es\/index.php\/wp-json\/wp\/v2\/media?parent=18167"}],"wp:term":[{"taxonomy":"project_category","embeddable":true,"href":"https:\/\/www.colindres.es\/index.php\/wp-json\/wp\/v2\/project_category?post=18167"},{"taxonomy":"project_tag","embeddable":true,"href":"https:\/\/www.colindres.es\/index.php\/wp-json\/wp\/v2\/project_tag?post=18167"}],"curies":[{"name":"wp","href":"https:\/\/api.w.org\/{rel}","templated":true}]}}