{"id":18131,"date":"2025-03-14T10:43:11","date_gmt":"2025-03-14T09:43:11","guid":{"rendered":"https:\/\/www.colindres.es\/?post_type=project&#038;p=18131"},"modified":"2025-03-14T10:45:24","modified_gmt":"2025-03-14T09:45:24","slug":"el-alcalde-de-colindres-recibe-al-atleta-mamel-exposito-tras-su-victoria-en-el-campeonato-de-espana-master-celebrado-en-antequra","status":"publish","type":"project","link":"https:\/\/www.colindres.es\/index.php\/project\/el-alcalde-de-colindres-recibe-al-atleta-mamel-exposito-tras-su-victoria-en-el-campeonato-de-espana-master-celebrado-en-antequra\/","title":{"rendered":"El Alcalde de Colindres recibe al atleta Mamel Exp\u00f3sito tras su victoria en el Campeonato de Espa\u00f1a Master celebrado en Antequera"},"content":{"rendered":"<p><em>Exp\u00f3sito, que ha batido dos records recientemente, se prepara para disputar el Mundial en Florida al que acudir\u00e1 bajo el patrocinio del Ayuntamiento de Colindres<\/em><\/p>\n<p>Mamel Exp\u00f3sito ha sido recibido en el Ayuntamiento de Colindres por el alcalde del municipio, Javier Incera y por la concejal de Deportes, Saray Villal\u00f3n como reconocimiento a sus \u00faltimos logros deportivos y antes de que parta hacia Florida donde espera obtener un buen resultado en el Campeonato del Mundo.<\/p>\n<p>El pasado 2 de marzo el atleta colindr\u00e9s hac\u00eda triplete en el campeonato de Espa\u00f1a M\u00e1ster de short track en Antequera en las categor\u00edas 60 ml, 200ml y 400ml. Adem\u00e1s, bati\u00f3 el r\u00e9cord del campeonato en 60 ml con una marca de 8.42 y el de 200ml con 27.44, estableciendo una nueva plusmarca espa\u00f1ola. En 400ml Exp\u00f3sito hizo marca espa\u00f1ola con un tiempo de 1.06.94.<\/p>\n<p>Hace tan s\u00f3lo un mes, Exp\u00f3sito ya bat\u00eda su propio record para 60ml en la categor\u00eda M\u00e1ster 70 y el r\u00e9cord de Espa\u00f1a en 200ml. Tambi\u00e9n es el vigente campe\u00f3n de Europa en 200ml al aire libre.<\/p>\n<p>El Ayuntamiento de Colindres, de donde es natural el atleta, patrocina su participaci\u00f3n en el Campeonato Mundial que se celebrar\u00e1 en Tampa, en Estados Unidos, dentro de s\u00f3lo unas semanas.<\/p>\n<p>\u201cColindres siempre ha sido un municipio ligado y vinculado al deporte y a sus deportistas y para nosotros es todo un orgullo recibir a Mamel en un peque\u00f1o homenaje por los logros obtenidos recientemente, por esos dos records que ha batido y tambi\u00e9n por los que sin duda va a seguir sumando\u201d, apuntaba el alcalde, Javier Incera. \u201cNuestro apoyo es total para que atletas como Mamel y deportistas en general puedan seguir desarrollando sus carreras deportivas y llevando el nombre de Colindres mucho m\u00e1s all\u00e1 de las fronteras del municipio\u201d.<\/p>\n<p>\u201cMamel es un ejemplo de dedicaci\u00f3n, de disciplina y de esfuerzo\u201d, aseguraba la concejal de deportes, Saray Villal\u00f3n, que a\u00f1ad\u00eda que \u201cle deseamos toda la suerte del mundo en su aventura en Florida de la que sabemos que volver\u00e1 con un excelente resultado\u201d.<\/p>\n<p>&nbsp;<\/p>\n<p>&nbsp;<\/p>\n","protected":false},"excerpt":{"rendered":"<p>Exp\u00f3sito, que ha batido dos records recientemente, se prepara para disputar el Mundial en Florida al que acudir\u00e1 bajo el patrocinio del Ayuntamiento de Colindres Mamel Exp\u00f3sito ha sido recibido en el Ayuntamiento de Colindres por el alcalde del municipio, Javier Incera y por la concejal de Deportes, Saray Villal\u00f3n como reconocimiento a sus \u00faltimos [&hellip;]<\/p>\n","protected":false},"author":1,"featured_media":18132,"comment_status":"open","ping_status":"closed","template":"","meta":{"_et_pb_use_builder":"","_et_pb_old_content":"","_et_gb_content_width":"","footnotes":""},"project_category":[6],"project_tag":[],"class_list":["post-18131","project","type-project","status-publish","has-post-thumbnail","hentry","project_category-noticias"],"yoast_head":"<!-- This site is optimized with the Yoast SEO plugin v24.9 - https:\/\/yoast.com\/wordpress\/plugins\/seo\/ -->\n<title>El Alcalde de Colindres recibe al atleta Mamel Exp\u00f3sito tras su victoria en el Campeonato de Espa\u00f1a Master celebrado en Antequera - Ayuntamiento de Colindres<\/title>\n<meta name=\"robots\" content=\"index, follow, max-snippet:-1, max-image-preview:large, max-video-preview:-1\" \/>\n<link rel=\"canonical\" href=\"https:\/\/www.colindres.es\/index.php\/project\/el-alcalde-de-colindres-recibe-al-atleta-mamel-exposito-tras-su-victoria-en-el-campeonato-de-espana-master-celebrado-en-antequra\/\" \/>\n<meta property=\"og:locale\" content=\"es_ES\" \/>\n<meta property=\"og:type\" content=\"article\" \/>\n<meta property=\"og:title\" content=\"El Alcalde de Colindres recibe al atleta Mamel Exp\u00f3sito tras su victoria en el Campeonato de Espa\u00f1a Master celebrado en Antequera - Ayuntamiento de Colindres\" \/>\n<meta property=\"og:description\" content=\"Exp\u00f3sito, que ha batido dos records recientemente, se prepara para disputar el Mundial en Florida al que acudir\u00e1 bajo el patrocinio del Ayuntamiento de Colindres Mamel Exp\u00f3sito ha sido recibido en el Ayuntamiento de Colindres por el alcalde del municipio, Javier Incera y por la concejal de Deportes, Saray Villal\u00f3n como reconocimiento a sus \u00faltimos [&hellip;]\" \/>\n<meta property=\"og:url\" content=\"https:\/\/www.colindres.es\/index.php\/project\/el-alcalde-de-colindres-recibe-al-atleta-mamel-exposito-tras-su-victoria-en-el-campeonato-de-espana-master-celebrado-en-antequra\/\" \/>\n<meta property=\"og:site_name\" content=\"Ayuntamiento de Colindres\" \/>\n<meta property=\"article:modified_time\" content=\"2025-03-14T09:45:24+00:00\" \/>\n<meta property=\"og:image\" content=\"https:\/\/www.colindres.es\/wp-content\/uploads\/2025\/03\/PHOTO-2025-03-13-14-15-17.jpg\" \/>\n\t<meta property=\"og:image:width\" content=\"1415\" \/>\n\t<meta property=\"og:image:height\" content=\"1795\" \/>\n\t<meta property=\"og:image:type\" content=\"image\/jpeg\" \/>\n<meta name=\"twitter:card\" content=\"summary_large_image\" \/>\n<meta name=\"twitter:label1\" content=\"Tiempo de lectura\" \/>\n\t<meta name=\"twitter:data1\" content=\"2 minutos\" \/>\n<script type=\"application\/ld+json\" class=\"yoast-schema-graph\">{\"@context\":\"https:\/\/schema.org\",\"@graph\":[{\"@type\":\"WebPage\",\"@id\":\"https:\/\/www.colindres.es\/index.php\/project\/el-alcalde-de-colindres-recibe-al-atleta-mamel-exposito-tras-su-victoria-en-el-campeonato-de-espana-master-celebrado-en-antequra\/\",\"url\":\"https:\/\/www.colindres.es\/index.php\/project\/el-alcalde-de-colindres-recibe-al-atleta-mamel-exposito-tras-su-victoria-en-el-campeonato-de-espana-master-celebrado-en-antequra\/\",\"name\":\"El Alcalde de Colindres recibe al atleta Mamel Exp\u00f3sito tras su victoria en el Campeonato de Espa\u00f1a Master celebrado en Antequera - Ayuntamiento de Colindres\",\"isPartOf\":{\"@id\":\"https:\/\/www.colindres.es\/#website\"},\"primaryImageOfPage\":{\"@id\":\"https:\/\/www.colindres.es\/index.php\/project\/el-alcalde-de-colindres-recibe-al-atleta-mamel-exposito-tras-su-victoria-en-el-campeonato-de-espana-master-celebrado-en-antequra\/#primaryimage\"},\"image\":{\"@id\":\"https:\/\/www.colindres.es\/index.php\/project\/el-alcalde-de-colindres-recibe-al-atleta-mamel-exposito-tras-su-victoria-en-el-campeonato-de-espana-master-celebrado-en-antequra\/#primaryimage\"},\"thumbnailUrl\":\"https:\/\/www.colindres.es\/wp-content\/uploads\/2025\/03\/PHOTO-2025-03-13-14-15-17.jpg\",\"datePublished\":\"2025-03-14T09:43:11+00:00\",\"dateModified\":\"2025-03-14T09:45:24+00:00\",\"breadcrumb\":{\"@id\":\"https:\/\/www.colindres.es\/index.php\/project\/el-alcalde-de-colindres-recibe-al-atleta-mamel-exposito-tras-su-victoria-en-el-campeonato-de-espana-master-celebrado-en-antequra\/#breadcrumb\"},\"inLanguage\":\"es\",\"potentialAction\":[{\"@type\":\"ReadAction\",\"target\":[\"https:\/\/www.colindres.es\/index.php\/project\/el-alcalde-de-colindres-recibe-al-atleta-mamel-exposito-tras-su-victoria-en-el-campeonato-de-espana-master-celebrado-en-antequra\/\"]}]},{\"@type\":\"ImageObject\",\"inLanguage\":\"es\",\"@id\":\"https:\/\/www.colindres.es\/index.php\/project\/el-alcalde-de-colindres-recibe-al-atleta-mamel-exposito-tras-su-victoria-en-el-campeonato-de-espana-master-celebrado-en-antequra\/#primaryimage\",\"url\":\"https:\/\/www.colindres.es\/wp-content\/uploads\/2025\/03\/PHOTO-2025-03-13-14-15-17.jpg\",\"contentUrl\":\"https:\/\/www.colindres.es\/wp-content\/uploads\/2025\/03\/PHOTO-2025-03-13-14-15-17.jpg\",\"width\":1415,\"height\":1795},{\"@type\":\"BreadcrumbList\",\"@id\":\"https:\/\/www.colindres.es\/index.php\/project\/el-alcalde-de-colindres-recibe-al-atleta-mamel-exposito-tras-su-victoria-en-el-campeonato-de-espana-master-celebrado-en-antequra\/#breadcrumb\",\"itemListElement\":[{\"@type\":\"ListItem\",\"position\":1,\"name\":\"Portada\",\"item\":\"https:\/\/www.colindres.es\/\"},{\"@type\":\"ListItem\",\"position\":2,\"name\":\"Proyectos\",\"item\":\"https:\/\/www.colindres.es\/index.php\/project\/\"},{\"@type\":\"ListItem\",\"position\":3,\"name\":\"El Alcalde de Colindres recibe al atleta Mamel Exp\u00f3sito tras su victoria en el Campeonato de Espa\u00f1a Master celebrado en Antequera\"}]},{\"@type\":\"WebSite\",\"@id\":\"https:\/\/www.colindres.es\/#website\",\"url\":\"https:\/\/www.colindres.es\/\",\"name\":\"Ayuntamiento de Colindres\",\"description\":\"Dise\u00f1ado por NTIC&#039;s\",\"publisher\":{\"@id\":\"https:\/\/www.colindres.es\/#organization\"},\"potentialAction\":[{\"@type\":\"SearchAction\",\"target\":{\"@type\":\"EntryPoint\",\"urlTemplate\":\"https:\/\/www.colindres.es\/?s={search_term_string}\"},\"query-input\":{\"@type\":\"PropertyValueSpecification\",\"valueRequired\":true,\"valueName\":\"search_term_string\"}}],\"inLanguage\":\"es\"},{\"@type\":\"Organization\",\"@id\":\"https:\/\/www.colindres.es\/#organization\",\"name\":\"AYUNTAMIENTO DE COLINDRES\",\"url\":\"https:\/\/www.colindres.es\/\",\"logo\":{\"@type\":\"ImageObject\",\"inLanguage\":\"es\",\"@id\":\"https:\/\/www.colindres.es\/#\/schema\/logo\/image\/\",\"url\":\"https:\/\/www.colindres.es\/wp-content\/uploads\/2017\/01\/LOGO-PRINCIPAL.jpg\",\"contentUrl\":\"https:\/\/www.colindres.es\/wp-content\/uploads\/2017\/01\/LOGO-PRINCIPAL.jpg\",\"width\":1209,\"height\":579,\"caption\":\"AYUNTAMIENTO DE COLINDRES\"},\"image\":{\"@id\":\"https:\/\/www.colindres.es\/#\/schema\/logo\/image\/\"}}]}<\/script>\n<!-- \/ Yoast SEO plugin. -->","yoast_head_json":{"title":"El Alcalde de Colindres recibe al atleta Mamel Exp\u00f3sito tras su victoria en el Campeonato de Espa\u00f1a Master celebrado en Antequera - Ayuntamiento de Colindres","robots":{"index":"index","follow":"follow","max-snippet":"max-snippet:-1","max-image-preview":"max-image-preview:large","max-video-preview":"max-video-preview:-1"},"canonical":"https:\/\/www.colindres.es\/index.php\/project\/el-alcalde-de-colindres-recibe-al-atleta-mamel-exposito-tras-su-victoria-en-el-campeonato-de-espana-master-celebrado-en-antequra\/","og_locale":"es_ES","og_type":"article","og_title":"El Alcalde de Colindres recibe al atleta Mamel Exp\u00f3sito tras su victoria en el Campeonato de Espa\u00f1a Master celebrado en Antequera - Ayuntamiento de Colindres","og_description":"Exp\u00f3sito, que ha batido dos records recientemente, se prepara para disputar el Mundial en Florida al que acudir\u00e1 bajo el patrocinio del Ayuntamiento de Colindres Mamel Exp\u00f3sito ha sido recibido en el Ayuntamiento de Colindres por el alcalde del municipio, Javier Incera y por la concejal de Deportes, Saray Villal\u00f3n como reconocimiento a sus \u00faltimos [&hellip;]","og_url":"https:\/\/www.colindres.es\/index.php\/project\/el-alcalde-de-colindres-recibe-al-atleta-mamel-exposito-tras-su-victoria-en-el-campeonato-de-espana-master-celebrado-en-antequra\/","og_site_name":"Ayuntamiento de Colindres","article_modified_time":"2025-03-14T09:45:24+00:00","og_image":[{"width":1415,"height":1795,"url":"https:\/\/www.colindres.es\/wp-content\/uploads\/2025\/03\/PHOTO-2025-03-13-14-15-17.jpg","type":"image\/jpeg"}],"twitter_card":"summary_large_image","twitter_misc":{"Tiempo de lectura":"2 minutos"},"schema":{"@context":"https:\/\/schema.org","@graph":[{"@type":"WebPage","@id":"https:\/\/www.colindres.es\/index.php\/project\/el-alcalde-de-colindres-recibe-al-atleta-mamel-exposito-tras-su-victoria-en-el-campeonato-de-espana-master-celebrado-en-antequra\/","url":"https:\/\/www.colindres.es\/index.php\/project\/el-alcalde-de-colindres-recibe-al-atleta-mamel-exposito-tras-su-victoria-en-el-campeonato-de-espana-master-celebrado-en-antequra\/","name":"El Alcalde de Colindres recibe al atleta Mamel Exp\u00f3sito tras su victoria en el Campeonato de Espa\u00f1a Master celebrado en Antequera - Ayuntamiento de Colindres","isPartOf":{"@id":"https:\/\/www.colindres.es\/#website"},"primaryImageOfPage":{"@id":"https:\/\/www.colindres.es\/index.php\/project\/el-alcalde-de-colindres-recibe-al-atleta-mamel-exposito-tras-su-victoria-en-el-campeonato-de-espana-master-celebrado-en-antequra\/#primaryimage"},"image":{"@id":"https:\/\/www.colindres.es\/index.php\/project\/el-alcalde-de-colindres-recibe-al-atleta-mamel-exposito-tras-su-victoria-en-el-campeonato-de-espana-master-celebrado-en-antequra\/#primaryimage"},"thumbnailUrl":"https:\/\/www.colindres.es\/wp-content\/uploads\/2025\/03\/PHOTO-2025-03-13-14-15-17.jpg","datePublished":"2025-03-14T09:43:11+00:00","dateModified":"2025-03-14T09:45:24+00:00","breadcrumb":{"@id":"https:\/\/www.colindres.es\/index.php\/project\/el-alcalde-de-colindres-recibe-al-atleta-mamel-exposito-tras-su-victoria-en-el-campeonato-de-espana-master-celebrado-en-antequra\/#breadcrumb"},"inLanguage":"es","potentialAction":[{"@type":"ReadAction","target":["https:\/\/www.colindres.es\/index.php\/project\/el-alcalde-de-colindres-recibe-al-atleta-mamel-exposito-tras-su-victoria-en-el-campeonato-de-espana-master-celebrado-en-antequra\/"]}]},{"@type":"ImageObject","inLanguage":"es","@id":"https:\/\/www.colindres.es\/index.php\/project\/el-alcalde-de-colindres-recibe-al-atleta-mamel-exposito-tras-su-victoria-en-el-campeonato-de-espana-master-celebrado-en-antequra\/#primaryimage","url":"https:\/\/www.colindres.es\/wp-content\/uploads\/2025\/03\/PHOTO-2025-03-13-14-15-17.jpg","contentUrl":"https:\/\/www.colindres.es\/wp-content\/uploads\/2025\/03\/PHOTO-2025-03-13-14-15-17.jpg","width":1415,"height":1795},{"@type":"BreadcrumbList","@id":"https:\/\/www.colindres.es\/index.php\/project\/el-alcalde-de-colindres-recibe-al-atleta-mamel-exposito-tras-su-victoria-en-el-campeonato-de-espana-master-celebrado-en-antequra\/#breadcrumb","itemListElement":[{"@type":"ListItem","position":1,"name":"Portada","item":"https:\/\/www.colindres.es\/"},{"@type":"ListItem","position":2,"name":"Proyectos","item":"https:\/\/www.colindres.es\/index.php\/project\/"},{"@type":"ListItem","position":3,"name":"El Alcalde de Colindres recibe al atleta Mamel Exp\u00f3sito tras su victoria en el Campeonato de Espa\u00f1a Master celebrado en Antequera"}]},{"@type":"WebSite","@id":"https:\/\/www.colindres.es\/#website","url":"https:\/\/www.colindres.es\/","name":"Ayuntamiento de Colindres","description":"Dise\u00f1ado por NTIC&#039;s","publisher":{"@id":"https:\/\/www.colindres.es\/#organization"},"potentialAction":[{"@type":"SearchAction","target":{"@type":"EntryPoint","urlTemplate":"https:\/\/www.colindres.es\/?s={search_term_string}"},"query-input":{"@type":"PropertyValueSpecification","valueRequired":true,"valueName":"search_term_string"}}],"inLanguage":"es"},{"@type":"Organization","@id":"https:\/\/www.colindres.es\/#organization","name":"AYUNTAMIENTO DE COLINDRES","url":"https:\/\/www.colindres.es\/","logo":{"@type":"ImageObject","inLanguage":"es","@id":"https:\/\/www.colindres.es\/#\/schema\/logo\/image\/","url":"https:\/\/www.colindres.es\/wp-content\/uploads\/2017\/01\/LOGO-PRINCIPAL.jpg","contentUrl":"https:\/\/www.colindres.es\/wp-content\/uploads\/2017\/01\/LOGO-PRINCIPAL.jpg","width":1209,"height":579,"caption":"AYUNTAMIENTO DE COLINDRES"},"image":{"@id":"https:\/\/www.colindres.es\/#\/schema\/logo\/image\/"}}]}},"_links":{"self":[{"href":"https:\/\/www.colindres.es\/index.php\/wp-json\/wp\/v2\/project\/18131","targetHints":{"allow":["GET"]}}],"collection":[{"href":"https:\/\/www.colindres.es\/index.php\/wp-json\/wp\/v2\/project"}],"about":[{"href":"https:\/\/www.colindres.es\/index.php\/wp-json\/wp\/v2\/types\/project"}],"author":[{"embeddable":true,"href":"https:\/\/www.colindres.es\/index.php\/wp-json\/wp\/v2\/users\/1"}],"replies":[{"embeddable":true,"href":"https:\/\/www.colindres.es\/index.php\/wp-json\/wp\/v2\/comments?post=18131"}],"version-history":[{"count":3,"href":"https:\/\/www.colindres.es\/index.php\/wp-json\/wp\/v2\/project\/18131\/revisions"}],"predecessor-version":[{"id":18135,"href":"https:\/\/www.colindres.es\/index.php\/wp-json\/wp\/v2\/project\/18131\/revisions\/18135"}],"wp:featuredmedia":[{"embeddable":true,"href":"https:\/\/www.colindres.es\/index.php\/wp-json\/wp\/v2\/media\/18132"}],"wp:attachment":[{"href":"https:\/\/www.colindres.es\/index.php\/wp-json\/wp\/v2\/media?parent=18131"}],"wp:term":[{"taxonomy":"project_category","embeddable":true,"href":"https:\/\/www.colindres.es\/index.php\/wp-json\/wp\/v2\/project_category?post=18131"},{"taxonomy":"project_tag","embeddable":true,"href":"https:\/\/www.colindres.es\/index.php\/wp-json\/wp\/v2\/project_tag?post=18131"}],"curies":[{"name":"wp","href":"https:\/\/api.w.org\/{rel}","templated":true}]}}