{"id":17980,"date":"2024-11-15T18:36:30","date_gmt":"2024-11-15T17:36:30","guid":{"rendered":"https:\/\/www.colindres.es\/?post_type=project&#038;p=17980"},"modified":"2024-11-15T18:37:20","modified_gmt":"2024-11-15T17:37:20","slug":"el-consejero-de-educacion-formacion-profesional-y-universidades-sergio-silva-acompanado-por-el-alcalde-de-colindres-javier-incera-ha-visitado-las-instalaciones-del-antiguo-colegio-de-infantil-y-p","status":"publish","type":"project","link":"https:\/\/www.colindres.es\/index.php\/project\/el-consejero-de-educacion-formacion-profesional-y-universidades-sergio-silva-acompanado-por-el-alcalde-de-colindres-javier-incera-ha-visitado-las-instalaciones-del-antiguo-colegio-de-infantil-y-p\/","title":{"rendered":"Silva anuncia la puesta en marcha en Colindres del tercer centro p\u00fablico de Educaci\u00f3n Especial de Cantabria el pr\u00f3ximo curso"},"content":{"rendered":"<p>El consejero de Educaci\u00f3n, Formaci\u00f3n Profesional y Universidades, Sergio Silva, acompa\u00f1ado por el alcalde de Colindres, Javier Incera, ha visitado las instalaciones del antiguo colegio de Infantil y Primaria &#8216;Los Puentes&#8217;, en donde ha anunciado que su departamento pondr\u00e1 en marcha, el pr\u00f3ximo curso, 2025\/2026, un nuevo Centro de Educaci\u00f3n Especial.<\/p>\n<p>\u00abNecesitamos un centro de estas caracter\u00edsticas en la zona oriental de Cantabria \u2013ha explicado Silva- y va a ser en Colindres, precisamente por la colaboraci\u00f3n que ha ofrecido el Ayuntamiento y porque contamos ya con una infraestructura educativa que no se utiliza\u00bb.<\/p>\n<p>De hecho, ha a\u00f1adido, con una peque\u00f1a adaptaci\u00f3n, se puede convertir en un Centro de Educaci\u00f3n Especial \u00aben un corto espacio de tiempo\u00bb. En este sentido, todo apunta a que la obra de readaptaci\u00f3n est\u00e9 finalizada a lo largo de la primera mitad de 2025. Adem\u00e1s, con este proyecto, la Consejer\u00eda de Educaci\u00f3n da un paso m\u00e1s y sigue avanzando en el Plan Director de la Inclusi\u00f3n.<\/p>\n<p>Para ello, la Consejer\u00eda reconvertir\u00e1 parte de ese edificio, de unos 400 m2, y que contar\u00e1 con cinco aulas, adem\u00e1s de tres espacios auxiliares y de uso polivalente, dando cumplimiento al compromiso de Gobierno anunciado por la presidenta, Buruaga, en la apertura del curso escolar, el pasado 9 de septiembre en el CEE Parayas.<\/p>\n<p>De esta forma, tal y como ha explicado el consejero, se trata de aliviar la tensi\u00f3n de los centros de Educaci\u00f3n Especial de Cantabria (CEE), \u00abque ya tienen m\u00e1s de 600 alumnos\u00bb, pero especialmente en la zona oriental de la comunidad aut\u00f3noma, en donde el CEE Pintor Mart\u00edn S\u00e1ez, de Laredo, se encuentra al l\u00edmite de su capacidad. \u00abEn Colindres, tenemos todos los ingredientes para que este centro sea una buena opci\u00f3n para empezar a paliar esa presi\u00f3n asistencial que tiene la educaci\u00f3n especial\u00bb, ha subrayado el consejero.<\/p>\n<p>Por su parte, Javier Incera ha calificado de \u00abhist\u00f3rico y feliz\u00bb el d\u00eda de hoy, puesto que introduce de lleno a Colindres en la red de atenci\u00f3n a la diversidad, a la diferencia y a la necesidad. \u00abComo municipio, un salto importante\u00bb, ha dicho Incera, ya que la educaci\u00f3n es uno de los \u00abpilares fundamentales\u00bb para el desarrollo de nuestros ni\u00f1os y, por extensi\u00f3n, de los municipios.<\/p>\n<p>Un proyecto que ha querido dejar claro el acalde \u00abnace de la colaboraci\u00f3n entre dos administraciones que trabajan para cubrir una necesidad de ambos\u00bb. Del entendimiento, ha matizado, surgen proyectos importantes como este.\u00a0 Adem\u00e1s, el nuevo centro educativo, el quinto que tendr\u00e1 Colindres, dar\u00e1 servicio al alumnado de toda la comarca, no solo del municipio.<\/p>\n","protected":false},"excerpt":{"rendered":"<p>El consejero de Educaci\u00f3n, Formaci\u00f3n Profesional y Universidades, Sergio Silva, acompa\u00f1ado por el alcalde de Colindres, Javier Incera, ha visitado las instalaciones del antiguo colegio de Infantil y Primaria &#8216;Los Puentes&#8217;, en donde ha anunciado que su departamento pondr\u00e1 en marcha, el pr\u00f3ximo curso, 2025\/2026, un nuevo Centro de Educaci\u00f3n Especial. \u00abNecesitamos un centro de [&hellip;]<\/p>\n","protected":false},"author":1,"featured_media":17981,"comment_status":"open","ping_status":"closed","template":"","meta":{"_et_pb_use_builder":"","_et_pb_old_content":"","_et_gb_content_width":"","footnotes":""},"project_category":[6],"project_tag":[],"class_list":["post-17980","project","type-project","status-publish","has-post-thumbnail","hentry","project_category-noticias"],"yoast_head":"<!-- This site is optimized with the Yoast SEO plugin v24.9 - https:\/\/yoast.com\/wordpress\/plugins\/seo\/ -->\n<title>Silva anuncia la puesta en marcha en Colindres del tercer centro p\u00fablico de Educaci\u00f3n Especial de Cantabria el pr\u00f3ximo curso - Ayuntamiento de Colindres<\/title>\n<meta name=\"robots\" content=\"index, follow, max-snippet:-1, max-image-preview:large, max-video-preview:-1\" \/>\n<link rel=\"canonical\" href=\"https:\/\/www.colindres.es\/index.php\/project\/el-consejero-de-educacion-formacion-profesional-y-universidades-sergio-silva-acompanado-por-el-alcalde-de-colindres-javier-incera-ha-visitado-las-instalaciones-del-antiguo-colegio-de-infantil-y-p\/\" \/>\n<meta property=\"og:locale\" content=\"es_ES\" \/>\n<meta property=\"og:type\" content=\"article\" \/>\n<meta property=\"og:title\" content=\"Silva anuncia la puesta en marcha en Colindres del tercer centro p\u00fablico de Educaci\u00f3n Especial de Cantabria el pr\u00f3ximo curso - Ayuntamiento de Colindres\" \/>\n<meta property=\"og:description\" content=\"El consejero de Educaci\u00f3n, Formaci\u00f3n Profesional y Universidades, Sergio Silva, acompa\u00f1ado por el alcalde de Colindres, Javier Incera, ha visitado las instalaciones del antiguo colegio de Infantil y Primaria &#8216;Los Puentes&#8217;, en donde ha anunciado que su departamento pondr\u00e1 en marcha, el pr\u00f3ximo curso, 2025\/2026, un nuevo Centro de Educaci\u00f3n Especial. \u00abNecesitamos un centro de [&hellip;]\" \/>\n<meta property=\"og:url\" content=\"https:\/\/www.colindres.es\/index.php\/project\/el-consejero-de-educacion-formacion-profesional-y-universidades-sergio-silva-acompanado-por-el-alcalde-de-colindres-javier-incera-ha-visitado-las-instalaciones-del-antiguo-colegio-de-infantil-y-p\/\" \/>\n<meta property=\"og:site_name\" content=\"Ayuntamiento de Colindres\" \/>\n<meta property=\"article:modified_time\" content=\"2024-11-15T17:37:20+00:00\" \/>\n<meta property=\"og:image\" content=\"https:\/\/www.colindres.es\/wp-content\/uploads\/2024\/11\/IMG_7074.jpeg\" \/>\n\t<meta property=\"og:image:width\" content=\"1920\" \/>\n\t<meta property=\"og:image:height\" content=\"1280\" \/>\n\t<meta property=\"og:image:type\" content=\"image\/jpeg\" \/>\n<meta name=\"twitter:card\" content=\"summary_large_image\" \/>\n<meta name=\"twitter:label1\" content=\"Tiempo de lectura\" \/>\n\t<meta name=\"twitter:data1\" content=\"3 minutos\" \/>\n<script type=\"application\/ld+json\" class=\"yoast-schema-graph\">{\"@context\":\"https:\/\/schema.org\",\"@graph\":[{\"@type\":\"WebPage\",\"@id\":\"https:\/\/www.colindres.es\/index.php\/project\/el-consejero-de-educacion-formacion-profesional-y-universidades-sergio-silva-acompanado-por-el-alcalde-de-colindres-javier-incera-ha-visitado-las-instalaciones-del-antiguo-colegio-de-infantil-y-p\/\",\"url\":\"https:\/\/www.colindres.es\/index.php\/project\/el-consejero-de-educacion-formacion-profesional-y-universidades-sergio-silva-acompanado-por-el-alcalde-de-colindres-javier-incera-ha-visitado-las-instalaciones-del-antiguo-colegio-de-infantil-y-p\/\",\"name\":\"Silva anuncia la puesta en marcha en Colindres del tercer centro p\u00fablico de Educaci\u00f3n Especial de Cantabria el pr\u00f3ximo curso - Ayuntamiento de Colindres\",\"isPartOf\":{\"@id\":\"https:\/\/www.colindres.es\/#website\"},\"primaryImageOfPage\":{\"@id\":\"https:\/\/www.colindres.es\/index.php\/project\/el-consejero-de-educacion-formacion-profesional-y-universidades-sergio-silva-acompanado-por-el-alcalde-de-colindres-javier-incera-ha-visitado-las-instalaciones-del-antiguo-colegio-de-infantil-y-p\/#primaryimage\"},\"image\":{\"@id\":\"https:\/\/www.colindres.es\/index.php\/project\/el-consejero-de-educacion-formacion-profesional-y-universidades-sergio-silva-acompanado-por-el-alcalde-de-colindres-javier-incera-ha-visitado-las-instalaciones-del-antiguo-colegio-de-infantil-y-p\/#primaryimage\"},\"thumbnailUrl\":\"https:\/\/www.colindres.es\/wp-content\/uploads\/2024\/11\/IMG_7074.jpeg\",\"datePublished\":\"2024-11-15T17:36:30+00:00\",\"dateModified\":\"2024-11-15T17:37:20+00:00\",\"breadcrumb\":{\"@id\":\"https:\/\/www.colindres.es\/index.php\/project\/el-consejero-de-educacion-formacion-profesional-y-universidades-sergio-silva-acompanado-por-el-alcalde-de-colindres-javier-incera-ha-visitado-las-instalaciones-del-antiguo-colegio-de-infantil-y-p\/#breadcrumb\"},\"inLanguage\":\"es\",\"potentialAction\":[{\"@type\":\"ReadAction\",\"target\":[\"https:\/\/www.colindres.es\/index.php\/project\/el-consejero-de-educacion-formacion-profesional-y-universidades-sergio-silva-acompanado-por-el-alcalde-de-colindres-javier-incera-ha-visitado-las-instalaciones-del-antiguo-colegio-de-infantil-y-p\/\"]}]},{\"@type\":\"ImageObject\",\"inLanguage\":\"es\",\"@id\":\"https:\/\/www.colindres.es\/index.php\/project\/el-consejero-de-educacion-formacion-profesional-y-universidades-sergio-silva-acompanado-por-el-alcalde-de-colindres-javier-incera-ha-visitado-las-instalaciones-del-antiguo-colegio-de-infantil-y-p\/#primaryimage\",\"url\":\"https:\/\/www.colindres.es\/wp-content\/uploads\/2024\/11\/IMG_7074.jpeg\",\"contentUrl\":\"https:\/\/www.colindres.es\/wp-content\/uploads\/2024\/11\/IMG_7074.jpeg\",\"width\":1920,\"height\":1280},{\"@type\":\"BreadcrumbList\",\"@id\":\"https:\/\/www.colindres.es\/index.php\/project\/el-consejero-de-educacion-formacion-profesional-y-universidades-sergio-silva-acompanado-por-el-alcalde-de-colindres-javier-incera-ha-visitado-las-instalaciones-del-antiguo-colegio-de-infantil-y-p\/#breadcrumb\",\"itemListElement\":[{\"@type\":\"ListItem\",\"position\":1,\"name\":\"Portada\",\"item\":\"https:\/\/www.colindres.es\/\"},{\"@type\":\"ListItem\",\"position\":2,\"name\":\"Proyectos\",\"item\":\"https:\/\/www.colindres.es\/index.php\/project\/\"},{\"@type\":\"ListItem\",\"position\":3,\"name\":\"Silva anuncia la puesta en marcha en Colindres del tercer centro p\u00fablico de Educaci\u00f3n Especial de Cantabria el pr\u00f3ximo curso\"}]},{\"@type\":\"WebSite\",\"@id\":\"https:\/\/www.colindres.es\/#website\",\"url\":\"https:\/\/www.colindres.es\/\",\"name\":\"Ayuntamiento de Colindres\",\"description\":\"Dise\u00f1ado por NTIC&#039;s\",\"publisher\":{\"@id\":\"https:\/\/www.colindres.es\/#organization\"},\"potentialAction\":[{\"@type\":\"SearchAction\",\"target\":{\"@type\":\"EntryPoint\",\"urlTemplate\":\"https:\/\/www.colindres.es\/?s={search_term_string}\"},\"query-input\":{\"@type\":\"PropertyValueSpecification\",\"valueRequired\":true,\"valueName\":\"search_term_string\"}}],\"inLanguage\":\"es\"},{\"@type\":\"Organization\",\"@id\":\"https:\/\/www.colindres.es\/#organization\",\"name\":\"AYUNTAMIENTO DE COLINDRES\",\"url\":\"https:\/\/www.colindres.es\/\",\"logo\":{\"@type\":\"ImageObject\",\"inLanguage\":\"es\",\"@id\":\"https:\/\/www.colindres.es\/#\/schema\/logo\/image\/\",\"url\":\"https:\/\/www.colindres.es\/wp-content\/uploads\/2017\/01\/LOGO-PRINCIPAL.jpg\",\"contentUrl\":\"https:\/\/www.colindres.es\/wp-content\/uploads\/2017\/01\/LOGO-PRINCIPAL.jpg\",\"width\":1209,\"height\":579,\"caption\":\"AYUNTAMIENTO DE COLINDRES\"},\"image\":{\"@id\":\"https:\/\/www.colindres.es\/#\/schema\/logo\/image\/\"}}]}<\/script>\n<!-- \/ Yoast SEO plugin. -->","yoast_head_json":{"title":"Silva anuncia la puesta en marcha en Colindres del tercer centro p\u00fablico de Educaci\u00f3n Especial de Cantabria el pr\u00f3ximo curso - Ayuntamiento de Colindres","robots":{"index":"index","follow":"follow","max-snippet":"max-snippet:-1","max-image-preview":"max-image-preview:large","max-video-preview":"max-video-preview:-1"},"canonical":"https:\/\/www.colindres.es\/index.php\/project\/el-consejero-de-educacion-formacion-profesional-y-universidades-sergio-silva-acompanado-por-el-alcalde-de-colindres-javier-incera-ha-visitado-las-instalaciones-del-antiguo-colegio-de-infantil-y-p\/","og_locale":"es_ES","og_type":"article","og_title":"Silva anuncia la puesta en marcha en Colindres del tercer centro p\u00fablico de Educaci\u00f3n Especial de Cantabria el pr\u00f3ximo curso - Ayuntamiento de Colindres","og_description":"El consejero de Educaci\u00f3n, Formaci\u00f3n Profesional y Universidades, Sergio Silva, acompa\u00f1ado por el alcalde de Colindres, Javier Incera, ha visitado las instalaciones del antiguo colegio de Infantil y Primaria &#8216;Los Puentes&#8217;, en donde ha anunciado que su departamento pondr\u00e1 en marcha, el pr\u00f3ximo curso, 2025\/2026, un nuevo Centro de Educaci\u00f3n Especial. \u00abNecesitamos un centro de [&hellip;]","og_url":"https:\/\/www.colindres.es\/index.php\/project\/el-consejero-de-educacion-formacion-profesional-y-universidades-sergio-silva-acompanado-por-el-alcalde-de-colindres-javier-incera-ha-visitado-las-instalaciones-del-antiguo-colegio-de-infantil-y-p\/","og_site_name":"Ayuntamiento de Colindres","article_modified_time":"2024-11-15T17:37:20+00:00","og_image":[{"width":1920,"height":1280,"url":"https:\/\/www.colindres.es\/wp-content\/uploads\/2024\/11\/IMG_7074.jpeg","type":"image\/jpeg"}],"twitter_card":"summary_large_image","twitter_misc":{"Tiempo de lectura":"3 minutos"},"schema":{"@context":"https:\/\/schema.org","@graph":[{"@type":"WebPage","@id":"https:\/\/www.colindres.es\/index.php\/project\/el-consejero-de-educacion-formacion-profesional-y-universidades-sergio-silva-acompanado-por-el-alcalde-de-colindres-javier-incera-ha-visitado-las-instalaciones-del-antiguo-colegio-de-infantil-y-p\/","url":"https:\/\/www.colindres.es\/index.php\/project\/el-consejero-de-educacion-formacion-profesional-y-universidades-sergio-silva-acompanado-por-el-alcalde-de-colindres-javier-incera-ha-visitado-las-instalaciones-del-antiguo-colegio-de-infantil-y-p\/","name":"Silva anuncia la puesta en marcha en Colindres del tercer centro p\u00fablico de Educaci\u00f3n Especial de Cantabria el pr\u00f3ximo curso - Ayuntamiento de Colindres","isPartOf":{"@id":"https:\/\/www.colindres.es\/#website"},"primaryImageOfPage":{"@id":"https:\/\/www.colindres.es\/index.php\/project\/el-consejero-de-educacion-formacion-profesional-y-universidades-sergio-silva-acompanado-por-el-alcalde-de-colindres-javier-incera-ha-visitado-las-instalaciones-del-antiguo-colegio-de-infantil-y-p\/#primaryimage"},"image":{"@id":"https:\/\/www.colindres.es\/index.php\/project\/el-consejero-de-educacion-formacion-profesional-y-universidades-sergio-silva-acompanado-por-el-alcalde-de-colindres-javier-incera-ha-visitado-las-instalaciones-del-antiguo-colegio-de-infantil-y-p\/#primaryimage"},"thumbnailUrl":"https:\/\/www.colindres.es\/wp-content\/uploads\/2024\/11\/IMG_7074.jpeg","datePublished":"2024-11-15T17:36:30+00:00","dateModified":"2024-11-15T17:37:20+00:00","breadcrumb":{"@id":"https:\/\/www.colindres.es\/index.php\/project\/el-consejero-de-educacion-formacion-profesional-y-universidades-sergio-silva-acompanado-por-el-alcalde-de-colindres-javier-incera-ha-visitado-las-instalaciones-del-antiguo-colegio-de-infantil-y-p\/#breadcrumb"},"inLanguage":"es","potentialAction":[{"@type":"ReadAction","target":["https:\/\/www.colindres.es\/index.php\/project\/el-consejero-de-educacion-formacion-profesional-y-universidades-sergio-silva-acompanado-por-el-alcalde-de-colindres-javier-incera-ha-visitado-las-instalaciones-del-antiguo-colegio-de-infantil-y-p\/"]}]},{"@type":"ImageObject","inLanguage":"es","@id":"https:\/\/www.colindres.es\/index.php\/project\/el-consejero-de-educacion-formacion-profesional-y-universidades-sergio-silva-acompanado-por-el-alcalde-de-colindres-javier-incera-ha-visitado-las-instalaciones-del-antiguo-colegio-de-infantil-y-p\/#primaryimage","url":"https:\/\/www.colindres.es\/wp-content\/uploads\/2024\/11\/IMG_7074.jpeg","contentUrl":"https:\/\/www.colindres.es\/wp-content\/uploads\/2024\/11\/IMG_7074.jpeg","width":1920,"height":1280},{"@type":"BreadcrumbList","@id":"https:\/\/www.colindres.es\/index.php\/project\/el-consejero-de-educacion-formacion-profesional-y-universidades-sergio-silva-acompanado-por-el-alcalde-de-colindres-javier-incera-ha-visitado-las-instalaciones-del-antiguo-colegio-de-infantil-y-p\/#breadcrumb","itemListElement":[{"@type":"ListItem","position":1,"name":"Portada","item":"https:\/\/www.colindres.es\/"},{"@type":"ListItem","position":2,"name":"Proyectos","item":"https:\/\/www.colindres.es\/index.php\/project\/"},{"@type":"ListItem","position":3,"name":"Silva anuncia la puesta en marcha en Colindres del tercer centro p\u00fablico de Educaci\u00f3n Especial de Cantabria el pr\u00f3ximo curso"}]},{"@type":"WebSite","@id":"https:\/\/www.colindres.es\/#website","url":"https:\/\/www.colindres.es\/","name":"Ayuntamiento de Colindres","description":"Dise\u00f1ado por NTIC&#039;s","publisher":{"@id":"https:\/\/www.colindres.es\/#organization"},"potentialAction":[{"@type":"SearchAction","target":{"@type":"EntryPoint","urlTemplate":"https:\/\/www.colindres.es\/?s={search_term_string}"},"query-input":{"@type":"PropertyValueSpecification","valueRequired":true,"valueName":"search_term_string"}}],"inLanguage":"es"},{"@type":"Organization","@id":"https:\/\/www.colindres.es\/#organization","name":"AYUNTAMIENTO DE COLINDRES","url":"https:\/\/www.colindres.es\/","logo":{"@type":"ImageObject","inLanguage":"es","@id":"https:\/\/www.colindres.es\/#\/schema\/logo\/image\/","url":"https:\/\/www.colindres.es\/wp-content\/uploads\/2017\/01\/LOGO-PRINCIPAL.jpg","contentUrl":"https:\/\/www.colindres.es\/wp-content\/uploads\/2017\/01\/LOGO-PRINCIPAL.jpg","width":1209,"height":579,"caption":"AYUNTAMIENTO DE COLINDRES"},"image":{"@id":"https:\/\/www.colindres.es\/#\/schema\/logo\/image\/"}}]}},"_links":{"self":[{"href":"https:\/\/www.colindres.es\/index.php\/wp-json\/wp\/v2\/project\/17980","targetHints":{"allow":["GET"]}}],"collection":[{"href":"https:\/\/www.colindres.es\/index.php\/wp-json\/wp\/v2\/project"}],"about":[{"href":"https:\/\/www.colindres.es\/index.php\/wp-json\/wp\/v2\/types\/project"}],"author":[{"embeddable":true,"href":"https:\/\/www.colindres.es\/index.php\/wp-json\/wp\/v2\/users\/1"}],"replies":[{"embeddable":true,"href":"https:\/\/www.colindres.es\/index.php\/wp-json\/wp\/v2\/comments?post=17980"}],"version-history":[{"count":2,"href":"https:\/\/www.colindres.es\/index.php\/wp-json\/wp\/v2\/project\/17980\/revisions"}],"predecessor-version":[{"id":17983,"href":"https:\/\/www.colindres.es\/index.php\/wp-json\/wp\/v2\/project\/17980\/revisions\/17983"}],"wp:featuredmedia":[{"embeddable":true,"href":"https:\/\/www.colindres.es\/index.php\/wp-json\/wp\/v2\/media\/17981"}],"wp:attachment":[{"href":"https:\/\/www.colindres.es\/index.php\/wp-json\/wp\/v2\/media?parent=17980"}],"wp:term":[{"taxonomy":"project_category","embeddable":true,"href":"https:\/\/www.colindres.es\/index.php\/wp-json\/wp\/v2\/project_category?post=17980"},{"taxonomy":"project_tag","embeddable":true,"href":"https:\/\/www.colindres.es\/index.php\/wp-json\/wp\/v2\/project_tag?post=17980"}],"curies":[{"name":"wp","href":"https:\/\/api.w.org\/{rel}","templated":true}]}}