{"id":1787,"date":"2018-09-01T17:38:20","date_gmt":"2018-09-01T17:38:20","guid":{"rendered":"http:\/\/colindres.es\/?post_type=project&#038;p=1787"},"modified":"2018-09-01T17:38:20","modified_gmt":"2018-09-01T17:38:20","slug":"el-ayuntamiento-destaca-el-exito-de-las-fiestas-de-san-gines-y-agradece-a-todas-las-personas-y-asociaciones-su-colaboracion","status":"publish","type":"project","link":"https:\/\/www.colindres.es\/index.php\/project\/el-ayuntamiento-destaca-el-exito-de-las-fiestas-de-san-gines-y-agradece-a-todas-las-personas-y-asociaciones-su-colaboracion\/","title":{"rendered":"El Ayuntamiento destaca el \u201c\u00e9xito\u201d de las fiestas de San Gin\u00e9s y agradece a todas las personas y asociaciones su colaboraci\u00f3n"},"content":{"rendered":"<p><strong>El concierto de Caf\u00e9 Quijano reuni\u00f3 a m\u00e1s de 12.000 personas en el Puerto y el de David de Mar\u00eda a cerca de 9.000<\/strong><\/p>\n<p><em>Colindres, 31 de Agosto.-<\/em> El Ayuntamiento de Colindres ha querido manifestar a trav\u00e9s de una nota de prensa su sincero agradecimiento a todas las personas y asociaciones que han colaborado para que las fiestas de San Gin\u00e9s hayan sido un a\u00f1o m\u00e1s \u201ctodo un \u00e9xito\u201d.<\/p>\n<p>La concejala de Festejos, Mar\u00eda Eugenia Casta\u00f1eda, ha se\u00f1alado que \u201cson muchas las personas que desinteresadamente dedican su tiempo libre durante los meses previos a los festejos para que los vecinos de Colindres y los visitantes podamos disfrutar de unos d\u00edas especiales\u201d.<\/p>\n<p>As\u00ed, el Ayuntamiento quiere dar las gracias a las pe\u00f1as San Juan y El Juncu, a la Cofrad\u00eda de Pescadores y su Comisi\u00f3n de Fiestas, a los miembros de Protecci\u00f3n Civil, a la Polic\u00eda Local, a asociaciones, clubes y trabajadores municipales, y a todas aquellas personas, entidades e instituciones p\u00fablicas y privadas que colaboran en el desarrollo del programa de actividades.<\/p>\n<p>\u201cSon muchas las personas que ayudan y todas suman. Sin ellos, todo esto no ser\u00eda posible\u201d, ha remachado la edil, que ha resaltado el \u201cexcepcional equipo humano\u201d que conforman.<\/p>\n<p>Casta\u00f1eda ha apuntado que han sido casi medio centenar de actos en apenas cuatro d\u00edas que suponen un gran esfuerzo desde la Concejal\u00eda de Festejos, que reconoce y agradece la colaboraci\u00f3n de todos aquellos que han trabajado codo con codo con su departamento.<\/p>\n<p>Tambi\u00e9n ha destacado \u201cel civismo y la tolerancia\u201d mostrada por todos los colindreses y colindresas, haciendo que los festejos se hayan cerrado sin registrar ninguna incidencia pese a la gran cantidad de p\u00fablico. \u201cEllos y ellas son el alma de nuestras fiestas\u201d, ha subrayado.<\/p>\n<p>La edil de Festejos ha informado que el concierto que protagoniz\u00f3 Caf\u00e9 Quijano en el Puerto reuni\u00f3 a m\u00e1s de 12.000 personas, mientras que la actuaci\u00f3n de David de Mar\u00eda a cerca de 9.000.<\/p>\n<p>Finalmente, ha alabado la iniciativa de Protecci\u00f3n Civil para identificar a todos los ni\u00f1os y ni\u00f1as a trav\u00e9s de una pulsera para que en el caso de que se perdieran debido a la aglomeraci\u00f3n de p\u00fablico pudieran ser localizados inmediatamente.<\/p>\n<p><img loading=\"lazy\" decoding=\"async\" class=\"alignnone size-medium wp-image-1790\" src=\"http:\/\/colindres.es\/wp-content\/uploads\/2018\/09\/San-Gin\u00e9s-2018-3-300x185.jpg\" alt=\"\" width=\"300\" height=\"185\" srcset=\"https:\/\/www.colindres.es\/wp-content\/uploads\/2018\/09\/San-Gin\u00e9s-2018-3-300x185.jpg 300w, https:\/\/www.colindres.es\/wp-content\/uploads\/2018\/09\/San-Gin\u00e9s-2018-3-768x475.jpg 768w, https:\/\/www.colindres.es\/wp-content\/uploads\/2018\/09\/San-Gin\u00e9s-2018-3-1024x633.jpg 1024w, https:\/\/www.colindres.es\/wp-content\/uploads\/2018\/09\/San-Gin\u00e9s-2018-3-1080x667.jpg 1080w, https:\/\/www.colindres.es\/wp-content\/uploads\/2018\/09\/San-Gin\u00e9s-2018-3.jpg 1280w\" sizes=\"(max-width: 300px) 100vw, 300px\" \/> <img loading=\"lazy\" decoding=\"async\" class=\"alignnone size-medium wp-image-1789\" src=\"http:\/\/colindres.es\/wp-content\/uploads\/2018\/09\/San-Gin\u00e9s-2018-2-300x225.jpg\" alt=\"\" width=\"300\" height=\"225\" srcset=\"https:\/\/www.colindres.es\/wp-content\/uploads\/2018\/09\/San-Gin\u00e9s-2018-2-300x225.jpg 300w, https:\/\/www.colindres.es\/wp-content\/uploads\/2018\/09\/San-Gin\u00e9s-2018-2-768x576.jpg 768w, https:\/\/www.colindres.es\/wp-content\/uploads\/2018\/09\/San-Gin\u00e9s-2018-2.jpg 1024w, https:\/\/www.colindres.es\/wp-content\/uploads\/2018\/09\/San-Gin\u00e9s-2018-2-510x382.jpg 510w\" sizes=\"(max-width: 300px) 100vw, 300px\" \/> <img loading=\"lazy\" decoding=\"async\" class=\"alignnone size-medium wp-image-1788\" src=\"http:\/\/colindres.es\/wp-content\/uploads\/2018\/09\/San-Gin\u00e9s-2018-1-300x200.jpg\" alt=\"\" width=\"300\" height=\"200\" srcset=\"https:\/\/www.colindres.es\/wp-content\/uploads\/2018\/09\/San-Gin\u00e9s-2018-1-300x200.jpg 300w, https:\/\/www.colindres.es\/wp-content\/uploads\/2018\/09\/San-Gin\u00e9s-2018-1-768x511.jpg 768w, https:\/\/www.colindres.es\/wp-content\/uploads\/2018\/09\/San-Gin\u00e9s-2018-1-1024x682.jpg 1024w, https:\/\/www.colindres.es\/wp-content\/uploads\/2018\/09\/San-Gin\u00e9s-2018-1-1080x719.jpg 1080w, https:\/\/www.colindres.es\/wp-content\/uploads\/2018\/09\/San-Gin\u00e9s-2018-1.jpg 1280w\" sizes=\"(max-width: 300px) 100vw, 300px\" \/><\/p>\n<p>&nbsp;<\/p>\n","protected":false},"excerpt":{"rendered":"<p>El concierto de Caf\u00e9 Quijano reuni\u00f3 a m\u00e1s de 12.000 personas en el Puerto y el de David de Mar\u00eda a cerca de 9.000 Colindres, 31 de Agosto.- El Ayuntamiento de Colindres ha querido manifestar a trav\u00e9s de una nota de prensa su sincero agradecimiento a todas las personas y asociaciones que han colaborado para [&hellip;]<\/p>\n","protected":false},"author":1,"featured_media":1791,"comment_status":"open","ping_status":"closed","template":"","meta":{"_et_pb_use_builder":"","_et_pb_old_content":"","_et_gb_content_width":"","footnotes":""},"project_category":[],"project_tag":[],"class_list":["post-1787","project","type-project","status-publish","has-post-thumbnail","hentry"],"yoast_head":"<!-- This site is optimized with the Yoast SEO plugin v24.9 - https:\/\/yoast.com\/wordpress\/plugins\/seo\/ -->\n<title>El Ayuntamiento destaca el \u201c\u00e9xito\u201d de las fiestas de San Gin\u00e9s y agradece a todas las personas y asociaciones su colaboraci\u00f3n - Ayuntamiento de Colindres<\/title>\n<meta name=\"robots\" content=\"index, follow, max-snippet:-1, max-image-preview:large, max-video-preview:-1\" \/>\n<link rel=\"canonical\" href=\"https:\/\/www.colindres.es\/index.php\/project\/el-ayuntamiento-destaca-el-exito-de-las-fiestas-de-san-gines-y-agradece-a-todas-las-personas-y-asociaciones-su-colaboracion\/\" \/>\n<meta property=\"og:locale\" content=\"es_ES\" \/>\n<meta property=\"og:type\" content=\"article\" \/>\n<meta property=\"og:title\" content=\"El Ayuntamiento destaca el \u201c\u00e9xito\u201d de las fiestas de San Gin\u00e9s y agradece a todas las personas y asociaciones su colaboraci\u00f3n - Ayuntamiento de Colindres\" \/>\n<meta property=\"og:description\" content=\"El concierto de Caf\u00e9 Quijano reuni\u00f3 a m\u00e1s de 12.000 personas en el Puerto y el de David de Mar\u00eda a cerca de 9.000 Colindres, 31 de Agosto.- El Ayuntamiento de Colindres ha querido manifestar a trav\u00e9s de una nota de prensa su sincero agradecimiento a todas las personas y asociaciones que han colaborado para [&hellip;]\" \/>\n<meta property=\"og:url\" content=\"https:\/\/www.colindres.es\/index.php\/project\/el-ayuntamiento-destaca-el-exito-de-las-fiestas-de-san-gines-y-agradece-a-todas-las-personas-y-asociaciones-su-colaboracion\/\" \/>\n<meta property=\"og:site_name\" content=\"Ayuntamiento de Colindres\" \/>\n<meta property=\"og:image\" content=\"https:\/\/www.colindres.es\/wp-content\/uploads\/2018\/09\/San-Gin\u00e9s-2018-4.jpg\" \/>\n\t<meta property=\"og:image:width\" content=\"1280\" \/>\n\t<meta property=\"og:image:height\" content=\"852\" \/>\n\t<meta property=\"og:image:type\" content=\"image\/jpeg\" \/>\n<meta name=\"twitter:card\" content=\"summary_large_image\" \/>\n<meta name=\"twitter:label1\" content=\"Tiempo de lectura\" \/>\n\t<meta name=\"twitter:data1\" content=\"2 minutos\" \/>\n<script type=\"application\/ld+json\" class=\"yoast-schema-graph\">{\"@context\":\"https:\/\/schema.org\",\"@graph\":[{\"@type\":\"WebPage\",\"@id\":\"https:\/\/www.colindres.es\/index.php\/project\/el-ayuntamiento-destaca-el-exito-de-las-fiestas-de-san-gines-y-agradece-a-todas-las-personas-y-asociaciones-su-colaboracion\/\",\"url\":\"https:\/\/www.colindres.es\/index.php\/project\/el-ayuntamiento-destaca-el-exito-de-las-fiestas-de-san-gines-y-agradece-a-todas-las-personas-y-asociaciones-su-colaboracion\/\",\"name\":\"El Ayuntamiento destaca el \u201c\u00e9xito\u201d de las fiestas de San Gin\u00e9s y agradece a todas las personas y asociaciones su colaboraci\u00f3n - Ayuntamiento de Colindres\",\"isPartOf\":{\"@id\":\"https:\/\/www.colindres.es\/#website\"},\"primaryImageOfPage\":{\"@id\":\"https:\/\/www.colindres.es\/index.php\/project\/el-ayuntamiento-destaca-el-exito-de-las-fiestas-de-san-gines-y-agradece-a-todas-las-personas-y-asociaciones-su-colaboracion\/#primaryimage\"},\"image\":{\"@id\":\"https:\/\/www.colindres.es\/index.php\/project\/el-ayuntamiento-destaca-el-exito-de-las-fiestas-de-san-gines-y-agradece-a-todas-las-personas-y-asociaciones-su-colaboracion\/#primaryimage\"},\"thumbnailUrl\":\"https:\/\/www.colindres.es\/wp-content\/uploads\/2018\/09\/San-Gin\u00e9s-2018-4.jpg\",\"datePublished\":\"2018-09-01T17:38:20+00:00\",\"breadcrumb\":{\"@id\":\"https:\/\/www.colindres.es\/index.php\/project\/el-ayuntamiento-destaca-el-exito-de-las-fiestas-de-san-gines-y-agradece-a-todas-las-personas-y-asociaciones-su-colaboracion\/#breadcrumb\"},\"inLanguage\":\"es\",\"potentialAction\":[{\"@type\":\"ReadAction\",\"target\":[\"https:\/\/www.colindres.es\/index.php\/project\/el-ayuntamiento-destaca-el-exito-de-las-fiestas-de-san-gines-y-agradece-a-todas-las-personas-y-asociaciones-su-colaboracion\/\"]}]},{\"@type\":\"ImageObject\",\"inLanguage\":\"es\",\"@id\":\"https:\/\/www.colindres.es\/index.php\/project\/el-ayuntamiento-destaca-el-exito-de-las-fiestas-de-san-gines-y-agradece-a-todas-las-personas-y-asociaciones-su-colaboracion\/#primaryimage\",\"url\":\"https:\/\/www.colindres.es\/wp-content\/uploads\/2018\/09\/San-Gin\u00e9s-2018-4.jpg\",\"contentUrl\":\"https:\/\/www.colindres.es\/wp-content\/uploads\/2018\/09\/San-Gin\u00e9s-2018-4.jpg\",\"width\":1280,\"height\":852},{\"@type\":\"BreadcrumbList\",\"@id\":\"https:\/\/www.colindres.es\/index.php\/project\/el-ayuntamiento-destaca-el-exito-de-las-fiestas-de-san-gines-y-agradece-a-todas-las-personas-y-asociaciones-su-colaboracion\/#breadcrumb\",\"itemListElement\":[{\"@type\":\"ListItem\",\"position\":1,\"name\":\"Portada\",\"item\":\"https:\/\/www.colindres.es\/\"},{\"@type\":\"ListItem\",\"position\":2,\"name\":\"Proyectos\",\"item\":\"https:\/\/www.colindres.es\/index.php\/project\/\"},{\"@type\":\"ListItem\",\"position\":3,\"name\":\"El Ayuntamiento destaca el \u201c\u00e9xito\u201d de las fiestas de San Gin\u00e9s y agradece a todas las personas y asociaciones su colaboraci\u00f3n\"}]},{\"@type\":\"WebSite\",\"@id\":\"https:\/\/www.colindres.es\/#website\",\"url\":\"https:\/\/www.colindres.es\/\",\"name\":\"Ayuntamiento de Colindres\",\"description\":\"Dise\u00f1ado por NTIC&#039;s\",\"publisher\":{\"@id\":\"https:\/\/www.colindres.es\/#organization\"},\"potentialAction\":[{\"@type\":\"SearchAction\",\"target\":{\"@type\":\"EntryPoint\",\"urlTemplate\":\"https:\/\/www.colindres.es\/?s={search_term_string}\"},\"query-input\":{\"@type\":\"PropertyValueSpecification\",\"valueRequired\":true,\"valueName\":\"search_term_string\"}}],\"inLanguage\":\"es\"},{\"@type\":\"Organization\",\"@id\":\"https:\/\/www.colindres.es\/#organization\",\"name\":\"AYUNTAMIENTO DE COLINDRES\",\"url\":\"https:\/\/www.colindres.es\/\",\"logo\":{\"@type\":\"ImageObject\",\"inLanguage\":\"es\",\"@id\":\"https:\/\/www.colindres.es\/#\/schema\/logo\/image\/\",\"url\":\"https:\/\/www.colindres.es\/wp-content\/uploads\/2017\/01\/LOGO-PRINCIPAL.jpg\",\"contentUrl\":\"https:\/\/www.colindres.es\/wp-content\/uploads\/2017\/01\/LOGO-PRINCIPAL.jpg\",\"width\":1209,\"height\":579,\"caption\":\"AYUNTAMIENTO DE COLINDRES\"},\"image\":{\"@id\":\"https:\/\/www.colindres.es\/#\/schema\/logo\/image\/\"}}]}<\/script>\n<!-- \/ Yoast SEO plugin. -->","yoast_head_json":{"title":"El Ayuntamiento destaca el \u201c\u00e9xito\u201d de las fiestas de San Gin\u00e9s y agradece a todas las personas y asociaciones su colaboraci\u00f3n - Ayuntamiento de Colindres","robots":{"index":"index","follow":"follow","max-snippet":"max-snippet:-1","max-image-preview":"max-image-preview:large","max-video-preview":"max-video-preview:-1"},"canonical":"https:\/\/www.colindres.es\/index.php\/project\/el-ayuntamiento-destaca-el-exito-de-las-fiestas-de-san-gines-y-agradece-a-todas-las-personas-y-asociaciones-su-colaboracion\/","og_locale":"es_ES","og_type":"article","og_title":"El Ayuntamiento destaca el \u201c\u00e9xito\u201d de las fiestas de San Gin\u00e9s y agradece a todas las personas y asociaciones su colaboraci\u00f3n - Ayuntamiento de Colindres","og_description":"El concierto de Caf\u00e9 Quijano reuni\u00f3 a m\u00e1s de 12.000 personas en el Puerto y el de David de Mar\u00eda a cerca de 9.000 Colindres, 31 de Agosto.- El Ayuntamiento de Colindres ha querido manifestar a trav\u00e9s de una nota de prensa su sincero agradecimiento a todas las personas y asociaciones que han colaborado para [&hellip;]","og_url":"https:\/\/www.colindres.es\/index.php\/project\/el-ayuntamiento-destaca-el-exito-de-las-fiestas-de-san-gines-y-agradece-a-todas-las-personas-y-asociaciones-su-colaboracion\/","og_site_name":"Ayuntamiento de Colindres","og_image":[{"width":1280,"height":852,"url":"https:\/\/www.colindres.es\/wp-content\/uploads\/2018\/09\/San-Gin\u00e9s-2018-4.jpg","type":"image\/jpeg"}],"twitter_card":"summary_large_image","twitter_misc":{"Tiempo de lectura":"2 minutos"},"schema":{"@context":"https:\/\/schema.org","@graph":[{"@type":"WebPage","@id":"https:\/\/www.colindres.es\/index.php\/project\/el-ayuntamiento-destaca-el-exito-de-las-fiestas-de-san-gines-y-agradece-a-todas-las-personas-y-asociaciones-su-colaboracion\/","url":"https:\/\/www.colindres.es\/index.php\/project\/el-ayuntamiento-destaca-el-exito-de-las-fiestas-de-san-gines-y-agradece-a-todas-las-personas-y-asociaciones-su-colaboracion\/","name":"El Ayuntamiento destaca el \u201c\u00e9xito\u201d de las fiestas de San Gin\u00e9s y agradece a todas las personas y asociaciones su colaboraci\u00f3n - Ayuntamiento de Colindres","isPartOf":{"@id":"https:\/\/www.colindres.es\/#website"},"primaryImageOfPage":{"@id":"https:\/\/www.colindres.es\/index.php\/project\/el-ayuntamiento-destaca-el-exito-de-las-fiestas-de-san-gines-y-agradece-a-todas-las-personas-y-asociaciones-su-colaboracion\/#primaryimage"},"image":{"@id":"https:\/\/www.colindres.es\/index.php\/project\/el-ayuntamiento-destaca-el-exito-de-las-fiestas-de-san-gines-y-agradece-a-todas-las-personas-y-asociaciones-su-colaboracion\/#primaryimage"},"thumbnailUrl":"https:\/\/www.colindres.es\/wp-content\/uploads\/2018\/09\/San-Gin\u00e9s-2018-4.jpg","datePublished":"2018-09-01T17:38:20+00:00","breadcrumb":{"@id":"https:\/\/www.colindres.es\/index.php\/project\/el-ayuntamiento-destaca-el-exito-de-las-fiestas-de-san-gines-y-agradece-a-todas-las-personas-y-asociaciones-su-colaboracion\/#breadcrumb"},"inLanguage":"es","potentialAction":[{"@type":"ReadAction","target":["https:\/\/www.colindres.es\/index.php\/project\/el-ayuntamiento-destaca-el-exito-de-las-fiestas-de-san-gines-y-agradece-a-todas-las-personas-y-asociaciones-su-colaboracion\/"]}]},{"@type":"ImageObject","inLanguage":"es","@id":"https:\/\/www.colindres.es\/index.php\/project\/el-ayuntamiento-destaca-el-exito-de-las-fiestas-de-san-gines-y-agradece-a-todas-las-personas-y-asociaciones-su-colaboracion\/#primaryimage","url":"https:\/\/www.colindres.es\/wp-content\/uploads\/2018\/09\/San-Gin\u00e9s-2018-4.jpg","contentUrl":"https:\/\/www.colindres.es\/wp-content\/uploads\/2018\/09\/San-Gin\u00e9s-2018-4.jpg","width":1280,"height":852},{"@type":"BreadcrumbList","@id":"https:\/\/www.colindres.es\/index.php\/project\/el-ayuntamiento-destaca-el-exito-de-las-fiestas-de-san-gines-y-agradece-a-todas-las-personas-y-asociaciones-su-colaboracion\/#breadcrumb","itemListElement":[{"@type":"ListItem","position":1,"name":"Portada","item":"https:\/\/www.colindres.es\/"},{"@type":"ListItem","position":2,"name":"Proyectos","item":"https:\/\/www.colindres.es\/index.php\/project\/"},{"@type":"ListItem","position":3,"name":"El Ayuntamiento destaca el \u201c\u00e9xito\u201d de las fiestas de San Gin\u00e9s y agradece a todas las personas y asociaciones su colaboraci\u00f3n"}]},{"@type":"WebSite","@id":"https:\/\/www.colindres.es\/#website","url":"https:\/\/www.colindres.es\/","name":"Ayuntamiento de Colindres","description":"Dise\u00f1ado por NTIC&#039;s","publisher":{"@id":"https:\/\/www.colindres.es\/#organization"},"potentialAction":[{"@type":"SearchAction","target":{"@type":"EntryPoint","urlTemplate":"https:\/\/www.colindres.es\/?s={search_term_string}"},"query-input":{"@type":"PropertyValueSpecification","valueRequired":true,"valueName":"search_term_string"}}],"inLanguage":"es"},{"@type":"Organization","@id":"https:\/\/www.colindres.es\/#organization","name":"AYUNTAMIENTO DE COLINDRES","url":"https:\/\/www.colindres.es\/","logo":{"@type":"ImageObject","inLanguage":"es","@id":"https:\/\/www.colindres.es\/#\/schema\/logo\/image\/","url":"https:\/\/www.colindres.es\/wp-content\/uploads\/2017\/01\/LOGO-PRINCIPAL.jpg","contentUrl":"https:\/\/www.colindres.es\/wp-content\/uploads\/2017\/01\/LOGO-PRINCIPAL.jpg","width":1209,"height":579,"caption":"AYUNTAMIENTO DE COLINDRES"},"image":{"@id":"https:\/\/www.colindres.es\/#\/schema\/logo\/image\/"}}]}},"_links":{"self":[{"href":"https:\/\/www.colindres.es\/index.php\/wp-json\/wp\/v2\/project\/1787","targetHints":{"allow":["GET"]}}],"collection":[{"href":"https:\/\/www.colindres.es\/index.php\/wp-json\/wp\/v2\/project"}],"about":[{"href":"https:\/\/www.colindres.es\/index.php\/wp-json\/wp\/v2\/types\/project"}],"author":[{"embeddable":true,"href":"https:\/\/www.colindres.es\/index.php\/wp-json\/wp\/v2\/users\/1"}],"replies":[{"embeddable":true,"href":"https:\/\/www.colindres.es\/index.php\/wp-json\/wp\/v2\/comments?post=1787"}],"version-history":[{"count":1,"href":"https:\/\/www.colindres.es\/index.php\/wp-json\/wp\/v2\/project\/1787\/revisions"}],"predecessor-version":[{"id":1792,"href":"https:\/\/www.colindres.es\/index.php\/wp-json\/wp\/v2\/project\/1787\/revisions\/1792"}],"wp:featuredmedia":[{"embeddable":true,"href":"https:\/\/www.colindres.es\/index.php\/wp-json\/wp\/v2\/media\/1791"}],"wp:attachment":[{"href":"https:\/\/www.colindres.es\/index.php\/wp-json\/wp\/v2\/media?parent=1787"}],"wp:term":[{"taxonomy":"project_category","embeddable":true,"href":"https:\/\/www.colindres.es\/index.php\/wp-json\/wp\/v2\/project_category?post=1787"},{"taxonomy":"project_tag","embeddable":true,"href":"https:\/\/www.colindres.es\/index.php\/wp-json\/wp\/v2\/project_tag?post=1787"}],"curies":[{"name":"wp","href":"https:\/\/api.w.org\/{rel}","templated":true}]}}