{"id":1784,"date":"2018-08-30T07:27:55","date_gmt":"2018-08-30T07:27:55","guid":{"rendered":"http:\/\/colindres.es\/?post_type=project&#038;p=1784"},"modified":"2018-08-30T07:27:55","modified_gmt":"2018-08-30T07:27:55","slug":"molinos-de-mareas-del-barrio-de-la-magdalena","status":"publish","type":"project","link":"https:\/\/www.colindres.es\/index.php\/project\/molinos-de-mareas-del-barrio-de-la-magdalena\/","title":{"rendered":"Molinos de mareas del barrio de La Magdalena"},"content":{"rendered":"<p>Durante el pasado mes de febrero, en el transcurso de una intervenci\u00f3n realizada en el entorno de la charca de la Avenida de Europa, la brigada de obras del ayuntamiento localiz\u00f3 el emplazamiento de uno de los antiguos molinos de mareas de Colindres, uno de los denominados \u201cMolino de La Magdalena\u201d o de \u201cLa Mar\u201d.<\/p>\n<p>No es la primera vez que los restos de este artilugio ven la luz despu\u00e9s de las numerosas transformaciones que ha experimentado el lugar donde se ubica: durante los trabajos de campo que se efectuaron entre los a\u00f1os 1993 y 1994 dentro de la prospecci\u00f3n arqueol\u00f3gica de los Reales Astilleros de Falgote, este molino fue objeto de estudio por parte de los integrantes del equipo de arque\u00f3logos de dicho proyecto. Y en 2003, fue tambi\u00e9n destapado para realizar un nuevo estudio por parte del arquitecto Luis Azurmendi, experto en molinos.<\/p>\n<p>Las caracter\u00edsticas t\u00e9cnicas del molino son dif\u00edciles de determinar no solo por su evidente estado ruinoso, sino por el hecho de permanecer parcialmente oculto a causa de los rellenos efectuados en su entorno a lo largo de la segunda mitad del siglo pasado. Aunque desconocemos su tama\u00f1o original, seg\u00fan los restos visibles podemos hablar de una construcci\u00f3n de unos 8 metros de largo y de 3,50 de ancho aproximadamente. Por otra parte, el arco de ladrillo que se conserva es indicativo de una intervenci\u00f3n muy posterior a su construcci\u00f3n inicial, quedando como partes originales los restos de la base de la edificaci\u00f3n, as\u00ed como los sillares de su estructura. No podemos, por tanto, aventurar el n\u00famero de maquinarias que alojaba por mucho que estas ruinas evidencien una \u00fanica arcada. La parte oculta bien puede hacernos suponer un molino m\u00e1s grande.<\/p>\n<p>Los molinos de mareas son molinos harineros que surgieron en la Edad Media como una soluci\u00f3n a la escasez, estacional o no, de agua de algunos cauces naturales o al no existir cursos fluviales lo suficientemente importantes para permitir su aprovechamiento.<\/p>\n<p>Se componen de dos elementos fundamentales: el molino propiamente dicho, edificaci\u00f3n donde se aloja la maquinaria asociada a la molienda, y la presa o dique donde se embalsa el agua durante la pleamar a trav\u00e9s de un sistema de compuertas de entrada. En la bajamar, aprovechando el desnivel entre el embalse y el exterior de la presa, el agua sale a trav\u00e9s de unos canales situados bajo el edificio, tantos como maquinarias albergara el molino, con suficiente presi\u00f3n para impulsar el mecanismo que hace girar las piedras de moler.<\/p>\n<p>Con la llegada del ma\u00edz tras el descubrimiento de Am\u00e9rica, la construcci\u00f3n de estos artilugios creci\u00f3 exponencialmente, sobre todo en nuestras costas, donde la climatolog\u00eda y las condiciones del suelo propiciaron su cultivo, d\u00e1ndose en el tramo litoral comprendido entre la bah\u00eda de Santander y el estuario del As\u00f3n la mayor concentraci\u00f3n de molinos de marea del Litoral Atl\u00e1ntico Europeo. Colindres aporta a esta concentraci\u00f3n los ocho molinos documentados que existieron en sus riberas.<\/p>\n<p>Todos ellos han recibido diferentes denominaciones a lo largo de su historia, respondiendo las m\u00e1s antiguas (siglo XVI) al lugar donde se ubicaban (Molino de la Torre de Villar o de Nadal, Molino de Picarrillo, Molinos de La Magdalena, Molino de Trutero, Molino de\u00a0 Jergote,\u00a0 Molino de los Viejos, etc.) a pesar de estar adscritos a algunos de los linajes que fundaron mayorazgo en Colindres y a quienes su funcionamiento reportaba una buena fuente de ingresos, ya fuesen alquilados o regentados con molineros a sueldo.<\/p>\n<p>Con el paso del tiempo, algunos fueron adoptando los nombres de sus sucesivos propietarios. As\u00ed, seg\u00fan cartograf\u00eda de finales del siglo XIX, algunos de los anteriores aparecen referenciados como Molino de Cueto, Molinos de Arredondo, Molino de Pedrosa, Molino de Tap\u00f3n, Molino de Pinilla, Molino de Los Nuevos, etc. Esta cambiante nomenclatura ha provocado, en ocasiones, un efecto multiplicador a la hora de establecer un censo real de los mismos.<\/p>\n<p>Los de la Magdalena, casa uno y casa dos, ya mol\u00edan grano reci\u00e9n estrenado el siglo XVII: el 26 de enero de 1614, do\u00f1a Isabel de la Puebla viuda de Santiago de Puerta Alvarado, arrienda a Mar\u00eda del Rio, \u201c<em>una rueda de molino de agua salada que yo tengo en el t\u00e9rmino de Colindres, en do dicen La Magdalena, que es en la segunda casa de los dichos molinos, la primera rueda que linda con la rueda del molino de antes de ahora tuvo Catalina de Alvarado<\/em>\u2026\u201d.<\/p>\n<p>Y aunque no podemos precisar a cu\u00e1l de los dos pertenecen los restos localizados, al no hallarse vestigios del otro en la zona, s\u00ed sabemos que ambos estaban arruinados en 1853, seg\u00fan se recoge en el \u201c<em>Expediente de enajenaci\u00f3n de las heneras de este com\u00fan<\/em>\u201d, y que posteriormente uno de ellos fue reconstruido para convertirse en un almac\u00e9n de nasas y de aperos de pesca. Y que durante la guerra civil camufl\u00f3 en su interior un polvor\u00edn. Pero \u00e9sta\u2026 es otra historia.<\/p>\n<p>Yolanda Arce y \u00c1ngel Revuelta.<\/p>\n<p><em>Pie de foto: \u201cRestos del Molino de La Magdalena localizados a comienzos de a\u00f1o\u201d. Fuente: los autores.<\/em><\/p>\n","protected":false},"excerpt":{"rendered":"<p>Durante el pasado mes de febrero, en el transcurso de una intervenci\u00f3n realizada en el entorno de la charca de la Avenida de Europa, la brigada de obras del ayuntamiento localiz\u00f3 el emplazamiento de uno de los antiguos molinos de mareas de Colindres, uno de los denominados \u201cMolino de La Magdalena\u201d o de \u201cLa Mar\u201d. [&hellip;]<\/p>\n","protected":false},"author":1,"featured_media":1785,"comment_status":"open","ping_status":"closed","template":"","meta":{"_et_pb_use_builder":"","_et_pb_old_content":"","_et_gb_content_width":"","footnotes":""},"project_category":[],"project_tag":[],"class_list":["post-1784","project","type-project","status-publish","has-post-thumbnail","hentry"],"yoast_head":"<!-- This site is optimized with the Yoast SEO plugin v24.9 - https:\/\/yoast.com\/wordpress\/plugins\/seo\/ -->\n<title>Molinos de mareas del barrio de La Magdalena - Ayuntamiento de Colindres<\/title>\n<meta name=\"robots\" content=\"index, follow, max-snippet:-1, max-image-preview:large, max-video-preview:-1\" \/>\n<link rel=\"canonical\" href=\"https:\/\/www.colindres.es\/index.php\/project\/molinos-de-mareas-del-barrio-de-la-magdalena\/\" \/>\n<meta property=\"og:locale\" content=\"es_ES\" \/>\n<meta property=\"og:type\" content=\"article\" \/>\n<meta property=\"og:title\" content=\"Molinos de mareas del barrio de La Magdalena - Ayuntamiento de Colindres\" \/>\n<meta property=\"og:description\" content=\"Durante el pasado mes de febrero, en el transcurso de una intervenci\u00f3n realizada en el entorno de la charca de la Avenida de Europa, la brigada de obras del ayuntamiento localiz\u00f3 el emplazamiento de uno de los antiguos molinos de mareas de Colindres, uno de los denominados \u201cMolino de La Magdalena\u201d o de \u201cLa Mar\u201d. [&hellip;]\" \/>\n<meta property=\"og:url\" content=\"https:\/\/www.colindres.es\/index.php\/project\/molinos-de-mareas-del-barrio-de-la-magdalena\/\" \/>\n<meta property=\"og:site_name\" content=\"Ayuntamiento de Colindres\" \/>\n<meta property=\"og:image\" content=\"https:\/\/www.colindres.es\/wp-content\/uploads\/2018\/08\/Molino-de-la-Magdalena.jpg\" \/>\n\t<meta property=\"og:image:width\" content=\"1280\" \/>\n\t<meta property=\"og:image:height\" content=\"960\" \/>\n\t<meta property=\"og:image:type\" content=\"image\/jpeg\" \/>\n<meta name=\"twitter:card\" content=\"summary_large_image\" \/>\n<meta name=\"twitter:label1\" content=\"Tiempo de lectura\" \/>\n\t<meta name=\"twitter:data1\" content=\"4 minutos\" \/>\n<script type=\"application\/ld+json\" class=\"yoast-schema-graph\">{\"@context\":\"https:\/\/schema.org\",\"@graph\":[{\"@type\":\"WebPage\",\"@id\":\"https:\/\/www.colindres.es\/index.php\/project\/molinos-de-mareas-del-barrio-de-la-magdalena\/\",\"url\":\"https:\/\/www.colindres.es\/index.php\/project\/molinos-de-mareas-del-barrio-de-la-magdalena\/\",\"name\":\"Molinos de mareas del barrio de La Magdalena - Ayuntamiento de Colindres\",\"isPartOf\":{\"@id\":\"https:\/\/www.colindres.es\/#website\"},\"primaryImageOfPage\":{\"@id\":\"https:\/\/www.colindres.es\/index.php\/project\/molinos-de-mareas-del-barrio-de-la-magdalena\/#primaryimage\"},\"image\":{\"@id\":\"https:\/\/www.colindres.es\/index.php\/project\/molinos-de-mareas-del-barrio-de-la-magdalena\/#primaryimage\"},\"thumbnailUrl\":\"https:\/\/www.colindres.es\/wp-content\/uploads\/2018\/08\/Molino-de-la-Magdalena.jpg\",\"datePublished\":\"2018-08-30T07:27:55+00:00\",\"breadcrumb\":{\"@id\":\"https:\/\/www.colindres.es\/index.php\/project\/molinos-de-mareas-del-barrio-de-la-magdalena\/#breadcrumb\"},\"inLanguage\":\"es\",\"potentialAction\":[{\"@type\":\"ReadAction\",\"target\":[\"https:\/\/www.colindres.es\/index.php\/project\/molinos-de-mareas-del-barrio-de-la-magdalena\/\"]}]},{\"@type\":\"ImageObject\",\"inLanguage\":\"es\",\"@id\":\"https:\/\/www.colindres.es\/index.php\/project\/molinos-de-mareas-del-barrio-de-la-magdalena\/#primaryimage\",\"url\":\"https:\/\/www.colindres.es\/wp-content\/uploads\/2018\/08\/Molino-de-la-Magdalena.jpg\",\"contentUrl\":\"https:\/\/www.colindres.es\/wp-content\/uploads\/2018\/08\/Molino-de-la-Magdalena.jpg\",\"width\":1280,\"height\":960},{\"@type\":\"BreadcrumbList\",\"@id\":\"https:\/\/www.colindres.es\/index.php\/project\/molinos-de-mareas-del-barrio-de-la-magdalena\/#breadcrumb\",\"itemListElement\":[{\"@type\":\"ListItem\",\"position\":1,\"name\":\"Portada\",\"item\":\"https:\/\/www.colindres.es\/\"},{\"@type\":\"ListItem\",\"position\":2,\"name\":\"Proyectos\",\"item\":\"https:\/\/www.colindres.es\/index.php\/project\/\"},{\"@type\":\"ListItem\",\"position\":3,\"name\":\"Molinos de mareas del barrio de La Magdalena\"}]},{\"@type\":\"WebSite\",\"@id\":\"https:\/\/www.colindres.es\/#website\",\"url\":\"https:\/\/www.colindres.es\/\",\"name\":\"Ayuntamiento de Colindres\",\"description\":\"Dise\u00f1ado por NTIC&#039;s\",\"publisher\":{\"@id\":\"https:\/\/www.colindres.es\/#organization\"},\"potentialAction\":[{\"@type\":\"SearchAction\",\"target\":{\"@type\":\"EntryPoint\",\"urlTemplate\":\"https:\/\/www.colindres.es\/?s={search_term_string}\"},\"query-input\":{\"@type\":\"PropertyValueSpecification\",\"valueRequired\":true,\"valueName\":\"search_term_string\"}}],\"inLanguage\":\"es\"},{\"@type\":\"Organization\",\"@id\":\"https:\/\/www.colindres.es\/#organization\",\"name\":\"AYUNTAMIENTO DE COLINDRES\",\"url\":\"https:\/\/www.colindres.es\/\",\"logo\":{\"@type\":\"ImageObject\",\"inLanguage\":\"es\",\"@id\":\"https:\/\/www.colindres.es\/#\/schema\/logo\/image\/\",\"url\":\"https:\/\/www.colindres.es\/wp-content\/uploads\/2017\/01\/LOGO-PRINCIPAL.jpg\",\"contentUrl\":\"https:\/\/www.colindres.es\/wp-content\/uploads\/2017\/01\/LOGO-PRINCIPAL.jpg\",\"width\":1209,\"height\":579,\"caption\":\"AYUNTAMIENTO DE COLINDRES\"},\"image\":{\"@id\":\"https:\/\/www.colindres.es\/#\/schema\/logo\/image\/\"}}]}<\/script>\n<!-- \/ Yoast SEO plugin. -->","yoast_head_json":{"title":"Molinos de mareas del barrio de La Magdalena - Ayuntamiento de Colindres","robots":{"index":"index","follow":"follow","max-snippet":"max-snippet:-1","max-image-preview":"max-image-preview:large","max-video-preview":"max-video-preview:-1"},"canonical":"https:\/\/www.colindres.es\/index.php\/project\/molinos-de-mareas-del-barrio-de-la-magdalena\/","og_locale":"es_ES","og_type":"article","og_title":"Molinos de mareas del barrio de La Magdalena - Ayuntamiento de Colindres","og_description":"Durante el pasado mes de febrero, en el transcurso de una intervenci\u00f3n realizada en el entorno de la charca de la Avenida de Europa, la brigada de obras del ayuntamiento localiz\u00f3 el emplazamiento de uno de los antiguos molinos de mareas de Colindres, uno de los denominados \u201cMolino de La Magdalena\u201d o de \u201cLa Mar\u201d. [&hellip;]","og_url":"https:\/\/www.colindres.es\/index.php\/project\/molinos-de-mareas-del-barrio-de-la-magdalena\/","og_site_name":"Ayuntamiento de Colindres","og_image":[{"width":1280,"height":960,"url":"https:\/\/www.colindres.es\/wp-content\/uploads\/2018\/08\/Molino-de-la-Magdalena.jpg","type":"image\/jpeg"}],"twitter_card":"summary_large_image","twitter_misc":{"Tiempo de lectura":"4 minutos"},"schema":{"@context":"https:\/\/schema.org","@graph":[{"@type":"WebPage","@id":"https:\/\/www.colindres.es\/index.php\/project\/molinos-de-mareas-del-barrio-de-la-magdalena\/","url":"https:\/\/www.colindres.es\/index.php\/project\/molinos-de-mareas-del-barrio-de-la-magdalena\/","name":"Molinos de mareas del barrio de La Magdalena - Ayuntamiento de Colindres","isPartOf":{"@id":"https:\/\/www.colindres.es\/#website"},"primaryImageOfPage":{"@id":"https:\/\/www.colindres.es\/index.php\/project\/molinos-de-mareas-del-barrio-de-la-magdalena\/#primaryimage"},"image":{"@id":"https:\/\/www.colindres.es\/index.php\/project\/molinos-de-mareas-del-barrio-de-la-magdalena\/#primaryimage"},"thumbnailUrl":"https:\/\/www.colindres.es\/wp-content\/uploads\/2018\/08\/Molino-de-la-Magdalena.jpg","datePublished":"2018-08-30T07:27:55+00:00","breadcrumb":{"@id":"https:\/\/www.colindres.es\/index.php\/project\/molinos-de-mareas-del-barrio-de-la-magdalena\/#breadcrumb"},"inLanguage":"es","potentialAction":[{"@type":"ReadAction","target":["https:\/\/www.colindres.es\/index.php\/project\/molinos-de-mareas-del-barrio-de-la-magdalena\/"]}]},{"@type":"ImageObject","inLanguage":"es","@id":"https:\/\/www.colindres.es\/index.php\/project\/molinos-de-mareas-del-barrio-de-la-magdalena\/#primaryimage","url":"https:\/\/www.colindres.es\/wp-content\/uploads\/2018\/08\/Molino-de-la-Magdalena.jpg","contentUrl":"https:\/\/www.colindres.es\/wp-content\/uploads\/2018\/08\/Molino-de-la-Magdalena.jpg","width":1280,"height":960},{"@type":"BreadcrumbList","@id":"https:\/\/www.colindres.es\/index.php\/project\/molinos-de-mareas-del-barrio-de-la-magdalena\/#breadcrumb","itemListElement":[{"@type":"ListItem","position":1,"name":"Portada","item":"https:\/\/www.colindres.es\/"},{"@type":"ListItem","position":2,"name":"Proyectos","item":"https:\/\/www.colindres.es\/index.php\/project\/"},{"@type":"ListItem","position":3,"name":"Molinos de mareas del barrio de La Magdalena"}]},{"@type":"WebSite","@id":"https:\/\/www.colindres.es\/#website","url":"https:\/\/www.colindres.es\/","name":"Ayuntamiento de Colindres","description":"Dise\u00f1ado por NTIC&#039;s","publisher":{"@id":"https:\/\/www.colindres.es\/#organization"},"potentialAction":[{"@type":"SearchAction","target":{"@type":"EntryPoint","urlTemplate":"https:\/\/www.colindres.es\/?s={search_term_string}"},"query-input":{"@type":"PropertyValueSpecification","valueRequired":true,"valueName":"search_term_string"}}],"inLanguage":"es"},{"@type":"Organization","@id":"https:\/\/www.colindres.es\/#organization","name":"AYUNTAMIENTO DE COLINDRES","url":"https:\/\/www.colindres.es\/","logo":{"@type":"ImageObject","inLanguage":"es","@id":"https:\/\/www.colindres.es\/#\/schema\/logo\/image\/","url":"https:\/\/www.colindres.es\/wp-content\/uploads\/2017\/01\/LOGO-PRINCIPAL.jpg","contentUrl":"https:\/\/www.colindres.es\/wp-content\/uploads\/2017\/01\/LOGO-PRINCIPAL.jpg","width":1209,"height":579,"caption":"AYUNTAMIENTO DE COLINDRES"},"image":{"@id":"https:\/\/www.colindres.es\/#\/schema\/logo\/image\/"}}]}},"_links":{"self":[{"href":"https:\/\/www.colindres.es\/index.php\/wp-json\/wp\/v2\/project\/1784","targetHints":{"allow":["GET"]}}],"collection":[{"href":"https:\/\/www.colindres.es\/index.php\/wp-json\/wp\/v2\/project"}],"about":[{"href":"https:\/\/www.colindres.es\/index.php\/wp-json\/wp\/v2\/types\/project"}],"author":[{"embeddable":true,"href":"https:\/\/www.colindres.es\/index.php\/wp-json\/wp\/v2\/users\/1"}],"replies":[{"embeddable":true,"href":"https:\/\/www.colindres.es\/index.php\/wp-json\/wp\/v2\/comments?post=1784"}],"version-history":[{"count":1,"href":"https:\/\/www.colindres.es\/index.php\/wp-json\/wp\/v2\/project\/1784\/revisions"}],"predecessor-version":[{"id":1786,"href":"https:\/\/www.colindres.es\/index.php\/wp-json\/wp\/v2\/project\/1784\/revisions\/1786"}],"wp:featuredmedia":[{"embeddable":true,"href":"https:\/\/www.colindres.es\/index.php\/wp-json\/wp\/v2\/media\/1785"}],"wp:attachment":[{"href":"https:\/\/www.colindres.es\/index.php\/wp-json\/wp\/v2\/media?parent=1784"}],"wp:term":[{"taxonomy":"project_category","embeddable":true,"href":"https:\/\/www.colindres.es\/index.php\/wp-json\/wp\/v2\/project_category?post=1784"},{"taxonomy":"project_tag","embeddable":true,"href":"https:\/\/www.colindres.es\/index.php\/wp-json\/wp\/v2\/project_tag?post=1784"}],"curies":[{"name":"wp","href":"https:\/\/api.w.org\/{rel}","templated":true}]}}