{"id":17836,"date":"2024-08-12T15:48:23","date_gmt":"2024-08-12T13:48:23","guid":{"rendered":"https:\/\/www.colindres.es\/?post_type=project&#038;p=17836"},"modified":"2026-03-20T12:32:55","modified_gmt":"2026-03-20T11:32:55","slug":"colindres-calienta-motores-para-san-gines","status":"publish","type":"project","link":"https:\/\/www.colindres.es\/index.php\/project\/colindres-calienta-motores-para-san-gines\/","title":{"rendered":"COLINDRES CALIENTA MOTORES PARA SAN GIN\u00c9S"},"content":{"rendered":"<p><strong>Omar Montes, Ramonc\u00edn, Amistades Peligrosas y La Regadera, protagonistas de las fiestas <\/strong><\/p>\n<p>El Ayuntamiento de Colindres ha presentado esta ma\u00f1ana la programaci\u00f3n de la Semana Grande de fiestas, que se desarrollar\u00e1n del 22 al 26 de agosto.<\/p>\n<p>La presentaci\u00f3n se ha realizado con la presencia de los colectivos que participan en la organizaci\u00f3n de las actividades que conforman un amplio programa.<\/p>\n<p>El alcalde y la concejala de festejos han sido acompa\u00f1ados en esta presentaci\u00f3n por los pregoneros Violeta Iba\u00f1ez de Aire Retro y el Club Balonmano Colindres, adem\u00e1s de las siguientes entidades: la Cofrad\u00eda de Pescadores, la Parroquia, Apymeco, la Cofrad\u00eda del Bonito del Norte, Protecci\u00f3n Civil, el Club de Remo Colindres y las Pe\u00f1as el Juncu y San Juan.<\/p>\n<p>El consistorio apuesta de nuevo por la celebraci\u00f3n de conciertos con entrada libre, como uno de los ingredientes fundamentales para celebrar las fiestas patronales. A la programaci\u00f3n se suman otras actividades como las dirigidas espec\u00edficamente al p\u00fablico infantil, la celebraci\u00f3n de la Marmita o el encuentro de pe\u00f1as.<\/p>\n<p>Los conciertos se desarrollar\u00e1n en el recinto ferial habilitado entre el puerto pesquero y la zona deportiva, espacio que servir\u00e1 tambi\u00e9n para albergar casetas de feria y la zona de las atracciones.<\/p>\n<p>As\u00ed lo ha dado a conocer este lunes la concejala de Festejos, Mar\u00eda Eugenia Casta\u00f1eda, quien ha asegurado que \u201capostamos por una programaci\u00f3n pensada para toda la familia y para todo tipo de gustos, de la que puedan disfrutar los colindreses y colindresas y quienes nos visitan durante estos d\u00edas\u201d, ha indicado Casta\u00f1eda.<\/p>\n<p>Las fiestas arrancar\u00e1n el jueves, 22 de agosto, con la apertura de las casetas y las barracas y el preg\u00f3n a cargo de Violeta Ib\u00e1\u00f1ez, de Aire Retro y el Club Balonmano Colindres, que este a\u00f1o se han proclamado Campeones de Liga, Campeones de Copa y representantes c\u00e1ntabros en el sector de ascenso.<\/p>\n<p>A las 23.00 horas comenzar\u00e1 el primero de los conciertos: el d\u00fao Amistades Peligrosas, con m\u00e1s de treinta a\u00f1os de andadura a sus espaldas, contando con la formaci\u00f3n Mizmaya como teloneros. Tras sus actuaciones, DJ Rich se encargar\u00e1 de la velada hasta las 4.30 de la madrugada.<\/p>\n<p>El viernes, 23 de agosto, el d\u00eda comienza con una Sesi\u00f3n Vermut con la Pe\u00f1a San Juan a partir de las 13.30. Por la tarde habr\u00e1 actividades para ni\u00f1os y ni\u00f1as de 18:00 a 20:30 h. Parque infantil con hinchables y talleres infantiles y reparto de chocolate con bizcochos a las 19.00 y despu\u00e9s concierto de Sincio que ser\u00e1n los teloneros de Ramonc\u00edn, que actuar\u00e1 a las 23.00h. Tras el rockero ser\u00e1 el turno de DJ Miguel AC.<\/p>\n<p>Omar Montes protagonizar\u00e1 la noche del s\u00e1bado. El televisivo artista es uno de los m\u00e1s escuchados del momento con temas como \u201cLa rubia remix\u201d, \u201cAlocao\u201d o Arena y Sal\u201d. Antes de su actuaci\u00f3n podremos disfrutar del Encuentro de Pe\u00f1as que durante todo el d\u00eda amenizar\u00e1n el ambiente en el municipio: El Juncu, San Juan, El Cancaneo y Amigos Castro Pe\u00f1a. Una hora m\u00e1s tarde se celebrar\u00e1 la XXX Bandera R\u00eda del As\u00f3n. Regata de Traineras. Asociaci\u00f3n de Remo del Cant\u00e1brico. Play Off.<\/p>\n<p>A las 19.00 horas, ser\u00e1n las pe\u00f1as locales las encargadas de organizar la sardinada popular y adem\u00e1s, durante toda la ma\u00f1ana habr\u00e1 actividades infantiles con hinchables con agua y a primera hora de la tarde tendr\u00e1 lugar la ya tradicional Carrera de Artefactos Navegables.<\/p>\n<p>La jornada terminar\u00e1, como todas las noches con una sesi\u00f3n de DJ. En este caso, DJ Rich y DJ K-Style.<\/p>\n<p>El domingo, d\u00eda de San Gin\u00e9s, es tambi\u00e9n el D\u00eda de la Marmita \u201cVilla de Colindres\u201d, organizado por la Cofrad\u00eda del Bonito del Norte de Colindres. Desde las 08:30h, hasta las 10:00 h, en la antigua lonja de la Cofrad\u00eda de Pescadores, se entregar\u00e1n los productos para participar en este popular concurso gastron\u00f3mico: hielo, patatas, bonito y el plato numerado que ser\u00e1 entregado al jurado.<\/p>\n<p>Por supuesto, a medio d\u00eda se celebrar\u00e1 la misa en honor al Santo en la Cofrad\u00eda de Pescadores.<\/p>\n<p>La jornada continuar\u00e1 con la entrega de los permios del concurso de marmita a las 17.00 horas y los conciertos del grupo local Kerchak, a las 20.00 horas y la actuaci\u00f3n de La Regadera a partir de las 22.00h.<\/p>\n<p>Despu\u00e9s tendr\u00e1 lugar un espect\u00e1culo pirot\u00e9cnico y tras los fuegos artificiales, la noche continuar\u00e1 con DJ Miguel AC.<\/p>\n<p>El lunes 26 ser\u00e1 el D\u00eda Infantil y para ello se han programado actividades para los m\u00e1s peque\u00f1os durante toda la ma\u00f1ana y toda la tarde. Adem\u00e1s de un parque infantil con hinchables, los peque\u00f1os podr\u00e1n disfrutar de \u201cEl circo ambulante\u201d de Malabaracirco a las 19.00 horas y despu\u00e9s de una mini disco y una Fietsa Holi como broche final a la jornada, a la que le seguir\u00e1 una fiesta de la espuma.<\/p>\n<p>Durante los cuatro d\u00edas de fiestas se contar\u00e1 con un Punto Violeta gestionado por protecci\u00f3n civil. El s\u00e1bado 24 de agosto, este punto se ver\u00e1 reforzado con la gesti\u00f3n de Cruz Roja.<\/p>\n<p>\u201cHemos elaborado un programa completo, intentando no dejar a nadie fuera y que da la oportunidad a vecinos, vecinas y visitantes, de disfrutar de manera gratuita de algunos de los artistas m\u00e1s relevantes de nuestro pa\u00eds\u201d, ha apuntado Incera.<\/p>\n<p>El alcalde tambi\u00e9n ha querido agradecer la colaboraci\u00f3n de las pe\u00f1as locales, las asociaciones, clubes y \u201ctodas las personas que durante semanas trabajan para que cada a\u00f1o sea posible disfrutar de unas fiestas que han ido creciendo tanto en importancia como en participaci\u00f3n\u201d.<\/p>\n<p>Durante los cuatro d\u00edas de fiestas se contar\u00e1 con un Punto Violeta, financiado por el Ministerio de Igualdad del Gobierno de Espa\u00f1a, Pacto de Estado contra la Violencia de G\u00e9nero y gestionado por protecci\u00f3n civil. El s\u00e1bado 24 de agosto, este punto se ver\u00e1 reforzado con la gesti\u00f3n de Cruz Roja.<img loading=\"lazy\" decoding=\"async\" class=\"alignnone size-medium wp-image-18529\" src=\"https:\/\/www.colindres.es\/wp-content\/uploads\/2024\/07\/imaegn-300x212.png\" alt=\"\" width=\"300\" height=\"212\" srcset=\"https:\/\/www.colindres.es\/wp-content\/uploads\/2024\/07\/imaegn-300x212.png 300w, https:\/\/www.colindres.es\/wp-content\/uploads\/2024\/07\/imaegn-400x284.png 400w, https:\/\/www.colindres.es\/wp-content\/uploads\/2024\/07\/imaegn.png 455w\" sizes=\"(max-width: 300px) 100vw, 300px\" \/><\/p>\n","protected":false},"excerpt":{"rendered":"<p>Omar Montes, Ramonc\u00edn, Amistades Peligrosas y La Regadera, protagonistas de las fiestas El Ayuntamiento de Colindres ha presentado esta ma\u00f1ana la programaci\u00f3n de la Semana Grande de fiestas, que se desarrollar\u00e1n del 22 al 26 de agosto. La presentaci\u00f3n se ha realizado con la presencia de los colectivos que participan en la organizaci\u00f3n de las [&hellip;]<\/p>\n","protected":false},"author":1,"featured_media":17837,"comment_status":"open","ping_status":"closed","template":"","meta":{"_et_pb_use_builder":"","_et_pb_old_content":"","_et_gb_content_width":"","footnotes":""},"project_category":[6],"project_tag":[],"class_list":["post-17836","project","type-project","status-publish","has-post-thumbnail","hentry","project_category-noticias"],"yoast_head":"<!-- This site is optimized with the Yoast SEO plugin v24.9 - https:\/\/yoast.com\/wordpress\/plugins\/seo\/ -->\n<title>COLINDRES CALIENTA MOTORES PARA SAN GIN\u00c9S - Ayuntamiento de Colindres<\/title>\n<meta name=\"robots\" content=\"index, follow, max-snippet:-1, max-image-preview:large, max-video-preview:-1\" \/>\n<link rel=\"canonical\" href=\"https:\/\/www.colindres.es\/index.php\/project\/colindres-calienta-motores-para-san-gines\/\" \/>\n<meta property=\"og:locale\" content=\"es_ES\" \/>\n<meta property=\"og:type\" content=\"article\" \/>\n<meta property=\"og:title\" content=\"COLINDRES CALIENTA MOTORES PARA SAN GIN\u00c9S - Ayuntamiento de Colindres\" \/>\n<meta property=\"og:description\" content=\"Omar Montes, Ramonc\u00edn, Amistades Peligrosas y La Regadera, protagonistas de las fiestas El Ayuntamiento de Colindres ha presentado esta ma\u00f1ana la programaci\u00f3n de la Semana Grande de fiestas, que se desarrollar\u00e1n del 22 al 26 de agosto. La presentaci\u00f3n se ha realizado con la presencia de los colectivos que participan en la organizaci\u00f3n de las [&hellip;]\" \/>\n<meta property=\"og:url\" content=\"https:\/\/www.colindres.es\/index.php\/project\/colindres-calienta-motores-para-san-gines\/\" \/>\n<meta property=\"og:site_name\" content=\"Ayuntamiento de Colindres\" \/>\n<meta property=\"article:modified_time\" content=\"2026-03-20T11:32:55+00:00\" \/>\n<meta property=\"og:image\" content=\"https:\/\/www.colindres.es\/wp-content\/uploads\/2024\/08\/image0.jpeg\" \/>\n\t<meta property=\"og:image:width\" content=\"2000\" \/>\n\t<meta property=\"og:image:height\" content=\"1500\" \/>\n\t<meta property=\"og:image:type\" content=\"image\/jpeg\" \/>\n<meta name=\"twitter:card\" content=\"summary_large_image\" \/>\n<meta name=\"twitter:label1\" content=\"Tiempo de lectura\" \/>\n\t<meta name=\"twitter:data1\" content=\"5 minutos\" \/>\n<script type=\"application\/ld+json\" class=\"yoast-schema-graph\">{\"@context\":\"https:\/\/schema.org\",\"@graph\":[{\"@type\":\"WebPage\",\"@id\":\"https:\/\/www.colindres.es\/index.php\/project\/colindres-calienta-motores-para-san-gines\/\",\"url\":\"https:\/\/www.colindres.es\/index.php\/project\/colindres-calienta-motores-para-san-gines\/\",\"name\":\"COLINDRES CALIENTA MOTORES PARA SAN GIN\u00c9S - Ayuntamiento de Colindres\",\"isPartOf\":{\"@id\":\"https:\/\/www.colindres.es\/#website\"},\"primaryImageOfPage\":{\"@id\":\"https:\/\/www.colindres.es\/index.php\/project\/colindres-calienta-motores-para-san-gines\/#primaryimage\"},\"image\":{\"@id\":\"https:\/\/www.colindres.es\/index.php\/project\/colindres-calienta-motores-para-san-gines\/#primaryimage\"},\"thumbnailUrl\":\"https:\/\/www.colindres.es\/wp-content\/uploads\/2024\/08\/image0.jpeg\",\"datePublished\":\"2024-08-12T13:48:23+00:00\",\"dateModified\":\"2026-03-20T11:32:55+00:00\",\"breadcrumb\":{\"@id\":\"https:\/\/www.colindres.es\/index.php\/project\/colindres-calienta-motores-para-san-gines\/#breadcrumb\"},\"inLanguage\":\"es\",\"potentialAction\":[{\"@type\":\"ReadAction\",\"target\":[\"https:\/\/www.colindres.es\/index.php\/project\/colindres-calienta-motores-para-san-gines\/\"]}]},{\"@type\":\"ImageObject\",\"inLanguage\":\"es\",\"@id\":\"https:\/\/www.colindres.es\/index.php\/project\/colindres-calienta-motores-para-san-gines\/#primaryimage\",\"url\":\"https:\/\/www.colindres.es\/wp-content\/uploads\/2024\/08\/image0.jpeg\",\"contentUrl\":\"https:\/\/www.colindres.es\/wp-content\/uploads\/2024\/08\/image0.jpeg\",\"width\":2000,\"height\":1500},{\"@type\":\"BreadcrumbList\",\"@id\":\"https:\/\/www.colindres.es\/index.php\/project\/colindres-calienta-motores-para-san-gines\/#breadcrumb\",\"itemListElement\":[{\"@type\":\"ListItem\",\"position\":1,\"name\":\"Portada\",\"item\":\"https:\/\/www.colindres.es\/\"},{\"@type\":\"ListItem\",\"position\":2,\"name\":\"Proyectos\",\"item\":\"https:\/\/www.colindres.es\/index.php\/project\/\"},{\"@type\":\"ListItem\",\"position\":3,\"name\":\"COLINDRES CALIENTA MOTORES PARA SAN GIN\u00c9S\"}]},{\"@type\":\"WebSite\",\"@id\":\"https:\/\/www.colindres.es\/#website\",\"url\":\"https:\/\/www.colindres.es\/\",\"name\":\"Ayuntamiento de Colindres\",\"description\":\"Dise\u00f1ado por NTIC&#039;s\",\"publisher\":{\"@id\":\"https:\/\/www.colindres.es\/#organization\"},\"potentialAction\":[{\"@type\":\"SearchAction\",\"target\":{\"@type\":\"EntryPoint\",\"urlTemplate\":\"https:\/\/www.colindres.es\/?s={search_term_string}\"},\"query-input\":{\"@type\":\"PropertyValueSpecification\",\"valueRequired\":true,\"valueName\":\"search_term_string\"}}],\"inLanguage\":\"es\"},{\"@type\":\"Organization\",\"@id\":\"https:\/\/www.colindres.es\/#organization\",\"name\":\"AYUNTAMIENTO DE COLINDRES\",\"url\":\"https:\/\/www.colindres.es\/\",\"logo\":{\"@type\":\"ImageObject\",\"inLanguage\":\"es\",\"@id\":\"https:\/\/www.colindres.es\/#\/schema\/logo\/image\/\",\"url\":\"https:\/\/www.colindres.es\/wp-content\/uploads\/2017\/01\/LOGO-PRINCIPAL.jpg\",\"contentUrl\":\"https:\/\/www.colindres.es\/wp-content\/uploads\/2017\/01\/LOGO-PRINCIPAL.jpg\",\"width\":1209,\"height\":579,\"caption\":\"AYUNTAMIENTO DE COLINDRES\"},\"image\":{\"@id\":\"https:\/\/www.colindres.es\/#\/schema\/logo\/image\/\"}}]}<\/script>\n<!-- \/ Yoast SEO plugin. -->","yoast_head_json":{"title":"COLINDRES CALIENTA MOTORES PARA SAN GIN\u00c9S - Ayuntamiento de Colindres","robots":{"index":"index","follow":"follow","max-snippet":"max-snippet:-1","max-image-preview":"max-image-preview:large","max-video-preview":"max-video-preview:-1"},"canonical":"https:\/\/www.colindres.es\/index.php\/project\/colindres-calienta-motores-para-san-gines\/","og_locale":"es_ES","og_type":"article","og_title":"COLINDRES CALIENTA MOTORES PARA SAN GIN\u00c9S - Ayuntamiento de Colindres","og_description":"Omar Montes, Ramonc\u00edn, Amistades Peligrosas y La Regadera, protagonistas de las fiestas El Ayuntamiento de Colindres ha presentado esta ma\u00f1ana la programaci\u00f3n de la Semana Grande de fiestas, que se desarrollar\u00e1n del 22 al 26 de agosto. La presentaci\u00f3n se ha realizado con la presencia de los colectivos que participan en la organizaci\u00f3n de las [&hellip;]","og_url":"https:\/\/www.colindres.es\/index.php\/project\/colindres-calienta-motores-para-san-gines\/","og_site_name":"Ayuntamiento de Colindres","article_modified_time":"2026-03-20T11:32:55+00:00","og_image":[{"width":2000,"height":1500,"url":"https:\/\/www.colindres.es\/wp-content\/uploads\/2024\/08\/image0.jpeg","type":"image\/jpeg"}],"twitter_card":"summary_large_image","twitter_misc":{"Tiempo de lectura":"5 minutos"},"schema":{"@context":"https:\/\/schema.org","@graph":[{"@type":"WebPage","@id":"https:\/\/www.colindres.es\/index.php\/project\/colindres-calienta-motores-para-san-gines\/","url":"https:\/\/www.colindres.es\/index.php\/project\/colindres-calienta-motores-para-san-gines\/","name":"COLINDRES CALIENTA MOTORES PARA SAN GIN\u00c9S - Ayuntamiento de Colindres","isPartOf":{"@id":"https:\/\/www.colindres.es\/#website"},"primaryImageOfPage":{"@id":"https:\/\/www.colindres.es\/index.php\/project\/colindres-calienta-motores-para-san-gines\/#primaryimage"},"image":{"@id":"https:\/\/www.colindres.es\/index.php\/project\/colindres-calienta-motores-para-san-gines\/#primaryimage"},"thumbnailUrl":"https:\/\/www.colindres.es\/wp-content\/uploads\/2024\/08\/image0.jpeg","datePublished":"2024-08-12T13:48:23+00:00","dateModified":"2026-03-20T11:32:55+00:00","breadcrumb":{"@id":"https:\/\/www.colindres.es\/index.php\/project\/colindres-calienta-motores-para-san-gines\/#breadcrumb"},"inLanguage":"es","potentialAction":[{"@type":"ReadAction","target":["https:\/\/www.colindres.es\/index.php\/project\/colindres-calienta-motores-para-san-gines\/"]}]},{"@type":"ImageObject","inLanguage":"es","@id":"https:\/\/www.colindres.es\/index.php\/project\/colindres-calienta-motores-para-san-gines\/#primaryimage","url":"https:\/\/www.colindres.es\/wp-content\/uploads\/2024\/08\/image0.jpeg","contentUrl":"https:\/\/www.colindres.es\/wp-content\/uploads\/2024\/08\/image0.jpeg","width":2000,"height":1500},{"@type":"BreadcrumbList","@id":"https:\/\/www.colindres.es\/index.php\/project\/colindres-calienta-motores-para-san-gines\/#breadcrumb","itemListElement":[{"@type":"ListItem","position":1,"name":"Portada","item":"https:\/\/www.colindres.es\/"},{"@type":"ListItem","position":2,"name":"Proyectos","item":"https:\/\/www.colindres.es\/index.php\/project\/"},{"@type":"ListItem","position":3,"name":"COLINDRES CALIENTA MOTORES PARA SAN GIN\u00c9S"}]},{"@type":"WebSite","@id":"https:\/\/www.colindres.es\/#website","url":"https:\/\/www.colindres.es\/","name":"Ayuntamiento de Colindres","description":"Dise\u00f1ado por NTIC&#039;s","publisher":{"@id":"https:\/\/www.colindres.es\/#organization"},"potentialAction":[{"@type":"SearchAction","target":{"@type":"EntryPoint","urlTemplate":"https:\/\/www.colindres.es\/?s={search_term_string}"},"query-input":{"@type":"PropertyValueSpecification","valueRequired":true,"valueName":"search_term_string"}}],"inLanguage":"es"},{"@type":"Organization","@id":"https:\/\/www.colindres.es\/#organization","name":"AYUNTAMIENTO DE COLINDRES","url":"https:\/\/www.colindres.es\/","logo":{"@type":"ImageObject","inLanguage":"es","@id":"https:\/\/www.colindres.es\/#\/schema\/logo\/image\/","url":"https:\/\/www.colindres.es\/wp-content\/uploads\/2017\/01\/LOGO-PRINCIPAL.jpg","contentUrl":"https:\/\/www.colindres.es\/wp-content\/uploads\/2017\/01\/LOGO-PRINCIPAL.jpg","width":1209,"height":579,"caption":"AYUNTAMIENTO DE COLINDRES"},"image":{"@id":"https:\/\/www.colindres.es\/#\/schema\/logo\/image\/"}}]}},"_links":{"self":[{"href":"https:\/\/www.colindres.es\/index.php\/wp-json\/wp\/v2\/project\/17836","targetHints":{"allow":["GET"]}}],"collection":[{"href":"https:\/\/www.colindres.es\/index.php\/wp-json\/wp\/v2\/project"}],"about":[{"href":"https:\/\/www.colindres.es\/index.php\/wp-json\/wp\/v2\/types\/project"}],"author":[{"embeddable":true,"href":"https:\/\/www.colindres.es\/index.php\/wp-json\/wp\/v2\/users\/1"}],"replies":[{"embeddable":true,"href":"https:\/\/www.colindres.es\/index.php\/wp-json\/wp\/v2\/comments?post=17836"}],"version-history":[{"count":2,"href":"https:\/\/www.colindres.es\/index.php\/wp-json\/wp\/v2\/project\/17836\/revisions"}],"predecessor-version":[{"id":18531,"href":"https:\/\/www.colindres.es\/index.php\/wp-json\/wp\/v2\/project\/17836\/revisions\/18531"}],"wp:featuredmedia":[{"embeddable":true,"href":"https:\/\/www.colindres.es\/index.php\/wp-json\/wp\/v2\/media\/17837"}],"wp:attachment":[{"href":"https:\/\/www.colindres.es\/index.php\/wp-json\/wp\/v2\/media?parent=17836"}],"wp:term":[{"taxonomy":"project_category","embeddable":true,"href":"https:\/\/www.colindres.es\/index.php\/wp-json\/wp\/v2\/project_category?post=17836"},{"taxonomy":"project_tag","embeddable":true,"href":"https:\/\/www.colindres.es\/index.php\/wp-json\/wp\/v2\/project_tag?post=17836"}],"curies":[{"name":"wp","href":"https:\/\/api.w.org\/{rel}","templated":true}]}}