{"id":1779,"date":"2018-08-23T08:03:18","date_gmt":"2018-08-23T08:03:18","guid":{"rendered":"http:\/\/colindres.es\/?post_type=project&#038;p=1779"},"modified":"2018-08-23T08:03:18","modified_gmt":"2018-08-23T08:03:18","slug":"colindres-acogera-este-sabado-la-regata-de-traineras-ria-de-ason","status":"publish","type":"project","link":"https:\/\/www.colindres.es\/index.php\/project\/colindres-acogera-este-sabado-la-regata-de-traineras-ria-de-ason\/","title":{"rendered":"Colindres acoger\u00e1 este s\u00e1bado la regata de traineras \u2018R\u00eda de As\u00f3n\u2019"},"content":{"rendered":"<p><b>Javier Incera, acompa\u00f1ado por la edil de Deportes y los presidentes del Club de Remo de Colindres y de la Federaci\u00f3n C\u00e1ntabra, ha presentado la competici\u00f3n en la que participar\u00e1n 25 traineras<\/b><\/p>\n<p><i>Colindres, 23 de agosto. &#8211;<\/i> Colindres acoger\u00e1 este s\u00e1bado, d\u00eda 25 de agosto, la disputa de la bandera \u2018R\u00eda de As\u00f3n\u2019 en la que participar\u00e1n un total de 25 traineras en categor\u00edas masculina y femenina.<\/p>\n<p>El alcalde de Colindres, Javier Incera, ha presentado esta competici\u00f3n en rueda de prensa acompa\u00f1ado por la concejala de Deportes, Saray Villal\u00f3n, el presidente del Club de Remo de Colindres, Eugenio S\u00e1nchez, y el presidente de la Federaci\u00f3n C\u00e1ntabra de Remo, V\u00edctor Canal.<span class=\"Apple-converted-space\">\u00a0<\/span><\/p>\n<p>La regata comenzar\u00e1 a las 16.00 horas con nueve tripulaciones de la Liga de Traineras Femenina (ETE), donde la tripulaci\u00f3n local optar\u00e1 por salir del \u00faltimo puesto de la clasificaci\u00f3n. A continuaci\u00f3n, tendr\u00e1 lugar una tanda en la que participar\u00e1n los cuatro componentes del play off, es decir, Camargo, Santo\u00f1a, San Juan e Hibaika.<span class=\"Apple-converted-space\">\u00a0<\/span><\/p>\n<p>Una vez finalizada esta tanda comenzar\u00e1n otras dos compuestas por seis tripulaciones de la Liga ARC2. La regata femenina constar\u00e1 de dos largos y una ciaboga, mientras que la masculina ser\u00e1 de cuatro largos y tres ciabogas.<span class=\"Apple-converted-space\">\u00a0<\/span><\/p>\n<p>El alcalde ha destacado el \u201cgran trabajo\u201d del Club de Remo de Colindres y se ha mostrado convencido de que este fin de semana ser\u00e1 \u201cun espect\u00e1culo con 25 traineras compitiendo por nuestra r\u00eda\u201d. En este sentido, ha manifestado que ser\u00e1 \u201cun importante aliciente para el p\u00fablico y para el propio club\u201d y ha animado a todos los colindreses a presenciar la prueba y \u201cdar fuerza para que la San Gin\u00e9s, tanto femenina como masculina, logren sus objetivos\u201d.<\/p>\n<p>La bandera \u2018R\u00eda de As\u00f3n\u2019 est\u00e1 organizada por el Club de Remo de Colindres con la colaboraci\u00f3n del Ayuntamiento, la Federaci\u00f3n C\u00e1ntabra, la Cofrad\u00eda de Pescadores San Gin\u00e9s, Transmar, Hercos Colindres, Autobuses Madrazo y MARE como principales patrocinadores.<\/p>\n<p><img loading=\"lazy\" decoding=\"async\" class=\"alignnone size-medium wp-image-1780\" src=\"http:\/\/colindres.es\/wp-content\/uploads\/2018\/08\/Bandera-As\u00f3n-2-300x200.jpg\" alt=\"\" width=\"300\" height=\"200\" srcset=\"https:\/\/www.colindres.es\/wp-content\/uploads\/2018\/08\/Bandera-As\u00f3n-2-300x200.jpg 300w, https:\/\/www.colindres.es\/wp-content\/uploads\/2018\/08\/Bandera-As\u00f3n-2-768x511.jpg 768w, https:\/\/www.colindres.es\/wp-content\/uploads\/2018\/08\/Bandera-As\u00f3n-2-1024x682.jpg 1024w, https:\/\/www.colindres.es\/wp-content\/uploads\/2018\/08\/Bandera-As\u00f3n-2-1080x719.jpg 1080w, https:\/\/www.colindres.es\/wp-content\/uploads\/2018\/08\/Bandera-As\u00f3n-2.jpg 1280w\" sizes=\"(max-width: 300px) 100vw, 300px\" \/><\/p>\n","protected":false},"excerpt":{"rendered":"<p>Javier Incera, acompa\u00f1ado por la edil de Deportes y los presidentes del Club de Remo de Colindres y de la Federaci\u00f3n C\u00e1ntabra, ha presentado la competici\u00f3n en la que participar\u00e1n 25 traineras Colindres, 23 de agosto. &#8211; Colindres acoger\u00e1 este s\u00e1bado, d\u00eda 25 de agosto, la disputa de la bandera \u2018R\u00eda de As\u00f3n\u2019 en la [&hellip;]<\/p>\n","protected":false},"author":1,"featured_media":1781,"comment_status":"open","ping_status":"closed","template":"","meta":{"_et_pb_use_builder":"","_et_pb_old_content":"","_et_gb_content_width":"","footnotes":""},"project_category":[],"project_tag":[],"class_list":["post-1779","project","type-project","status-publish","has-post-thumbnail","hentry"],"yoast_head":"<!-- This site is optimized with the Yoast SEO plugin v24.9 - https:\/\/yoast.com\/wordpress\/plugins\/seo\/ -->\n<title>Colindres acoger\u00e1 este s\u00e1bado la regata de traineras \u2018R\u00eda de As\u00f3n\u2019 - Ayuntamiento de Colindres<\/title>\n<meta name=\"robots\" content=\"index, follow, max-snippet:-1, max-image-preview:large, max-video-preview:-1\" \/>\n<link rel=\"canonical\" href=\"https:\/\/www.colindres.es\/index.php\/project\/colindres-acogera-este-sabado-la-regata-de-traineras-ria-de-ason\/\" \/>\n<meta property=\"og:locale\" content=\"es_ES\" \/>\n<meta property=\"og:type\" content=\"article\" \/>\n<meta property=\"og:title\" content=\"Colindres acoger\u00e1 este s\u00e1bado la regata de traineras \u2018R\u00eda de As\u00f3n\u2019 - Ayuntamiento de Colindres\" \/>\n<meta property=\"og:description\" content=\"Javier Incera, acompa\u00f1ado por la edil de Deportes y los presidentes del Club de Remo de Colindres y de la Federaci\u00f3n C\u00e1ntabra, ha presentado la competici\u00f3n en la que participar\u00e1n 25 traineras Colindres, 23 de agosto. &#8211; Colindres acoger\u00e1 este s\u00e1bado, d\u00eda 25 de agosto, la disputa de la bandera \u2018R\u00eda de As\u00f3n\u2019 en la [&hellip;]\" \/>\n<meta property=\"og:url\" content=\"https:\/\/www.colindres.es\/index.php\/project\/colindres-acogera-este-sabado-la-regata-de-traineras-ria-de-ason\/\" \/>\n<meta property=\"og:site_name\" content=\"Ayuntamiento de Colindres\" \/>\n<meta property=\"og:image\" content=\"https:\/\/www.colindres.es\/wp-content\/uploads\/2018\/08\/Bandera-As\u00f3n.jpg\" \/>\n\t<meta property=\"og:image:width\" content=\"1280\" \/>\n\t<meta property=\"og:image:height\" content=\"852\" \/>\n\t<meta property=\"og:image:type\" content=\"image\/jpeg\" \/>\n<meta name=\"twitter:card\" content=\"summary_large_image\" \/>\n<meta name=\"twitter:label1\" content=\"Tiempo de lectura\" \/>\n\t<meta name=\"twitter:data1\" content=\"2 minutos\" \/>\n<script type=\"application\/ld+json\" class=\"yoast-schema-graph\">{\"@context\":\"https:\/\/schema.org\",\"@graph\":[{\"@type\":\"WebPage\",\"@id\":\"https:\/\/www.colindres.es\/index.php\/project\/colindres-acogera-este-sabado-la-regata-de-traineras-ria-de-ason\/\",\"url\":\"https:\/\/www.colindres.es\/index.php\/project\/colindres-acogera-este-sabado-la-regata-de-traineras-ria-de-ason\/\",\"name\":\"Colindres acoger\u00e1 este s\u00e1bado la regata de traineras \u2018R\u00eda de As\u00f3n\u2019 - Ayuntamiento de Colindres\",\"isPartOf\":{\"@id\":\"https:\/\/www.colindres.es\/#website\"},\"primaryImageOfPage\":{\"@id\":\"https:\/\/www.colindres.es\/index.php\/project\/colindres-acogera-este-sabado-la-regata-de-traineras-ria-de-ason\/#primaryimage\"},\"image\":{\"@id\":\"https:\/\/www.colindres.es\/index.php\/project\/colindres-acogera-este-sabado-la-regata-de-traineras-ria-de-ason\/#primaryimage\"},\"thumbnailUrl\":\"https:\/\/www.colindres.es\/wp-content\/uploads\/2018\/08\/Bandera-As\u00f3n.jpg\",\"datePublished\":\"2018-08-23T08:03:18+00:00\",\"breadcrumb\":{\"@id\":\"https:\/\/www.colindres.es\/index.php\/project\/colindres-acogera-este-sabado-la-regata-de-traineras-ria-de-ason\/#breadcrumb\"},\"inLanguage\":\"es\",\"potentialAction\":[{\"@type\":\"ReadAction\",\"target\":[\"https:\/\/www.colindres.es\/index.php\/project\/colindres-acogera-este-sabado-la-regata-de-traineras-ria-de-ason\/\"]}]},{\"@type\":\"ImageObject\",\"inLanguage\":\"es\",\"@id\":\"https:\/\/www.colindres.es\/index.php\/project\/colindres-acogera-este-sabado-la-regata-de-traineras-ria-de-ason\/#primaryimage\",\"url\":\"https:\/\/www.colindres.es\/wp-content\/uploads\/2018\/08\/Bandera-As\u00f3n.jpg\",\"contentUrl\":\"https:\/\/www.colindres.es\/wp-content\/uploads\/2018\/08\/Bandera-As\u00f3n.jpg\",\"width\":1280,\"height\":852},{\"@type\":\"BreadcrumbList\",\"@id\":\"https:\/\/www.colindres.es\/index.php\/project\/colindres-acogera-este-sabado-la-regata-de-traineras-ria-de-ason\/#breadcrumb\",\"itemListElement\":[{\"@type\":\"ListItem\",\"position\":1,\"name\":\"Portada\",\"item\":\"https:\/\/www.colindres.es\/\"},{\"@type\":\"ListItem\",\"position\":2,\"name\":\"Proyectos\",\"item\":\"https:\/\/www.colindres.es\/index.php\/project\/\"},{\"@type\":\"ListItem\",\"position\":3,\"name\":\"Colindres acoger\u00e1 este s\u00e1bado la regata de traineras \u2018R\u00eda de As\u00f3n\u2019\"}]},{\"@type\":\"WebSite\",\"@id\":\"https:\/\/www.colindres.es\/#website\",\"url\":\"https:\/\/www.colindres.es\/\",\"name\":\"Ayuntamiento de Colindres\",\"description\":\"Dise\u00f1ado por NTIC&#039;s\",\"publisher\":{\"@id\":\"https:\/\/www.colindres.es\/#organization\"},\"potentialAction\":[{\"@type\":\"SearchAction\",\"target\":{\"@type\":\"EntryPoint\",\"urlTemplate\":\"https:\/\/www.colindres.es\/?s={search_term_string}\"},\"query-input\":{\"@type\":\"PropertyValueSpecification\",\"valueRequired\":true,\"valueName\":\"search_term_string\"}}],\"inLanguage\":\"es\"},{\"@type\":\"Organization\",\"@id\":\"https:\/\/www.colindres.es\/#organization\",\"name\":\"AYUNTAMIENTO DE COLINDRES\",\"url\":\"https:\/\/www.colindres.es\/\",\"logo\":{\"@type\":\"ImageObject\",\"inLanguage\":\"es\",\"@id\":\"https:\/\/www.colindres.es\/#\/schema\/logo\/image\/\",\"url\":\"https:\/\/www.colindres.es\/wp-content\/uploads\/2017\/01\/LOGO-PRINCIPAL.jpg\",\"contentUrl\":\"https:\/\/www.colindres.es\/wp-content\/uploads\/2017\/01\/LOGO-PRINCIPAL.jpg\",\"width\":1209,\"height\":579,\"caption\":\"AYUNTAMIENTO DE COLINDRES\"},\"image\":{\"@id\":\"https:\/\/www.colindres.es\/#\/schema\/logo\/image\/\"}}]}<\/script>\n<!-- \/ Yoast SEO plugin. -->","yoast_head_json":{"title":"Colindres acoger\u00e1 este s\u00e1bado la regata de traineras \u2018R\u00eda de As\u00f3n\u2019 - Ayuntamiento de Colindres","robots":{"index":"index","follow":"follow","max-snippet":"max-snippet:-1","max-image-preview":"max-image-preview:large","max-video-preview":"max-video-preview:-1"},"canonical":"https:\/\/www.colindres.es\/index.php\/project\/colindres-acogera-este-sabado-la-regata-de-traineras-ria-de-ason\/","og_locale":"es_ES","og_type":"article","og_title":"Colindres acoger\u00e1 este s\u00e1bado la regata de traineras \u2018R\u00eda de As\u00f3n\u2019 - Ayuntamiento de Colindres","og_description":"Javier Incera, acompa\u00f1ado por la edil de Deportes y los presidentes del Club de Remo de Colindres y de la Federaci\u00f3n C\u00e1ntabra, ha presentado la competici\u00f3n en la que participar\u00e1n 25 traineras Colindres, 23 de agosto. &#8211; Colindres acoger\u00e1 este s\u00e1bado, d\u00eda 25 de agosto, la disputa de la bandera \u2018R\u00eda de As\u00f3n\u2019 en la [&hellip;]","og_url":"https:\/\/www.colindres.es\/index.php\/project\/colindres-acogera-este-sabado-la-regata-de-traineras-ria-de-ason\/","og_site_name":"Ayuntamiento de Colindres","og_image":[{"width":1280,"height":852,"url":"https:\/\/www.colindres.es\/wp-content\/uploads\/2018\/08\/Bandera-As\u00f3n.jpg","type":"image\/jpeg"}],"twitter_card":"summary_large_image","twitter_misc":{"Tiempo de lectura":"2 minutos"},"schema":{"@context":"https:\/\/schema.org","@graph":[{"@type":"WebPage","@id":"https:\/\/www.colindres.es\/index.php\/project\/colindres-acogera-este-sabado-la-regata-de-traineras-ria-de-ason\/","url":"https:\/\/www.colindres.es\/index.php\/project\/colindres-acogera-este-sabado-la-regata-de-traineras-ria-de-ason\/","name":"Colindres acoger\u00e1 este s\u00e1bado la regata de traineras \u2018R\u00eda de As\u00f3n\u2019 - Ayuntamiento de Colindres","isPartOf":{"@id":"https:\/\/www.colindres.es\/#website"},"primaryImageOfPage":{"@id":"https:\/\/www.colindres.es\/index.php\/project\/colindres-acogera-este-sabado-la-regata-de-traineras-ria-de-ason\/#primaryimage"},"image":{"@id":"https:\/\/www.colindres.es\/index.php\/project\/colindres-acogera-este-sabado-la-regata-de-traineras-ria-de-ason\/#primaryimage"},"thumbnailUrl":"https:\/\/www.colindres.es\/wp-content\/uploads\/2018\/08\/Bandera-As\u00f3n.jpg","datePublished":"2018-08-23T08:03:18+00:00","breadcrumb":{"@id":"https:\/\/www.colindres.es\/index.php\/project\/colindres-acogera-este-sabado-la-regata-de-traineras-ria-de-ason\/#breadcrumb"},"inLanguage":"es","potentialAction":[{"@type":"ReadAction","target":["https:\/\/www.colindres.es\/index.php\/project\/colindres-acogera-este-sabado-la-regata-de-traineras-ria-de-ason\/"]}]},{"@type":"ImageObject","inLanguage":"es","@id":"https:\/\/www.colindres.es\/index.php\/project\/colindres-acogera-este-sabado-la-regata-de-traineras-ria-de-ason\/#primaryimage","url":"https:\/\/www.colindres.es\/wp-content\/uploads\/2018\/08\/Bandera-As\u00f3n.jpg","contentUrl":"https:\/\/www.colindres.es\/wp-content\/uploads\/2018\/08\/Bandera-As\u00f3n.jpg","width":1280,"height":852},{"@type":"BreadcrumbList","@id":"https:\/\/www.colindres.es\/index.php\/project\/colindres-acogera-este-sabado-la-regata-de-traineras-ria-de-ason\/#breadcrumb","itemListElement":[{"@type":"ListItem","position":1,"name":"Portada","item":"https:\/\/www.colindres.es\/"},{"@type":"ListItem","position":2,"name":"Proyectos","item":"https:\/\/www.colindres.es\/index.php\/project\/"},{"@type":"ListItem","position":3,"name":"Colindres acoger\u00e1 este s\u00e1bado la regata de traineras \u2018R\u00eda de As\u00f3n\u2019"}]},{"@type":"WebSite","@id":"https:\/\/www.colindres.es\/#website","url":"https:\/\/www.colindres.es\/","name":"Ayuntamiento de Colindres","description":"Dise\u00f1ado por NTIC&#039;s","publisher":{"@id":"https:\/\/www.colindres.es\/#organization"},"potentialAction":[{"@type":"SearchAction","target":{"@type":"EntryPoint","urlTemplate":"https:\/\/www.colindres.es\/?s={search_term_string}"},"query-input":{"@type":"PropertyValueSpecification","valueRequired":true,"valueName":"search_term_string"}}],"inLanguage":"es"},{"@type":"Organization","@id":"https:\/\/www.colindres.es\/#organization","name":"AYUNTAMIENTO DE COLINDRES","url":"https:\/\/www.colindres.es\/","logo":{"@type":"ImageObject","inLanguage":"es","@id":"https:\/\/www.colindres.es\/#\/schema\/logo\/image\/","url":"https:\/\/www.colindres.es\/wp-content\/uploads\/2017\/01\/LOGO-PRINCIPAL.jpg","contentUrl":"https:\/\/www.colindres.es\/wp-content\/uploads\/2017\/01\/LOGO-PRINCIPAL.jpg","width":1209,"height":579,"caption":"AYUNTAMIENTO DE COLINDRES"},"image":{"@id":"https:\/\/www.colindres.es\/#\/schema\/logo\/image\/"}}]}},"_links":{"self":[{"href":"https:\/\/www.colindres.es\/index.php\/wp-json\/wp\/v2\/project\/1779","targetHints":{"allow":["GET"]}}],"collection":[{"href":"https:\/\/www.colindres.es\/index.php\/wp-json\/wp\/v2\/project"}],"about":[{"href":"https:\/\/www.colindres.es\/index.php\/wp-json\/wp\/v2\/types\/project"}],"author":[{"embeddable":true,"href":"https:\/\/www.colindres.es\/index.php\/wp-json\/wp\/v2\/users\/1"}],"replies":[{"embeddable":true,"href":"https:\/\/www.colindres.es\/index.php\/wp-json\/wp\/v2\/comments?post=1779"}],"version-history":[{"count":1,"href":"https:\/\/www.colindres.es\/index.php\/wp-json\/wp\/v2\/project\/1779\/revisions"}],"predecessor-version":[{"id":1782,"href":"https:\/\/www.colindres.es\/index.php\/wp-json\/wp\/v2\/project\/1779\/revisions\/1782"}],"wp:featuredmedia":[{"embeddable":true,"href":"https:\/\/www.colindres.es\/index.php\/wp-json\/wp\/v2\/media\/1781"}],"wp:attachment":[{"href":"https:\/\/www.colindres.es\/index.php\/wp-json\/wp\/v2\/media?parent=1779"}],"wp:term":[{"taxonomy":"project_category","embeddable":true,"href":"https:\/\/www.colindres.es\/index.php\/wp-json\/wp\/v2\/project_category?post=1779"},{"taxonomy":"project_tag","embeddable":true,"href":"https:\/\/www.colindres.es\/index.php\/wp-json\/wp\/v2\/project_tag?post=1779"}],"curies":[{"name":"wp","href":"https:\/\/api.w.org\/{rel}","templated":true}]}}