{"id":1770,"date":"2018-08-19T20:19:32","date_gmt":"2018-08-19T20:19:32","guid":{"rendered":"http:\/\/colindres.es\/?post_type=project&#038;p=1770"},"modified":"2018-08-19T20:26:28","modified_gmt":"2018-08-19T20:26:28","slug":"programa-fiestas-san-gines-2018","status":"publish","type":"project","link":"https:\/\/www.colindres.es\/index.php\/project\/programa-fiestas-san-gines-2018\/","title":{"rendered":"PROGRAMA FIESTAS SAN GIN\u00c9S 2018"},"content":{"rendered":"<div><img loading=\"lazy\" decoding=\"async\" class=\"alignnone size-medium wp-image-1772\" src=\"http:\/\/colindres.es\/wp-content\/uploads\/2018\/08\/DIPTICO-B-v2-web-300x212.jpg\" alt=\"\" width=\"300\" height=\"212\" srcset=\"https:\/\/www.colindres.es\/wp-content\/uploads\/2018\/08\/DIPTICO-B-v2-web-300x212.jpg 300w, https:\/\/www.colindres.es\/wp-content\/uploads\/2018\/08\/DIPTICO-B-v2-web-768x543.jpg 768w, https:\/\/www.colindres.es\/wp-content\/uploads\/2018\/08\/DIPTICO-B-v2-web-1024x724.jpg 1024w, https:\/\/www.colindres.es\/wp-content\/uploads\/2018\/08\/DIPTICO-B-v2-web-400x284.jpg 400w, https:\/\/www.colindres.es\/wp-content\/uploads\/2018\/08\/DIPTICO-B-v2-web-1080x764.jpg 1080w\" sizes=\"(max-width: 300px) 100vw, 300px\" \/> <img loading=\"lazy\" decoding=\"async\" class=\"alignnone size-medium wp-image-1771\" src=\"http:\/\/colindres.es\/wp-content\/uploads\/2018\/08\/DIPTICO-A-v2-web-300x212.jpg\" alt=\"\" width=\"300\" height=\"212\" srcset=\"https:\/\/www.colindres.es\/wp-content\/uploads\/2018\/08\/DIPTICO-A-v2-web-300x212.jpg 300w, https:\/\/www.colindres.es\/wp-content\/uploads\/2018\/08\/DIPTICO-A-v2-web-768x543.jpg 768w, https:\/\/www.colindres.es\/wp-content\/uploads\/2018\/08\/DIPTICO-A-v2-web-1024x724.jpg 1024w, https:\/\/www.colindres.es\/wp-content\/uploads\/2018\/08\/DIPTICO-A-v2-web-400x284.jpg 400w, https:\/\/www.colindres.es\/wp-content\/uploads\/2018\/08\/DIPTICO-A-v2-web-1080x764.jpg 1080w\" sizes=\"(max-width: 300px) 100vw, 300px\" \/><\/div>\n<div><\/div>\n<div><em><strong>Jueves 23 de agosto:<\/strong><\/em><\/div>\n<div><\/div>\n<div>\u2022 A las 19:00 h. Apertura de casetas y \u00a0barracas<\/div>\n<div>\u2022 A las 19:30 h. Gran chocolatada con churros servida por las pe\u00f1as locales, gentileza de Ganader\u00eda Salcines y Churrer\u00eda Calder\u00f3n<\/div>\n<div>\u2022 A las 21:00 h. Concierto a cargo del grupo \u201cCRAZY\u201d<\/div>\n<div>\u2022 A las 22:00 h. Preg\u00f3n a cargo del equipo juvenil del Club Deportivo de\u00a0Colindres ascendido a Divisi\u00f3n de Honor y del equipo de Bolo Palma San Roque CEMSA ascendido a Primera Regional<\/div>\n<div>\u2022 A las 22:30 h. Espect\u00e1culo Inaugural<\/div>\n<div>\u2022 A las 23:00 h. Concierto a cargo de \u201cDAVID DEMAR\u00cdA\u201d<\/div>\n<div>\u2022 A las 01:00 h. MACRODISCOTECA DJS<\/div>\n<div>\u2022 A las 03:00 h. Cierre de Casetas<\/div>\n<div><\/div>\n<div>\n<div><em><strong>Viernes 24 de agosto: \u00a0D\u00cdA INFANTIL<\/strong><\/em><\/div>\n<div><\/div>\n<div>\u2022 De 11:00 h. a 14:00 h. D\u00cdA DEL NI\u00d1@<\/div>\n<div>\u2022 A las 12:00 h. Hinchables y m\u00e1s cosas para los m\u00e1s peques<\/div>\n<div>\u2022 A las 16:30 h. Comienzo de los juegos n\u00e1uticos y suelta de globos<\/div>\n<div>\u2022 A las 18:30 h. Corte de coches con hacha (Bihurri)<\/div>\n<div>\u2022 Desde las 19:00 h. Asado de 2 cerdos (Raci\u00f3n a 1\u20ac.) compra del ticket en la propia fila hasta fin de existencias<\/div>\n<div>\u2022 A las 20:00 h. Fiesta de la espuma<\/div>\n<div>\u2022 A las 21:00 h. Tributo a \u201cELVIS PRESLEY\u201d<\/div>\n<div>\u2022 A las 22:00 h. Tributo a \u201cBEATLES\u201d<\/div>\n<div>\u2022 A las 23:00 h. ORQUESTA \u201cMALASIA\u201d<\/div>\n<div>\u2022 A las 03:00 h. Cierre de Casetas<\/div>\n<\/div>\n<div>\n<div><\/div>\n<div><em><strong>S\u00e1bado 25 de agosto:<\/strong><\/em><\/div>\n<div><\/div>\n<div>\u2022 A partir de las 10:00 h. V Open de \u00a0Cantabria de RallySlot en el Polideportivo n\u00ba 1, memorial a Jos\u00e9 \u00c1ngel Cuero.<\/div>\n<div>\u2022 Desde las 13:00 h. y hasta las 19:00 h. Torneos de SKATE por edades con\u00a0fabulosos premios<\/div>\n<div>\u2022 A las 12:00 h. En la Cofrad\u00eda de\u00a0Pescadores, la Tradicional Misa a\u00a0nuestro patr\u00f3n San Gin\u00e9s<\/div>\n<div>\u2022 A las 13:00 h. Entrega de Placas de agradecimientos a los socios m\u00e1s\u00a0veteranos de la Cofrad\u00eda y entrega de Banderas a los barcos<\/div>\n<div>\u2022 A las 16:00 h. III Regata de traineras\u00a0R\u00eda del As\u00f3n categor\u00eda femenina<\/div>\n<div>\u2022 A continuaci\u00f3n, dar\u00e1 comienzo la XXV Regata de traineras R\u00eda del As\u00f3n\u00a0categor\u00eda masculina, ambas organizadas por el Club de Remo Colindres<\/div>\n<div>\u2022 A las 17:00 h. Guerra de Pe\u00f1as\u00a0(m\u00ednimo 4 personas)<\/div>\n<div>\u2022 A las 18:30 h. Inicio de la XIV CARRERA DE ARTEFACTOS NAVEGABLES<\/div>\n<div>\u2022 Desde las 19:30 h. Tradicional\u00a0SARDINADA<\/div>\n<\/div>\n<div>\n<div>\u2022 A las 21:00 h. Concierto de \u201cCACHO\u201d<\/div>\n<div>\u2022 A las 23:00 h. Concierto de\u00a0\u201cCAF\u00c9 QUIJANO\u201d<\/div>\n<div>\u2022 A las 01:00 h. MACRODISCOTECA<\/div>\n<div>\u2022 A las 04:00 h. Cierre de Casetas<\/div>\n<div>&#8211; Durante toda la jornada de 11.00 a 14.00 h y de 18 a 21 h. TREN DE CALLE, desde la Calle Heliodoro Fern\u00e1ndez hasta el puerto<\/div>\n<div><\/div>\n<div><em><strong>Domingo 26 de agosto:\u00a0V CONCURSO MARMITA VILLA DE COLINDRES<\/strong><\/em><\/div>\n<div><\/div>\n<div>\u2022 A las 09:00 h. Reparto de productos para la marmita<\/div>\n<div>\u2022 A las 13:00 h. Batucada y pasacalles por las casetas<\/div>\n<div>\u2022 A las 14:00 h. Cata del Jurado<\/div>\n<div>\u2022 A las 16:30 h. La entrega de los premios al concurso de la marmita<\/div>\n<div>\u2022 A las 19:00 h. Concierto de \u201cLUNATIC CATZ\u201d<\/div>\n<div>\u2022 A las 21:00 h. Concierto de \u201cTHE OLD BAND\u201d<\/div>\n<div>\u2022 A las 23:10 h. ESPECT\u00c1CULO DE FUEGOS ARTIFICIALES<\/div>\n<div>\u2022 A las 23:30 h. Concierto de \u201cMERCHE\u201d<\/div>\n<div>\u2022 A las 02:00 h. Cierre de Casetas<\/div>\n<\/div>\n<div><\/div>\n<div><a href=\"http:\/\/colindres.es\/wp-content\/uploads\/2018\/08\/DIPTICO-A-v2.jpg\">&#8211; Descargue el d\u00edptico aqu\u00ed cara A<\/a><\/div>\n<div><a href=\"http:\/\/colindres.es\/wp-content\/uploads\/2018\/08\/DIPTICO-B-v2.jpg\">&#8211; Descargue el d\u00edptico aqu\u00ed cara B<\/a><\/div>\n","protected":false},"excerpt":{"rendered":"<p>Jueves 23 de agosto: \u2022 A las 19:00 h. Apertura de casetas y \u00a0barracas \u2022 A las 19:30 h. Gran chocolatada con churros servida por las pe\u00f1as locales, gentileza de Ganader\u00eda Salcines y Churrer\u00eda Calder\u00f3n \u2022 A las 21:00 h. Concierto a cargo del grupo \u201cCRAZY\u201d \u2022 A las 22:00 h. Preg\u00f3n a cargo del [&hellip;]<\/p>\n","protected":false},"author":1,"featured_media":1773,"comment_status":"open","ping_status":"closed","template":"","meta":{"_et_pb_use_builder":"","_et_pb_old_content":"","_et_gb_content_width":"","footnotes":""},"project_category":[],"project_tag":[],"class_list":["post-1770","project","type-project","status-publish","has-post-thumbnail","hentry"],"yoast_head":"<!-- This site is optimized with the Yoast SEO plugin v24.9 - https:\/\/yoast.com\/wordpress\/plugins\/seo\/ -->\n<title>PROGRAMA FIESTAS SAN GIN\u00c9S 2018 - Ayuntamiento de Colindres<\/title>\n<meta name=\"robots\" content=\"index, follow, max-snippet:-1, max-image-preview:large, max-video-preview:-1\" \/>\n<link rel=\"canonical\" href=\"https:\/\/www.colindres.es\/index.php\/project\/programa-fiestas-san-gines-2018\/\" \/>\n<meta property=\"og:locale\" content=\"es_ES\" \/>\n<meta property=\"og:type\" content=\"article\" \/>\n<meta property=\"og:title\" content=\"PROGRAMA FIESTAS SAN GIN\u00c9S 2018 - Ayuntamiento de Colindres\" \/>\n<meta property=\"og:description\" content=\"Jueves 23 de agosto: \u2022 A las 19:00 h. Apertura de casetas y \u00a0barracas \u2022 A las 19:30 h. Gran chocolatada con churros servida por las pe\u00f1as locales, gentileza de Ganader\u00eda Salcines y Churrer\u00eda Calder\u00f3n \u2022 A las 21:00 h. Concierto a cargo del grupo \u201cCRAZY\u201d \u2022 A las 22:00 h. Preg\u00f3n a cargo del [&hellip;]\" \/>\n<meta property=\"og:url\" content=\"https:\/\/www.colindres.es\/index.php\/project\/programa-fiestas-san-gines-2018\/\" \/>\n<meta property=\"og:site_name\" content=\"Ayuntamiento de Colindres\" \/>\n<meta property=\"article:modified_time\" content=\"2018-08-19T20:26:28+00:00\" \/>\n<meta property=\"og:image\" content=\"https:\/\/www.colindres.es\/wp-content\/uploads\/2018\/08\/5df92431-3c62-4574-b23c-104269b1e1e5.jpg\" \/>\n\t<meta property=\"og:image:width\" content=\"1142\" \/>\n\t<meta property=\"og:image:height\" content=\"1600\" \/>\n\t<meta property=\"og:image:type\" content=\"image\/jpeg\" \/>\n<meta name=\"twitter:card\" content=\"summary_large_image\" \/>\n<meta name=\"twitter:label1\" content=\"Tiempo de lectura\" \/>\n\t<meta name=\"twitter:data1\" content=\"3 minutos\" \/>\n<script type=\"application\/ld+json\" class=\"yoast-schema-graph\">{\"@context\":\"https:\/\/schema.org\",\"@graph\":[{\"@type\":\"WebPage\",\"@id\":\"https:\/\/www.colindres.es\/index.php\/project\/programa-fiestas-san-gines-2018\/\",\"url\":\"https:\/\/www.colindres.es\/index.php\/project\/programa-fiestas-san-gines-2018\/\",\"name\":\"PROGRAMA FIESTAS SAN GIN\u00c9S 2018 - Ayuntamiento de Colindres\",\"isPartOf\":{\"@id\":\"https:\/\/www.colindres.es\/#website\"},\"primaryImageOfPage\":{\"@id\":\"https:\/\/www.colindres.es\/index.php\/project\/programa-fiestas-san-gines-2018\/#primaryimage\"},\"image\":{\"@id\":\"https:\/\/www.colindres.es\/index.php\/project\/programa-fiestas-san-gines-2018\/#primaryimage\"},\"thumbnailUrl\":\"https:\/\/www.colindres.es\/wp-content\/uploads\/2018\/08\/5df92431-3c62-4574-b23c-104269b1e1e5.jpg\",\"datePublished\":\"2018-08-19T20:19:32+00:00\",\"dateModified\":\"2018-08-19T20:26:28+00:00\",\"breadcrumb\":{\"@id\":\"https:\/\/www.colindres.es\/index.php\/project\/programa-fiestas-san-gines-2018\/#breadcrumb\"},\"inLanguage\":\"es\",\"potentialAction\":[{\"@type\":\"ReadAction\",\"target\":[\"https:\/\/www.colindres.es\/index.php\/project\/programa-fiestas-san-gines-2018\/\"]}]},{\"@type\":\"ImageObject\",\"inLanguage\":\"es\",\"@id\":\"https:\/\/www.colindres.es\/index.php\/project\/programa-fiestas-san-gines-2018\/#primaryimage\",\"url\":\"https:\/\/www.colindres.es\/wp-content\/uploads\/2018\/08\/5df92431-3c62-4574-b23c-104269b1e1e5.jpg\",\"contentUrl\":\"https:\/\/www.colindres.es\/wp-content\/uploads\/2018\/08\/5df92431-3c62-4574-b23c-104269b1e1e5.jpg\",\"width\":1142,\"height\":1600},{\"@type\":\"BreadcrumbList\",\"@id\":\"https:\/\/www.colindres.es\/index.php\/project\/programa-fiestas-san-gines-2018\/#breadcrumb\",\"itemListElement\":[{\"@type\":\"ListItem\",\"position\":1,\"name\":\"Portada\",\"item\":\"https:\/\/www.colindres.es\/\"},{\"@type\":\"ListItem\",\"position\":2,\"name\":\"Proyectos\",\"item\":\"https:\/\/www.colindres.es\/index.php\/project\/\"},{\"@type\":\"ListItem\",\"position\":3,\"name\":\"PROGRAMA FIESTAS SAN GIN\u00c9S 2018\"}]},{\"@type\":\"WebSite\",\"@id\":\"https:\/\/www.colindres.es\/#website\",\"url\":\"https:\/\/www.colindres.es\/\",\"name\":\"Ayuntamiento de Colindres\",\"description\":\"Dise\u00f1ado por NTIC&#039;s\",\"publisher\":{\"@id\":\"https:\/\/www.colindres.es\/#organization\"},\"potentialAction\":[{\"@type\":\"SearchAction\",\"target\":{\"@type\":\"EntryPoint\",\"urlTemplate\":\"https:\/\/www.colindres.es\/?s={search_term_string}\"},\"query-input\":{\"@type\":\"PropertyValueSpecification\",\"valueRequired\":true,\"valueName\":\"search_term_string\"}}],\"inLanguage\":\"es\"},{\"@type\":\"Organization\",\"@id\":\"https:\/\/www.colindres.es\/#organization\",\"name\":\"AYUNTAMIENTO DE COLINDRES\",\"url\":\"https:\/\/www.colindres.es\/\",\"logo\":{\"@type\":\"ImageObject\",\"inLanguage\":\"es\",\"@id\":\"https:\/\/www.colindres.es\/#\/schema\/logo\/image\/\",\"url\":\"https:\/\/www.colindres.es\/wp-content\/uploads\/2017\/01\/LOGO-PRINCIPAL.jpg\",\"contentUrl\":\"https:\/\/www.colindres.es\/wp-content\/uploads\/2017\/01\/LOGO-PRINCIPAL.jpg\",\"width\":1209,\"height\":579,\"caption\":\"AYUNTAMIENTO DE COLINDRES\"},\"image\":{\"@id\":\"https:\/\/www.colindres.es\/#\/schema\/logo\/image\/\"}}]}<\/script>\n<!-- \/ Yoast SEO plugin. -->","yoast_head_json":{"title":"PROGRAMA FIESTAS SAN GIN\u00c9S 2018 - Ayuntamiento de Colindres","robots":{"index":"index","follow":"follow","max-snippet":"max-snippet:-1","max-image-preview":"max-image-preview:large","max-video-preview":"max-video-preview:-1"},"canonical":"https:\/\/www.colindres.es\/index.php\/project\/programa-fiestas-san-gines-2018\/","og_locale":"es_ES","og_type":"article","og_title":"PROGRAMA FIESTAS SAN GIN\u00c9S 2018 - Ayuntamiento de Colindres","og_description":"Jueves 23 de agosto: \u2022 A las 19:00 h. Apertura de casetas y \u00a0barracas \u2022 A las 19:30 h. Gran chocolatada con churros servida por las pe\u00f1as locales, gentileza de Ganader\u00eda Salcines y Churrer\u00eda Calder\u00f3n \u2022 A las 21:00 h. Concierto a cargo del grupo \u201cCRAZY\u201d \u2022 A las 22:00 h. Preg\u00f3n a cargo del [&hellip;]","og_url":"https:\/\/www.colindres.es\/index.php\/project\/programa-fiestas-san-gines-2018\/","og_site_name":"Ayuntamiento de Colindres","article_modified_time":"2018-08-19T20:26:28+00:00","og_image":[{"width":1142,"height":1600,"url":"https:\/\/www.colindres.es\/wp-content\/uploads\/2018\/08\/5df92431-3c62-4574-b23c-104269b1e1e5.jpg","type":"image\/jpeg"}],"twitter_card":"summary_large_image","twitter_misc":{"Tiempo de lectura":"3 minutos"},"schema":{"@context":"https:\/\/schema.org","@graph":[{"@type":"WebPage","@id":"https:\/\/www.colindres.es\/index.php\/project\/programa-fiestas-san-gines-2018\/","url":"https:\/\/www.colindres.es\/index.php\/project\/programa-fiestas-san-gines-2018\/","name":"PROGRAMA FIESTAS SAN GIN\u00c9S 2018 - Ayuntamiento de Colindres","isPartOf":{"@id":"https:\/\/www.colindres.es\/#website"},"primaryImageOfPage":{"@id":"https:\/\/www.colindres.es\/index.php\/project\/programa-fiestas-san-gines-2018\/#primaryimage"},"image":{"@id":"https:\/\/www.colindres.es\/index.php\/project\/programa-fiestas-san-gines-2018\/#primaryimage"},"thumbnailUrl":"https:\/\/www.colindres.es\/wp-content\/uploads\/2018\/08\/5df92431-3c62-4574-b23c-104269b1e1e5.jpg","datePublished":"2018-08-19T20:19:32+00:00","dateModified":"2018-08-19T20:26:28+00:00","breadcrumb":{"@id":"https:\/\/www.colindres.es\/index.php\/project\/programa-fiestas-san-gines-2018\/#breadcrumb"},"inLanguage":"es","potentialAction":[{"@type":"ReadAction","target":["https:\/\/www.colindres.es\/index.php\/project\/programa-fiestas-san-gines-2018\/"]}]},{"@type":"ImageObject","inLanguage":"es","@id":"https:\/\/www.colindres.es\/index.php\/project\/programa-fiestas-san-gines-2018\/#primaryimage","url":"https:\/\/www.colindres.es\/wp-content\/uploads\/2018\/08\/5df92431-3c62-4574-b23c-104269b1e1e5.jpg","contentUrl":"https:\/\/www.colindres.es\/wp-content\/uploads\/2018\/08\/5df92431-3c62-4574-b23c-104269b1e1e5.jpg","width":1142,"height":1600},{"@type":"BreadcrumbList","@id":"https:\/\/www.colindres.es\/index.php\/project\/programa-fiestas-san-gines-2018\/#breadcrumb","itemListElement":[{"@type":"ListItem","position":1,"name":"Portada","item":"https:\/\/www.colindres.es\/"},{"@type":"ListItem","position":2,"name":"Proyectos","item":"https:\/\/www.colindres.es\/index.php\/project\/"},{"@type":"ListItem","position":3,"name":"PROGRAMA FIESTAS SAN GIN\u00c9S 2018"}]},{"@type":"WebSite","@id":"https:\/\/www.colindres.es\/#website","url":"https:\/\/www.colindres.es\/","name":"Ayuntamiento de Colindres","description":"Dise\u00f1ado por NTIC&#039;s","publisher":{"@id":"https:\/\/www.colindres.es\/#organization"},"potentialAction":[{"@type":"SearchAction","target":{"@type":"EntryPoint","urlTemplate":"https:\/\/www.colindres.es\/?s={search_term_string}"},"query-input":{"@type":"PropertyValueSpecification","valueRequired":true,"valueName":"search_term_string"}}],"inLanguage":"es"},{"@type":"Organization","@id":"https:\/\/www.colindres.es\/#organization","name":"AYUNTAMIENTO DE COLINDRES","url":"https:\/\/www.colindres.es\/","logo":{"@type":"ImageObject","inLanguage":"es","@id":"https:\/\/www.colindres.es\/#\/schema\/logo\/image\/","url":"https:\/\/www.colindres.es\/wp-content\/uploads\/2017\/01\/LOGO-PRINCIPAL.jpg","contentUrl":"https:\/\/www.colindres.es\/wp-content\/uploads\/2017\/01\/LOGO-PRINCIPAL.jpg","width":1209,"height":579,"caption":"AYUNTAMIENTO DE COLINDRES"},"image":{"@id":"https:\/\/www.colindres.es\/#\/schema\/logo\/image\/"}}]}},"_links":{"self":[{"href":"https:\/\/www.colindres.es\/index.php\/wp-json\/wp\/v2\/project\/1770","targetHints":{"allow":["GET"]}}],"collection":[{"href":"https:\/\/www.colindres.es\/index.php\/wp-json\/wp\/v2\/project"}],"about":[{"href":"https:\/\/www.colindres.es\/index.php\/wp-json\/wp\/v2\/types\/project"}],"author":[{"embeddable":true,"href":"https:\/\/www.colindres.es\/index.php\/wp-json\/wp\/v2\/users\/1"}],"replies":[{"embeddable":true,"href":"https:\/\/www.colindres.es\/index.php\/wp-json\/wp\/v2\/comments?post=1770"}],"version-history":[{"count":3,"href":"https:\/\/www.colindres.es\/index.php\/wp-json\/wp\/v2\/project\/1770\/revisions"}],"predecessor-version":[{"id":1778,"href":"https:\/\/www.colindres.es\/index.php\/wp-json\/wp\/v2\/project\/1770\/revisions\/1778"}],"wp:featuredmedia":[{"embeddable":true,"href":"https:\/\/www.colindres.es\/index.php\/wp-json\/wp\/v2\/media\/1773"}],"wp:attachment":[{"href":"https:\/\/www.colindres.es\/index.php\/wp-json\/wp\/v2\/media?parent=1770"}],"wp:term":[{"taxonomy":"project_category","embeddable":true,"href":"https:\/\/www.colindres.es\/index.php\/wp-json\/wp\/v2\/project_category?post=1770"},{"taxonomy":"project_tag","embeddable":true,"href":"https:\/\/www.colindres.es\/index.php\/wp-json\/wp\/v2\/project_tag?post=1770"}],"curies":[{"name":"wp","href":"https:\/\/api.w.org\/{rel}","templated":true}]}}