{"id":17649,"date":"2024-03-14T20:12:45","date_gmt":"2024-03-14T19:12:45","guid":{"rendered":"https:\/\/www.colindres.es\/?post_type=project&#038;p=17649"},"modified":"2024-03-14T20:13:11","modified_gmt":"2024-03-14T19:13:11","slug":"el-ayuntamiento-de-colindres-en-colaboracion-con-mare-invita-a-la-ciudadania-a-participar-en-la-campana-dale-una-segunda-vida-a-los-envases","status":"publish","type":"project","link":"https:\/\/www.colindres.es\/index.php\/project\/el-ayuntamiento-de-colindres-en-colaboracion-con-mare-invita-a-la-ciudadania-a-participar-en-la-campana-dale-una-segunda-vida-a-los-envases\/","title":{"rendered":"EL AYUNTAMIENTO DE COLINDRES, EN COLABORACI\u00d3N CON MARE, INVITA A LA CIUDADAN\u00cdA A PARTICIPAR EN LA CAMPA\u00d1A \u201cDALE UNA SEGUNDA VIDA A LOS ENVASES\u201d"},"content":{"rendered":"<p><em>Durante el jueves y el viernes se llevar\u00e1n a cabo distintas actividades de sensibilizaci\u00f3n en torno al reciclaje<\/em><\/p>\n<p>La campa\u00f1a, organizada por la empresa p\u00fablica MARE en colaboraci\u00f3n con el Ayuntamiento, arrancar\u00e1 este jueves, 14 de marzo. Desde las 17:00h\u00a0 a 20:00h, en la sede de la Asociaci\u00f3n de Mayores La Calzada, se llevar\u00e1n a cabo varios talleres de educaci\u00f3n ambiental en torno a la econom\u00eda circular.<\/p>\n<p>Uno de los talleres versar\u00e1 sobre los envases circulares con el objetivo de que podamos aprender a identificarlos.<\/p>\n<p>Otro taller ir\u00e1 enfocado a la aplicaci\u00f3n de la econom\u00eda circular a peque\u00f1a escala. Se pretende trasladar de forma clara y sencilla conceptos como \u00bfqu\u00e9 es la econom\u00eda circular?; h\u00e1bitos de consumo responsable y sostenible; estado actual; retos; econom\u00eda circular dom\u00e9stica; consejos y trucos. Durante el desarrollo del mismo se explicar\u00e1 cu\u00e1l es la contribuci\u00f3n del reciclaje al medio ambiente y c\u00f3mo debemos reciclar adecuadamente; es decir, qu\u00e9 depositar en cada contenedor.<\/p>\n<p>Por otra parte, se presentan ejemplos de proyectos e iniciativas c\u00e1ntabras circulares y se dar\u00e1n a conocer ejemplos de empresas c\u00e1ntabras que producen productos circulares.<\/p>\n<p>El viernes, 14 de marzo, de 9:30 a 13:30 h, en el Mercadillo de Colindres, se instalar\u00e1 un punto informativo para mostrar c\u00f3mo los residuos pueden convertirse en nuevos recursos.<\/p>\n<p>\u201cEste punto informativo servir\u00e1 para que podamos resolver todas nuestras dudas acerca del reciclaje. Se ofrecer\u00e1 atenci\u00f3n individualizada, informaci\u00f3n general sobre la campa\u00f1a, sus objetivos, informaci\u00f3n espec\u00edfica sobre las acciones, sobre c\u00f3mo estar conectado en las redes sociales y\/o la p\u00e1gina web, y tambi\u00e9n se realizar\u00e1 la entrega de los materiales divulgativos y de sensibilizaci\u00f3n \u201c, ha explicado la concejal responsable de Medio Ambiente, Yolanda Arce.<\/p>\n<p><img loading=\"lazy\" decoding=\"async\" class=\"alignnone size-medium wp-image-17650\" src=\"https:\/\/www.colindres.es\/wp-content\/uploads\/2024\/03\/thumbnail_CARTEL_Mayores-Colindres_2-1-212x300.jpg\" alt=\"\" width=\"212\" height=\"300\" \/> <img loading=\"lazy\" decoding=\"async\" class=\"alignnone size-medium wp-image-17651\" src=\"https:\/\/www.colindres.es\/wp-content\/uploads\/2024\/03\/thumbnail_CARTEL_Mercado-Colindres2-212x300.jpg\" alt=\"\" width=\"212\" height=\"300\" \/><\/p>\n<p>\u201cLa actividad est\u00e1 pensada para atraer la atenci\u00f3n de toda la familia y se plantear\u00e1n juegos interactivos a trav\u00e9s de pantallas t\u00e1ctiles que pondr\u00e1n a prueba nuestros conocimientos sobre reciclaje y con los que tendremos la oportunidad de aprender el uso correcto de los contenedores y d\u00f3nde depositar los residuos de un amanera muy din\u00e1mica\u201d, ha insistido la concejal.<\/p>\n<p>El alcalde de Colindres, Javier Incera, ha apuntado que \u201cel reto de la econom\u00eda circular depende de todos y en este caso, a trav\u00e9s de la colaboraci\u00f3n con MARE, disponemos de una estupenda oportunidad para aprender nuevos h\u00e1bitos de consumo responsable, entender cu\u00e1les son las acciones m\u00e1s adecuadas para contribuir a la mejora de nuestro\u00a0 medio ambiente y c\u00f3mo reciclar m\u00e1s y mejor\u201d.<\/p>\n","protected":false},"excerpt":{"rendered":"<p>Durante el jueves y el viernes se llevar\u00e1n a cabo distintas actividades de sensibilizaci\u00f3n en torno al reciclaje La campa\u00f1a, organizada por la empresa p\u00fablica MARE en colaboraci\u00f3n con el Ayuntamiento, arrancar\u00e1 este jueves, 14 de marzo. Desde las 17:00h\u00a0 a 20:00h, en la sede de la Asociaci\u00f3n de Mayores La Calzada, se llevar\u00e1n a [&hellip;]<\/p>\n","protected":false},"author":1,"featured_media":17650,"comment_status":"open","ping_status":"closed","template":"","meta":{"_et_pb_use_builder":"","_et_pb_old_content":"","_et_gb_content_width":"","footnotes":""},"project_category":[6],"project_tag":[],"class_list":["post-17649","project","type-project","status-publish","has-post-thumbnail","hentry","project_category-noticias"],"yoast_head":"<!-- This site is optimized with the Yoast SEO plugin v24.9 - https:\/\/yoast.com\/wordpress\/plugins\/seo\/ -->\n<title>EL AYUNTAMIENTO DE COLINDRES, EN COLABORACI\u00d3N CON MARE, INVITA A LA CIUDADAN\u00cdA A PARTICIPAR EN LA CAMPA\u00d1A \u201cDALE UNA SEGUNDA VIDA A LOS ENVASES\u201d - Ayuntamiento de Colindres<\/title>\n<meta name=\"robots\" content=\"index, follow, max-snippet:-1, max-image-preview:large, max-video-preview:-1\" \/>\n<link rel=\"canonical\" href=\"https:\/\/www.colindres.es\/index.php\/project\/el-ayuntamiento-de-colindres-en-colaboracion-con-mare-invita-a-la-ciudadania-a-participar-en-la-campana-dale-una-segunda-vida-a-los-envases\/\" \/>\n<meta property=\"og:locale\" content=\"es_ES\" \/>\n<meta property=\"og:type\" content=\"article\" \/>\n<meta property=\"og:title\" content=\"EL AYUNTAMIENTO DE COLINDRES, EN COLABORACI\u00d3N CON MARE, INVITA A LA CIUDADAN\u00cdA A PARTICIPAR EN LA CAMPA\u00d1A \u201cDALE UNA SEGUNDA VIDA A LOS ENVASES\u201d - Ayuntamiento de Colindres\" \/>\n<meta property=\"og:description\" content=\"Durante el jueves y el viernes se llevar\u00e1n a cabo distintas actividades de sensibilizaci\u00f3n en torno al reciclaje La campa\u00f1a, organizada por la empresa p\u00fablica MARE en colaboraci\u00f3n con el Ayuntamiento, arrancar\u00e1 este jueves, 14 de marzo. Desde las 17:00h\u00a0 a 20:00h, en la sede de la Asociaci\u00f3n de Mayores La Calzada, se llevar\u00e1n a [&hellip;]\" \/>\n<meta property=\"og:url\" content=\"https:\/\/www.colindres.es\/index.php\/project\/el-ayuntamiento-de-colindres-en-colaboracion-con-mare-invita-a-la-ciudadania-a-participar-en-la-campana-dale-una-segunda-vida-a-los-envases\/\" \/>\n<meta property=\"og:site_name\" content=\"Ayuntamiento de Colindres\" \/>\n<meta property=\"article:modified_time\" content=\"2024-03-14T19:13:11+00:00\" \/>\n<meta property=\"og:image\" content=\"http:\/\/www.colindres.es\/wp-content\/uploads\/2024\/03\/thumbnail_CARTEL_Mayores-Colindres_2-1.jpg\" \/>\n\t<meta property=\"og:image:width\" content=\"1123\" \/>\n\t<meta property=\"og:image:height\" content=\"1587\" \/>\n\t<meta property=\"og:image:type\" content=\"image\/jpeg\" \/>\n<meta name=\"twitter:card\" content=\"summary_large_image\" \/>\n<meta name=\"twitter:label1\" content=\"Tiempo de lectura\" \/>\n\t<meta name=\"twitter:data1\" content=\"3 minutos\" \/>\n<script type=\"application\/ld+json\" class=\"yoast-schema-graph\">{\"@context\":\"https:\/\/schema.org\",\"@graph\":[{\"@type\":\"WebPage\",\"@id\":\"https:\/\/www.colindres.es\/index.php\/project\/el-ayuntamiento-de-colindres-en-colaboracion-con-mare-invita-a-la-ciudadania-a-participar-en-la-campana-dale-una-segunda-vida-a-los-envases\/\",\"url\":\"https:\/\/www.colindres.es\/index.php\/project\/el-ayuntamiento-de-colindres-en-colaboracion-con-mare-invita-a-la-ciudadania-a-participar-en-la-campana-dale-una-segunda-vida-a-los-envases\/\",\"name\":\"EL AYUNTAMIENTO DE COLINDRES, EN COLABORACI\u00d3N CON MARE, INVITA A LA CIUDADAN\u00cdA A PARTICIPAR EN LA CAMPA\u00d1A \u201cDALE UNA SEGUNDA VIDA A LOS ENVASES\u201d - Ayuntamiento de Colindres\",\"isPartOf\":{\"@id\":\"https:\/\/www.colindres.es\/#website\"},\"primaryImageOfPage\":{\"@id\":\"https:\/\/www.colindres.es\/index.php\/project\/el-ayuntamiento-de-colindres-en-colaboracion-con-mare-invita-a-la-ciudadania-a-participar-en-la-campana-dale-una-segunda-vida-a-los-envases\/#primaryimage\"},\"image\":{\"@id\":\"https:\/\/www.colindres.es\/index.php\/project\/el-ayuntamiento-de-colindres-en-colaboracion-con-mare-invita-a-la-ciudadania-a-participar-en-la-campana-dale-una-segunda-vida-a-los-envases\/#primaryimage\"},\"thumbnailUrl\":\"https:\/\/www.colindres.es\/wp-content\/uploads\/2024\/03\/thumbnail_CARTEL_Mayores-Colindres_2-1.jpg\",\"datePublished\":\"2024-03-14T19:12:45+00:00\",\"dateModified\":\"2024-03-14T19:13:11+00:00\",\"breadcrumb\":{\"@id\":\"https:\/\/www.colindres.es\/index.php\/project\/el-ayuntamiento-de-colindres-en-colaboracion-con-mare-invita-a-la-ciudadania-a-participar-en-la-campana-dale-una-segunda-vida-a-los-envases\/#breadcrumb\"},\"inLanguage\":\"es\",\"potentialAction\":[{\"@type\":\"ReadAction\",\"target\":[\"https:\/\/www.colindres.es\/index.php\/project\/el-ayuntamiento-de-colindres-en-colaboracion-con-mare-invita-a-la-ciudadania-a-participar-en-la-campana-dale-una-segunda-vida-a-los-envases\/\"]}]},{\"@type\":\"ImageObject\",\"inLanguage\":\"es\",\"@id\":\"https:\/\/www.colindres.es\/index.php\/project\/el-ayuntamiento-de-colindres-en-colaboracion-con-mare-invita-a-la-ciudadania-a-participar-en-la-campana-dale-una-segunda-vida-a-los-envases\/#primaryimage\",\"url\":\"https:\/\/www.colindres.es\/wp-content\/uploads\/2024\/03\/thumbnail_CARTEL_Mayores-Colindres_2-1.jpg\",\"contentUrl\":\"https:\/\/www.colindres.es\/wp-content\/uploads\/2024\/03\/thumbnail_CARTEL_Mayores-Colindres_2-1.jpg\",\"width\":1123,\"height\":1587},{\"@type\":\"BreadcrumbList\",\"@id\":\"https:\/\/www.colindres.es\/index.php\/project\/el-ayuntamiento-de-colindres-en-colaboracion-con-mare-invita-a-la-ciudadania-a-participar-en-la-campana-dale-una-segunda-vida-a-los-envases\/#breadcrumb\",\"itemListElement\":[{\"@type\":\"ListItem\",\"position\":1,\"name\":\"Portada\",\"item\":\"https:\/\/www.colindres.es\/\"},{\"@type\":\"ListItem\",\"position\":2,\"name\":\"Proyectos\",\"item\":\"https:\/\/www.colindres.es\/index.php\/project\/\"},{\"@type\":\"ListItem\",\"position\":3,\"name\":\"EL AYUNTAMIENTO DE COLINDRES, EN COLABORACI\u00d3N CON MARE, INVITA A LA CIUDADAN\u00cdA A PARTICIPAR EN LA CAMPA\u00d1A \u201cDALE UNA SEGUNDA VIDA A LOS ENVASES\u201d\"}]},{\"@type\":\"WebSite\",\"@id\":\"https:\/\/www.colindres.es\/#website\",\"url\":\"https:\/\/www.colindres.es\/\",\"name\":\"Ayuntamiento de Colindres\",\"description\":\"Dise\u00f1ado por NTIC&#039;s\",\"publisher\":{\"@id\":\"https:\/\/www.colindres.es\/#organization\"},\"potentialAction\":[{\"@type\":\"SearchAction\",\"target\":{\"@type\":\"EntryPoint\",\"urlTemplate\":\"https:\/\/www.colindres.es\/?s={search_term_string}\"},\"query-input\":{\"@type\":\"PropertyValueSpecification\",\"valueRequired\":true,\"valueName\":\"search_term_string\"}}],\"inLanguage\":\"es\"},{\"@type\":\"Organization\",\"@id\":\"https:\/\/www.colindres.es\/#organization\",\"name\":\"AYUNTAMIENTO DE COLINDRES\",\"url\":\"https:\/\/www.colindres.es\/\",\"logo\":{\"@type\":\"ImageObject\",\"inLanguage\":\"es\",\"@id\":\"https:\/\/www.colindres.es\/#\/schema\/logo\/image\/\",\"url\":\"https:\/\/www.colindres.es\/wp-content\/uploads\/2017\/01\/LOGO-PRINCIPAL.jpg\",\"contentUrl\":\"https:\/\/www.colindres.es\/wp-content\/uploads\/2017\/01\/LOGO-PRINCIPAL.jpg\",\"width\":1209,\"height\":579,\"caption\":\"AYUNTAMIENTO DE COLINDRES\"},\"image\":{\"@id\":\"https:\/\/www.colindres.es\/#\/schema\/logo\/image\/\"}}]}<\/script>\n<!-- \/ Yoast SEO plugin. -->","yoast_head_json":{"title":"EL AYUNTAMIENTO DE COLINDRES, EN COLABORACI\u00d3N CON MARE, INVITA A LA CIUDADAN\u00cdA A PARTICIPAR EN LA CAMPA\u00d1A \u201cDALE UNA SEGUNDA VIDA A LOS ENVASES\u201d - Ayuntamiento de Colindres","robots":{"index":"index","follow":"follow","max-snippet":"max-snippet:-1","max-image-preview":"max-image-preview:large","max-video-preview":"max-video-preview:-1"},"canonical":"https:\/\/www.colindres.es\/index.php\/project\/el-ayuntamiento-de-colindres-en-colaboracion-con-mare-invita-a-la-ciudadania-a-participar-en-la-campana-dale-una-segunda-vida-a-los-envases\/","og_locale":"es_ES","og_type":"article","og_title":"EL AYUNTAMIENTO DE COLINDRES, EN COLABORACI\u00d3N CON MARE, INVITA A LA CIUDADAN\u00cdA A PARTICIPAR EN LA CAMPA\u00d1A \u201cDALE UNA SEGUNDA VIDA A LOS ENVASES\u201d - Ayuntamiento de Colindres","og_description":"Durante el jueves y el viernes se llevar\u00e1n a cabo distintas actividades de sensibilizaci\u00f3n en torno al reciclaje La campa\u00f1a, organizada por la empresa p\u00fablica MARE en colaboraci\u00f3n con el Ayuntamiento, arrancar\u00e1 este jueves, 14 de marzo. Desde las 17:00h\u00a0 a 20:00h, en la sede de la Asociaci\u00f3n de Mayores La Calzada, se llevar\u00e1n a [&hellip;]","og_url":"https:\/\/www.colindres.es\/index.php\/project\/el-ayuntamiento-de-colindres-en-colaboracion-con-mare-invita-a-la-ciudadania-a-participar-en-la-campana-dale-una-segunda-vida-a-los-envases\/","og_site_name":"Ayuntamiento de Colindres","article_modified_time":"2024-03-14T19:13:11+00:00","og_image":[{"width":1123,"height":1587,"url":"http:\/\/www.colindres.es\/wp-content\/uploads\/2024\/03\/thumbnail_CARTEL_Mayores-Colindres_2-1.jpg","type":"image\/jpeg"}],"twitter_card":"summary_large_image","twitter_misc":{"Tiempo de lectura":"3 minutos"},"schema":{"@context":"https:\/\/schema.org","@graph":[{"@type":"WebPage","@id":"https:\/\/www.colindres.es\/index.php\/project\/el-ayuntamiento-de-colindres-en-colaboracion-con-mare-invita-a-la-ciudadania-a-participar-en-la-campana-dale-una-segunda-vida-a-los-envases\/","url":"https:\/\/www.colindres.es\/index.php\/project\/el-ayuntamiento-de-colindres-en-colaboracion-con-mare-invita-a-la-ciudadania-a-participar-en-la-campana-dale-una-segunda-vida-a-los-envases\/","name":"EL AYUNTAMIENTO DE COLINDRES, EN COLABORACI\u00d3N CON MARE, INVITA A LA CIUDADAN\u00cdA A PARTICIPAR EN LA CAMPA\u00d1A \u201cDALE UNA SEGUNDA VIDA A LOS ENVASES\u201d - Ayuntamiento de Colindres","isPartOf":{"@id":"https:\/\/www.colindres.es\/#website"},"primaryImageOfPage":{"@id":"https:\/\/www.colindres.es\/index.php\/project\/el-ayuntamiento-de-colindres-en-colaboracion-con-mare-invita-a-la-ciudadania-a-participar-en-la-campana-dale-una-segunda-vida-a-los-envases\/#primaryimage"},"image":{"@id":"https:\/\/www.colindres.es\/index.php\/project\/el-ayuntamiento-de-colindres-en-colaboracion-con-mare-invita-a-la-ciudadania-a-participar-en-la-campana-dale-una-segunda-vida-a-los-envases\/#primaryimage"},"thumbnailUrl":"https:\/\/www.colindres.es\/wp-content\/uploads\/2024\/03\/thumbnail_CARTEL_Mayores-Colindres_2-1.jpg","datePublished":"2024-03-14T19:12:45+00:00","dateModified":"2024-03-14T19:13:11+00:00","breadcrumb":{"@id":"https:\/\/www.colindres.es\/index.php\/project\/el-ayuntamiento-de-colindres-en-colaboracion-con-mare-invita-a-la-ciudadania-a-participar-en-la-campana-dale-una-segunda-vida-a-los-envases\/#breadcrumb"},"inLanguage":"es","potentialAction":[{"@type":"ReadAction","target":["https:\/\/www.colindres.es\/index.php\/project\/el-ayuntamiento-de-colindres-en-colaboracion-con-mare-invita-a-la-ciudadania-a-participar-en-la-campana-dale-una-segunda-vida-a-los-envases\/"]}]},{"@type":"ImageObject","inLanguage":"es","@id":"https:\/\/www.colindres.es\/index.php\/project\/el-ayuntamiento-de-colindres-en-colaboracion-con-mare-invita-a-la-ciudadania-a-participar-en-la-campana-dale-una-segunda-vida-a-los-envases\/#primaryimage","url":"https:\/\/www.colindres.es\/wp-content\/uploads\/2024\/03\/thumbnail_CARTEL_Mayores-Colindres_2-1.jpg","contentUrl":"https:\/\/www.colindres.es\/wp-content\/uploads\/2024\/03\/thumbnail_CARTEL_Mayores-Colindres_2-1.jpg","width":1123,"height":1587},{"@type":"BreadcrumbList","@id":"https:\/\/www.colindres.es\/index.php\/project\/el-ayuntamiento-de-colindres-en-colaboracion-con-mare-invita-a-la-ciudadania-a-participar-en-la-campana-dale-una-segunda-vida-a-los-envases\/#breadcrumb","itemListElement":[{"@type":"ListItem","position":1,"name":"Portada","item":"https:\/\/www.colindres.es\/"},{"@type":"ListItem","position":2,"name":"Proyectos","item":"https:\/\/www.colindres.es\/index.php\/project\/"},{"@type":"ListItem","position":3,"name":"EL AYUNTAMIENTO DE COLINDRES, EN COLABORACI\u00d3N CON MARE, INVITA A LA CIUDADAN\u00cdA A PARTICIPAR EN LA CAMPA\u00d1A \u201cDALE UNA SEGUNDA VIDA A LOS ENVASES\u201d"}]},{"@type":"WebSite","@id":"https:\/\/www.colindres.es\/#website","url":"https:\/\/www.colindres.es\/","name":"Ayuntamiento de Colindres","description":"Dise\u00f1ado por NTIC&#039;s","publisher":{"@id":"https:\/\/www.colindres.es\/#organization"},"potentialAction":[{"@type":"SearchAction","target":{"@type":"EntryPoint","urlTemplate":"https:\/\/www.colindres.es\/?s={search_term_string}"},"query-input":{"@type":"PropertyValueSpecification","valueRequired":true,"valueName":"search_term_string"}}],"inLanguage":"es"},{"@type":"Organization","@id":"https:\/\/www.colindres.es\/#organization","name":"AYUNTAMIENTO DE COLINDRES","url":"https:\/\/www.colindres.es\/","logo":{"@type":"ImageObject","inLanguage":"es","@id":"https:\/\/www.colindres.es\/#\/schema\/logo\/image\/","url":"https:\/\/www.colindres.es\/wp-content\/uploads\/2017\/01\/LOGO-PRINCIPAL.jpg","contentUrl":"https:\/\/www.colindres.es\/wp-content\/uploads\/2017\/01\/LOGO-PRINCIPAL.jpg","width":1209,"height":579,"caption":"AYUNTAMIENTO DE COLINDRES"},"image":{"@id":"https:\/\/www.colindres.es\/#\/schema\/logo\/image\/"}}]}},"_links":{"self":[{"href":"https:\/\/www.colindres.es\/index.php\/wp-json\/wp\/v2\/project\/17649","targetHints":{"allow":["GET"]}}],"collection":[{"href":"https:\/\/www.colindres.es\/index.php\/wp-json\/wp\/v2\/project"}],"about":[{"href":"https:\/\/www.colindres.es\/index.php\/wp-json\/wp\/v2\/types\/project"}],"author":[{"embeddable":true,"href":"https:\/\/www.colindres.es\/index.php\/wp-json\/wp\/v2\/users\/1"}],"replies":[{"embeddable":true,"href":"https:\/\/www.colindres.es\/index.php\/wp-json\/wp\/v2\/comments?post=17649"}],"version-history":[{"count":1,"href":"https:\/\/www.colindres.es\/index.php\/wp-json\/wp\/v2\/project\/17649\/revisions"}],"predecessor-version":[{"id":17652,"href":"https:\/\/www.colindres.es\/index.php\/wp-json\/wp\/v2\/project\/17649\/revisions\/17652"}],"wp:featuredmedia":[{"embeddable":true,"href":"https:\/\/www.colindres.es\/index.php\/wp-json\/wp\/v2\/media\/17650"}],"wp:attachment":[{"href":"https:\/\/www.colindres.es\/index.php\/wp-json\/wp\/v2\/media?parent=17649"}],"wp:term":[{"taxonomy":"project_category","embeddable":true,"href":"https:\/\/www.colindres.es\/index.php\/wp-json\/wp\/v2\/project_category?post=17649"},{"taxonomy":"project_tag","embeddable":true,"href":"https:\/\/www.colindres.es\/index.php\/wp-json\/wp\/v2\/project_tag?post=17649"}],"curies":[{"name":"wp","href":"https:\/\/api.w.org\/{rel}","templated":true}]}}