{"id":1764,"date":"2018-08-15T16:26:40","date_gmt":"2018-08-15T16:26:40","guid":{"rendered":"http:\/\/colindres.es\/?post_type=project&#038;p=1764"},"modified":"2018-08-15T16:26:40","modified_gmt":"2018-08-15T16:26:40","slug":"fiestas-san-roque-y-san-gines-programa-especifico","status":"publish","type":"project","link":"https:\/\/www.colindres.es\/index.php\/project\/fiestas-san-roque-y-san-gines-programa-especifico\/","title":{"rendered":"FIESTAS SAN ROQUE Y SAN GINES (programa espec\u00edfico)"},"content":{"rendered":"<p><b><i>Martes 14 de Agosto:<\/i><\/b><\/p>\n<ul>\n<li>A partir de las 22.00 h. en el Auditorio de los Jardines de la Casa de Cultura actuaci\u00f3n de la Compa\u00f1\u00eda de Danza Folkl\u00f3rica \u00abM\u00c9XICO VIVO\u00bb.<\/li>\n<\/ul>\n<p><b><i>Jueves 16 de agosto &#8211; San Roque<\/i><\/b><\/p>\n<ul>\n<li>Os animamos a disfrutar de una jornada de comida campestre en los alrededores de la Ermita de San Roque.<\/li>\n<li>A las 18.00 h., Misa en la Ermita del Santo y Procesi\u00f3n.<\/li>\n<li>A continuaci\u00f3n comenzar\u00e1 la tradicional Sardinada servida por las pe\u00f1as locales.<\/li>\n<li>\u2022El horario del tren ser\u00e1 de 16.00 h. hasta las 21.00 h.<\/li>\n<\/ul>\n<p><b><i>Viernes 17 de Agosto:<\/i><\/b><\/p>\n<ul>\n<li>A partir de las 17.30 h. presentaci\u00f3n oficial de la nueva Cofrad\u00eda y de los cofrades (padrinos la cofrad\u00eda de la n\u00e9cora de Noja).<\/li>\n<li>Degustaci\u00f3n de \u00abBonito a la Colindresa\u00bb por Jes\u00fas Baquero (El Mul\u00e9 Carajonero) para todos los asistentes.<span class=\"Apple-converted-space\">\u00a0<\/span><\/li>\n<\/ul>\n<p><b><i>S\u00e1bado 18 de Agosto:<\/i><\/b><\/p>\n<ul>\n<li>A partir de las 17.30 h. En la Cofrad\u00eda de Pescadores Show Cooking por cocineros de Cantabria de platos elaborados con Bonito.<\/li>\n<li>Floren Bueyes (Presidente de Ia Asociaci\u00f3n de Cocineros de Cantabria)<\/li>\n<li>Alberto Criado (Asociaci\u00f3n de Cocineros de Cantabria)<\/li>\n<li>Jes\u00fas Saquero (El Mul\u00e9 Carajonero)<\/li>\n<li>Ricardo Ezcurdia (Home Chef tres estrellas WMF)<\/li>\n<\/ul>\n<p><b><i>S\u00e1bado 25 de agosto:<\/i><\/b><\/p>\n<ul>\n<li>A partir de las 10.00 h. V Open de Cantabria de RallySIot.<\/li>\n<li>Desde el jueves 23 hasta el Domingo 26 San Gin\u00e9s en lo zona del Puerto: (programa espec\u00edfico)<\/li>\n<\/ul>\n<p><b><i>S\u00e1bado 1 de Septiembre:<\/i><\/b><\/p>\n<ul>\n<li>A partir de las 16.30 h. en la Calle Heliodoro Fern\u00e1ndez Reuni\u00f3n de Escuelas de Ciclismo de Colindres.<\/li>\n<\/ul>\n<ul>\n<li>ORGANIZA: Excmo. Ayuntamiento de Colindres.<\/li>\n<li>COLABORAN: Cofrad\u00eda de Pescadores, Pe\u00f1a El Juncu, Pe\u00f1a San Juan, Escuela Municipal de Folclore y la Agrupaci\u00f3n Local de Protecci\u00f3n Civil, y adem\u00e1s las asociaciones, entidades deportivas y vecinos que hacen posible que todos disfrutemos de estas fiestas.<\/li>\n<\/ul>\n<p><img loading=\"lazy\" decoding=\"async\" class=\"alignnone size-medium wp-image-1766\" src=\"http:\/\/colindres.es\/wp-content\/uploads\/2018\/08\/exterior-300x212.jpg\" alt=\"\" width=\"300\" height=\"212\" srcset=\"https:\/\/www.colindres.es\/wp-content\/uploads\/2018\/08\/exterior-300x212.jpg 300w, https:\/\/www.colindres.es\/wp-content\/uploads\/2018\/08\/exterior-768x543.jpg 768w, https:\/\/www.colindres.es\/wp-content\/uploads\/2018\/08\/exterior-1024x724.jpg 1024w, https:\/\/www.colindres.es\/wp-content\/uploads\/2018\/08\/exterior-400x284.jpg 400w, https:\/\/www.colindres.es\/wp-content\/uploads\/2018\/08\/exterior-1080x764.jpg 1080w\" sizes=\"(max-width: 300px) 100vw, 300px\" \/> <img loading=\"lazy\" decoding=\"async\" class=\"alignnone size-medium wp-image-1767\" src=\"http:\/\/colindres.es\/wp-content\/uploads\/2018\/08\/interior-300x212.jpg\" alt=\"\" width=\"300\" height=\"212\" srcset=\"https:\/\/www.colindres.es\/wp-content\/uploads\/2018\/08\/interior-300x212.jpg 300w, https:\/\/www.colindres.es\/wp-content\/uploads\/2018\/08\/interior-768x543.jpg 768w, https:\/\/www.colindres.es\/wp-content\/uploads\/2018\/08\/interior-1024x724.jpg 1024w, https:\/\/www.colindres.es\/wp-content\/uploads\/2018\/08\/interior-400x284.jpg 400w, https:\/\/www.colindres.es\/wp-content\/uploads\/2018\/08\/interior-1080x764.jpg 1080w\" sizes=\"(max-width: 300px) 100vw, 300px\" \/><\/p>\n","protected":false},"excerpt":{"rendered":"<p>Martes 14 de Agosto: A partir de las 22.00 h. en el Auditorio de los Jardines de la Casa de Cultura actuaci\u00f3n de la Compa\u00f1\u00eda de Danza Folkl\u00f3rica \u00abM\u00c9XICO VIVO\u00bb. Jueves 16 de agosto &#8211; San Roque Os animamos a disfrutar de una jornada de comida campestre en los alrededores de la Ermita de San [&hellip;]<\/p>\n","protected":false},"author":1,"featured_media":1765,"comment_status":"open","ping_status":"closed","template":"","meta":{"_et_pb_use_builder":"","_et_pb_old_content":"","_et_gb_content_width":"","footnotes":""},"project_category":[],"project_tag":[],"class_list":["post-1764","project","type-project","status-publish","has-post-thumbnail","hentry"],"yoast_head":"<!-- This site is optimized with the Yoast SEO plugin v24.9 - https:\/\/yoast.com\/wordpress\/plugins\/seo\/ -->\n<title>FIESTAS SAN ROQUE Y SAN GINES (programa espec\u00edfico) - Ayuntamiento de Colindres<\/title>\n<meta name=\"robots\" content=\"index, follow, max-snippet:-1, max-image-preview:large, max-video-preview:-1\" \/>\n<link rel=\"canonical\" href=\"https:\/\/www.colindres.es\/index.php\/project\/fiestas-san-roque-y-san-gines-programa-especifico\/\" \/>\n<meta property=\"og:locale\" content=\"es_ES\" \/>\n<meta property=\"og:type\" content=\"article\" \/>\n<meta property=\"og:title\" content=\"FIESTAS SAN ROQUE Y SAN GINES (programa espec\u00edfico) - Ayuntamiento de Colindres\" \/>\n<meta property=\"og:description\" content=\"Martes 14 de Agosto: A partir de las 22.00 h. en el Auditorio de los Jardines de la Casa de Cultura actuaci\u00f3n de la Compa\u00f1\u00eda de Danza Folkl\u00f3rica \u00abM\u00c9XICO VIVO\u00bb. Jueves 16 de agosto &#8211; San Roque Os animamos a disfrutar de una jornada de comida campestre en los alrededores de la Ermita de San [&hellip;]\" \/>\n<meta property=\"og:url\" content=\"https:\/\/www.colindres.es\/index.php\/project\/fiestas-san-roque-y-san-gines-programa-especifico\/\" \/>\n<meta property=\"og:site_name\" content=\"Ayuntamiento de Colindres\" \/>\n<meta property=\"og:image\" content=\"https:\/\/www.colindres.es\/wp-content\/uploads\/2018\/08\/Cartel-Agosto.jpg\" \/>\n\t<meta property=\"og:image:width\" content=\"2616\" \/>\n\t<meta property=\"og:image:height\" content=\"3543\" \/>\n\t<meta property=\"og:image:type\" content=\"image\/jpeg\" \/>\n<meta name=\"twitter:card\" content=\"summary_large_image\" \/>\n<meta name=\"twitter:label1\" content=\"Tiempo de lectura\" \/>\n\t<meta name=\"twitter:data1\" content=\"2 minutos\" \/>\n<script type=\"application\/ld+json\" class=\"yoast-schema-graph\">{\"@context\":\"https:\/\/schema.org\",\"@graph\":[{\"@type\":\"WebPage\",\"@id\":\"https:\/\/www.colindres.es\/index.php\/project\/fiestas-san-roque-y-san-gines-programa-especifico\/\",\"url\":\"https:\/\/www.colindres.es\/index.php\/project\/fiestas-san-roque-y-san-gines-programa-especifico\/\",\"name\":\"FIESTAS SAN ROQUE Y SAN GINES (programa espec\u00edfico) - Ayuntamiento de Colindres\",\"isPartOf\":{\"@id\":\"https:\/\/www.colindres.es\/#website\"},\"primaryImageOfPage\":{\"@id\":\"https:\/\/www.colindres.es\/index.php\/project\/fiestas-san-roque-y-san-gines-programa-especifico\/#primaryimage\"},\"image\":{\"@id\":\"https:\/\/www.colindres.es\/index.php\/project\/fiestas-san-roque-y-san-gines-programa-especifico\/#primaryimage\"},\"thumbnailUrl\":\"https:\/\/www.colindres.es\/wp-content\/uploads\/2018\/08\/Cartel-Agosto.jpg\",\"datePublished\":\"2018-08-15T16:26:40+00:00\",\"breadcrumb\":{\"@id\":\"https:\/\/www.colindres.es\/index.php\/project\/fiestas-san-roque-y-san-gines-programa-especifico\/#breadcrumb\"},\"inLanguage\":\"es\",\"potentialAction\":[{\"@type\":\"ReadAction\",\"target\":[\"https:\/\/www.colindres.es\/index.php\/project\/fiestas-san-roque-y-san-gines-programa-especifico\/\"]}]},{\"@type\":\"ImageObject\",\"inLanguage\":\"es\",\"@id\":\"https:\/\/www.colindres.es\/index.php\/project\/fiestas-san-roque-y-san-gines-programa-especifico\/#primaryimage\",\"url\":\"https:\/\/www.colindres.es\/wp-content\/uploads\/2018\/08\/Cartel-Agosto.jpg\",\"contentUrl\":\"https:\/\/www.colindres.es\/wp-content\/uploads\/2018\/08\/Cartel-Agosto.jpg\",\"width\":2616,\"height\":3543},{\"@type\":\"BreadcrumbList\",\"@id\":\"https:\/\/www.colindres.es\/index.php\/project\/fiestas-san-roque-y-san-gines-programa-especifico\/#breadcrumb\",\"itemListElement\":[{\"@type\":\"ListItem\",\"position\":1,\"name\":\"Portada\",\"item\":\"https:\/\/www.colindres.es\/\"},{\"@type\":\"ListItem\",\"position\":2,\"name\":\"Proyectos\",\"item\":\"https:\/\/www.colindres.es\/index.php\/project\/\"},{\"@type\":\"ListItem\",\"position\":3,\"name\":\"FIESTAS SAN ROQUE Y SAN GINES (programa espec\u00edfico)\"}]},{\"@type\":\"WebSite\",\"@id\":\"https:\/\/www.colindres.es\/#website\",\"url\":\"https:\/\/www.colindres.es\/\",\"name\":\"Ayuntamiento de Colindres\",\"description\":\"Dise\u00f1ado por NTIC&#039;s\",\"publisher\":{\"@id\":\"https:\/\/www.colindres.es\/#organization\"},\"potentialAction\":[{\"@type\":\"SearchAction\",\"target\":{\"@type\":\"EntryPoint\",\"urlTemplate\":\"https:\/\/www.colindres.es\/?s={search_term_string}\"},\"query-input\":{\"@type\":\"PropertyValueSpecification\",\"valueRequired\":true,\"valueName\":\"search_term_string\"}}],\"inLanguage\":\"es\"},{\"@type\":\"Organization\",\"@id\":\"https:\/\/www.colindres.es\/#organization\",\"name\":\"AYUNTAMIENTO DE COLINDRES\",\"url\":\"https:\/\/www.colindres.es\/\",\"logo\":{\"@type\":\"ImageObject\",\"inLanguage\":\"es\",\"@id\":\"https:\/\/www.colindres.es\/#\/schema\/logo\/image\/\",\"url\":\"https:\/\/www.colindres.es\/wp-content\/uploads\/2017\/01\/LOGO-PRINCIPAL.jpg\",\"contentUrl\":\"https:\/\/www.colindres.es\/wp-content\/uploads\/2017\/01\/LOGO-PRINCIPAL.jpg\",\"width\":1209,\"height\":579,\"caption\":\"AYUNTAMIENTO DE COLINDRES\"},\"image\":{\"@id\":\"https:\/\/www.colindres.es\/#\/schema\/logo\/image\/\"}}]}<\/script>\n<!-- \/ Yoast SEO plugin. -->","yoast_head_json":{"title":"FIESTAS SAN ROQUE Y SAN GINES (programa espec\u00edfico) - Ayuntamiento de Colindres","robots":{"index":"index","follow":"follow","max-snippet":"max-snippet:-1","max-image-preview":"max-image-preview:large","max-video-preview":"max-video-preview:-1"},"canonical":"https:\/\/www.colindres.es\/index.php\/project\/fiestas-san-roque-y-san-gines-programa-especifico\/","og_locale":"es_ES","og_type":"article","og_title":"FIESTAS SAN ROQUE Y SAN GINES (programa espec\u00edfico) - Ayuntamiento de Colindres","og_description":"Martes 14 de Agosto: A partir de las 22.00 h. en el Auditorio de los Jardines de la Casa de Cultura actuaci\u00f3n de la Compa\u00f1\u00eda de Danza Folkl\u00f3rica \u00abM\u00c9XICO VIVO\u00bb. Jueves 16 de agosto &#8211; San Roque Os animamos a disfrutar de una jornada de comida campestre en los alrededores de la Ermita de San [&hellip;]","og_url":"https:\/\/www.colindres.es\/index.php\/project\/fiestas-san-roque-y-san-gines-programa-especifico\/","og_site_name":"Ayuntamiento de Colindres","og_image":[{"width":2616,"height":3543,"url":"https:\/\/www.colindres.es\/wp-content\/uploads\/2018\/08\/Cartel-Agosto.jpg","type":"image\/jpeg"}],"twitter_card":"summary_large_image","twitter_misc":{"Tiempo de lectura":"2 minutos"},"schema":{"@context":"https:\/\/schema.org","@graph":[{"@type":"WebPage","@id":"https:\/\/www.colindres.es\/index.php\/project\/fiestas-san-roque-y-san-gines-programa-especifico\/","url":"https:\/\/www.colindres.es\/index.php\/project\/fiestas-san-roque-y-san-gines-programa-especifico\/","name":"FIESTAS SAN ROQUE Y SAN GINES (programa espec\u00edfico) - Ayuntamiento de Colindres","isPartOf":{"@id":"https:\/\/www.colindres.es\/#website"},"primaryImageOfPage":{"@id":"https:\/\/www.colindres.es\/index.php\/project\/fiestas-san-roque-y-san-gines-programa-especifico\/#primaryimage"},"image":{"@id":"https:\/\/www.colindres.es\/index.php\/project\/fiestas-san-roque-y-san-gines-programa-especifico\/#primaryimage"},"thumbnailUrl":"https:\/\/www.colindres.es\/wp-content\/uploads\/2018\/08\/Cartel-Agosto.jpg","datePublished":"2018-08-15T16:26:40+00:00","breadcrumb":{"@id":"https:\/\/www.colindres.es\/index.php\/project\/fiestas-san-roque-y-san-gines-programa-especifico\/#breadcrumb"},"inLanguage":"es","potentialAction":[{"@type":"ReadAction","target":["https:\/\/www.colindres.es\/index.php\/project\/fiestas-san-roque-y-san-gines-programa-especifico\/"]}]},{"@type":"ImageObject","inLanguage":"es","@id":"https:\/\/www.colindres.es\/index.php\/project\/fiestas-san-roque-y-san-gines-programa-especifico\/#primaryimage","url":"https:\/\/www.colindres.es\/wp-content\/uploads\/2018\/08\/Cartel-Agosto.jpg","contentUrl":"https:\/\/www.colindres.es\/wp-content\/uploads\/2018\/08\/Cartel-Agosto.jpg","width":2616,"height":3543},{"@type":"BreadcrumbList","@id":"https:\/\/www.colindres.es\/index.php\/project\/fiestas-san-roque-y-san-gines-programa-especifico\/#breadcrumb","itemListElement":[{"@type":"ListItem","position":1,"name":"Portada","item":"https:\/\/www.colindres.es\/"},{"@type":"ListItem","position":2,"name":"Proyectos","item":"https:\/\/www.colindres.es\/index.php\/project\/"},{"@type":"ListItem","position":3,"name":"FIESTAS SAN ROQUE Y SAN GINES (programa espec\u00edfico)"}]},{"@type":"WebSite","@id":"https:\/\/www.colindres.es\/#website","url":"https:\/\/www.colindres.es\/","name":"Ayuntamiento de Colindres","description":"Dise\u00f1ado por NTIC&#039;s","publisher":{"@id":"https:\/\/www.colindres.es\/#organization"},"potentialAction":[{"@type":"SearchAction","target":{"@type":"EntryPoint","urlTemplate":"https:\/\/www.colindres.es\/?s={search_term_string}"},"query-input":{"@type":"PropertyValueSpecification","valueRequired":true,"valueName":"search_term_string"}}],"inLanguage":"es"},{"@type":"Organization","@id":"https:\/\/www.colindres.es\/#organization","name":"AYUNTAMIENTO DE COLINDRES","url":"https:\/\/www.colindres.es\/","logo":{"@type":"ImageObject","inLanguage":"es","@id":"https:\/\/www.colindres.es\/#\/schema\/logo\/image\/","url":"https:\/\/www.colindres.es\/wp-content\/uploads\/2017\/01\/LOGO-PRINCIPAL.jpg","contentUrl":"https:\/\/www.colindres.es\/wp-content\/uploads\/2017\/01\/LOGO-PRINCIPAL.jpg","width":1209,"height":579,"caption":"AYUNTAMIENTO DE COLINDRES"},"image":{"@id":"https:\/\/www.colindres.es\/#\/schema\/logo\/image\/"}}]}},"_links":{"self":[{"href":"https:\/\/www.colindres.es\/index.php\/wp-json\/wp\/v2\/project\/1764","targetHints":{"allow":["GET"]}}],"collection":[{"href":"https:\/\/www.colindres.es\/index.php\/wp-json\/wp\/v2\/project"}],"about":[{"href":"https:\/\/www.colindres.es\/index.php\/wp-json\/wp\/v2\/types\/project"}],"author":[{"embeddable":true,"href":"https:\/\/www.colindres.es\/index.php\/wp-json\/wp\/v2\/users\/1"}],"replies":[{"embeddable":true,"href":"https:\/\/www.colindres.es\/index.php\/wp-json\/wp\/v2\/comments?post=1764"}],"version-history":[{"count":1,"href":"https:\/\/www.colindres.es\/index.php\/wp-json\/wp\/v2\/project\/1764\/revisions"}],"predecessor-version":[{"id":1768,"href":"https:\/\/www.colindres.es\/index.php\/wp-json\/wp\/v2\/project\/1764\/revisions\/1768"}],"wp:featuredmedia":[{"embeddable":true,"href":"https:\/\/www.colindres.es\/index.php\/wp-json\/wp\/v2\/media\/1765"}],"wp:attachment":[{"href":"https:\/\/www.colindres.es\/index.php\/wp-json\/wp\/v2\/media?parent=1764"}],"wp:term":[{"taxonomy":"project_category","embeddable":true,"href":"https:\/\/www.colindres.es\/index.php\/wp-json\/wp\/v2\/project_category?post=1764"},{"taxonomy":"project_tag","embeddable":true,"href":"https:\/\/www.colindres.es\/index.php\/wp-json\/wp\/v2\/project_tag?post=1764"}],"curies":[{"name":"wp","href":"https:\/\/api.w.org\/{rel}","templated":true}]}}