{"id":1758,"date":"2018-08-14T09:49:09","date_gmt":"2018-08-14T09:49:09","guid":{"rendered":"http:\/\/colindres.es\/?post_type=project&#038;p=1758"},"modified":"2018-08-14T09:49:09","modified_gmt":"2018-08-14T09:49:09","slug":"el-i-encuentro-de-metales-reune-en-colindres-a-una-treintena-de-participantes-procedentes-de-todo-el-pais","status":"publish","type":"project","link":"https:\/\/www.colindres.es\/index.php\/project\/el-i-encuentro-de-metales-reune-en-colindres-a-una-treintena-de-participantes-procedentes-de-todo-el-pais\/","title":{"rendered":"El I Encuentro de Metales re\u00fane en Colindres a una treintena de participantes procedentes de todo el pa\u00eds"},"content":{"rendered":"<p><i>Colindres, 14 de agosto.-<\/i> El I Encuentro de Metales de Colindres reuni\u00f3 del 8 al 10 de agosto a una treintena de participantes procedentes de distintos puntos de la geograf\u00eda espa\u00f1ola e incluso del extranjero.<\/p>\n<p>Durante estos tres d\u00edas,\u00a0cuatro profesores\u00a0de gran prestigio nacional impartieron en la Casa de Cultura sus experiencias pedag\u00f3gicas e interpretativas de\u00a0los instrumentos de la familia del viento-metal (trompeta, trompa, tromb\u00f3n y tuba\/bombardino).<\/p>\n<p>El encuentro concluy\u00f3 con la celebraci\u00f3n de un concierto en el Auditorio a cargo de los alumnos y los propios profesores. Durante el acto se procedi\u00f3 a la entrega de diplomas por especialidad y cont\u00f3 con la presencia del alcalde de Colindres, Javier Incera, y la concejala de Cultura, Araceli Ayesa.<\/p>\n<p>En su intervenci\u00f3n, Incera agradeci\u00f3 a Luis Gimeno su iniciativa y le invit\u00f3 a seguir trabajando en la misma l\u00ednea, \u201cfomentando el amor por la m\u00fasica y la cultura entre los m\u00e1s j\u00f3venes\u201d. En este sentido, el alcalde le transmiti\u00f3 el deseo del Ayuntamiento de que este primer encuentro sea \u201cel comienzo de una larga colaboraci\u00f3n\u201d.<\/p>\n<p>Adem\u00e1s, el regidor municipal tambi\u00e9n tuvo unas palabras de agradecimiento hacia Margarita Solar, responsable de la Casa de Cultura de Colindres y la persona encargada de coordinar y hacer posible que la estancia de profesores y alumnos haya sido de su agrado.<\/p>\n<p>Los profesores que participaron en el encuentro fueron: Didier Bousquet, trompeta solita en la Orquesta Sinf\u00f3nica de Bilbao; Rodolfo Epede, trompa solista en la Orquesta Nacional de Espa\u00f1a y Musikene; Luis Gimeno, profesor de Tuba de Musikene y del Conservatorio Profesional de M\u00fasica de Bilbao, y Nacho Valera, profesor de Tromb\u00f3n del Conservatorio Profesional de M\u00fasica de Alca\u00f1iz.<\/p>\n<p><img loading=\"lazy\" decoding=\"async\" class=\"alignnone size-medium wp-image-1762\" src=\"http:\/\/colindres.es\/wp-content\/uploads\/2018\/08\/I-Encuentro-Metales-300x169.jpg\" alt=\"\" width=\"300\" height=\"169\" srcset=\"https:\/\/www.colindres.es\/wp-content\/uploads\/2018\/08\/I-Encuentro-Metales-300x169.jpg 300w, https:\/\/www.colindres.es\/wp-content\/uploads\/2018\/08\/I-Encuentro-Metales-768x433.jpg 768w, https:\/\/www.colindres.es\/wp-content\/uploads\/2018\/08\/I-Encuentro-Metales-1024x578.jpg 1024w, https:\/\/www.colindres.es\/wp-content\/uploads\/2018\/08\/I-Encuentro-Metales-1080x610.jpg 1080w, https:\/\/www.colindres.es\/wp-content\/uploads\/2018\/08\/I-Encuentro-Metales.jpg 1600w\" sizes=\"(max-width: 300px) 100vw, 300px\" \/> <img loading=\"lazy\" decoding=\"async\" class=\"alignnone size-medium wp-image-1760\" src=\"http:\/\/colindres.es\/wp-content\/uploads\/2018\/08\/I-Encuentro-Metales_3-300x169.jpg\" alt=\"\" width=\"300\" height=\"169\" srcset=\"https:\/\/www.colindres.es\/wp-content\/uploads\/2018\/08\/I-Encuentro-Metales_3-300x169.jpg 300w, https:\/\/www.colindres.es\/wp-content\/uploads\/2018\/08\/I-Encuentro-Metales_3-768x433.jpg 768w, https:\/\/www.colindres.es\/wp-content\/uploads\/2018\/08\/I-Encuentro-Metales_3-1024x578.jpg 1024w, https:\/\/www.colindres.es\/wp-content\/uploads\/2018\/08\/I-Encuentro-Metales_3-1080x610.jpg 1080w, https:\/\/www.colindres.es\/wp-content\/uploads\/2018\/08\/I-Encuentro-Metales_3.jpg 1600w\" sizes=\"(max-width: 300px) 100vw, 300px\" \/> <img loading=\"lazy\" decoding=\"async\" class=\"alignnone size-medium wp-image-1759\" src=\"http:\/\/colindres.es\/wp-content\/uploads\/2018\/08\/I-Encuentro-Metales_2-300x225.jpg\" alt=\"\" width=\"300\" height=\"225\" srcset=\"https:\/\/www.colindres.es\/wp-content\/uploads\/2018\/08\/I-Encuentro-Metales_2-300x225.jpg 300w, https:\/\/www.colindres.es\/wp-content\/uploads\/2018\/08\/I-Encuentro-Metales_2-768x576.jpg 768w, https:\/\/www.colindres.es\/wp-content\/uploads\/2018\/08\/I-Encuentro-Metales_2-1024x768.jpg 1024w, https:\/\/www.colindres.es\/wp-content\/uploads\/2018\/08\/I-Encuentro-Metales_2-510x382.jpg 510w, https:\/\/www.colindres.es\/wp-content\/uploads\/2018\/08\/I-Encuentro-Metales_2-1080x810.jpg 1080w\" sizes=\"(max-width: 300px) 100vw, 300px\" \/><\/p>\n","protected":false},"excerpt":{"rendered":"<p>Colindres, 14 de agosto.- El I Encuentro de Metales de Colindres reuni\u00f3 del 8 al 10 de agosto a una treintena de participantes procedentes de distintos puntos de la geograf\u00eda espa\u00f1ola e incluso del extranjero. Durante estos tres d\u00edas,\u00a0cuatro profesores\u00a0de gran prestigio nacional impartieron en la Casa de Cultura sus experiencias pedag\u00f3gicas e interpretativas de\u00a0los [&hellip;]<\/p>\n","protected":false},"author":1,"featured_media":1761,"comment_status":"open","ping_status":"closed","template":"","meta":{"_et_pb_use_builder":"","_et_pb_old_content":"","_et_gb_content_width":"","footnotes":""},"project_category":[],"project_tag":[],"class_list":["post-1758","project","type-project","status-publish","has-post-thumbnail","hentry"],"yoast_head":"<!-- This site is optimized with the Yoast SEO plugin v24.9 - https:\/\/yoast.com\/wordpress\/plugins\/seo\/ -->\n<title>El I Encuentro de Metales re\u00fane en Colindres a una treintena de participantes procedentes de todo el pa\u00eds - Ayuntamiento de Colindres<\/title>\n<meta name=\"robots\" content=\"index, follow, max-snippet:-1, max-image-preview:large, max-video-preview:-1\" \/>\n<link rel=\"canonical\" href=\"https:\/\/www.colindres.es\/index.php\/project\/el-i-encuentro-de-metales-reune-en-colindres-a-una-treintena-de-participantes-procedentes-de-todo-el-pais\/\" \/>\n<meta property=\"og:locale\" content=\"es_ES\" \/>\n<meta property=\"og:type\" content=\"article\" \/>\n<meta property=\"og:title\" content=\"El I Encuentro de Metales re\u00fane en Colindres a una treintena de participantes procedentes de todo el pa\u00eds - Ayuntamiento de Colindres\" \/>\n<meta property=\"og:description\" content=\"Colindres, 14 de agosto.- El I Encuentro de Metales de Colindres reuni\u00f3 del 8 al 10 de agosto a una treintena de participantes procedentes de distintos puntos de la geograf\u00eda espa\u00f1ola e incluso del extranjero. Durante estos tres d\u00edas,\u00a0cuatro profesores\u00a0de gran prestigio nacional impartieron en la Casa de Cultura sus experiencias pedag\u00f3gicas e interpretativas de\u00a0los [&hellip;]\" \/>\n<meta property=\"og:url\" content=\"https:\/\/www.colindres.es\/index.php\/project\/el-i-encuentro-de-metales-reune-en-colindres-a-una-treintena-de-participantes-procedentes-de-todo-el-pais\/\" \/>\n<meta property=\"og:site_name\" content=\"Ayuntamiento de Colindres\" \/>\n<meta property=\"og:image\" content=\"https:\/\/www.colindres.es\/wp-content\/uploads\/2018\/08\/I-Encuentro-Metales_4.jpg\" \/>\n\t<meta property=\"og:image:width\" content=\"1328\" \/>\n\t<meta property=\"og:image:height\" content=\"747\" \/>\n\t<meta property=\"og:image:type\" content=\"image\/jpeg\" \/>\n<meta name=\"twitter:card\" content=\"summary_large_image\" \/>\n<meta name=\"twitter:label1\" content=\"Tiempo de lectura\" \/>\n\t<meta name=\"twitter:data1\" content=\"1 minuto\" \/>\n<script type=\"application\/ld+json\" class=\"yoast-schema-graph\">{\"@context\":\"https:\/\/schema.org\",\"@graph\":[{\"@type\":\"WebPage\",\"@id\":\"https:\/\/www.colindres.es\/index.php\/project\/el-i-encuentro-de-metales-reune-en-colindres-a-una-treintena-de-participantes-procedentes-de-todo-el-pais\/\",\"url\":\"https:\/\/www.colindres.es\/index.php\/project\/el-i-encuentro-de-metales-reune-en-colindres-a-una-treintena-de-participantes-procedentes-de-todo-el-pais\/\",\"name\":\"El I Encuentro de Metales re\u00fane en Colindres a una treintena de participantes procedentes de todo el pa\u00eds - Ayuntamiento de Colindres\",\"isPartOf\":{\"@id\":\"https:\/\/www.colindres.es\/#website\"},\"primaryImageOfPage\":{\"@id\":\"https:\/\/www.colindres.es\/index.php\/project\/el-i-encuentro-de-metales-reune-en-colindres-a-una-treintena-de-participantes-procedentes-de-todo-el-pais\/#primaryimage\"},\"image\":{\"@id\":\"https:\/\/www.colindres.es\/index.php\/project\/el-i-encuentro-de-metales-reune-en-colindres-a-una-treintena-de-participantes-procedentes-de-todo-el-pais\/#primaryimage\"},\"thumbnailUrl\":\"https:\/\/www.colindres.es\/wp-content\/uploads\/2018\/08\/I-Encuentro-Metales_4.jpg\",\"datePublished\":\"2018-08-14T09:49:09+00:00\",\"breadcrumb\":{\"@id\":\"https:\/\/www.colindres.es\/index.php\/project\/el-i-encuentro-de-metales-reune-en-colindres-a-una-treintena-de-participantes-procedentes-de-todo-el-pais\/#breadcrumb\"},\"inLanguage\":\"es\",\"potentialAction\":[{\"@type\":\"ReadAction\",\"target\":[\"https:\/\/www.colindres.es\/index.php\/project\/el-i-encuentro-de-metales-reune-en-colindres-a-una-treintena-de-participantes-procedentes-de-todo-el-pais\/\"]}]},{\"@type\":\"ImageObject\",\"inLanguage\":\"es\",\"@id\":\"https:\/\/www.colindres.es\/index.php\/project\/el-i-encuentro-de-metales-reune-en-colindres-a-una-treintena-de-participantes-procedentes-de-todo-el-pais\/#primaryimage\",\"url\":\"https:\/\/www.colindres.es\/wp-content\/uploads\/2018\/08\/I-Encuentro-Metales_4.jpg\",\"contentUrl\":\"https:\/\/www.colindres.es\/wp-content\/uploads\/2018\/08\/I-Encuentro-Metales_4.jpg\",\"width\":1328,\"height\":747},{\"@type\":\"BreadcrumbList\",\"@id\":\"https:\/\/www.colindres.es\/index.php\/project\/el-i-encuentro-de-metales-reune-en-colindres-a-una-treintena-de-participantes-procedentes-de-todo-el-pais\/#breadcrumb\",\"itemListElement\":[{\"@type\":\"ListItem\",\"position\":1,\"name\":\"Portada\",\"item\":\"https:\/\/www.colindres.es\/\"},{\"@type\":\"ListItem\",\"position\":2,\"name\":\"Proyectos\",\"item\":\"https:\/\/www.colindres.es\/index.php\/project\/\"},{\"@type\":\"ListItem\",\"position\":3,\"name\":\"El I Encuentro de Metales re\u00fane en Colindres a una treintena de participantes procedentes de todo el pa\u00eds\"}]},{\"@type\":\"WebSite\",\"@id\":\"https:\/\/www.colindres.es\/#website\",\"url\":\"https:\/\/www.colindres.es\/\",\"name\":\"Ayuntamiento de Colindres\",\"description\":\"Dise\u00f1ado por NTIC&#039;s\",\"publisher\":{\"@id\":\"https:\/\/www.colindres.es\/#organization\"},\"potentialAction\":[{\"@type\":\"SearchAction\",\"target\":{\"@type\":\"EntryPoint\",\"urlTemplate\":\"https:\/\/www.colindres.es\/?s={search_term_string}\"},\"query-input\":{\"@type\":\"PropertyValueSpecification\",\"valueRequired\":true,\"valueName\":\"search_term_string\"}}],\"inLanguage\":\"es\"},{\"@type\":\"Organization\",\"@id\":\"https:\/\/www.colindres.es\/#organization\",\"name\":\"AYUNTAMIENTO DE COLINDRES\",\"url\":\"https:\/\/www.colindres.es\/\",\"logo\":{\"@type\":\"ImageObject\",\"inLanguage\":\"es\",\"@id\":\"https:\/\/www.colindres.es\/#\/schema\/logo\/image\/\",\"url\":\"https:\/\/www.colindres.es\/wp-content\/uploads\/2017\/01\/LOGO-PRINCIPAL.jpg\",\"contentUrl\":\"https:\/\/www.colindres.es\/wp-content\/uploads\/2017\/01\/LOGO-PRINCIPAL.jpg\",\"width\":1209,\"height\":579,\"caption\":\"AYUNTAMIENTO DE COLINDRES\"},\"image\":{\"@id\":\"https:\/\/www.colindres.es\/#\/schema\/logo\/image\/\"}}]}<\/script>\n<!-- \/ Yoast SEO plugin. -->","yoast_head_json":{"title":"El I Encuentro de Metales re\u00fane en Colindres a una treintena de participantes procedentes de todo el pa\u00eds - Ayuntamiento de Colindres","robots":{"index":"index","follow":"follow","max-snippet":"max-snippet:-1","max-image-preview":"max-image-preview:large","max-video-preview":"max-video-preview:-1"},"canonical":"https:\/\/www.colindres.es\/index.php\/project\/el-i-encuentro-de-metales-reune-en-colindres-a-una-treintena-de-participantes-procedentes-de-todo-el-pais\/","og_locale":"es_ES","og_type":"article","og_title":"El I Encuentro de Metales re\u00fane en Colindres a una treintena de participantes procedentes de todo el pa\u00eds - Ayuntamiento de Colindres","og_description":"Colindres, 14 de agosto.- El I Encuentro de Metales de Colindres reuni\u00f3 del 8 al 10 de agosto a una treintena de participantes procedentes de distintos puntos de la geograf\u00eda espa\u00f1ola e incluso del extranjero. Durante estos tres d\u00edas,\u00a0cuatro profesores\u00a0de gran prestigio nacional impartieron en la Casa de Cultura sus experiencias pedag\u00f3gicas e interpretativas de\u00a0los [&hellip;]","og_url":"https:\/\/www.colindres.es\/index.php\/project\/el-i-encuentro-de-metales-reune-en-colindres-a-una-treintena-de-participantes-procedentes-de-todo-el-pais\/","og_site_name":"Ayuntamiento de Colindres","og_image":[{"width":1328,"height":747,"url":"https:\/\/www.colindres.es\/wp-content\/uploads\/2018\/08\/I-Encuentro-Metales_4.jpg","type":"image\/jpeg"}],"twitter_card":"summary_large_image","twitter_misc":{"Tiempo de lectura":"1 minuto"},"schema":{"@context":"https:\/\/schema.org","@graph":[{"@type":"WebPage","@id":"https:\/\/www.colindres.es\/index.php\/project\/el-i-encuentro-de-metales-reune-en-colindres-a-una-treintena-de-participantes-procedentes-de-todo-el-pais\/","url":"https:\/\/www.colindres.es\/index.php\/project\/el-i-encuentro-de-metales-reune-en-colindres-a-una-treintena-de-participantes-procedentes-de-todo-el-pais\/","name":"El I Encuentro de Metales re\u00fane en Colindres a una treintena de participantes procedentes de todo el pa\u00eds - Ayuntamiento de Colindres","isPartOf":{"@id":"https:\/\/www.colindres.es\/#website"},"primaryImageOfPage":{"@id":"https:\/\/www.colindres.es\/index.php\/project\/el-i-encuentro-de-metales-reune-en-colindres-a-una-treintena-de-participantes-procedentes-de-todo-el-pais\/#primaryimage"},"image":{"@id":"https:\/\/www.colindres.es\/index.php\/project\/el-i-encuentro-de-metales-reune-en-colindres-a-una-treintena-de-participantes-procedentes-de-todo-el-pais\/#primaryimage"},"thumbnailUrl":"https:\/\/www.colindres.es\/wp-content\/uploads\/2018\/08\/I-Encuentro-Metales_4.jpg","datePublished":"2018-08-14T09:49:09+00:00","breadcrumb":{"@id":"https:\/\/www.colindres.es\/index.php\/project\/el-i-encuentro-de-metales-reune-en-colindres-a-una-treintena-de-participantes-procedentes-de-todo-el-pais\/#breadcrumb"},"inLanguage":"es","potentialAction":[{"@type":"ReadAction","target":["https:\/\/www.colindres.es\/index.php\/project\/el-i-encuentro-de-metales-reune-en-colindres-a-una-treintena-de-participantes-procedentes-de-todo-el-pais\/"]}]},{"@type":"ImageObject","inLanguage":"es","@id":"https:\/\/www.colindres.es\/index.php\/project\/el-i-encuentro-de-metales-reune-en-colindres-a-una-treintena-de-participantes-procedentes-de-todo-el-pais\/#primaryimage","url":"https:\/\/www.colindres.es\/wp-content\/uploads\/2018\/08\/I-Encuentro-Metales_4.jpg","contentUrl":"https:\/\/www.colindres.es\/wp-content\/uploads\/2018\/08\/I-Encuentro-Metales_4.jpg","width":1328,"height":747},{"@type":"BreadcrumbList","@id":"https:\/\/www.colindres.es\/index.php\/project\/el-i-encuentro-de-metales-reune-en-colindres-a-una-treintena-de-participantes-procedentes-de-todo-el-pais\/#breadcrumb","itemListElement":[{"@type":"ListItem","position":1,"name":"Portada","item":"https:\/\/www.colindres.es\/"},{"@type":"ListItem","position":2,"name":"Proyectos","item":"https:\/\/www.colindres.es\/index.php\/project\/"},{"@type":"ListItem","position":3,"name":"El I Encuentro de Metales re\u00fane en Colindres a una treintena de participantes procedentes de todo el pa\u00eds"}]},{"@type":"WebSite","@id":"https:\/\/www.colindres.es\/#website","url":"https:\/\/www.colindres.es\/","name":"Ayuntamiento de Colindres","description":"Dise\u00f1ado por NTIC&#039;s","publisher":{"@id":"https:\/\/www.colindres.es\/#organization"},"potentialAction":[{"@type":"SearchAction","target":{"@type":"EntryPoint","urlTemplate":"https:\/\/www.colindres.es\/?s={search_term_string}"},"query-input":{"@type":"PropertyValueSpecification","valueRequired":true,"valueName":"search_term_string"}}],"inLanguage":"es"},{"@type":"Organization","@id":"https:\/\/www.colindres.es\/#organization","name":"AYUNTAMIENTO DE COLINDRES","url":"https:\/\/www.colindres.es\/","logo":{"@type":"ImageObject","inLanguage":"es","@id":"https:\/\/www.colindres.es\/#\/schema\/logo\/image\/","url":"https:\/\/www.colindres.es\/wp-content\/uploads\/2017\/01\/LOGO-PRINCIPAL.jpg","contentUrl":"https:\/\/www.colindres.es\/wp-content\/uploads\/2017\/01\/LOGO-PRINCIPAL.jpg","width":1209,"height":579,"caption":"AYUNTAMIENTO DE COLINDRES"},"image":{"@id":"https:\/\/www.colindres.es\/#\/schema\/logo\/image\/"}}]}},"_links":{"self":[{"href":"https:\/\/www.colindres.es\/index.php\/wp-json\/wp\/v2\/project\/1758","targetHints":{"allow":["GET"]}}],"collection":[{"href":"https:\/\/www.colindres.es\/index.php\/wp-json\/wp\/v2\/project"}],"about":[{"href":"https:\/\/www.colindres.es\/index.php\/wp-json\/wp\/v2\/types\/project"}],"author":[{"embeddable":true,"href":"https:\/\/www.colindres.es\/index.php\/wp-json\/wp\/v2\/users\/1"}],"replies":[{"embeddable":true,"href":"https:\/\/www.colindres.es\/index.php\/wp-json\/wp\/v2\/comments?post=1758"}],"version-history":[{"count":1,"href":"https:\/\/www.colindres.es\/index.php\/wp-json\/wp\/v2\/project\/1758\/revisions"}],"predecessor-version":[{"id":1763,"href":"https:\/\/www.colindres.es\/index.php\/wp-json\/wp\/v2\/project\/1758\/revisions\/1763"}],"wp:featuredmedia":[{"embeddable":true,"href":"https:\/\/www.colindres.es\/index.php\/wp-json\/wp\/v2\/media\/1761"}],"wp:attachment":[{"href":"https:\/\/www.colindres.es\/index.php\/wp-json\/wp\/v2\/media?parent=1758"}],"wp:term":[{"taxonomy":"project_category","embeddable":true,"href":"https:\/\/www.colindres.es\/index.php\/wp-json\/wp\/v2\/project_category?post=1758"},{"taxonomy":"project_tag","embeddable":true,"href":"https:\/\/www.colindres.es\/index.php\/wp-json\/wp\/v2\/project_tag?post=1758"}],"curies":[{"name":"wp","href":"https:\/\/api.w.org\/{rel}","templated":true}]}}