{"id":1750,"date":"2018-08-10T19:44:48","date_gmt":"2018-08-10T19:44:48","guid":{"rendered":"http:\/\/colindres.es\/?post_type=project&#038;p=1750"},"modified":"2018-08-10T19:46:13","modified_gmt":"2018-08-10T19:46:13","slug":"1750","status":"publish","type":"project","link":"https:\/\/www.colindres.es\/index.php\/project\/1750\/","title":{"rendered":"BASES CONCURSO FOTOGR\u00c1FICO PARTICIPATIVO\u00a0&#8211;\u00a0GRUPO DE ACCI\u00d3N COSTERA ORIENTAL DE CANTABRIA\u00a0&#8211;\u00a0(GAC ORIENTAL)\u00a0"},"content":{"rendered":"<p><img loading=\"lazy\" decoding=\"async\" class=\"alignnone size-medium wp-image-1752\" src=\"http:\/\/colindres.es\/wp-content\/uploads\/2018\/08\/LOGO-CONSEJER\u00cdA-UNIVERSIDADES-1-300x114.jpg\" alt=\"\" width=\"300\" height=\"114\" srcset=\"https:\/\/www.colindres.es\/wp-content\/uploads\/2018\/08\/LOGO-CONSEJER\u00cdA-UNIVERSIDADES-1-300x114.jpg 300w, https:\/\/www.colindres.es\/wp-content\/uploads\/2018\/08\/LOGO-CONSEJER\u00cdA-UNIVERSIDADES-1-768x292.jpg 768w, https:\/\/www.colindres.es\/wp-content\/uploads\/2018\/08\/LOGO-CONSEJER\u00cdA-UNIVERSIDADES-1-1024x390.jpg 1024w, https:\/\/www.colindres.es\/wp-content\/uploads\/2018\/08\/LOGO-CONSEJER\u00cdA-UNIVERSIDADES-1-1080x411.jpg 1080w\" sizes=\"(max-width: 300px) 100vw, 300px\" \/> <img loading=\"lazy\" decoding=\"async\" class=\"alignnone size-medium wp-image-1753\" src=\"http:\/\/colindres.es\/wp-content\/uploads\/2018\/08\/gac-575x323-300x169.jpg\" alt=\"\" width=\"300\" height=\"169\" srcset=\"https:\/\/www.colindres.es\/wp-content\/uploads\/2018\/08\/gac-575x323-300x169.jpg 300w, https:\/\/www.colindres.es\/wp-content\/uploads\/2018\/08\/gac-575x323.jpg 575w\" sizes=\"(max-width: 300px) 100vw, 300px\" \/><\/p>\n<p><b>BASES CONCURSO FOTOGR\u00c1FICO PARTICIPATIVO<span class=\"Apple-converted-space\">\u00a0&#8211;\u00a0<\/span><\/b><b>GRUPO DE ACCI\u00d3N COSTERA ORIENTAL DE CANTABRIA<span class=\"Apple-converted-space\">\u00a0&#8211;\u00a0<\/span><\/b><b>(GAC ORIENTAL)<span class=\"Apple-converted-space\">\u00a0<\/span><\/b><\/p>\n<p>El Grupo de Acci\u00f3n Costera Oriental de Cantabria (GAC Oriental), en el marco de la subvenci\u00f3n concedida por la Consejer\u00eda de Universidades e Investigaci\u00f3n, Medio Ambiente y Pol\u00edtica social del Gobierno de Cantabria para actividades de \u201cPlanificaci\u00f3n Territorial, Paisaje y Desarrollo Rural\u201d, organiza un concurso fotogr\u00e1fico participativo.<span class=\"Apple-converted-space\">\u00a0<\/span><\/p>\n<p>La finalidad del evento es fomentar un mayor conocimiento del territorio y del paisaje general y pesquero de los municipios del \u00e1mbito territorial del GAC Oriental (Castro Urdiales, Colindres, Laredo y Castro Urdiales), y contribuir a la puesta en valor de su riqueza territorial y paisaj\u00edstica.<span class=\"Apple-converted-space\">\u00a0<\/span><\/p>\n<p><b>1. Participantes<span class=\"Apple-converted-space\">\u00a0<\/span><\/b><\/p>\n<p>Podr\u00e1n participar todos los aficionados a la fotograf\u00eda mayores de edad<span class=\"Apple-converted-space\">\u00a0<\/span><\/p>\n<p>La modalidad de participaci\u00f3n es libre, sin inscripci\u00f3n previa.<span class=\"Apple-converted-space\">\u00a0<\/span><\/p>\n<p><b>2. Tem\u00e1tica y caracter\u00edsticas:<span class=\"Apple-converted-space\">\u00a0<\/span><\/b><\/p>\n<p>Las fotograf\u00edas podr\u00e1n presentarse en color y\/o blanco y negro, y versar\u00e1n sobre tem\u00e1tica mar\u00edtimo-pesquera o sobre el paisaje general del territorio objeto de actuaci\u00f3n del Grupo de Acci\u00f3n Costera Oriental de Cantabria (Municipios de Castro Urdiales, Colindres, Laredo y Santo\u00f1a).<span class=\"Apple-converted-space\">\u00a0<\/span><\/p>\n<p>No se admitir\u00e1n fotograf\u00edas que no sean representativas del \u00e1mbito territorial indicado.<span class=\"Apple-converted-space\">\u00a0<\/span><\/p>\n<p>Las fotograf\u00edas deber\u00e1n ser originales, in\u00e9ditas y no haber sido premiadas en otros concursos fotogr\u00e1ficos ni estar pendientes de resoluci\u00f3n en ning\u00fan otro. No deber\u00e1n presentar retoques ni edici\u00f3n posterior.<span class=\"Apple-converted-space\">\u00a0<\/span><\/p>\n<p><b>3.-Categor\u00edas:<span class=\"Apple-converted-space\">\u00a0<\/span><\/b><\/p>\n<p><b>Categor\u00eda A: Mejor fotograf\u00eda pesquera-marinera<\/b>. Localidades: Castro Urdiales, Colindres, Laredo y Santo\u00f1a. Podr\u00e1n hacer referencia a la actividad pesquera, deportes n\u00e1uticos, marisqueo, embarcaciones, productos del mar o gastronom\u00eda, edificaciones o cultura marinera en general.<span class=\"Apple-converted-space\">\u00a0<\/span><\/p>\n<p><b>Categor\u00eda B: Mejor fotograf\u00eda paisaje general del municipio<\/b>. Localidades: Castro Urdiales, Colindres, Laredo y Santo\u00f1a. Se tratar\u00e1 de realizar una foto desde un punto de observaci\u00f3n o mirador en relaci\u00f3n con las vistas del municipio para encontrar los mejores puntos de observaci\u00f3n paisaj\u00edstica o bien del paisaje general de cada municipio.<span class=\"Apple-converted-space\">\u00a0<\/span><\/p>\n<p><b>Categor\u00eda C: Mejor fotograf\u00eda del concurso<\/b>. Se otorgar\u00e1 un premio especial a la mejor fotograf\u00eda del concurso, elegida mediante votaci\u00f3n popular entre las ocho fotos ganadoras de las Categor\u00edas A y B. La votaci\u00f3n popular se realizar\u00eda a trav\u00e9s del Facebook \u201cPescalonja-GAC Oriental\u201d.<span class=\"Apple-converted-space\">\u00a0<\/span><\/p>\n<p>Ning\u00fan concursante podr\u00e1 ganar m\u00e1s de un premio a excepci\u00f3n del ganador de la Categor\u00eda C, que obtendr\u00e1 dos premios por su condici\u00f3n adicional de premiado en la Categor\u00eda A o B.<span class=\"Apple-converted-space\">\u00a0<\/span><\/p>\n<p><b>4. Presentaci\u00f3n, env\u00edo, formato y plazo:<span class=\"Apple-converted-space\">\u00a0<\/span><\/b><\/p>\n<p>Cada participante podr\u00e1 presentar en el concurso un m\u00e1ximo de 4 fotograf\u00edas individuales. Los concursantes tendr\u00e1n libertad para participar en Categor\u00eda A, B o ambas, y en uno o varios municipios.<span class=\"Apple-converted-space\">\u00a0<\/span><\/p>\n<p>Las fotograf\u00edas deber\u00e1n ir acompa\u00f1adas de un t\u00edtulo y un breve texto explicativo de lo que aparece en la fotograf\u00eda y que facilite la localizaci\u00f3n geogr\u00e1fica donde fueron tomadas.<span class=\"Apple-converted-space\">\u00a0<\/span><\/p>\n<p>Las fotograf\u00edas deber\u00e1n tener un formato JPEG y con un tama\u00f1o m\u00ednimo de 1500 \u00d7 2300 p\u00edxeles, un peso m\u00e1ximo del archivo de 10 Megabytes (Mb) con al menos 200 p\u00edxeles por pulgada (p.p.p.) de resoluci\u00f3n.<span class=\"Apple-converted-space\">\u00a0<\/span><\/p>\n<p>Ser\u00e1n enviadas al concurso por correo electr\u00f3nico, indicando como asunto: CONCURSO FOTOGRAF\u00cdA GAC ORIENTAL y el pseud\u00f3nimo del autor, a la siguiente direcci\u00f3n:<span class=\"Apple-converted-space\">\u00a0<\/span><\/p>\n<p><b>administracion@gaccantabriaoriental.es<span class=\"Apple-converted-space\">\u00a0<\/span><\/b><\/p>\n<p>Tambi\u00e9n podr\u00e1n presentarse en formato digital (pendrive, memoria externa\u2026), entregando los archivos de las fotograf\u00edas y la documentaci\u00f3n requerida en la Oficina del GAC Oriental de Cantabria (Edificio CISE, Pol\u00edgono Industrial La Pesquera, Laredo).<span class=\"Apple-converted-space\">\u00a0<\/span><\/p>\n<p>Cada participante deber\u00e1 presentar el consentimiento expl\u00edcito anexo de tratamiento de datos debidamente firmado, y adjuntar junto a la foto un archivo Word en formato texto, que llevar\u00e1 como nombre el pseud\u00f3nimo del autor, y contendr\u00e1 sus datos personales: nombre y apellidos, fecha de<span class=\"Apple-converted-space\">\u00a0<\/span>nacimiento, DNI, direcci\u00f3n postal, tel\u00e9fono de contacto y direcci\u00f3n de correo electr\u00f3nico.<span class=\"Apple-converted-space\">\u00a0<\/span><\/p>\n<p>Las fotograf\u00edas presentadas se podr\u00e1n pedir a los autores en un formato sin compresi\u00f3n y con mayor calidad, as\u00ed como el formato RAW para comprobar que no ha sido realizada una alteraci\u00f3n de los elementos de la misma.<span class=\"Apple-converted-space\">\u00a0<\/span><\/p>\n<p>El plazo para presentar las fotograf\u00edas comenzar\u00e1 el 15 de Agosto y finaliza el 10 de septiembre de 2018.<span class=\"Apple-converted-space\">\u00a0<\/span><\/p>\n<p><b>5. Premios:<span class=\"Apple-converted-space\">\u00a0<\/span><\/b><\/p>\n<table cellspacing=\"0\" cellpadding=\"0\">\n<tbody>\n<tr>\n<td valign=\"top\">Categor\u00eda A: <i>Mejor fotograf\u00eda pesquera-marinera de Castro Urdiales<span class=\"Apple-converted-space\">\u00a0<\/span><\/i><\/td>\n<td valign=\"top\"><b>300 \u20ac<span class=\"Apple-converted-space\">\u00a0<\/span><\/b><\/td>\n<\/tr>\n<tr>\n<td valign=\"top\"><i>Mejor fotograf\u00eda pesquera-marinera de Colindres<span class=\"Apple-converted-space\">\u00a0<\/span><\/i><\/td>\n<td valign=\"top\"><b>300 \u20ac<span class=\"Apple-converted-space\">\u00a0<\/span><\/b><\/td>\n<\/tr>\n<tr>\n<td valign=\"top\"><i>Mejor fotograf\u00eda pesquera-marinera de Laredo<span class=\"Apple-converted-space\">\u00a0<\/span><\/i><\/td>\n<td valign=\"top\"><b>300 \u20ac<span class=\"Apple-converted-space\">\u00a0<\/span><\/b><\/td>\n<\/tr>\n<tr>\n<td valign=\"top\"><i>Mejor fotograf\u00eda pesquera-marinera de Santo\u00f1a<span class=\"Apple-converted-space\">\u00a0<\/span><\/i><\/td>\n<td valign=\"top\"><b>300 \u20ac<span class=\"Apple-converted-space\">\u00a0<\/span><\/b><\/td>\n<\/tr>\n<\/tbody>\n<\/table>\n<table cellspacing=\"0\" cellpadding=\"0\">\n<tbody>\n<tr>\n<td valign=\"top\"><b>Categor\u00eda B: <\/b><i>Mejor fotograf\u00eda paisaje general de Castro Urdiales<span class=\"Apple-converted-space\">\u00a0<\/span><\/i><\/td>\n<td valign=\"top\"><b>300 \u20ac<span class=\"Apple-converted-space\">\u00a0<\/span><\/b><\/td>\n<\/tr>\n<tr>\n<td valign=\"top\"><i>Mejor fotograf\u00eda paisaje general de Colindres<span class=\"Apple-converted-space\">\u00a0<\/span><\/i><\/td>\n<td valign=\"top\"><b>300 \u20ac<span class=\"Apple-converted-space\">\u00a0<\/span><\/b><\/td>\n<\/tr>\n<tr>\n<td valign=\"top\"><i>Mejor fotograf\u00eda paisaje general de Laredo<span class=\"Apple-converted-space\">\u00a0<\/span><\/i><\/td>\n<td valign=\"top\"><b>300 \u20ac<span class=\"Apple-converted-space\">\u00a0<\/span><\/b><\/td>\n<\/tr>\n<tr>\n<td valign=\"top\"><i>Mejor fotograf\u00eda paisaje general de Santo\u00f1a<span class=\"Apple-converted-space\">\u00a0<\/span><\/i><\/td>\n<td valign=\"top\"><b>300 \u20ac<span class=\"Apple-converted-space\">\u00a0<\/span><\/b><\/td>\n<\/tr>\n<\/tbody>\n<\/table>\n<table cellspacing=\"0\" cellpadding=\"0\">\n<tbody>\n<tr>\n<td valign=\"top\"><b>Categor\u00eda C <\/b><i>Mejor fotograf\u00eda del concurso<span class=\"Apple-converted-space\">\u00a0<\/span><\/i><\/td>\n<td valign=\"top\"><b>300 \u20ac<span class=\"Apple-converted-space\">\u00a0<\/span><\/b><\/td>\n<\/tr>\n<\/tbody>\n<\/table>\n<p>Todos los premios del concurso estar\u00e1n sometidos a la retenci\u00f3n legal que corresponda, en su caso.<span class=\"Apple-converted-space\">\u00a0<\/span><\/p>\n<p><b>6. El Jurado y entrega de premios.<span class=\"Apple-converted-space\">\u00a0<\/span><\/b><\/p>\n<p>El jurado estar\u00e1 integrado por la Junta Directiva del Grupo de Acci\u00f3n Costera Oriental de Cantabria (GAC Oriental).<span class=\"Apple-converted-space\">\u00a0<\/span><\/p>\n<p>El jurado valorar\u00e1 las fotograf\u00edas presentadas a las <b>categor\u00edas A y B <\/b>conforme a los siguientes criterios:<span class=\"Apple-converted-space\">\u00a0<\/span><\/p>\n<ul>\n<li>Originalidad de las fotograf\u00edas.<span class=\"Apple-converted-space\">\u00a0<\/span><\/li>\n<li>Calidad art\u00edstica y t\u00e9cnica de las fotograf\u00edas.<span class=\"Apple-converted-space\">\u00a0<\/span><\/li>\n<li>Adecuaci\u00f3n al tema de la categor\u00eda<span class=\"Apple-converted-space\">\u00a0<\/span><\/li>\n<\/ul>\n<p>La decisi\u00f3n del jurado ser\u00e1 inapelable. Su decisi\u00f3n podr\u00e1 ser consultada en la web del GAC Oriental (www.gaccantabriaoriental.es) y en el Facebook (Pescalonja-GAC Oriental).<span class=\"Apple-converted-space\">\u00a0<\/span><\/p>\n<p>La fotograf\u00eda ganadora de la <b>categor\u00eda C <\/b>ser\u00e1 la que acumule m\u00e1s votos (<i>Me gusta <\/i>o <i>Like<\/i>) en el Facebook de Pescalonja-GAC Oriental de las premiadas en las categor\u00edas A y B (un total de 8 fotograf\u00edas) en la publicaci\u00f3n realizada a tal efecto en este medio. S\u00f3lo se admitir\u00e1 un voto por persona.<span class=\"Apple-converted-space\">\u00a0<\/span><\/p>\n<p>La entrega de premios tendr\u00e1 lugar en la fecha se\u00f1alada por el jurado tras la resoluci\u00f3n del concurso en todas sus categor\u00edas.<span class=\"Apple-converted-space\">\u00a0<\/span><\/p>\n<p><b>7. Propiedad intelectual, autor\u00eda y uso.<span class=\"Apple-converted-space\">\u00a0<\/span><\/b><\/p>\n<p>El participante manifiesta y garantiza que es el \u00fanico titular de todos los derechos de autor sobre la fotograf\u00eda\/s que presenta al Concurso. La participaci\u00f3n en dicho concurso conlleva la cesi\u00f3n por parte de los ganadores y el resto de participantes, a favor del GAC Oriental, de los derechos de reproducci\u00f3n, distribuci\u00f3n y comunicaci\u00f3n p\u00fablica sobre las obras fotogr\u00e1ficas, que podr\u00e1n aparecer en las diversas publicaciones editadas por el mismo, as\u00ed como en las distintas p\u00e1ginas web y redes sociales, siempre citando la procedencia del autor. El GAC Oriental no utilizar\u00e1 en ning\u00fan caso dichas im\u00e1genes con fines comerciales.<span class=\"Apple-converted-space\">\u00a0<\/span><\/p>\n<p>Los autores se responsabilizar\u00e1n totalmente de que no existan derechos de terceros en las obras presentadas y deber\u00e1n recabar, bajo su responsabilidad, la autorizaci\u00f3n de las personas que pudieran aparecer en cada fotograf\u00eda.<span class=\"Apple-converted-space\">\u00a0<\/span><\/p>\n<p><b>8. Publicidad<span class=\"Apple-converted-space\">\u00a0<\/span><\/b><\/p>\n<p>Las fotograf\u00edas presentadas al concurso podr\u00e1n verse en la web (www.gaccantabriaoriental.es) y Facebook del GAC Oriental, y en las webs de los cuatro Ayuntamientos que forman parte del territorio de actuaci\u00f3n del Grupo.<span class=\"Apple-converted-space\">\u00a0<\/span><\/p>\n<p><b>9. Aceptaci\u00f3n de las bases<span class=\"Apple-converted-space\">\u00a0<\/span><\/b><\/p>\n<p>Los participantes aceptan todas y cada una de las bases del mismo, as\u00ed como las decisiones tomadas por el jurado y su interpretaci\u00f3n. La Organizaci\u00f3n del concurso podr\u00e1 resolver cualquier caso no previsto en las mismas.<span class=\"Apple-converted-space\">\u00a0<\/span><\/p>\n<p><a href=\"http:\/\/colindres.es\/wp-content\/uploads\/2018\/08\/BASES-DEL-CONCURSO-DE-FOTOGRAF\u00cdA-GAC.pdf\">Pulse aqu\u00ed para descargar las bases en formato pdf.<\/a><\/p>\n","protected":false},"excerpt":{"rendered":"<p>BASES CONCURSO FOTOGR\u00c1FICO PARTICIPATIVO\u00a0&#8211;\u00a0GRUPO DE ACCI\u00d3N COSTERA ORIENTAL DE CANTABRIA\u00a0&#8211;\u00a0(GAC ORIENTAL)\u00a0 El Grupo de Acci\u00f3n Costera Oriental de Cantabria (GAC Oriental), en el marco de la subvenci\u00f3n concedida por la Consejer\u00eda de Universidades e Investigaci\u00f3n, Medio Ambiente y Pol\u00edtica social del Gobierno de Cantabria para actividades de \u201cPlanificaci\u00f3n Territorial, Paisaje y Desarrollo Rural\u201d, organiza un [&hellip;]<\/p>\n","protected":false},"author":1,"featured_media":1751,"comment_status":"open","ping_status":"closed","template":"","meta":{"_et_pb_use_builder":"","_et_pb_old_content":"","_et_gb_content_width":"","footnotes":""},"project_category":[],"project_tag":[],"class_list":["post-1750","project","type-project","status-publish","has-post-thumbnail","hentry"],"yoast_head":"<!-- This site is optimized with the Yoast SEO plugin v24.9 - https:\/\/yoast.com\/wordpress\/plugins\/seo\/ -->\n<title>BASES CONCURSO FOTOGR\u00c1FICO PARTICIPATIVO\u00a0-\u00a0GRUPO DE ACCI\u00d3N COSTERA ORIENTAL DE CANTABRIA\u00a0-\u00a0(GAC ORIENTAL)\u00a0 - Ayuntamiento de Colindres<\/title>\n<meta name=\"robots\" content=\"index, follow, max-snippet:-1, max-image-preview:large, max-video-preview:-1\" \/>\n<link rel=\"canonical\" href=\"https:\/\/www.colindres.es\/index.php\/project\/1750\/\" \/>\n<meta property=\"og:locale\" content=\"es_ES\" \/>\n<meta property=\"og:type\" content=\"article\" \/>\n<meta property=\"og:title\" content=\"BASES CONCURSO FOTOGR\u00c1FICO PARTICIPATIVO\u00a0-\u00a0GRUPO DE ACCI\u00d3N COSTERA ORIENTAL DE CANTABRIA\u00a0-\u00a0(GAC ORIENTAL)\u00a0 - Ayuntamiento de Colindres\" \/>\n<meta property=\"og:description\" content=\"BASES CONCURSO FOTOGR\u00c1FICO PARTICIPATIVO\u00a0&#8211;\u00a0GRUPO DE ACCI\u00d3N COSTERA ORIENTAL DE CANTABRIA\u00a0&#8211;\u00a0(GAC ORIENTAL)\u00a0 El Grupo de Acci\u00f3n Costera Oriental de Cantabria (GAC Oriental), en el marco de la subvenci\u00f3n concedida por la Consejer\u00eda de Universidades e Investigaci\u00f3n, Medio Ambiente y Pol\u00edtica social del Gobierno de Cantabria para actividades de \u201cPlanificaci\u00f3n Territorial, Paisaje y Desarrollo Rural\u201d, organiza un [&hellip;]\" \/>\n<meta property=\"og:url\" content=\"https:\/\/www.colindres.es\/index.php\/project\/1750\/\" \/>\n<meta property=\"og:site_name\" content=\"Ayuntamiento de Colindres\" \/>\n<meta property=\"article:modified_time\" content=\"2018-08-10T19:46:13+00:00\" \/>\n<meta property=\"og:image\" content=\"https:\/\/www.colindres.es\/wp-content\/uploads\/2018\/08\/Cartel-concurso-fotografico-GAC-Oriental.jpg\" \/>\n\t<meta property=\"og:image:width\" content=\"879\" \/>\n\t<meta property=\"og:image:height\" content=\"1248\" \/>\n\t<meta property=\"og:image:type\" content=\"image\/jpeg\" \/>\n<meta name=\"twitter:card\" content=\"summary_large_image\" \/>\n<meta name=\"twitter:label1\" content=\"Tiempo de lectura\" \/>\n\t<meta name=\"twitter:data1\" content=\"7 minutos\" \/>\n<script type=\"application\/ld+json\" class=\"yoast-schema-graph\">{\"@context\":\"https:\/\/schema.org\",\"@graph\":[{\"@type\":\"WebPage\",\"@id\":\"https:\/\/www.colindres.es\/index.php\/project\/1750\/\",\"url\":\"https:\/\/www.colindres.es\/index.php\/project\/1750\/\",\"name\":\"BASES CONCURSO FOTOGR\u00c1FICO PARTICIPATIVO\u00a0-\u00a0GRUPO DE ACCI\u00d3N COSTERA ORIENTAL DE CANTABRIA\u00a0-\u00a0(GAC ORIENTAL)\u00a0 - Ayuntamiento de Colindres\",\"isPartOf\":{\"@id\":\"https:\/\/www.colindres.es\/#website\"},\"primaryImageOfPage\":{\"@id\":\"https:\/\/www.colindres.es\/index.php\/project\/1750\/#primaryimage\"},\"image\":{\"@id\":\"https:\/\/www.colindres.es\/index.php\/project\/1750\/#primaryimage\"},\"thumbnailUrl\":\"https:\/\/www.colindres.es\/wp-content\/uploads\/2018\/08\/Cartel-concurso-fotografico-GAC-Oriental.jpg\",\"datePublished\":\"2018-08-10T19:44:48+00:00\",\"dateModified\":\"2018-08-10T19:46:13+00:00\",\"breadcrumb\":{\"@id\":\"https:\/\/www.colindres.es\/index.php\/project\/1750\/#breadcrumb\"},\"inLanguage\":\"es\",\"potentialAction\":[{\"@type\":\"ReadAction\",\"target\":[\"https:\/\/www.colindres.es\/index.php\/project\/1750\/\"]}]},{\"@type\":\"ImageObject\",\"inLanguage\":\"es\",\"@id\":\"https:\/\/www.colindres.es\/index.php\/project\/1750\/#primaryimage\",\"url\":\"https:\/\/www.colindres.es\/wp-content\/uploads\/2018\/08\/Cartel-concurso-fotografico-GAC-Oriental.jpg\",\"contentUrl\":\"https:\/\/www.colindres.es\/wp-content\/uploads\/2018\/08\/Cartel-concurso-fotografico-GAC-Oriental.jpg\",\"width\":879,\"height\":1248},{\"@type\":\"BreadcrumbList\",\"@id\":\"https:\/\/www.colindres.es\/index.php\/project\/1750\/#breadcrumb\",\"itemListElement\":[{\"@type\":\"ListItem\",\"position\":1,\"name\":\"Portada\",\"item\":\"https:\/\/www.colindres.es\/\"},{\"@type\":\"ListItem\",\"position\":2,\"name\":\"Proyectos\",\"item\":\"https:\/\/www.colindres.es\/index.php\/project\/\"},{\"@type\":\"ListItem\",\"position\":3,\"name\":\"BASES CONCURSO FOTOGR\u00c1FICO PARTICIPATIVO\u00a0&#8211;\u00a0GRUPO DE ACCI\u00d3N COSTERA ORIENTAL DE CANTABRIA\u00a0&#8211;\u00a0(GAC ORIENTAL)\u00a0\"}]},{\"@type\":\"WebSite\",\"@id\":\"https:\/\/www.colindres.es\/#website\",\"url\":\"https:\/\/www.colindres.es\/\",\"name\":\"Ayuntamiento de Colindres\",\"description\":\"Dise\u00f1ado por NTIC&#039;s\",\"publisher\":{\"@id\":\"https:\/\/www.colindres.es\/#organization\"},\"potentialAction\":[{\"@type\":\"SearchAction\",\"target\":{\"@type\":\"EntryPoint\",\"urlTemplate\":\"https:\/\/www.colindres.es\/?s={search_term_string}\"},\"query-input\":{\"@type\":\"PropertyValueSpecification\",\"valueRequired\":true,\"valueName\":\"search_term_string\"}}],\"inLanguage\":\"es\"},{\"@type\":\"Organization\",\"@id\":\"https:\/\/www.colindres.es\/#organization\",\"name\":\"AYUNTAMIENTO DE COLINDRES\",\"url\":\"https:\/\/www.colindres.es\/\",\"logo\":{\"@type\":\"ImageObject\",\"inLanguage\":\"es\",\"@id\":\"https:\/\/www.colindres.es\/#\/schema\/logo\/image\/\",\"url\":\"https:\/\/www.colindres.es\/wp-content\/uploads\/2017\/01\/LOGO-PRINCIPAL.jpg\",\"contentUrl\":\"https:\/\/www.colindres.es\/wp-content\/uploads\/2017\/01\/LOGO-PRINCIPAL.jpg\",\"width\":1209,\"height\":579,\"caption\":\"AYUNTAMIENTO DE COLINDRES\"},\"image\":{\"@id\":\"https:\/\/www.colindres.es\/#\/schema\/logo\/image\/\"}}]}<\/script>\n<!-- \/ Yoast SEO plugin. -->","yoast_head_json":{"title":"BASES CONCURSO FOTOGR\u00c1FICO PARTICIPATIVO\u00a0-\u00a0GRUPO DE ACCI\u00d3N COSTERA ORIENTAL DE CANTABRIA\u00a0-\u00a0(GAC ORIENTAL)\u00a0 - Ayuntamiento de Colindres","robots":{"index":"index","follow":"follow","max-snippet":"max-snippet:-1","max-image-preview":"max-image-preview:large","max-video-preview":"max-video-preview:-1"},"canonical":"https:\/\/www.colindres.es\/index.php\/project\/1750\/","og_locale":"es_ES","og_type":"article","og_title":"BASES CONCURSO FOTOGR\u00c1FICO PARTICIPATIVO\u00a0-\u00a0GRUPO DE ACCI\u00d3N COSTERA ORIENTAL DE CANTABRIA\u00a0-\u00a0(GAC ORIENTAL)\u00a0 - Ayuntamiento de Colindres","og_description":"BASES CONCURSO FOTOGR\u00c1FICO PARTICIPATIVO\u00a0&#8211;\u00a0GRUPO DE ACCI\u00d3N COSTERA ORIENTAL DE CANTABRIA\u00a0&#8211;\u00a0(GAC ORIENTAL)\u00a0 El Grupo de Acci\u00f3n Costera Oriental de Cantabria (GAC Oriental), en el marco de la subvenci\u00f3n concedida por la Consejer\u00eda de Universidades e Investigaci\u00f3n, Medio Ambiente y Pol\u00edtica social del Gobierno de Cantabria para actividades de \u201cPlanificaci\u00f3n Territorial, Paisaje y Desarrollo Rural\u201d, organiza un [&hellip;]","og_url":"https:\/\/www.colindres.es\/index.php\/project\/1750\/","og_site_name":"Ayuntamiento de Colindres","article_modified_time":"2018-08-10T19:46:13+00:00","og_image":[{"width":879,"height":1248,"url":"https:\/\/www.colindres.es\/wp-content\/uploads\/2018\/08\/Cartel-concurso-fotografico-GAC-Oriental.jpg","type":"image\/jpeg"}],"twitter_card":"summary_large_image","twitter_misc":{"Tiempo de lectura":"7 minutos"},"schema":{"@context":"https:\/\/schema.org","@graph":[{"@type":"WebPage","@id":"https:\/\/www.colindres.es\/index.php\/project\/1750\/","url":"https:\/\/www.colindres.es\/index.php\/project\/1750\/","name":"BASES CONCURSO FOTOGR\u00c1FICO PARTICIPATIVO\u00a0-\u00a0GRUPO DE ACCI\u00d3N COSTERA ORIENTAL DE CANTABRIA\u00a0-\u00a0(GAC ORIENTAL)\u00a0 - Ayuntamiento de Colindres","isPartOf":{"@id":"https:\/\/www.colindres.es\/#website"},"primaryImageOfPage":{"@id":"https:\/\/www.colindres.es\/index.php\/project\/1750\/#primaryimage"},"image":{"@id":"https:\/\/www.colindres.es\/index.php\/project\/1750\/#primaryimage"},"thumbnailUrl":"https:\/\/www.colindres.es\/wp-content\/uploads\/2018\/08\/Cartel-concurso-fotografico-GAC-Oriental.jpg","datePublished":"2018-08-10T19:44:48+00:00","dateModified":"2018-08-10T19:46:13+00:00","breadcrumb":{"@id":"https:\/\/www.colindres.es\/index.php\/project\/1750\/#breadcrumb"},"inLanguage":"es","potentialAction":[{"@type":"ReadAction","target":["https:\/\/www.colindres.es\/index.php\/project\/1750\/"]}]},{"@type":"ImageObject","inLanguage":"es","@id":"https:\/\/www.colindres.es\/index.php\/project\/1750\/#primaryimage","url":"https:\/\/www.colindres.es\/wp-content\/uploads\/2018\/08\/Cartel-concurso-fotografico-GAC-Oriental.jpg","contentUrl":"https:\/\/www.colindres.es\/wp-content\/uploads\/2018\/08\/Cartel-concurso-fotografico-GAC-Oriental.jpg","width":879,"height":1248},{"@type":"BreadcrumbList","@id":"https:\/\/www.colindres.es\/index.php\/project\/1750\/#breadcrumb","itemListElement":[{"@type":"ListItem","position":1,"name":"Portada","item":"https:\/\/www.colindres.es\/"},{"@type":"ListItem","position":2,"name":"Proyectos","item":"https:\/\/www.colindres.es\/index.php\/project\/"},{"@type":"ListItem","position":3,"name":"BASES CONCURSO FOTOGR\u00c1FICO PARTICIPATIVO\u00a0&#8211;\u00a0GRUPO DE ACCI\u00d3N COSTERA ORIENTAL DE CANTABRIA\u00a0&#8211;\u00a0(GAC ORIENTAL)\u00a0"}]},{"@type":"WebSite","@id":"https:\/\/www.colindres.es\/#website","url":"https:\/\/www.colindres.es\/","name":"Ayuntamiento de Colindres","description":"Dise\u00f1ado por NTIC&#039;s","publisher":{"@id":"https:\/\/www.colindres.es\/#organization"},"potentialAction":[{"@type":"SearchAction","target":{"@type":"EntryPoint","urlTemplate":"https:\/\/www.colindres.es\/?s={search_term_string}"},"query-input":{"@type":"PropertyValueSpecification","valueRequired":true,"valueName":"search_term_string"}}],"inLanguage":"es"},{"@type":"Organization","@id":"https:\/\/www.colindres.es\/#organization","name":"AYUNTAMIENTO DE COLINDRES","url":"https:\/\/www.colindres.es\/","logo":{"@type":"ImageObject","inLanguage":"es","@id":"https:\/\/www.colindres.es\/#\/schema\/logo\/image\/","url":"https:\/\/www.colindres.es\/wp-content\/uploads\/2017\/01\/LOGO-PRINCIPAL.jpg","contentUrl":"https:\/\/www.colindres.es\/wp-content\/uploads\/2017\/01\/LOGO-PRINCIPAL.jpg","width":1209,"height":579,"caption":"AYUNTAMIENTO DE COLINDRES"},"image":{"@id":"https:\/\/www.colindres.es\/#\/schema\/logo\/image\/"}}]}},"_links":{"self":[{"href":"https:\/\/www.colindres.es\/index.php\/wp-json\/wp\/v2\/project\/1750","targetHints":{"allow":["GET"]}}],"collection":[{"href":"https:\/\/www.colindres.es\/index.php\/wp-json\/wp\/v2\/project"}],"about":[{"href":"https:\/\/www.colindres.es\/index.php\/wp-json\/wp\/v2\/types\/project"}],"author":[{"embeddable":true,"href":"https:\/\/www.colindres.es\/index.php\/wp-json\/wp\/v2\/users\/1"}],"replies":[{"embeddable":true,"href":"https:\/\/www.colindres.es\/index.php\/wp-json\/wp\/v2\/comments?post=1750"}],"version-history":[{"count":3,"href":"https:\/\/www.colindres.es\/index.php\/wp-json\/wp\/v2\/project\/1750\/revisions"}],"predecessor-version":[{"id":1757,"href":"https:\/\/www.colindres.es\/index.php\/wp-json\/wp\/v2\/project\/1750\/revisions\/1757"}],"wp:featuredmedia":[{"embeddable":true,"href":"https:\/\/www.colindres.es\/index.php\/wp-json\/wp\/v2\/media\/1751"}],"wp:attachment":[{"href":"https:\/\/www.colindres.es\/index.php\/wp-json\/wp\/v2\/media?parent=1750"}],"wp:term":[{"taxonomy":"project_category","embeddable":true,"href":"https:\/\/www.colindres.es\/index.php\/wp-json\/wp\/v2\/project_category?post=1750"},{"taxonomy":"project_tag","embeddable":true,"href":"https:\/\/www.colindres.es\/index.php\/wp-json\/wp\/v2\/project_tag?post=1750"}],"curies":[{"name":"wp","href":"https:\/\/api.w.org\/{rel}","templated":true}]}}