{"id":17384,"date":"2023-10-26T21:32:01","date_gmt":"2023-10-26T19:32:01","guid":{"rendered":"https:\/\/www.colindres.es\/?post_type=project&#038;p=17384"},"modified":"2023-10-26T21:32:01","modified_gmt":"2023-10-26T19:32:01","slug":"colindres-sede-del-iii-simposio-nacional-de-arboles-singulares","status":"publish","type":"project","link":"https:\/\/www.colindres.es\/index.php\/project\/colindres-sede-del-iii-simposio-nacional-de-arboles-singulares\/","title":{"rendered":"COLINDRES, SEDE DEL III SIMPOSIO NACIONAL DE \u00c1RBOLES SINGULARES"},"content":{"rendered":"<p>Colindres ha acogido hoy la primera jornada del tercer Simposio Nacional sobre \u00c1rboles Singulares organizado por la Asociaci\u00f3n Bosques Sin Fronteras.<\/p>\n<p>Casi un centenar de expertos se han dado cita hoy en Colindres para ofrecer varias ponencias centradas no s\u00f3lo en Cantabria, sino tambi\u00e9n en el resto de regiones de Espa\u00f1a y que pretenden ahondar en los recursos que son necesarios poner en marcha para mejorar la gesti\u00f3n y longevidad de los ejemplares m\u00e1s singulares del pa\u00eds.<\/p>\n<p>La entidad ha escogido Colindres como sede del encuentro por ser el municipio donde radica el que fue declarado \u00c1rbol del A\u00f1o 2023: la Encina de San Roque.<\/p>\n<p>El evento continuar\u00e1 durante la jornada de ma\u00f1ana. Paralelamente, hasta el domingo, la Sala de Exposiciones de la casa de Cultura, abrir\u00e1 sus puertas a los Reyes del Bosque, una exposici\u00f3n fotogr\u00e1fica itinerante repleta de gigantes y ancianos seres vegetales del territorio espa\u00f1ol.<\/p>\n<p>Para Yolanda Arce, Concejala de Medio Ambiente, \u201cla Encina de San Roque es un ejemplo de ese patrimonio que debemos cuidar y dar a conocer a las generaciones venideras y es un orgullo para Colindres acoger un evento de estas caracter\u00edsticas\u201d.<\/p>\n<p>A la inauguraci\u00f3n del simposio han acudido el Subdirector General de Pol\u00edtica Forestal del MITECO, Gregorio Chamorro, el Director General de Montes de Cantabria, Jos\u00e9 Caus\u00ed, adem\u00e1s del alcalde de Colindres, Javier Incera, y otros miembros de la corporaci\u00f3n municipal.<\/p>\n<p>El objetivo del simposio es fomentar el intercambio de ideas, tecnolog\u00edas, metodolog\u00eda y oportunidades en el \u00e1mbito de los \u00e1rboles singulares y dar a conocer la situaci\u00f3n de los mismos en la Comunidad Aut\u00f3noma de Cantabria.<\/p>\n<p><img loading=\"lazy\" decoding=\"async\" class=\"alignnone size-medium wp-image-17385\" src=\"https:\/\/www.colindres.es\/wp-content\/uploads\/2023\/10\/image2-225x300.jpeg\" alt=\"\" width=\"225\" height=\"300\" \/><\/p>\n<p>Adem\u00e1s de las ponencias, los participantes en el simposio han realizado una visita a la Encina de San Roque y han conocido de cerca el proyecto de reforestaci\u00f3n de la Encina de San Roque.<\/p>\n<p>La edil tambi\u00e9n ha recordado que el Ayuntamiento de Colindres encarg\u00f3 al comienzo de este a\u00f1o un informe sobre el estudio biomec\u00e1nico y estructural estado sanitario y radicular de la Encina Singular de San Roque y esta misma semana se han comenzado a realizar distintos trabajos con el fin de garantizar la protecci\u00f3n de este ejemplar para el futuro. Los trabajos consisten en la mejora de la permeabilidad y la penetraci\u00f3n del agua en el suelo que rodea la encina.<\/p>\n<p><img loading=\"lazy\" decoding=\"async\" class=\"alignnone size-medium wp-image-17387\" src=\"https:\/\/www.colindres.es\/wp-content\/uploads\/2023\/10\/image0-3-300x200.jpeg\" alt=\"\" width=\"300\" height=\"200\" \/><\/p>\n","protected":false},"excerpt":{"rendered":"<p>Colindres ha acogido hoy la primera jornada del tercer Simposio Nacional sobre \u00c1rboles Singulares organizado por la Asociaci\u00f3n Bosques Sin Fronteras. Casi un centenar de expertos se han dado cita hoy en Colindres para ofrecer varias ponencias centradas no s\u00f3lo en Cantabria, sino tambi\u00e9n en el resto de regiones de Espa\u00f1a y que pretenden ahondar [&hellip;]<\/p>\n","protected":false},"author":1,"featured_media":17386,"comment_status":"open","ping_status":"closed","template":"","meta":{"_et_pb_use_builder":"","_et_pb_old_content":"","_et_gb_content_width":"","footnotes":""},"project_category":[6],"project_tag":[],"class_list":["post-17384","project","type-project","status-publish","has-post-thumbnail","hentry","project_category-noticias"],"yoast_head":"<!-- This site is optimized with the Yoast SEO plugin v24.9 - https:\/\/yoast.com\/wordpress\/plugins\/seo\/ -->\n<title>COLINDRES, SEDE DEL III SIMPOSIO NACIONAL DE \u00c1RBOLES SINGULARES - Ayuntamiento de Colindres<\/title>\n<meta name=\"robots\" content=\"index, follow, max-snippet:-1, max-image-preview:large, max-video-preview:-1\" \/>\n<link rel=\"canonical\" href=\"https:\/\/www.colindres.es\/index.php\/project\/colindres-sede-del-iii-simposio-nacional-de-arboles-singulares\/\" \/>\n<meta property=\"og:locale\" content=\"es_ES\" \/>\n<meta property=\"og:type\" content=\"article\" \/>\n<meta property=\"og:title\" content=\"COLINDRES, SEDE DEL III SIMPOSIO NACIONAL DE \u00c1RBOLES SINGULARES - Ayuntamiento de Colindres\" \/>\n<meta property=\"og:description\" content=\"Colindres ha acogido hoy la primera jornada del tercer Simposio Nacional sobre \u00c1rboles Singulares organizado por la Asociaci\u00f3n Bosques Sin Fronteras. Casi un centenar de expertos se han dado cita hoy en Colindres para ofrecer varias ponencias centradas no s\u00f3lo en Cantabria, sino tambi\u00e9n en el resto de regiones de Espa\u00f1a y que pretenden ahondar [&hellip;]\" \/>\n<meta property=\"og:url\" content=\"https:\/\/www.colindres.es\/index.php\/project\/colindres-sede-del-iii-simposio-nacional-de-arboles-singulares\/\" \/>\n<meta property=\"og:site_name\" content=\"Ayuntamiento de Colindres\" \/>\n<meta property=\"og:image\" content=\"https:\/\/www.colindres.es\/wp-content\/uploads\/2023\/10\/image1-1.jpeg\" \/>\n\t<meta property=\"og:image:width\" content=\"1600\" \/>\n\t<meta property=\"og:image:height\" content=\"1200\" \/>\n\t<meta property=\"og:image:type\" content=\"image\/jpeg\" \/>\n<meta name=\"twitter:card\" content=\"summary_large_image\" \/>\n<meta name=\"twitter:label1\" content=\"Tiempo de lectura\" \/>\n\t<meta name=\"twitter:data1\" content=\"2 minutos\" \/>\n<script type=\"application\/ld+json\" class=\"yoast-schema-graph\">{\"@context\":\"https:\/\/schema.org\",\"@graph\":[{\"@type\":\"WebPage\",\"@id\":\"https:\/\/www.colindres.es\/index.php\/project\/colindres-sede-del-iii-simposio-nacional-de-arboles-singulares\/\",\"url\":\"https:\/\/www.colindres.es\/index.php\/project\/colindres-sede-del-iii-simposio-nacional-de-arboles-singulares\/\",\"name\":\"COLINDRES, SEDE DEL III SIMPOSIO NACIONAL DE \u00c1RBOLES SINGULARES - Ayuntamiento de Colindres\",\"isPartOf\":{\"@id\":\"https:\/\/www.colindres.es\/#website\"},\"primaryImageOfPage\":{\"@id\":\"https:\/\/www.colindres.es\/index.php\/project\/colindres-sede-del-iii-simposio-nacional-de-arboles-singulares\/#primaryimage\"},\"image\":{\"@id\":\"https:\/\/www.colindres.es\/index.php\/project\/colindres-sede-del-iii-simposio-nacional-de-arboles-singulares\/#primaryimage\"},\"thumbnailUrl\":\"https:\/\/www.colindres.es\/wp-content\/uploads\/2023\/10\/image1-1.jpeg\",\"datePublished\":\"2023-10-26T19:32:01+00:00\",\"breadcrumb\":{\"@id\":\"https:\/\/www.colindres.es\/index.php\/project\/colindres-sede-del-iii-simposio-nacional-de-arboles-singulares\/#breadcrumb\"},\"inLanguage\":\"es\",\"potentialAction\":[{\"@type\":\"ReadAction\",\"target\":[\"https:\/\/www.colindres.es\/index.php\/project\/colindres-sede-del-iii-simposio-nacional-de-arboles-singulares\/\"]}]},{\"@type\":\"ImageObject\",\"inLanguage\":\"es\",\"@id\":\"https:\/\/www.colindres.es\/index.php\/project\/colindres-sede-del-iii-simposio-nacional-de-arboles-singulares\/#primaryimage\",\"url\":\"https:\/\/www.colindres.es\/wp-content\/uploads\/2023\/10\/image1-1.jpeg\",\"contentUrl\":\"https:\/\/www.colindres.es\/wp-content\/uploads\/2023\/10\/image1-1.jpeg\",\"width\":1600,\"height\":1200},{\"@type\":\"BreadcrumbList\",\"@id\":\"https:\/\/www.colindres.es\/index.php\/project\/colindres-sede-del-iii-simposio-nacional-de-arboles-singulares\/#breadcrumb\",\"itemListElement\":[{\"@type\":\"ListItem\",\"position\":1,\"name\":\"Portada\",\"item\":\"https:\/\/www.colindres.es\/\"},{\"@type\":\"ListItem\",\"position\":2,\"name\":\"Proyectos\",\"item\":\"https:\/\/www.colindres.es\/index.php\/project\/\"},{\"@type\":\"ListItem\",\"position\":3,\"name\":\"COLINDRES, SEDE DEL III SIMPOSIO NACIONAL DE \u00c1RBOLES SINGULARES\"}]},{\"@type\":\"WebSite\",\"@id\":\"https:\/\/www.colindres.es\/#website\",\"url\":\"https:\/\/www.colindres.es\/\",\"name\":\"Ayuntamiento de Colindres\",\"description\":\"Dise\u00f1ado por NTIC&#039;s\",\"publisher\":{\"@id\":\"https:\/\/www.colindres.es\/#organization\"},\"potentialAction\":[{\"@type\":\"SearchAction\",\"target\":{\"@type\":\"EntryPoint\",\"urlTemplate\":\"https:\/\/www.colindres.es\/?s={search_term_string}\"},\"query-input\":{\"@type\":\"PropertyValueSpecification\",\"valueRequired\":true,\"valueName\":\"search_term_string\"}}],\"inLanguage\":\"es\"},{\"@type\":\"Organization\",\"@id\":\"https:\/\/www.colindres.es\/#organization\",\"name\":\"AYUNTAMIENTO DE COLINDRES\",\"url\":\"https:\/\/www.colindres.es\/\",\"logo\":{\"@type\":\"ImageObject\",\"inLanguage\":\"es\",\"@id\":\"https:\/\/www.colindres.es\/#\/schema\/logo\/image\/\",\"url\":\"https:\/\/www.colindres.es\/wp-content\/uploads\/2017\/01\/LOGO-PRINCIPAL.jpg\",\"contentUrl\":\"https:\/\/www.colindres.es\/wp-content\/uploads\/2017\/01\/LOGO-PRINCIPAL.jpg\",\"width\":1209,\"height\":579,\"caption\":\"AYUNTAMIENTO DE COLINDRES\"},\"image\":{\"@id\":\"https:\/\/www.colindres.es\/#\/schema\/logo\/image\/\"}}]}<\/script>\n<!-- \/ Yoast SEO plugin. -->","yoast_head_json":{"title":"COLINDRES, SEDE DEL III SIMPOSIO NACIONAL DE \u00c1RBOLES SINGULARES - Ayuntamiento de Colindres","robots":{"index":"index","follow":"follow","max-snippet":"max-snippet:-1","max-image-preview":"max-image-preview:large","max-video-preview":"max-video-preview:-1"},"canonical":"https:\/\/www.colindres.es\/index.php\/project\/colindres-sede-del-iii-simposio-nacional-de-arboles-singulares\/","og_locale":"es_ES","og_type":"article","og_title":"COLINDRES, SEDE DEL III SIMPOSIO NACIONAL DE \u00c1RBOLES SINGULARES - Ayuntamiento de Colindres","og_description":"Colindres ha acogido hoy la primera jornada del tercer Simposio Nacional sobre \u00c1rboles Singulares organizado por la Asociaci\u00f3n Bosques Sin Fronteras. Casi un centenar de expertos se han dado cita hoy en Colindres para ofrecer varias ponencias centradas no s\u00f3lo en Cantabria, sino tambi\u00e9n en el resto de regiones de Espa\u00f1a y que pretenden ahondar [&hellip;]","og_url":"https:\/\/www.colindres.es\/index.php\/project\/colindres-sede-del-iii-simposio-nacional-de-arboles-singulares\/","og_site_name":"Ayuntamiento de Colindres","og_image":[{"width":1600,"height":1200,"url":"https:\/\/www.colindres.es\/wp-content\/uploads\/2023\/10\/image1-1.jpeg","type":"image\/jpeg"}],"twitter_card":"summary_large_image","twitter_misc":{"Tiempo de lectura":"2 minutos"},"schema":{"@context":"https:\/\/schema.org","@graph":[{"@type":"WebPage","@id":"https:\/\/www.colindres.es\/index.php\/project\/colindres-sede-del-iii-simposio-nacional-de-arboles-singulares\/","url":"https:\/\/www.colindres.es\/index.php\/project\/colindres-sede-del-iii-simposio-nacional-de-arboles-singulares\/","name":"COLINDRES, SEDE DEL III SIMPOSIO NACIONAL DE \u00c1RBOLES SINGULARES - Ayuntamiento de Colindres","isPartOf":{"@id":"https:\/\/www.colindres.es\/#website"},"primaryImageOfPage":{"@id":"https:\/\/www.colindres.es\/index.php\/project\/colindres-sede-del-iii-simposio-nacional-de-arboles-singulares\/#primaryimage"},"image":{"@id":"https:\/\/www.colindres.es\/index.php\/project\/colindres-sede-del-iii-simposio-nacional-de-arboles-singulares\/#primaryimage"},"thumbnailUrl":"https:\/\/www.colindres.es\/wp-content\/uploads\/2023\/10\/image1-1.jpeg","datePublished":"2023-10-26T19:32:01+00:00","breadcrumb":{"@id":"https:\/\/www.colindres.es\/index.php\/project\/colindres-sede-del-iii-simposio-nacional-de-arboles-singulares\/#breadcrumb"},"inLanguage":"es","potentialAction":[{"@type":"ReadAction","target":["https:\/\/www.colindres.es\/index.php\/project\/colindres-sede-del-iii-simposio-nacional-de-arboles-singulares\/"]}]},{"@type":"ImageObject","inLanguage":"es","@id":"https:\/\/www.colindres.es\/index.php\/project\/colindres-sede-del-iii-simposio-nacional-de-arboles-singulares\/#primaryimage","url":"https:\/\/www.colindres.es\/wp-content\/uploads\/2023\/10\/image1-1.jpeg","contentUrl":"https:\/\/www.colindres.es\/wp-content\/uploads\/2023\/10\/image1-1.jpeg","width":1600,"height":1200},{"@type":"BreadcrumbList","@id":"https:\/\/www.colindres.es\/index.php\/project\/colindres-sede-del-iii-simposio-nacional-de-arboles-singulares\/#breadcrumb","itemListElement":[{"@type":"ListItem","position":1,"name":"Portada","item":"https:\/\/www.colindres.es\/"},{"@type":"ListItem","position":2,"name":"Proyectos","item":"https:\/\/www.colindres.es\/index.php\/project\/"},{"@type":"ListItem","position":3,"name":"COLINDRES, SEDE DEL III SIMPOSIO NACIONAL DE \u00c1RBOLES SINGULARES"}]},{"@type":"WebSite","@id":"https:\/\/www.colindres.es\/#website","url":"https:\/\/www.colindres.es\/","name":"Ayuntamiento de Colindres","description":"Dise\u00f1ado por NTIC&#039;s","publisher":{"@id":"https:\/\/www.colindres.es\/#organization"},"potentialAction":[{"@type":"SearchAction","target":{"@type":"EntryPoint","urlTemplate":"https:\/\/www.colindres.es\/?s={search_term_string}"},"query-input":{"@type":"PropertyValueSpecification","valueRequired":true,"valueName":"search_term_string"}}],"inLanguage":"es"},{"@type":"Organization","@id":"https:\/\/www.colindres.es\/#organization","name":"AYUNTAMIENTO DE COLINDRES","url":"https:\/\/www.colindres.es\/","logo":{"@type":"ImageObject","inLanguage":"es","@id":"https:\/\/www.colindres.es\/#\/schema\/logo\/image\/","url":"https:\/\/www.colindres.es\/wp-content\/uploads\/2017\/01\/LOGO-PRINCIPAL.jpg","contentUrl":"https:\/\/www.colindres.es\/wp-content\/uploads\/2017\/01\/LOGO-PRINCIPAL.jpg","width":1209,"height":579,"caption":"AYUNTAMIENTO DE COLINDRES"},"image":{"@id":"https:\/\/www.colindres.es\/#\/schema\/logo\/image\/"}}]}},"_links":{"self":[{"href":"https:\/\/www.colindres.es\/index.php\/wp-json\/wp\/v2\/project\/17384","targetHints":{"allow":["GET"]}}],"collection":[{"href":"https:\/\/www.colindres.es\/index.php\/wp-json\/wp\/v2\/project"}],"about":[{"href":"https:\/\/www.colindres.es\/index.php\/wp-json\/wp\/v2\/types\/project"}],"author":[{"embeddable":true,"href":"https:\/\/www.colindres.es\/index.php\/wp-json\/wp\/v2\/users\/1"}],"replies":[{"embeddable":true,"href":"https:\/\/www.colindres.es\/index.php\/wp-json\/wp\/v2\/comments?post=17384"}],"version-history":[{"count":1,"href":"https:\/\/www.colindres.es\/index.php\/wp-json\/wp\/v2\/project\/17384\/revisions"}],"predecessor-version":[{"id":17388,"href":"https:\/\/www.colindres.es\/index.php\/wp-json\/wp\/v2\/project\/17384\/revisions\/17388"}],"wp:featuredmedia":[{"embeddable":true,"href":"https:\/\/www.colindres.es\/index.php\/wp-json\/wp\/v2\/media\/17386"}],"wp:attachment":[{"href":"https:\/\/www.colindres.es\/index.php\/wp-json\/wp\/v2\/media?parent=17384"}],"wp:term":[{"taxonomy":"project_category","embeddable":true,"href":"https:\/\/www.colindres.es\/index.php\/wp-json\/wp\/v2\/project_category?post=17384"},{"taxonomy":"project_tag","embeddable":true,"href":"https:\/\/www.colindres.es\/index.php\/wp-json\/wp\/v2\/project_tag?post=17384"}],"curies":[{"name":"wp","href":"https:\/\/api.w.org\/{rel}","templated":true}]}}