{"id":17370,"date":"2023-10-25T06:48:49","date_gmt":"2023-10-25T04:48:49","guid":{"rendered":"https:\/\/www.colindres.es\/?post_type=project&#038;p=17370"},"modified":"2023-10-25T06:48:49","modified_gmt":"2023-10-25T04:48:49","slug":"el-gac-oriental-de-cantabria-elige-presidente-a-javier-incera-alcalde-de-colindres","status":"publish","type":"project","link":"https:\/\/www.colindres.es\/index.php\/project\/el-gac-oriental-de-cantabria-elige-presidente-a-javier-incera-alcalde-de-colindres\/","title":{"rendered":"EL GAC ORIENTAL DE CANTABRIA ELIGE PRESIDENTE A JAVIER INCERA, ALCALDE DE COLINDRES"},"content":{"rendered":"<p>El Grupo de Acci\u00f3n Costera (GAC) Oriental de Cantabria ha elegido al alcalde de Colindres, Javier Incera, como nuevo presidente, siendo la primera vez desde la creaci\u00f3n del GAC en la que ocupar\u00e1 el cargo alguien que no es regidor de la villa de Santo\u00f1a.<\/p>\n<p>Con ello ha finalizado el proceso de renovaci\u00f3n de los \u00f3rganos de direcci\u00f3n del Grupo, en el que asimismo se ha elegido vicepresidente a Sergio Valle, patr\u00f3n mayor de la Cofrad\u00eda de Pescadores de Colindres; tesorera, Tinuca Revolvo, presidenta de la Asociaci\u00f3n Amigos del Patrimonio de Laredo, y secretario, Jos\u00e9 Luis Marsella, que tambi\u00e9n lo es de la Asociaci\u00f3n de Fabricantes de Conservas de Pescado (CONSESA). El resto de miembros de la Junta Directiva se reparten las diferentes vocal\u00edas.<\/p>\n<p>La Junta Directiva del GAC est\u00e1 integrada por doce entidades que representan a cuatro sectores:<\/p>\n<p>&#8211; Sector pesquero (grupos extractivo y de transformaci\u00f3n): Cofrad\u00edas de Pescadores de Castro Urdiales, Colindres, Laredo y Santo\u00f1a, CONSESA y Asociaci\u00f3n de Rederas de Cantabria (AREBACA).<\/p>\n<p>&#8211; Sector p\u00fablico: Ayuntamientos de Castro Urdiales, Colindres, Laredo y Santo\u00f1a.<\/p>\n<p>&#8211; Sector econ\u00f3mico: Federaci\u00f3n del Comercio de Cantabria (COERCAN).<\/p>\n<p>&#8211; Sector social: Asociaci\u00f3n Amigos del Patrimonio de Laredo.<\/p>\n<p><img loading=\"lazy\" decoding=\"async\" class=\"alignnone size-medium wp-image-17371\" src=\"https:\/\/www.colindres.es\/wp-content\/uploads\/2023\/10\/Javier-Incera-presidente-GAC-300x240.jpg\" alt=\"\" width=\"300\" height=\"240\" \/><\/p>\n<p>Tras su elecci\u00f3n, el nuevo presidente del GAC quiso \u201cagradecer a la Junta Directiva del GAC su confianza y apoyo, que me permitir\u00e1 seguir trabajando juntos durante los pr\u00f3ximos a\u00f1os en el desarrollo socioecon\u00f3mico del sector pesquero y de nuestros municipios\u201d, resaltando adem\u00e1s que \u201ces un honor presidir el Grupo de Acci\u00f3n Costera por la esencia pesquera y marinera que hist\u00f3ricamente respiran nuestros municipios, tanto a nivel extractivo como transformador, ya que \u00a0siempre hemos vivido de cara al mar\u201c.<\/p>\n<p>El presidente considera que debemos trabajar para \u201ccontribuir al desarrollo del sector pesquero y del tejido empresarial y sociecon\u00f3mico de nuestros municipios, mediante la innovaci\u00f3n, el desarrollo tecnol\u00f3gico o la diversificaci\u00f3n, procurando siempre como \u00fanico objetivo el crecimiento de nuestros municipios y la mejora de la calidad de vida de los ciudadanos\u201d.<\/p>\n<p>Actualmente, el GAC Oriental est\u00e1 finalizando la ejecuci\u00f3n de los \u00faltimos proyectos dentro del actual periodo del Fondo Europeo Mar\u00edtimo y de Pesca (FEMP) e inmerso en el proceso de elaboraci\u00f3n de la Estrategia de Desarrollo Local de la comarca para el nuevo periodo del Fondo Europeo Mar\u00edtimo de Pesca y Acuicultura (FEMPA), que, una vez aprobada, dar\u00e1 paso a la firma del Convenio de colaboraci\u00f3n con la Consejer\u00eda de Pesca para la ejecuci\u00f3n del programa desde 2024 hasta 2029.<\/p>\n<p>Hay que recordar que el GAC Oriental es una entidad colaboradora de la Consejer\u00eda para la gesti\u00f3n de los fondos de desarrollo local de las zonas de pesca en el \u00e1mbito de los diferentes fondos europeos mar\u00edtimos y pesqueros.<\/p>\n<p>En el nuevo periodo del FEMPA, la comunidad aut\u00f3noma dispondr\u00e1 de 4,5 millones de euros para el desarrollo sostenible de las zonas pesqueras. Desde el GAC Oriental se conf\u00eda mantener el estatus hist\u00f3rico del 70% de esa cantidad en la comarca, al ser el \u00e1rea de pesca por excelencia de Cantabria, tanto a nivel extractivo como transformador, adem\u00e1s de la m\u00e1s poblada, con una alta demanda de proyectos dentro y fuera del sector, lo que promueve la diversificaci\u00f3n y el desarrollo de la Econom\u00eda Azul.<\/p>\n","protected":false},"excerpt":{"rendered":"<p>El Grupo de Acci\u00f3n Costera (GAC) Oriental de Cantabria ha elegido al alcalde de Colindres, Javier Incera, como nuevo presidente, siendo la primera vez desde la creaci\u00f3n del GAC en la que ocupar\u00e1 el cargo alguien que no es regidor de la villa de Santo\u00f1a. Con ello ha finalizado el proceso de renovaci\u00f3n de los [&hellip;]<\/p>\n","protected":false},"author":1,"featured_media":17372,"comment_status":"open","ping_status":"closed","template":"","meta":{"_et_pb_use_builder":"","_et_pb_old_content":"","_et_gb_content_width":"","footnotes":""},"project_category":[6],"project_tag":[],"class_list":["post-17370","project","type-project","status-publish","has-post-thumbnail","hentry","project_category-noticias"],"yoast_head":"<!-- This site is optimized with the Yoast SEO plugin v24.9 - https:\/\/yoast.com\/wordpress\/plugins\/seo\/ -->\n<title>EL GAC ORIENTAL DE CANTABRIA ELIGE PRESIDENTE A JAVIER INCERA, ALCALDE DE COLINDRES - Ayuntamiento de Colindres<\/title>\n<meta name=\"robots\" content=\"index, follow, max-snippet:-1, max-image-preview:large, max-video-preview:-1\" \/>\n<link rel=\"canonical\" href=\"https:\/\/www.colindres.es\/index.php\/project\/el-gac-oriental-de-cantabria-elige-presidente-a-javier-incera-alcalde-de-colindres\/\" \/>\n<meta property=\"og:locale\" content=\"es_ES\" \/>\n<meta property=\"og:type\" content=\"article\" \/>\n<meta property=\"og:title\" content=\"EL GAC ORIENTAL DE CANTABRIA ELIGE PRESIDENTE A JAVIER INCERA, ALCALDE DE COLINDRES - Ayuntamiento de Colindres\" \/>\n<meta property=\"og:description\" content=\"El Grupo de Acci\u00f3n Costera (GAC) Oriental de Cantabria ha elegido al alcalde de Colindres, Javier Incera, como nuevo presidente, siendo la primera vez desde la creaci\u00f3n del GAC en la que ocupar\u00e1 el cargo alguien que no es regidor de la villa de Santo\u00f1a. Con ello ha finalizado el proceso de renovaci\u00f3n de los [&hellip;]\" \/>\n<meta property=\"og:url\" content=\"https:\/\/www.colindres.es\/index.php\/project\/el-gac-oriental-de-cantabria-elige-presidente-a-javier-incera-alcalde-de-colindres\/\" \/>\n<meta property=\"og:site_name\" content=\"Ayuntamiento de Colindres\" \/>\n<meta property=\"og:image\" content=\"https:\/\/www.colindres.es\/wp-content\/uploads\/2023\/10\/Junta-Directiva-GAC-scaled.jpg\" \/>\n\t<meta property=\"og:image:width\" content=\"2560\" \/>\n\t<meta property=\"og:image:height\" content=\"1707\" \/>\n\t<meta property=\"og:image:type\" content=\"image\/jpeg\" \/>\n<meta name=\"twitter:card\" content=\"summary_large_image\" \/>\n<meta name=\"twitter:label1\" content=\"Tiempo de lectura\" \/>\n\t<meta name=\"twitter:data1\" content=\"3 minutos\" \/>\n<script type=\"application\/ld+json\" class=\"yoast-schema-graph\">{\"@context\":\"https:\/\/schema.org\",\"@graph\":[{\"@type\":\"WebPage\",\"@id\":\"https:\/\/www.colindres.es\/index.php\/project\/el-gac-oriental-de-cantabria-elige-presidente-a-javier-incera-alcalde-de-colindres\/\",\"url\":\"https:\/\/www.colindres.es\/index.php\/project\/el-gac-oriental-de-cantabria-elige-presidente-a-javier-incera-alcalde-de-colindres\/\",\"name\":\"EL GAC ORIENTAL DE CANTABRIA ELIGE PRESIDENTE A JAVIER INCERA, ALCALDE DE COLINDRES - Ayuntamiento de Colindres\",\"isPartOf\":{\"@id\":\"https:\/\/www.colindres.es\/#website\"},\"primaryImageOfPage\":{\"@id\":\"https:\/\/www.colindres.es\/index.php\/project\/el-gac-oriental-de-cantabria-elige-presidente-a-javier-incera-alcalde-de-colindres\/#primaryimage\"},\"image\":{\"@id\":\"https:\/\/www.colindres.es\/index.php\/project\/el-gac-oriental-de-cantabria-elige-presidente-a-javier-incera-alcalde-de-colindres\/#primaryimage\"},\"thumbnailUrl\":\"https:\/\/www.colindres.es\/wp-content\/uploads\/2023\/10\/Junta-Directiva-GAC-scaled.jpg\",\"datePublished\":\"2023-10-25T04:48:49+00:00\",\"breadcrumb\":{\"@id\":\"https:\/\/www.colindres.es\/index.php\/project\/el-gac-oriental-de-cantabria-elige-presidente-a-javier-incera-alcalde-de-colindres\/#breadcrumb\"},\"inLanguage\":\"es\",\"potentialAction\":[{\"@type\":\"ReadAction\",\"target\":[\"https:\/\/www.colindres.es\/index.php\/project\/el-gac-oriental-de-cantabria-elige-presidente-a-javier-incera-alcalde-de-colindres\/\"]}]},{\"@type\":\"ImageObject\",\"inLanguage\":\"es\",\"@id\":\"https:\/\/www.colindres.es\/index.php\/project\/el-gac-oriental-de-cantabria-elige-presidente-a-javier-incera-alcalde-de-colindres\/#primaryimage\",\"url\":\"https:\/\/www.colindres.es\/wp-content\/uploads\/2023\/10\/Junta-Directiva-GAC-scaled.jpg\",\"contentUrl\":\"https:\/\/www.colindres.es\/wp-content\/uploads\/2023\/10\/Junta-Directiva-GAC-scaled.jpg\",\"width\":2560,\"height\":1707},{\"@type\":\"BreadcrumbList\",\"@id\":\"https:\/\/www.colindres.es\/index.php\/project\/el-gac-oriental-de-cantabria-elige-presidente-a-javier-incera-alcalde-de-colindres\/#breadcrumb\",\"itemListElement\":[{\"@type\":\"ListItem\",\"position\":1,\"name\":\"Portada\",\"item\":\"https:\/\/www.colindres.es\/\"},{\"@type\":\"ListItem\",\"position\":2,\"name\":\"Proyectos\",\"item\":\"https:\/\/www.colindres.es\/index.php\/project\/\"},{\"@type\":\"ListItem\",\"position\":3,\"name\":\"EL GAC ORIENTAL DE CANTABRIA ELIGE PRESIDENTE A JAVIER INCERA, ALCALDE DE COLINDRES\"}]},{\"@type\":\"WebSite\",\"@id\":\"https:\/\/www.colindres.es\/#website\",\"url\":\"https:\/\/www.colindres.es\/\",\"name\":\"Ayuntamiento de Colindres\",\"description\":\"Dise\u00f1ado por NTIC&#039;s\",\"publisher\":{\"@id\":\"https:\/\/www.colindres.es\/#organization\"},\"potentialAction\":[{\"@type\":\"SearchAction\",\"target\":{\"@type\":\"EntryPoint\",\"urlTemplate\":\"https:\/\/www.colindres.es\/?s={search_term_string}\"},\"query-input\":{\"@type\":\"PropertyValueSpecification\",\"valueRequired\":true,\"valueName\":\"search_term_string\"}}],\"inLanguage\":\"es\"},{\"@type\":\"Organization\",\"@id\":\"https:\/\/www.colindres.es\/#organization\",\"name\":\"AYUNTAMIENTO DE COLINDRES\",\"url\":\"https:\/\/www.colindres.es\/\",\"logo\":{\"@type\":\"ImageObject\",\"inLanguage\":\"es\",\"@id\":\"https:\/\/www.colindres.es\/#\/schema\/logo\/image\/\",\"url\":\"https:\/\/www.colindres.es\/wp-content\/uploads\/2017\/01\/LOGO-PRINCIPAL.jpg\",\"contentUrl\":\"https:\/\/www.colindres.es\/wp-content\/uploads\/2017\/01\/LOGO-PRINCIPAL.jpg\",\"width\":1209,\"height\":579,\"caption\":\"AYUNTAMIENTO DE COLINDRES\"},\"image\":{\"@id\":\"https:\/\/www.colindres.es\/#\/schema\/logo\/image\/\"}}]}<\/script>\n<!-- \/ Yoast SEO plugin. -->","yoast_head_json":{"title":"EL GAC ORIENTAL DE CANTABRIA ELIGE PRESIDENTE A JAVIER INCERA, ALCALDE DE COLINDRES - Ayuntamiento de Colindres","robots":{"index":"index","follow":"follow","max-snippet":"max-snippet:-1","max-image-preview":"max-image-preview:large","max-video-preview":"max-video-preview:-1"},"canonical":"https:\/\/www.colindres.es\/index.php\/project\/el-gac-oriental-de-cantabria-elige-presidente-a-javier-incera-alcalde-de-colindres\/","og_locale":"es_ES","og_type":"article","og_title":"EL GAC ORIENTAL DE CANTABRIA ELIGE PRESIDENTE A JAVIER INCERA, ALCALDE DE COLINDRES - Ayuntamiento de Colindres","og_description":"El Grupo de Acci\u00f3n Costera (GAC) Oriental de Cantabria ha elegido al alcalde de Colindres, Javier Incera, como nuevo presidente, siendo la primera vez desde la creaci\u00f3n del GAC en la que ocupar\u00e1 el cargo alguien que no es regidor de la villa de Santo\u00f1a. Con ello ha finalizado el proceso de renovaci\u00f3n de los [&hellip;]","og_url":"https:\/\/www.colindres.es\/index.php\/project\/el-gac-oriental-de-cantabria-elige-presidente-a-javier-incera-alcalde-de-colindres\/","og_site_name":"Ayuntamiento de Colindres","og_image":[{"width":2560,"height":1707,"url":"https:\/\/www.colindres.es\/wp-content\/uploads\/2023\/10\/Junta-Directiva-GAC-scaled.jpg","type":"image\/jpeg"}],"twitter_card":"summary_large_image","twitter_misc":{"Tiempo de lectura":"3 minutos"},"schema":{"@context":"https:\/\/schema.org","@graph":[{"@type":"WebPage","@id":"https:\/\/www.colindres.es\/index.php\/project\/el-gac-oriental-de-cantabria-elige-presidente-a-javier-incera-alcalde-de-colindres\/","url":"https:\/\/www.colindres.es\/index.php\/project\/el-gac-oriental-de-cantabria-elige-presidente-a-javier-incera-alcalde-de-colindres\/","name":"EL GAC ORIENTAL DE CANTABRIA ELIGE PRESIDENTE A JAVIER INCERA, ALCALDE DE COLINDRES - Ayuntamiento de Colindres","isPartOf":{"@id":"https:\/\/www.colindres.es\/#website"},"primaryImageOfPage":{"@id":"https:\/\/www.colindres.es\/index.php\/project\/el-gac-oriental-de-cantabria-elige-presidente-a-javier-incera-alcalde-de-colindres\/#primaryimage"},"image":{"@id":"https:\/\/www.colindres.es\/index.php\/project\/el-gac-oriental-de-cantabria-elige-presidente-a-javier-incera-alcalde-de-colindres\/#primaryimage"},"thumbnailUrl":"https:\/\/www.colindres.es\/wp-content\/uploads\/2023\/10\/Junta-Directiva-GAC-scaled.jpg","datePublished":"2023-10-25T04:48:49+00:00","breadcrumb":{"@id":"https:\/\/www.colindres.es\/index.php\/project\/el-gac-oriental-de-cantabria-elige-presidente-a-javier-incera-alcalde-de-colindres\/#breadcrumb"},"inLanguage":"es","potentialAction":[{"@type":"ReadAction","target":["https:\/\/www.colindres.es\/index.php\/project\/el-gac-oriental-de-cantabria-elige-presidente-a-javier-incera-alcalde-de-colindres\/"]}]},{"@type":"ImageObject","inLanguage":"es","@id":"https:\/\/www.colindres.es\/index.php\/project\/el-gac-oriental-de-cantabria-elige-presidente-a-javier-incera-alcalde-de-colindres\/#primaryimage","url":"https:\/\/www.colindres.es\/wp-content\/uploads\/2023\/10\/Junta-Directiva-GAC-scaled.jpg","contentUrl":"https:\/\/www.colindres.es\/wp-content\/uploads\/2023\/10\/Junta-Directiva-GAC-scaled.jpg","width":2560,"height":1707},{"@type":"BreadcrumbList","@id":"https:\/\/www.colindres.es\/index.php\/project\/el-gac-oriental-de-cantabria-elige-presidente-a-javier-incera-alcalde-de-colindres\/#breadcrumb","itemListElement":[{"@type":"ListItem","position":1,"name":"Portada","item":"https:\/\/www.colindres.es\/"},{"@type":"ListItem","position":2,"name":"Proyectos","item":"https:\/\/www.colindres.es\/index.php\/project\/"},{"@type":"ListItem","position":3,"name":"EL GAC ORIENTAL DE CANTABRIA ELIGE PRESIDENTE A JAVIER INCERA, ALCALDE DE COLINDRES"}]},{"@type":"WebSite","@id":"https:\/\/www.colindres.es\/#website","url":"https:\/\/www.colindres.es\/","name":"Ayuntamiento de Colindres","description":"Dise\u00f1ado por NTIC&#039;s","publisher":{"@id":"https:\/\/www.colindres.es\/#organization"},"potentialAction":[{"@type":"SearchAction","target":{"@type":"EntryPoint","urlTemplate":"https:\/\/www.colindres.es\/?s={search_term_string}"},"query-input":{"@type":"PropertyValueSpecification","valueRequired":true,"valueName":"search_term_string"}}],"inLanguage":"es"},{"@type":"Organization","@id":"https:\/\/www.colindres.es\/#organization","name":"AYUNTAMIENTO DE COLINDRES","url":"https:\/\/www.colindres.es\/","logo":{"@type":"ImageObject","inLanguage":"es","@id":"https:\/\/www.colindres.es\/#\/schema\/logo\/image\/","url":"https:\/\/www.colindres.es\/wp-content\/uploads\/2017\/01\/LOGO-PRINCIPAL.jpg","contentUrl":"https:\/\/www.colindres.es\/wp-content\/uploads\/2017\/01\/LOGO-PRINCIPAL.jpg","width":1209,"height":579,"caption":"AYUNTAMIENTO DE COLINDRES"},"image":{"@id":"https:\/\/www.colindres.es\/#\/schema\/logo\/image\/"}}]}},"_links":{"self":[{"href":"https:\/\/www.colindres.es\/index.php\/wp-json\/wp\/v2\/project\/17370","targetHints":{"allow":["GET"]}}],"collection":[{"href":"https:\/\/www.colindres.es\/index.php\/wp-json\/wp\/v2\/project"}],"about":[{"href":"https:\/\/www.colindres.es\/index.php\/wp-json\/wp\/v2\/types\/project"}],"author":[{"embeddable":true,"href":"https:\/\/www.colindres.es\/index.php\/wp-json\/wp\/v2\/users\/1"}],"replies":[{"embeddable":true,"href":"https:\/\/www.colindres.es\/index.php\/wp-json\/wp\/v2\/comments?post=17370"}],"version-history":[{"count":1,"href":"https:\/\/www.colindres.es\/index.php\/wp-json\/wp\/v2\/project\/17370\/revisions"}],"predecessor-version":[{"id":17373,"href":"https:\/\/www.colindres.es\/index.php\/wp-json\/wp\/v2\/project\/17370\/revisions\/17373"}],"wp:featuredmedia":[{"embeddable":true,"href":"https:\/\/www.colindres.es\/index.php\/wp-json\/wp\/v2\/media\/17372"}],"wp:attachment":[{"href":"https:\/\/www.colindres.es\/index.php\/wp-json\/wp\/v2\/media?parent=17370"}],"wp:term":[{"taxonomy":"project_category","embeddable":true,"href":"https:\/\/www.colindres.es\/index.php\/wp-json\/wp\/v2\/project_category?post=17370"},{"taxonomy":"project_tag","embeddable":true,"href":"https:\/\/www.colindres.es\/index.php\/wp-json\/wp\/v2\/project_tag?post=17370"}],"curies":[{"name":"wp","href":"https:\/\/api.w.org\/{rel}","templated":true}]}}