{"id":17345,"date":"2023-09-30T09:30:04","date_gmt":"2023-09-30T07:30:04","guid":{"rendered":"https:\/\/www.colindres.es\/?post_type=project&#038;p=17345"},"modified":"2023-09-30T09:30:04","modified_gmt":"2023-09-30T07:30:04","slug":"colindres-celebra-san-miguel-patron-de-la-policia-local","status":"publish","type":"project","link":"https:\/\/www.colindres.es\/index.php\/project\/colindres-celebra-san-miguel-patron-de-la-policia-local\/","title":{"rendered":"COLINDRES CELEBRA SAN MIGUEL, PATR\u00d3N DE LA POLIC\u00cdA LOCAL"},"content":{"rendered":"<p><em>El consistorio entreg\u00f3 varias medallas y distinciones al m\u00e9rito policial y al m\u00e9rito en el trabajo<\/em><\/p>\n<p>El Ayuntamiento de Colindres ha llevado a cabo el acto de celebraci\u00f3n del d\u00eda de San Miguel, Patr\u00f3n de la Polic\u00eda. Una jornada en la que, como cada a\u00f1o, se han concedido diferentes distinciones a varios miembros de las diferentes Fuerzas y Cuerpos de Seguridad y de la comunidad.<\/p>\n<p>Las medallas al M\u00e9rito Policial han reca\u00eddo en los agentes Jos\u00e9 Lu\u00eds Zancada Echevarr\u00eda y \u00c1lvaro Pinilla. Ambos participaron y colaboraron en la desarticulaci\u00f3n de una red criminal dedicada a la comisi\u00f3n de delitos contra el patrimonio y ya hab\u00edan recibido una felicitaci\u00f3n de la Jefatura de la Guardia Civil por esta actuaci\u00f3n.<\/p>\n<p>El alcalde, Javier Incera, agradec\u00eda a los agentes su entrega y profesionalidad y reiteraba, en su intervenci\u00f3n, su compromiso y su lealtad al cuerpo de Polic\u00eda Local del Ayuntamiento de Colindres, as\u00ed como \u201csu gratitud a todos ellos, por el trabajo que juntos hacemos, en pro de la seguridad y la convivencia en nuestro municipio\u201d.<\/p>\n<p>A los agentes Jos\u00e9 Lu\u00eds Zancada Echevarr\u00eda y Ramiro Solana Arnaiz, se les entreg\u00f3 la Cruz al M\u00e9rito Policial por haber cumplido su segundo ciclo de diez a\u00f1os de servicio ininterrumpido.<\/p>\n<p>Tambi\u00e9n se ha concedido Felicitaci\u00f3n por M\u00e9rito al Trabajo al Polic\u00eda Nacional, Daniel Caballero Concepci\u00f3n y Medalla de la Polic\u00eda Local a los Guardias Civiles: Mar\u00eda Gonz\u00e1lez Fonfr\u00eda, Jaime Palacio Sierra y Jonathan Presa Iglesias. \u201cEste reconocimiento es fruto de la colaboraci\u00f3n plena entre la Polic\u00eda Local de Colindres y el resto de Cuerpos y Fuerzas de Seguridad del Estado\u201d, explicaba Incera.<\/p>\n<p>Durante el acto se realiz\u00f3 tambi\u00e9n una Felicitaci\u00f3n P\u00fablica a Cristina Ezquerra Rodr\u00edquez y Susana Rodr\u00edguez Rodr\u00edguez. Ambas vecinas intervinieron de manera voluntaria en la extinci\u00f3n de un incendio que se hab\u00eda provocado en un balc\u00f3n de una vivienda del municipio.<\/p>\n<p>Por otra parte, se felicit\u00f3 p\u00fablicamente a la Mesa T\u00e9cnica de Protecci\u00f3n a la Infancia y a la Adolescencia, por el trabajo realizado para la protecci\u00f3n y el bienestar de los ni\u00f1os, ni\u00f1as y adolescentes del municipio.<\/p>\n<p>El concejal de seguridad ciudadana, Javier Mart\u00edn, fue el encargado de conducir el acto, agradeciendo a todos los presentes la asistencia y celebr\u00f3 \u201cla unidad y la efectividad del Cuerpo de Polic\u00eda Local de Colindres\u201d.<\/p>\n<p>En la celebraci\u00f3n estuvieron presentes tambi\u00e9n el portavoz del Equipo de Gobierno, Adri\u00e1n Seti\u00e9n, la portavoz del PRC Aurora Cuero; el portavoz del PP, C\u00e9sar Peral, otros miembros de la corporaci\u00f3n; as\u00ed como el Presidente de la Cofrad\u00eda de Pescadores, Sergio Valle, los directores de los centros educativos, la trabajadora social el Centro de Salud y el p\u00e1rroco.<\/p>\n","protected":false},"excerpt":{"rendered":"<p>El consistorio entreg\u00f3 varias medallas y distinciones al m\u00e9rito policial y al m\u00e9rito en el trabajo El Ayuntamiento de Colindres ha llevado a cabo el acto de celebraci\u00f3n del d\u00eda de San Miguel, Patr\u00f3n de la Polic\u00eda. Una jornada en la que, como cada a\u00f1o, se han concedido diferentes distinciones a varios miembros de las [&hellip;]<\/p>\n","protected":false},"author":1,"featured_media":17346,"comment_status":"open","ping_status":"closed","template":"","meta":{"_et_pb_use_builder":"","_et_pb_old_content":"","_et_gb_content_width":"","footnotes":""},"project_category":[6],"project_tag":[],"class_list":["post-17345","project","type-project","status-publish","has-post-thumbnail","hentry","project_category-noticias"],"yoast_head":"<!-- This site is optimized with the Yoast SEO plugin v24.9 - https:\/\/yoast.com\/wordpress\/plugins\/seo\/ -->\n<title>COLINDRES CELEBRA SAN MIGUEL, PATR\u00d3N DE LA POLIC\u00cdA LOCAL - Ayuntamiento de Colindres<\/title>\n<meta name=\"robots\" content=\"index, follow, max-snippet:-1, max-image-preview:large, max-video-preview:-1\" \/>\n<link rel=\"canonical\" href=\"https:\/\/www.colindres.es\/index.php\/project\/colindres-celebra-san-miguel-patron-de-la-policia-local\/\" \/>\n<meta property=\"og:locale\" content=\"es_ES\" \/>\n<meta property=\"og:type\" content=\"article\" \/>\n<meta property=\"og:title\" content=\"COLINDRES CELEBRA SAN MIGUEL, PATR\u00d3N DE LA POLIC\u00cdA LOCAL - Ayuntamiento de Colindres\" \/>\n<meta property=\"og:description\" content=\"El consistorio entreg\u00f3 varias medallas y distinciones al m\u00e9rito policial y al m\u00e9rito en el trabajo El Ayuntamiento de Colindres ha llevado a cabo el acto de celebraci\u00f3n del d\u00eda de San Miguel, Patr\u00f3n de la Polic\u00eda. Una jornada en la que, como cada a\u00f1o, se han concedido diferentes distinciones a varios miembros de las [&hellip;]\" \/>\n<meta property=\"og:url\" content=\"https:\/\/www.colindres.es\/index.php\/project\/colindres-celebra-san-miguel-patron-de-la-policia-local\/\" \/>\n<meta property=\"og:site_name\" content=\"Ayuntamiento de Colindres\" \/>\n<meta property=\"og:image\" content=\"https:\/\/www.colindres.es\/wp-content\/uploads\/2023\/09\/image0.jpeg\" \/>\n\t<meta property=\"og:image:width\" content=\"1024\" \/>\n\t<meta property=\"og:image:height\" content=\"744\" \/>\n\t<meta property=\"og:image:type\" content=\"image\/jpeg\" \/>\n<meta name=\"twitter:card\" content=\"summary_large_image\" \/>\n<meta name=\"twitter:label1\" content=\"Tiempo de lectura\" \/>\n\t<meta name=\"twitter:data1\" content=\"2 minutos\" \/>\n<script type=\"application\/ld+json\" class=\"yoast-schema-graph\">{\"@context\":\"https:\/\/schema.org\",\"@graph\":[{\"@type\":\"WebPage\",\"@id\":\"https:\/\/www.colindres.es\/index.php\/project\/colindres-celebra-san-miguel-patron-de-la-policia-local\/\",\"url\":\"https:\/\/www.colindres.es\/index.php\/project\/colindres-celebra-san-miguel-patron-de-la-policia-local\/\",\"name\":\"COLINDRES CELEBRA SAN MIGUEL, PATR\u00d3N DE LA POLIC\u00cdA LOCAL - Ayuntamiento de Colindres\",\"isPartOf\":{\"@id\":\"https:\/\/www.colindres.es\/#website\"},\"primaryImageOfPage\":{\"@id\":\"https:\/\/www.colindres.es\/index.php\/project\/colindres-celebra-san-miguel-patron-de-la-policia-local\/#primaryimage\"},\"image\":{\"@id\":\"https:\/\/www.colindres.es\/index.php\/project\/colindres-celebra-san-miguel-patron-de-la-policia-local\/#primaryimage\"},\"thumbnailUrl\":\"https:\/\/www.colindres.es\/wp-content\/uploads\/2023\/09\/image0.jpeg\",\"datePublished\":\"2023-09-30T07:30:04+00:00\",\"breadcrumb\":{\"@id\":\"https:\/\/www.colindres.es\/index.php\/project\/colindres-celebra-san-miguel-patron-de-la-policia-local\/#breadcrumb\"},\"inLanguage\":\"es\",\"potentialAction\":[{\"@type\":\"ReadAction\",\"target\":[\"https:\/\/www.colindres.es\/index.php\/project\/colindres-celebra-san-miguel-patron-de-la-policia-local\/\"]}]},{\"@type\":\"ImageObject\",\"inLanguage\":\"es\",\"@id\":\"https:\/\/www.colindres.es\/index.php\/project\/colindres-celebra-san-miguel-patron-de-la-policia-local\/#primaryimage\",\"url\":\"https:\/\/www.colindres.es\/wp-content\/uploads\/2023\/09\/image0.jpeg\",\"contentUrl\":\"https:\/\/www.colindres.es\/wp-content\/uploads\/2023\/09\/image0.jpeg\",\"width\":1024,\"height\":744},{\"@type\":\"BreadcrumbList\",\"@id\":\"https:\/\/www.colindres.es\/index.php\/project\/colindres-celebra-san-miguel-patron-de-la-policia-local\/#breadcrumb\",\"itemListElement\":[{\"@type\":\"ListItem\",\"position\":1,\"name\":\"Portada\",\"item\":\"https:\/\/www.colindres.es\/\"},{\"@type\":\"ListItem\",\"position\":2,\"name\":\"Proyectos\",\"item\":\"https:\/\/www.colindres.es\/index.php\/project\/\"},{\"@type\":\"ListItem\",\"position\":3,\"name\":\"COLINDRES CELEBRA SAN MIGUEL, PATR\u00d3N DE LA POLIC\u00cdA LOCAL\"}]},{\"@type\":\"WebSite\",\"@id\":\"https:\/\/www.colindres.es\/#website\",\"url\":\"https:\/\/www.colindres.es\/\",\"name\":\"Ayuntamiento de Colindres\",\"description\":\"Dise\u00f1ado por NTIC&#039;s\",\"publisher\":{\"@id\":\"https:\/\/www.colindres.es\/#organization\"},\"potentialAction\":[{\"@type\":\"SearchAction\",\"target\":{\"@type\":\"EntryPoint\",\"urlTemplate\":\"https:\/\/www.colindres.es\/?s={search_term_string}\"},\"query-input\":{\"@type\":\"PropertyValueSpecification\",\"valueRequired\":true,\"valueName\":\"search_term_string\"}}],\"inLanguage\":\"es\"},{\"@type\":\"Organization\",\"@id\":\"https:\/\/www.colindres.es\/#organization\",\"name\":\"AYUNTAMIENTO DE COLINDRES\",\"url\":\"https:\/\/www.colindres.es\/\",\"logo\":{\"@type\":\"ImageObject\",\"inLanguage\":\"es\",\"@id\":\"https:\/\/www.colindres.es\/#\/schema\/logo\/image\/\",\"url\":\"https:\/\/www.colindres.es\/wp-content\/uploads\/2017\/01\/LOGO-PRINCIPAL.jpg\",\"contentUrl\":\"https:\/\/www.colindres.es\/wp-content\/uploads\/2017\/01\/LOGO-PRINCIPAL.jpg\",\"width\":1209,\"height\":579,\"caption\":\"AYUNTAMIENTO DE COLINDRES\"},\"image\":{\"@id\":\"https:\/\/www.colindres.es\/#\/schema\/logo\/image\/\"}}]}<\/script>\n<!-- \/ Yoast SEO plugin. -->","yoast_head_json":{"title":"COLINDRES CELEBRA SAN MIGUEL, PATR\u00d3N DE LA POLIC\u00cdA LOCAL - Ayuntamiento de Colindres","robots":{"index":"index","follow":"follow","max-snippet":"max-snippet:-1","max-image-preview":"max-image-preview:large","max-video-preview":"max-video-preview:-1"},"canonical":"https:\/\/www.colindres.es\/index.php\/project\/colindres-celebra-san-miguel-patron-de-la-policia-local\/","og_locale":"es_ES","og_type":"article","og_title":"COLINDRES CELEBRA SAN MIGUEL, PATR\u00d3N DE LA POLIC\u00cdA LOCAL - Ayuntamiento de Colindres","og_description":"El consistorio entreg\u00f3 varias medallas y distinciones al m\u00e9rito policial y al m\u00e9rito en el trabajo El Ayuntamiento de Colindres ha llevado a cabo el acto de celebraci\u00f3n del d\u00eda de San Miguel, Patr\u00f3n de la Polic\u00eda. Una jornada en la que, como cada a\u00f1o, se han concedido diferentes distinciones a varios miembros de las [&hellip;]","og_url":"https:\/\/www.colindres.es\/index.php\/project\/colindres-celebra-san-miguel-patron-de-la-policia-local\/","og_site_name":"Ayuntamiento de Colindres","og_image":[{"width":1024,"height":744,"url":"https:\/\/www.colindres.es\/wp-content\/uploads\/2023\/09\/image0.jpeg","type":"image\/jpeg"}],"twitter_card":"summary_large_image","twitter_misc":{"Tiempo de lectura":"2 minutos"},"schema":{"@context":"https:\/\/schema.org","@graph":[{"@type":"WebPage","@id":"https:\/\/www.colindres.es\/index.php\/project\/colindres-celebra-san-miguel-patron-de-la-policia-local\/","url":"https:\/\/www.colindres.es\/index.php\/project\/colindres-celebra-san-miguel-patron-de-la-policia-local\/","name":"COLINDRES CELEBRA SAN MIGUEL, PATR\u00d3N DE LA POLIC\u00cdA LOCAL - Ayuntamiento de Colindres","isPartOf":{"@id":"https:\/\/www.colindres.es\/#website"},"primaryImageOfPage":{"@id":"https:\/\/www.colindres.es\/index.php\/project\/colindres-celebra-san-miguel-patron-de-la-policia-local\/#primaryimage"},"image":{"@id":"https:\/\/www.colindres.es\/index.php\/project\/colindres-celebra-san-miguel-patron-de-la-policia-local\/#primaryimage"},"thumbnailUrl":"https:\/\/www.colindres.es\/wp-content\/uploads\/2023\/09\/image0.jpeg","datePublished":"2023-09-30T07:30:04+00:00","breadcrumb":{"@id":"https:\/\/www.colindres.es\/index.php\/project\/colindres-celebra-san-miguel-patron-de-la-policia-local\/#breadcrumb"},"inLanguage":"es","potentialAction":[{"@type":"ReadAction","target":["https:\/\/www.colindres.es\/index.php\/project\/colindres-celebra-san-miguel-patron-de-la-policia-local\/"]}]},{"@type":"ImageObject","inLanguage":"es","@id":"https:\/\/www.colindres.es\/index.php\/project\/colindres-celebra-san-miguel-patron-de-la-policia-local\/#primaryimage","url":"https:\/\/www.colindres.es\/wp-content\/uploads\/2023\/09\/image0.jpeg","contentUrl":"https:\/\/www.colindres.es\/wp-content\/uploads\/2023\/09\/image0.jpeg","width":1024,"height":744},{"@type":"BreadcrumbList","@id":"https:\/\/www.colindres.es\/index.php\/project\/colindres-celebra-san-miguel-patron-de-la-policia-local\/#breadcrumb","itemListElement":[{"@type":"ListItem","position":1,"name":"Portada","item":"https:\/\/www.colindres.es\/"},{"@type":"ListItem","position":2,"name":"Proyectos","item":"https:\/\/www.colindres.es\/index.php\/project\/"},{"@type":"ListItem","position":3,"name":"COLINDRES CELEBRA SAN MIGUEL, PATR\u00d3N DE LA POLIC\u00cdA LOCAL"}]},{"@type":"WebSite","@id":"https:\/\/www.colindres.es\/#website","url":"https:\/\/www.colindres.es\/","name":"Ayuntamiento de Colindres","description":"Dise\u00f1ado por NTIC&#039;s","publisher":{"@id":"https:\/\/www.colindres.es\/#organization"},"potentialAction":[{"@type":"SearchAction","target":{"@type":"EntryPoint","urlTemplate":"https:\/\/www.colindres.es\/?s={search_term_string}"},"query-input":{"@type":"PropertyValueSpecification","valueRequired":true,"valueName":"search_term_string"}}],"inLanguage":"es"},{"@type":"Organization","@id":"https:\/\/www.colindres.es\/#organization","name":"AYUNTAMIENTO DE COLINDRES","url":"https:\/\/www.colindres.es\/","logo":{"@type":"ImageObject","inLanguage":"es","@id":"https:\/\/www.colindres.es\/#\/schema\/logo\/image\/","url":"https:\/\/www.colindres.es\/wp-content\/uploads\/2017\/01\/LOGO-PRINCIPAL.jpg","contentUrl":"https:\/\/www.colindres.es\/wp-content\/uploads\/2017\/01\/LOGO-PRINCIPAL.jpg","width":1209,"height":579,"caption":"AYUNTAMIENTO DE COLINDRES"},"image":{"@id":"https:\/\/www.colindres.es\/#\/schema\/logo\/image\/"}}]}},"_links":{"self":[{"href":"https:\/\/www.colindres.es\/index.php\/wp-json\/wp\/v2\/project\/17345","targetHints":{"allow":["GET"]}}],"collection":[{"href":"https:\/\/www.colindres.es\/index.php\/wp-json\/wp\/v2\/project"}],"about":[{"href":"https:\/\/www.colindres.es\/index.php\/wp-json\/wp\/v2\/types\/project"}],"author":[{"embeddable":true,"href":"https:\/\/www.colindres.es\/index.php\/wp-json\/wp\/v2\/users\/1"}],"replies":[{"embeddable":true,"href":"https:\/\/www.colindres.es\/index.php\/wp-json\/wp\/v2\/comments?post=17345"}],"version-history":[{"count":1,"href":"https:\/\/www.colindres.es\/index.php\/wp-json\/wp\/v2\/project\/17345\/revisions"}],"predecessor-version":[{"id":17347,"href":"https:\/\/www.colindres.es\/index.php\/wp-json\/wp\/v2\/project\/17345\/revisions\/17347"}],"wp:featuredmedia":[{"embeddable":true,"href":"https:\/\/www.colindres.es\/index.php\/wp-json\/wp\/v2\/media\/17346"}],"wp:attachment":[{"href":"https:\/\/www.colindres.es\/index.php\/wp-json\/wp\/v2\/media?parent=17345"}],"wp:term":[{"taxonomy":"project_category","embeddable":true,"href":"https:\/\/www.colindres.es\/index.php\/wp-json\/wp\/v2\/project_category?post=17345"},{"taxonomy":"project_tag","embeddable":true,"href":"https:\/\/www.colindres.es\/index.php\/wp-json\/wp\/v2\/project_tag?post=17345"}],"curies":[{"name":"wp","href":"https:\/\/api.w.org\/{rel}","templated":true}]}}