{"id":1734,"date":"2018-08-07T11:04:17","date_gmt":"2018-08-07T11:04:17","guid":{"rendered":"http:\/\/colindres.es\/?post_type=project&#038;p=1734"},"modified":"2018-08-07T11:04:17","modified_gmt":"2018-08-07T11:04:17","slug":"colindres-estrena-un-nuevo-parque-biosaludable-en-la-avenida-de-los-astilleros","status":"publish","type":"project","link":"https:\/\/www.colindres.es\/index.php\/project\/colindres-estrena-un-nuevo-parque-biosaludable-en-la-avenida-de-los-astilleros\/","title":{"rendered":"Colindres estrena un nuevo parque biosaludable en la Avenida de los Astilleros"},"content":{"rendered":"<p><strong>El Ayuntamiento ha invertido 8.000 euros en acondicionar una finca municipal que se encontraba degradada<\/strong><\/p>\n<p><em>Colindres, 07 de Agosto.-<\/em> El Ayuntamiento de Colindres, a trav\u00e9s de la Concejal\u00eda de Bienestar Social, ha puesto en servicio en la Avenida de los Astilleros un nuevo parque biosaludable, una infraestructura pensada para las personas adultas que permite desarrollar las capacidades motrices b\u00e1sicas mediante diversos ejercicios de fuerza, coordinaci\u00f3n y resistencia.<\/p>\n<p>El alcalde, Javier Incera, y la concejala de Deportes, Saray Villal\u00f3n, han supervisado el estado de los trabajos, que han supuesto una inversi\u00f3n de 8.000 euros y que adem\u00e1s de la instalaci\u00f3n de los diferentes aparatos, incluye el pintado de un mural a cargo del artista c\u00e1ntabro Steve Camino.<\/p>\n<p>Seg\u00fan ha detallado Incera, el nuevo parque biosaludable se encuentra a la altura de la conocida popularmente como Plaza El Sol y est\u00e1 ubicado \u201cen un espacio municipal que antes estaba degradado y sin uso, y que el Ayuntamiento ha recuperado para el disfrute de los vecinos\u201d.<\/p>\n<p>\u201cEstamos muy satisfechos con esta actuaci\u00f3n porque adem\u00e1s de poner a disposici\u00f3n de todos los colindreses un espacio donde poder hacer ejercicio al aire libre, hemos transformado una zona degradada en nuevo punto de encuentro vecinal\u201d, ha destacado el regidor en un comunicado.<\/p>\n<p>Este sentido, Incera ha recordado la \u201cimportante renovaci\u00f3n\u201d llevada a cabo en la Avenida de los Astilleros y la Plaza El Sol, ya que esta actuaci\u00f3n se suma a las obras ejecutadas anteriormente en este mismo entorno, donde se han renovado las aceras, reordenado las plazas de aparcamientos, sustituido las farolas existentes y ejecutado trabajos de saneamiento y canalizaci\u00f3n de cableado del alumbrado p\u00fablico.<\/p>\n<p>Por su parte, Villal\u00f3n ha indicado que la nueva instalaci\u00f3n deportiva consta de un circuito con juegos tipo bicicleta, esqu\u00ed, el\u00edptica, balanza, giro de cintura, patines y tim\u00f3n, y es apta para todos los p\u00fablicos.<\/p>\n<p>La edil de Deportes tambi\u00e9n ha recordado que el de la Avenida de los Astilleros es el segundo parque biosaludable del municipio, ya que el Consistorio ha habilitado otro en el Parque El Riego, ambos abiertos durante la presente legislatura.<\/p>\n<p>Con estos parques promovidos por la Concejal\u00eda de Bienestar Social, el Ayuntamiento pretende fomentar h\u00e1bitos de vida saludables entre la ciudadan\u00eda, favoreciendo el acceso y las posibilidades de practicar actividades deportivas y de ocio.<\/p>\n<p><img loading=\"lazy\" decoding=\"async\" class=\"alignnone size-medium wp-image-1735\" src=\"http:\/\/colindres.es\/wp-content\/uploads\/2018\/08\/Parque-Biosaludable-Avda-Astilleros-2-300x225.jpg\" alt=\"\" width=\"300\" height=\"225\" srcset=\"https:\/\/www.colindres.es\/wp-content\/uploads\/2018\/08\/Parque-Biosaludable-Avda-Astilleros-2-300x225.jpg 300w, https:\/\/www.colindres.es\/wp-content\/uploads\/2018\/08\/Parque-Biosaludable-Avda-Astilleros-2-768x576.jpg 768w, https:\/\/www.colindres.es\/wp-content\/uploads\/2018\/08\/Parque-Biosaludable-Avda-Astilleros-2-1024x768.jpg 1024w, https:\/\/www.colindres.es\/wp-content\/uploads\/2018\/08\/Parque-Biosaludable-Avda-Astilleros-2-510x382.jpg 510w, https:\/\/www.colindres.es\/wp-content\/uploads\/2018\/08\/Parque-Biosaludable-Avda-Astilleros-2-1080x810.jpg 1080w, https:\/\/www.colindres.es\/wp-content\/uploads\/2018\/08\/Parque-Biosaludable-Avda-Astilleros-2.jpg 1280w\" sizes=\"(max-width: 300px) 100vw, 300px\" \/><\/p>\n<p>&nbsp;<\/p>\n","protected":false},"excerpt":{"rendered":"<p>El Ayuntamiento ha invertido 8.000 euros en acondicionar una finca municipal que se encontraba degradada Colindres, 07 de Agosto.- El Ayuntamiento de Colindres, a trav\u00e9s de la Concejal\u00eda de Bienestar Social, ha puesto en servicio en la Avenida de los Astilleros un nuevo parque biosaludable, una infraestructura pensada para las personas adultas que permite desarrollar [&hellip;]<\/p>\n","protected":false},"author":1,"featured_media":1736,"comment_status":"open","ping_status":"closed","template":"","meta":{"_et_pb_use_builder":"","_et_pb_old_content":"","_et_gb_content_width":"","footnotes":""},"project_category":[],"project_tag":[],"class_list":["post-1734","project","type-project","status-publish","has-post-thumbnail","hentry"],"yoast_head":"<!-- This site is optimized with the Yoast SEO plugin v24.9 - https:\/\/yoast.com\/wordpress\/plugins\/seo\/ -->\n<title>Colindres estrena un nuevo parque biosaludable en la Avenida de los Astilleros - Ayuntamiento de Colindres<\/title>\n<meta name=\"robots\" content=\"index, follow, max-snippet:-1, max-image-preview:large, max-video-preview:-1\" \/>\n<link rel=\"canonical\" href=\"https:\/\/www.colindres.es\/index.php\/project\/colindres-estrena-un-nuevo-parque-biosaludable-en-la-avenida-de-los-astilleros\/\" \/>\n<meta property=\"og:locale\" content=\"es_ES\" \/>\n<meta property=\"og:type\" content=\"article\" \/>\n<meta property=\"og:title\" content=\"Colindres estrena un nuevo parque biosaludable en la Avenida de los Astilleros - Ayuntamiento de Colindres\" \/>\n<meta property=\"og:description\" content=\"El Ayuntamiento ha invertido 8.000 euros en acondicionar una finca municipal que se encontraba degradada Colindres, 07 de Agosto.- El Ayuntamiento de Colindres, a trav\u00e9s de la Concejal\u00eda de Bienestar Social, ha puesto en servicio en la Avenida de los Astilleros un nuevo parque biosaludable, una infraestructura pensada para las personas adultas que permite desarrollar [&hellip;]\" \/>\n<meta property=\"og:url\" content=\"https:\/\/www.colindres.es\/index.php\/project\/colindres-estrena-un-nuevo-parque-biosaludable-en-la-avenida-de-los-astilleros\/\" \/>\n<meta property=\"og:site_name\" content=\"Ayuntamiento de Colindres\" \/>\n<meta property=\"og:image\" content=\"https:\/\/www.colindres.es\/wp-content\/uploads\/2018\/08\/Parque-Biosaludable-Avda-Astilleros.jpg\" \/>\n\t<meta property=\"og:image:width\" content=\"1280\" \/>\n\t<meta property=\"og:image:height\" content=\"960\" \/>\n\t<meta property=\"og:image:type\" content=\"image\/jpeg\" \/>\n<meta name=\"twitter:card\" content=\"summary_large_image\" \/>\n<meta name=\"twitter:label1\" content=\"Tiempo de lectura\" \/>\n\t<meta name=\"twitter:data1\" content=\"2 minutos\" \/>\n<script type=\"application\/ld+json\" class=\"yoast-schema-graph\">{\"@context\":\"https:\/\/schema.org\",\"@graph\":[{\"@type\":\"WebPage\",\"@id\":\"https:\/\/www.colindres.es\/index.php\/project\/colindres-estrena-un-nuevo-parque-biosaludable-en-la-avenida-de-los-astilleros\/\",\"url\":\"https:\/\/www.colindres.es\/index.php\/project\/colindres-estrena-un-nuevo-parque-biosaludable-en-la-avenida-de-los-astilleros\/\",\"name\":\"Colindres estrena un nuevo parque biosaludable en la Avenida de los Astilleros - Ayuntamiento de Colindres\",\"isPartOf\":{\"@id\":\"https:\/\/www.colindres.es\/#website\"},\"primaryImageOfPage\":{\"@id\":\"https:\/\/www.colindres.es\/index.php\/project\/colindres-estrena-un-nuevo-parque-biosaludable-en-la-avenida-de-los-astilleros\/#primaryimage\"},\"image\":{\"@id\":\"https:\/\/www.colindres.es\/index.php\/project\/colindres-estrena-un-nuevo-parque-biosaludable-en-la-avenida-de-los-astilleros\/#primaryimage\"},\"thumbnailUrl\":\"https:\/\/www.colindres.es\/wp-content\/uploads\/2018\/08\/Parque-Biosaludable-Avda-Astilleros.jpg\",\"datePublished\":\"2018-08-07T11:04:17+00:00\",\"breadcrumb\":{\"@id\":\"https:\/\/www.colindres.es\/index.php\/project\/colindres-estrena-un-nuevo-parque-biosaludable-en-la-avenida-de-los-astilleros\/#breadcrumb\"},\"inLanguage\":\"es\",\"potentialAction\":[{\"@type\":\"ReadAction\",\"target\":[\"https:\/\/www.colindres.es\/index.php\/project\/colindres-estrena-un-nuevo-parque-biosaludable-en-la-avenida-de-los-astilleros\/\"]}]},{\"@type\":\"ImageObject\",\"inLanguage\":\"es\",\"@id\":\"https:\/\/www.colindres.es\/index.php\/project\/colindres-estrena-un-nuevo-parque-biosaludable-en-la-avenida-de-los-astilleros\/#primaryimage\",\"url\":\"https:\/\/www.colindres.es\/wp-content\/uploads\/2018\/08\/Parque-Biosaludable-Avda-Astilleros.jpg\",\"contentUrl\":\"https:\/\/www.colindres.es\/wp-content\/uploads\/2018\/08\/Parque-Biosaludable-Avda-Astilleros.jpg\",\"width\":1280,\"height\":960},{\"@type\":\"BreadcrumbList\",\"@id\":\"https:\/\/www.colindres.es\/index.php\/project\/colindres-estrena-un-nuevo-parque-biosaludable-en-la-avenida-de-los-astilleros\/#breadcrumb\",\"itemListElement\":[{\"@type\":\"ListItem\",\"position\":1,\"name\":\"Portada\",\"item\":\"https:\/\/www.colindres.es\/\"},{\"@type\":\"ListItem\",\"position\":2,\"name\":\"Proyectos\",\"item\":\"https:\/\/www.colindres.es\/index.php\/project\/\"},{\"@type\":\"ListItem\",\"position\":3,\"name\":\"Colindres estrena un nuevo parque biosaludable en la Avenida de los Astilleros\"}]},{\"@type\":\"WebSite\",\"@id\":\"https:\/\/www.colindres.es\/#website\",\"url\":\"https:\/\/www.colindres.es\/\",\"name\":\"Ayuntamiento de Colindres\",\"description\":\"Dise\u00f1ado por NTIC&#039;s\",\"publisher\":{\"@id\":\"https:\/\/www.colindres.es\/#organization\"},\"potentialAction\":[{\"@type\":\"SearchAction\",\"target\":{\"@type\":\"EntryPoint\",\"urlTemplate\":\"https:\/\/www.colindres.es\/?s={search_term_string}\"},\"query-input\":{\"@type\":\"PropertyValueSpecification\",\"valueRequired\":true,\"valueName\":\"search_term_string\"}}],\"inLanguage\":\"es\"},{\"@type\":\"Organization\",\"@id\":\"https:\/\/www.colindres.es\/#organization\",\"name\":\"AYUNTAMIENTO DE COLINDRES\",\"url\":\"https:\/\/www.colindres.es\/\",\"logo\":{\"@type\":\"ImageObject\",\"inLanguage\":\"es\",\"@id\":\"https:\/\/www.colindres.es\/#\/schema\/logo\/image\/\",\"url\":\"https:\/\/www.colindres.es\/wp-content\/uploads\/2017\/01\/LOGO-PRINCIPAL.jpg\",\"contentUrl\":\"https:\/\/www.colindres.es\/wp-content\/uploads\/2017\/01\/LOGO-PRINCIPAL.jpg\",\"width\":1209,\"height\":579,\"caption\":\"AYUNTAMIENTO DE COLINDRES\"},\"image\":{\"@id\":\"https:\/\/www.colindres.es\/#\/schema\/logo\/image\/\"}}]}<\/script>\n<!-- \/ Yoast SEO plugin. -->","yoast_head_json":{"title":"Colindres estrena un nuevo parque biosaludable en la Avenida de los Astilleros - Ayuntamiento de Colindres","robots":{"index":"index","follow":"follow","max-snippet":"max-snippet:-1","max-image-preview":"max-image-preview:large","max-video-preview":"max-video-preview:-1"},"canonical":"https:\/\/www.colindres.es\/index.php\/project\/colindres-estrena-un-nuevo-parque-biosaludable-en-la-avenida-de-los-astilleros\/","og_locale":"es_ES","og_type":"article","og_title":"Colindres estrena un nuevo parque biosaludable en la Avenida de los Astilleros - Ayuntamiento de Colindres","og_description":"El Ayuntamiento ha invertido 8.000 euros en acondicionar una finca municipal que se encontraba degradada Colindres, 07 de Agosto.- El Ayuntamiento de Colindres, a trav\u00e9s de la Concejal\u00eda de Bienestar Social, ha puesto en servicio en la Avenida de los Astilleros un nuevo parque biosaludable, una infraestructura pensada para las personas adultas que permite desarrollar [&hellip;]","og_url":"https:\/\/www.colindres.es\/index.php\/project\/colindres-estrena-un-nuevo-parque-biosaludable-en-la-avenida-de-los-astilleros\/","og_site_name":"Ayuntamiento de Colindres","og_image":[{"width":1280,"height":960,"url":"https:\/\/www.colindres.es\/wp-content\/uploads\/2018\/08\/Parque-Biosaludable-Avda-Astilleros.jpg","type":"image\/jpeg"}],"twitter_card":"summary_large_image","twitter_misc":{"Tiempo de lectura":"2 minutos"},"schema":{"@context":"https:\/\/schema.org","@graph":[{"@type":"WebPage","@id":"https:\/\/www.colindres.es\/index.php\/project\/colindres-estrena-un-nuevo-parque-biosaludable-en-la-avenida-de-los-astilleros\/","url":"https:\/\/www.colindres.es\/index.php\/project\/colindres-estrena-un-nuevo-parque-biosaludable-en-la-avenida-de-los-astilleros\/","name":"Colindres estrena un nuevo parque biosaludable en la Avenida de los Astilleros - Ayuntamiento de Colindres","isPartOf":{"@id":"https:\/\/www.colindres.es\/#website"},"primaryImageOfPage":{"@id":"https:\/\/www.colindres.es\/index.php\/project\/colindres-estrena-un-nuevo-parque-biosaludable-en-la-avenida-de-los-astilleros\/#primaryimage"},"image":{"@id":"https:\/\/www.colindres.es\/index.php\/project\/colindres-estrena-un-nuevo-parque-biosaludable-en-la-avenida-de-los-astilleros\/#primaryimage"},"thumbnailUrl":"https:\/\/www.colindres.es\/wp-content\/uploads\/2018\/08\/Parque-Biosaludable-Avda-Astilleros.jpg","datePublished":"2018-08-07T11:04:17+00:00","breadcrumb":{"@id":"https:\/\/www.colindres.es\/index.php\/project\/colindres-estrena-un-nuevo-parque-biosaludable-en-la-avenida-de-los-astilleros\/#breadcrumb"},"inLanguage":"es","potentialAction":[{"@type":"ReadAction","target":["https:\/\/www.colindres.es\/index.php\/project\/colindres-estrena-un-nuevo-parque-biosaludable-en-la-avenida-de-los-astilleros\/"]}]},{"@type":"ImageObject","inLanguage":"es","@id":"https:\/\/www.colindres.es\/index.php\/project\/colindres-estrena-un-nuevo-parque-biosaludable-en-la-avenida-de-los-astilleros\/#primaryimage","url":"https:\/\/www.colindres.es\/wp-content\/uploads\/2018\/08\/Parque-Biosaludable-Avda-Astilleros.jpg","contentUrl":"https:\/\/www.colindres.es\/wp-content\/uploads\/2018\/08\/Parque-Biosaludable-Avda-Astilleros.jpg","width":1280,"height":960},{"@type":"BreadcrumbList","@id":"https:\/\/www.colindres.es\/index.php\/project\/colindres-estrena-un-nuevo-parque-biosaludable-en-la-avenida-de-los-astilleros\/#breadcrumb","itemListElement":[{"@type":"ListItem","position":1,"name":"Portada","item":"https:\/\/www.colindres.es\/"},{"@type":"ListItem","position":2,"name":"Proyectos","item":"https:\/\/www.colindres.es\/index.php\/project\/"},{"@type":"ListItem","position":3,"name":"Colindres estrena un nuevo parque biosaludable en la Avenida de los Astilleros"}]},{"@type":"WebSite","@id":"https:\/\/www.colindres.es\/#website","url":"https:\/\/www.colindres.es\/","name":"Ayuntamiento de Colindres","description":"Dise\u00f1ado por NTIC&#039;s","publisher":{"@id":"https:\/\/www.colindres.es\/#organization"},"potentialAction":[{"@type":"SearchAction","target":{"@type":"EntryPoint","urlTemplate":"https:\/\/www.colindres.es\/?s={search_term_string}"},"query-input":{"@type":"PropertyValueSpecification","valueRequired":true,"valueName":"search_term_string"}}],"inLanguage":"es"},{"@type":"Organization","@id":"https:\/\/www.colindres.es\/#organization","name":"AYUNTAMIENTO DE COLINDRES","url":"https:\/\/www.colindres.es\/","logo":{"@type":"ImageObject","inLanguage":"es","@id":"https:\/\/www.colindres.es\/#\/schema\/logo\/image\/","url":"https:\/\/www.colindres.es\/wp-content\/uploads\/2017\/01\/LOGO-PRINCIPAL.jpg","contentUrl":"https:\/\/www.colindres.es\/wp-content\/uploads\/2017\/01\/LOGO-PRINCIPAL.jpg","width":1209,"height":579,"caption":"AYUNTAMIENTO DE COLINDRES"},"image":{"@id":"https:\/\/www.colindres.es\/#\/schema\/logo\/image\/"}}]}},"_links":{"self":[{"href":"https:\/\/www.colindres.es\/index.php\/wp-json\/wp\/v2\/project\/1734","targetHints":{"allow":["GET"]}}],"collection":[{"href":"https:\/\/www.colindres.es\/index.php\/wp-json\/wp\/v2\/project"}],"about":[{"href":"https:\/\/www.colindres.es\/index.php\/wp-json\/wp\/v2\/types\/project"}],"author":[{"embeddable":true,"href":"https:\/\/www.colindres.es\/index.php\/wp-json\/wp\/v2\/users\/1"}],"replies":[{"embeddable":true,"href":"https:\/\/www.colindres.es\/index.php\/wp-json\/wp\/v2\/comments?post=1734"}],"version-history":[{"count":1,"href":"https:\/\/www.colindres.es\/index.php\/wp-json\/wp\/v2\/project\/1734\/revisions"}],"predecessor-version":[{"id":1737,"href":"https:\/\/www.colindres.es\/index.php\/wp-json\/wp\/v2\/project\/1734\/revisions\/1737"}],"wp:featuredmedia":[{"embeddable":true,"href":"https:\/\/www.colindres.es\/index.php\/wp-json\/wp\/v2\/media\/1736"}],"wp:attachment":[{"href":"https:\/\/www.colindres.es\/index.php\/wp-json\/wp\/v2\/media?parent=1734"}],"wp:term":[{"taxonomy":"project_category","embeddable":true,"href":"https:\/\/www.colindres.es\/index.php\/wp-json\/wp\/v2\/project_category?post=1734"},{"taxonomy":"project_tag","embeddable":true,"href":"https:\/\/www.colindres.es\/index.php\/wp-json\/wp\/v2\/project_tag?post=1734"}],"curies":[{"name":"wp","href":"https:\/\/api.w.org\/{rel}","templated":true}]}}