{"id":1724,"date":"2018-08-06T18:30:58","date_gmt":"2018-08-06T18:30:58","guid":{"rendered":"http:\/\/colindres.es\/?post_type=project&#038;p=1724"},"modified":"2018-08-06T18:30:58","modified_gmt":"2018-08-06T18:30:58","slug":"la-piscina-cubierta-de-colindres-supera-los-9-500-usuarios-y-4-500-socios-en-su-primer-ano","status":"publish","type":"project","link":"https:\/\/www.colindres.es\/index.php\/project\/la-piscina-cubierta-de-colindres-supera-los-9-500-usuarios-y-4-500-socios-en-su-primer-ano\/","title":{"rendered":"La piscina cubierta de Colindres supera los 9.500 usuarios y 4.500 socios en su primer a\u00f1o"},"content":{"rendered":"<p><strong>El balance de participaci\u00f3n supera \u201ctodas las expectativas\u201d previstas por el Ayuntamiento, al igual que la gesti\u00f3n econ\u00f3mica<\/strong><\/p>\n<p><em>Colindres, 02 de Agosto.-<\/em> Las instalaciones de la piscina cubierta de Colindres, que abrieron sus puertas a finales de enero del a\u00f1o pasado, han superado en su primer a\u00f1o de funcionamiento los 9.500 usuarios, de los cuales m\u00e1s de la mitad han adquirido el carn\u00e9 de socio.<\/p>\n<p>El alcalde, Javier Incera, ha destacado que en el primer a\u00f1o se han superado \u201ctodas las expectativas previstas\u201d, consiguiendo unos resultados \u201cmuy positivos\u201d que adem\u00e1s \u201cvan en aumento\u201d.<\/p>\n<p>\u201cLas cifras nos muestran que nuestros vecinos hacen uso de estas instalaciones y que est\u00e1n satisfechos con el servicio que se ofrece. Y no solo eso, tambi\u00e9n se ha demostrado que la piscina cubierta funciona como elemento tractor y refuerza a Colindres como municipio de referencia en la Comarca del As\u00f3n, con lo que ello supone para la econom\u00eda local\u201d, ha incidido el alcalde.<\/p>\n<p>En cuanto al aspecto econ\u00f3mico, Incera ha se\u00f1alado que \u201cdesde el equipo de Gobierno fuimos muy prudentes consignando en los presupuestos unos ingresos de 275.000 euros, que luego casi se han doblado, superando los 500.000 euros\u201d.<\/p>\n<p>Por ello, a tenor de los datos registrados, \u201cel balance de gesti\u00f3n es muy satisfactorio para el Ayuntamiento de Colindres, tanto en la participaci\u00f3n como en la gesti\u00f3n econ\u00f3mica\u201d, seg\u00fan ha indicado el alcalde a trav\u00e9s de un comunicado.<\/p>\n<p><strong>Los datos<\/strong><\/p>\n<p>Respecto al uso, en el primer a\u00f1o de funcionamiento \u2013entre febrero de 2017 y febrero de este a\u00f1o- m\u00e1s de 9.500 usuarios han utilizado los diferentes servicios que ofrecen estas instalaciones municipales.<\/p>\n<p>As\u00ed, 4.767 personas se han hecho socias, la mayor parte de ellas -79%- con derecho a acceso a la piscina y al gimnasio. El 76% de ellos son vecinos de Colindres, mientras que el 24% restante proceden de localidades colindantes como Limpias, Guriezo, Voto, Liendo, Ramales, Ampuero o Rasines, con los que el Ayuntamiento tiene convenio.<\/p>\n<p>Igualmente, se han vendido 217 abonos que permiten la entrada para 15 ba\u00f1os. Adem\u00e1s, se han contabilizado 4.624 inscripciones en los distintos cursos que se llevan a cabo dentro del complejo deportivo. Los m\u00e1s demandados son los cursos de nataci\u00f3n, que a lo largo del primer a\u00f1o han sumado 3.271 inscripciones, seguido de las actividades de sala (zumba, pilates, gimnasia de mantenimiento y cardiobox) con 893 inscripciones y las actividades acu\u00e1ticas (aquafitnes y matronataci\u00f3n) con 460.<\/p>\n<p>\u201cDesde el equipo de Gobierno hemos cumplido ampliamente el objetivo marcado tras m\u00e1s de un a\u00f1o de intenso trabajo y siempre atendiendo a la petici\u00f3n de nuestros vecinos\u201d, ha destacado Incera, quien tambi\u00e9n ha tenido palabras de agradecimiento para el personal laboral por el trabajo que est\u00e1n desarrollando.<\/p>\n<p>\u201cSabemos que a\u00fan hay cosas por ajustar y por limar, pero estamos muy contentos por el primer a\u00f1o de gesti\u00f3n\u201d, ha afirmado el regidor municipal.<\/p>\n<p><strong>Labores de mantenimiento y puesta en marcha de los jacuzzi<\/strong><\/p>\n<p>Estos datos han sido presentados a los grupos de la oposici\u00f3n por la concejala de Deportes, Saray Villal\u00f3n, en la Comisi\u00f3n que se ha celebrado coincidiendo con el cierre de la piscina durante este mes de agosto para llevar a cabo labores de mantenimiento y obras de mejora que no afectar\u00e1n al gimnasio, el cual contin\u00faa abierto.<\/p>\n<p>Seg\u00fan ha explicado la edil, en este tiempo el Ayuntamiento va a proceder a la puesta en marcha de los espacios de jacuzzi y a realizar obras en los vestuarios femeninos para evitar algunos atascos que se est\u00e1n produciendo en las duchas y para acondicionar el vestuario adaptado a personas con movilidad reducida. Tambi\u00e9n se va a llevar a cabo una modificaci\u00f3n en las puertas de entrada para mejorar la accesibilidad, instalando puertas correderas, y cambiar el sistema de utilizaci\u00f3n de las taquillas, as\u00ed como una mejora de se\u00f1alizaci\u00f3n de todos los accesos para personas con discapacidad visual.<\/p>\n<p>\u201cLos colindreses y la comarca oriental en su conjunto pueden sentirse orgullosos de contar con unas de las mejores instalaciones de toda Cantabria\u201d, ha recalcado Incera.<\/p>\n<p>El complejo deportivo cuenta con dos piscinas, una grande de 25 metros y ocho calles, y una m\u00e1s peque\u00f1a destinada a cursos de iniciaci\u00f3n a la nataci\u00f3n. Tiene tambi\u00e9n una sala polivalente de actividades para clases de pilates, cardiobox o zumba y un grader\u00edo con 200 plazas.<\/p>\n","protected":false},"excerpt":{"rendered":"<p>El balance de participaci\u00f3n supera \u201ctodas las expectativas\u201d previstas por el Ayuntamiento, al igual que la gesti\u00f3n econ\u00f3mica Colindres, 02 de Agosto.- Las instalaciones de la piscina cubierta de Colindres, que abrieron sus puertas a finales de enero del a\u00f1o pasado, han superado en su primer a\u00f1o de funcionamiento los 9.500 usuarios, de los cuales [&hellip;]<\/p>\n","protected":false},"author":1,"featured_media":1725,"comment_status":"open","ping_status":"closed","template":"","meta":{"_et_pb_use_builder":"","_et_pb_old_content":"","_et_gb_content_width":"","footnotes":""},"project_category":[],"project_tag":[],"class_list":["post-1724","project","type-project","status-publish","has-post-thumbnail","hentry"],"yoast_head":"<!-- This site is optimized with the Yoast SEO plugin v24.9 - https:\/\/yoast.com\/wordpress\/plugins\/seo\/ -->\n<title>La piscina cubierta de Colindres supera los 9.500 usuarios y 4.500 socios en su primer a\u00f1o - Ayuntamiento de Colindres<\/title>\n<meta name=\"robots\" content=\"index, follow, max-snippet:-1, max-image-preview:large, max-video-preview:-1\" \/>\n<link rel=\"canonical\" href=\"https:\/\/www.colindres.es\/index.php\/project\/la-piscina-cubierta-de-colindres-supera-los-9-500-usuarios-y-4-500-socios-en-su-primer-ano\/\" \/>\n<meta property=\"og:locale\" content=\"es_ES\" \/>\n<meta property=\"og:type\" content=\"article\" \/>\n<meta property=\"og:title\" content=\"La piscina cubierta de Colindres supera los 9.500 usuarios y 4.500 socios en su primer a\u00f1o - Ayuntamiento de Colindres\" \/>\n<meta property=\"og:description\" content=\"El balance de participaci\u00f3n supera \u201ctodas las expectativas\u201d previstas por el Ayuntamiento, al igual que la gesti\u00f3n econ\u00f3mica Colindres, 02 de Agosto.- Las instalaciones de la piscina cubierta de Colindres, que abrieron sus puertas a finales de enero del a\u00f1o pasado, han superado en su primer a\u00f1o de funcionamiento los 9.500 usuarios, de los cuales [&hellip;]\" \/>\n<meta property=\"og:url\" content=\"https:\/\/www.colindres.es\/index.php\/project\/la-piscina-cubierta-de-colindres-supera-los-9-500-usuarios-y-4-500-socios-en-su-primer-ano\/\" \/>\n<meta property=\"og:site_name\" content=\"Ayuntamiento de Colindres\" \/>\n<meta property=\"og:image\" content=\"https:\/\/www.colindres.es\/wp-content\/uploads\/2018\/08\/Piscina-Municipal.jpg\" \/>\n\t<meta property=\"og:image:width\" content=\"1724\" \/>\n\t<meta property=\"og:image:height\" content=\"808\" \/>\n\t<meta property=\"og:image:type\" content=\"image\/jpeg\" \/>\n<meta name=\"twitter:card\" content=\"summary_large_image\" \/>\n<meta name=\"twitter:label1\" content=\"Tiempo de lectura\" \/>\n\t<meta name=\"twitter:data1\" content=\"4 minutos\" \/>\n<script type=\"application\/ld+json\" class=\"yoast-schema-graph\">{\"@context\":\"https:\/\/schema.org\",\"@graph\":[{\"@type\":\"WebPage\",\"@id\":\"https:\/\/www.colindres.es\/index.php\/project\/la-piscina-cubierta-de-colindres-supera-los-9-500-usuarios-y-4-500-socios-en-su-primer-ano\/\",\"url\":\"https:\/\/www.colindres.es\/index.php\/project\/la-piscina-cubierta-de-colindres-supera-los-9-500-usuarios-y-4-500-socios-en-su-primer-ano\/\",\"name\":\"La piscina cubierta de Colindres supera los 9.500 usuarios y 4.500 socios en su primer a\u00f1o - Ayuntamiento de Colindres\",\"isPartOf\":{\"@id\":\"https:\/\/www.colindres.es\/#website\"},\"primaryImageOfPage\":{\"@id\":\"https:\/\/www.colindres.es\/index.php\/project\/la-piscina-cubierta-de-colindres-supera-los-9-500-usuarios-y-4-500-socios-en-su-primer-ano\/#primaryimage\"},\"image\":{\"@id\":\"https:\/\/www.colindres.es\/index.php\/project\/la-piscina-cubierta-de-colindres-supera-los-9-500-usuarios-y-4-500-socios-en-su-primer-ano\/#primaryimage\"},\"thumbnailUrl\":\"https:\/\/www.colindres.es\/wp-content\/uploads\/2018\/08\/Piscina-Municipal.jpg\",\"datePublished\":\"2018-08-06T18:30:58+00:00\",\"breadcrumb\":{\"@id\":\"https:\/\/www.colindres.es\/index.php\/project\/la-piscina-cubierta-de-colindres-supera-los-9-500-usuarios-y-4-500-socios-en-su-primer-ano\/#breadcrumb\"},\"inLanguage\":\"es\",\"potentialAction\":[{\"@type\":\"ReadAction\",\"target\":[\"https:\/\/www.colindres.es\/index.php\/project\/la-piscina-cubierta-de-colindres-supera-los-9-500-usuarios-y-4-500-socios-en-su-primer-ano\/\"]}]},{\"@type\":\"ImageObject\",\"inLanguage\":\"es\",\"@id\":\"https:\/\/www.colindres.es\/index.php\/project\/la-piscina-cubierta-de-colindres-supera-los-9-500-usuarios-y-4-500-socios-en-su-primer-ano\/#primaryimage\",\"url\":\"https:\/\/www.colindres.es\/wp-content\/uploads\/2018\/08\/Piscina-Municipal.jpg\",\"contentUrl\":\"https:\/\/www.colindres.es\/wp-content\/uploads\/2018\/08\/Piscina-Municipal.jpg\",\"width\":1724,\"height\":808},{\"@type\":\"BreadcrumbList\",\"@id\":\"https:\/\/www.colindres.es\/index.php\/project\/la-piscina-cubierta-de-colindres-supera-los-9-500-usuarios-y-4-500-socios-en-su-primer-ano\/#breadcrumb\",\"itemListElement\":[{\"@type\":\"ListItem\",\"position\":1,\"name\":\"Portada\",\"item\":\"https:\/\/www.colindres.es\/\"},{\"@type\":\"ListItem\",\"position\":2,\"name\":\"Proyectos\",\"item\":\"https:\/\/www.colindres.es\/index.php\/project\/\"},{\"@type\":\"ListItem\",\"position\":3,\"name\":\"La piscina cubierta de Colindres supera los 9.500 usuarios y 4.500 socios en su primer a\u00f1o\"}]},{\"@type\":\"WebSite\",\"@id\":\"https:\/\/www.colindres.es\/#website\",\"url\":\"https:\/\/www.colindres.es\/\",\"name\":\"Ayuntamiento de Colindres\",\"description\":\"Dise\u00f1ado por NTIC&#039;s\",\"publisher\":{\"@id\":\"https:\/\/www.colindres.es\/#organization\"},\"potentialAction\":[{\"@type\":\"SearchAction\",\"target\":{\"@type\":\"EntryPoint\",\"urlTemplate\":\"https:\/\/www.colindres.es\/?s={search_term_string}\"},\"query-input\":{\"@type\":\"PropertyValueSpecification\",\"valueRequired\":true,\"valueName\":\"search_term_string\"}}],\"inLanguage\":\"es\"},{\"@type\":\"Organization\",\"@id\":\"https:\/\/www.colindres.es\/#organization\",\"name\":\"AYUNTAMIENTO DE COLINDRES\",\"url\":\"https:\/\/www.colindres.es\/\",\"logo\":{\"@type\":\"ImageObject\",\"inLanguage\":\"es\",\"@id\":\"https:\/\/www.colindres.es\/#\/schema\/logo\/image\/\",\"url\":\"https:\/\/www.colindres.es\/wp-content\/uploads\/2017\/01\/LOGO-PRINCIPAL.jpg\",\"contentUrl\":\"https:\/\/www.colindres.es\/wp-content\/uploads\/2017\/01\/LOGO-PRINCIPAL.jpg\",\"width\":1209,\"height\":579,\"caption\":\"AYUNTAMIENTO DE COLINDRES\"},\"image\":{\"@id\":\"https:\/\/www.colindres.es\/#\/schema\/logo\/image\/\"}}]}<\/script>\n<!-- \/ Yoast SEO plugin. -->","yoast_head_json":{"title":"La piscina cubierta de Colindres supera los 9.500 usuarios y 4.500 socios en su primer a\u00f1o - Ayuntamiento de Colindres","robots":{"index":"index","follow":"follow","max-snippet":"max-snippet:-1","max-image-preview":"max-image-preview:large","max-video-preview":"max-video-preview:-1"},"canonical":"https:\/\/www.colindres.es\/index.php\/project\/la-piscina-cubierta-de-colindres-supera-los-9-500-usuarios-y-4-500-socios-en-su-primer-ano\/","og_locale":"es_ES","og_type":"article","og_title":"La piscina cubierta de Colindres supera los 9.500 usuarios y 4.500 socios en su primer a\u00f1o - Ayuntamiento de Colindres","og_description":"El balance de participaci\u00f3n supera \u201ctodas las expectativas\u201d previstas por el Ayuntamiento, al igual que la gesti\u00f3n econ\u00f3mica Colindres, 02 de Agosto.- Las instalaciones de la piscina cubierta de Colindres, que abrieron sus puertas a finales de enero del a\u00f1o pasado, han superado en su primer a\u00f1o de funcionamiento los 9.500 usuarios, de los cuales [&hellip;]","og_url":"https:\/\/www.colindres.es\/index.php\/project\/la-piscina-cubierta-de-colindres-supera-los-9-500-usuarios-y-4-500-socios-en-su-primer-ano\/","og_site_name":"Ayuntamiento de Colindres","og_image":[{"width":1724,"height":808,"url":"https:\/\/www.colindres.es\/wp-content\/uploads\/2018\/08\/Piscina-Municipal.jpg","type":"image\/jpeg"}],"twitter_card":"summary_large_image","twitter_misc":{"Tiempo de lectura":"4 minutos"},"schema":{"@context":"https:\/\/schema.org","@graph":[{"@type":"WebPage","@id":"https:\/\/www.colindres.es\/index.php\/project\/la-piscina-cubierta-de-colindres-supera-los-9-500-usuarios-y-4-500-socios-en-su-primer-ano\/","url":"https:\/\/www.colindres.es\/index.php\/project\/la-piscina-cubierta-de-colindres-supera-los-9-500-usuarios-y-4-500-socios-en-su-primer-ano\/","name":"La piscina cubierta de Colindres supera los 9.500 usuarios y 4.500 socios en su primer a\u00f1o - Ayuntamiento de Colindres","isPartOf":{"@id":"https:\/\/www.colindres.es\/#website"},"primaryImageOfPage":{"@id":"https:\/\/www.colindres.es\/index.php\/project\/la-piscina-cubierta-de-colindres-supera-los-9-500-usuarios-y-4-500-socios-en-su-primer-ano\/#primaryimage"},"image":{"@id":"https:\/\/www.colindres.es\/index.php\/project\/la-piscina-cubierta-de-colindres-supera-los-9-500-usuarios-y-4-500-socios-en-su-primer-ano\/#primaryimage"},"thumbnailUrl":"https:\/\/www.colindres.es\/wp-content\/uploads\/2018\/08\/Piscina-Municipal.jpg","datePublished":"2018-08-06T18:30:58+00:00","breadcrumb":{"@id":"https:\/\/www.colindres.es\/index.php\/project\/la-piscina-cubierta-de-colindres-supera-los-9-500-usuarios-y-4-500-socios-en-su-primer-ano\/#breadcrumb"},"inLanguage":"es","potentialAction":[{"@type":"ReadAction","target":["https:\/\/www.colindres.es\/index.php\/project\/la-piscina-cubierta-de-colindres-supera-los-9-500-usuarios-y-4-500-socios-en-su-primer-ano\/"]}]},{"@type":"ImageObject","inLanguage":"es","@id":"https:\/\/www.colindres.es\/index.php\/project\/la-piscina-cubierta-de-colindres-supera-los-9-500-usuarios-y-4-500-socios-en-su-primer-ano\/#primaryimage","url":"https:\/\/www.colindres.es\/wp-content\/uploads\/2018\/08\/Piscina-Municipal.jpg","contentUrl":"https:\/\/www.colindres.es\/wp-content\/uploads\/2018\/08\/Piscina-Municipal.jpg","width":1724,"height":808},{"@type":"BreadcrumbList","@id":"https:\/\/www.colindres.es\/index.php\/project\/la-piscina-cubierta-de-colindres-supera-los-9-500-usuarios-y-4-500-socios-en-su-primer-ano\/#breadcrumb","itemListElement":[{"@type":"ListItem","position":1,"name":"Portada","item":"https:\/\/www.colindres.es\/"},{"@type":"ListItem","position":2,"name":"Proyectos","item":"https:\/\/www.colindres.es\/index.php\/project\/"},{"@type":"ListItem","position":3,"name":"La piscina cubierta de Colindres supera los 9.500 usuarios y 4.500 socios en su primer a\u00f1o"}]},{"@type":"WebSite","@id":"https:\/\/www.colindres.es\/#website","url":"https:\/\/www.colindres.es\/","name":"Ayuntamiento de Colindres","description":"Dise\u00f1ado por NTIC&#039;s","publisher":{"@id":"https:\/\/www.colindres.es\/#organization"},"potentialAction":[{"@type":"SearchAction","target":{"@type":"EntryPoint","urlTemplate":"https:\/\/www.colindres.es\/?s={search_term_string}"},"query-input":{"@type":"PropertyValueSpecification","valueRequired":true,"valueName":"search_term_string"}}],"inLanguage":"es"},{"@type":"Organization","@id":"https:\/\/www.colindres.es\/#organization","name":"AYUNTAMIENTO DE COLINDRES","url":"https:\/\/www.colindres.es\/","logo":{"@type":"ImageObject","inLanguage":"es","@id":"https:\/\/www.colindres.es\/#\/schema\/logo\/image\/","url":"https:\/\/www.colindres.es\/wp-content\/uploads\/2017\/01\/LOGO-PRINCIPAL.jpg","contentUrl":"https:\/\/www.colindres.es\/wp-content\/uploads\/2017\/01\/LOGO-PRINCIPAL.jpg","width":1209,"height":579,"caption":"AYUNTAMIENTO DE COLINDRES"},"image":{"@id":"https:\/\/www.colindres.es\/#\/schema\/logo\/image\/"}}]}},"_links":{"self":[{"href":"https:\/\/www.colindres.es\/index.php\/wp-json\/wp\/v2\/project\/1724","targetHints":{"allow":["GET"]}}],"collection":[{"href":"https:\/\/www.colindres.es\/index.php\/wp-json\/wp\/v2\/project"}],"about":[{"href":"https:\/\/www.colindres.es\/index.php\/wp-json\/wp\/v2\/types\/project"}],"author":[{"embeddable":true,"href":"https:\/\/www.colindres.es\/index.php\/wp-json\/wp\/v2\/users\/1"}],"replies":[{"embeddable":true,"href":"https:\/\/www.colindres.es\/index.php\/wp-json\/wp\/v2\/comments?post=1724"}],"version-history":[{"count":1,"href":"https:\/\/www.colindres.es\/index.php\/wp-json\/wp\/v2\/project\/1724\/revisions"}],"predecessor-version":[{"id":1726,"href":"https:\/\/www.colindres.es\/index.php\/wp-json\/wp\/v2\/project\/1724\/revisions\/1726"}],"wp:featuredmedia":[{"embeddable":true,"href":"https:\/\/www.colindres.es\/index.php\/wp-json\/wp\/v2\/media\/1725"}],"wp:attachment":[{"href":"https:\/\/www.colindres.es\/index.php\/wp-json\/wp\/v2\/media?parent=1724"}],"wp:term":[{"taxonomy":"project_category","embeddable":true,"href":"https:\/\/www.colindres.es\/index.php\/wp-json\/wp\/v2\/project_category?post=1724"},{"taxonomy":"project_tag","embeddable":true,"href":"https:\/\/www.colindres.es\/index.php\/wp-json\/wp\/v2\/project_tag?post=1724"}],"curies":[{"name":"wp","href":"https:\/\/api.w.org\/{rel}","templated":true}]}}