{"id":1716,"date":"2018-07-31T11:19:14","date_gmt":"2018-07-31T11:19:14","guid":{"rendered":"http:\/\/colindres.es\/?post_type=project&#038;p=1716"},"modified":"2018-07-31T11:19:14","modified_gmt":"2018-07-31T11:19:14","slug":"colindres-y-la-gran-guerra","status":"publish","type":"project","link":"https:\/\/www.colindres.es\/index.php\/project\/colindres-y-la-gran-guerra\/","title":{"rendered":"Colindres y la Gran Guerra"},"content":{"rendered":"<p>El 11 de noviembre de este a\u00f1o se cumplir\u00e1 el centenario del fin de la Primera Guerra Mundial. Un conflicto de catastr\u00f3ficas consecuencias, a las que Espa\u00f1a no fue ajena pese a mantenerse neutral.<\/p>\n<p>En Colindres, el primer s\u00edntoma de las distorsiones b\u00e9licas lo encontramos a comienzos de 1915, cuando regresaron al municipio varios vecinos emigrados a Par\u00eds, ante la ofensiva alemana. Al mismo tiempo, el Ayuntamiento admit\u00eda la crisis que afectaba a la poblaci\u00f3n obrera, impulsando obras p\u00fablicas para intentar paliarla, como el arreglo de la Alameda del Barrio Nuevo. Una coyuntura cr\u00edtica que se extend\u00eda a Ampuero, Castro, Guriezo, Ramales, Resines\u2026 Multiplic\u00e1ndose los fraudes en art\u00edculos como el pan, la carne, el vino y los alcoholes.<\/p>\n<p>Como consecuencia, a finales de 1915 se estableci\u00f3 una nueva plaza de vigilante en el municipio para posibilitar turnos diurnos y nocturnos, y hacer frente al creciente contrabando de aceites y jab\u00f3n. Un mercado negro que crec\u00eda impulsado por el incremento de precios y el consecuente desabastecimiento.<\/p>\n<p>Iniciado 1916 el Consistorio efectuaba un balance de la situaci\u00f3n, asegurando que \u201cla vida se hace cada d\u00eda m\u00e1s cara debido a la subida tan extraordinaria que han alcanzado las subsistencias, como consecuencia de la guerra mundial y cuyos efectos de tan terrible azote se dejan sentir en nuestra querida patria\u201d. La coyuntura no hizo sino agravarse, alcanzando las carencias al suministro de carb\u00f3n, del que debi\u00f3 hacerse cargo el mismo Ayuntamiento, importando desde Asturias cantidades que, aunque insuficientes, fueron repartidas entre los vecinos. Operaci\u00f3n que hubo de repetir el invierno siguiente, intentando lograr provisiones mensuales.<\/p>\n<p>La agudizaci\u00f3n de los problemas llev\u00f3, en agosto de 1918, a convocar una reuni\u00f3n en Ampuero de todos los municipios de la comarca, en la que acordaron dirigirse al Comisario General de Abastos para lograr env\u00edos de ma\u00edz, trigo y carb\u00f3n. Al mismo tiempo, desde Colindres se gestion\u00f3 un pedido de cinco toneladas de ma\u00edz para afrontar las apremiantes necesidades alimentarias de la poblaci\u00f3n.<\/p>\n<p>La situaci\u00f3n era tal que, aquel mismo mes, se celebr\u00f3 en Santander otra reuni\u00f3n con delegados de todos los pueblos, junto a los representantes en Cortes de la provincia. Su objetivo era buscar paliativos al desabastecimiento, \u201cen vista del pavoroso problema que se presenta para el pr\u00f3ximo invierno debido a la p\u00e9rdida de cosechas en varias comarcas de la provincia\u201d.<\/p>\n<p>Otra consecuencia de la crisis b\u00e9lica fue la suspensi\u00f3n de determinadas festividades, como los Carnavales, interrumpidos durante los cuatro a\u00f1os que se prolong\u00f3 la contienda mundial.<\/p>\n<p>Las circunstancias alcanzaron tintes de tragedia cuando, a finales del verano de 1918, se extendi\u00f3 a Colindres la pandemia de gripe que, por todo el mundo, seg\u00f3 la vida a entre veinte y cuarenta millones de personas; tantas o m\u00e1s como la propia Gran Guerra. Fue conocida como Gripe Espa\u00f1ola, porque aqu\u00ed recibi\u00f3 mayor atenci\u00f3n por parte de la prensa, en tanto su informaci\u00f3n fue censurada en los pa\u00edses en lucha para evitar la desmoralizaci\u00f3n de sus poblaciones.<\/p>\n<p>Ante el peligro, en septiembre de 1918 el Ayuntamiento decidi\u00f3 vigilar a los for\u00e1neos que pernoctaran en el pueblo, en especial a los mendigos. A mediados de mes, y ante los primeros casos (ochenta el d\u00eda 15), proliferaron las quejas por las carencias de leche para atender a los enfermos. En respuesta, el Consistorio se reuni\u00f3 con los que denomin\u00f3 \u201cacaparadores\u201d: Manuel Volais, Manuel Mart\u00ednez y Daniel Carro, quienes exportaban la leche hacia Bilbao, exigi\u00e9ndoles un dep\u00f3sito de treinta litros, almacenados en un fielato. Tambi\u00e9n se comprometi\u00f3 a afrontar los gastos de abastecimiento a pescadores y jornaleros.<\/p>\n<p>La epidemia se expandi\u00f3 con rapidez, de modo que en la segunda quincena de octubre el m\u00e9dico Eduardo Durante se confesaba desbordado por la multiplicaci\u00f3n de afectados, a\u00fan m\u00e1s tras el contagio del farmac\u00e9utico Antonio Cervallos. El d\u00eda 26 se celebr\u00f3 pleno extraordinario con la asistencia de los vocales de la Junta Municipal de Sanidad, el p\u00e1rroco y presidente del Sindicato Agr\u00edcola, Baldomero Toca, y el presidente de la Uni\u00f3n Marinera, Fernando Fern\u00e1ndez. Convocaron una solicitud de donaciones voluntarias para reunir fondos e improvisaron un lazareto para aislar y atender a los enfermos. En noviembre lleg\u00f3 al pueblo, como refuerzo m\u00e9dico, el practicante \u00c1ngel Soler, pero tambi\u00e9n cay\u00f3 enfermo, siendo sustituido por Raimundo Olivares.<\/p>\n<p>La epidemia no remiti\u00f3 hasta la segunda mitad de noviembre, decretando la Junta de Sanidad su finalizaci\u00f3n el d\u00eda 25 y autorizando la apertura de escuelas y templos. M\u00e1s de medio millar de personas se hab\u00edan visto afectadas.<\/p>\n<p><em>Pie de foto: \u201cEl doctor Eduardo Durante dirigi\u00f3 los servicios m\u00e9dicos frente a la epidemia de gripe de 1918\u201d. Fuente: Archivo Carmen Urriola<\/em><\/p>\n<p>Autores: Yolanda Arce y \u00c1ngel Revuelta<\/p>\n<p>&nbsp;<\/p>\n","protected":false},"excerpt":{"rendered":"<p>El 11 de noviembre de este a\u00f1o se cumplir\u00e1 el centenario del fin de la Primera Guerra Mundial. Un conflicto de catastr\u00f3ficas consecuencias, a las que Espa\u00f1a no fue ajena pese a mantenerse neutral. En Colindres, el primer s\u00edntoma de las distorsiones b\u00e9licas lo encontramos a comienzos de 1915, cuando regresaron al municipio varios vecinos [&hellip;]<\/p>\n","protected":false},"author":1,"featured_media":1717,"comment_status":"open","ping_status":"closed","template":"","meta":{"_et_pb_use_builder":"","_et_pb_old_content":"","_et_gb_content_width":"","footnotes":""},"project_category":[],"project_tag":[],"class_list":["post-1716","project","type-project","status-publish","has-post-thumbnail","hentry"],"yoast_head":"<!-- This site is optimized with the Yoast SEO plugin v24.9 - https:\/\/yoast.com\/wordpress\/plugins\/seo\/ -->\n<title>Colindres y la Gran Guerra - Ayuntamiento de Colindres<\/title>\n<meta name=\"robots\" content=\"index, follow, max-snippet:-1, max-image-preview:large, max-video-preview:-1\" \/>\n<link rel=\"canonical\" href=\"https:\/\/www.colindres.es\/index.php\/project\/colindres-y-la-gran-guerra\/\" \/>\n<meta property=\"og:locale\" content=\"es_ES\" \/>\n<meta property=\"og:type\" content=\"article\" \/>\n<meta property=\"og:title\" content=\"Colindres y la Gran Guerra - Ayuntamiento de Colindres\" \/>\n<meta property=\"og:description\" content=\"El 11 de noviembre de este a\u00f1o se cumplir\u00e1 el centenario del fin de la Primera Guerra Mundial. Un conflicto de catastr\u00f3ficas consecuencias, a las que Espa\u00f1a no fue ajena pese a mantenerse neutral. En Colindres, el primer s\u00edntoma de las distorsiones b\u00e9licas lo encontramos a comienzos de 1915, cuando regresaron al municipio varios vecinos [&hellip;]\" \/>\n<meta property=\"og:url\" content=\"https:\/\/www.colindres.es\/index.php\/project\/colindres-y-la-gran-guerra\/\" \/>\n<meta property=\"og:site_name\" content=\"Ayuntamiento de Colindres\" \/>\n<meta property=\"og:image\" content=\"https:\/\/www.colindres.es\/wp-content\/uploads\/2018\/07\/Durante_La-Monta\u00f1a_1917-11-03.jpg\" \/>\n\t<meta property=\"og:image:width\" content=\"545\" \/>\n\t<meta property=\"og:image:height\" content=\"691\" \/>\n\t<meta property=\"og:image:type\" content=\"image\/jpeg\" \/>\n<meta name=\"twitter:card\" content=\"summary_large_image\" \/>\n<meta name=\"twitter:label1\" content=\"Tiempo de lectura\" \/>\n\t<meta name=\"twitter:data1\" content=\"4 minutos\" \/>\n<script type=\"application\/ld+json\" class=\"yoast-schema-graph\">{\"@context\":\"https:\/\/schema.org\",\"@graph\":[{\"@type\":\"WebPage\",\"@id\":\"https:\/\/www.colindres.es\/index.php\/project\/colindres-y-la-gran-guerra\/\",\"url\":\"https:\/\/www.colindres.es\/index.php\/project\/colindres-y-la-gran-guerra\/\",\"name\":\"Colindres y la Gran Guerra - Ayuntamiento de Colindres\",\"isPartOf\":{\"@id\":\"https:\/\/www.colindres.es\/#website\"},\"primaryImageOfPage\":{\"@id\":\"https:\/\/www.colindres.es\/index.php\/project\/colindres-y-la-gran-guerra\/#primaryimage\"},\"image\":{\"@id\":\"https:\/\/www.colindres.es\/index.php\/project\/colindres-y-la-gran-guerra\/#primaryimage\"},\"thumbnailUrl\":\"https:\/\/www.colindres.es\/wp-content\/uploads\/2018\/07\/Durante_La-Monta\u00f1a_1917-11-03.jpg\",\"datePublished\":\"2018-07-31T11:19:14+00:00\",\"breadcrumb\":{\"@id\":\"https:\/\/www.colindres.es\/index.php\/project\/colindres-y-la-gran-guerra\/#breadcrumb\"},\"inLanguage\":\"es\",\"potentialAction\":[{\"@type\":\"ReadAction\",\"target\":[\"https:\/\/www.colindres.es\/index.php\/project\/colindres-y-la-gran-guerra\/\"]}]},{\"@type\":\"ImageObject\",\"inLanguage\":\"es\",\"@id\":\"https:\/\/www.colindres.es\/index.php\/project\/colindres-y-la-gran-guerra\/#primaryimage\",\"url\":\"https:\/\/www.colindres.es\/wp-content\/uploads\/2018\/07\/Durante_La-Monta\u00f1a_1917-11-03.jpg\",\"contentUrl\":\"https:\/\/www.colindres.es\/wp-content\/uploads\/2018\/07\/Durante_La-Monta\u00f1a_1917-11-03.jpg\",\"width\":545,\"height\":691},{\"@type\":\"BreadcrumbList\",\"@id\":\"https:\/\/www.colindres.es\/index.php\/project\/colindres-y-la-gran-guerra\/#breadcrumb\",\"itemListElement\":[{\"@type\":\"ListItem\",\"position\":1,\"name\":\"Portada\",\"item\":\"https:\/\/www.colindres.es\/\"},{\"@type\":\"ListItem\",\"position\":2,\"name\":\"Proyectos\",\"item\":\"https:\/\/www.colindres.es\/index.php\/project\/\"},{\"@type\":\"ListItem\",\"position\":3,\"name\":\"Colindres y la Gran Guerra\"}]},{\"@type\":\"WebSite\",\"@id\":\"https:\/\/www.colindres.es\/#website\",\"url\":\"https:\/\/www.colindres.es\/\",\"name\":\"Ayuntamiento de Colindres\",\"description\":\"Dise\u00f1ado por NTIC&#039;s\",\"publisher\":{\"@id\":\"https:\/\/www.colindres.es\/#organization\"},\"potentialAction\":[{\"@type\":\"SearchAction\",\"target\":{\"@type\":\"EntryPoint\",\"urlTemplate\":\"https:\/\/www.colindres.es\/?s={search_term_string}\"},\"query-input\":{\"@type\":\"PropertyValueSpecification\",\"valueRequired\":true,\"valueName\":\"search_term_string\"}}],\"inLanguage\":\"es\"},{\"@type\":\"Organization\",\"@id\":\"https:\/\/www.colindres.es\/#organization\",\"name\":\"AYUNTAMIENTO DE COLINDRES\",\"url\":\"https:\/\/www.colindres.es\/\",\"logo\":{\"@type\":\"ImageObject\",\"inLanguage\":\"es\",\"@id\":\"https:\/\/www.colindres.es\/#\/schema\/logo\/image\/\",\"url\":\"https:\/\/www.colindres.es\/wp-content\/uploads\/2017\/01\/LOGO-PRINCIPAL.jpg\",\"contentUrl\":\"https:\/\/www.colindres.es\/wp-content\/uploads\/2017\/01\/LOGO-PRINCIPAL.jpg\",\"width\":1209,\"height\":579,\"caption\":\"AYUNTAMIENTO DE COLINDRES\"},\"image\":{\"@id\":\"https:\/\/www.colindres.es\/#\/schema\/logo\/image\/\"}}]}<\/script>\n<!-- \/ Yoast SEO plugin. -->","yoast_head_json":{"title":"Colindres y la Gran Guerra - Ayuntamiento de Colindres","robots":{"index":"index","follow":"follow","max-snippet":"max-snippet:-1","max-image-preview":"max-image-preview:large","max-video-preview":"max-video-preview:-1"},"canonical":"https:\/\/www.colindres.es\/index.php\/project\/colindres-y-la-gran-guerra\/","og_locale":"es_ES","og_type":"article","og_title":"Colindres y la Gran Guerra - Ayuntamiento de Colindres","og_description":"El 11 de noviembre de este a\u00f1o se cumplir\u00e1 el centenario del fin de la Primera Guerra Mundial. Un conflicto de catastr\u00f3ficas consecuencias, a las que Espa\u00f1a no fue ajena pese a mantenerse neutral. En Colindres, el primer s\u00edntoma de las distorsiones b\u00e9licas lo encontramos a comienzos de 1915, cuando regresaron al municipio varios vecinos [&hellip;]","og_url":"https:\/\/www.colindres.es\/index.php\/project\/colindres-y-la-gran-guerra\/","og_site_name":"Ayuntamiento de Colindres","og_image":[{"width":545,"height":691,"url":"https:\/\/www.colindres.es\/wp-content\/uploads\/2018\/07\/Durante_La-Monta\u00f1a_1917-11-03.jpg","type":"image\/jpeg"}],"twitter_card":"summary_large_image","twitter_misc":{"Tiempo de lectura":"4 minutos"},"schema":{"@context":"https:\/\/schema.org","@graph":[{"@type":"WebPage","@id":"https:\/\/www.colindres.es\/index.php\/project\/colindres-y-la-gran-guerra\/","url":"https:\/\/www.colindres.es\/index.php\/project\/colindres-y-la-gran-guerra\/","name":"Colindres y la Gran Guerra - Ayuntamiento de Colindres","isPartOf":{"@id":"https:\/\/www.colindres.es\/#website"},"primaryImageOfPage":{"@id":"https:\/\/www.colindres.es\/index.php\/project\/colindres-y-la-gran-guerra\/#primaryimage"},"image":{"@id":"https:\/\/www.colindres.es\/index.php\/project\/colindres-y-la-gran-guerra\/#primaryimage"},"thumbnailUrl":"https:\/\/www.colindres.es\/wp-content\/uploads\/2018\/07\/Durante_La-Monta\u00f1a_1917-11-03.jpg","datePublished":"2018-07-31T11:19:14+00:00","breadcrumb":{"@id":"https:\/\/www.colindres.es\/index.php\/project\/colindres-y-la-gran-guerra\/#breadcrumb"},"inLanguage":"es","potentialAction":[{"@type":"ReadAction","target":["https:\/\/www.colindres.es\/index.php\/project\/colindres-y-la-gran-guerra\/"]}]},{"@type":"ImageObject","inLanguage":"es","@id":"https:\/\/www.colindres.es\/index.php\/project\/colindres-y-la-gran-guerra\/#primaryimage","url":"https:\/\/www.colindres.es\/wp-content\/uploads\/2018\/07\/Durante_La-Monta\u00f1a_1917-11-03.jpg","contentUrl":"https:\/\/www.colindres.es\/wp-content\/uploads\/2018\/07\/Durante_La-Monta\u00f1a_1917-11-03.jpg","width":545,"height":691},{"@type":"BreadcrumbList","@id":"https:\/\/www.colindres.es\/index.php\/project\/colindres-y-la-gran-guerra\/#breadcrumb","itemListElement":[{"@type":"ListItem","position":1,"name":"Portada","item":"https:\/\/www.colindres.es\/"},{"@type":"ListItem","position":2,"name":"Proyectos","item":"https:\/\/www.colindres.es\/index.php\/project\/"},{"@type":"ListItem","position":3,"name":"Colindres y la Gran Guerra"}]},{"@type":"WebSite","@id":"https:\/\/www.colindres.es\/#website","url":"https:\/\/www.colindres.es\/","name":"Ayuntamiento de Colindres","description":"Dise\u00f1ado por NTIC&#039;s","publisher":{"@id":"https:\/\/www.colindres.es\/#organization"},"potentialAction":[{"@type":"SearchAction","target":{"@type":"EntryPoint","urlTemplate":"https:\/\/www.colindres.es\/?s={search_term_string}"},"query-input":{"@type":"PropertyValueSpecification","valueRequired":true,"valueName":"search_term_string"}}],"inLanguage":"es"},{"@type":"Organization","@id":"https:\/\/www.colindres.es\/#organization","name":"AYUNTAMIENTO DE COLINDRES","url":"https:\/\/www.colindres.es\/","logo":{"@type":"ImageObject","inLanguage":"es","@id":"https:\/\/www.colindres.es\/#\/schema\/logo\/image\/","url":"https:\/\/www.colindres.es\/wp-content\/uploads\/2017\/01\/LOGO-PRINCIPAL.jpg","contentUrl":"https:\/\/www.colindres.es\/wp-content\/uploads\/2017\/01\/LOGO-PRINCIPAL.jpg","width":1209,"height":579,"caption":"AYUNTAMIENTO DE COLINDRES"},"image":{"@id":"https:\/\/www.colindres.es\/#\/schema\/logo\/image\/"}}]}},"_links":{"self":[{"href":"https:\/\/www.colindres.es\/index.php\/wp-json\/wp\/v2\/project\/1716","targetHints":{"allow":["GET"]}}],"collection":[{"href":"https:\/\/www.colindres.es\/index.php\/wp-json\/wp\/v2\/project"}],"about":[{"href":"https:\/\/www.colindres.es\/index.php\/wp-json\/wp\/v2\/types\/project"}],"author":[{"embeddable":true,"href":"https:\/\/www.colindres.es\/index.php\/wp-json\/wp\/v2\/users\/1"}],"replies":[{"embeddable":true,"href":"https:\/\/www.colindres.es\/index.php\/wp-json\/wp\/v2\/comments?post=1716"}],"version-history":[{"count":1,"href":"https:\/\/www.colindres.es\/index.php\/wp-json\/wp\/v2\/project\/1716\/revisions"}],"predecessor-version":[{"id":1718,"href":"https:\/\/www.colindres.es\/index.php\/wp-json\/wp\/v2\/project\/1716\/revisions\/1718"}],"wp:featuredmedia":[{"embeddable":true,"href":"https:\/\/www.colindres.es\/index.php\/wp-json\/wp\/v2\/media\/1717"}],"wp:attachment":[{"href":"https:\/\/www.colindres.es\/index.php\/wp-json\/wp\/v2\/media?parent=1716"}],"wp:term":[{"taxonomy":"project_category","embeddable":true,"href":"https:\/\/www.colindres.es\/index.php\/wp-json\/wp\/v2\/project_category?post=1716"},{"taxonomy":"project_tag","embeddable":true,"href":"https:\/\/www.colindres.es\/index.php\/wp-json\/wp\/v2\/project_tag?post=1716"}],"curies":[{"name":"wp","href":"https:\/\/api.w.org\/{rel}","templated":true}]}}