{"id":1697,"date":"2018-07-17T06:55:43","date_gmt":"2018-07-17T06:55:43","guid":{"rendered":"http:\/\/colindres.es\/?post_type=project&#038;p=1697"},"modified":"2018-07-17T06:55:43","modified_gmt":"2018-07-17T06:55:43","slug":"ayuntamiento-y-gobierno-invertiran-1-millon-de-euros-en-mejorar-el-nucleo-urbano-de-colindres","status":"publish","type":"project","link":"https:\/\/www.colindres.es\/index.php\/project\/ayuntamiento-y-gobierno-invertiran-1-millon-de-euros-en-mejorar-el-nucleo-urbano-de-colindres\/","title":{"rendered":"Ayuntamiento y Gobierno invertir\u00e1n 1 mill\u00f3n de euros en mejorar el n\u00facleo urbano de Colindres"},"content":{"rendered":"<p><strong>Entre los proyectos encargados por el Consistorio, destaca la reordenaci\u00f3n de la Plaza de las Instituciones, la construcci\u00f3n de un parque en &#8216;La Charca&#8217; y <\/strong><strong>la remodelaci\u00f3n de la fachada de las casas de los maestros<\/strong><\/p>\n<p><em>Colindres, 13 de julio.-<\/em> El Ayuntamiento de Colindres y el Gobierno de Cantabria invertir\u00e1n 1 mill\u00f3n de euros en diversas actuaciones del municipio que servir\u00e1n para mejorar el n\u00facleo urbano y crear nuevos espacios de ocio y convivencia para los vecinos, mejorando su calidad de vida.<\/p>\n<p>El alcalde, Javier Incera, y el consejero de Obras P\u00fablicas y Vivienda, Jos\u00e9 Mar\u00eda Maz\u00f3n, han presentado los proyectos que se pondr\u00e1n en marcha a lo largo de los pr\u00f3ximos meses con una \u00abgran inversi\u00f3n\u00bb.<\/p>\n<p>En este sentido, ambos han destacado que, con las obras que se van a desarrollar se llevar\u00e1 a cabo una renovaci\u00f3n \u00abimportante\u00bb, al presentarse proyectos \u00aboriginales y bonitos\u00bb para recuperar espacios deteriorados y ponerlos al servicio del ciudadano.<\/p>\n<p>A la presentaci\u00f3n tambi\u00e9n han asistido el director general de Obras P\u00fablicas, Jos\u00e9 Luis Gochicoa, as\u00ed como varios concejales de la administraci\u00f3n local y t\u00e9cnicos de la Consejer\u00eda.<\/p>\n<p><strong><u>Reurbanizaci\u00f3n del entorno<\/u><\/strong><\/p>\n<p>Son varias las obras que se van a desarrollar en Colindres. Una de las m\u00e1s llamativas ser\u00e1 la reordenaci\u00f3n de la Plaza de las Instituciones, donde se va a proceder a la renovaci\u00f3n integral del pavimento y del mobiliario y se instalar\u00e1 un barco pirata sobre suelo de seguridad para recuperar un espacio de ocio totalmente \u00abembellecido\u00bb.<\/p>\n<p>Por otro lado, el segundo de los proyectos contempla actuaciones de remodelaci\u00f3n sobre la fachada de las antiguas casas de los maestros, edificio situado sobre la misma plaza. Esta actuaci\u00f3n permitir\u00e1 resolver los problemas de humedad que tiene el inmueble, el cual acoge hoy en d\u00eda e centro de la tercera edad, el albergue municipal y a diferentes asociaciones culturales.<\/p>\n<p>Por \u00faltimo, se va a construir un nuevo parque en el antiguo barrio de Viar, com\u00fanmente conocido como &#8216;La Charca&#8217;, por el lugar que le ocupa. El proyecto\u00a0prev\u00e9 la construcci\u00f3n de una l\u00e1mina de agua que generar\u00e1 la sensaci\u00f3n de laguna y que se podr\u00e1 recorrer a trav\u00e9s de una pasarela. \u201cSe trata de una actuaci\u00f3n muy ambiciosa que servir\u00e1 para transformar un espacio degradado en una zona de ocio pensada en los vecinos\u201d, ha destacado Incera.<\/p>\n<p>Estos proyectos han sido presentados por el Ayuntamiento al decreto de ayudas de la Consejer\u00eda de Obras P\u00fablicas y Vivienda para la realizaci\u00f3n de obras de titularidad municipal.<\/p>\n","protected":false},"excerpt":{"rendered":"<p>Entre los proyectos encargados por el Consistorio, destaca la reordenaci\u00f3n de la Plaza de las Instituciones, la construcci\u00f3n de un parque en &#8216;La Charca&#8217; y la remodelaci\u00f3n de la fachada de las casas de los maestros Colindres, 13 de julio.- El Ayuntamiento de Colindres y el Gobierno de Cantabria invertir\u00e1n 1 mill\u00f3n de euros en [&hellip;]<\/p>\n","protected":false},"author":1,"featured_media":1698,"comment_status":"open","ping_status":"closed","template":"","meta":{"_et_pb_use_builder":"","_et_pb_old_content":"","_et_gb_content_width":"","footnotes":""},"project_category":[],"project_tag":[],"class_list":["post-1697","project","type-project","status-publish","has-post-thumbnail","hentry"],"yoast_head":"<!-- This site is optimized with the Yoast SEO plugin v24.9 - https:\/\/yoast.com\/wordpress\/plugins\/seo\/ -->\n<title>Ayuntamiento y Gobierno invertir\u00e1n 1 mill\u00f3n de euros en mejorar el n\u00facleo urbano de Colindres - Ayuntamiento de Colindres<\/title>\n<meta name=\"robots\" content=\"index, follow, max-snippet:-1, max-image-preview:large, max-video-preview:-1\" \/>\n<link rel=\"canonical\" href=\"https:\/\/www.colindres.es\/index.php\/project\/ayuntamiento-y-gobierno-invertiran-1-millon-de-euros-en-mejorar-el-nucleo-urbano-de-colindres\/\" \/>\n<meta property=\"og:locale\" content=\"es_ES\" \/>\n<meta property=\"og:type\" content=\"article\" \/>\n<meta property=\"og:title\" content=\"Ayuntamiento y Gobierno invertir\u00e1n 1 mill\u00f3n de euros en mejorar el n\u00facleo urbano de Colindres - Ayuntamiento de Colindres\" \/>\n<meta property=\"og:description\" content=\"Entre los proyectos encargados por el Consistorio, destaca la reordenaci\u00f3n de la Plaza de las Instituciones, la construcci\u00f3n de un parque en &#8216;La Charca&#8217; y la remodelaci\u00f3n de la fachada de las casas de los maestros Colindres, 13 de julio.- El Ayuntamiento de Colindres y el Gobierno de Cantabria invertir\u00e1n 1 mill\u00f3n de euros en [&hellip;]\" \/>\n<meta property=\"og:url\" content=\"https:\/\/www.colindres.es\/index.php\/project\/ayuntamiento-y-gobierno-invertiran-1-millon-de-euros-en-mejorar-el-nucleo-urbano-de-colindres\/\" \/>\n<meta property=\"og:site_name\" content=\"Ayuntamiento de Colindres\" \/>\n<meta property=\"og:image\" content=\"https:\/\/www.colindres.es\/wp-content\/uploads\/2018\/07\/obras_publicas_colindres_rdp.jpg\" \/>\n\t<meta property=\"og:image:width\" content=\"4000\" \/>\n\t<meta property=\"og:image:height\" content=\"2667\" \/>\n\t<meta property=\"og:image:type\" content=\"image\/jpeg\" \/>\n<meta name=\"twitter:card\" content=\"summary_large_image\" \/>\n<meta name=\"twitter:label1\" content=\"Tiempo de lectura\" \/>\n\t<meta name=\"twitter:data1\" content=\"2 minutos\" \/>\n<script type=\"application\/ld+json\" class=\"yoast-schema-graph\">{\"@context\":\"https:\/\/schema.org\",\"@graph\":[{\"@type\":\"WebPage\",\"@id\":\"https:\/\/www.colindres.es\/index.php\/project\/ayuntamiento-y-gobierno-invertiran-1-millon-de-euros-en-mejorar-el-nucleo-urbano-de-colindres\/\",\"url\":\"https:\/\/www.colindres.es\/index.php\/project\/ayuntamiento-y-gobierno-invertiran-1-millon-de-euros-en-mejorar-el-nucleo-urbano-de-colindres\/\",\"name\":\"Ayuntamiento y Gobierno invertir\u00e1n 1 mill\u00f3n de euros en mejorar el n\u00facleo urbano de Colindres - Ayuntamiento de Colindres\",\"isPartOf\":{\"@id\":\"https:\/\/www.colindres.es\/#website\"},\"primaryImageOfPage\":{\"@id\":\"https:\/\/www.colindres.es\/index.php\/project\/ayuntamiento-y-gobierno-invertiran-1-millon-de-euros-en-mejorar-el-nucleo-urbano-de-colindres\/#primaryimage\"},\"image\":{\"@id\":\"https:\/\/www.colindres.es\/index.php\/project\/ayuntamiento-y-gobierno-invertiran-1-millon-de-euros-en-mejorar-el-nucleo-urbano-de-colindres\/#primaryimage\"},\"thumbnailUrl\":\"https:\/\/www.colindres.es\/wp-content\/uploads\/2018\/07\/obras_publicas_colindres_rdp.jpg\",\"datePublished\":\"2018-07-17T06:55:43+00:00\",\"breadcrumb\":{\"@id\":\"https:\/\/www.colindres.es\/index.php\/project\/ayuntamiento-y-gobierno-invertiran-1-millon-de-euros-en-mejorar-el-nucleo-urbano-de-colindres\/#breadcrumb\"},\"inLanguage\":\"es\",\"potentialAction\":[{\"@type\":\"ReadAction\",\"target\":[\"https:\/\/www.colindres.es\/index.php\/project\/ayuntamiento-y-gobierno-invertiran-1-millon-de-euros-en-mejorar-el-nucleo-urbano-de-colindres\/\"]}]},{\"@type\":\"ImageObject\",\"inLanguage\":\"es\",\"@id\":\"https:\/\/www.colindres.es\/index.php\/project\/ayuntamiento-y-gobierno-invertiran-1-millon-de-euros-en-mejorar-el-nucleo-urbano-de-colindres\/#primaryimage\",\"url\":\"https:\/\/www.colindres.es\/wp-content\/uploads\/2018\/07\/obras_publicas_colindres_rdp.jpg\",\"contentUrl\":\"https:\/\/www.colindres.es\/wp-content\/uploads\/2018\/07\/obras_publicas_colindres_rdp.jpg\",\"width\":4000,\"height\":2667,\"caption\":\"12:30 Ayuntamiento de Colindres. El consejero de Obras P\u00fablicas y Vivienda, Jos\u00e9 Mar\u00eda Maz\u00f3n, presenta, en rueda de prensa, obras de titularidad municipal cofinanciadas por el Gobierno de Cantabria en Colindres. 12 de julio de 2018 \u00a9 Ra\u00fal Lucio\"},{\"@type\":\"BreadcrumbList\",\"@id\":\"https:\/\/www.colindres.es\/index.php\/project\/ayuntamiento-y-gobierno-invertiran-1-millon-de-euros-en-mejorar-el-nucleo-urbano-de-colindres\/#breadcrumb\",\"itemListElement\":[{\"@type\":\"ListItem\",\"position\":1,\"name\":\"Portada\",\"item\":\"https:\/\/www.colindres.es\/\"},{\"@type\":\"ListItem\",\"position\":2,\"name\":\"Proyectos\",\"item\":\"https:\/\/www.colindres.es\/index.php\/project\/\"},{\"@type\":\"ListItem\",\"position\":3,\"name\":\"Ayuntamiento y Gobierno invertir\u00e1n 1 mill\u00f3n de euros en mejorar el n\u00facleo urbano de Colindres\"}]},{\"@type\":\"WebSite\",\"@id\":\"https:\/\/www.colindres.es\/#website\",\"url\":\"https:\/\/www.colindres.es\/\",\"name\":\"Ayuntamiento de Colindres\",\"description\":\"Dise\u00f1ado por NTIC&#039;s\",\"publisher\":{\"@id\":\"https:\/\/www.colindres.es\/#organization\"},\"potentialAction\":[{\"@type\":\"SearchAction\",\"target\":{\"@type\":\"EntryPoint\",\"urlTemplate\":\"https:\/\/www.colindres.es\/?s={search_term_string}\"},\"query-input\":{\"@type\":\"PropertyValueSpecification\",\"valueRequired\":true,\"valueName\":\"search_term_string\"}}],\"inLanguage\":\"es\"},{\"@type\":\"Organization\",\"@id\":\"https:\/\/www.colindres.es\/#organization\",\"name\":\"AYUNTAMIENTO DE COLINDRES\",\"url\":\"https:\/\/www.colindres.es\/\",\"logo\":{\"@type\":\"ImageObject\",\"inLanguage\":\"es\",\"@id\":\"https:\/\/www.colindres.es\/#\/schema\/logo\/image\/\",\"url\":\"https:\/\/www.colindres.es\/wp-content\/uploads\/2017\/01\/LOGO-PRINCIPAL.jpg\",\"contentUrl\":\"https:\/\/www.colindres.es\/wp-content\/uploads\/2017\/01\/LOGO-PRINCIPAL.jpg\",\"width\":1209,\"height\":579,\"caption\":\"AYUNTAMIENTO DE COLINDRES\"},\"image\":{\"@id\":\"https:\/\/www.colindres.es\/#\/schema\/logo\/image\/\"}}]}<\/script>\n<!-- \/ Yoast SEO plugin. -->","yoast_head_json":{"title":"Ayuntamiento y Gobierno invertir\u00e1n 1 mill\u00f3n de euros en mejorar el n\u00facleo urbano de Colindres - Ayuntamiento de Colindres","robots":{"index":"index","follow":"follow","max-snippet":"max-snippet:-1","max-image-preview":"max-image-preview:large","max-video-preview":"max-video-preview:-1"},"canonical":"https:\/\/www.colindres.es\/index.php\/project\/ayuntamiento-y-gobierno-invertiran-1-millon-de-euros-en-mejorar-el-nucleo-urbano-de-colindres\/","og_locale":"es_ES","og_type":"article","og_title":"Ayuntamiento y Gobierno invertir\u00e1n 1 mill\u00f3n de euros en mejorar el n\u00facleo urbano de Colindres - Ayuntamiento de Colindres","og_description":"Entre los proyectos encargados por el Consistorio, destaca la reordenaci\u00f3n de la Plaza de las Instituciones, la construcci\u00f3n de un parque en &#8216;La Charca&#8217; y la remodelaci\u00f3n de la fachada de las casas de los maestros Colindres, 13 de julio.- El Ayuntamiento de Colindres y el Gobierno de Cantabria invertir\u00e1n 1 mill\u00f3n de euros en [&hellip;]","og_url":"https:\/\/www.colindres.es\/index.php\/project\/ayuntamiento-y-gobierno-invertiran-1-millon-de-euros-en-mejorar-el-nucleo-urbano-de-colindres\/","og_site_name":"Ayuntamiento de Colindres","og_image":[{"width":4000,"height":2667,"url":"https:\/\/www.colindres.es\/wp-content\/uploads\/2018\/07\/obras_publicas_colindres_rdp.jpg","type":"image\/jpeg"}],"twitter_card":"summary_large_image","twitter_misc":{"Tiempo de lectura":"2 minutos"},"schema":{"@context":"https:\/\/schema.org","@graph":[{"@type":"WebPage","@id":"https:\/\/www.colindres.es\/index.php\/project\/ayuntamiento-y-gobierno-invertiran-1-millon-de-euros-en-mejorar-el-nucleo-urbano-de-colindres\/","url":"https:\/\/www.colindres.es\/index.php\/project\/ayuntamiento-y-gobierno-invertiran-1-millon-de-euros-en-mejorar-el-nucleo-urbano-de-colindres\/","name":"Ayuntamiento y Gobierno invertir\u00e1n 1 mill\u00f3n de euros en mejorar el n\u00facleo urbano de Colindres - Ayuntamiento de Colindres","isPartOf":{"@id":"https:\/\/www.colindres.es\/#website"},"primaryImageOfPage":{"@id":"https:\/\/www.colindres.es\/index.php\/project\/ayuntamiento-y-gobierno-invertiran-1-millon-de-euros-en-mejorar-el-nucleo-urbano-de-colindres\/#primaryimage"},"image":{"@id":"https:\/\/www.colindres.es\/index.php\/project\/ayuntamiento-y-gobierno-invertiran-1-millon-de-euros-en-mejorar-el-nucleo-urbano-de-colindres\/#primaryimage"},"thumbnailUrl":"https:\/\/www.colindres.es\/wp-content\/uploads\/2018\/07\/obras_publicas_colindres_rdp.jpg","datePublished":"2018-07-17T06:55:43+00:00","breadcrumb":{"@id":"https:\/\/www.colindres.es\/index.php\/project\/ayuntamiento-y-gobierno-invertiran-1-millon-de-euros-en-mejorar-el-nucleo-urbano-de-colindres\/#breadcrumb"},"inLanguage":"es","potentialAction":[{"@type":"ReadAction","target":["https:\/\/www.colindres.es\/index.php\/project\/ayuntamiento-y-gobierno-invertiran-1-millon-de-euros-en-mejorar-el-nucleo-urbano-de-colindres\/"]}]},{"@type":"ImageObject","inLanguage":"es","@id":"https:\/\/www.colindres.es\/index.php\/project\/ayuntamiento-y-gobierno-invertiran-1-millon-de-euros-en-mejorar-el-nucleo-urbano-de-colindres\/#primaryimage","url":"https:\/\/www.colindres.es\/wp-content\/uploads\/2018\/07\/obras_publicas_colindres_rdp.jpg","contentUrl":"https:\/\/www.colindres.es\/wp-content\/uploads\/2018\/07\/obras_publicas_colindres_rdp.jpg","width":4000,"height":2667,"caption":"12:30 Ayuntamiento de Colindres. El consejero de Obras P\u00fablicas y Vivienda, Jos\u00e9 Mar\u00eda Maz\u00f3n, presenta, en rueda de prensa, obras de titularidad municipal cofinanciadas por el Gobierno de Cantabria en Colindres. 12 de julio de 2018 \u00a9 Ra\u00fal Lucio"},{"@type":"BreadcrumbList","@id":"https:\/\/www.colindres.es\/index.php\/project\/ayuntamiento-y-gobierno-invertiran-1-millon-de-euros-en-mejorar-el-nucleo-urbano-de-colindres\/#breadcrumb","itemListElement":[{"@type":"ListItem","position":1,"name":"Portada","item":"https:\/\/www.colindres.es\/"},{"@type":"ListItem","position":2,"name":"Proyectos","item":"https:\/\/www.colindres.es\/index.php\/project\/"},{"@type":"ListItem","position":3,"name":"Ayuntamiento y Gobierno invertir\u00e1n 1 mill\u00f3n de euros en mejorar el n\u00facleo urbano de Colindres"}]},{"@type":"WebSite","@id":"https:\/\/www.colindres.es\/#website","url":"https:\/\/www.colindres.es\/","name":"Ayuntamiento de Colindres","description":"Dise\u00f1ado por NTIC&#039;s","publisher":{"@id":"https:\/\/www.colindres.es\/#organization"},"potentialAction":[{"@type":"SearchAction","target":{"@type":"EntryPoint","urlTemplate":"https:\/\/www.colindres.es\/?s={search_term_string}"},"query-input":{"@type":"PropertyValueSpecification","valueRequired":true,"valueName":"search_term_string"}}],"inLanguage":"es"},{"@type":"Organization","@id":"https:\/\/www.colindres.es\/#organization","name":"AYUNTAMIENTO DE COLINDRES","url":"https:\/\/www.colindres.es\/","logo":{"@type":"ImageObject","inLanguage":"es","@id":"https:\/\/www.colindres.es\/#\/schema\/logo\/image\/","url":"https:\/\/www.colindres.es\/wp-content\/uploads\/2017\/01\/LOGO-PRINCIPAL.jpg","contentUrl":"https:\/\/www.colindres.es\/wp-content\/uploads\/2017\/01\/LOGO-PRINCIPAL.jpg","width":1209,"height":579,"caption":"AYUNTAMIENTO DE COLINDRES"},"image":{"@id":"https:\/\/www.colindres.es\/#\/schema\/logo\/image\/"}}]}},"_links":{"self":[{"href":"https:\/\/www.colindres.es\/index.php\/wp-json\/wp\/v2\/project\/1697","targetHints":{"allow":["GET"]}}],"collection":[{"href":"https:\/\/www.colindres.es\/index.php\/wp-json\/wp\/v2\/project"}],"about":[{"href":"https:\/\/www.colindres.es\/index.php\/wp-json\/wp\/v2\/types\/project"}],"author":[{"embeddable":true,"href":"https:\/\/www.colindres.es\/index.php\/wp-json\/wp\/v2\/users\/1"}],"replies":[{"embeddable":true,"href":"https:\/\/www.colindres.es\/index.php\/wp-json\/wp\/v2\/comments?post=1697"}],"version-history":[{"count":1,"href":"https:\/\/www.colindres.es\/index.php\/wp-json\/wp\/v2\/project\/1697\/revisions"}],"predecessor-version":[{"id":1699,"href":"https:\/\/www.colindres.es\/index.php\/wp-json\/wp\/v2\/project\/1697\/revisions\/1699"}],"wp:featuredmedia":[{"embeddable":true,"href":"https:\/\/www.colindres.es\/index.php\/wp-json\/wp\/v2\/media\/1698"}],"wp:attachment":[{"href":"https:\/\/www.colindres.es\/index.php\/wp-json\/wp\/v2\/media?parent=1697"}],"wp:term":[{"taxonomy":"project_category","embeddable":true,"href":"https:\/\/www.colindres.es\/index.php\/wp-json\/wp\/v2\/project_category?post=1697"},{"taxonomy":"project_tag","embeddable":true,"href":"https:\/\/www.colindres.es\/index.php\/wp-json\/wp\/v2\/project_tag?post=1697"}],"curies":[{"name":"wp","href":"https:\/\/api.w.org\/{rel}","templated":true}]}}