{"id":1660,"date":"2018-07-12T08:59:06","date_gmt":"2018-07-12T08:59:06","guid":{"rendered":"http:\/\/colindres.es\/?post_type=project&#038;p=1660"},"modified":"2018-07-12T09:02:12","modified_gmt":"2018-07-12T09:02:12","slug":"lista-definitiva-de-aspirantes-admitidos-y-excluidos-al-proceso-selectivo-para-la-formacion-de-una-bolsa-de-trabajo-de-educador-a-social-personal-laboral-temporal","status":"publish","type":"project","link":"https:\/\/www.colindres.es\/index.php\/project\/lista-definitiva-de-aspirantes-admitidos-y-excluidos-al-proceso-selectivo-para-la-formacion-de-una-bolsa-de-trabajo-de-educador-a-social-personal-laboral-temporal\/","title":{"rendered":"Lista definitiva de aspirantes admitidos y excluidos, al proceso selectivo para la formaci\u00f3n de una bolsa de trabajo de Educador\/a Social (personal laboral temporal)"},"content":{"rendered":"<p><b><span style=\"font-size: small;\">Decreto de la Presidencia 86\/2018 <\/span><\/b><\/p>\n<p>D. Javier Incera Goyenechea, Presidente de la Mancomunidad de Servicios Sociales de Ampuero, Limpias, Liendo, Guriezo y Colindres, en el d\u00eda de la fecha dicto la siguiente resoluci\u00f3n:<\/p>\n<p>Visto el acuerdo de Junta de la Mancomunidad de fecha 17 de mayo de 2018 por el que se aprobaban las bases y la convocatoria para conforma una bolsa de trabajo de Educador\/a Social (personal laboral temporal).<\/p>\n<p>Aprobada la relaci\u00f3n provisional de admitidos y excluidos por Decreto de Presidencia 74\/2018, de 25 de junio, y sometida a exposici\u00f3n p\u00fablica mediante anuncio en la p\u00e1gina web del Ayuntamiento de Colindres y en su tabl\u00f3n de anuncios, para la presentaci\u00f3n de alegaciones, habi\u00e9ndose presentado documentaci\u00f3n de subsanaci\u00f3n por los\/as aspirantes que constan en la certificaci\u00f3n expedida por la Secretar\u00eda de fecha 9 de junio de 2018.<\/p>\n<p>Teniendo en cuenta todo lo anterior, y a la vista de las competencias que me atribuye el art\u00edculo 21.1 h) de la Ley 7\/1985, de 2 de abril, de bases de r\u00e9gimen local, y a la vista de las competencias que me atribuye el art\u00edculo 11 g) de los Estatutos de la Mancomunidad (BOC n\u00ba: 216, de 8 de noviembre de 2001)<\/p>\n<p>RESUELVO:<\/p>\n<p><span style=\"font-size: small;\"><b>Primero.- <\/b><\/span><span style=\"font-family: Verdana,Verdana; font-size: small;\">Aprobar la lista definitiva de aspirantes admitidos y excluidos, al proceso selectivo para la formaci\u00f3n de una bolsa de trabajo de Educador\/a Social (personal laboral temporal), en los siguientes t\u00e9rminos: <\/span><\/p>\n<p>ASPIRANTES ADMITIDOS<\/p>\n<ul>\n<li>1. AMADO CUE, LAURA<\/li>\n<li>2. ANTON HUERTAS, IRIS<\/li>\n<li>3. APARICIO SANZ, PABLO JOSE<\/li>\n<li>4. ARAUJO COLINA, MARIA ASUNCION<\/li>\n<li>5. CALDERON MARTINEZ, DAVID<\/li>\n<li>6. CAMPOS DIEZ, RAQUEL<\/li>\n<li>7. CANO MELCHOR, ALVARO<\/li>\n<li>8. CASERO AYUSO, MARIA LUISA<\/li>\n<li>9. DIAZ JORGE, DELICIA<\/li>\n<li>10. DIEZ CALZADA, BEATRIZ<\/li>\n<li>11. ELOLA ARI\u00d1O, SARA<\/li>\n<li>12. ESCUDERO CANDELA, BEATRIZ<\/li>\n<li>13. FERNANDEZ BARRERAS, ANA<\/li>\n<li>14. FERNANDEZ GONZALEZ, BLANCA<\/li>\n<li>15. FERNANDEZ ROZAS, MARIA ROSARIO<\/li>\n<li>16. FERNANDEZ TALAVERA, NURIA<\/li>\n<li>17. GARCIA BAHILLO, BEATRIZ<\/li>\n<li>18. GARCIA BENITEZ, ANA ISABEL<\/li>\n<li>19. GARIN ARIAS, VANESA<\/li>\n<li>20. GIL ORTIZ, CRISTINA<\/li>\n<li>21. GONZALEZ GAZAGAECHEVARRIA, MARTA<\/li>\n<li>22. GONZALEZ VAZQUEZ, ISABEL<\/li>\n<li>23. HERRERO VALLES, MARIA ELENA<\/li>\n<li>24. HOYO CARBALLO, JULIA<\/li>\n<li>25. IZQUIERDO SAIZ, LAURA<\/li>\n<li>26. JUESAS CELORIO, REBECA DE LAS MERCEDES<\/li>\n<li>27. LANDALUCE ZORRILLA, VANESA<\/li>\n<li>28. LANZA AGUDO, BORJA<\/li>\n<li>29. LOPEZ BLANCO, SILVIA<\/li>\n<li>30. MAESTRO GALLARDO, IRENE<\/li>\n<li>31. MANRIQUE RUIZ, VANESA<\/li>\n<li>32. MARTIN ANDRES, MARIA JOSE<\/li>\n<li>33. MARTIN ARAUJO, ITZIAR<\/li>\n<li>34. MARTIN GUTIERREZ, SARAY<\/li>\n<li>35. MARTINEZ CAGIGAS, ERIKA<\/li>\n<li>36. MARTINEZ GOMEZ, MARIA<\/li>\n<li>37. MARTINEZ HERRERA, ELENA<\/li>\n<li>38. MATA CODESAL, MARIA PALOMA<\/li>\n<li>39. MATA ROBLES, MARTA<\/li>\n<li>40. MIRANDA LOPEZ, YARA<\/li>\n<li>41. MONTES BUSTILLO, NOELIA<\/li>\n<li>42. MORETA ABASCAL, MARTA<\/li>\n<li>43. OLMOS NU\u00d1O, BERTA<\/li>\n<li>44. ORTIZ GARCIA, JULIA<\/li>\n<li>45. PARRA ROMERO, JUAN MANUEL<\/li>\n<li>46. QUIROGA VAZQUEZ, EVA<\/li>\n<li>47. ROBLES DEL BARRIO, MARIA DEL CARMEN<\/li>\n<li>48. ROCILLO SOLANA, JOSE LUIS<\/li>\n<li>49. RUIZ IGLESIAS, BERNARDO JOSE<\/li>\n<li>50. SAN SEBASTIAN SANTISTEBAN, GANIA<\/li>\n<li>51. SANTAYANA GONZALEZ, ISABEL<\/li>\n<li>52. SANTOS GIL, ARIANE<\/li>\n<li>53. SARABIA GONZALVO, IZASKUN<\/li>\n<li>54. SCHEROFF DARRIBA, CARLA ANDREA<\/li>\n<li>55. SCHEROFF DARRIBA, PAULA<\/li>\n<li>56. VILELLA RIVAS, MARIA<\/li>\n<\/ul>\n<p>ASPIRANTES EXCLUIDOS<\/p>\n<ul>\n<li>1. GARCIA JUEZ, LORENA (t\u00edtulo sin compulsar)<\/li>\n<li>2. GONZ\u00c1LEZ BARQU\u00cdN ARANTZAZU (documentaci\u00f3n sin compulsar)<\/li>\n<\/ul>\n<p><span style=\"font-family: Verdana,Verdana; font-size: small;\"><b>Segundo.- <\/b><\/span><span style=\"font-size: small;\">Constituir la Comisi\u00f3n de Valoraci\u00f3n de las pruebas selectivas que estar\u00e1 integrado por los siguientes miembros: <\/span><\/p>\n<ul>\n<li>\u2212 D\u00f1a. Desire\u00e9 Rueda Maza, Educadora Social<\/li>\n<li>\u2212 D\u00f1a. Marta L\u00f3pez Albo, Educadora Social<\/li>\n<li>\u2212 Don Jos\u00e9 Ignacio S\u00e1nchez Mart\u00ednez, Secretario de la Mancomunidad<\/li>\n<\/ul>\n<p><span style=\"font-size: small;\"><b>Tercero.- <\/b><\/span><span style=\"font-family: Verdana,Verdana; font-size: small;\">Ordenar la publicaci\u00f3n de anuncio relativo al presente acuerdo en el Tabl\u00f3n de Edictos y en la web municipal del Ayuntamiento de Colindres, y en la medida de lo posible en la web y tabl\u00f3n de anuncios de los Ayuntamientos integrantes de la Mancomunidad. <\/span><\/p>\n<p><span style=\"font-size: small;\"><b>Quinto.- <\/b><\/span><span style=\"font-family: Verdana,Verdana; font-size: small;\">Que se de cuenta del presente acuerdo a la Junta de la Mancomunidad en la primera sesi\u00f3n ordinaria que celebre. <\/span><\/p>\n<p>Lo manda y firma el Sr. Presidente, en Colindres, a 11 de julio de 2018.<\/p>\n<p>El Presidente, Doy fe, el Secretario-Interventor,<\/p>\n<p>Javier Incera Goyenechea. Jos\u00e9 Ignacio S\u00e1nchez Mart\u00ednez.<\/p>\n<p><a href=\"http:\/\/colindres.es\/wp-content\/uploads\/2018\/07\/86-2018-Decreto-lista-definitiva-admitidos-excluidos-bolsa-educador.pdf\">Descarga el archivo en formato pdf.<\/a><\/p>\n<p>&nbsp;<\/p>\n","protected":false},"excerpt":{"rendered":"<p>Decreto de la Presidencia 86\/2018 D. Javier Incera Goyenechea, Presidente de la Mancomunidad de Servicios Sociales de Ampuero, Limpias, Liendo, Guriezo y Colindres, en el d\u00eda de la fecha dicto la siguiente resoluci\u00f3n: Visto el acuerdo de Junta de la Mancomunidad de fecha 17 de mayo de 2018 por el que se aprobaban las bases [&hellip;]<\/p>\n","protected":false},"author":1,"featured_media":1471,"comment_status":"open","ping_status":"closed","template":"","meta":{"_et_pb_use_builder":"","_et_pb_old_content":"","_et_gb_content_width":"","footnotes":""},"project_category":[],"project_tag":[],"class_list":["post-1660","project","type-project","status-publish","has-post-thumbnail","hentry"],"yoast_head":"<!-- This site is optimized with the Yoast SEO plugin v24.9 - https:\/\/yoast.com\/wordpress\/plugins\/seo\/ -->\n<title>Lista definitiva de aspirantes admitidos y excluidos, al proceso selectivo para la formaci\u00f3n de una bolsa de trabajo de Educador\/a Social (personal laboral temporal) - Ayuntamiento de Colindres<\/title>\n<meta name=\"robots\" content=\"index, follow, max-snippet:-1, max-image-preview:large, max-video-preview:-1\" \/>\n<link rel=\"canonical\" href=\"https:\/\/www.colindres.es\/index.php\/project\/lista-definitiva-de-aspirantes-admitidos-y-excluidos-al-proceso-selectivo-para-la-formacion-de-una-bolsa-de-trabajo-de-educador-a-social-personal-laboral-temporal\/\" \/>\n<meta property=\"og:locale\" content=\"es_ES\" \/>\n<meta property=\"og:type\" content=\"article\" \/>\n<meta property=\"og:title\" content=\"Lista definitiva de aspirantes admitidos y excluidos, al proceso selectivo para la formaci\u00f3n de una bolsa de trabajo de Educador\/a Social (personal laboral temporal) - Ayuntamiento de Colindres\" \/>\n<meta property=\"og:description\" content=\"Decreto de la Presidencia 86\/2018 D. Javier Incera Goyenechea, Presidente de la Mancomunidad de Servicios Sociales de Ampuero, Limpias, Liendo, Guriezo y Colindres, en el d\u00eda de la fecha dicto la siguiente resoluci\u00f3n: Visto el acuerdo de Junta de la Mancomunidad de fecha 17 de mayo de 2018 por el que se aprobaban las bases [&hellip;]\" \/>\n<meta property=\"og:url\" content=\"https:\/\/www.colindres.es\/index.php\/project\/lista-definitiva-de-aspirantes-admitidos-y-excluidos-al-proceso-selectivo-para-la-formacion-de-una-bolsa-de-trabajo-de-educador-a-social-personal-laboral-temporal\/\" \/>\n<meta property=\"og:site_name\" content=\"Ayuntamiento de Colindres\" \/>\n<meta property=\"article:modified_time\" content=\"2018-07-12T09:02:12+00:00\" \/>\n<meta property=\"og:image\" content=\"https:\/\/www.colindres.es\/wp-content\/uploads\/2018\/04\/mancomunidad.jpg\" \/>\n\t<meta property=\"og:image:width\" content=\"1376\" \/>\n\t<meta property=\"og:image:height\" content=\"1040\" \/>\n\t<meta property=\"og:image:type\" content=\"image\/jpeg\" \/>\n<meta name=\"twitter:card\" content=\"summary_large_image\" \/>\n<meta name=\"twitter:label1\" content=\"Tiempo de lectura\" \/>\n\t<meta name=\"twitter:data1\" content=\"3 minutos\" \/>\n<script type=\"application\/ld+json\" class=\"yoast-schema-graph\">{\"@context\":\"https:\/\/schema.org\",\"@graph\":[{\"@type\":\"WebPage\",\"@id\":\"https:\/\/www.colindres.es\/index.php\/project\/lista-definitiva-de-aspirantes-admitidos-y-excluidos-al-proceso-selectivo-para-la-formacion-de-una-bolsa-de-trabajo-de-educador-a-social-personal-laboral-temporal\/\",\"url\":\"https:\/\/www.colindres.es\/index.php\/project\/lista-definitiva-de-aspirantes-admitidos-y-excluidos-al-proceso-selectivo-para-la-formacion-de-una-bolsa-de-trabajo-de-educador-a-social-personal-laboral-temporal\/\",\"name\":\"Lista definitiva de aspirantes admitidos y excluidos, al proceso selectivo para la formaci\u00f3n de una bolsa de trabajo de Educador\/a Social (personal laboral temporal) - Ayuntamiento de Colindres\",\"isPartOf\":{\"@id\":\"https:\/\/www.colindres.es\/#website\"},\"primaryImageOfPage\":{\"@id\":\"https:\/\/www.colindres.es\/index.php\/project\/lista-definitiva-de-aspirantes-admitidos-y-excluidos-al-proceso-selectivo-para-la-formacion-de-una-bolsa-de-trabajo-de-educador-a-social-personal-laboral-temporal\/#primaryimage\"},\"image\":{\"@id\":\"https:\/\/www.colindres.es\/index.php\/project\/lista-definitiva-de-aspirantes-admitidos-y-excluidos-al-proceso-selectivo-para-la-formacion-de-una-bolsa-de-trabajo-de-educador-a-social-personal-laboral-temporal\/#primaryimage\"},\"thumbnailUrl\":\"https:\/\/www.colindres.es\/wp-content\/uploads\/2018\/04\/mancomunidad.jpg\",\"datePublished\":\"2018-07-12T08:59:06+00:00\",\"dateModified\":\"2018-07-12T09:02:12+00:00\",\"breadcrumb\":{\"@id\":\"https:\/\/www.colindres.es\/index.php\/project\/lista-definitiva-de-aspirantes-admitidos-y-excluidos-al-proceso-selectivo-para-la-formacion-de-una-bolsa-de-trabajo-de-educador-a-social-personal-laboral-temporal\/#breadcrumb\"},\"inLanguage\":\"es\",\"potentialAction\":[{\"@type\":\"ReadAction\",\"target\":[\"https:\/\/www.colindres.es\/index.php\/project\/lista-definitiva-de-aspirantes-admitidos-y-excluidos-al-proceso-selectivo-para-la-formacion-de-una-bolsa-de-trabajo-de-educador-a-social-personal-laboral-temporal\/\"]}]},{\"@type\":\"ImageObject\",\"inLanguage\":\"es\",\"@id\":\"https:\/\/www.colindres.es\/index.php\/project\/lista-definitiva-de-aspirantes-admitidos-y-excluidos-al-proceso-selectivo-para-la-formacion-de-una-bolsa-de-trabajo-de-educador-a-social-personal-laboral-temporal\/#primaryimage\",\"url\":\"https:\/\/www.colindres.es\/wp-content\/uploads\/2018\/04\/mancomunidad.jpg\",\"contentUrl\":\"https:\/\/www.colindres.es\/wp-content\/uploads\/2018\/04\/mancomunidad.jpg\",\"width\":1376,\"height\":1040,\"caption\":\"logo mancomunidad\"},{\"@type\":\"BreadcrumbList\",\"@id\":\"https:\/\/www.colindres.es\/index.php\/project\/lista-definitiva-de-aspirantes-admitidos-y-excluidos-al-proceso-selectivo-para-la-formacion-de-una-bolsa-de-trabajo-de-educador-a-social-personal-laboral-temporal\/#breadcrumb\",\"itemListElement\":[{\"@type\":\"ListItem\",\"position\":1,\"name\":\"Portada\",\"item\":\"https:\/\/www.colindres.es\/\"},{\"@type\":\"ListItem\",\"position\":2,\"name\":\"Proyectos\",\"item\":\"https:\/\/www.colindres.es\/index.php\/project\/\"},{\"@type\":\"ListItem\",\"position\":3,\"name\":\"Lista definitiva de aspirantes admitidos y excluidos, al proceso selectivo para la formaci\u00f3n de una bolsa de trabajo de Educador\/a Social (personal laboral temporal)\"}]},{\"@type\":\"WebSite\",\"@id\":\"https:\/\/www.colindres.es\/#website\",\"url\":\"https:\/\/www.colindres.es\/\",\"name\":\"Ayuntamiento de Colindres\",\"description\":\"Dise\u00f1ado por NTIC&#039;s\",\"publisher\":{\"@id\":\"https:\/\/www.colindres.es\/#organization\"},\"potentialAction\":[{\"@type\":\"SearchAction\",\"target\":{\"@type\":\"EntryPoint\",\"urlTemplate\":\"https:\/\/www.colindres.es\/?s={search_term_string}\"},\"query-input\":{\"@type\":\"PropertyValueSpecification\",\"valueRequired\":true,\"valueName\":\"search_term_string\"}}],\"inLanguage\":\"es\"},{\"@type\":\"Organization\",\"@id\":\"https:\/\/www.colindres.es\/#organization\",\"name\":\"AYUNTAMIENTO DE COLINDRES\",\"url\":\"https:\/\/www.colindres.es\/\",\"logo\":{\"@type\":\"ImageObject\",\"inLanguage\":\"es\",\"@id\":\"https:\/\/www.colindres.es\/#\/schema\/logo\/image\/\",\"url\":\"https:\/\/www.colindres.es\/wp-content\/uploads\/2017\/01\/LOGO-PRINCIPAL.jpg\",\"contentUrl\":\"https:\/\/www.colindres.es\/wp-content\/uploads\/2017\/01\/LOGO-PRINCIPAL.jpg\",\"width\":1209,\"height\":579,\"caption\":\"AYUNTAMIENTO DE COLINDRES\"},\"image\":{\"@id\":\"https:\/\/www.colindres.es\/#\/schema\/logo\/image\/\"}}]}<\/script>\n<!-- \/ Yoast SEO plugin. -->","yoast_head_json":{"title":"Lista definitiva de aspirantes admitidos y excluidos, al proceso selectivo para la formaci\u00f3n de una bolsa de trabajo de Educador\/a Social (personal laboral temporal) - Ayuntamiento de Colindres","robots":{"index":"index","follow":"follow","max-snippet":"max-snippet:-1","max-image-preview":"max-image-preview:large","max-video-preview":"max-video-preview:-1"},"canonical":"https:\/\/www.colindres.es\/index.php\/project\/lista-definitiva-de-aspirantes-admitidos-y-excluidos-al-proceso-selectivo-para-la-formacion-de-una-bolsa-de-trabajo-de-educador-a-social-personal-laboral-temporal\/","og_locale":"es_ES","og_type":"article","og_title":"Lista definitiva de aspirantes admitidos y excluidos, al proceso selectivo para la formaci\u00f3n de una bolsa de trabajo de Educador\/a Social (personal laboral temporal) - Ayuntamiento de Colindres","og_description":"Decreto de la Presidencia 86\/2018 D. Javier Incera Goyenechea, Presidente de la Mancomunidad de Servicios Sociales de Ampuero, Limpias, Liendo, Guriezo y Colindres, en el d\u00eda de la fecha dicto la siguiente resoluci\u00f3n: Visto el acuerdo de Junta de la Mancomunidad de fecha 17 de mayo de 2018 por el que se aprobaban las bases [&hellip;]","og_url":"https:\/\/www.colindres.es\/index.php\/project\/lista-definitiva-de-aspirantes-admitidos-y-excluidos-al-proceso-selectivo-para-la-formacion-de-una-bolsa-de-trabajo-de-educador-a-social-personal-laboral-temporal\/","og_site_name":"Ayuntamiento de Colindres","article_modified_time":"2018-07-12T09:02:12+00:00","og_image":[{"width":1376,"height":1040,"url":"https:\/\/www.colindres.es\/wp-content\/uploads\/2018\/04\/mancomunidad.jpg","type":"image\/jpeg"}],"twitter_card":"summary_large_image","twitter_misc":{"Tiempo de lectura":"3 minutos"},"schema":{"@context":"https:\/\/schema.org","@graph":[{"@type":"WebPage","@id":"https:\/\/www.colindres.es\/index.php\/project\/lista-definitiva-de-aspirantes-admitidos-y-excluidos-al-proceso-selectivo-para-la-formacion-de-una-bolsa-de-trabajo-de-educador-a-social-personal-laboral-temporal\/","url":"https:\/\/www.colindres.es\/index.php\/project\/lista-definitiva-de-aspirantes-admitidos-y-excluidos-al-proceso-selectivo-para-la-formacion-de-una-bolsa-de-trabajo-de-educador-a-social-personal-laboral-temporal\/","name":"Lista definitiva de aspirantes admitidos y excluidos, al proceso selectivo para la formaci\u00f3n de una bolsa de trabajo de Educador\/a Social (personal laboral temporal) - Ayuntamiento de Colindres","isPartOf":{"@id":"https:\/\/www.colindres.es\/#website"},"primaryImageOfPage":{"@id":"https:\/\/www.colindres.es\/index.php\/project\/lista-definitiva-de-aspirantes-admitidos-y-excluidos-al-proceso-selectivo-para-la-formacion-de-una-bolsa-de-trabajo-de-educador-a-social-personal-laboral-temporal\/#primaryimage"},"image":{"@id":"https:\/\/www.colindres.es\/index.php\/project\/lista-definitiva-de-aspirantes-admitidos-y-excluidos-al-proceso-selectivo-para-la-formacion-de-una-bolsa-de-trabajo-de-educador-a-social-personal-laboral-temporal\/#primaryimage"},"thumbnailUrl":"https:\/\/www.colindres.es\/wp-content\/uploads\/2018\/04\/mancomunidad.jpg","datePublished":"2018-07-12T08:59:06+00:00","dateModified":"2018-07-12T09:02:12+00:00","breadcrumb":{"@id":"https:\/\/www.colindres.es\/index.php\/project\/lista-definitiva-de-aspirantes-admitidos-y-excluidos-al-proceso-selectivo-para-la-formacion-de-una-bolsa-de-trabajo-de-educador-a-social-personal-laboral-temporal\/#breadcrumb"},"inLanguage":"es","potentialAction":[{"@type":"ReadAction","target":["https:\/\/www.colindres.es\/index.php\/project\/lista-definitiva-de-aspirantes-admitidos-y-excluidos-al-proceso-selectivo-para-la-formacion-de-una-bolsa-de-trabajo-de-educador-a-social-personal-laboral-temporal\/"]}]},{"@type":"ImageObject","inLanguage":"es","@id":"https:\/\/www.colindres.es\/index.php\/project\/lista-definitiva-de-aspirantes-admitidos-y-excluidos-al-proceso-selectivo-para-la-formacion-de-una-bolsa-de-trabajo-de-educador-a-social-personal-laboral-temporal\/#primaryimage","url":"https:\/\/www.colindres.es\/wp-content\/uploads\/2018\/04\/mancomunidad.jpg","contentUrl":"https:\/\/www.colindres.es\/wp-content\/uploads\/2018\/04\/mancomunidad.jpg","width":1376,"height":1040,"caption":"logo mancomunidad"},{"@type":"BreadcrumbList","@id":"https:\/\/www.colindres.es\/index.php\/project\/lista-definitiva-de-aspirantes-admitidos-y-excluidos-al-proceso-selectivo-para-la-formacion-de-una-bolsa-de-trabajo-de-educador-a-social-personal-laboral-temporal\/#breadcrumb","itemListElement":[{"@type":"ListItem","position":1,"name":"Portada","item":"https:\/\/www.colindres.es\/"},{"@type":"ListItem","position":2,"name":"Proyectos","item":"https:\/\/www.colindres.es\/index.php\/project\/"},{"@type":"ListItem","position":3,"name":"Lista definitiva de aspirantes admitidos y excluidos, al proceso selectivo para la formaci\u00f3n de una bolsa de trabajo de Educador\/a Social (personal laboral temporal)"}]},{"@type":"WebSite","@id":"https:\/\/www.colindres.es\/#website","url":"https:\/\/www.colindres.es\/","name":"Ayuntamiento de Colindres","description":"Dise\u00f1ado por NTIC&#039;s","publisher":{"@id":"https:\/\/www.colindres.es\/#organization"},"potentialAction":[{"@type":"SearchAction","target":{"@type":"EntryPoint","urlTemplate":"https:\/\/www.colindres.es\/?s={search_term_string}"},"query-input":{"@type":"PropertyValueSpecification","valueRequired":true,"valueName":"search_term_string"}}],"inLanguage":"es"},{"@type":"Organization","@id":"https:\/\/www.colindres.es\/#organization","name":"AYUNTAMIENTO DE COLINDRES","url":"https:\/\/www.colindres.es\/","logo":{"@type":"ImageObject","inLanguage":"es","@id":"https:\/\/www.colindres.es\/#\/schema\/logo\/image\/","url":"https:\/\/www.colindres.es\/wp-content\/uploads\/2017\/01\/LOGO-PRINCIPAL.jpg","contentUrl":"https:\/\/www.colindres.es\/wp-content\/uploads\/2017\/01\/LOGO-PRINCIPAL.jpg","width":1209,"height":579,"caption":"AYUNTAMIENTO DE COLINDRES"},"image":{"@id":"https:\/\/www.colindres.es\/#\/schema\/logo\/image\/"}}]}},"_links":{"self":[{"href":"https:\/\/www.colindres.es\/index.php\/wp-json\/wp\/v2\/project\/1660","targetHints":{"allow":["GET"]}}],"collection":[{"href":"https:\/\/www.colindres.es\/index.php\/wp-json\/wp\/v2\/project"}],"about":[{"href":"https:\/\/www.colindres.es\/index.php\/wp-json\/wp\/v2\/types\/project"}],"author":[{"embeddable":true,"href":"https:\/\/www.colindres.es\/index.php\/wp-json\/wp\/v2\/users\/1"}],"replies":[{"embeddable":true,"href":"https:\/\/www.colindres.es\/index.php\/wp-json\/wp\/v2\/comments?post=1660"}],"version-history":[{"count":2,"href":"https:\/\/www.colindres.es\/index.php\/wp-json\/wp\/v2\/project\/1660\/revisions"}],"predecessor-version":[{"id":1667,"href":"https:\/\/www.colindres.es\/index.php\/wp-json\/wp\/v2\/project\/1660\/revisions\/1667"}],"wp:featuredmedia":[{"embeddable":true,"href":"https:\/\/www.colindres.es\/index.php\/wp-json\/wp\/v2\/media\/1471"}],"wp:attachment":[{"href":"https:\/\/www.colindres.es\/index.php\/wp-json\/wp\/v2\/media?parent=1660"}],"wp:term":[{"taxonomy":"project_category","embeddable":true,"href":"https:\/\/www.colindres.es\/index.php\/wp-json\/wp\/v2\/project_category?post=1660"},{"taxonomy":"project_tag","embeddable":true,"href":"https:\/\/www.colindres.es\/index.php\/wp-json\/wp\/v2\/project_tag?post=1660"}],"curies":[{"name":"wp","href":"https:\/\/api.w.org\/{rel}","templated":true}]}}