{"id":16560,"date":"2022-03-08T13:50:09","date_gmt":"2022-03-08T12:50:09","guid":{"rendered":"https:\/\/www.colindres.es\/?post_type=project&#038;p=16560"},"modified":"2022-03-08T13:50:09","modified_gmt":"2022-03-08T12:50:09","slug":"finalizadas-las-reformas-de-los-parques-infantiles-de-la-alameda-del-ayuntamiento-y-el-parque-de-los-astilleros","status":"publish","type":"project","link":"https:\/\/www.colindres.es\/index.php\/project\/finalizadas-las-reformas-de-los-parques-infantiles-de-la-alameda-del-ayuntamiento-y-el-parque-de-los-astilleros\/","title":{"rendered":"Finalizadas las reformas de los parques infantiles de la Alameda del Ayuntamiento y el parque de los Astilleros"},"content":{"rendered":"<p><em>El proyecto ha supuesto una inversi\u00f3n de 60.000 euros.<\/em><\/p>\n<p><strong>Colindres, 7 de marzo de 2022.<\/strong> El Ayuntamiento de Colindres contin\u00faa con su plan de renovaci\u00f3n de los parques infantiles del municipio.<\/p>\n<p>El consistorio ha acometido las obras de acondicionamiento de los parques infantiles ubicados en la Alameda del Ayuntamiento y el parque de los Astilleros. Las obras han sido cofinanciadas entre el ente local y el Gobierno de Cantabria, a trav\u00e9s del Plan de obras Municipales y han supuesto una inversi\u00f3n de 60.106,75 euros.<\/p>\n<p><img loading=\"lazy\" decoding=\"async\" class=\"alignnone size-medium wp-image-16562\" src=\"https:\/\/www.colindres.es\/wp-content\/uploads\/2022\/03\/image1-300x225.jpeg\" alt=\"\" width=\"300\" height=\"225\" \/> <img loading=\"lazy\" decoding=\"async\" class=\"alignnone size-medium wp-image-16563\" src=\"https:\/\/www.colindres.es\/wp-content\/uploads\/2022\/03\/image2-300x224.jpeg\" alt=\"\" width=\"300\" height=\"224\" \/><\/p>\n<p>Las actuaciones han consistido en la retirada del suelo existente y la sustituci\u00f3n del mismo por uno de goma en una superficie total de 654,75 metros cuadrados. Se han reparado, revisado y pintado todos los elementos de juego y adem\u00e1s se han sustituido varios que presentaban un aspecto m\u00e1s deteriorado, quedando todo el espacio completamente renovado.<\/p>\n<p>Seg\u00fan palabras del alcalde, Javier Incera, \u201cestos dos parques infantiles son utilizados a diario por muchos ni\u00f1os y ni\u00f1as del municipio y ya era necesario una puesta a punto para que est\u00e9n en estado \u00f3ptimo\u201d.<\/p>\n<p>Adem\u00e1s, \u201cel suelo, con el paso del tiempo, va perdiendo la elasticidad y con ello se resta la funci\u00f3n amortiguadora. Era necesaria su sustituci\u00f3n y por ello decidimos ejecutar estas obras\u201d, ha comentado Incera.<\/p>\n<p>Las obras, ahora finalizadas, son parte de la planificaci\u00f3n que el consistorio se fij\u00f3 al comienzo de la legislatura, para la puesta a punto de los parques infantiles del municipio. A la cubierta del parque infantil de Las Viejas, acometida a comienzos de a\u00f1o, se suma ahora la renovaci\u00f3n de estos dos espacios y a lo largo de este a\u00f1o 2022 se sustituir\u00e1 el suelo de los parques situados en los patios de los colegios Pedro del Hoyo y Los Puentes.<\/p>\n<p>Tambi\u00e9n est\u00e1 previsto, a lo largo del presente ejercicio, se realice la reforma integral de la Plaza Campo de las Ferias, que es utilizada en horario escolar por el Colegio Fray Pablo y que contar\u00e1 con un nuevo parque infantil cubierto, el tercero en el municipio.<\/p>\n","protected":false},"excerpt":{"rendered":"<p>El proyecto ha supuesto una inversi\u00f3n de 60.000 euros. Colindres, 7 de marzo de 2022. El Ayuntamiento de Colindres contin\u00faa con su plan de renovaci\u00f3n de los parques infantiles del municipio. El consistorio ha acometido las obras de acondicionamiento de los parques infantiles ubicados en la Alameda del Ayuntamiento y el parque de los Astilleros. [&hellip;]<\/p>\n","protected":false},"author":1,"featured_media":16561,"comment_status":"open","ping_status":"closed","template":"","meta":{"_et_pb_use_builder":"","_et_pb_old_content":"","_et_gb_content_width":"","footnotes":""},"project_category":[6],"project_tag":[],"class_list":["post-16560","project","type-project","status-publish","has-post-thumbnail","hentry","project_category-noticias"],"yoast_head":"<!-- This site is optimized with the Yoast SEO plugin v24.9 - https:\/\/yoast.com\/wordpress\/plugins\/seo\/ -->\n<title>Finalizadas las reformas de los parques infantiles de la Alameda del Ayuntamiento y el parque de los Astilleros - Ayuntamiento de Colindres<\/title>\n<meta name=\"robots\" content=\"index, follow, max-snippet:-1, max-image-preview:large, max-video-preview:-1\" \/>\n<link rel=\"canonical\" href=\"https:\/\/www.colindres.es\/index.php\/project\/finalizadas-las-reformas-de-los-parques-infantiles-de-la-alameda-del-ayuntamiento-y-el-parque-de-los-astilleros\/\" \/>\n<meta property=\"og:locale\" content=\"es_ES\" \/>\n<meta property=\"og:type\" content=\"article\" \/>\n<meta property=\"og:title\" content=\"Finalizadas las reformas de los parques infantiles de la Alameda del Ayuntamiento y el parque de los Astilleros - Ayuntamiento de Colindres\" \/>\n<meta property=\"og:description\" content=\"El proyecto ha supuesto una inversi\u00f3n de 60.000 euros. Colindres, 7 de marzo de 2022. El Ayuntamiento de Colindres contin\u00faa con su plan de renovaci\u00f3n de los parques infantiles del municipio. El consistorio ha acometido las obras de acondicionamiento de los parques infantiles ubicados en la Alameda del Ayuntamiento y el parque de los Astilleros. [&hellip;]\" \/>\n<meta property=\"og:url\" content=\"https:\/\/www.colindres.es\/index.php\/project\/finalizadas-las-reformas-de-los-parques-infantiles-de-la-alameda-del-ayuntamiento-y-el-parque-de-los-astilleros\/\" \/>\n<meta property=\"og:site_name\" content=\"Ayuntamiento de Colindres\" \/>\n<meta property=\"og:image\" content=\"https:\/\/www.colindres.es\/wp-content\/uploads\/2022\/03\/image0.jpeg\" \/>\n\t<meta property=\"og:image:width\" content=\"1600\" \/>\n\t<meta property=\"og:image:height\" content=\"756\" \/>\n\t<meta property=\"og:image:type\" content=\"image\/jpeg\" \/>\n<meta name=\"twitter:card\" content=\"summary_large_image\" \/>\n<meta name=\"twitter:label1\" content=\"Tiempo de lectura\" \/>\n\t<meta name=\"twitter:data1\" content=\"2 minutos\" \/>\n<script type=\"application\/ld+json\" class=\"yoast-schema-graph\">{\"@context\":\"https:\/\/schema.org\",\"@graph\":[{\"@type\":\"WebPage\",\"@id\":\"https:\/\/www.colindres.es\/index.php\/project\/finalizadas-las-reformas-de-los-parques-infantiles-de-la-alameda-del-ayuntamiento-y-el-parque-de-los-astilleros\/\",\"url\":\"https:\/\/www.colindres.es\/index.php\/project\/finalizadas-las-reformas-de-los-parques-infantiles-de-la-alameda-del-ayuntamiento-y-el-parque-de-los-astilleros\/\",\"name\":\"Finalizadas las reformas de los parques infantiles de la Alameda del Ayuntamiento y el parque de los Astilleros - Ayuntamiento de Colindres\",\"isPartOf\":{\"@id\":\"https:\/\/www.colindres.es\/#website\"},\"primaryImageOfPage\":{\"@id\":\"https:\/\/www.colindres.es\/index.php\/project\/finalizadas-las-reformas-de-los-parques-infantiles-de-la-alameda-del-ayuntamiento-y-el-parque-de-los-astilleros\/#primaryimage\"},\"image\":{\"@id\":\"https:\/\/www.colindres.es\/index.php\/project\/finalizadas-las-reformas-de-los-parques-infantiles-de-la-alameda-del-ayuntamiento-y-el-parque-de-los-astilleros\/#primaryimage\"},\"thumbnailUrl\":\"https:\/\/www.colindres.es\/wp-content\/uploads\/2022\/03\/image0.jpeg\",\"datePublished\":\"2022-03-08T12:50:09+00:00\",\"breadcrumb\":{\"@id\":\"https:\/\/www.colindres.es\/index.php\/project\/finalizadas-las-reformas-de-los-parques-infantiles-de-la-alameda-del-ayuntamiento-y-el-parque-de-los-astilleros\/#breadcrumb\"},\"inLanguage\":\"es\",\"potentialAction\":[{\"@type\":\"ReadAction\",\"target\":[\"https:\/\/www.colindres.es\/index.php\/project\/finalizadas-las-reformas-de-los-parques-infantiles-de-la-alameda-del-ayuntamiento-y-el-parque-de-los-astilleros\/\"]}]},{\"@type\":\"ImageObject\",\"inLanguage\":\"es\",\"@id\":\"https:\/\/www.colindres.es\/index.php\/project\/finalizadas-las-reformas-de-los-parques-infantiles-de-la-alameda-del-ayuntamiento-y-el-parque-de-los-astilleros\/#primaryimage\",\"url\":\"https:\/\/www.colindres.es\/wp-content\/uploads\/2022\/03\/image0.jpeg\",\"contentUrl\":\"https:\/\/www.colindres.es\/wp-content\/uploads\/2022\/03\/image0.jpeg\",\"width\":1600,\"height\":756},{\"@type\":\"BreadcrumbList\",\"@id\":\"https:\/\/www.colindres.es\/index.php\/project\/finalizadas-las-reformas-de-los-parques-infantiles-de-la-alameda-del-ayuntamiento-y-el-parque-de-los-astilleros\/#breadcrumb\",\"itemListElement\":[{\"@type\":\"ListItem\",\"position\":1,\"name\":\"Portada\",\"item\":\"https:\/\/www.colindres.es\/\"},{\"@type\":\"ListItem\",\"position\":2,\"name\":\"Proyectos\",\"item\":\"https:\/\/www.colindres.es\/index.php\/project\/\"},{\"@type\":\"ListItem\",\"position\":3,\"name\":\"Finalizadas las reformas de los parques infantiles de la Alameda del Ayuntamiento y el parque de los Astilleros\"}]},{\"@type\":\"WebSite\",\"@id\":\"https:\/\/www.colindres.es\/#website\",\"url\":\"https:\/\/www.colindres.es\/\",\"name\":\"Ayuntamiento de Colindres\",\"description\":\"Dise\u00f1ado por NTIC&#039;s\",\"publisher\":{\"@id\":\"https:\/\/www.colindres.es\/#organization\"},\"potentialAction\":[{\"@type\":\"SearchAction\",\"target\":{\"@type\":\"EntryPoint\",\"urlTemplate\":\"https:\/\/www.colindres.es\/?s={search_term_string}\"},\"query-input\":{\"@type\":\"PropertyValueSpecification\",\"valueRequired\":true,\"valueName\":\"search_term_string\"}}],\"inLanguage\":\"es\"},{\"@type\":\"Organization\",\"@id\":\"https:\/\/www.colindres.es\/#organization\",\"name\":\"AYUNTAMIENTO DE COLINDRES\",\"url\":\"https:\/\/www.colindres.es\/\",\"logo\":{\"@type\":\"ImageObject\",\"inLanguage\":\"es\",\"@id\":\"https:\/\/www.colindres.es\/#\/schema\/logo\/image\/\",\"url\":\"https:\/\/www.colindres.es\/wp-content\/uploads\/2017\/01\/LOGO-PRINCIPAL.jpg\",\"contentUrl\":\"https:\/\/www.colindres.es\/wp-content\/uploads\/2017\/01\/LOGO-PRINCIPAL.jpg\",\"width\":1209,\"height\":579,\"caption\":\"AYUNTAMIENTO DE COLINDRES\"},\"image\":{\"@id\":\"https:\/\/www.colindres.es\/#\/schema\/logo\/image\/\"}}]}<\/script>\n<!-- \/ Yoast SEO plugin. -->","yoast_head_json":{"title":"Finalizadas las reformas de los parques infantiles de la Alameda del Ayuntamiento y el parque de los Astilleros - Ayuntamiento de Colindres","robots":{"index":"index","follow":"follow","max-snippet":"max-snippet:-1","max-image-preview":"max-image-preview:large","max-video-preview":"max-video-preview:-1"},"canonical":"https:\/\/www.colindres.es\/index.php\/project\/finalizadas-las-reformas-de-los-parques-infantiles-de-la-alameda-del-ayuntamiento-y-el-parque-de-los-astilleros\/","og_locale":"es_ES","og_type":"article","og_title":"Finalizadas las reformas de los parques infantiles de la Alameda del Ayuntamiento y el parque de los Astilleros - Ayuntamiento de Colindres","og_description":"El proyecto ha supuesto una inversi\u00f3n de 60.000 euros. Colindres, 7 de marzo de 2022. El Ayuntamiento de Colindres contin\u00faa con su plan de renovaci\u00f3n de los parques infantiles del municipio. El consistorio ha acometido las obras de acondicionamiento de los parques infantiles ubicados en la Alameda del Ayuntamiento y el parque de los Astilleros. [&hellip;]","og_url":"https:\/\/www.colindres.es\/index.php\/project\/finalizadas-las-reformas-de-los-parques-infantiles-de-la-alameda-del-ayuntamiento-y-el-parque-de-los-astilleros\/","og_site_name":"Ayuntamiento de Colindres","og_image":[{"width":1600,"height":756,"url":"https:\/\/www.colindres.es\/wp-content\/uploads\/2022\/03\/image0.jpeg","type":"image\/jpeg"}],"twitter_card":"summary_large_image","twitter_misc":{"Tiempo de lectura":"2 minutos"},"schema":{"@context":"https:\/\/schema.org","@graph":[{"@type":"WebPage","@id":"https:\/\/www.colindres.es\/index.php\/project\/finalizadas-las-reformas-de-los-parques-infantiles-de-la-alameda-del-ayuntamiento-y-el-parque-de-los-astilleros\/","url":"https:\/\/www.colindres.es\/index.php\/project\/finalizadas-las-reformas-de-los-parques-infantiles-de-la-alameda-del-ayuntamiento-y-el-parque-de-los-astilleros\/","name":"Finalizadas las reformas de los parques infantiles de la Alameda del Ayuntamiento y el parque de los Astilleros - Ayuntamiento de Colindres","isPartOf":{"@id":"https:\/\/www.colindres.es\/#website"},"primaryImageOfPage":{"@id":"https:\/\/www.colindres.es\/index.php\/project\/finalizadas-las-reformas-de-los-parques-infantiles-de-la-alameda-del-ayuntamiento-y-el-parque-de-los-astilleros\/#primaryimage"},"image":{"@id":"https:\/\/www.colindres.es\/index.php\/project\/finalizadas-las-reformas-de-los-parques-infantiles-de-la-alameda-del-ayuntamiento-y-el-parque-de-los-astilleros\/#primaryimage"},"thumbnailUrl":"https:\/\/www.colindres.es\/wp-content\/uploads\/2022\/03\/image0.jpeg","datePublished":"2022-03-08T12:50:09+00:00","breadcrumb":{"@id":"https:\/\/www.colindres.es\/index.php\/project\/finalizadas-las-reformas-de-los-parques-infantiles-de-la-alameda-del-ayuntamiento-y-el-parque-de-los-astilleros\/#breadcrumb"},"inLanguage":"es","potentialAction":[{"@type":"ReadAction","target":["https:\/\/www.colindres.es\/index.php\/project\/finalizadas-las-reformas-de-los-parques-infantiles-de-la-alameda-del-ayuntamiento-y-el-parque-de-los-astilleros\/"]}]},{"@type":"ImageObject","inLanguage":"es","@id":"https:\/\/www.colindres.es\/index.php\/project\/finalizadas-las-reformas-de-los-parques-infantiles-de-la-alameda-del-ayuntamiento-y-el-parque-de-los-astilleros\/#primaryimage","url":"https:\/\/www.colindres.es\/wp-content\/uploads\/2022\/03\/image0.jpeg","contentUrl":"https:\/\/www.colindres.es\/wp-content\/uploads\/2022\/03\/image0.jpeg","width":1600,"height":756},{"@type":"BreadcrumbList","@id":"https:\/\/www.colindres.es\/index.php\/project\/finalizadas-las-reformas-de-los-parques-infantiles-de-la-alameda-del-ayuntamiento-y-el-parque-de-los-astilleros\/#breadcrumb","itemListElement":[{"@type":"ListItem","position":1,"name":"Portada","item":"https:\/\/www.colindres.es\/"},{"@type":"ListItem","position":2,"name":"Proyectos","item":"https:\/\/www.colindres.es\/index.php\/project\/"},{"@type":"ListItem","position":3,"name":"Finalizadas las reformas de los parques infantiles de la Alameda del Ayuntamiento y el parque de los Astilleros"}]},{"@type":"WebSite","@id":"https:\/\/www.colindres.es\/#website","url":"https:\/\/www.colindres.es\/","name":"Ayuntamiento de Colindres","description":"Dise\u00f1ado por NTIC&#039;s","publisher":{"@id":"https:\/\/www.colindres.es\/#organization"},"potentialAction":[{"@type":"SearchAction","target":{"@type":"EntryPoint","urlTemplate":"https:\/\/www.colindres.es\/?s={search_term_string}"},"query-input":{"@type":"PropertyValueSpecification","valueRequired":true,"valueName":"search_term_string"}}],"inLanguage":"es"},{"@type":"Organization","@id":"https:\/\/www.colindres.es\/#organization","name":"AYUNTAMIENTO DE COLINDRES","url":"https:\/\/www.colindres.es\/","logo":{"@type":"ImageObject","inLanguage":"es","@id":"https:\/\/www.colindres.es\/#\/schema\/logo\/image\/","url":"https:\/\/www.colindres.es\/wp-content\/uploads\/2017\/01\/LOGO-PRINCIPAL.jpg","contentUrl":"https:\/\/www.colindres.es\/wp-content\/uploads\/2017\/01\/LOGO-PRINCIPAL.jpg","width":1209,"height":579,"caption":"AYUNTAMIENTO DE COLINDRES"},"image":{"@id":"https:\/\/www.colindres.es\/#\/schema\/logo\/image\/"}}]}},"_links":{"self":[{"href":"https:\/\/www.colindres.es\/index.php\/wp-json\/wp\/v2\/project\/16560","targetHints":{"allow":["GET"]}}],"collection":[{"href":"https:\/\/www.colindres.es\/index.php\/wp-json\/wp\/v2\/project"}],"about":[{"href":"https:\/\/www.colindres.es\/index.php\/wp-json\/wp\/v2\/types\/project"}],"author":[{"embeddable":true,"href":"https:\/\/www.colindres.es\/index.php\/wp-json\/wp\/v2\/users\/1"}],"replies":[{"embeddable":true,"href":"https:\/\/www.colindres.es\/index.php\/wp-json\/wp\/v2\/comments?post=16560"}],"version-history":[{"count":2,"href":"https:\/\/www.colindres.es\/index.php\/wp-json\/wp\/v2\/project\/16560\/revisions"}],"predecessor-version":[{"id":16565,"href":"https:\/\/www.colindres.es\/index.php\/wp-json\/wp\/v2\/project\/16560\/revisions\/16565"}],"wp:featuredmedia":[{"embeddable":true,"href":"https:\/\/www.colindres.es\/index.php\/wp-json\/wp\/v2\/media\/16561"}],"wp:attachment":[{"href":"https:\/\/www.colindres.es\/index.php\/wp-json\/wp\/v2\/media?parent=16560"}],"wp:term":[{"taxonomy":"project_category","embeddable":true,"href":"https:\/\/www.colindres.es\/index.php\/wp-json\/wp\/v2\/project_category?post=16560"},{"taxonomy":"project_tag","embeddable":true,"href":"https:\/\/www.colindres.es\/index.php\/wp-json\/wp\/v2\/project_tag?post=16560"}],"curies":[{"name":"wp","href":"https:\/\/api.w.org\/{rel}","templated":true}]}}