{"id":1656,"date":"2018-07-12T08:53:29","date_gmt":"2018-07-12T08:53:29","guid":{"rendered":"http:\/\/colindres.es\/?post_type=project&#038;p=1656"},"modified":"2018-07-12T09:00:50","modified_gmt":"2018-07-12T09:00:50","slug":"lista-definitiva-de-aspirantes-admitidos-y-excluidos-al-proceso-selectivo-para-la-formacion-de-una-bolsa-de-trabajo-de-auxiliar-administrativo-personal-laboral-temporal","status":"publish","type":"project","link":"https:\/\/www.colindres.es\/index.php\/project\/lista-definitiva-de-aspirantes-admitidos-y-excluidos-al-proceso-selectivo-para-la-formacion-de-una-bolsa-de-trabajo-de-auxiliar-administrativo-personal-laboral-temporal\/","title":{"rendered":"Lista definitiva de aspirantes admitidos y excluidos, al proceso selectivo para la formaci\u00f3n de una bolsa de trabajo de Auxiliar Administrativo (personal laboral temporal)"},"content":{"rendered":"<p><b><span style=\"font-size: small;\">Decreto de la Presidencia 88\/2018 <\/span><\/b><\/p>\n<p>D. Javier Incera Goyenechea, Presidente de la Mancomunidad de Servicios Sociales de Ampuero, Limpias, Liendo, Guriezo y Colindres, en el d\u00eda de la fecha dicto la siguiente resoluci\u00f3n:<\/p>\n<p>Visto el acuerdo de Junta de la Mancomunidad de fecha 17 de mayo de 2018 por el que se aprobaban las bases y la convocatoria para conforma una bolsa de trabajo de Auxiliar Administrativo (personal laboral temporal).<\/p>\n<p>Aprobada la relaci\u00f3n provisional de admitidos y excluidos por Decreto de Presidencia 75\/2018, de 26 de junio, y sometida a exposici\u00f3n p\u00fablica mediante anuncio en la p\u00e1gina web del Ayuntamiento de Colindres y en su tabl\u00f3n de anuncios, para la presentaci\u00f3n de alegaciones. Visto el certificado emitido por el Secretario de la Mancomunidad de fecha 9 de julio de 2018.<\/p>\n<p>Teniendo en cuenta todo lo anterior, y a la vista de las competencias que me atribuye el art\u00edculo 21.1 h) de la Ley 7\/1985, de 2 de abril, de bases de r\u00e9gimen local, y a la vista de las competencias que me atribuye el art\u00edculo 11 g) de los Estatutos de la Mancomunidad (BOC n\u00ba: 216, de 8 de noviembre de 2001)<\/p>\n<p>RESUELVO:<\/p>\n<p><span style=\"font-size: small;\"><b>Primero.- <\/b><\/span><span style=\"font-family: Verdana,Verdana; font-size: small;\">Aprobar la lista definitiva de aspirantes admitidos y excluidos, al proceso selectivo para la formaci\u00f3n de una bolsa de trabajo de Auxiliar Administrativo (personal laboral temporal), en los siguientes t\u00e9rminos: <\/span><\/p>\n<p>ASPIRANTES ADMITIDOS<\/p>\n<ul>\n<li>1. AGUIRRE LAVIN, LORENA<\/li>\n<li>2. ALONSO CAGIGAS, MARIA PILAR<\/li>\n<li>3. ALONSO CANO, MIREYA<\/li>\n<li>4. ALQUEGUI MARTINEZ, VANESA<\/li>\n<li>5. ARCE GUTIERREZ, MARIA YOLANDA<\/li>\n<li>6. ARENAS CRESPO, MARGARITA<\/li>\n<li>7. ARIAS ARCE, ANA<\/li>\n<li>8. CABALLO GUTIERREZ, AINTZANE<\/li>\n<li>9. CALVO BUSANNY, ERIKA<\/li>\n<li>10. DIEZ GUTIERREZ, MARIA PILAR<\/li>\n<li>11. ECHEVARRIA SARABIA, ANA BELEN<\/li>\n<li>12. FERNANDEZ ORTIZ, ANA BEGO\u00d1A<\/li>\n<li>13. FERNANDEZ SOLANA, IRMA<\/li>\n<li>14. GARCIA MERENCIANO, NOELIA<\/li>\n<li>15. GOMEZ GAMIZO, JESICA<\/li>\n<li>16. GOMEZ NESTAR, ESPERANZA<\/li>\n<li>17. GONZALEZ MORENO, NATALIA<\/li>\n<li>18. GONZALEZ VAZQUEZ, ISABEL<\/li>\n<li>19. GOROSTEGUI RUIZ, ANUNCIACI\u00d3N<\/li>\n<li>20. GUTIERREZ DE LEIVA, ISABEL<\/li>\n<li>21. GUTIERREZ FERNANDEZ, ELISA<\/li>\n<li>22. GUTIERREZ REVUELTA, SARA<\/li>\n<li>23. HERNANDEZ QUIJANO, MARIA DEL CARMEN<\/li>\n<li>24. INCERA MARTINEZ, MARIA ANGELES<\/li>\n<li>25. JARILLO SOLAR, ELENA<\/li>\n<li>26. LARRONDO BECERRA, SERGIO<\/li>\n<li>27. LOMBERA HELGUERA, EVA<\/li>\n<li>28. LOPEZ GOMEZ, ANA ISABEL<\/li>\n<li>29. LOPEZ MACHO, MARIA OLGA<\/li>\n<li>30. LUS SANTIESTEBAN, ANA MARIA<\/li>\n<li>31. MACIAS VILLALOBOS, ARACELI<\/li>\n<li>32. MORENO CAMINO, EMMA<\/li>\n<li>33. MORETA ABASCAL, MARTA<\/li>\n<li>34. PARRA ROMERO, JUAN MANUEL<\/li>\n<li>35. PERAL CAMPO, ANA ISABEL<\/li>\n<li>36. PEREZ LOPEZ, AINARA ESPERANZA<\/li>\n<li>37. PUJANA CARBALLO, NAIARA<\/li>\n<li>38. ROBLES DEL BARRIO, CARMEN<\/li>\n<li>39. RUGAMA ONTALVILLA, BEGO\u00d1A<\/li>\n<li>40. RUIZ IGLESIAS, BERNARDO JOSE<\/li>\n<li>41. RYDZEWSKA, ANNA<\/li>\n<li>42. SANGRONIZ EXPOSITO, VERONICA<\/li>\n<li>43. VILLANUEVA SAIZ, RAUL<\/li>\n<\/ul>\n<p>ASPIRANTES EXCLUIDOS<\/p>\n<ul>\n<li>1. GALLEGO ALVAREZ, YOLANDA *T\u00cdTULO SIN COMPULSAR<\/li>\n<li>2. MATA ROBLES, MARTA *T\u00cdTULO SIN COMPULSAR<\/li>\n<li>3. RUIZ MACCIONE, MARIA *NO PRESENTA PERMISO DE CONDUCIR<\/li>\n<\/ul>\n<p><span style=\"font-family: Verdana,Verdana; font-size: small;\"><b>Segundo.- <\/b><\/span><span style=\"font-size: small;\">Constituir la Comisi\u00f3n de Valoraci\u00f3n de las pruebas selectivas que estar\u00e1 integrado por los siguientes miembros: <\/span><\/p>\n<ul>\n<li>\u2212 D\u00f1a. Irantzu Fern\u00e1ndez Palacio, Auxiliar Administrativo<\/li>\n<li>\u2212 D\u00f1a. Dolores Salcines Brigido, Administrativo<\/li>\n<li>\u2212 Don Jos\u00e9 Ignacio S\u00e1nchez Mart\u00ednez, Secretario de la Mancomunidad<\/li>\n<\/ul>\n<p><span style=\"font-family: Verdana,Verdana; font-size: small;\"><b>Tercero.- <\/b><\/span><span style=\"font-size: small;\">Ordenar la publicaci\u00f3n de anuncio relativo al presente acuerdo en el Tabl\u00f3n de Edictos y en la web municipal del Ayuntamiento de Colindres, y en la medida de lo posible en la web y tabl\u00f3n de anuncios de los Ayuntamientos integrantes de la Mancomunidad. <\/span><\/p>\n<p><span style=\"font-family: Verdana,Verdana; font-size: small;\"><b>Cuarto.- <\/b><\/span><span style=\"font-size: small;\">Que se d\u00e9 cuenta del presente acuerdo a la Junta de la Mancomunidad en la primera sesi\u00f3n ordinaria que celebre. <\/span><\/p>\n<p>Lo manda y firma el Sr. Presidente, en Colindres, a 11 de julio de 2018.<\/p>\n<p>El Presidente, Doy fe, el Secretario-Interventor,<\/p>\n<p>Javier Incera Goyenechea. Jos\u00e9 Ignacio S\u00e1nchez Mart\u00ednez.<\/p>\n<p>&nbsp;<\/p>\n<p><a href=\"http:\/\/colindres.es\/wp-content\/uploads\/2018\/07\/88-2018-Decreto-lista-definitiva-admitidos-excluidos-bolsa-auxiliar-administrativo.pdf\">Descargar el archivo en formato pdf.<\/a><\/p>\n<p>&nbsp;<\/p>\n","protected":false},"excerpt":{"rendered":"<p>Decreto de la Presidencia 88\/2018 D. Javier Incera Goyenechea, Presidente de la Mancomunidad de Servicios Sociales de Ampuero, Limpias, Liendo, Guriezo y Colindres, en el d\u00eda de la fecha dicto la siguiente resoluci\u00f3n: Visto el acuerdo de Junta de la Mancomunidad de fecha 17 de mayo de 2018 por el que se aprobaban las bases [&hellip;]<\/p>\n","protected":false},"author":1,"featured_media":1471,"comment_status":"open","ping_status":"closed","template":"","meta":{"_et_pb_use_builder":"","_et_pb_old_content":"","_et_gb_content_width":"","footnotes":""},"project_category":[],"project_tag":[],"class_list":["post-1656","project","type-project","status-publish","has-post-thumbnail","hentry"],"yoast_head":"<!-- This site is optimized with the Yoast SEO plugin v24.9 - https:\/\/yoast.com\/wordpress\/plugins\/seo\/ -->\n<title>Lista definitiva de aspirantes admitidos y excluidos, al proceso selectivo para la formaci\u00f3n de una bolsa de trabajo de Auxiliar Administrativo (personal laboral temporal) - Ayuntamiento de Colindres<\/title>\n<meta name=\"robots\" content=\"index, follow, max-snippet:-1, max-image-preview:large, max-video-preview:-1\" \/>\n<link rel=\"canonical\" href=\"https:\/\/www.colindres.es\/index.php\/project\/lista-definitiva-de-aspirantes-admitidos-y-excluidos-al-proceso-selectivo-para-la-formacion-de-una-bolsa-de-trabajo-de-auxiliar-administrativo-personal-laboral-temporal\/\" \/>\n<meta property=\"og:locale\" content=\"es_ES\" \/>\n<meta property=\"og:type\" content=\"article\" \/>\n<meta property=\"og:title\" content=\"Lista definitiva de aspirantes admitidos y excluidos, al proceso selectivo para la formaci\u00f3n de una bolsa de trabajo de Auxiliar Administrativo (personal laboral temporal) - Ayuntamiento de Colindres\" \/>\n<meta property=\"og:description\" content=\"Decreto de la Presidencia 88\/2018 D. Javier Incera Goyenechea, Presidente de la Mancomunidad de Servicios Sociales de Ampuero, Limpias, Liendo, Guriezo y Colindres, en el d\u00eda de la fecha dicto la siguiente resoluci\u00f3n: Visto el acuerdo de Junta de la Mancomunidad de fecha 17 de mayo de 2018 por el que se aprobaban las bases [&hellip;]\" \/>\n<meta property=\"og:url\" content=\"https:\/\/www.colindres.es\/index.php\/project\/lista-definitiva-de-aspirantes-admitidos-y-excluidos-al-proceso-selectivo-para-la-formacion-de-una-bolsa-de-trabajo-de-auxiliar-administrativo-personal-laboral-temporal\/\" \/>\n<meta property=\"og:site_name\" content=\"Ayuntamiento de Colindres\" \/>\n<meta property=\"article:modified_time\" content=\"2018-07-12T09:00:50+00:00\" \/>\n<meta property=\"og:image\" content=\"https:\/\/www.colindres.es\/wp-content\/uploads\/2018\/04\/mancomunidad.jpg\" \/>\n\t<meta property=\"og:image:width\" content=\"1376\" \/>\n\t<meta property=\"og:image:height\" content=\"1040\" \/>\n\t<meta property=\"og:image:type\" content=\"image\/jpeg\" \/>\n<meta name=\"twitter:card\" content=\"summary_large_image\" \/>\n<meta name=\"twitter:label1\" content=\"Tiempo de lectura\" \/>\n\t<meta name=\"twitter:data1\" content=\"3 minutos\" \/>\n<script type=\"application\/ld+json\" class=\"yoast-schema-graph\">{\"@context\":\"https:\/\/schema.org\",\"@graph\":[{\"@type\":\"WebPage\",\"@id\":\"https:\/\/www.colindres.es\/index.php\/project\/lista-definitiva-de-aspirantes-admitidos-y-excluidos-al-proceso-selectivo-para-la-formacion-de-una-bolsa-de-trabajo-de-auxiliar-administrativo-personal-laboral-temporal\/\",\"url\":\"https:\/\/www.colindres.es\/index.php\/project\/lista-definitiva-de-aspirantes-admitidos-y-excluidos-al-proceso-selectivo-para-la-formacion-de-una-bolsa-de-trabajo-de-auxiliar-administrativo-personal-laboral-temporal\/\",\"name\":\"Lista definitiva de aspirantes admitidos y excluidos, al proceso selectivo para la formaci\u00f3n de una bolsa de trabajo de Auxiliar Administrativo (personal laboral temporal) - Ayuntamiento de Colindres\",\"isPartOf\":{\"@id\":\"https:\/\/www.colindres.es\/#website\"},\"primaryImageOfPage\":{\"@id\":\"https:\/\/www.colindres.es\/index.php\/project\/lista-definitiva-de-aspirantes-admitidos-y-excluidos-al-proceso-selectivo-para-la-formacion-de-una-bolsa-de-trabajo-de-auxiliar-administrativo-personal-laboral-temporal\/#primaryimage\"},\"image\":{\"@id\":\"https:\/\/www.colindres.es\/index.php\/project\/lista-definitiva-de-aspirantes-admitidos-y-excluidos-al-proceso-selectivo-para-la-formacion-de-una-bolsa-de-trabajo-de-auxiliar-administrativo-personal-laboral-temporal\/#primaryimage\"},\"thumbnailUrl\":\"https:\/\/www.colindres.es\/wp-content\/uploads\/2018\/04\/mancomunidad.jpg\",\"datePublished\":\"2018-07-12T08:53:29+00:00\",\"dateModified\":\"2018-07-12T09:00:50+00:00\",\"breadcrumb\":{\"@id\":\"https:\/\/www.colindres.es\/index.php\/project\/lista-definitiva-de-aspirantes-admitidos-y-excluidos-al-proceso-selectivo-para-la-formacion-de-una-bolsa-de-trabajo-de-auxiliar-administrativo-personal-laboral-temporal\/#breadcrumb\"},\"inLanguage\":\"es\",\"potentialAction\":[{\"@type\":\"ReadAction\",\"target\":[\"https:\/\/www.colindres.es\/index.php\/project\/lista-definitiva-de-aspirantes-admitidos-y-excluidos-al-proceso-selectivo-para-la-formacion-de-una-bolsa-de-trabajo-de-auxiliar-administrativo-personal-laboral-temporal\/\"]}]},{\"@type\":\"ImageObject\",\"inLanguage\":\"es\",\"@id\":\"https:\/\/www.colindres.es\/index.php\/project\/lista-definitiva-de-aspirantes-admitidos-y-excluidos-al-proceso-selectivo-para-la-formacion-de-una-bolsa-de-trabajo-de-auxiliar-administrativo-personal-laboral-temporal\/#primaryimage\",\"url\":\"https:\/\/www.colindres.es\/wp-content\/uploads\/2018\/04\/mancomunidad.jpg\",\"contentUrl\":\"https:\/\/www.colindres.es\/wp-content\/uploads\/2018\/04\/mancomunidad.jpg\",\"width\":1376,\"height\":1040,\"caption\":\"logo mancomunidad\"},{\"@type\":\"BreadcrumbList\",\"@id\":\"https:\/\/www.colindres.es\/index.php\/project\/lista-definitiva-de-aspirantes-admitidos-y-excluidos-al-proceso-selectivo-para-la-formacion-de-una-bolsa-de-trabajo-de-auxiliar-administrativo-personal-laboral-temporal\/#breadcrumb\",\"itemListElement\":[{\"@type\":\"ListItem\",\"position\":1,\"name\":\"Portada\",\"item\":\"https:\/\/www.colindres.es\/\"},{\"@type\":\"ListItem\",\"position\":2,\"name\":\"Proyectos\",\"item\":\"https:\/\/www.colindres.es\/index.php\/project\/\"},{\"@type\":\"ListItem\",\"position\":3,\"name\":\"Lista definitiva de aspirantes admitidos y excluidos, al proceso selectivo para la formaci\u00f3n de una bolsa de trabajo de Auxiliar Administrativo (personal laboral temporal)\"}]},{\"@type\":\"WebSite\",\"@id\":\"https:\/\/www.colindres.es\/#website\",\"url\":\"https:\/\/www.colindres.es\/\",\"name\":\"Ayuntamiento de Colindres\",\"description\":\"Dise\u00f1ado por NTIC&#039;s\",\"publisher\":{\"@id\":\"https:\/\/www.colindres.es\/#organization\"},\"potentialAction\":[{\"@type\":\"SearchAction\",\"target\":{\"@type\":\"EntryPoint\",\"urlTemplate\":\"https:\/\/www.colindres.es\/?s={search_term_string}\"},\"query-input\":{\"@type\":\"PropertyValueSpecification\",\"valueRequired\":true,\"valueName\":\"search_term_string\"}}],\"inLanguage\":\"es\"},{\"@type\":\"Organization\",\"@id\":\"https:\/\/www.colindres.es\/#organization\",\"name\":\"AYUNTAMIENTO DE COLINDRES\",\"url\":\"https:\/\/www.colindres.es\/\",\"logo\":{\"@type\":\"ImageObject\",\"inLanguage\":\"es\",\"@id\":\"https:\/\/www.colindres.es\/#\/schema\/logo\/image\/\",\"url\":\"https:\/\/www.colindres.es\/wp-content\/uploads\/2017\/01\/LOGO-PRINCIPAL.jpg\",\"contentUrl\":\"https:\/\/www.colindres.es\/wp-content\/uploads\/2017\/01\/LOGO-PRINCIPAL.jpg\",\"width\":1209,\"height\":579,\"caption\":\"AYUNTAMIENTO DE COLINDRES\"},\"image\":{\"@id\":\"https:\/\/www.colindres.es\/#\/schema\/logo\/image\/\"}}]}<\/script>\n<!-- \/ Yoast SEO plugin. -->","yoast_head_json":{"title":"Lista definitiva de aspirantes admitidos y excluidos, al proceso selectivo para la formaci\u00f3n de una bolsa de trabajo de Auxiliar Administrativo (personal laboral temporal) - Ayuntamiento de Colindres","robots":{"index":"index","follow":"follow","max-snippet":"max-snippet:-1","max-image-preview":"max-image-preview:large","max-video-preview":"max-video-preview:-1"},"canonical":"https:\/\/www.colindres.es\/index.php\/project\/lista-definitiva-de-aspirantes-admitidos-y-excluidos-al-proceso-selectivo-para-la-formacion-de-una-bolsa-de-trabajo-de-auxiliar-administrativo-personal-laboral-temporal\/","og_locale":"es_ES","og_type":"article","og_title":"Lista definitiva de aspirantes admitidos y excluidos, al proceso selectivo para la formaci\u00f3n de una bolsa de trabajo de Auxiliar Administrativo (personal laboral temporal) - Ayuntamiento de Colindres","og_description":"Decreto de la Presidencia 88\/2018 D. Javier Incera Goyenechea, Presidente de la Mancomunidad de Servicios Sociales de Ampuero, Limpias, Liendo, Guriezo y Colindres, en el d\u00eda de la fecha dicto la siguiente resoluci\u00f3n: Visto el acuerdo de Junta de la Mancomunidad de fecha 17 de mayo de 2018 por el que se aprobaban las bases [&hellip;]","og_url":"https:\/\/www.colindres.es\/index.php\/project\/lista-definitiva-de-aspirantes-admitidos-y-excluidos-al-proceso-selectivo-para-la-formacion-de-una-bolsa-de-trabajo-de-auxiliar-administrativo-personal-laboral-temporal\/","og_site_name":"Ayuntamiento de Colindres","article_modified_time":"2018-07-12T09:00:50+00:00","og_image":[{"width":1376,"height":1040,"url":"https:\/\/www.colindres.es\/wp-content\/uploads\/2018\/04\/mancomunidad.jpg","type":"image\/jpeg"}],"twitter_card":"summary_large_image","twitter_misc":{"Tiempo de lectura":"3 minutos"},"schema":{"@context":"https:\/\/schema.org","@graph":[{"@type":"WebPage","@id":"https:\/\/www.colindres.es\/index.php\/project\/lista-definitiva-de-aspirantes-admitidos-y-excluidos-al-proceso-selectivo-para-la-formacion-de-una-bolsa-de-trabajo-de-auxiliar-administrativo-personal-laboral-temporal\/","url":"https:\/\/www.colindres.es\/index.php\/project\/lista-definitiva-de-aspirantes-admitidos-y-excluidos-al-proceso-selectivo-para-la-formacion-de-una-bolsa-de-trabajo-de-auxiliar-administrativo-personal-laboral-temporal\/","name":"Lista definitiva de aspirantes admitidos y excluidos, al proceso selectivo para la formaci\u00f3n de una bolsa de trabajo de Auxiliar Administrativo (personal laboral temporal) - Ayuntamiento de Colindres","isPartOf":{"@id":"https:\/\/www.colindres.es\/#website"},"primaryImageOfPage":{"@id":"https:\/\/www.colindres.es\/index.php\/project\/lista-definitiva-de-aspirantes-admitidos-y-excluidos-al-proceso-selectivo-para-la-formacion-de-una-bolsa-de-trabajo-de-auxiliar-administrativo-personal-laboral-temporal\/#primaryimage"},"image":{"@id":"https:\/\/www.colindres.es\/index.php\/project\/lista-definitiva-de-aspirantes-admitidos-y-excluidos-al-proceso-selectivo-para-la-formacion-de-una-bolsa-de-trabajo-de-auxiliar-administrativo-personal-laboral-temporal\/#primaryimage"},"thumbnailUrl":"https:\/\/www.colindres.es\/wp-content\/uploads\/2018\/04\/mancomunidad.jpg","datePublished":"2018-07-12T08:53:29+00:00","dateModified":"2018-07-12T09:00:50+00:00","breadcrumb":{"@id":"https:\/\/www.colindres.es\/index.php\/project\/lista-definitiva-de-aspirantes-admitidos-y-excluidos-al-proceso-selectivo-para-la-formacion-de-una-bolsa-de-trabajo-de-auxiliar-administrativo-personal-laboral-temporal\/#breadcrumb"},"inLanguage":"es","potentialAction":[{"@type":"ReadAction","target":["https:\/\/www.colindres.es\/index.php\/project\/lista-definitiva-de-aspirantes-admitidos-y-excluidos-al-proceso-selectivo-para-la-formacion-de-una-bolsa-de-trabajo-de-auxiliar-administrativo-personal-laboral-temporal\/"]}]},{"@type":"ImageObject","inLanguage":"es","@id":"https:\/\/www.colindres.es\/index.php\/project\/lista-definitiva-de-aspirantes-admitidos-y-excluidos-al-proceso-selectivo-para-la-formacion-de-una-bolsa-de-trabajo-de-auxiliar-administrativo-personal-laboral-temporal\/#primaryimage","url":"https:\/\/www.colindres.es\/wp-content\/uploads\/2018\/04\/mancomunidad.jpg","contentUrl":"https:\/\/www.colindres.es\/wp-content\/uploads\/2018\/04\/mancomunidad.jpg","width":1376,"height":1040,"caption":"logo mancomunidad"},{"@type":"BreadcrumbList","@id":"https:\/\/www.colindres.es\/index.php\/project\/lista-definitiva-de-aspirantes-admitidos-y-excluidos-al-proceso-selectivo-para-la-formacion-de-una-bolsa-de-trabajo-de-auxiliar-administrativo-personal-laboral-temporal\/#breadcrumb","itemListElement":[{"@type":"ListItem","position":1,"name":"Portada","item":"https:\/\/www.colindres.es\/"},{"@type":"ListItem","position":2,"name":"Proyectos","item":"https:\/\/www.colindres.es\/index.php\/project\/"},{"@type":"ListItem","position":3,"name":"Lista definitiva de aspirantes admitidos y excluidos, al proceso selectivo para la formaci\u00f3n de una bolsa de trabajo de Auxiliar Administrativo (personal laboral temporal)"}]},{"@type":"WebSite","@id":"https:\/\/www.colindres.es\/#website","url":"https:\/\/www.colindres.es\/","name":"Ayuntamiento de Colindres","description":"Dise\u00f1ado por NTIC&#039;s","publisher":{"@id":"https:\/\/www.colindres.es\/#organization"},"potentialAction":[{"@type":"SearchAction","target":{"@type":"EntryPoint","urlTemplate":"https:\/\/www.colindres.es\/?s={search_term_string}"},"query-input":{"@type":"PropertyValueSpecification","valueRequired":true,"valueName":"search_term_string"}}],"inLanguage":"es"},{"@type":"Organization","@id":"https:\/\/www.colindres.es\/#organization","name":"AYUNTAMIENTO DE COLINDRES","url":"https:\/\/www.colindres.es\/","logo":{"@type":"ImageObject","inLanguage":"es","@id":"https:\/\/www.colindres.es\/#\/schema\/logo\/image\/","url":"https:\/\/www.colindres.es\/wp-content\/uploads\/2017\/01\/LOGO-PRINCIPAL.jpg","contentUrl":"https:\/\/www.colindres.es\/wp-content\/uploads\/2017\/01\/LOGO-PRINCIPAL.jpg","width":1209,"height":579,"caption":"AYUNTAMIENTO DE COLINDRES"},"image":{"@id":"https:\/\/www.colindres.es\/#\/schema\/logo\/image\/"}}]}},"_links":{"self":[{"href":"https:\/\/www.colindres.es\/index.php\/wp-json\/wp\/v2\/project\/1656","targetHints":{"allow":["GET"]}}],"collection":[{"href":"https:\/\/www.colindres.es\/index.php\/wp-json\/wp\/v2\/project"}],"about":[{"href":"https:\/\/www.colindres.es\/index.php\/wp-json\/wp\/v2\/types\/project"}],"author":[{"embeddable":true,"href":"https:\/\/www.colindres.es\/index.php\/wp-json\/wp\/v2\/users\/1"}],"replies":[{"embeddable":true,"href":"https:\/\/www.colindres.es\/index.php\/wp-json\/wp\/v2\/comments?post=1656"}],"version-history":[{"count":2,"href":"https:\/\/www.colindres.es\/index.php\/wp-json\/wp\/v2\/project\/1656\/revisions"}],"predecessor-version":[{"id":1665,"href":"https:\/\/www.colindres.es\/index.php\/wp-json\/wp\/v2\/project\/1656\/revisions\/1665"}],"wp:featuredmedia":[{"embeddable":true,"href":"https:\/\/www.colindres.es\/index.php\/wp-json\/wp\/v2\/media\/1471"}],"wp:attachment":[{"href":"https:\/\/www.colindres.es\/index.php\/wp-json\/wp\/v2\/media?parent=1656"}],"wp:term":[{"taxonomy":"project_category","embeddable":true,"href":"https:\/\/www.colindres.es\/index.php\/wp-json\/wp\/v2\/project_category?post=1656"},{"taxonomy":"project_tag","embeddable":true,"href":"https:\/\/www.colindres.es\/index.php\/wp-json\/wp\/v2\/project_tag?post=1656"}],"curies":[{"name":"wp","href":"https:\/\/api.w.org\/{rel}","templated":true}]}}