{"id":16543,"date":"2022-03-01T13:48:22","date_gmt":"2022-03-01T12:48:22","guid":{"rendered":"https:\/\/www.colindres.es\/?post_type=project&#038;p=16543"},"modified":"2022-03-01T13:48:22","modified_gmt":"2022-03-01T12:48:22","slug":"inaugurada-en-la-casa-de-cultura-de-colindres-la-exposicion-miradas-enfermeras-de-la-pandemia","status":"publish","type":"project","link":"https:\/\/www.colindres.es\/index.php\/project\/inaugurada-en-la-casa-de-cultura-de-colindres-la-exposicion-miradas-enfermeras-de-la-pandemia\/","title":{"rendered":"Inaugurada en la Casa de Cultura de Colindres  la exposici\u00f3n \u201cMiradas Enfermeras de la pandemia\u201d"},"content":{"rendered":"<p><strong>La muestra\u00a0 del Colegio de Enfermeras y Enfermeros\u00a0 de Cantabria se inaugur\u00f3 ayer por la tarde\u00a0 y estar\u00e1 expuesta hasta el 21 de marzo<\/strong><\/p>\n<p><em>La exposici\u00f3n itinerante\u00a0 \u201cMiradas enfermeras de la pandemia\u201d, compuesta por las tres fotograf\u00edas ganadoras y las 16 mejor valoradas de las \u00a0que se presentaron al VIII Concurso Fotogr\u00e1fico del Colegio de Enfermeras y Enfermeros de Cantabria, se\u00a0 ha inaugurado\u00a0 en la Casa de Cultura de\u00a0 Colindres despu\u00e9s de haber estado expuesta en la sala de \u00e1mbito cultural de El Corte Ingl\u00e9s de Santander y en la Avenida de Espa\u00f1a de Torrelavega. <\/em><\/p>\n<p><em>La inauguraci\u00f3n se celebr\u00f3\u00a0 ayer\u00a0 por la tarde\u00a0 con un acto\u00a0 al que acudi\u00f3 \u00a0el alcalde de Colindres, Javier Incera; la concejala de Cultura, Araceli Ayesa; \u00a0la presidenta del Colegio de Enfermeras, M\u00aa Luz Fern\u00e1ndez; la tesorera, Inmaculada Torrijos; los vocales Mari\u00e1n Villa,\u00a0 Marta Saiz y Marcos Agudo; el capit\u00e1n de la Guarda Civil, H\u00e9ctor Arellano, el brigada Am\u00f3s Saro, y algunas enfermeras del hospital de Laredo que quisieron acudir al acto inaugural. <\/em><\/p>\n<p><em>El alcalde de Colindres agradeci\u00f3 al Colegio enfermero que hayan elegido su municipio para mostrar una exposici\u00f3n \u201cque va a hacer que no se olvide el esfuerzo que han hecho y siguen haciendo las enfermeras que debe materializarse en mejoras profesionales y salariales\u201d; y la concejala de Cultura, Araceli Ayesa, destac\u00f3 \u201cla buena idea de mostrar la importante labor de la enfermer\u00eda a trav\u00e9s de una iniciativa cultural\u201d, palabras que agradeci\u00f3 M\u00aa Luz Fern\u00e1ndez, que destac\u00f3 la buena disposici\u00f3n del Ayuntamiento y record\u00f3 que las enfermeras siguen haciendo un enorme esfuerzo poco reconocido por la Administraci\u00f3n. <\/em><\/p>\n<p><em>La muestra est\u00e1 \u00a0compuesta por las mejores \u00a0fotograf\u00edas del VIII Concurso Fotogr\u00e1fico de la entidad colegial \u00a0realizadas por enfermeros\u00a0 que han estado en primera l\u00ednea de fuego\u00a0 de la pandemia de covid-19\u00a0 que\u00a0 captan \u00a0momentos emotivos\u00a0 que hacen reflexionar al espectador sobre el papel \u00a0de las enfermeras durante estos a\u00f1os tan duros.<\/em><\/p>\n<p><em>Las tres fotograf\u00edas ganadoras\u00a0 son <\/em><strong><em>\u00a0\u201cAnimo compa\u00f1era, ya queda menos\u201d,\u00a0<\/em><\/strong>\u00a0del enfermero Andr\u00e9s Cicero Exp\u00f3sito, \u00a0que ha ganado el primer premio; \u00a0el segundo premio\u00a0 recay\u00f3 en la foto\u00a0<strong><em>\u201cA la de tres\u201d, \u00a0<\/em><\/strong><em>de<\/em><strong><em>\u00a0<\/em><\/strong>\u00a0Katia Quintanal Ledo; \u00a0 y el tercero en la instant\u00e1nea\u00a0<strong><em>\u201cAplausos olvidados\u201d,\u00a0<\/em><\/strong>\u00a0de \u00c1ngela Olano Exp\u00f3sito, que fueron elegidas por el jurado de los premios que este a\u00f1o han vivido \u00a0una convocatoria \u00a0muy especial por la importancia que ha tenido la pandemia en el colectivo, \u00a0\u00a0que ha dejado patente que la fuerza de las enfermeras es impredecible\u00a0\u00a0 e incalculable.<\/p>\n<p>La exposici\u00f3n itinerante va a recorrer diferentes municipios de Cantabria a lo largo de todo el a\u00f1o, a Colindres llega despu\u00e9s de haber estado\u00a0 expuesta\u00a0 primero en Santander y \u00a0posteriormente en\u00a0 Torrelavega desde el pasado 23 de diciembre.<\/p>\n","protected":false},"excerpt":{"rendered":"<p>La muestra\u00a0 del Colegio de Enfermeras y Enfermeros\u00a0 de Cantabria se inaugur\u00f3 ayer por la tarde\u00a0 y estar\u00e1 expuesta hasta el 21 de marzo La exposici\u00f3n itinerante\u00a0 \u201cMiradas enfermeras de la pandemia\u201d, compuesta por las tres fotograf\u00edas ganadoras y las 16 mejor valoradas de las \u00a0que se presentaron al VIII Concurso Fotogr\u00e1fico del Colegio de [&hellip;]<\/p>\n","protected":false},"author":1,"featured_media":16544,"comment_status":"open","ping_status":"closed","template":"","meta":{"_et_pb_use_builder":"","_et_pb_old_content":"","_et_gb_content_width":"","footnotes":""},"project_category":[6],"project_tag":[],"class_list":["post-16543","project","type-project","status-publish","has-post-thumbnail","hentry","project_category-noticias"],"yoast_head":"<!-- This site is optimized with the Yoast SEO plugin v24.9 - https:\/\/yoast.com\/wordpress\/plugins\/seo\/ -->\n<title>Inaugurada en la Casa de Cultura de Colindres la exposici\u00f3n \u201cMiradas Enfermeras de la pandemia\u201d - Ayuntamiento de Colindres<\/title>\n<meta name=\"robots\" content=\"index, follow, max-snippet:-1, max-image-preview:large, max-video-preview:-1\" \/>\n<link rel=\"canonical\" href=\"https:\/\/www.colindres.es\/index.php\/project\/inaugurada-en-la-casa-de-cultura-de-colindres-la-exposicion-miradas-enfermeras-de-la-pandemia\/\" \/>\n<meta property=\"og:locale\" content=\"es_ES\" \/>\n<meta property=\"og:type\" content=\"article\" \/>\n<meta property=\"og:title\" content=\"Inaugurada en la Casa de Cultura de Colindres la exposici\u00f3n \u201cMiradas Enfermeras de la pandemia\u201d - Ayuntamiento de Colindres\" \/>\n<meta property=\"og:description\" content=\"La muestra\u00a0 del Colegio de Enfermeras y Enfermeros\u00a0 de Cantabria se inaugur\u00f3 ayer por la tarde\u00a0 y estar\u00e1 expuesta hasta el 21 de marzo La exposici\u00f3n itinerante\u00a0 \u201cMiradas enfermeras de la pandemia\u201d, compuesta por las tres fotograf\u00edas ganadoras y las 16 mejor valoradas de las \u00a0que se presentaron al VIII Concurso Fotogr\u00e1fico del Colegio de [&hellip;]\" \/>\n<meta property=\"og:url\" content=\"https:\/\/www.colindres.es\/index.php\/project\/inaugurada-en-la-casa-de-cultura-de-colindres-la-exposicion-miradas-enfermeras-de-la-pandemia\/\" \/>\n<meta property=\"og:site_name\" content=\"Ayuntamiento de Colindres\" \/>\n<meta property=\"og:image\" content=\"https:\/\/www.colindres.es\/wp-content\/uploads\/2022\/03\/Foto-Expo-scaled.jpg\" \/>\n\t<meta property=\"og:image:width\" content=\"2560\" \/>\n\t<meta property=\"og:image:height\" content=\"1920\" \/>\n\t<meta property=\"og:image:type\" content=\"image\/jpeg\" \/>\n<meta name=\"twitter:card\" content=\"summary_large_image\" \/>\n<meta name=\"twitter:label1\" content=\"Tiempo de lectura\" \/>\n\t<meta name=\"twitter:data1\" content=\"3 minutos\" \/>\n<script type=\"application\/ld+json\" class=\"yoast-schema-graph\">{\"@context\":\"https:\/\/schema.org\",\"@graph\":[{\"@type\":\"WebPage\",\"@id\":\"https:\/\/www.colindres.es\/index.php\/project\/inaugurada-en-la-casa-de-cultura-de-colindres-la-exposicion-miradas-enfermeras-de-la-pandemia\/\",\"url\":\"https:\/\/www.colindres.es\/index.php\/project\/inaugurada-en-la-casa-de-cultura-de-colindres-la-exposicion-miradas-enfermeras-de-la-pandemia\/\",\"name\":\"Inaugurada en la Casa de Cultura de Colindres la exposici\u00f3n \u201cMiradas Enfermeras de la pandemia\u201d - Ayuntamiento de Colindres\",\"isPartOf\":{\"@id\":\"https:\/\/www.colindres.es\/#website\"},\"primaryImageOfPage\":{\"@id\":\"https:\/\/www.colindres.es\/index.php\/project\/inaugurada-en-la-casa-de-cultura-de-colindres-la-exposicion-miradas-enfermeras-de-la-pandemia\/#primaryimage\"},\"image\":{\"@id\":\"https:\/\/www.colindres.es\/index.php\/project\/inaugurada-en-la-casa-de-cultura-de-colindres-la-exposicion-miradas-enfermeras-de-la-pandemia\/#primaryimage\"},\"thumbnailUrl\":\"https:\/\/www.colindres.es\/wp-content\/uploads\/2022\/03\/Foto-Expo-scaled.jpg\",\"datePublished\":\"2022-03-01T12:48:22+00:00\",\"breadcrumb\":{\"@id\":\"https:\/\/www.colindres.es\/index.php\/project\/inaugurada-en-la-casa-de-cultura-de-colindres-la-exposicion-miradas-enfermeras-de-la-pandemia\/#breadcrumb\"},\"inLanguage\":\"es\",\"potentialAction\":[{\"@type\":\"ReadAction\",\"target\":[\"https:\/\/www.colindres.es\/index.php\/project\/inaugurada-en-la-casa-de-cultura-de-colindres-la-exposicion-miradas-enfermeras-de-la-pandemia\/\"]}]},{\"@type\":\"ImageObject\",\"inLanguage\":\"es\",\"@id\":\"https:\/\/www.colindres.es\/index.php\/project\/inaugurada-en-la-casa-de-cultura-de-colindres-la-exposicion-miradas-enfermeras-de-la-pandemia\/#primaryimage\",\"url\":\"https:\/\/www.colindres.es\/wp-content\/uploads\/2022\/03\/Foto-Expo-scaled.jpg\",\"contentUrl\":\"https:\/\/www.colindres.es\/wp-content\/uploads\/2022\/03\/Foto-Expo-scaled.jpg\",\"width\":2560,\"height\":1920},{\"@type\":\"BreadcrumbList\",\"@id\":\"https:\/\/www.colindres.es\/index.php\/project\/inaugurada-en-la-casa-de-cultura-de-colindres-la-exposicion-miradas-enfermeras-de-la-pandemia\/#breadcrumb\",\"itemListElement\":[{\"@type\":\"ListItem\",\"position\":1,\"name\":\"Portada\",\"item\":\"https:\/\/www.colindres.es\/\"},{\"@type\":\"ListItem\",\"position\":2,\"name\":\"Proyectos\",\"item\":\"https:\/\/www.colindres.es\/index.php\/project\/\"},{\"@type\":\"ListItem\",\"position\":3,\"name\":\"Inaugurada en la Casa de Cultura de Colindres la exposici\u00f3n \u201cMiradas Enfermeras de la pandemia\u201d\"}]},{\"@type\":\"WebSite\",\"@id\":\"https:\/\/www.colindres.es\/#website\",\"url\":\"https:\/\/www.colindres.es\/\",\"name\":\"Ayuntamiento de Colindres\",\"description\":\"Dise\u00f1ado por NTIC&#039;s\",\"publisher\":{\"@id\":\"https:\/\/www.colindres.es\/#organization\"},\"potentialAction\":[{\"@type\":\"SearchAction\",\"target\":{\"@type\":\"EntryPoint\",\"urlTemplate\":\"https:\/\/www.colindres.es\/?s={search_term_string}\"},\"query-input\":{\"@type\":\"PropertyValueSpecification\",\"valueRequired\":true,\"valueName\":\"search_term_string\"}}],\"inLanguage\":\"es\"},{\"@type\":\"Organization\",\"@id\":\"https:\/\/www.colindres.es\/#organization\",\"name\":\"AYUNTAMIENTO DE COLINDRES\",\"url\":\"https:\/\/www.colindres.es\/\",\"logo\":{\"@type\":\"ImageObject\",\"inLanguage\":\"es\",\"@id\":\"https:\/\/www.colindres.es\/#\/schema\/logo\/image\/\",\"url\":\"https:\/\/www.colindres.es\/wp-content\/uploads\/2017\/01\/LOGO-PRINCIPAL.jpg\",\"contentUrl\":\"https:\/\/www.colindres.es\/wp-content\/uploads\/2017\/01\/LOGO-PRINCIPAL.jpg\",\"width\":1209,\"height\":579,\"caption\":\"AYUNTAMIENTO DE COLINDRES\"},\"image\":{\"@id\":\"https:\/\/www.colindres.es\/#\/schema\/logo\/image\/\"}}]}<\/script>\n<!-- \/ Yoast SEO plugin. -->","yoast_head_json":{"title":"Inaugurada en la Casa de Cultura de Colindres la exposici\u00f3n \u201cMiradas Enfermeras de la pandemia\u201d - Ayuntamiento de Colindres","robots":{"index":"index","follow":"follow","max-snippet":"max-snippet:-1","max-image-preview":"max-image-preview:large","max-video-preview":"max-video-preview:-1"},"canonical":"https:\/\/www.colindres.es\/index.php\/project\/inaugurada-en-la-casa-de-cultura-de-colindres-la-exposicion-miradas-enfermeras-de-la-pandemia\/","og_locale":"es_ES","og_type":"article","og_title":"Inaugurada en la Casa de Cultura de Colindres la exposici\u00f3n \u201cMiradas Enfermeras de la pandemia\u201d - Ayuntamiento de Colindres","og_description":"La muestra\u00a0 del Colegio de Enfermeras y Enfermeros\u00a0 de Cantabria se inaugur\u00f3 ayer por la tarde\u00a0 y estar\u00e1 expuesta hasta el 21 de marzo La exposici\u00f3n itinerante\u00a0 \u201cMiradas enfermeras de la pandemia\u201d, compuesta por las tres fotograf\u00edas ganadoras y las 16 mejor valoradas de las \u00a0que se presentaron al VIII Concurso Fotogr\u00e1fico del Colegio de [&hellip;]","og_url":"https:\/\/www.colindres.es\/index.php\/project\/inaugurada-en-la-casa-de-cultura-de-colindres-la-exposicion-miradas-enfermeras-de-la-pandemia\/","og_site_name":"Ayuntamiento de Colindres","og_image":[{"width":2560,"height":1920,"url":"https:\/\/www.colindres.es\/wp-content\/uploads\/2022\/03\/Foto-Expo-scaled.jpg","type":"image\/jpeg"}],"twitter_card":"summary_large_image","twitter_misc":{"Tiempo de lectura":"3 minutos"},"schema":{"@context":"https:\/\/schema.org","@graph":[{"@type":"WebPage","@id":"https:\/\/www.colindres.es\/index.php\/project\/inaugurada-en-la-casa-de-cultura-de-colindres-la-exposicion-miradas-enfermeras-de-la-pandemia\/","url":"https:\/\/www.colindres.es\/index.php\/project\/inaugurada-en-la-casa-de-cultura-de-colindres-la-exposicion-miradas-enfermeras-de-la-pandemia\/","name":"Inaugurada en la Casa de Cultura de Colindres la exposici\u00f3n \u201cMiradas Enfermeras de la pandemia\u201d - Ayuntamiento de Colindres","isPartOf":{"@id":"https:\/\/www.colindres.es\/#website"},"primaryImageOfPage":{"@id":"https:\/\/www.colindres.es\/index.php\/project\/inaugurada-en-la-casa-de-cultura-de-colindres-la-exposicion-miradas-enfermeras-de-la-pandemia\/#primaryimage"},"image":{"@id":"https:\/\/www.colindres.es\/index.php\/project\/inaugurada-en-la-casa-de-cultura-de-colindres-la-exposicion-miradas-enfermeras-de-la-pandemia\/#primaryimage"},"thumbnailUrl":"https:\/\/www.colindres.es\/wp-content\/uploads\/2022\/03\/Foto-Expo-scaled.jpg","datePublished":"2022-03-01T12:48:22+00:00","breadcrumb":{"@id":"https:\/\/www.colindres.es\/index.php\/project\/inaugurada-en-la-casa-de-cultura-de-colindres-la-exposicion-miradas-enfermeras-de-la-pandemia\/#breadcrumb"},"inLanguage":"es","potentialAction":[{"@type":"ReadAction","target":["https:\/\/www.colindres.es\/index.php\/project\/inaugurada-en-la-casa-de-cultura-de-colindres-la-exposicion-miradas-enfermeras-de-la-pandemia\/"]}]},{"@type":"ImageObject","inLanguage":"es","@id":"https:\/\/www.colindres.es\/index.php\/project\/inaugurada-en-la-casa-de-cultura-de-colindres-la-exposicion-miradas-enfermeras-de-la-pandemia\/#primaryimage","url":"https:\/\/www.colindres.es\/wp-content\/uploads\/2022\/03\/Foto-Expo-scaled.jpg","contentUrl":"https:\/\/www.colindres.es\/wp-content\/uploads\/2022\/03\/Foto-Expo-scaled.jpg","width":2560,"height":1920},{"@type":"BreadcrumbList","@id":"https:\/\/www.colindres.es\/index.php\/project\/inaugurada-en-la-casa-de-cultura-de-colindres-la-exposicion-miradas-enfermeras-de-la-pandemia\/#breadcrumb","itemListElement":[{"@type":"ListItem","position":1,"name":"Portada","item":"https:\/\/www.colindres.es\/"},{"@type":"ListItem","position":2,"name":"Proyectos","item":"https:\/\/www.colindres.es\/index.php\/project\/"},{"@type":"ListItem","position":3,"name":"Inaugurada en la Casa de Cultura de Colindres la exposici\u00f3n \u201cMiradas Enfermeras de la pandemia\u201d"}]},{"@type":"WebSite","@id":"https:\/\/www.colindres.es\/#website","url":"https:\/\/www.colindres.es\/","name":"Ayuntamiento de Colindres","description":"Dise\u00f1ado por NTIC&#039;s","publisher":{"@id":"https:\/\/www.colindres.es\/#organization"},"potentialAction":[{"@type":"SearchAction","target":{"@type":"EntryPoint","urlTemplate":"https:\/\/www.colindres.es\/?s={search_term_string}"},"query-input":{"@type":"PropertyValueSpecification","valueRequired":true,"valueName":"search_term_string"}}],"inLanguage":"es"},{"@type":"Organization","@id":"https:\/\/www.colindres.es\/#organization","name":"AYUNTAMIENTO DE COLINDRES","url":"https:\/\/www.colindres.es\/","logo":{"@type":"ImageObject","inLanguage":"es","@id":"https:\/\/www.colindres.es\/#\/schema\/logo\/image\/","url":"https:\/\/www.colindres.es\/wp-content\/uploads\/2017\/01\/LOGO-PRINCIPAL.jpg","contentUrl":"https:\/\/www.colindres.es\/wp-content\/uploads\/2017\/01\/LOGO-PRINCIPAL.jpg","width":1209,"height":579,"caption":"AYUNTAMIENTO DE COLINDRES"},"image":{"@id":"https:\/\/www.colindres.es\/#\/schema\/logo\/image\/"}}]}},"_links":{"self":[{"href":"https:\/\/www.colindres.es\/index.php\/wp-json\/wp\/v2\/project\/16543","targetHints":{"allow":["GET"]}}],"collection":[{"href":"https:\/\/www.colindres.es\/index.php\/wp-json\/wp\/v2\/project"}],"about":[{"href":"https:\/\/www.colindres.es\/index.php\/wp-json\/wp\/v2\/types\/project"}],"author":[{"embeddable":true,"href":"https:\/\/www.colindres.es\/index.php\/wp-json\/wp\/v2\/users\/1"}],"replies":[{"embeddable":true,"href":"https:\/\/www.colindres.es\/index.php\/wp-json\/wp\/v2\/comments?post=16543"}],"version-history":[{"count":1,"href":"https:\/\/www.colindres.es\/index.php\/wp-json\/wp\/v2\/project\/16543\/revisions"}],"predecessor-version":[{"id":16545,"href":"https:\/\/www.colindres.es\/index.php\/wp-json\/wp\/v2\/project\/16543\/revisions\/16545"}],"wp:featuredmedia":[{"embeddable":true,"href":"https:\/\/www.colindres.es\/index.php\/wp-json\/wp\/v2\/media\/16544"}],"wp:attachment":[{"href":"https:\/\/www.colindres.es\/index.php\/wp-json\/wp\/v2\/media?parent=16543"}],"wp:term":[{"taxonomy":"project_category","embeddable":true,"href":"https:\/\/www.colindres.es\/index.php\/wp-json\/wp\/v2\/project_category?post=16543"},{"taxonomy":"project_tag","embeddable":true,"href":"https:\/\/www.colindres.es\/index.php\/wp-json\/wp\/v2\/project_tag?post=16543"}],"curies":[{"name":"wp","href":"https:\/\/api.w.org\/{rel}","templated":true}]}}