{"id":1647,"date":"2018-07-10T18:10:04","date_gmt":"2018-07-10T18:10:04","guid":{"rendered":"http:\/\/colindres.es\/?post_type=project&#038;p=1647"},"modified":"2018-07-10T18:10:04","modified_gmt":"2018-07-10T18:10:04","slug":"colindres-astillero-real","status":"publish","type":"project","link":"https:\/\/www.colindres.es\/index.php\/project\/colindres-astillero-real\/","title":{"rendered":"COLINDRES &#8211; ASTILLERO REAL"},"content":{"rendered":"<h3><strong>MERCADO BARROCO DEL 13 AL 15 DE JULIO<\/strong><br \/>\n<strong>I FERIA DE LA CERVEZA DEL 12 AL 16 DE JULIO<\/strong><br \/>\n<strong>VISITA LA NAO VICTORIA DEL 13 AL 16 DE JULIO<\/strong><\/h3>\n<p><em><strong>Martes 10 de Julio:<\/strong> <\/em><br \/>\n\u2022\u00a0A las 20 h. Conferencia LA EVOLUCI\u00d3N de la CIENCIA N\u00c1UTICA por Juan Jos\u00e9 Achutegui Rodr\u00edguez (Catedr\u00e1tico Jubilado de Ciencias y T\u00e9cnicas de la Navegaci\u00f3n) en el Sal\u00f3n de Plenos.<br \/>\n\u2022\u00a0Exposici\u00f3n de pintura COLINDRES y LA MAR a cargo de Carlos Parrilla Penagos en la sala de Exposiciones de la Casa de Cultura de Colindres.<\/p>\n<p><em><strong>Mi\u00e9rcoles 11 de Julio:<\/strong> <\/em><br \/>\n\u2022\u00a0A las 20 h. Conferencia REALES ASTILLEROS DE FALGOTE en COLINDRES por Juan Manuel Castanedo Gal\u00e1n (Doctor en Ciencias del Mar, Premio Virgen del Carmen 1996 de la Armada Espa\u00f1ola y Autor de numerosos libros sobre historia naval y mar\u00edtima), en el Sal\u00f3n de Plenos.<br \/>\nJueves 12 de Julio:<br \/>\n\u2022\u00a0En horario de la ludoteca actividades relacionadas con los Astilleros de Falgote.<br \/>\n\u2022\u00a0A las 19.30 h. Comienza la 1\u00aa Feria de la Cerveza. Podr\u00e1s optar al sorteo de tu peso en cerveza.<br \/>\n<em><strong>Viernes 13 de Julio:<\/strong><\/em><br \/>\n\u2022\u00a0Durante toda la jornada Feria de la Cerveza.<br \/>\n\u2022\u00a0De 10 a 21 h. Podr\u00e1s visitar la NAO Victoria, \u201cLa embarcaci\u00f3n que realiz\u00f3 la Primera Vuelta al Mundo\u201d, en el Puerto de Colindres.<br \/>\n\u2022\u00a0De 12 a 20 h. Paseos en pony y caballo del Centro Equestre el Sable, en el Parque de Riego.<br \/>\n\u2022\u00a0En horario de la ludoteca actividades relacionadas con los Astilleros de Falgote.<br \/>\n\u2022\u00a0A las 17.30 h. El Mercado Barroco, con la participaci\u00f3n de APYMECO, abre sus puertas, en las Plazas del Pescador, la Constituci\u00f3n y la Esperanza y Calle Heliodoro Fern\u00e1ndez.<br \/>\n\u2022\u00a0Exposici\u00f3n de la maqueta de la Capitana Real del Mar Oc\u00e9ano fabricado artesanalmente por el grupo FAMILY en la Plaza de la Constituci\u00f3n.<br \/>\n\u2022\u00a0A las 18.30 h. Preg\u00f3n de inauguraci\u00f3n.<br \/>\n\u2022\u00a0A las 18.45 h. Bufones reales y pasacalles de bienvenida.<br \/>\n\u2022\u00a0A las 20 h. Los Bufones reales recorren el mercado.<br \/>\n\u2022\u00a0A las 22 h. De conjuros y hechizos. Un divertido grupo de brujas recorren calles y plazas realizando curiosos conjuros a peque\u00f1os y grandes<br \/>\n\u2022\u00a0A las 23 h. El Mercado se despide hasta ma\u00f1ana.<\/p>\n<p><em><strong>S\u00e1bado 14 de Julio:<\/strong> <\/em><br \/>\n\u2022\u00a0Durante toda la jornada Feria de la Cerveza.<br \/>\n\u2022\u00a0De 10 a 21 h. Podr\u00e1s visitar la NAO Victoria en el Puerto de Colindres.<br \/>\n\u2022\u00a0De 12 a 20 h. Paseos en pony y caballo del Centro Equestre el Sable, en el Parque de Riego.<br \/>\n\u2022\u00a0A las 11 h. El Mercado Barroco abre sus puertas.<br \/>\n\u2022\u00a0Exposici\u00f3n de la maqueta de la Capitana Real del Mar Oc\u00e9ano fabricado artesanalmente por el grupo FAMILY en la Plaza de la Constituci\u00f3n.<br \/>\n\u2022\u00a0A las 12 h. \u201cLa familia llega al Mercado\u201d, actuaci\u00f3n itinerante.<br \/>\n\u2022\u00a0A las 13.30 h. Nuestros c\u00f3micos nos cuentan la incre\u00edble historia de GAIFEROS.<br \/>\n\u2022\u00a0A las 14 h. Hora del buen yantar. Asado de APYMECO en Plaza San Gin\u00e9s.<br \/>\n\u2022\u00a0De 15 a 17 h. Recepci\u00f3n de los coches de MINIFUSI\u00d3N en Pintor Rosales, junto al Centro de Salud.<br \/>\n\u2022\u00a0A las 17.30 h. El Mercado abre sus puertas.<br \/>\n\u2022\u00a0A las 18 h. Conferencia del Legado de Mar\u00eda de Villota, a cargo de Emilio de Villota expiloto de F\u00f3rmula 1 y Javier P\u00e9rez M\u00ednguez.<br \/>\n\u2022\u00a0A las 18 h. Los cuentos del rev\u00e9s: Princesas y pr\u00edncipes, ogros o brujas son personajes que aparecen en casi todos los cuentos, en muchas historias, pero \u00bfSi el pr\u00edncipe fuera distinto, el ogro majo o la bruja guapa? Os imagin\u00e1is c\u00f3mo podr\u00eda ser la princesa\u2026<br \/>\n\u2022\u00a0A las 19.30 h. La far\u00e1ndula: Trovas, romances y leyendas por las calles del mercado. Una singular forma de conocer algunos de los m\u00e1s interesantes escritos del Renacimiento y Siglo de Oro.<br \/>\n\u2022\u00a0A las 20 h. Seminario Pr\u00e1ctico sobre la Carpinter\u00eda de Ribera de las embarcaciones hist\u00f3ricas a cargo de Francisco Santos V\u00e1zquez, carpintero de Ribera de la NAO VICTORIA, en la Carpa de la Asociaci\u00f3n Falgote.<br \/>\n\u2022\u00a0A las 22 h. Fantas\u00eda en blanco: pasacalles de seres fant\u00e1sticos donde la plasticidad y la enso\u00f1aci\u00f3n se entremezclan en un delicado paseo por las calles y plazas dejando a su paso algunas gotas de ilusi\u00f3n.<br \/>\n\u2022\u00a0A las 23 h. El mercado se despide hasta ma\u00f1ana.<\/p>\n<ul>\n<li>A las 23.10 h. Concierto de LUNATIC CATZ en El Kiosco de la Alameda.<\/li>\n<\/ul>\n<p><em><strong>Domingo 15 de Julio:<\/strong> <\/em><br \/>\n\u2022\u00a0Durante toda la jornada Feria de la Cerveza.<br \/>\n\u2022\u00a0De 10 a 21 h. Podr\u00e1s visitar la NAO Victoria en el Puerto de Colindres.<br \/>\n\u2022\u00a0De 12 a 20 h. Paseos en pony y caballo del Centro Equestre el Sable, en el Parque de Riego.<br \/>\n\u2022\u00a0III GYMKANA \u201cKOLINDRES GO\u201d, junto a la maqueta del Gale\u00f3n en construcci\u00f3n, a partir de las 10.30 h.<br \/>\n\u2022\u00a0A las 11 h. El Mercado Barroco abre sus puertas.<br \/>\n\u2022\u00a0Exposici\u00f3n de la maqueta de la Capitana Real del Mar Oc\u00e9ano fabricado artesanalmente por el grupo FAMILY en la Plaza de la Constituci\u00f3n.<br \/>\n\u2022\u00a0A las 12 h. Juglar\u00edas: Nuestros juglares recorren calles y plazas relatando, cantando y entreteniendo a cuantos visitantes llegan al mercado.<br \/>\n\u2022\u00a0A las 13.30 h. El Bosque encantado: Llegados de un lejano bosque, unos curiosos duendecillos recorrer\u00e1n calles y plazas buscando el camino por el que habr\u00e1n de regresar.<br \/>\n\u2022\u00a0A las 17.30 h. El Mercado abre sus puertas.<br \/>\n\u2022\u00a0A las 18 h. los cuentos del rev\u00e9s.<br \/>\n\u2022\u00a0A los 17.30 h. Los bufones reales recorren el mercado.<br \/>\n\u2022\u00a0A las 21.30 h. Pasacalles de despedida.<br \/>\n\u2022\u00a0A las 22.30 h. El mercado Barroco cierra sus puertas.<\/p>\n<p><em><strong>Lunes 16 de Julio:<\/strong><\/em><br \/>\n\u2022\u00a0\u00daltimo d\u00eda de la Feria de la Cerveza.<br \/>\n\u2022\u00a0De 10 a 21 h. Podr\u00e1s visitar la NAO Victoria en el Puerto de Colindres.<\/p>\n<ul>\n<li><img loading=\"lazy\" decoding=\"async\" class=\"alignnone size-medium wp-image-1648\" src=\"http:\/\/colindres.es\/wp-content\/uploads\/2018\/07\/cara-A-WEB-300x212.jpg\" alt=\"\" width=\"300\" height=\"212\" srcset=\"https:\/\/www.colindres.es\/wp-content\/uploads\/2018\/07\/cara-A-WEB-300x212.jpg 300w, https:\/\/www.colindres.es\/wp-content\/uploads\/2018\/07\/cara-A-WEB-768x543.jpg 768w, https:\/\/www.colindres.es\/wp-content\/uploads\/2018\/07\/cara-A-WEB-1024x724.jpg 1024w, https:\/\/www.colindres.es\/wp-content\/uploads\/2018\/07\/cara-A-WEB-400x284.jpg 400w, https:\/\/www.colindres.es\/wp-content\/uploads\/2018\/07\/cara-A-WEB-1080x764.jpg 1080w\" sizes=\"(max-width: 300px) 100vw, 300px\" \/><\/li>\n<li><img loading=\"lazy\" decoding=\"async\" class=\"alignnone size-medium wp-image-1649\" src=\"http:\/\/colindres.es\/wp-content\/uploads\/2018\/07\/cara-b-WEB-300x212.jpg\" alt=\"\" width=\"300\" height=\"212\" srcset=\"https:\/\/www.colindres.es\/wp-content\/uploads\/2018\/07\/cara-b-WEB-300x212.jpg 300w, https:\/\/www.colindres.es\/wp-content\/uploads\/2018\/07\/cara-b-WEB-768x543.jpg 768w, https:\/\/www.colindres.es\/wp-content\/uploads\/2018\/07\/cara-b-WEB-1024x724.jpg 1024w, https:\/\/www.colindres.es\/wp-content\/uploads\/2018\/07\/cara-b-WEB-400x284.jpg 400w, https:\/\/www.colindres.es\/wp-content\/uploads\/2018\/07\/cara-b-WEB-1080x764.jpg 1080w\" sizes=\"(max-width: 300px) 100vw, 300px\" \/><\/li>\n<\/ul>\n","protected":false},"excerpt":{"rendered":"<p>MERCADO BARROCO DEL 13 AL 15 DE JULIO I FERIA DE LA CERVEZA DEL 12 AL 16 DE JULIO VISITA LA NAO VICTORIA DEL 13 AL 16 DE JULIO Martes 10 de Julio: \u2022\u00a0A las 20 h. Conferencia LA EVOLUCI\u00d3N de la CIENCIA N\u00c1UTICA por Juan Jos\u00e9 Achutegui Rodr\u00edguez (Catedr\u00e1tico Jubilado de Ciencias y T\u00e9cnicas [&hellip;]<\/p>\n","protected":false},"author":1,"featured_media":1650,"comment_status":"open","ping_status":"closed","template":"","meta":{"_et_pb_use_builder":"","_et_pb_old_content":"","_et_gb_content_width":"","footnotes":""},"project_category":[],"project_tag":[],"class_list":["post-1647","project","type-project","status-publish","has-post-thumbnail","hentry"],"yoast_head":"<!-- This site is optimized with the Yoast SEO plugin v24.9 - https:\/\/yoast.com\/wordpress\/plugins\/seo\/ -->\n<title>COLINDRES - ASTILLERO REAL - Ayuntamiento de Colindres<\/title>\n<meta name=\"robots\" content=\"index, follow, max-snippet:-1, max-image-preview:large, max-video-preview:-1\" \/>\n<link rel=\"canonical\" href=\"https:\/\/www.colindres.es\/index.php\/project\/colindres-astillero-real\/\" \/>\n<meta property=\"og:locale\" content=\"es_ES\" \/>\n<meta property=\"og:type\" content=\"article\" \/>\n<meta property=\"og:title\" content=\"COLINDRES - ASTILLERO REAL - Ayuntamiento de Colindres\" \/>\n<meta property=\"og:description\" content=\"MERCADO BARROCO DEL 13 AL 15 DE JULIO I FERIA DE LA CERVEZA DEL 12 AL 16 DE JULIO VISITA LA NAO VICTORIA DEL 13 AL 16 DE JULIO Martes 10 de Julio: \u2022\u00a0A las 20 h. Conferencia LA EVOLUCI\u00d3N de la CIENCIA N\u00c1UTICA por Juan Jos\u00e9 Achutegui Rodr\u00edguez (Catedr\u00e1tico Jubilado de Ciencias y T\u00e9cnicas [&hellip;]\" \/>\n<meta property=\"og:url\" content=\"https:\/\/www.colindres.es\/index.php\/project\/colindres-astillero-real\/\" \/>\n<meta property=\"og:site_name\" content=\"Ayuntamiento de Colindres\" \/>\n<meta property=\"og:image\" content=\"https:\/\/www.colindres.es\/wp-content\/uploads\/2018\/07\/CARTEL-WEB.jpg\" \/>\n\t<meta property=\"og:image:width\" content=\"1754\" \/>\n\t<meta property=\"og:image:height\" content=\"2480\" \/>\n\t<meta property=\"og:image:type\" content=\"image\/jpeg\" \/>\n<meta name=\"twitter:card\" content=\"summary_large_image\" \/>\n<meta name=\"twitter:label1\" content=\"Tiempo de lectura\" \/>\n\t<meta name=\"twitter:data1\" content=\"5 minutos\" \/>\n<script type=\"application\/ld+json\" class=\"yoast-schema-graph\">{\"@context\":\"https:\/\/schema.org\",\"@graph\":[{\"@type\":\"WebPage\",\"@id\":\"https:\/\/www.colindres.es\/index.php\/project\/colindres-astillero-real\/\",\"url\":\"https:\/\/www.colindres.es\/index.php\/project\/colindres-astillero-real\/\",\"name\":\"COLINDRES - ASTILLERO REAL - Ayuntamiento de Colindres\",\"isPartOf\":{\"@id\":\"https:\/\/www.colindres.es\/#website\"},\"primaryImageOfPage\":{\"@id\":\"https:\/\/www.colindres.es\/index.php\/project\/colindres-astillero-real\/#primaryimage\"},\"image\":{\"@id\":\"https:\/\/www.colindres.es\/index.php\/project\/colindres-astillero-real\/#primaryimage\"},\"thumbnailUrl\":\"https:\/\/www.colindres.es\/wp-content\/uploads\/2018\/07\/CARTEL-WEB.jpg\",\"datePublished\":\"2018-07-10T18:10:04+00:00\",\"breadcrumb\":{\"@id\":\"https:\/\/www.colindres.es\/index.php\/project\/colindres-astillero-real\/#breadcrumb\"},\"inLanguage\":\"es\",\"potentialAction\":[{\"@type\":\"ReadAction\",\"target\":[\"https:\/\/www.colindres.es\/index.php\/project\/colindres-astillero-real\/\"]}]},{\"@type\":\"ImageObject\",\"inLanguage\":\"es\",\"@id\":\"https:\/\/www.colindres.es\/index.php\/project\/colindres-astillero-real\/#primaryimage\",\"url\":\"https:\/\/www.colindres.es\/wp-content\/uploads\/2018\/07\/CARTEL-WEB.jpg\",\"contentUrl\":\"https:\/\/www.colindres.es\/wp-content\/uploads\/2018\/07\/CARTEL-WEB.jpg\",\"width\":1754,\"height\":2480},{\"@type\":\"BreadcrumbList\",\"@id\":\"https:\/\/www.colindres.es\/index.php\/project\/colindres-astillero-real\/#breadcrumb\",\"itemListElement\":[{\"@type\":\"ListItem\",\"position\":1,\"name\":\"Portada\",\"item\":\"https:\/\/www.colindres.es\/\"},{\"@type\":\"ListItem\",\"position\":2,\"name\":\"Proyectos\",\"item\":\"https:\/\/www.colindres.es\/index.php\/project\/\"},{\"@type\":\"ListItem\",\"position\":3,\"name\":\"COLINDRES &#8211; ASTILLERO REAL\"}]},{\"@type\":\"WebSite\",\"@id\":\"https:\/\/www.colindres.es\/#website\",\"url\":\"https:\/\/www.colindres.es\/\",\"name\":\"Ayuntamiento de Colindres\",\"description\":\"Dise\u00f1ado por NTIC&#039;s\",\"publisher\":{\"@id\":\"https:\/\/www.colindres.es\/#organization\"},\"potentialAction\":[{\"@type\":\"SearchAction\",\"target\":{\"@type\":\"EntryPoint\",\"urlTemplate\":\"https:\/\/www.colindres.es\/?s={search_term_string}\"},\"query-input\":{\"@type\":\"PropertyValueSpecification\",\"valueRequired\":true,\"valueName\":\"search_term_string\"}}],\"inLanguage\":\"es\"},{\"@type\":\"Organization\",\"@id\":\"https:\/\/www.colindres.es\/#organization\",\"name\":\"AYUNTAMIENTO DE COLINDRES\",\"url\":\"https:\/\/www.colindres.es\/\",\"logo\":{\"@type\":\"ImageObject\",\"inLanguage\":\"es\",\"@id\":\"https:\/\/www.colindres.es\/#\/schema\/logo\/image\/\",\"url\":\"https:\/\/www.colindres.es\/wp-content\/uploads\/2017\/01\/LOGO-PRINCIPAL.jpg\",\"contentUrl\":\"https:\/\/www.colindres.es\/wp-content\/uploads\/2017\/01\/LOGO-PRINCIPAL.jpg\",\"width\":1209,\"height\":579,\"caption\":\"AYUNTAMIENTO DE COLINDRES\"},\"image\":{\"@id\":\"https:\/\/www.colindres.es\/#\/schema\/logo\/image\/\"}}]}<\/script>\n<!-- \/ Yoast SEO plugin. -->","yoast_head_json":{"title":"COLINDRES - ASTILLERO REAL - Ayuntamiento de Colindres","robots":{"index":"index","follow":"follow","max-snippet":"max-snippet:-1","max-image-preview":"max-image-preview:large","max-video-preview":"max-video-preview:-1"},"canonical":"https:\/\/www.colindres.es\/index.php\/project\/colindres-astillero-real\/","og_locale":"es_ES","og_type":"article","og_title":"COLINDRES - ASTILLERO REAL - Ayuntamiento de Colindres","og_description":"MERCADO BARROCO DEL 13 AL 15 DE JULIO I FERIA DE LA CERVEZA DEL 12 AL 16 DE JULIO VISITA LA NAO VICTORIA DEL 13 AL 16 DE JULIO Martes 10 de Julio: \u2022\u00a0A las 20 h. Conferencia LA EVOLUCI\u00d3N de la CIENCIA N\u00c1UTICA por Juan Jos\u00e9 Achutegui Rodr\u00edguez (Catedr\u00e1tico Jubilado de Ciencias y T\u00e9cnicas [&hellip;]","og_url":"https:\/\/www.colindres.es\/index.php\/project\/colindres-astillero-real\/","og_site_name":"Ayuntamiento de Colindres","og_image":[{"width":1754,"height":2480,"url":"https:\/\/www.colindres.es\/wp-content\/uploads\/2018\/07\/CARTEL-WEB.jpg","type":"image\/jpeg"}],"twitter_card":"summary_large_image","twitter_misc":{"Tiempo de lectura":"5 minutos"},"schema":{"@context":"https:\/\/schema.org","@graph":[{"@type":"WebPage","@id":"https:\/\/www.colindres.es\/index.php\/project\/colindres-astillero-real\/","url":"https:\/\/www.colindres.es\/index.php\/project\/colindres-astillero-real\/","name":"COLINDRES - ASTILLERO REAL - Ayuntamiento de Colindres","isPartOf":{"@id":"https:\/\/www.colindres.es\/#website"},"primaryImageOfPage":{"@id":"https:\/\/www.colindres.es\/index.php\/project\/colindres-astillero-real\/#primaryimage"},"image":{"@id":"https:\/\/www.colindres.es\/index.php\/project\/colindres-astillero-real\/#primaryimage"},"thumbnailUrl":"https:\/\/www.colindres.es\/wp-content\/uploads\/2018\/07\/CARTEL-WEB.jpg","datePublished":"2018-07-10T18:10:04+00:00","breadcrumb":{"@id":"https:\/\/www.colindres.es\/index.php\/project\/colindres-astillero-real\/#breadcrumb"},"inLanguage":"es","potentialAction":[{"@type":"ReadAction","target":["https:\/\/www.colindres.es\/index.php\/project\/colindres-astillero-real\/"]}]},{"@type":"ImageObject","inLanguage":"es","@id":"https:\/\/www.colindres.es\/index.php\/project\/colindres-astillero-real\/#primaryimage","url":"https:\/\/www.colindres.es\/wp-content\/uploads\/2018\/07\/CARTEL-WEB.jpg","contentUrl":"https:\/\/www.colindres.es\/wp-content\/uploads\/2018\/07\/CARTEL-WEB.jpg","width":1754,"height":2480},{"@type":"BreadcrumbList","@id":"https:\/\/www.colindres.es\/index.php\/project\/colindres-astillero-real\/#breadcrumb","itemListElement":[{"@type":"ListItem","position":1,"name":"Portada","item":"https:\/\/www.colindres.es\/"},{"@type":"ListItem","position":2,"name":"Proyectos","item":"https:\/\/www.colindres.es\/index.php\/project\/"},{"@type":"ListItem","position":3,"name":"COLINDRES &#8211; ASTILLERO REAL"}]},{"@type":"WebSite","@id":"https:\/\/www.colindres.es\/#website","url":"https:\/\/www.colindres.es\/","name":"Ayuntamiento de Colindres","description":"Dise\u00f1ado por NTIC&#039;s","publisher":{"@id":"https:\/\/www.colindres.es\/#organization"},"potentialAction":[{"@type":"SearchAction","target":{"@type":"EntryPoint","urlTemplate":"https:\/\/www.colindres.es\/?s={search_term_string}"},"query-input":{"@type":"PropertyValueSpecification","valueRequired":true,"valueName":"search_term_string"}}],"inLanguage":"es"},{"@type":"Organization","@id":"https:\/\/www.colindres.es\/#organization","name":"AYUNTAMIENTO DE COLINDRES","url":"https:\/\/www.colindres.es\/","logo":{"@type":"ImageObject","inLanguage":"es","@id":"https:\/\/www.colindres.es\/#\/schema\/logo\/image\/","url":"https:\/\/www.colindres.es\/wp-content\/uploads\/2017\/01\/LOGO-PRINCIPAL.jpg","contentUrl":"https:\/\/www.colindres.es\/wp-content\/uploads\/2017\/01\/LOGO-PRINCIPAL.jpg","width":1209,"height":579,"caption":"AYUNTAMIENTO DE COLINDRES"},"image":{"@id":"https:\/\/www.colindres.es\/#\/schema\/logo\/image\/"}}]}},"_links":{"self":[{"href":"https:\/\/www.colindres.es\/index.php\/wp-json\/wp\/v2\/project\/1647","targetHints":{"allow":["GET"]}}],"collection":[{"href":"https:\/\/www.colindres.es\/index.php\/wp-json\/wp\/v2\/project"}],"about":[{"href":"https:\/\/www.colindres.es\/index.php\/wp-json\/wp\/v2\/types\/project"}],"author":[{"embeddable":true,"href":"https:\/\/www.colindres.es\/index.php\/wp-json\/wp\/v2\/users\/1"}],"replies":[{"embeddable":true,"href":"https:\/\/www.colindres.es\/index.php\/wp-json\/wp\/v2\/comments?post=1647"}],"version-history":[{"count":1,"href":"https:\/\/www.colindres.es\/index.php\/wp-json\/wp\/v2\/project\/1647\/revisions"}],"predecessor-version":[{"id":1651,"href":"https:\/\/www.colindres.es\/index.php\/wp-json\/wp\/v2\/project\/1647\/revisions\/1651"}],"wp:featuredmedia":[{"embeddable":true,"href":"https:\/\/www.colindres.es\/index.php\/wp-json\/wp\/v2\/media\/1650"}],"wp:attachment":[{"href":"https:\/\/www.colindres.es\/index.php\/wp-json\/wp\/v2\/media?parent=1647"}],"wp:term":[{"taxonomy":"project_category","embeddable":true,"href":"https:\/\/www.colindres.es\/index.php\/wp-json\/wp\/v2\/project_category?post=1647"},{"taxonomy":"project_tag","embeddable":true,"href":"https:\/\/www.colindres.es\/index.php\/wp-json\/wp\/v2\/project_tag?post=1647"}],"curies":[{"name":"wp","href":"https:\/\/api.w.org\/{rel}","templated":true}]}}