{"id":1644,"date":"2018-07-06T08:45:19","date_gmt":"2018-07-06T08:45:19","guid":{"rendered":"http:\/\/colindres.es\/?post_type=project&#038;p=1644"},"modified":"2018-07-06T08:45:19","modified_gmt":"2018-07-06T08:45:19","slug":"el-ayuntamiento-de-colindres-renueva-el-parque-infantil-de-la-plaza-de-san-gines","status":"publish","type":"project","link":"https:\/\/www.colindres.es\/index.php\/project\/el-ayuntamiento-de-colindres-renueva-el-parque-infantil-de-la-plaza-de-san-gines\/","title":{"rendered":"El Ayuntamiento de Colindres renueva el parque infantil de la Plaza de San Gin\u00e9s"},"content":{"rendered":"<p>El Consistorio ha instalado el primer juego central destinado espec\u00edficamente a ni\u00f1os y ni\u00f1as menores de 5 a\u00f1os<\/p>\n<p>Colindres, 06 de Julio. El Ayuntamiento de Colindres, a trav\u00e9s de la Concejal\u00eda de Servicios Sociales y Econom\u00eda, ha invertido 13.000 euros en la renovaci\u00f3n del parque infantil ubicado en la Plaza de San Gin\u00e9s.<br \/>\nLos trabajos han consistido en la sustituci\u00f3n del juego que se encontraba deteriorado por el paso del tiempo por uno nuevo, cuyo dise\u00f1o y aparatos est\u00e1 pensados espec\u00edficamente para ni\u00f1os y ni\u00f1as menores de 5 a\u00f1os.<\/p>\n<p>\u201cSe trata del primer parque infantil de estas caracter\u00edsticas, destinado a los m\u00e1s peque\u00f1os, que se instala en Colindres\u201d, seg\u00fan ha apuntado el alcalde, Javier Incera, quien recientemente ha supervisado el resultado de las obras acompa\u00f1ado por el concejal de Obras, Pablo Ruiz.<\/p>\n<p>El regidor ha explicado que el equipo de Gobierno ha optado por ubicar este tipo de juego infantil en la Plaza de San Gin\u00e9s porque \u201cpor sus dimensiones es el lugar m\u00e1s apropiado y funcional para las familias\u201d y ha manifestado que servir\u00e1 como \u201ccomplemento ideal\u201d para el resto de parques que est\u00e1n repartidos por distintas \u00e1reas del municipio y que est\u00e1n recomendados para ni\u00f1os de hasta 12 a\u00f1os.<br \/>\nAdem\u00e1s de renovar el \u00e1rea de juegos central, Incera ha se\u00f1alado que tambi\u00e9n se han restaurado los columpios e igualmente se ha sustituido por completo el suelo de goma que sirve como elemento de seguridad y protecci\u00f3n.<\/p>\n<p>Finalmente, el alcalde ha adelantado que el Ayuntamiento est\u00e1 ultimando un nuevo proyecto para crear un espacio de ocio y entretenimiento para la edad preadolescente \u2013j\u00f3venes de entre los 12 y 16 a\u00f1os- que dar\u00e1 a conocer \u201cen los pr\u00f3ximos d\u00edas\u201d una vez que est\u00e9 terminado.<\/p>\n<p>Al mismo tiempo, ha recordado que tambi\u00e9n est\u00e1 en proceso de licitaci\u00f3n las obras de rehabilitaci\u00f3n de la Plaza de la Constituci\u00f3n que incluyen la habilitaci\u00f3n de un nuevo parque infantil, adem\u00e1s de la instalaci\u00f3n de un conjunto de p\u00e9rgolas revestidas de madera y la renovaci\u00f3n del pavimento y el mobiliario urbano.<\/p>\n","protected":false},"excerpt":{"rendered":"<p>El Consistorio ha instalado el primer juego central destinado espec\u00edficamente a ni\u00f1os y ni\u00f1as menores de 5 a\u00f1os Colindres, 06 de Julio. El Ayuntamiento de Colindres, a trav\u00e9s de la Concejal\u00eda de Servicios Sociales y Econom\u00eda, ha invertido 13.000 euros en la renovaci\u00f3n del parque infantil ubicado en la Plaza de San Gin\u00e9s. Los trabajos [&hellip;]<\/p>\n","protected":false},"author":1,"featured_media":1645,"comment_status":"open","ping_status":"closed","template":"","meta":{"_et_pb_use_builder":"","_et_pb_old_content":"","_et_gb_content_width":"","footnotes":""},"project_category":[],"project_tag":[],"class_list":["post-1644","project","type-project","status-publish","has-post-thumbnail","hentry"],"yoast_head":"<!-- This site is optimized with the Yoast SEO plugin v24.9 - https:\/\/yoast.com\/wordpress\/plugins\/seo\/ -->\n<title>El Ayuntamiento de Colindres renueva el parque infantil de la Plaza de San Gin\u00e9s - Ayuntamiento de Colindres<\/title>\n<meta name=\"robots\" content=\"index, follow, max-snippet:-1, max-image-preview:large, max-video-preview:-1\" \/>\n<link rel=\"canonical\" href=\"https:\/\/www.colindres.es\/index.php\/project\/el-ayuntamiento-de-colindres-renueva-el-parque-infantil-de-la-plaza-de-san-gines\/\" \/>\n<meta property=\"og:locale\" content=\"es_ES\" \/>\n<meta property=\"og:type\" content=\"article\" \/>\n<meta property=\"og:title\" content=\"El Ayuntamiento de Colindres renueva el parque infantil de la Plaza de San Gin\u00e9s - Ayuntamiento de Colindres\" \/>\n<meta property=\"og:description\" content=\"El Consistorio ha instalado el primer juego central destinado espec\u00edficamente a ni\u00f1os y ni\u00f1as menores de 5 a\u00f1os Colindres, 06 de Julio. El Ayuntamiento de Colindres, a trav\u00e9s de la Concejal\u00eda de Servicios Sociales y Econom\u00eda, ha invertido 13.000 euros en la renovaci\u00f3n del parque infantil ubicado en la Plaza de San Gin\u00e9s. Los trabajos [&hellip;]\" \/>\n<meta property=\"og:url\" content=\"https:\/\/www.colindres.es\/index.php\/project\/el-ayuntamiento-de-colindres-renueva-el-parque-infantil-de-la-plaza-de-san-gines\/\" \/>\n<meta property=\"og:site_name\" content=\"Ayuntamiento de Colindres\" \/>\n<meta property=\"og:image\" content=\"https:\/\/www.colindres.es\/wp-content\/uploads\/2018\/07\/Parque-Infantil-San-Gin\u00e9s.jpg\" \/>\n\t<meta property=\"og:image:width\" content=\"1141\" \/>\n\t<meta property=\"og:image:height\" content=\"1280\" \/>\n\t<meta property=\"og:image:type\" content=\"image\/jpeg\" \/>\n<meta name=\"twitter:card\" content=\"summary_large_image\" \/>\n<meta name=\"twitter:label1\" content=\"Tiempo de lectura\" \/>\n\t<meta name=\"twitter:data1\" content=\"2 minutos\" \/>\n<script type=\"application\/ld+json\" class=\"yoast-schema-graph\">{\"@context\":\"https:\/\/schema.org\",\"@graph\":[{\"@type\":\"WebPage\",\"@id\":\"https:\/\/www.colindres.es\/index.php\/project\/el-ayuntamiento-de-colindres-renueva-el-parque-infantil-de-la-plaza-de-san-gines\/\",\"url\":\"https:\/\/www.colindres.es\/index.php\/project\/el-ayuntamiento-de-colindres-renueva-el-parque-infantil-de-la-plaza-de-san-gines\/\",\"name\":\"El Ayuntamiento de Colindres renueva el parque infantil de la Plaza de San Gin\u00e9s - Ayuntamiento de Colindres\",\"isPartOf\":{\"@id\":\"https:\/\/www.colindres.es\/#website\"},\"primaryImageOfPage\":{\"@id\":\"https:\/\/www.colindres.es\/index.php\/project\/el-ayuntamiento-de-colindres-renueva-el-parque-infantil-de-la-plaza-de-san-gines\/#primaryimage\"},\"image\":{\"@id\":\"https:\/\/www.colindres.es\/index.php\/project\/el-ayuntamiento-de-colindres-renueva-el-parque-infantil-de-la-plaza-de-san-gines\/#primaryimage\"},\"thumbnailUrl\":\"https:\/\/www.colindres.es\/wp-content\/uploads\/2018\/07\/Parque-Infantil-San-Gin\u00e9s.jpg\",\"datePublished\":\"2018-07-06T08:45:19+00:00\",\"breadcrumb\":{\"@id\":\"https:\/\/www.colindres.es\/index.php\/project\/el-ayuntamiento-de-colindres-renueva-el-parque-infantil-de-la-plaza-de-san-gines\/#breadcrumb\"},\"inLanguage\":\"es\",\"potentialAction\":[{\"@type\":\"ReadAction\",\"target\":[\"https:\/\/www.colindres.es\/index.php\/project\/el-ayuntamiento-de-colindres-renueva-el-parque-infantil-de-la-plaza-de-san-gines\/\"]}]},{\"@type\":\"ImageObject\",\"inLanguage\":\"es\",\"@id\":\"https:\/\/www.colindres.es\/index.php\/project\/el-ayuntamiento-de-colindres-renueva-el-parque-infantil-de-la-plaza-de-san-gines\/#primaryimage\",\"url\":\"https:\/\/www.colindres.es\/wp-content\/uploads\/2018\/07\/Parque-Infantil-San-Gin\u00e9s.jpg\",\"contentUrl\":\"https:\/\/www.colindres.es\/wp-content\/uploads\/2018\/07\/Parque-Infantil-San-Gin\u00e9s.jpg\",\"width\":1141,\"height\":1280},{\"@type\":\"BreadcrumbList\",\"@id\":\"https:\/\/www.colindres.es\/index.php\/project\/el-ayuntamiento-de-colindres-renueva-el-parque-infantil-de-la-plaza-de-san-gines\/#breadcrumb\",\"itemListElement\":[{\"@type\":\"ListItem\",\"position\":1,\"name\":\"Portada\",\"item\":\"https:\/\/www.colindres.es\/\"},{\"@type\":\"ListItem\",\"position\":2,\"name\":\"Proyectos\",\"item\":\"https:\/\/www.colindres.es\/index.php\/project\/\"},{\"@type\":\"ListItem\",\"position\":3,\"name\":\"El Ayuntamiento de Colindres renueva el parque infantil de la Plaza de San Gin\u00e9s\"}]},{\"@type\":\"WebSite\",\"@id\":\"https:\/\/www.colindres.es\/#website\",\"url\":\"https:\/\/www.colindres.es\/\",\"name\":\"Ayuntamiento de Colindres\",\"description\":\"Dise\u00f1ado por NTIC&#039;s\",\"publisher\":{\"@id\":\"https:\/\/www.colindres.es\/#organization\"},\"potentialAction\":[{\"@type\":\"SearchAction\",\"target\":{\"@type\":\"EntryPoint\",\"urlTemplate\":\"https:\/\/www.colindres.es\/?s={search_term_string}\"},\"query-input\":{\"@type\":\"PropertyValueSpecification\",\"valueRequired\":true,\"valueName\":\"search_term_string\"}}],\"inLanguage\":\"es\"},{\"@type\":\"Organization\",\"@id\":\"https:\/\/www.colindres.es\/#organization\",\"name\":\"AYUNTAMIENTO DE COLINDRES\",\"url\":\"https:\/\/www.colindres.es\/\",\"logo\":{\"@type\":\"ImageObject\",\"inLanguage\":\"es\",\"@id\":\"https:\/\/www.colindres.es\/#\/schema\/logo\/image\/\",\"url\":\"https:\/\/www.colindres.es\/wp-content\/uploads\/2017\/01\/LOGO-PRINCIPAL.jpg\",\"contentUrl\":\"https:\/\/www.colindres.es\/wp-content\/uploads\/2017\/01\/LOGO-PRINCIPAL.jpg\",\"width\":1209,\"height\":579,\"caption\":\"AYUNTAMIENTO DE COLINDRES\"},\"image\":{\"@id\":\"https:\/\/www.colindres.es\/#\/schema\/logo\/image\/\"}}]}<\/script>\n<!-- \/ Yoast SEO plugin. -->","yoast_head_json":{"title":"El Ayuntamiento de Colindres renueva el parque infantil de la Plaza de San Gin\u00e9s - Ayuntamiento de Colindres","robots":{"index":"index","follow":"follow","max-snippet":"max-snippet:-1","max-image-preview":"max-image-preview:large","max-video-preview":"max-video-preview:-1"},"canonical":"https:\/\/www.colindres.es\/index.php\/project\/el-ayuntamiento-de-colindres-renueva-el-parque-infantil-de-la-plaza-de-san-gines\/","og_locale":"es_ES","og_type":"article","og_title":"El Ayuntamiento de Colindres renueva el parque infantil de la Plaza de San Gin\u00e9s - Ayuntamiento de Colindres","og_description":"El Consistorio ha instalado el primer juego central destinado espec\u00edficamente a ni\u00f1os y ni\u00f1as menores de 5 a\u00f1os Colindres, 06 de Julio. El Ayuntamiento de Colindres, a trav\u00e9s de la Concejal\u00eda de Servicios Sociales y Econom\u00eda, ha invertido 13.000 euros en la renovaci\u00f3n del parque infantil ubicado en la Plaza de San Gin\u00e9s. Los trabajos [&hellip;]","og_url":"https:\/\/www.colindres.es\/index.php\/project\/el-ayuntamiento-de-colindres-renueva-el-parque-infantil-de-la-plaza-de-san-gines\/","og_site_name":"Ayuntamiento de Colindres","og_image":[{"width":1141,"height":1280,"url":"https:\/\/www.colindres.es\/wp-content\/uploads\/2018\/07\/Parque-Infantil-San-Gin\u00e9s.jpg","type":"image\/jpeg"}],"twitter_card":"summary_large_image","twitter_misc":{"Tiempo de lectura":"2 minutos"},"schema":{"@context":"https:\/\/schema.org","@graph":[{"@type":"WebPage","@id":"https:\/\/www.colindres.es\/index.php\/project\/el-ayuntamiento-de-colindres-renueva-el-parque-infantil-de-la-plaza-de-san-gines\/","url":"https:\/\/www.colindres.es\/index.php\/project\/el-ayuntamiento-de-colindres-renueva-el-parque-infantil-de-la-plaza-de-san-gines\/","name":"El Ayuntamiento de Colindres renueva el parque infantil de la Plaza de San Gin\u00e9s - Ayuntamiento de Colindres","isPartOf":{"@id":"https:\/\/www.colindres.es\/#website"},"primaryImageOfPage":{"@id":"https:\/\/www.colindres.es\/index.php\/project\/el-ayuntamiento-de-colindres-renueva-el-parque-infantil-de-la-plaza-de-san-gines\/#primaryimage"},"image":{"@id":"https:\/\/www.colindres.es\/index.php\/project\/el-ayuntamiento-de-colindres-renueva-el-parque-infantil-de-la-plaza-de-san-gines\/#primaryimage"},"thumbnailUrl":"https:\/\/www.colindres.es\/wp-content\/uploads\/2018\/07\/Parque-Infantil-San-Gin\u00e9s.jpg","datePublished":"2018-07-06T08:45:19+00:00","breadcrumb":{"@id":"https:\/\/www.colindres.es\/index.php\/project\/el-ayuntamiento-de-colindres-renueva-el-parque-infantil-de-la-plaza-de-san-gines\/#breadcrumb"},"inLanguage":"es","potentialAction":[{"@type":"ReadAction","target":["https:\/\/www.colindres.es\/index.php\/project\/el-ayuntamiento-de-colindres-renueva-el-parque-infantil-de-la-plaza-de-san-gines\/"]}]},{"@type":"ImageObject","inLanguage":"es","@id":"https:\/\/www.colindres.es\/index.php\/project\/el-ayuntamiento-de-colindres-renueva-el-parque-infantil-de-la-plaza-de-san-gines\/#primaryimage","url":"https:\/\/www.colindres.es\/wp-content\/uploads\/2018\/07\/Parque-Infantil-San-Gin\u00e9s.jpg","contentUrl":"https:\/\/www.colindres.es\/wp-content\/uploads\/2018\/07\/Parque-Infantil-San-Gin\u00e9s.jpg","width":1141,"height":1280},{"@type":"BreadcrumbList","@id":"https:\/\/www.colindres.es\/index.php\/project\/el-ayuntamiento-de-colindres-renueva-el-parque-infantil-de-la-plaza-de-san-gines\/#breadcrumb","itemListElement":[{"@type":"ListItem","position":1,"name":"Portada","item":"https:\/\/www.colindres.es\/"},{"@type":"ListItem","position":2,"name":"Proyectos","item":"https:\/\/www.colindres.es\/index.php\/project\/"},{"@type":"ListItem","position":3,"name":"El Ayuntamiento de Colindres renueva el parque infantil de la Plaza de San Gin\u00e9s"}]},{"@type":"WebSite","@id":"https:\/\/www.colindres.es\/#website","url":"https:\/\/www.colindres.es\/","name":"Ayuntamiento de Colindres","description":"Dise\u00f1ado por NTIC&#039;s","publisher":{"@id":"https:\/\/www.colindres.es\/#organization"},"potentialAction":[{"@type":"SearchAction","target":{"@type":"EntryPoint","urlTemplate":"https:\/\/www.colindres.es\/?s={search_term_string}"},"query-input":{"@type":"PropertyValueSpecification","valueRequired":true,"valueName":"search_term_string"}}],"inLanguage":"es"},{"@type":"Organization","@id":"https:\/\/www.colindres.es\/#organization","name":"AYUNTAMIENTO DE COLINDRES","url":"https:\/\/www.colindres.es\/","logo":{"@type":"ImageObject","inLanguage":"es","@id":"https:\/\/www.colindres.es\/#\/schema\/logo\/image\/","url":"https:\/\/www.colindres.es\/wp-content\/uploads\/2017\/01\/LOGO-PRINCIPAL.jpg","contentUrl":"https:\/\/www.colindres.es\/wp-content\/uploads\/2017\/01\/LOGO-PRINCIPAL.jpg","width":1209,"height":579,"caption":"AYUNTAMIENTO DE COLINDRES"},"image":{"@id":"https:\/\/www.colindres.es\/#\/schema\/logo\/image\/"}}]}},"_links":{"self":[{"href":"https:\/\/www.colindres.es\/index.php\/wp-json\/wp\/v2\/project\/1644","targetHints":{"allow":["GET"]}}],"collection":[{"href":"https:\/\/www.colindres.es\/index.php\/wp-json\/wp\/v2\/project"}],"about":[{"href":"https:\/\/www.colindres.es\/index.php\/wp-json\/wp\/v2\/types\/project"}],"author":[{"embeddable":true,"href":"https:\/\/www.colindres.es\/index.php\/wp-json\/wp\/v2\/users\/1"}],"replies":[{"embeddable":true,"href":"https:\/\/www.colindres.es\/index.php\/wp-json\/wp\/v2\/comments?post=1644"}],"version-history":[{"count":1,"href":"https:\/\/www.colindres.es\/index.php\/wp-json\/wp\/v2\/project\/1644\/revisions"}],"predecessor-version":[{"id":1646,"href":"https:\/\/www.colindres.es\/index.php\/wp-json\/wp\/v2\/project\/1644\/revisions\/1646"}],"wp:featuredmedia":[{"embeddable":true,"href":"https:\/\/www.colindres.es\/index.php\/wp-json\/wp\/v2\/media\/1645"}],"wp:attachment":[{"href":"https:\/\/www.colindres.es\/index.php\/wp-json\/wp\/v2\/media?parent=1644"}],"wp:term":[{"taxonomy":"project_category","embeddable":true,"href":"https:\/\/www.colindres.es\/index.php\/wp-json\/wp\/v2\/project_category?post=1644"},{"taxonomy":"project_tag","embeddable":true,"href":"https:\/\/www.colindres.es\/index.php\/wp-json\/wp\/v2\/project_tag?post=1644"}],"curies":[{"name":"wp","href":"https:\/\/api.w.org\/{rel}","templated":true}]}}