{"id":16392,"date":"2021-09-30T22:47:15","date_gmt":"2021-09-30T20:47:15","guid":{"rendered":"https:\/\/www.colindres.es\/?post_type=project&#038;p=16392"},"modified":"2021-09-30T22:47:15","modified_gmt":"2021-09-30T20:47:15","slug":"colindres-aumenta-su-plantilla-de-policia-local-con-la-incorporacion-de-tres-nuevos-agentes","status":"publish","type":"project","link":"https:\/\/www.colindres.es\/index.php\/project\/colindres-aumenta-su-plantilla-de-policia-local-con-la-incorporacion-de-tres-nuevos-agentes\/","title":{"rendered":"COLINDRES AUMENTA SU PLANTILLA DE POLIC\u00cdA LOCAL CON LA INCORPORACI\u00d3N DE TRES NUEVOS AGENTES"},"content":{"rendered":"<p><em>El consistorio cubrir\u00e1 dos plazas m\u00e1s, antes de que finalice el a\u00f1o, llegando a un total de seis nuevos agentes en la presente legislatura.<\/em><\/p>\n<p>El Ayuntamiento de Colindres ha aumentado el n\u00famero de polic\u00edas locales desde el pasado 1 de septiembre, cuando se incorporaron tres nuevos agentes a prestar el servicio en la plantilla municipal.<\/p>\n<p>La presentaci\u00f3n de estos agentes se realiz\u00f3 ayer, en los actos de celebraci\u00f3n del d\u00eda de San Miguel, Patr\u00f3n de la polic\u00eda. Emilio Alonso San Mart\u00edn, Alejandro de la Pinta \u00c1lvarez y \u00c1lvaro Pinilla Casta\u00f1eda forman parte ya de la plantilla.<\/p>\n<p>En estos momentos, despu\u00e9s de haber tomado posesi\u00f3n, est\u00e1n realizando el curso b\u00e1sico preceptivo, en la Escuela Regional de Polic\u00edas Locales.<\/p>\n<p>El alcalde, Javier Incera, ha destacado que \u201ccon la inclusi\u00f3n de estos tres nuevos polic\u00edas en el cuerpo de polic\u00eda, estamos dando cumplimiento a uno de los compromisos que nos hab\u00edamos marcado al comenzar la legislatura y que es mejorar la seguridad ciudadana del municipio y el bienestar de los vecinos\u201d.<\/p>\n<p>El Ayuntamiento de Colindres tiene prevista, antes de que finalice este a\u00f1o, la Convocatoria de una Oferta P\u00fablica de Empleo en la que se sacar\u00e1n dos plazas m\u00e1s de agente de polic\u00eda que servir\u00e1n para completar la plantilla.<\/p>\n<p>\u201cEl objetivo final es la contrataci\u00f3n de seis agentes en esta legislatura. El primero se incorpor\u00f3 por movilidad a finales del a\u00f1o 2019, ahora hemos contratado tres nuevos agentes y se inicia el concurso para dos incorporaciones m\u00e1s\u201d, ha indicado Incera.<\/p>\n<p>La celebraci\u00f3n de San Miguel fue el marco en el que se recibi\u00f3, de manera oficial a estos tres efectivos y en el que se concedieron, como es habitual, varias distinciones.<\/p>\n<p>Se entreg\u00f3 la Medalla de la Polic\u00eda Local y Felicitaci\u00f3n P\u00fablica al cabo Jos\u00e9 Alberto L\u00f3pez Lia\u00f1o que se ha jubilado. \u201cEsta medalla reconoce tu lealtad, tu profesionalidad, tu implicaci\u00f3n absoluta en el objetivo de construir un espacio de seguridad y bienestar en el que muchas familias han podido desarrollar su proyecto de vida\u201d, explic\u00f3 el alcalde.<\/p>\n<p>Un acto que sirvi\u00f3 tambi\u00e9n para reconocer el trabajo de varios agentes locales como Salcines Talledo, Ruiz L\u00f3pez, S\u00e1nchez Reguero y Solana Arnaiz por acciones destacables en el \u00e1mbito de la desprotecci\u00f3n infantil y delitos sexuales.<\/p>\n<p>Adem\u00e1s, el regidor quiso hacer un agradecimiento p\u00fablico a la Guardia Civil de Laredo y, en especial, a los agentes \u00c1lvarez y Villalba, por la colaboraci\u00f3n entre ambos cuerpos y en el caso de los dos agentes reconocidos, por una acci\u00f3n conjunta que liber\u00f3 a una persona retenida bajo su voluntad.<\/p>\n<p>El concejal de seguridad ciudadana, Javier Mart\u00edn agradeci\u00f3 \u201cla labor de los agentes y su profesionalidad durante toda la crisis sanitaria de la covid 19\u201d. Indic\u00f3 lo positivo que ser\u00e1 para los vecinos y vecinas de Colindres, \u201cel aumento de efectivos en la plantilla, que conllevar\u00e1 la posibilidad de hacer una nueva planificaci\u00f3n de los turnos de trabajo y con ello ampliar los servicios\u201d.<\/p>\n","protected":false},"excerpt":{"rendered":"<p>El consistorio cubrir\u00e1 dos plazas m\u00e1s, antes de que finalice el a\u00f1o, llegando a un total de seis nuevos agentes en la presente legislatura. El Ayuntamiento de Colindres ha aumentado el n\u00famero de polic\u00edas locales desde el pasado 1 de septiembre, cuando se incorporaron tres nuevos agentes a prestar el servicio en la plantilla municipal. [&hellip;]<\/p>\n","protected":false},"author":1,"featured_media":16393,"comment_status":"open","ping_status":"closed","template":"","meta":{"_et_pb_use_builder":"","_et_pb_old_content":"","_et_gb_content_width":"","footnotes":""},"project_category":[6],"project_tag":[],"class_list":["post-16392","project","type-project","status-publish","has-post-thumbnail","hentry","project_category-noticias"],"yoast_head":"<!-- This site is optimized with the Yoast SEO plugin v24.9 - https:\/\/yoast.com\/wordpress\/plugins\/seo\/ -->\n<title>COLINDRES AUMENTA SU PLANTILLA DE POLIC\u00cdA LOCAL CON LA INCORPORACI\u00d3N DE TRES NUEVOS AGENTES - Ayuntamiento de Colindres<\/title>\n<meta name=\"robots\" content=\"index, follow, max-snippet:-1, max-image-preview:large, max-video-preview:-1\" \/>\n<link rel=\"canonical\" href=\"https:\/\/www.colindres.es\/index.php\/project\/colindres-aumenta-su-plantilla-de-policia-local-con-la-incorporacion-de-tres-nuevos-agentes\/\" \/>\n<meta property=\"og:locale\" content=\"es_ES\" \/>\n<meta property=\"og:type\" content=\"article\" \/>\n<meta property=\"og:title\" content=\"COLINDRES AUMENTA SU PLANTILLA DE POLIC\u00cdA LOCAL CON LA INCORPORACI\u00d3N DE TRES NUEVOS AGENTES - Ayuntamiento de Colindres\" \/>\n<meta property=\"og:description\" content=\"El consistorio cubrir\u00e1 dos plazas m\u00e1s, antes de que finalice el a\u00f1o, llegando a un total de seis nuevos agentes en la presente legislatura. El Ayuntamiento de Colindres ha aumentado el n\u00famero de polic\u00edas locales desde el pasado 1 de septiembre, cuando se incorporaron tres nuevos agentes a prestar el servicio en la plantilla municipal. [&hellip;]\" \/>\n<meta property=\"og:url\" content=\"https:\/\/www.colindres.es\/index.php\/project\/colindres-aumenta-su-plantilla-de-policia-local-con-la-incorporacion-de-tres-nuevos-agentes\/\" \/>\n<meta property=\"og:site_name\" content=\"Ayuntamiento de Colindres\" \/>\n<meta property=\"og:image\" content=\"https:\/\/www.colindres.es\/wp-content\/uploads\/2021\/09\/image0-1.jpeg\" \/>\n\t<meta property=\"og:image:width\" content=\"1492\" \/>\n\t<meta property=\"og:image:height\" content=\"1224\" \/>\n\t<meta property=\"og:image:type\" content=\"image\/jpeg\" \/>\n<meta name=\"twitter:card\" content=\"summary_large_image\" \/>\n<meta name=\"twitter:label1\" content=\"Tiempo de lectura\" \/>\n\t<meta name=\"twitter:data1\" content=\"3 minutos\" \/>\n<script type=\"application\/ld+json\" class=\"yoast-schema-graph\">{\"@context\":\"https:\/\/schema.org\",\"@graph\":[{\"@type\":\"WebPage\",\"@id\":\"https:\/\/www.colindres.es\/index.php\/project\/colindres-aumenta-su-plantilla-de-policia-local-con-la-incorporacion-de-tres-nuevos-agentes\/\",\"url\":\"https:\/\/www.colindres.es\/index.php\/project\/colindres-aumenta-su-plantilla-de-policia-local-con-la-incorporacion-de-tres-nuevos-agentes\/\",\"name\":\"COLINDRES AUMENTA SU PLANTILLA DE POLIC\u00cdA LOCAL CON LA INCORPORACI\u00d3N DE TRES NUEVOS AGENTES - Ayuntamiento de Colindres\",\"isPartOf\":{\"@id\":\"https:\/\/www.colindres.es\/#website\"},\"primaryImageOfPage\":{\"@id\":\"https:\/\/www.colindres.es\/index.php\/project\/colindres-aumenta-su-plantilla-de-policia-local-con-la-incorporacion-de-tres-nuevos-agentes\/#primaryimage\"},\"image\":{\"@id\":\"https:\/\/www.colindres.es\/index.php\/project\/colindres-aumenta-su-plantilla-de-policia-local-con-la-incorporacion-de-tres-nuevos-agentes\/#primaryimage\"},\"thumbnailUrl\":\"https:\/\/www.colindres.es\/wp-content\/uploads\/2021\/09\/image0-1.jpeg\",\"datePublished\":\"2021-09-30T20:47:15+00:00\",\"breadcrumb\":{\"@id\":\"https:\/\/www.colindres.es\/index.php\/project\/colindres-aumenta-su-plantilla-de-policia-local-con-la-incorporacion-de-tres-nuevos-agentes\/#breadcrumb\"},\"inLanguage\":\"es\",\"potentialAction\":[{\"@type\":\"ReadAction\",\"target\":[\"https:\/\/www.colindres.es\/index.php\/project\/colindres-aumenta-su-plantilla-de-policia-local-con-la-incorporacion-de-tres-nuevos-agentes\/\"]}]},{\"@type\":\"ImageObject\",\"inLanguage\":\"es\",\"@id\":\"https:\/\/www.colindres.es\/index.php\/project\/colindres-aumenta-su-plantilla-de-policia-local-con-la-incorporacion-de-tres-nuevos-agentes\/#primaryimage\",\"url\":\"https:\/\/www.colindres.es\/wp-content\/uploads\/2021\/09\/image0-1.jpeg\",\"contentUrl\":\"https:\/\/www.colindres.es\/wp-content\/uploads\/2021\/09\/image0-1.jpeg\",\"width\":1492,\"height\":1224},{\"@type\":\"BreadcrumbList\",\"@id\":\"https:\/\/www.colindres.es\/index.php\/project\/colindres-aumenta-su-plantilla-de-policia-local-con-la-incorporacion-de-tres-nuevos-agentes\/#breadcrumb\",\"itemListElement\":[{\"@type\":\"ListItem\",\"position\":1,\"name\":\"Portada\",\"item\":\"https:\/\/www.colindres.es\/\"},{\"@type\":\"ListItem\",\"position\":2,\"name\":\"Proyectos\",\"item\":\"https:\/\/www.colindres.es\/index.php\/project\/\"},{\"@type\":\"ListItem\",\"position\":3,\"name\":\"COLINDRES AUMENTA SU PLANTILLA DE POLIC\u00cdA LOCAL CON LA INCORPORACI\u00d3N DE TRES NUEVOS AGENTES\"}]},{\"@type\":\"WebSite\",\"@id\":\"https:\/\/www.colindres.es\/#website\",\"url\":\"https:\/\/www.colindres.es\/\",\"name\":\"Ayuntamiento de Colindres\",\"description\":\"Dise\u00f1ado por NTIC&#039;s\",\"publisher\":{\"@id\":\"https:\/\/www.colindres.es\/#organization\"},\"potentialAction\":[{\"@type\":\"SearchAction\",\"target\":{\"@type\":\"EntryPoint\",\"urlTemplate\":\"https:\/\/www.colindres.es\/?s={search_term_string}\"},\"query-input\":{\"@type\":\"PropertyValueSpecification\",\"valueRequired\":true,\"valueName\":\"search_term_string\"}}],\"inLanguage\":\"es\"},{\"@type\":\"Organization\",\"@id\":\"https:\/\/www.colindres.es\/#organization\",\"name\":\"AYUNTAMIENTO DE COLINDRES\",\"url\":\"https:\/\/www.colindres.es\/\",\"logo\":{\"@type\":\"ImageObject\",\"inLanguage\":\"es\",\"@id\":\"https:\/\/www.colindres.es\/#\/schema\/logo\/image\/\",\"url\":\"https:\/\/www.colindres.es\/wp-content\/uploads\/2017\/01\/LOGO-PRINCIPAL.jpg\",\"contentUrl\":\"https:\/\/www.colindres.es\/wp-content\/uploads\/2017\/01\/LOGO-PRINCIPAL.jpg\",\"width\":1209,\"height\":579,\"caption\":\"AYUNTAMIENTO DE COLINDRES\"},\"image\":{\"@id\":\"https:\/\/www.colindres.es\/#\/schema\/logo\/image\/\"}}]}<\/script>\n<!-- \/ Yoast SEO plugin. -->","yoast_head_json":{"title":"COLINDRES AUMENTA SU PLANTILLA DE POLIC\u00cdA LOCAL CON LA INCORPORACI\u00d3N DE TRES NUEVOS AGENTES - Ayuntamiento de Colindres","robots":{"index":"index","follow":"follow","max-snippet":"max-snippet:-1","max-image-preview":"max-image-preview:large","max-video-preview":"max-video-preview:-1"},"canonical":"https:\/\/www.colindres.es\/index.php\/project\/colindres-aumenta-su-plantilla-de-policia-local-con-la-incorporacion-de-tres-nuevos-agentes\/","og_locale":"es_ES","og_type":"article","og_title":"COLINDRES AUMENTA SU PLANTILLA DE POLIC\u00cdA LOCAL CON LA INCORPORACI\u00d3N DE TRES NUEVOS AGENTES - Ayuntamiento de Colindres","og_description":"El consistorio cubrir\u00e1 dos plazas m\u00e1s, antes de que finalice el a\u00f1o, llegando a un total de seis nuevos agentes en la presente legislatura. El Ayuntamiento de Colindres ha aumentado el n\u00famero de polic\u00edas locales desde el pasado 1 de septiembre, cuando se incorporaron tres nuevos agentes a prestar el servicio en la plantilla municipal. [&hellip;]","og_url":"https:\/\/www.colindres.es\/index.php\/project\/colindres-aumenta-su-plantilla-de-policia-local-con-la-incorporacion-de-tres-nuevos-agentes\/","og_site_name":"Ayuntamiento de Colindres","og_image":[{"width":1492,"height":1224,"url":"https:\/\/www.colindres.es\/wp-content\/uploads\/2021\/09\/image0-1.jpeg","type":"image\/jpeg"}],"twitter_card":"summary_large_image","twitter_misc":{"Tiempo de lectura":"3 minutos"},"schema":{"@context":"https:\/\/schema.org","@graph":[{"@type":"WebPage","@id":"https:\/\/www.colindres.es\/index.php\/project\/colindres-aumenta-su-plantilla-de-policia-local-con-la-incorporacion-de-tres-nuevos-agentes\/","url":"https:\/\/www.colindres.es\/index.php\/project\/colindres-aumenta-su-plantilla-de-policia-local-con-la-incorporacion-de-tres-nuevos-agentes\/","name":"COLINDRES AUMENTA SU PLANTILLA DE POLIC\u00cdA LOCAL CON LA INCORPORACI\u00d3N DE TRES NUEVOS AGENTES - Ayuntamiento de Colindres","isPartOf":{"@id":"https:\/\/www.colindres.es\/#website"},"primaryImageOfPage":{"@id":"https:\/\/www.colindres.es\/index.php\/project\/colindres-aumenta-su-plantilla-de-policia-local-con-la-incorporacion-de-tres-nuevos-agentes\/#primaryimage"},"image":{"@id":"https:\/\/www.colindres.es\/index.php\/project\/colindres-aumenta-su-plantilla-de-policia-local-con-la-incorporacion-de-tres-nuevos-agentes\/#primaryimage"},"thumbnailUrl":"https:\/\/www.colindres.es\/wp-content\/uploads\/2021\/09\/image0-1.jpeg","datePublished":"2021-09-30T20:47:15+00:00","breadcrumb":{"@id":"https:\/\/www.colindres.es\/index.php\/project\/colindres-aumenta-su-plantilla-de-policia-local-con-la-incorporacion-de-tres-nuevos-agentes\/#breadcrumb"},"inLanguage":"es","potentialAction":[{"@type":"ReadAction","target":["https:\/\/www.colindres.es\/index.php\/project\/colindres-aumenta-su-plantilla-de-policia-local-con-la-incorporacion-de-tres-nuevos-agentes\/"]}]},{"@type":"ImageObject","inLanguage":"es","@id":"https:\/\/www.colindres.es\/index.php\/project\/colindres-aumenta-su-plantilla-de-policia-local-con-la-incorporacion-de-tres-nuevos-agentes\/#primaryimage","url":"https:\/\/www.colindres.es\/wp-content\/uploads\/2021\/09\/image0-1.jpeg","contentUrl":"https:\/\/www.colindres.es\/wp-content\/uploads\/2021\/09\/image0-1.jpeg","width":1492,"height":1224},{"@type":"BreadcrumbList","@id":"https:\/\/www.colindres.es\/index.php\/project\/colindres-aumenta-su-plantilla-de-policia-local-con-la-incorporacion-de-tres-nuevos-agentes\/#breadcrumb","itemListElement":[{"@type":"ListItem","position":1,"name":"Portada","item":"https:\/\/www.colindres.es\/"},{"@type":"ListItem","position":2,"name":"Proyectos","item":"https:\/\/www.colindres.es\/index.php\/project\/"},{"@type":"ListItem","position":3,"name":"COLINDRES AUMENTA SU PLANTILLA DE POLIC\u00cdA LOCAL CON LA INCORPORACI\u00d3N DE TRES NUEVOS AGENTES"}]},{"@type":"WebSite","@id":"https:\/\/www.colindres.es\/#website","url":"https:\/\/www.colindres.es\/","name":"Ayuntamiento de Colindres","description":"Dise\u00f1ado por NTIC&#039;s","publisher":{"@id":"https:\/\/www.colindres.es\/#organization"},"potentialAction":[{"@type":"SearchAction","target":{"@type":"EntryPoint","urlTemplate":"https:\/\/www.colindres.es\/?s={search_term_string}"},"query-input":{"@type":"PropertyValueSpecification","valueRequired":true,"valueName":"search_term_string"}}],"inLanguage":"es"},{"@type":"Organization","@id":"https:\/\/www.colindres.es\/#organization","name":"AYUNTAMIENTO DE COLINDRES","url":"https:\/\/www.colindres.es\/","logo":{"@type":"ImageObject","inLanguage":"es","@id":"https:\/\/www.colindres.es\/#\/schema\/logo\/image\/","url":"https:\/\/www.colindres.es\/wp-content\/uploads\/2017\/01\/LOGO-PRINCIPAL.jpg","contentUrl":"https:\/\/www.colindres.es\/wp-content\/uploads\/2017\/01\/LOGO-PRINCIPAL.jpg","width":1209,"height":579,"caption":"AYUNTAMIENTO DE COLINDRES"},"image":{"@id":"https:\/\/www.colindres.es\/#\/schema\/logo\/image\/"}}]}},"_links":{"self":[{"href":"https:\/\/www.colindres.es\/index.php\/wp-json\/wp\/v2\/project\/16392","targetHints":{"allow":["GET"]}}],"collection":[{"href":"https:\/\/www.colindres.es\/index.php\/wp-json\/wp\/v2\/project"}],"about":[{"href":"https:\/\/www.colindres.es\/index.php\/wp-json\/wp\/v2\/types\/project"}],"author":[{"embeddable":true,"href":"https:\/\/www.colindres.es\/index.php\/wp-json\/wp\/v2\/users\/1"}],"replies":[{"embeddable":true,"href":"https:\/\/www.colindres.es\/index.php\/wp-json\/wp\/v2\/comments?post=16392"}],"version-history":[{"count":1,"href":"https:\/\/www.colindres.es\/index.php\/wp-json\/wp\/v2\/project\/16392\/revisions"}],"predecessor-version":[{"id":16394,"href":"https:\/\/www.colindres.es\/index.php\/wp-json\/wp\/v2\/project\/16392\/revisions\/16394"}],"wp:featuredmedia":[{"embeddable":true,"href":"https:\/\/www.colindres.es\/index.php\/wp-json\/wp\/v2\/media\/16393"}],"wp:attachment":[{"href":"https:\/\/www.colindres.es\/index.php\/wp-json\/wp\/v2\/media?parent=16392"}],"wp:term":[{"taxonomy":"project_category","embeddable":true,"href":"https:\/\/www.colindres.es\/index.php\/wp-json\/wp\/v2\/project_category?post=16392"},{"taxonomy":"project_tag","embeddable":true,"href":"https:\/\/www.colindres.es\/index.php\/wp-json\/wp\/v2\/project_tag?post=16392"}],"curies":[{"name":"wp","href":"https:\/\/api.w.org\/{rel}","templated":true}]}}