{"id":1631,"date":"2018-07-05T11:50:26","date_gmt":"2018-07-05T11:50:26","guid":{"rendered":"http:\/\/colindres.es\/?post_type=project&#038;p=1631"},"modified":"2018-07-05T11:50:26","modified_gmt":"2018-07-05T11:50:26","slug":"colindres-astillero-real-iv-centenario-de-la-creacion-de-los-reales-astilleros-de-falgote","status":"publish","type":"project","link":"https:\/\/www.colindres.es\/index.php\/project\/colindres-astillero-real-iv-centenario-de-la-creacion-de-los-reales-astilleros-de-falgote\/","title":{"rendered":"COLINDRES ASTILLERO REAL- IV CENTENARIO DE LA CREACI\u00d3N DE LOS REALES ASTILLEROS DE FALGOTE"},"content":{"rendered":"<p>Jueves d\u00eda 5 de Julio:<\/p>\n<ul>\n<li>Inauguraci\u00f3n de la exposici\u00f3n de pintura COLINDRES y LA MAR a cargo de Carlos Parrilla Penagos en la sala de Exposiciones de la Casa de Cultura de Colindres.<\/li>\n<\/ul>\n<p>CICLO DE CONFERENCIAS COLINDRES ASTILLERO REAL, en el Sal\u00f3n de Plenos del Ayuntamiento de Colindres<\/p>\n<ul>\n<li style=\"list-style-type: none\">\n<ul>\n<li>Viernes 6 de Julio: Conferencia Galeones Oce\u00e1nicos por Benjam\u00edn Garc\u00eda Pastor (Doctor en Ciencias del Mar) a las 20.00 h.<\/li>\n<li>S\u00e1bado 7 de Julio: Conferencia EL BOSQUE FLOTANTE por Carlos Belloso Mart\u00edn (Profesor Universidad Europeo Miguel de Cervantes) a las 20.00 h.<\/li>\n<li>Martes 10 de Julio: Conferencia LA EVOLUCI\u00d3N de la CIENCIA N\u00c1UTICA por Juan Jos\u00e9 Achutegui Rodr\u00edguez (Catedr\u00e1tico Jubilado de Ciencias y T\u00e9cnicas de la Navegaci\u00f3n) a las 20.00 h.<\/li>\n<li>Mi\u00e9rcoles 11 de Julio: Conferencia REALES ASTILLEROS DE FALGOTE en COLINDRES por Juan Manuel Castanedo Gal\u00e1n (Dcotor en Ciencias del Mar, Premio Virgen del Carmen 1996 de la Armada Espa\u00f1ola y Autor de numerosos libros sobre historia naval y mar\u00edtima) a las 20.00 h.<\/li>\n<li>S\u00e1bado 14 de Julio: Seminario Pr\u00e1ctico sobre la Carpinter\u00eda de Ribera de las embarcaciones hist\u00f3ricas a cargo de Francisco Santos V\u00e1zquez, carpintero de Ribera de la NAO VICTORIA, a las 20.00 h en la Carpa de la Asociaci\u00f3n Falgote.<\/li>\n<li>Domingo 15 de Julio: III GYMKANA \u00abKOLINDRES GO\u00bb, junto a la maqueta del Gale\u00f3n en construcci\u00f3n, a partir de las 10.30 h.<\/li>\n<\/ul>\n<\/li>\n<\/ul>\n<p>&nbsp;<\/p>\n","protected":false},"excerpt":{"rendered":"<p>Jueves d\u00eda 5 de Julio: Inauguraci\u00f3n de la exposici\u00f3n de pintura COLINDRES y LA MAR a cargo de Carlos Parrilla Penagos en la sala de Exposiciones de la Casa de Cultura de Colindres. CICLO DE CONFERENCIAS COLINDRES ASTILLERO REAL, en el Sal\u00f3n de Plenos del Ayuntamiento de Colindres Viernes 6 de Julio: Conferencia Galeones Oce\u00e1nicos [&hellip;]<\/p>\n","protected":false},"author":1,"featured_media":1632,"comment_status":"open","ping_status":"closed","template":"","meta":{"_et_pb_use_builder":"","_et_pb_old_content":"","_et_gb_content_width":"","footnotes":""},"project_category":[],"project_tag":[],"class_list":["post-1631","project","type-project","status-publish","has-post-thumbnail","hentry"],"yoast_head":"<!-- This site is optimized with the Yoast SEO plugin v24.9 - https:\/\/yoast.com\/wordpress\/plugins\/seo\/ -->\n<title>COLINDRES ASTILLERO REAL- IV CENTENARIO DE LA CREACI\u00d3N DE LOS REALES ASTILLEROS DE FALGOTE - Ayuntamiento de Colindres<\/title>\n<meta name=\"robots\" content=\"index, follow, max-snippet:-1, max-image-preview:large, max-video-preview:-1\" \/>\n<link rel=\"canonical\" href=\"https:\/\/www.colindres.es\/index.php\/project\/colindres-astillero-real-iv-centenario-de-la-creacion-de-los-reales-astilleros-de-falgote\/\" \/>\n<meta property=\"og:locale\" content=\"es_ES\" \/>\n<meta property=\"og:type\" content=\"article\" \/>\n<meta property=\"og:title\" content=\"COLINDRES ASTILLERO REAL- IV CENTENARIO DE LA CREACI\u00d3N DE LOS REALES ASTILLEROS DE FALGOTE - Ayuntamiento de Colindres\" \/>\n<meta property=\"og:description\" content=\"Jueves d\u00eda 5 de Julio: Inauguraci\u00f3n de la exposici\u00f3n de pintura COLINDRES y LA MAR a cargo de Carlos Parrilla Penagos en la sala de Exposiciones de la Casa de Cultura de Colindres. CICLO DE CONFERENCIAS COLINDRES ASTILLERO REAL, en el Sal\u00f3n de Plenos del Ayuntamiento de Colindres Viernes 6 de Julio: Conferencia Galeones Oce\u00e1nicos [&hellip;]\" \/>\n<meta property=\"og:url\" content=\"https:\/\/www.colindres.es\/index.php\/project\/colindres-astillero-real-iv-centenario-de-la-creacion-de-los-reales-astilleros-de-falgote\/\" \/>\n<meta property=\"og:site_name\" content=\"Ayuntamiento de Colindres\" \/>\n<meta property=\"og:image\" content=\"https:\/\/www.colindres.es\/wp-content\/uploads\/2018\/07\/Cartel_conferencias_falgote-web.jpg\" \/>\n\t<meta property=\"og:image:width\" content=\"3508\" \/>\n\t<meta property=\"og:image:height\" content=\"4961\" \/>\n\t<meta property=\"og:image:type\" content=\"image\/jpeg\" \/>\n<meta name=\"twitter:card\" content=\"summary_large_image\" \/>\n<meta name=\"twitter:label1\" content=\"Tiempo de lectura\" \/>\n\t<meta name=\"twitter:data1\" content=\"1 minuto\" \/>\n<script type=\"application\/ld+json\" class=\"yoast-schema-graph\">{\"@context\":\"https:\/\/schema.org\",\"@graph\":[{\"@type\":\"WebPage\",\"@id\":\"https:\/\/www.colindres.es\/index.php\/project\/colindres-astillero-real-iv-centenario-de-la-creacion-de-los-reales-astilleros-de-falgote\/\",\"url\":\"https:\/\/www.colindres.es\/index.php\/project\/colindres-astillero-real-iv-centenario-de-la-creacion-de-los-reales-astilleros-de-falgote\/\",\"name\":\"COLINDRES ASTILLERO REAL- IV CENTENARIO DE LA CREACI\u00d3N DE LOS REALES ASTILLEROS DE FALGOTE - Ayuntamiento de Colindres\",\"isPartOf\":{\"@id\":\"https:\/\/www.colindres.es\/#website\"},\"primaryImageOfPage\":{\"@id\":\"https:\/\/www.colindres.es\/index.php\/project\/colindres-astillero-real-iv-centenario-de-la-creacion-de-los-reales-astilleros-de-falgote\/#primaryimage\"},\"image\":{\"@id\":\"https:\/\/www.colindres.es\/index.php\/project\/colindres-astillero-real-iv-centenario-de-la-creacion-de-los-reales-astilleros-de-falgote\/#primaryimage\"},\"thumbnailUrl\":\"https:\/\/www.colindres.es\/wp-content\/uploads\/2018\/07\/Cartel_conferencias_falgote-web.jpg\",\"datePublished\":\"2018-07-05T11:50:26+00:00\",\"breadcrumb\":{\"@id\":\"https:\/\/www.colindres.es\/index.php\/project\/colindres-astillero-real-iv-centenario-de-la-creacion-de-los-reales-astilleros-de-falgote\/#breadcrumb\"},\"inLanguage\":\"es\",\"potentialAction\":[{\"@type\":\"ReadAction\",\"target\":[\"https:\/\/www.colindres.es\/index.php\/project\/colindres-astillero-real-iv-centenario-de-la-creacion-de-los-reales-astilleros-de-falgote\/\"]}]},{\"@type\":\"ImageObject\",\"inLanguage\":\"es\",\"@id\":\"https:\/\/www.colindres.es\/index.php\/project\/colindres-astillero-real-iv-centenario-de-la-creacion-de-los-reales-astilleros-de-falgote\/#primaryimage\",\"url\":\"https:\/\/www.colindres.es\/wp-content\/uploads\/2018\/07\/Cartel_conferencias_falgote-web.jpg\",\"contentUrl\":\"https:\/\/www.colindres.es\/wp-content\/uploads\/2018\/07\/Cartel_conferencias_falgote-web.jpg\",\"width\":3508,\"height\":4961},{\"@type\":\"BreadcrumbList\",\"@id\":\"https:\/\/www.colindres.es\/index.php\/project\/colindres-astillero-real-iv-centenario-de-la-creacion-de-los-reales-astilleros-de-falgote\/#breadcrumb\",\"itemListElement\":[{\"@type\":\"ListItem\",\"position\":1,\"name\":\"Portada\",\"item\":\"https:\/\/www.colindres.es\/\"},{\"@type\":\"ListItem\",\"position\":2,\"name\":\"Proyectos\",\"item\":\"https:\/\/www.colindres.es\/index.php\/project\/\"},{\"@type\":\"ListItem\",\"position\":3,\"name\":\"COLINDRES ASTILLERO REAL- IV CENTENARIO DE LA CREACI\u00d3N DE LOS REALES ASTILLEROS DE FALGOTE\"}]},{\"@type\":\"WebSite\",\"@id\":\"https:\/\/www.colindres.es\/#website\",\"url\":\"https:\/\/www.colindres.es\/\",\"name\":\"Ayuntamiento de Colindres\",\"description\":\"Dise\u00f1ado por NTIC&#039;s\",\"publisher\":{\"@id\":\"https:\/\/www.colindres.es\/#organization\"},\"potentialAction\":[{\"@type\":\"SearchAction\",\"target\":{\"@type\":\"EntryPoint\",\"urlTemplate\":\"https:\/\/www.colindres.es\/?s={search_term_string}\"},\"query-input\":{\"@type\":\"PropertyValueSpecification\",\"valueRequired\":true,\"valueName\":\"search_term_string\"}}],\"inLanguage\":\"es\"},{\"@type\":\"Organization\",\"@id\":\"https:\/\/www.colindres.es\/#organization\",\"name\":\"AYUNTAMIENTO DE COLINDRES\",\"url\":\"https:\/\/www.colindres.es\/\",\"logo\":{\"@type\":\"ImageObject\",\"inLanguage\":\"es\",\"@id\":\"https:\/\/www.colindres.es\/#\/schema\/logo\/image\/\",\"url\":\"https:\/\/www.colindres.es\/wp-content\/uploads\/2017\/01\/LOGO-PRINCIPAL.jpg\",\"contentUrl\":\"https:\/\/www.colindres.es\/wp-content\/uploads\/2017\/01\/LOGO-PRINCIPAL.jpg\",\"width\":1209,\"height\":579,\"caption\":\"AYUNTAMIENTO DE COLINDRES\"},\"image\":{\"@id\":\"https:\/\/www.colindres.es\/#\/schema\/logo\/image\/\"}}]}<\/script>\n<!-- \/ Yoast SEO plugin. -->","yoast_head_json":{"title":"COLINDRES ASTILLERO REAL- IV CENTENARIO DE LA CREACI\u00d3N DE LOS REALES ASTILLEROS DE FALGOTE - Ayuntamiento de Colindres","robots":{"index":"index","follow":"follow","max-snippet":"max-snippet:-1","max-image-preview":"max-image-preview:large","max-video-preview":"max-video-preview:-1"},"canonical":"https:\/\/www.colindres.es\/index.php\/project\/colindres-astillero-real-iv-centenario-de-la-creacion-de-los-reales-astilleros-de-falgote\/","og_locale":"es_ES","og_type":"article","og_title":"COLINDRES ASTILLERO REAL- IV CENTENARIO DE LA CREACI\u00d3N DE LOS REALES ASTILLEROS DE FALGOTE - Ayuntamiento de Colindres","og_description":"Jueves d\u00eda 5 de Julio: Inauguraci\u00f3n de la exposici\u00f3n de pintura COLINDRES y LA MAR a cargo de Carlos Parrilla Penagos en la sala de Exposiciones de la Casa de Cultura de Colindres. CICLO DE CONFERENCIAS COLINDRES ASTILLERO REAL, en el Sal\u00f3n de Plenos del Ayuntamiento de Colindres Viernes 6 de Julio: Conferencia Galeones Oce\u00e1nicos [&hellip;]","og_url":"https:\/\/www.colindres.es\/index.php\/project\/colindres-astillero-real-iv-centenario-de-la-creacion-de-los-reales-astilleros-de-falgote\/","og_site_name":"Ayuntamiento de Colindres","og_image":[{"width":3508,"height":4961,"url":"https:\/\/www.colindres.es\/wp-content\/uploads\/2018\/07\/Cartel_conferencias_falgote-web.jpg","type":"image\/jpeg"}],"twitter_card":"summary_large_image","twitter_misc":{"Tiempo de lectura":"1 minuto"},"schema":{"@context":"https:\/\/schema.org","@graph":[{"@type":"WebPage","@id":"https:\/\/www.colindres.es\/index.php\/project\/colindres-astillero-real-iv-centenario-de-la-creacion-de-los-reales-astilleros-de-falgote\/","url":"https:\/\/www.colindres.es\/index.php\/project\/colindres-astillero-real-iv-centenario-de-la-creacion-de-los-reales-astilleros-de-falgote\/","name":"COLINDRES ASTILLERO REAL- IV CENTENARIO DE LA CREACI\u00d3N DE LOS REALES ASTILLEROS DE FALGOTE - Ayuntamiento de Colindres","isPartOf":{"@id":"https:\/\/www.colindres.es\/#website"},"primaryImageOfPage":{"@id":"https:\/\/www.colindres.es\/index.php\/project\/colindres-astillero-real-iv-centenario-de-la-creacion-de-los-reales-astilleros-de-falgote\/#primaryimage"},"image":{"@id":"https:\/\/www.colindres.es\/index.php\/project\/colindres-astillero-real-iv-centenario-de-la-creacion-de-los-reales-astilleros-de-falgote\/#primaryimage"},"thumbnailUrl":"https:\/\/www.colindres.es\/wp-content\/uploads\/2018\/07\/Cartel_conferencias_falgote-web.jpg","datePublished":"2018-07-05T11:50:26+00:00","breadcrumb":{"@id":"https:\/\/www.colindres.es\/index.php\/project\/colindres-astillero-real-iv-centenario-de-la-creacion-de-los-reales-astilleros-de-falgote\/#breadcrumb"},"inLanguage":"es","potentialAction":[{"@type":"ReadAction","target":["https:\/\/www.colindres.es\/index.php\/project\/colindres-astillero-real-iv-centenario-de-la-creacion-de-los-reales-astilleros-de-falgote\/"]}]},{"@type":"ImageObject","inLanguage":"es","@id":"https:\/\/www.colindres.es\/index.php\/project\/colindres-astillero-real-iv-centenario-de-la-creacion-de-los-reales-astilleros-de-falgote\/#primaryimage","url":"https:\/\/www.colindres.es\/wp-content\/uploads\/2018\/07\/Cartel_conferencias_falgote-web.jpg","contentUrl":"https:\/\/www.colindres.es\/wp-content\/uploads\/2018\/07\/Cartel_conferencias_falgote-web.jpg","width":3508,"height":4961},{"@type":"BreadcrumbList","@id":"https:\/\/www.colindres.es\/index.php\/project\/colindres-astillero-real-iv-centenario-de-la-creacion-de-los-reales-astilleros-de-falgote\/#breadcrumb","itemListElement":[{"@type":"ListItem","position":1,"name":"Portada","item":"https:\/\/www.colindres.es\/"},{"@type":"ListItem","position":2,"name":"Proyectos","item":"https:\/\/www.colindres.es\/index.php\/project\/"},{"@type":"ListItem","position":3,"name":"COLINDRES ASTILLERO REAL- IV CENTENARIO DE LA CREACI\u00d3N DE LOS REALES ASTILLEROS DE FALGOTE"}]},{"@type":"WebSite","@id":"https:\/\/www.colindres.es\/#website","url":"https:\/\/www.colindres.es\/","name":"Ayuntamiento de Colindres","description":"Dise\u00f1ado por NTIC&#039;s","publisher":{"@id":"https:\/\/www.colindres.es\/#organization"},"potentialAction":[{"@type":"SearchAction","target":{"@type":"EntryPoint","urlTemplate":"https:\/\/www.colindres.es\/?s={search_term_string}"},"query-input":{"@type":"PropertyValueSpecification","valueRequired":true,"valueName":"search_term_string"}}],"inLanguage":"es"},{"@type":"Organization","@id":"https:\/\/www.colindres.es\/#organization","name":"AYUNTAMIENTO DE COLINDRES","url":"https:\/\/www.colindres.es\/","logo":{"@type":"ImageObject","inLanguage":"es","@id":"https:\/\/www.colindres.es\/#\/schema\/logo\/image\/","url":"https:\/\/www.colindres.es\/wp-content\/uploads\/2017\/01\/LOGO-PRINCIPAL.jpg","contentUrl":"https:\/\/www.colindres.es\/wp-content\/uploads\/2017\/01\/LOGO-PRINCIPAL.jpg","width":1209,"height":579,"caption":"AYUNTAMIENTO DE COLINDRES"},"image":{"@id":"https:\/\/www.colindres.es\/#\/schema\/logo\/image\/"}}]}},"_links":{"self":[{"href":"https:\/\/www.colindres.es\/index.php\/wp-json\/wp\/v2\/project\/1631","targetHints":{"allow":["GET"]}}],"collection":[{"href":"https:\/\/www.colindres.es\/index.php\/wp-json\/wp\/v2\/project"}],"about":[{"href":"https:\/\/www.colindres.es\/index.php\/wp-json\/wp\/v2\/types\/project"}],"author":[{"embeddable":true,"href":"https:\/\/www.colindres.es\/index.php\/wp-json\/wp\/v2\/users\/1"}],"replies":[{"embeddable":true,"href":"https:\/\/www.colindres.es\/index.php\/wp-json\/wp\/v2\/comments?post=1631"}],"version-history":[{"count":1,"href":"https:\/\/www.colindres.es\/index.php\/wp-json\/wp\/v2\/project\/1631\/revisions"}],"predecessor-version":[{"id":1633,"href":"https:\/\/www.colindres.es\/index.php\/wp-json\/wp\/v2\/project\/1631\/revisions\/1633"}],"wp:featuredmedia":[{"embeddable":true,"href":"https:\/\/www.colindres.es\/index.php\/wp-json\/wp\/v2\/media\/1632"}],"wp:attachment":[{"href":"https:\/\/www.colindres.es\/index.php\/wp-json\/wp\/v2\/media?parent=1631"}],"wp:term":[{"taxonomy":"project_category","embeddable":true,"href":"https:\/\/www.colindres.es\/index.php\/wp-json\/wp\/v2\/project_category?post=1631"},{"taxonomy":"project_tag","embeddable":true,"href":"https:\/\/www.colindres.es\/index.php\/wp-json\/wp\/v2\/project_tag?post=1631"}],"curies":[{"name":"wp","href":"https:\/\/api.w.org\/{rel}","templated":true}]}}