{"id":1627,"date":"2018-07-05T09:42:13","date_gmt":"2018-07-05T09:42:13","guid":{"rendered":"http:\/\/colindres.es\/?post_type=project&#038;p=1627"},"modified":"2018-07-05T09:42:13","modified_gmt":"2018-07-05T09:42:13","slug":"incera-destaca-que-colindres-es-un-ejemplo-de-practica-deportiva-nivel-competitivo-y-gestion","status":"publish","type":"project","link":"https:\/\/www.colindres.es\/index.php\/project\/incera-destaca-que-colindres-es-un-ejemplo-de-practica-deportiva-nivel-competitivo-y-gestion\/","title":{"rendered":"Incera destaca que \u201cColindres es un ejemplo de pr\u00e1ctica deportiva, nivel competitivo y gesti\u00f3n\u201d"},"content":{"rendered":"<p><strong><em>El Ayuntamiento y el Gobierno de Cantabria se comprometen a reforzar el papel de Colindres como sede de referencia de los Cursos de Verano de la UC en materia deportiva<\/em><\/strong><\/p>\n<p><em>Colindres, 4 de julio de 2018.-<\/em> El alcalde de Colindres, Javier Incera, ha destacado este mi\u00e9rcoles que el municipio es \u201cun ejemplo de pr\u00e1ctica deportiva, nivel competitivo y gesti\u00f3n\u201d y ha garantizado el compromiso del Ayuntamiento por continuar reforzando el papel de la localidad como \u201csede de referencia\u201d de los Cursos de Verano de la Universidad de Cantabria (UC) en materia deportiva.<\/p>\n<p>El alcalde se ha expresado as\u00ed durante la clausura del monogr\u00e1fico &#8216;Educaci\u00f3n f\u00edsica de calidad basada en el aprendizaje dial\u00f3gico&#8217;, a la que han asistido la directora General de Deporte del Gobierno de Cantabria, Gloria G\u00f3mez Santamar\u00eda, y el vicerrector de Cultura y Pol\u00edtica Social de la UC, Tom\u00e1s Mantec\u00f3n.<\/p>\n<p>En su intervenci\u00f3n, Incera se ha mostrado satisfecho por el desarrollo de las actividades de la UC en la sede colindresa y ha explicado que el objetivo \u00abes seguir creciendo en los pr\u00f3ximos a\u00f1os porque nos gusta la iniciativa y creemos en ella\u00bb. \u00abColindres es un ejemplo de pr\u00e1ctica deportiva, nivel competitivo y de gesti\u00f3n y en estos cursos espec\u00edficos de deporte nuestro municipio tiene mucho que aportar\u201d, ha incidido el regidor.<\/p>\n<p>En la misma l\u00ednea se ha manifestado la directora general de Deporte del Gobierno de Cantabria, Gloria G\u00f3mez Santamar\u00eda, que ha subrayado que \u201cen la Consejer\u00eda creemos firmemente que la formaci\u00f3n permanente es muy necesaria&#8217; y se ha comprometido a \u00abimplicarse mucho m\u00e1s en el desarrollo de estos cursos en Colindres\u201d.<\/p>\n<p>El curso que se ha clausurado este mi\u00e9rcoles ha contado con m\u00e1s de veinte alumnos, algunos de los cuales han llegado de lugares tan alejados cono Valencia, Barcelona o Teruel.<\/p>\n<p>En el acto, el vicerrector de la UC, Tom\u00e1s Mantec\u00f3n, se ha mostrado partidario de \u00abapartarse de vez en cuando de la ense\u00f1anza reglada pura y dura y sacar de las aulas materias como la Educaci\u00f3n F\u00edsica\u00bb. En ese sentido, ha agradecido a los profesores y al director de la sede el trabajo realizado.<\/p>\n<p>En el desarrollo del curso, Jos\u00e9 Manuel Castanedo, profesor de Educaci\u00f3n F\u00edsica y Doctorando en Educaci\u00f3n en la Universidad de Barcelona ha hablado del modelo<\/p>\n<p>educativo RIRC (Retos Individuales con responsabilidad Compartida), al que ha descrito como \u00abun modelo inclusivo que lo que busca es el mayor aprendizaje de todos los alumnos en base al aprendizaje dial\u00f3gico\u00bb. Para el experto, la educaci\u00f3n ha de basarse \u00aben los valores y en el di\u00e1logo\u00bb y ha incidido en que \u00abla clave de la educaci\u00f3n son las interacciones y los di\u00e1logos que se produzcan en ellas\u00bb.<\/p>\n<p>Encargado de las conclusiones finales del monogr\u00e1fico, Castanedo ha apuntado que \u00absi queremos la mejor formaci\u00f3n para los ni\u00f1os necesitamos una educaci\u00f3n basada en evidencias cient\u00edficas\u00bb.<\/p>\n<p>En palabras del director de los Cursos de Verano en la sede de Colindres, Mikel P\u00e9rez, el objetivo de este monogr\u00e1fico era \u00abaportar evidencias cient\u00edficas de qu\u00e9 es lo que funciona y qu\u00e9 es lo que no funciona dentro de la Educaci\u00f3n F\u00edsica en este caso pero que puede ser extrapolable a cualquier otra \u00e1rea o, incluso, nivel educativo\u00bb.<\/p>\n<p><img loading=\"lazy\" decoding=\"async\" class=\"alignnone size-medium wp-image-1628\" src=\"http:\/\/colindres.es\/wp-content\/uploads\/2018\/07\/Cursos-UC-300x200.jpg\" alt=\"\" width=\"300\" height=\"200\" srcset=\"https:\/\/www.colindres.es\/wp-content\/uploads\/2018\/07\/Cursos-UC-300x200.jpg 300w, https:\/\/www.colindres.es\/wp-content\/uploads\/2018\/07\/Cursos-UC-768x512.jpg 768w, https:\/\/www.colindres.es\/wp-content\/uploads\/2018\/07\/Cursos-UC-1024x683.jpg 1024w, https:\/\/www.colindres.es\/wp-content\/uploads\/2018\/07\/Cursos-UC-1080x720.jpg 1080w\" sizes=\"(max-width: 300px) 100vw, 300px\" \/><\/p>\n","protected":false},"excerpt":{"rendered":"<p>El Ayuntamiento y el Gobierno de Cantabria se comprometen a reforzar el papel de Colindres como sede de referencia de los Cursos de Verano de la UC en materia deportiva Colindres, 4 de julio de 2018.- El alcalde de Colindres, Javier Incera, ha destacado este mi\u00e9rcoles que el municipio es \u201cun ejemplo de pr\u00e1ctica deportiva, [&hellip;]<\/p>\n","protected":false},"author":1,"featured_media":1629,"comment_status":"open","ping_status":"closed","template":"","meta":{"_et_pb_use_builder":"","_et_pb_old_content":"","_et_gb_content_width":"","footnotes":""},"project_category":[],"project_tag":[],"class_list":["post-1627","project","type-project","status-publish","has-post-thumbnail","hentry"],"yoast_head":"<!-- This site is optimized with the Yoast SEO plugin v24.9 - https:\/\/yoast.com\/wordpress\/plugins\/seo\/ -->\n<title>Incera destaca que \u201cColindres es un ejemplo de pr\u00e1ctica deportiva, nivel competitivo y gesti\u00f3n\u201d - Ayuntamiento de Colindres<\/title>\n<meta name=\"robots\" content=\"index, follow, max-snippet:-1, max-image-preview:large, max-video-preview:-1\" \/>\n<link rel=\"canonical\" href=\"https:\/\/www.colindres.es\/index.php\/project\/incera-destaca-que-colindres-es-un-ejemplo-de-practica-deportiva-nivel-competitivo-y-gestion\/\" \/>\n<meta property=\"og:locale\" content=\"es_ES\" \/>\n<meta property=\"og:type\" content=\"article\" \/>\n<meta property=\"og:title\" content=\"Incera destaca que \u201cColindres es un ejemplo de pr\u00e1ctica deportiva, nivel competitivo y gesti\u00f3n\u201d - Ayuntamiento de Colindres\" \/>\n<meta property=\"og:description\" content=\"El Ayuntamiento y el Gobierno de Cantabria se comprometen a reforzar el papel de Colindres como sede de referencia de los Cursos de Verano de la UC en materia deportiva Colindres, 4 de julio de 2018.- El alcalde de Colindres, Javier Incera, ha destacado este mi\u00e9rcoles que el municipio es \u201cun ejemplo de pr\u00e1ctica deportiva, [&hellip;]\" \/>\n<meta property=\"og:url\" content=\"https:\/\/www.colindres.es\/index.php\/project\/incera-destaca-que-colindres-es-un-ejemplo-de-practica-deportiva-nivel-competitivo-y-gestion\/\" \/>\n<meta property=\"og:site_name\" content=\"Ayuntamiento de Colindres\" \/>\n<meta property=\"og:image\" content=\"https:\/\/www.colindres.es\/wp-content\/uploads\/2018\/07\/CUrsos-UC-2.jpg\" \/>\n\t<meta property=\"og:image:width\" content=\"2592\" \/>\n\t<meta property=\"og:image:height\" content=\"1728\" \/>\n\t<meta property=\"og:image:type\" content=\"image\/jpeg\" \/>\n<meta name=\"twitter:card\" content=\"summary_large_image\" \/>\n<meta name=\"twitter:label1\" content=\"Tiempo de lectura\" \/>\n\t<meta name=\"twitter:data1\" content=\"3 minutos\" \/>\n<script type=\"application\/ld+json\" class=\"yoast-schema-graph\">{\"@context\":\"https:\/\/schema.org\",\"@graph\":[{\"@type\":\"WebPage\",\"@id\":\"https:\/\/www.colindres.es\/index.php\/project\/incera-destaca-que-colindres-es-un-ejemplo-de-practica-deportiva-nivel-competitivo-y-gestion\/\",\"url\":\"https:\/\/www.colindres.es\/index.php\/project\/incera-destaca-que-colindres-es-un-ejemplo-de-practica-deportiva-nivel-competitivo-y-gestion\/\",\"name\":\"Incera destaca que \u201cColindres es un ejemplo de pr\u00e1ctica deportiva, nivel competitivo y gesti\u00f3n\u201d - Ayuntamiento de Colindres\",\"isPartOf\":{\"@id\":\"https:\/\/www.colindres.es\/#website\"},\"primaryImageOfPage\":{\"@id\":\"https:\/\/www.colindres.es\/index.php\/project\/incera-destaca-que-colindres-es-un-ejemplo-de-practica-deportiva-nivel-competitivo-y-gestion\/#primaryimage\"},\"image\":{\"@id\":\"https:\/\/www.colindres.es\/index.php\/project\/incera-destaca-que-colindres-es-un-ejemplo-de-practica-deportiva-nivel-competitivo-y-gestion\/#primaryimage\"},\"thumbnailUrl\":\"https:\/\/www.colindres.es\/wp-content\/uploads\/2018\/07\/CUrsos-UC-2.jpg\",\"datePublished\":\"2018-07-05T09:42:13+00:00\",\"breadcrumb\":{\"@id\":\"https:\/\/www.colindres.es\/index.php\/project\/incera-destaca-que-colindres-es-un-ejemplo-de-practica-deportiva-nivel-competitivo-y-gestion\/#breadcrumb\"},\"inLanguage\":\"es\",\"potentialAction\":[{\"@type\":\"ReadAction\",\"target\":[\"https:\/\/www.colindres.es\/index.php\/project\/incera-destaca-que-colindres-es-un-ejemplo-de-practica-deportiva-nivel-competitivo-y-gestion\/\"]}]},{\"@type\":\"ImageObject\",\"inLanguage\":\"es\",\"@id\":\"https:\/\/www.colindres.es\/index.php\/project\/incera-destaca-que-colindres-es-un-ejemplo-de-practica-deportiva-nivel-competitivo-y-gestion\/#primaryimage\",\"url\":\"https:\/\/www.colindres.es\/wp-content\/uploads\/2018\/07\/CUrsos-UC-2.jpg\",\"contentUrl\":\"https:\/\/www.colindres.es\/wp-content\/uploads\/2018\/07\/CUrsos-UC-2.jpg\",\"width\":2592,\"height\":1728},{\"@type\":\"BreadcrumbList\",\"@id\":\"https:\/\/www.colindres.es\/index.php\/project\/incera-destaca-que-colindres-es-un-ejemplo-de-practica-deportiva-nivel-competitivo-y-gestion\/#breadcrumb\",\"itemListElement\":[{\"@type\":\"ListItem\",\"position\":1,\"name\":\"Portada\",\"item\":\"https:\/\/www.colindres.es\/\"},{\"@type\":\"ListItem\",\"position\":2,\"name\":\"Proyectos\",\"item\":\"https:\/\/www.colindres.es\/index.php\/project\/\"},{\"@type\":\"ListItem\",\"position\":3,\"name\":\"Incera destaca que \u201cColindres es un ejemplo de pr\u00e1ctica deportiva, nivel competitivo y gesti\u00f3n\u201d\"}]},{\"@type\":\"WebSite\",\"@id\":\"https:\/\/www.colindres.es\/#website\",\"url\":\"https:\/\/www.colindres.es\/\",\"name\":\"Ayuntamiento de Colindres\",\"description\":\"Dise\u00f1ado por NTIC&#039;s\",\"publisher\":{\"@id\":\"https:\/\/www.colindres.es\/#organization\"},\"potentialAction\":[{\"@type\":\"SearchAction\",\"target\":{\"@type\":\"EntryPoint\",\"urlTemplate\":\"https:\/\/www.colindres.es\/?s={search_term_string}\"},\"query-input\":{\"@type\":\"PropertyValueSpecification\",\"valueRequired\":true,\"valueName\":\"search_term_string\"}}],\"inLanguage\":\"es\"},{\"@type\":\"Organization\",\"@id\":\"https:\/\/www.colindres.es\/#organization\",\"name\":\"AYUNTAMIENTO DE COLINDRES\",\"url\":\"https:\/\/www.colindres.es\/\",\"logo\":{\"@type\":\"ImageObject\",\"inLanguage\":\"es\",\"@id\":\"https:\/\/www.colindres.es\/#\/schema\/logo\/image\/\",\"url\":\"https:\/\/www.colindres.es\/wp-content\/uploads\/2017\/01\/LOGO-PRINCIPAL.jpg\",\"contentUrl\":\"https:\/\/www.colindres.es\/wp-content\/uploads\/2017\/01\/LOGO-PRINCIPAL.jpg\",\"width\":1209,\"height\":579,\"caption\":\"AYUNTAMIENTO DE COLINDRES\"},\"image\":{\"@id\":\"https:\/\/www.colindres.es\/#\/schema\/logo\/image\/\"}}]}<\/script>\n<!-- \/ Yoast SEO plugin. -->","yoast_head_json":{"title":"Incera destaca que \u201cColindres es un ejemplo de pr\u00e1ctica deportiva, nivel competitivo y gesti\u00f3n\u201d - Ayuntamiento de Colindres","robots":{"index":"index","follow":"follow","max-snippet":"max-snippet:-1","max-image-preview":"max-image-preview:large","max-video-preview":"max-video-preview:-1"},"canonical":"https:\/\/www.colindres.es\/index.php\/project\/incera-destaca-que-colindres-es-un-ejemplo-de-practica-deportiva-nivel-competitivo-y-gestion\/","og_locale":"es_ES","og_type":"article","og_title":"Incera destaca que \u201cColindres es un ejemplo de pr\u00e1ctica deportiva, nivel competitivo y gesti\u00f3n\u201d - Ayuntamiento de Colindres","og_description":"El Ayuntamiento y el Gobierno de Cantabria se comprometen a reforzar el papel de Colindres como sede de referencia de los Cursos de Verano de la UC en materia deportiva Colindres, 4 de julio de 2018.- El alcalde de Colindres, Javier Incera, ha destacado este mi\u00e9rcoles que el municipio es \u201cun ejemplo de pr\u00e1ctica deportiva, [&hellip;]","og_url":"https:\/\/www.colindres.es\/index.php\/project\/incera-destaca-que-colindres-es-un-ejemplo-de-practica-deportiva-nivel-competitivo-y-gestion\/","og_site_name":"Ayuntamiento de Colindres","og_image":[{"width":2592,"height":1728,"url":"https:\/\/www.colindres.es\/wp-content\/uploads\/2018\/07\/CUrsos-UC-2.jpg","type":"image\/jpeg"}],"twitter_card":"summary_large_image","twitter_misc":{"Tiempo de lectura":"3 minutos"},"schema":{"@context":"https:\/\/schema.org","@graph":[{"@type":"WebPage","@id":"https:\/\/www.colindres.es\/index.php\/project\/incera-destaca-que-colindres-es-un-ejemplo-de-practica-deportiva-nivel-competitivo-y-gestion\/","url":"https:\/\/www.colindres.es\/index.php\/project\/incera-destaca-que-colindres-es-un-ejemplo-de-practica-deportiva-nivel-competitivo-y-gestion\/","name":"Incera destaca que \u201cColindres es un ejemplo de pr\u00e1ctica deportiva, nivel competitivo y gesti\u00f3n\u201d - Ayuntamiento de Colindres","isPartOf":{"@id":"https:\/\/www.colindres.es\/#website"},"primaryImageOfPage":{"@id":"https:\/\/www.colindres.es\/index.php\/project\/incera-destaca-que-colindres-es-un-ejemplo-de-practica-deportiva-nivel-competitivo-y-gestion\/#primaryimage"},"image":{"@id":"https:\/\/www.colindres.es\/index.php\/project\/incera-destaca-que-colindres-es-un-ejemplo-de-practica-deportiva-nivel-competitivo-y-gestion\/#primaryimage"},"thumbnailUrl":"https:\/\/www.colindres.es\/wp-content\/uploads\/2018\/07\/CUrsos-UC-2.jpg","datePublished":"2018-07-05T09:42:13+00:00","breadcrumb":{"@id":"https:\/\/www.colindres.es\/index.php\/project\/incera-destaca-que-colindres-es-un-ejemplo-de-practica-deportiva-nivel-competitivo-y-gestion\/#breadcrumb"},"inLanguage":"es","potentialAction":[{"@type":"ReadAction","target":["https:\/\/www.colindres.es\/index.php\/project\/incera-destaca-que-colindres-es-un-ejemplo-de-practica-deportiva-nivel-competitivo-y-gestion\/"]}]},{"@type":"ImageObject","inLanguage":"es","@id":"https:\/\/www.colindres.es\/index.php\/project\/incera-destaca-que-colindres-es-un-ejemplo-de-practica-deportiva-nivel-competitivo-y-gestion\/#primaryimage","url":"https:\/\/www.colindres.es\/wp-content\/uploads\/2018\/07\/CUrsos-UC-2.jpg","contentUrl":"https:\/\/www.colindres.es\/wp-content\/uploads\/2018\/07\/CUrsos-UC-2.jpg","width":2592,"height":1728},{"@type":"BreadcrumbList","@id":"https:\/\/www.colindres.es\/index.php\/project\/incera-destaca-que-colindres-es-un-ejemplo-de-practica-deportiva-nivel-competitivo-y-gestion\/#breadcrumb","itemListElement":[{"@type":"ListItem","position":1,"name":"Portada","item":"https:\/\/www.colindres.es\/"},{"@type":"ListItem","position":2,"name":"Proyectos","item":"https:\/\/www.colindres.es\/index.php\/project\/"},{"@type":"ListItem","position":3,"name":"Incera destaca que \u201cColindres es un ejemplo de pr\u00e1ctica deportiva, nivel competitivo y gesti\u00f3n\u201d"}]},{"@type":"WebSite","@id":"https:\/\/www.colindres.es\/#website","url":"https:\/\/www.colindres.es\/","name":"Ayuntamiento de Colindres","description":"Dise\u00f1ado por NTIC&#039;s","publisher":{"@id":"https:\/\/www.colindres.es\/#organization"},"potentialAction":[{"@type":"SearchAction","target":{"@type":"EntryPoint","urlTemplate":"https:\/\/www.colindres.es\/?s={search_term_string}"},"query-input":{"@type":"PropertyValueSpecification","valueRequired":true,"valueName":"search_term_string"}}],"inLanguage":"es"},{"@type":"Organization","@id":"https:\/\/www.colindres.es\/#organization","name":"AYUNTAMIENTO DE COLINDRES","url":"https:\/\/www.colindres.es\/","logo":{"@type":"ImageObject","inLanguage":"es","@id":"https:\/\/www.colindres.es\/#\/schema\/logo\/image\/","url":"https:\/\/www.colindres.es\/wp-content\/uploads\/2017\/01\/LOGO-PRINCIPAL.jpg","contentUrl":"https:\/\/www.colindres.es\/wp-content\/uploads\/2017\/01\/LOGO-PRINCIPAL.jpg","width":1209,"height":579,"caption":"AYUNTAMIENTO DE COLINDRES"},"image":{"@id":"https:\/\/www.colindres.es\/#\/schema\/logo\/image\/"}}]}},"_links":{"self":[{"href":"https:\/\/www.colindres.es\/index.php\/wp-json\/wp\/v2\/project\/1627","targetHints":{"allow":["GET"]}}],"collection":[{"href":"https:\/\/www.colindres.es\/index.php\/wp-json\/wp\/v2\/project"}],"about":[{"href":"https:\/\/www.colindres.es\/index.php\/wp-json\/wp\/v2\/types\/project"}],"author":[{"embeddable":true,"href":"https:\/\/www.colindres.es\/index.php\/wp-json\/wp\/v2\/users\/1"}],"replies":[{"embeddable":true,"href":"https:\/\/www.colindres.es\/index.php\/wp-json\/wp\/v2\/comments?post=1627"}],"version-history":[{"count":1,"href":"https:\/\/www.colindres.es\/index.php\/wp-json\/wp\/v2\/project\/1627\/revisions"}],"predecessor-version":[{"id":1630,"href":"https:\/\/www.colindres.es\/index.php\/wp-json\/wp\/v2\/project\/1627\/revisions\/1630"}],"wp:featuredmedia":[{"embeddable":true,"href":"https:\/\/www.colindres.es\/index.php\/wp-json\/wp\/v2\/media\/1629"}],"wp:attachment":[{"href":"https:\/\/www.colindres.es\/index.php\/wp-json\/wp\/v2\/media?parent=1627"}],"wp:term":[{"taxonomy":"project_category","embeddable":true,"href":"https:\/\/www.colindres.es\/index.php\/wp-json\/wp\/v2\/project_category?post=1627"},{"taxonomy":"project_tag","embeddable":true,"href":"https:\/\/www.colindres.es\/index.php\/wp-json\/wp\/v2\/project_tag?post=1627"}],"curies":[{"name":"wp","href":"https:\/\/api.w.org\/{rel}","templated":true}]}}