{"id":1624,"date":"2018-07-03T19:05:11","date_gmt":"2018-07-03T19:05:11","guid":{"rendered":"http:\/\/colindres.es\/?post_type=project&#038;p=1624"},"modified":"2018-07-03T19:05:11","modified_gmt":"2018-07-03T19:05:11","slug":"la-contra-vs-los-tretistas","status":"publish","type":"project","link":"https:\/\/www.colindres.es\/index.php\/project\/la-contra-vs-los-tretistas\/","title":{"rendered":"La Contra vs. los Tretistas"},"content":{"rendered":"<p>La apertura del Puente de Treto en mayo de 1905 fue recibida con enorme alegr\u00eda por la poblaci\u00f3n de las comarcas circundantes de la r\u00eda del As\u00f3n, como demuestra la multitudinaria manifestaci\u00f3n celebrada el d\u00eda 20 de aquel mes: miles de personas provenientes de los municipios de ambas orillas cruzaron el puente para encontrarse, simb\u00f3licamente, en su centro.<\/p>\n<p>Tal j\u00fabilo no era para menos, pues supon\u00eda la culminaci\u00f3n de la Carretera de la Costa (que en la zona portuaria colindresa era conocida como \u201cLa Calzada de Colindres\u201d), eliminaba el punto negro de la Barca de Treto, comunicaba las comarcas orientales con Santander y el resto de la provincia y facilitaba la exportaci\u00f3n del producto pesquero hacia Castilla, mediante la l\u00ednea de ferrocarril Santander-Alar del Rey. Evitando as\u00ed el largo camino por Los Tornos o a trav\u00e9s del puerto de Bilbao.<\/p>\n<p>Por ello, su construcci\u00f3n fue apoyada por los municipios de Colindres, B\u00e1rcena de Cicero, Laredo, Liendo y Castro-Urdiales, adem\u00e1s de Santander y Bilbao e instituciones como la Diputaci\u00f3n Provincial o el Ministerio de Fomento. En Santo\u00f1a se dieron posiciones encontradas, basculando de la indiferencia inicial a un apoyo abierto a una evidente mejora de sus comunicaciones con el oriente regional y Bilbao; como demuestra la suscripci\u00f3n popular a su favor realizada en 1884.<\/p>\n<p>Sin embargo, las comarcas interiores del As\u00f3n se opusieron desde un principio al proyecto. Los municipios de Limpias y Ampuero, junto a Marr\u00f3n, Rasines, valles de Ruesga, Soba, Ramales y Lanestosa tem\u00edan que el puente bloqueara el tr\u00e1nsito mercantil por la r\u00eda y estrangulara su principal v\u00eda comercial. Alegaban, adem\u00e1s, que el paso de la carretera por Colindres-Treto les condenar\u00eda a una posici\u00f3n comunicativa marginal. Negaban los supuestos beneficios que contraer\u00eda la construcci\u00f3n del puente y alertaban de \u201cperjuicios incalculables para toda la comarca y sus lim\u00edtrofes, viniendo a producir la anulaci\u00f3n del puerto de Limpias\u201d.<\/p>\n<p>El enfrentamiento dial\u00e9ctico aliment\u00f3 una pol\u00e9mica reflejada en la prensa local de la \u00e9poca. Intervinieron en la pugna peri\u00f3dicos como \u201cLa Uni\u00f3n de Laredo\u201d, \u201cEl Avisador de Santo\u00f1a\u201d, \u201cEl Sol de Castro\u201d o \u201cEl Cant\u00e1brico\u201d de Torrelavega. En sus p\u00e1ginas se multiplicaron, a lo largo de las d\u00e9cadas finales del siglo XIX, las r\u00e9plicas y contrarr\u00e9plicas, confrontadas con grandes dosis de pasi\u00f3n que no excluyeron los ataques personales.<\/p>\n<p>Los argumentos contrarios al puente fueron reunidos en una publicaci\u00f3n expl\u00edcitamente titulada \u201cLa contra del proyecto de el Puente de Treto o defensa de la navegaci\u00f3n hasta Limpias\u201d, editada en 1885 por el Ayuntamiento de Limpias y que reun\u00eda una serie de art\u00edculos de Francisco Juan de La Piedra, quien escrib\u00eda en \u201cEl Cant\u00e1brico\u201d firmando como \u201cEl Corresponsal de Limpias\u201d. De ah\u00ed surgi\u00f3 el apelativo de los detractores del puente, \u201cLa Contra\u201d, en oposici\u00f3n a c\u00f3mo eran conocidos sus defensores: los \u201cTretistas\u201d.<\/p>\n<p>En el libro, De La Piedra expon\u00eda sus tesis en contra del puente, aludiendo a la relevancia de la r\u00eda del As\u00f3n como v\u00eda de comunicaci\u00f3n y al puerto de Limpias como su centro neur\u00e1lgico, punto de embarque de granos de Castilla, minerales de Rasines y Lanestosa y carb\u00f3n de Carranza, Truc\u00edos, Ruesga y Soba. Plante\u00f3 asimismo las dificultades t\u00e9cnicas y el elevado coste que implicaba la construcci\u00f3n del puente met\u00e1lico, calific\u00e1ndolo de \u201cempresa temeraria\u201d y no confiando en su tramo giratorio como garant\u00eda para el tr\u00e1fico fluvial. Aleg\u00f3 las ventajas que distingu\u00eda en un trazado alternativo de la carretera, sorteando el r\u00edo a la altura de Limpias-Ampuero. Y argument\u00f3 los escasos perjuicios que percib\u00eda en la no construcci\u00f3n del puente, apostando por una mejora del servicio de barcaje.<\/p>\n<p>Los \u201cTretistas\u201d, entre los que destac\u00f3 el santo\u00f1\u00e9s Jos\u00e9 Rocillo, cuestionaron la aut\u00e9ntica relevancia comercial del puerto de Limpias y de la r\u00eda, progresivamente saturada por los dep\u00f3sitos de arenas; y damnificada, adem\u00e1s, por la consolidaci\u00f3n de Santander como \u00fanico puerto regional de exportaci\u00f3n e importaci\u00f3n. Defendieron que un desv\u00edo de la carretera resultar\u00eda m\u00e1s dificultoso, a causa de la orograf\u00eda, y m\u00e1s caro que el presupuesto del puente (600.000 pesetas). Consideraron inviable el sostenimiento de la Barca de Treto ante el crecimiento del tr\u00e1fico de personas y mercanc\u00edas, prueba del vitalismo del bajo As\u00f3n frente al decaimiento de las comarcas interiores, as\u00ed como de los puertos pesqueros respecto al fluvial de Limpias.<\/p>\n<p>Esta pugna alcanz\u00f3 su c\u00e9nit con el inicio de las obras en 1897, hasta su culminaci\u00f3n en 1905. A partir de entonces, el Puente de Treto ha demostrado ser, durante m\u00e1s de un siglo, una aut\u00e9ntica palanca de desarrollo.<\/p>\n<p>Pie de foto: <em>El puente en obras, por cuya tardanza fue conocido como \u201cEl Esqueleto Elocuente\u201d<\/em>. Fuente: Archivo Carmen Urriola.<\/p>\n","protected":false},"excerpt":{"rendered":"<p>La apertura del Puente de Treto en mayo de 1905 fue recibida con enorme alegr\u00eda por la poblaci\u00f3n de las comarcas circundantes de la r\u00eda del As\u00f3n, como demuestra la multitudinaria manifestaci\u00f3n celebrada el d\u00eda 20 de aquel mes: miles de personas provenientes de los municipios de ambas orillas cruzaron el puente para encontrarse, simb\u00f3licamente, [&hellip;]<\/p>\n","protected":false},"author":1,"featured_media":1625,"comment_status":"open","ping_status":"closed","template":"","meta":{"_et_pb_use_builder":"","_et_pb_old_content":"","_et_gb_content_width":"","footnotes":""},"project_category":[],"project_tag":[],"class_list":["post-1624","project","type-project","status-publish","has-post-thumbnail","hentry"],"yoast_head":"<!-- This site is optimized with the Yoast SEO plugin v24.9 - https:\/\/yoast.com\/wordpress\/plugins\/seo\/ -->\n<title>La Contra vs. los Tretistas - Ayuntamiento de Colindres<\/title>\n<meta name=\"robots\" content=\"index, follow, max-snippet:-1, max-image-preview:large, max-video-preview:-1\" \/>\n<link rel=\"canonical\" href=\"https:\/\/www.colindres.es\/index.php\/project\/la-contra-vs-los-tretistas\/\" \/>\n<meta property=\"og:locale\" content=\"es_ES\" \/>\n<meta property=\"og:type\" content=\"article\" \/>\n<meta property=\"og:title\" content=\"La Contra vs. los Tretistas - Ayuntamiento de Colindres\" \/>\n<meta property=\"og:description\" content=\"La apertura del Puente de Treto en mayo de 1905 fue recibida con enorme alegr\u00eda por la poblaci\u00f3n de las comarcas circundantes de la r\u00eda del As\u00f3n, como demuestra la multitudinaria manifestaci\u00f3n celebrada el d\u00eda 20 de aquel mes: miles de personas provenientes de los municipios de ambas orillas cruzaron el puente para encontrarse, simb\u00f3licamente, [&hellip;]\" \/>\n<meta property=\"og:url\" content=\"https:\/\/www.colindres.es\/index.php\/project\/la-contra-vs-los-tretistas\/\" \/>\n<meta property=\"og:site_name\" content=\"Ayuntamiento de Colindres\" \/>\n<meta property=\"og:image\" content=\"https:\/\/www.colindres.es\/wp-content\/uploads\/2018\/07\/puente-en-construccion.jpg\" \/>\n\t<meta property=\"og:image:width\" content=\"2533\" \/>\n\t<meta property=\"og:image:height\" content=\"1640\" \/>\n\t<meta property=\"og:image:type\" content=\"image\/jpeg\" \/>\n<meta name=\"twitter:card\" content=\"summary_large_image\" \/>\n<meta name=\"twitter:label1\" content=\"Tiempo de lectura\" \/>\n\t<meta name=\"twitter:data1\" content=\"4 minutos\" \/>\n<script type=\"application\/ld+json\" class=\"yoast-schema-graph\">{\"@context\":\"https:\/\/schema.org\",\"@graph\":[{\"@type\":\"WebPage\",\"@id\":\"https:\/\/www.colindres.es\/index.php\/project\/la-contra-vs-los-tretistas\/\",\"url\":\"https:\/\/www.colindres.es\/index.php\/project\/la-contra-vs-los-tretistas\/\",\"name\":\"La Contra vs. los Tretistas - Ayuntamiento de Colindres\",\"isPartOf\":{\"@id\":\"https:\/\/www.colindres.es\/#website\"},\"primaryImageOfPage\":{\"@id\":\"https:\/\/www.colindres.es\/index.php\/project\/la-contra-vs-los-tretistas\/#primaryimage\"},\"image\":{\"@id\":\"https:\/\/www.colindres.es\/index.php\/project\/la-contra-vs-los-tretistas\/#primaryimage\"},\"thumbnailUrl\":\"https:\/\/www.colindres.es\/wp-content\/uploads\/2018\/07\/puente-en-construccion.jpg\",\"datePublished\":\"2018-07-03T19:05:11+00:00\",\"breadcrumb\":{\"@id\":\"https:\/\/www.colindres.es\/index.php\/project\/la-contra-vs-los-tretistas\/#breadcrumb\"},\"inLanguage\":\"es\",\"potentialAction\":[{\"@type\":\"ReadAction\",\"target\":[\"https:\/\/www.colindres.es\/index.php\/project\/la-contra-vs-los-tretistas\/\"]}]},{\"@type\":\"ImageObject\",\"inLanguage\":\"es\",\"@id\":\"https:\/\/www.colindres.es\/index.php\/project\/la-contra-vs-los-tretistas\/#primaryimage\",\"url\":\"https:\/\/www.colindres.es\/wp-content\/uploads\/2018\/07\/puente-en-construccion.jpg\",\"contentUrl\":\"https:\/\/www.colindres.es\/wp-content\/uploads\/2018\/07\/puente-en-construccion.jpg\",\"width\":2533,\"height\":1640},{\"@type\":\"BreadcrumbList\",\"@id\":\"https:\/\/www.colindres.es\/index.php\/project\/la-contra-vs-los-tretistas\/#breadcrumb\",\"itemListElement\":[{\"@type\":\"ListItem\",\"position\":1,\"name\":\"Portada\",\"item\":\"https:\/\/www.colindres.es\/\"},{\"@type\":\"ListItem\",\"position\":2,\"name\":\"Proyectos\",\"item\":\"https:\/\/www.colindres.es\/index.php\/project\/\"},{\"@type\":\"ListItem\",\"position\":3,\"name\":\"La Contra vs. los Tretistas\"}]},{\"@type\":\"WebSite\",\"@id\":\"https:\/\/www.colindres.es\/#website\",\"url\":\"https:\/\/www.colindres.es\/\",\"name\":\"Ayuntamiento de Colindres\",\"description\":\"Dise\u00f1ado por NTIC&#039;s\",\"publisher\":{\"@id\":\"https:\/\/www.colindres.es\/#organization\"},\"potentialAction\":[{\"@type\":\"SearchAction\",\"target\":{\"@type\":\"EntryPoint\",\"urlTemplate\":\"https:\/\/www.colindres.es\/?s={search_term_string}\"},\"query-input\":{\"@type\":\"PropertyValueSpecification\",\"valueRequired\":true,\"valueName\":\"search_term_string\"}}],\"inLanguage\":\"es\"},{\"@type\":\"Organization\",\"@id\":\"https:\/\/www.colindres.es\/#organization\",\"name\":\"AYUNTAMIENTO DE COLINDRES\",\"url\":\"https:\/\/www.colindres.es\/\",\"logo\":{\"@type\":\"ImageObject\",\"inLanguage\":\"es\",\"@id\":\"https:\/\/www.colindres.es\/#\/schema\/logo\/image\/\",\"url\":\"https:\/\/www.colindres.es\/wp-content\/uploads\/2017\/01\/LOGO-PRINCIPAL.jpg\",\"contentUrl\":\"https:\/\/www.colindres.es\/wp-content\/uploads\/2017\/01\/LOGO-PRINCIPAL.jpg\",\"width\":1209,\"height\":579,\"caption\":\"AYUNTAMIENTO DE COLINDRES\"},\"image\":{\"@id\":\"https:\/\/www.colindres.es\/#\/schema\/logo\/image\/\"}}]}<\/script>\n<!-- \/ Yoast SEO plugin. -->","yoast_head_json":{"title":"La Contra vs. los Tretistas - Ayuntamiento de Colindres","robots":{"index":"index","follow":"follow","max-snippet":"max-snippet:-1","max-image-preview":"max-image-preview:large","max-video-preview":"max-video-preview:-1"},"canonical":"https:\/\/www.colindres.es\/index.php\/project\/la-contra-vs-los-tretistas\/","og_locale":"es_ES","og_type":"article","og_title":"La Contra vs. los Tretistas - Ayuntamiento de Colindres","og_description":"La apertura del Puente de Treto en mayo de 1905 fue recibida con enorme alegr\u00eda por la poblaci\u00f3n de las comarcas circundantes de la r\u00eda del As\u00f3n, como demuestra la multitudinaria manifestaci\u00f3n celebrada el d\u00eda 20 de aquel mes: miles de personas provenientes de los municipios de ambas orillas cruzaron el puente para encontrarse, simb\u00f3licamente, [&hellip;]","og_url":"https:\/\/www.colindres.es\/index.php\/project\/la-contra-vs-los-tretistas\/","og_site_name":"Ayuntamiento de Colindres","og_image":[{"width":2533,"height":1640,"url":"https:\/\/www.colindres.es\/wp-content\/uploads\/2018\/07\/puente-en-construccion.jpg","type":"image\/jpeg"}],"twitter_card":"summary_large_image","twitter_misc":{"Tiempo de lectura":"4 minutos"},"schema":{"@context":"https:\/\/schema.org","@graph":[{"@type":"WebPage","@id":"https:\/\/www.colindres.es\/index.php\/project\/la-contra-vs-los-tretistas\/","url":"https:\/\/www.colindres.es\/index.php\/project\/la-contra-vs-los-tretistas\/","name":"La Contra vs. los Tretistas - Ayuntamiento de Colindres","isPartOf":{"@id":"https:\/\/www.colindres.es\/#website"},"primaryImageOfPage":{"@id":"https:\/\/www.colindres.es\/index.php\/project\/la-contra-vs-los-tretistas\/#primaryimage"},"image":{"@id":"https:\/\/www.colindres.es\/index.php\/project\/la-contra-vs-los-tretistas\/#primaryimage"},"thumbnailUrl":"https:\/\/www.colindres.es\/wp-content\/uploads\/2018\/07\/puente-en-construccion.jpg","datePublished":"2018-07-03T19:05:11+00:00","breadcrumb":{"@id":"https:\/\/www.colindres.es\/index.php\/project\/la-contra-vs-los-tretistas\/#breadcrumb"},"inLanguage":"es","potentialAction":[{"@type":"ReadAction","target":["https:\/\/www.colindres.es\/index.php\/project\/la-contra-vs-los-tretistas\/"]}]},{"@type":"ImageObject","inLanguage":"es","@id":"https:\/\/www.colindres.es\/index.php\/project\/la-contra-vs-los-tretistas\/#primaryimage","url":"https:\/\/www.colindres.es\/wp-content\/uploads\/2018\/07\/puente-en-construccion.jpg","contentUrl":"https:\/\/www.colindres.es\/wp-content\/uploads\/2018\/07\/puente-en-construccion.jpg","width":2533,"height":1640},{"@type":"BreadcrumbList","@id":"https:\/\/www.colindres.es\/index.php\/project\/la-contra-vs-los-tretistas\/#breadcrumb","itemListElement":[{"@type":"ListItem","position":1,"name":"Portada","item":"https:\/\/www.colindres.es\/"},{"@type":"ListItem","position":2,"name":"Proyectos","item":"https:\/\/www.colindres.es\/index.php\/project\/"},{"@type":"ListItem","position":3,"name":"La Contra vs. los Tretistas"}]},{"@type":"WebSite","@id":"https:\/\/www.colindres.es\/#website","url":"https:\/\/www.colindres.es\/","name":"Ayuntamiento de Colindres","description":"Dise\u00f1ado por NTIC&#039;s","publisher":{"@id":"https:\/\/www.colindres.es\/#organization"},"potentialAction":[{"@type":"SearchAction","target":{"@type":"EntryPoint","urlTemplate":"https:\/\/www.colindres.es\/?s={search_term_string}"},"query-input":{"@type":"PropertyValueSpecification","valueRequired":true,"valueName":"search_term_string"}}],"inLanguage":"es"},{"@type":"Organization","@id":"https:\/\/www.colindres.es\/#organization","name":"AYUNTAMIENTO DE COLINDRES","url":"https:\/\/www.colindres.es\/","logo":{"@type":"ImageObject","inLanguage":"es","@id":"https:\/\/www.colindres.es\/#\/schema\/logo\/image\/","url":"https:\/\/www.colindres.es\/wp-content\/uploads\/2017\/01\/LOGO-PRINCIPAL.jpg","contentUrl":"https:\/\/www.colindres.es\/wp-content\/uploads\/2017\/01\/LOGO-PRINCIPAL.jpg","width":1209,"height":579,"caption":"AYUNTAMIENTO DE COLINDRES"},"image":{"@id":"https:\/\/www.colindres.es\/#\/schema\/logo\/image\/"}}]}},"_links":{"self":[{"href":"https:\/\/www.colindres.es\/index.php\/wp-json\/wp\/v2\/project\/1624","targetHints":{"allow":["GET"]}}],"collection":[{"href":"https:\/\/www.colindres.es\/index.php\/wp-json\/wp\/v2\/project"}],"about":[{"href":"https:\/\/www.colindres.es\/index.php\/wp-json\/wp\/v2\/types\/project"}],"author":[{"embeddable":true,"href":"https:\/\/www.colindres.es\/index.php\/wp-json\/wp\/v2\/users\/1"}],"replies":[{"embeddable":true,"href":"https:\/\/www.colindres.es\/index.php\/wp-json\/wp\/v2\/comments?post=1624"}],"version-history":[{"count":1,"href":"https:\/\/www.colindres.es\/index.php\/wp-json\/wp\/v2\/project\/1624\/revisions"}],"predecessor-version":[{"id":1626,"href":"https:\/\/www.colindres.es\/index.php\/wp-json\/wp\/v2\/project\/1624\/revisions\/1626"}],"wp:featuredmedia":[{"embeddable":true,"href":"https:\/\/www.colindres.es\/index.php\/wp-json\/wp\/v2\/media\/1625"}],"wp:attachment":[{"href":"https:\/\/www.colindres.es\/index.php\/wp-json\/wp\/v2\/media?parent=1624"}],"wp:term":[{"taxonomy":"project_category","embeddable":true,"href":"https:\/\/www.colindres.es\/index.php\/wp-json\/wp\/v2\/project_category?post=1624"},{"taxonomy":"project_tag","embeddable":true,"href":"https:\/\/www.colindres.es\/index.php\/wp-json\/wp\/v2\/project_tag?post=1624"}],"curies":[{"name":"wp","href":"https:\/\/api.w.org\/{rel}","templated":true}]}}