{"id":1620,"date":"2018-07-02T11:36:52","date_gmt":"2018-07-02T11:36:52","guid":{"rendered":"http:\/\/colindres.es\/?post_type=project&#038;p=1620"},"modified":"2018-07-02T11:36:52","modified_gmt":"2018-07-02T11:36:52","slug":"arranca-el-campus-de-verano-de-colindres-destinado-a-ninos-y-ninas-de-2-a-15-anos","status":"publish","type":"project","link":"https:\/\/www.colindres.es\/index.php\/project\/arranca-el-campus-de-verano-de-colindres-destinado-a-ninos-y-ninas-de-2-a-15-anos\/","title":{"rendered":"Arranca el Campus de Verano de Colindres, destinado a ni\u00f1os y ni\u00f1as de 2 a 15 a\u00f1os"},"content":{"rendered":"<p><strong>Incera destaca \u201cel compromiso del equipo de Gobierno por ofrecer alternativas de ocio y dar respuestas reales a la conciliaci\u00f3n familiar\u201d<\/strong><\/p>\n<p><em>Colindres, 2 de julio.-<\/em> El Campus de Verano organizado por la Concejal\u00eda de Igualdad del Ayuntamiento de Colindres ha comenzado este lunes su actividad con la participaci\u00f3n de m\u00e1s de 60 ni\u00f1os y ni\u00f1as.<\/p>\n<p>Durante los meses de julio y agosto, los peque\u00f1os con edades comprendidas entre los 2 y los 15 a\u00f1os podr\u00e1n disfrutar de un amplio calendario de actividades deportivas, l\u00fadicas y art\u00edsticas.<\/p>\n<p>El alcalde de Colindres, Javier Incera, ha visitado a los j\u00f3venes participantes y a los monitores que se encargar\u00e1n de realizar las actividades y ha destacado \u201cel compromiso del equipo de Gobierno por ofrecer alternativas de ocio durante la temporada estival y dar respuestas reales a la conciliaci\u00f3n familiar en Colindres\u201d.<\/p>\n<p>Incera ha avanzado que a partir de la segunda quincena de julio el Ayuntamiento tambi\u00e9n pondr\u00e1 en marcha los Cursos de Verano, que este a\u00f1o abarcan 14 tem\u00e1ticas diferentes para \u201ccubrir los gustos e inquietudes de los m\u00e1s peque\u00f1os\u201d. As\u00ed, habr\u00e1 clases de cocina, danza, rob\u00f3tica, ingl\u00e9s, patinaje, artes pl\u00e1sticas, multideporte, radio infantil, teatro, magia, skate, edici\u00f3n de videojuegos, nataci\u00f3n, tenis y manualidades.<\/p>\n<p>La concejala de Igualdad, M\u00f3nica Navascuez, ha recordado que la inscripci\u00f3n permanece abierta tanto para el Campus como para los Cursos de Verano en las Oficinas Generales del Ayuntamiento y ha se\u00f1alado que los precios se mantienen igual que en ediciones anteriores.<\/p>\n<p>La cuota del Campus para empadronados es de 100 euros si la inscripci\u00f3n es por un mes y 60 euros si es quincenal, y 200 y 120 euros, respectivamente, para no empadronados. En este caso existe la posibilidad de acceder a un 25% de descuento si alguno de los primog\u00e9nitos trabaja en el municipio. En todos los casos el precio incluye la inscripci\u00f3n a dos talleres y el horario del servicio es desde las 08.00 hasta las 15.00 horas.<\/p>\n<p>Por su parte, los Cursos tienen un coste de 25 euros para empadronados y 40 euros para no empadronados y est\u00e1n limitados a un n\u00famero m\u00e1ximo de 15 inscripciones. \u201cEn el Campus no hay n\u00famero m\u00e1ximo de plazas, ya que el Ayuntamiento aumenta el n\u00famero de monitores en funci\u00f3n de las necesidades de las familias\u201d, ha apuntado Navascuez.<\/p>\n","protected":false},"excerpt":{"rendered":"<p>Incera destaca \u201cel compromiso del equipo de Gobierno por ofrecer alternativas de ocio y dar respuestas reales a la conciliaci\u00f3n familiar\u201d Colindres, 2 de julio.- El Campus de Verano organizado por la Concejal\u00eda de Igualdad del Ayuntamiento de Colindres ha comenzado este lunes su actividad con la participaci\u00f3n de m\u00e1s de 60 ni\u00f1os y ni\u00f1as. [&hellip;]<\/p>\n","protected":false},"author":1,"featured_media":1621,"comment_status":"open","ping_status":"closed","template":"","meta":{"_et_pb_use_builder":"","_et_pb_old_content":"","_et_gb_content_width":"","footnotes":""},"project_category":[],"project_tag":[],"class_list":["post-1620","project","type-project","status-publish","has-post-thumbnail","hentry"],"yoast_head":"<!-- This site is optimized with the Yoast SEO plugin v24.9 - https:\/\/yoast.com\/wordpress\/plugins\/seo\/ -->\n<title>Arranca el Campus de Verano de Colindres, destinado a ni\u00f1os y ni\u00f1as de 2 a 15 a\u00f1os - Ayuntamiento de Colindres<\/title>\n<meta name=\"robots\" content=\"index, follow, max-snippet:-1, max-image-preview:large, max-video-preview:-1\" \/>\n<link rel=\"canonical\" href=\"https:\/\/www.colindres.es\/index.php\/project\/arranca-el-campus-de-verano-de-colindres-destinado-a-ninos-y-ninas-de-2-a-15-anos\/\" \/>\n<meta property=\"og:locale\" content=\"es_ES\" \/>\n<meta property=\"og:type\" content=\"article\" \/>\n<meta property=\"og:title\" content=\"Arranca el Campus de Verano de Colindres, destinado a ni\u00f1os y ni\u00f1as de 2 a 15 a\u00f1os - Ayuntamiento de Colindres\" \/>\n<meta property=\"og:description\" content=\"Incera destaca \u201cel compromiso del equipo de Gobierno por ofrecer alternativas de ocio y dar respuestas reales a la conciliaci\u00f3n familiar\u201d Colindres, 2 de julio.- El Campus de Verano organizado por la Concejal\u00eda de Igualdad del Ayuntamiento de Colindres ha comenzado este lunes su actividad con la participaci\u00f3n de m\u00e1s de 60 ni\u00f1os y ni\u00f1as. [&hellip;]\" \/>\n<meta property=\"og:url\" content=\"https:\/\/www.colindres.es\/index.php\/project\/arranca-el-campus-de-verano-de-colindres-destinado-a-ninos-y-ninas-de-2-a-15-anos\/\" \/>\n<meta property=\"og:site_name\" content=\"Ayuntamiento de Colindres\" \/>\n<meta property=\"og:image\" content=\"https:\/\/www.colindres.es\/wp-content\/uploads\/2018\/07\/Campus-de-Verano.jpg\" \/>\n\t<meta property=\"og:image:width\" content=\"1280\" \/>\n\t<meta property=\"og:image:height\" content=\"960\" \/>\n\t<meta property=\"og:image:type\" content=\"image\/jpeg\" \/>\n<meta name=\"twitter:card\" content=\"summary_large_image\" \/>\n<meta name=\"twitter:label1\" content=\"Tiempo de lectura\" \/>\n\t<meta name=\"twitter:data1\" content=\"2 minutos\" \/>\n<script type=\"application\/ld+json\" class=\"yoast-schema-graph\">{\"@context\":\"https:\/\/schema.org\",\"@graph\":[{\"@type\":\"WebPage\",\"@id\":\"https:\/\/www.colindres.es\/index.php\/project\/arranca-el-campus-de-verano-de-colindres-destinado-a-ninos-y-ninas-de-2-a-15-anos\/\",\"url\":\"https:\/\/www.colindres.es\/index.php\/project\/arranca-el-campus-de-verano-de-colindres-destinado-a-ninos-y-ninas-de-2-a-15-anos\/\",\"name\":\"Arranca el Campus de Verano de Colindres, destinado a ni\u00f1os y ni\u00f1as de 2 a 15 a\u00f1os - Ayuntamiento de Colindres\",\"isPartOf\":{\"@id\":\"https:\/\/www.colindres.es\/#website\"},\"primaryImageOfPage\":{\"@id\":\"https:\/\/www.colindres.es\/index.php\/project\/arranca-el-campus-de-verano-de-colindres-destinado-a-ninos-y-ninas-de-2-a-15-anos\/#primaryimage\"},\"image\":{\"@id\":\"https:\/\/www.colindres.es\/index.php\/project\/arranca-el-campus-de-verano-de-colindres-destinado-a-ninos-y-ninas-de-2-a-15-anos\/#primaryimage\"},\"thumbnailUrl\":\"https:\/\/www.colindres.es\/wp-content\/uploads\/2018\/07\/Campus-de-Verano.jpg\",\"datePublished\":\"2018-07-02T11:36:52+00:00\",\"breadcrumb\":{\"@id\":\"https:\/\/www.colindres.es\/index.php\/project\/arranca-el-campus-de-verano-de-colindres-destinado-a-ninos-y-ninas-de-2-a-15-anos\/#breadcrumb\"},\"inLanguage\":\"es\",\"potentialAction\":[{\"@type\":\"ReadAction\",\"target\":[\"https:\/\/www.colindres.es\/index.php\/project\/arranca-el-campus-de-verano-de-colindres-destinado-a-ninos-y-ninas-de-2-a-15-anos\/\"]}]},{\"@type\":\"ImageObject\",\"inLanguage\":\"es\",\"@id\":\"https:\/\/www.colindres.es\/index.php\/project\/arranca-el-campus-de-verano-de-colindres-destinado-a-ninos-y-ninas-de-2-a-15-anos\/#primaryimage\",\"url\":\"https:\/\/www.colindres.es\/wp-content\/uploads\/2018\/07\/Campus-de-Verano.jpg\",\"contentUrl\":\"https:\/\/www.colindres.es\/wp-content\/uploads\/2018\/07\/Campus-de-Verano.jpg\",\"width\":1280,\"height\":960},{\"@type\":\"BreadcrumbList\",\"@id\":\"https:\/\/www.colindres.es\/index.php\/project\/arranca-el-campus-de-verano-de-colindres-destinado-a-ninos-y-ninas-de-2-a-15-anos\/#breadcrumb\",\"itemListElement\":[{\"@type\":\"ListItem\",\"position\":1,\"name\":\"Portada\",\"item\":\"https:\/\/www.colindres.es\/\"},{\"@type\":\"ListItem\",\"position\":2,\"name\":\"Proyectos\",\"item\":\"https:\/\/www.colindres.es\/index.php\/project\/\"},{\"@type\":\"ListItem\",\"position\":3,\"name\":\"Arranca el Campus de Verano de Colindres, destinado a ni\u00f1os y ni\u00f1as de 2 a 15 a\u00f1os\"}]},{\"@type\":\"WebSite\",\"@id\":\"https:\/\/www.colindres.es\/#website\",\"url\":\"https:\/\/www.colindres.es\/\",\"name\":\"Ayuntamiento de Colindres\",\"description\":\"Dise\u00f1ado por NTIC&#039;s\",\"publisher\":{\"@id\":\"https:\/\/www.colindres.es\/#organization\"},\"potentialAction\":[{\"@type\":\"SearchAction\",\"target\":{\"@type\":\"EntryPoint\",\"urlTemplate\":\"https:\/\/www.colindres.es\/?s={search_term_string}\"},\"query-input\":{\"@type\":\"PropertyValueSpecification\",\"valueRequired\":true,\"valueName\":\"search_term_string\"}}],\"inLanguage\":\"es\"},{\"@type\":\"Organization\",\"@id\":\"https:\/\/www.colindres.es\/#organization\",\"name\":\"AYUNTAMIENTO DE COLINDRES\",\"url\":\"https:\/\/www.colindres.es\/\",\"logo\":{\"@type\":\"ImageObject\",\"inLanguage\":\"es\",\"@id\":\"https:\/\/www.colindres.es\/#\/schema\/logo\/image\/\",\"url\":\"https:\/\/www.colindres.es\/wp-content\/uploads\/2017\/01\/LOGO-PRINCIPAL.jpg\",\"contentUrl\":\"https:\/\/www.colindres.es\/wp-content\/uploads\/2017\/01\/LOGO-PRINCIPAL.jpg\",\"width\":1209,\"height\":579,\"caption\":\"AYUNTAMIENTO DE COLINDRES\"},\"image\":{\"@id\":\"https:\/\/www.colindres.es\/#\/schema\/logo\/image\/\"}}]}<\/script>\n<!-- \/ Yoast SEO plugin. -->","yoast_head_json":{"title":"Arranca el Campus de Verano de Colindres, destinado a ni\u00f1os y ni\u00f1as de 2 a 15 a\u00f1os - Ayuntamiento de Colindres","robots":{"index":"index","follow":"follow","max-snippet":"max-snippet:-1","max-image-preview":"max-image-preview:large","max-video-preview":"max-video-preview:-1"},"canonical":"https:\/\/www.colindres.es\/index.php\/project\/arranca-el-campus-de-verano-de-colindres-destinado-a-ninos-y-ninas-de-2-a-15-anos\/","og_locale":"es_ES","og_type":"article","og_title":"Arranca el Campus de Verano de Colindres, destinado a ni\u00f1os y ni\u00f1as de 2 a 15 a\u00f1os - Ayuntamiento de Colindres","og_description":"Incera destaca \u201cel compromiso del equipo de Gobierno por ofrecer alternativas de ocio y dar respuestas reales a la conciliaci\u00f3n familiar\u201d Colindres, 2 de julio.- El Campus de Verano organizado por la Concejal\u00eda de Igualdad del Ayuntamiento de Colindres ha comenzado este lunes su actividad con la participaci\u00f3n de m\u00e1s de 60 ni\u00f1os y ni\u00f1as. [&hellip;]","og_url":"https:\/\/www.colindres.es\/index.php\/project\/arranca-el-campus-de-verano-de-colindres-destinado-a-ninos-y-ninas-de-2-a-15-anos\/","og_site_name":"Ayuntamiento de Colindres","og_image":[{"width":1280,"height":960,"url":"https:\/\/www.colindres.es\/wp-content\/uploads\/2018\/07\/Campus-de-Verano.jpg","type":"image\/jpeg"}],"twitter_card":"summary_large_image","twitter_misc":{"Tiempo de lectura":"2 minutos"},"schema":{"@context":"https:\/\/schema.org","@graph":[{"@type":"WebPage","@id":"https:\/\/www.colindres.es\/index.php\/project\/arranca-el-campus-de-verano-de-colindres-destinado-a-ninos-y-ninas-de-2-a-15-anos\/","url":"https:\/\/www.colindres.es\/index.php\/project\/arranca-el-campus-de-verano-de-colindres-destinado-a-ninos-y-ninas-de-2-a-15-anos\/","name":"Arranca el Campus de Verano de Colindres, destinado a ni\u00f1os y ni\u00f1as de 2 a 15 a\u00f1os - Ayuntamiento de Colindres","isPartOf":{"@id":"https:\/\/www.colindres.es\/#website"},"primaryImageOfPage":{"@id":"https:\/\/www.colindres.es\/index.php\/project\/arranca-el-campus-de-verano-de-colindres-destinado-a-ninos-y-ninas-de-2-a-15-anos\/#primaryimage"},"image":{"@id":"https:\/\/www.colindres.es\/index.php\/project\/arranca-el-campus-de-verano-de-colindres-destinado-a-ninos-y-ninas-de-2-a-15-anos\/#primaryimage"},"thumbnailUrl":"https:\/\/www.colindres.es\/wp-content\/uploads\/2018\/07\/Campus-de-Verano.jpg","datePublished":"2018-07-02T11:36:52+00:00","breadcrumb":{"@id":"https:\/\/www.colindres.es\/index.php\/project\/arranca-el-campus-de-verano-de-colindres-destinado-a-ninos-y-ninas-de-2-a-15-anos\/#breadcrumb"},"inLanguage":"es","potentialAction":[{"@type":"ReadAction","target":["https:\/\/www.colindres.es\/index.php\/project\/arranca-el-campus-de-verano-de-colindres-destinado-a-ninos-y-ninas-de-2-a-15-anos\/"]}]},{"@type":"ImageObject","inLanguage":"es","@id":"https:\/\/www.colindres.es\/index.php\/project\/arranca-el-campus-de-verano-de-colindres-destinado-a-ninos-y-ninas-de-2-a-15-anos\/#primaryimage","url":"https:\/\/www.colindres.es\/wp-content\/uploads\/2018\/07\/Campus-de-Verano.jpg","contentUrl":"https:\/\/www.colindres.es\/wp-content\/uploads\/2018\/07\/Campus-de-Verano.jpg","width":1280,"height":960},{"@type":"BreadcrumbList","@id":"https:\/\/www.colindres.es\/index.php\/project\/arranca-el-campus-de-verano-de-colindres-destinado-a-ninos-y-ninas-de-2-a-15-anos\/#breadcrumb","itemListElement":[{"@type":"ListItem","position":1,"name":"Portada","item":"https:\/\/www.colindres.es\/"},{"@type":"ListItem","position":2,"name":"Proyectos","item":"https:\/\/www.colindres.es\/index.php\/project\/"},{"@type":"ListItem","position":3,"name":"Arranca el Campus de Verano de Colindres, destinado a ni\u00f1os y ni\u00f1as de 2 a 15 a\u00f1os"}]},{"@type":"WebSite","@id":"https:\/\/www.colindres.es\/#website","url":"https:\/\/www.colindres.es\/","name":"Ayuntamiento de Colindres","description":"Dise\u00f1ado por NTIC&#039;s","publisher":{"@id":"https:\/\/www.colindres.es\/#organization"},"potentialAction":[{"@type":"SearchAction","target":{"@type":"EntryPoint","urlTemplate":"https:\/\/www.colindres.es\/?s={search_term_string}"},"query-input":{"@type":"PropertyValueSpecification","valueRequired":true,"valueName":"search_term_string"}}],"inLanguage":"es"},{"@type":"Organization","@id":"https:\/\/www.colindres.es\/#organization","name":"AYUNTAMIENTO DE COLINDRES","url":"https:\/\/www.colindres.es\/","logo":{"@type":"ImageObject","inLanguage":"es","@id":"https:\/\/www.colindres.es\/#\/schema\/logo\/image\/","url":"https:\/\/www.colindres.es\/wp-content\/uploads\/2017\/01\/LOGO-PRINCIPAL.jpg","contentUrl":"https:\/\/www.colindres.es\/wp-content\/uploads\/2017\/01\/LOGO-PRINCIPAL.jpg","width":1209,"height":579,"caption":"AYUNTAMIENTO DE COLINDRES"},"image":{"@id":"https:\/\/www.colindres.es\/#\/schema\/logo\/image\/"}}]}},"_links":{"self":[{"href":"https:\/\/www.colindres.es\/index.php\/wp-json\/wp\/v2\/project\/1620","targetHints":{"allow":["GET"]}}],"collection":[{"href":"https:\/\/www.colindres.es\/index.php\/wp-json\/wp\/v2\/project"}],"about":[{"href":"https:\/\/www.colindres.es\/index.php\/wp-json\/wp\/v2\/types\/project"}],"author":[{"embeddable":true,"href":"https:\/\/www.colindres.es\/index.php\/wp-json\/wp\/v2\/users\/1"}],"replies":[{"embeddable":true,"href":"https:\/\/www.colindres.es\/index.php\/wp-json\/wp\/v2\/comments?post=1620"}],"version-history":[{"count":1,"href":"https:\/\/www.colindres.es\/index.php\/wp-json\/wp\/v2\/project\/1620\/revisions"}],"predecessor-version":[{"id":1622,"href":"https:\/\/www.colindres.es\/index.php\/wp-json\/wp\/v2\/project\/1620\/revisions\/1622"}],"wp:featuredmedia":[{"embeddable":true,"href":"https:\/\/www.colindres.es\/index.php\/wp-json\/wp\/v2\/media\/1621"}],"wp:attachment":[{"href":"https:\/\/www.colindres.es\/index.php\/wp-json\/wp\/v2\/media?parent=1620"}],"wp:term":[{"taxonomy":"project_category","embeddable":true,"href":"https:\/\/www.colindres.es\/index.php\/wp-json\/wp\/v2\/project_category?post=1620"},{"taxonomy":"project_tag","embeddable":true,"href":"https:\/\/www.colindres.es\/index.php\/wp-json\/wp\/v2\/project_tag?post=1620"}],"curies":[{"name":"wp","href":"https:\/\/api.w.org\/{rel}","templated":true}]}}