{"id":16170,"date":"2021-02-17T13:51:43","date_gmt":"2021-02-17T12:51:43","guid":{"rendered":"https:\/\/www.colindres.es\/?post_type=project&#038;p=16170"},"modified":"2021-02-17T13:51:43","modified_gmt":"2021-02-17T12:51:43","slug":"comienza-el-proceso-de-seleccion-para-cubrir-tres-nuevas-plazas-de-policia-local-en-colindres","status":"publish","type":"project","link":"https:\/\/www.colindres.es\/index.php\/project\/comienza-el-proceso-de-seleccion-para-cubrir-tres-nuevas-plazas-de-policia-local-en-colindres\/","title":{"rendered":"COMIENZA EL PROCESO DE SELECCI\u00d3N PARA CUBRIR TRES NUEVAS PLAZAS DE POLIC\u00cdA LOCAL EN COLINDRES"},"content":{"rendered":"<p><em>El consistorio tiene la intenci\u00f3n de sacar una Oferta de Empleo P\u00fablico con dos plazas m\u00e1s a lo largo de 2021<\/em><\/p>\n<p>El Ayuntamiento de Colindres ha iniciado el proceso selectivo que servir\u00e1 para cubrir tres plazas vacantes del cuerpo de la polic\u00eda local en el municipio. La primera de las cinco pruebas a las que se tienen que enfrentar los aspirantes tuvo lugar en la ma\u00f1ana de ayer y se presentaron 101 aspirantes, de los 140 que hab\u00edan sido admitidos, que se distribuyeron en 11 aulas diferentes para realizarla. El examen se realiz\u00f3 cumpliendo, en todo momento con las medidas sanitarias establecidas para prevenir el contagio de la Covid19.<\/p>\n<p>El concejal de seguridad ciudadana, Javier Mart\u00edn, ha indicado que \u201chemos puesto un especial celo en que se cumplan todas las medidas sanitarias de prevenci\u00f3n, adem\u00e1s de la utilizaci\u00f3n de once aulas para garantizar el distanciamiento, hemos proporcionado una mascarilla quir\u00fargica a cada aspirante\u201d.<\/p>\n<p>Las pruebas selectivas consisten en la realizaci\u00f3n de cinco pruebas diferentes y cada uno de ellos es eliminatorio. Esta primera prueba consist\u00eda en un examen te\u00f3rico que deben aprobar para poder realizar la segunda de las pruebas, que consistir\u00e1 en un supuesto pr\u00e1ctico. El tercero consiste en la realizaci\u00f3n de las pruebas f\u00edsicas, a continuaci\u00f3n deber\u00e1 realizarse una prueba psicot\u00e9cnica, a la que, finalmente, le seguir\u00e1 el reconocimiento m\u00e9dico.<\/p>\n<p>Una vez finalizadas los cinco ejercicios del proceso selectivo, los tres aspirantes con mayor puntuaci\u00f3n ser\u00e1n quienes accedan a la plaza de agente de la polic\u00eda local.<\/p>\n<p>El alcalde, Javier Incera, ha destacado que \u201ccon este proceso que comenz\u00f3 ayer y que supondr\u00e1 la inclusi\u00f3n de tres nuevos polic\u00edas en la plantilla, la intenci\u00f3n de este equipo de gobierno no es otra que la de mejorar la seguridad ciudadana de Colindres y el bienestar de sus vecinos. Somos conscientes de la necesidad de incorporar nuevos agentes que engrosen el n\u00famero de efectivos y vamos a trabajar por cumplir ese objetivo antes de final de a\u00f1o\u201d.<\/p>\n<p>El Ayuntamiento de Colindres tiene prevista la Convocatoria de Una Oferta P\u00fablica de Empleo en la que se sacar\u00e1n dos plazas m\u00e1s de agente de polic\u00eda que servir\u00e1n para completar la plantilla.<\/p>\n","protected":false},"excerpt":{"rendered":"<p>El consistorio tiene la intenci\u00f3n de sacar una Oferta de Empleo P\u00fablico con dos plazas m\u00e1s a lo largo de 2021 El Ayuntamiento de Colindres ha iniciado el proceso selectivo que servir\u00e1 para cubrir tres plazas vacantes del cuerpo de la polic\u00eda local en el municipio. La primera de las cinco pruebas a las que [&hellip;]<\/p>\n","protected":false},"author":1,"featured_media":16171,"comment_status":"open","ping_status":"closed","template":"","meta":{"_et_pb_use_builder":"","_et_pb_old_content":"","_et_gb_content_width":"","footnotes":""},"project_category":[6],"project_tag":[],"class_list":["post-16170","project","type-project","status-publish","has-post-thumbnail","hentry","project_category-noticias"],"yoast_head":"<!-- This site is optimized with the Yoast SEO plugin v24.9 - https:\/\/yoast.com\/wordpress\/plugins\/seo\/ -->\n<title>COMIENZA EL PROCESO DE SELECCI\u00d3N PARA CUBRIR TRES NUEVAS PLAZAS DE POLIC\u00cdA LOCAL EN COLINDRES - Ayuntamiento de Colindres<\/title>\n<meta name=\"robots\" content=\"index, follow, max-snippet:-1, max-image-preview:large, max-video-preview:-1\" \/>\n<link rel=\"canonical\" href=\"https:\/\/www.colindres.es\/index.php\/project\/comienza-el-proceso-de-seleccion-para-cubrir-tres-nuevas-plazas-de-policia-local-en-colindres\/\" \/>\n<meta property=\"og:locale\" content=\"es_ES\" \/>\n<meta property=\"og:type\" content=\"article\" \/>\n<meta property=\"og:title\" content=\"COMIENZA EL PROCESO DE SELECCI\u00d3N PARA CUBRIR TRES NUEVAS PLAZAS DE POLIC\u00cdA LOCAL EN COLINDRES - Ayuntamiento de Colindres\" \/>\n<meta property=\"og:description\" content=\"El consistorio tiene la intenci\u00f3n de sacar una Oferta de Empleo P\u00fablico con dos plazas m\u00e1s a lo largo de 2021 El Ayuntamiento de Colindres ha iniciado el proceso selectivo que servir\u00e1 para cubrir tres plazas vacantes del cuerpo de la polic\u00eda local en el municipio. La primera de las cinco pruebas a las que [&hellip;]\" \/>\n<meta property=\"og:url\" content=\"https:\/\/www.colindres.es\/index.php\/project\/comienza-el-proceso-de-seleccion-para-cubrir-tres-nuevas-plazas-de-policia-local-en-colindres\/\" \/>\n<meta property=\"og:site_name\" content=\"Ayuntamiento de Colindres\" \/>\n<meta property=\"og:image\" content=\"https:\/\/www.colindres.es\/wp-content\/uploads\/2021\/02\/image1.jpeg\" \/>\n\t<meta property=\"og:image:width\" content=\"1024\" \/>\n\t<meta property=\"og:image:height\" content=\"768\" \/>\n\t<meta property=\"og:image:type\" content=\"image\/jpeg\" \/>\n<meta name=\"twitter:card\" content=\"summary_large_image\" \/>\n<meta name=\"twitter:label1\" content=\"Tiempo de lectura\" \/>\n\t<meta name=\"twitter:data1\" content=\"2 minutos\" \/>\n<script type=\"application\/ld+json\" class=\"yoast-schema-graph\">{\"@context\":\"https:\/\/schema.org\",\"@graph\":[{\"@type\":\"WebPage\",\"@id\":\"https:\/\/www.colindres.es\/index.php\/project\/comienza-el-proceso-de-seleccion-para-cubrir-tres-nuevas-plazas-de-policia-local-en-colindres\/\",\"url\":\"https:\/\/www.colindres.es\/index.php\/project\/comienza-el-proceso-de-seleccion-para-cubrir-tres-nuevas-plazas-de-policia-local-en-colindres\/\",\"name\":\"COMIENZA EL PROCESO DE SELECCI\u00d3N PARA CUBRIR TRES NUEVAS PLAZAS DE POLIC\u00cdA LOCAL EN COLINDRES - Ayuntamiento de Colindres\",\"isPartOf\":{\"@id\":\"https:\/\/www.colindres.es\/#website\"},\"primaryImageOfPage\":{\"@id\":\"https:\/\/www.colindres.es\/index.php\/project\/comienza-el-proceso-de-seleccion-para-cubrir-tres-nuevas-plazas-de-policia-local-en-colindres\/#primaryimage\"},\"image\":{\"@id\":\"https:\/\/www.colindres.es\/index.php\/project\/comienza-el-proceso-de-seleccion-para-cubrir-tres-nuevas-plazas-de-policia-local-en-colindres\/#primaryimage\"},\"thumbnailUrl\":\"https:\/\/www.colindres.es\/wp-content\/uploads\/2021\/02\/image1.jpeg\",\"datePublished\":\"2021-02-17T12:51:43+00:00\",\"breadcrumb\":{\"@id\":\"https:\/\/www.colindres.es\/index.php\/project\/comienza-el-proceso-de-seleccion-para-cubrir-tres-nuevas-plazas-de-policia-local-en-colindres\/#breadcrumb\"},\"inLanguage\":\"es\",\"potentialAction\":[{\"@type\":\"ReadAction\",\"target\":[\"https:\/\/www.colindres.es\/index.php\/project\/comienza-el-proceso-de-seleccion-para-cubrir-tres-nuevas-plazas-de-policia-local-en-colindres\/\"]}]},{\"@type\":\"ImageObject\",\"inLanguage\":\"es\",\"@id\":\"https:\/\/www.colindres.es\/index.php\/project\/comienza-el-proceso-de-seleccion-para-cubrir-tres-nuevas-plazas-de-policia-local-en-colindres\/#primaryimage\",\"url\":\"https:\/\/www.colindres.es\/wp-content\/uploads\/2021\/02\/image1.jpeg\",\"contentUrl\":\"https:\/\/www.colindres.es\/wp-content\/uploads\/2021\/02\/image1.jpeg\",\"width\":1024,\"height\":768,\"caption\":\"examen oposiciones policia\"},{\"@type\":\"BreadcrumbList\",\"@id\":\"https:\/\/www.colindres.es\/index.php\/project\/comienza-el-proceso-de-seleccion-para-cubrir-tres-nuevas-plazas-de-policia-local-en-colindres\/#breadcrumb\",\"itemListElement\":[{\"@type\":\"ListItem\",\"position\":1,\"name\":\"Portada\",\"item\":\"https:\/\/www.colindres.es\/\"},{\"@type\":\"ListItem\",\"position\":2,\"name\":\"Proyectos\",\"item\":\"https:\/\/www.colindres.es\/index.php\/project\/\"},{\"@type\":\"ListItem\",\"position\":3,\"name\":\"COMIENZA EL PROCESO DE SELECCI\u00d3N PARA CUBRIR TRES NUEVAS PLAZAS DE POLIC\u00cdA LOCAL EN COLINDRES\"}]},{\"@type\":\"WebSite\",\"@id\":\"https:\/\/www.colindres.es\/#website\",\"url\":\"https:\/\/www.colindres.es\/\",\"name\":\"Ayuntamiento de Colindres\",\"description\":\"Dise\u00f1ado por NTIC&#039;s\",\"publisher\":{\"@id\":\"https:\/\/www.colindres.es\/#organization\"},\"potentialAction\":[{\"@type\":\"SearchAction\",\"target\":{\"@type\":\"EntryPoint\",\"urlTemplate\":\"https:\/\/www.colindres.es\/?s={search_term_string}\"},\"query-input\":{\"@type\":\"PropertyValueSpecification\",\"valueRequired\":true,\"valueName\":\"search_term_string\"}}],\"inLanguage\":\"es\"},{\"@type\":\"Organization\",\"@id\":\"https:\/\/www.colindres.es\/#organization\",\"name\":\"AYUNTAMIENTO DE COLINDRES\",\"url\":\"https:\/\/www.colindres.es\/\",\"logo\":{\"@type\":\"ImageObject\",\"inLanguage\":\"es\",\"@id\":\"https:\/\/www.colindres.es\/#\/schema\/logo\/image\/\",\"url\":\"https:\/\/www.colindres.es\/wp-content\/uploads\/2017\/01\/LOGO-PRINCIPAL.jpg\",\"contentUrl\":\"https:\/\/www.colindres.es\/wp-content\/uploads\/2017\/01\/LOGO-PRINCIPAL.jpg\",\"width\":1209,\"height\":579,\"caption\":\"AYUNTAMIENTO DE COLINDRES\"},\"image\":{\"@id\":\"https:\/\/www.colindres.es\/#\/schema\/logo\/image\/\"}}]}<\/script>\n<!-- \/ Yoast SEO plugin. -->","yoast_head_json":{"title":"COMIENZA EL PROCESO DE SELECCI\u00d3N PARA CUBRIR TRES NUEVAS PLAZAS DE POLIC\u00cdA LOCAL EN COLINDRES - Ayuntamiento de Colindres","robots":{"index":"index","follow":"follow","max-snippet":"max-snippet:-1","max-image-preview":"max-image-preview:large","max-video-preview":"max-video-preview:-1"},"canonical":"https:\/\/www.colindres.es\/index.php\/project\/comienza-el-proceso-de-seleccion-para-cubrir-tres-nuevas-plazas-de-policia-local-en-colindres\/","og_locale":"es_ES","og_type":"article","og_title":"COMIENZA EL PROCESO DE SELECCI\u00d3N PARA CUBRIR TRES NUEVAS PLAZAS DE POLIC\u00cdA LOCAL EN COLINDRES - Ayuntamiento de Colindres","og_description":"El consistorio tiene la intenci\u00f3n de sacar una Oferta de Empleo P\u00fablico con dos plazas m\u00e1s a lo largo de 2021 El Ayuntamiento de Colindres ha iniciado el proceso selectivo que servir\u00e1 para cubrir tres plazas vacantes del cuerpo de la polic\u00eda local en el municipio. La primera de las cinco pruebas a las que [&hellip;]","og_url":"https:\/\/www.colindres.es\/index.php\/project\/comienza-el-proceso-de-seleccion-para-cubrir-tres-nuevas-plazas-de-policia-local-en-colindres\/","og_site_name":"Ayuntamiento de Colindres","og_image":[{"width":1024,"height":768,"url":"https:\/\/www.colindres.es\/wp-content\/uploads\/2021\/02\/image1.jpeg","type":"image\/jpeg"}],"twitter_card":"summary_large_image","twitter_misc":{"Tiempo de lectura":"2 minutos"},"schema":{"@context":"https:\/\/schema.org","@graph":[{"@type":"WebPage","@id":"https:\/\/www.colindres.es\/index.php\/project\/comienza-el-proceso-de-seleccion-para-cubrir-tres-nuevas-plazas-de-policia-local-en-colindres\/","url":"https:\/\/www.colindres.es\/index.php\/project\/comienza-el-proceso-de-seleccion-para-cubrir-tres-nuevas-plazas-de-policia-local-en-colindres\/","name":"COMIENZA EL PROCESO DE SELECCI\u00d3N PARA CUBRIR TRES NUEVAS PLAZAS DE POLIC\u00cdA LOCAL EN COLINDRES - Ayuntamiento de Colindres","isPartOf":{"@id":"https:\/\/www.colindres.es\/#website"},"primaryImageOfPage":{"@id":"https:\/\/www.colindres.es\/index.php\/project\/comienza-el-proceso-de-seleccion-para-cubrir-tres-nuevas-plazas-de-policia-local-en-colindres\/#primaryimage"},"image":{"@id":"https:\/\/www.colindres.es\/index.php\/project\/comienza-el-proceso-de-seleccion-para-cubrir-tres-nuevas-plazas-de-policia-local-en-colindres\/#primaryimage"},"thumbnailUrl":"https:\/\/www.colindres.es\/wp-content\/uploads\/2021\/02\/image1.jpeg","datePublished":"2021-02-17T12:51:43+00:00","breadcrumb":{"@id":"https:\/\/www.colindres.es\/index.php\/project\/comienza-el-proceso-de-seleccion-para-cubrir-tres-nuevas-plazas-de-policia-local-en-colindres\/#breadcrumb"},"inLanguage":"es","potentialAction":[{"@type":"ReadAction","target":["https:\/\/www.colindres.es\/index.php\/project\/comienza-el-proceso-de-seleccion-para-cubrir-tres-nuevas-plazas-de-policia-local-en-colindres\/"]}]},{"@type":"ImageObject","inLanguage":"es","@id":"https:\/\/www.colindres.es\/index.php\/project\/comienza-el-proceso-de-seleccion-para-cubrir-tres-nuevas-plazas-de-policia-local-en-colindres\/#primaryimage","url":"https:\/\/www.colindres.es\/wp-content\/uploads\/2021\/02\/image1.jpeg","contentUrl":"https:\/\/www.colindres.es\/wp-content\/uploads\/2021\/02\/image1.jpeg","width":1024,"height":768,"caption":"examen oposiciones policia"},{"@type":"BreadcrumbList","@id":"https:\/\/www.colindres.es\/index.php\/project\/comienza-el-proceso-de-seleccion-para-cubrir-tres-nuevas-plazas-de-policia-local-en-colindres\/#breadcrumb","itemListElement":[{"@type":"ListItem","position":1,"name":"Portada","item":"https:\/\/www.colindres.es\/"},{"@type":"ListItem","position":2,"name":"Proyectos","item":"https:\/\/www.colindres.es\/index.php\/project\/"},{"@type":"ListItem","position":3,"name":"COMIENZA EL PROCESO DE SELECCI\u00d3N PARA CUBRIR TRES NUEVAS PLAZAS DE POLIC\u00cdA LOCAL EN COLINDRES"}]},{"@type":"WebSite","@id":"https:\/\/www.colindres.es\/#website","url":"https:\/\/www.colindres.es\/","name":"Ayuntamiento de Colindres","description":"Dise\u00f1ado por NTIC&#039;s","publisher":{"@id":"https:\/\/www.colindres.es\/#organization"},"potentialAction":[{"@type":"SearchAction","target":{"@type":"EntryPoint","urlTemplate":"https:\/\/www.colindres.es\/?s={search_term_string}"},"query-input":{"@type":"PropertyValueSpecification","valueRequired":true,"valueName":"search_term_string"}}],"inLanguage":"es"},{"@type":"Organization","@id":"https:\/\/www.colindres.es\/#organization","name":"AYUNTAMIENTO DE COLINDRES","url":"https:\/\/www.colindres.es\/","logo":{"@type":"ImageObject","inLanguage":"es","@id":"https:\/\/www.colindres.es\/#\/schema\/logo\/image\/","url":"https:\/\/www.colindres.es\/wp-content\/uploads\/2017\/01\/LOGO-PRINCIPAL.jpg","contentUrl":"https:\/\/www.colindres.es\/wp-content\/uploads\/2017\/01\/LOGO-PRINCIPAL.jpg","width":1209,"height":579,"caption":"AYUNTAMIENTO DE COLINDRES"},"image":{"@id":"https:\/\/www.colindres.es\/#\/schema\/logo\/image\/"}}]}},"_links":{"self":[{"href":"https:\/\/www.colindres.es\/index.php\/wp-json\/wp\/v2\/project\/16170","targetHints":{"allow":["GET"]}}],"collection":[{"href":"https:\/\/www.colindres.es\/index.php\/wp-json\/wp\/v2\/project"}],"about":[{"href":"https:\/\/www.colindres.es\/index.php\/wp-json\/wp\/v2\/types\/project"}],"author":[{"embeddable":true,"href":"https:\/\/www.colindres.es\/index.php\/wp-json\/wp\/v2\/users\/1"}],"replies":[{"embeddable":true,"href":"https:\/\/www.colindres.es\/index.php\/wp-json\/wp\/v2\/comments?post=16170"}],"version-history":[{"count":1,"href":"https:\/\/www.colindres.es\/index.php\/wp-json\/wp\/v2\/project\/16170\/revisions"}],"predecessor-version":[{"id":16172,"href":"https:\/\/www.colindres.es\/index.php\/wp-json\/wp\/v2\/project\/16170\/revisions\/16172"}],"wp:featuredmedia":[{"embeddable":true,"href":"https:\/\/www.colindres.es\/index.php\/wp-json\/wp\/v2\/media\/16171"}],"wp:attachment":[{"href":"https:\/\/www.colindres.es\/index.php\/wp-json\/wp\/v2\/media?parent=16170"}],"wp:term":[{"taxonomy":"project_category","embeddable":true,"href":"https:\/\/www.colindres.es\/index.php\/wp-json\/wp\/v2\/project_category?post=16170"},{"taxonomy":"project_tag","embeddable":true,"href":"https:\/\/www.colindres.es\/index.php\/wp-json\/wp\/v2\/project_tag?post=16170"}],"curies":[{"name":"wp","href":"https:\/\/api.w.org\/{rel}","templated":true}]}}