{"id":1615,"date":"2018-06-29T08:04:46","date_gmt":"2018-06-29T08:04:46","guid":{"rendered":"http:\/\/colindres.es\/?post_type=project&#038;p=1615"},"modified":"2018-06-29T08:04:46","modified_gmt":"2018-06-29T08:04:46","slug":"el-carmen-y-santiago-colindres-julio-2018","status":"publish","type":"project","link":"https:\/\/www.colindres.es\/index.php\/project\/el-carmen-y-santiago-colindres-julio-2018\/","title":{"rendered":"EL CARMEN Y SANTIAGO &#8211; COLINDRES JULIO 2018"},"content":{"rendered":"<p><strong><em><u>DEL 1 JULIO AL 31 DE AGOSTO:<\/u><\/em><\/strong><\/p>\n<ul>\n<li>Del 1 de Julio al 31 de agosto de Lunes a Jueves en horarios de Ma\u00f1ana y Tarde \u201cCURSO DE INICIACI\u00d3N AL PIRAG\u00dcISMO\u201d para ni\u00f1@s de 6 a 12 a\u00f1os-.<\/li>\n<\/ul>\n<p><strong><em><u>DURANTE EL MES DE JULIO:<\/u><\/em><\/strong><\/p>\n<ul>\n<li>Campus de Atletismo \u201cToni Abad\u00eda\u201d en las pistas de atletismo en horario aproximado de 9.00 a 13.15 h.<\/li>\n<\/ul>\n<p><strong><em><u>D\u00cdAS: 2, 3 Y 4 DE JULIO<\/u><\/em><\/strong><\/p>\n<ul>\n<li>A partir de las 16.00 h. Tiradas Clasificatorias para el GRAN PREMIO de 1\u00aa CATEGOR\u00cdA de SAN GIN\u00c9S de Bolo Palma.<\/li>\n<\/ul>\n<p><strong><em><u>DEL 03 AL 04 DE JULIO<\/u><\/em><\/strong><\/p>\n<ul>\n<li>De 9.00 a 14.00 h. Curso de la Universidad de Cantabria \u201cEDUCACI\u00d3N F\u00cdSICA DE CALIDAD BASADA EN EL APRENDIZAJE DIAL\u00d3GICO\u201d, en el Sal\u00f3n de Plenos del Ayuntamiento de Colindres (necesaria previa inscripci\u00f3n).<\/li>\n<\/ul>\n<p><strong><em><u>VIERNES 6 DE JULIO<\/u><\/em><\/strong><\/p>\n<ul>\n<li><i>A las 21.00 h. en la Iglesia Parroquial de San Juan \u201cANTOLOG\u00cdA DE LA ZARZUELA LAREDANA II\u201d a cargo de la Coral Salv\u00e9 de Laredo.<\/i><\/li>\n<\/ul>\n<p><strong><em><u>DOMINGO 8 DE JULIO<\/u><\/em><\/strong><\/p>\n<ul>\n<li>A partir de las 10.00 h. Tiradas clasificatorias para el <strong>Gran Premio de SAN GIN\u00c9S DE 2\u00aa Categor\u00eda Individual<\/strong> de pasabolo.<\/li>\n<\/ul>\n<p><strong><em><u>DEL 13 AL 15 DE JULIO:<\/u><\/em><\/strong><\/p>\n<ul>\n<li>COLINDRES ASTILLERO REAL. CELEBRACI\u00d2N DEL IV CENTENARIO DE SU FUNDACI\u00d2N.\n<ul>\n<li>Mercado Barroco.<\/li>\n<li>Teatro de \u00e9poca, talleres artesanos, pasacalles.<\/li>\n<li>Visitas guiadas a la Nao Victoria en el puerto de Colindres, se sortear\u00e1n entradas gratuitas en APYMECO.<\/li>\n<li>Participaci\u00f3n del comercio local y asado ofrecido por APYMECO.<\/li>\n<li>I Feria de la Cerveza de la Asociaci\u00f3n Hostelera de Colindres.<\/li>\n<li>Exposici\u00f3n del gale\u00f3n a escala fabricado por el \u201cGRUPO FAMILY\u201d.<\/li>\n<li>Conferencias y exposici\u00f3n de la Asociaci\u00f3n Falgote en el Sal\u00f3n de Plenos y Casa de Cultura.<\/li>\n<li>MINIFUSI\u00d3N, exposici\u00f3n de veh\u00edculos MINI de todo el mundo y de todas las \u00e9pocas.<\/li>\n<li>Paseos en pony y caballo en el Parque del Riego.<\/li>\n<li>Actividades infantiles en la Ludoteca de Colindres.<\/li>\n<li>Concierto del grupo local LUNATIC CATZ.<\/li>\n<\/ul>\n<\/li>\n<\/ul>\n<p><strong><em><u>VIERNES 13 DE JULIO<\/u><\/em><\/strong><\/p>\n<ul>\n<li>A las 20.00 h. Concierto de Viol\u00edn, Violonchelo y Piano dentro del VIII Campus Musical WOM Cantabria a cargo de Celia Bueno, Alexander Suleiman y Misha Namirovsky en el Sal\u00f3n de Actos de la Casa de Cultura.<\/li>\n<\/ul>\n<p><strong><em><u>S\u00c1BADO 14 DE JULIO<\/u><\/em><\/strong><\/p>\n<ul>\n<li>A las 18.00 h. Conferencia del Legado de Mar\u00eda de Villota, a cargo del piloto de F\u00f3rmula 1 Emilio de Villota (expiloto F1) y Javier P\u00e9rez M\u00ednguez director de la fundaci\u00f3n A.C. D\u00edez Mahou en el Sal\u00f3n de Actos de la Casa de Cultura. A beneficio de Fundaci\u00f3n Ana Carolina D\u00edez Mahou.<\/li>\n<li><b><i>Despu\u00e9s de la misma de las 20.00 h. actuaci\u00f3n de la CORAL CANTA LAREDO en la Iglesia del Carmen.<\/i><\/b><\/li>\n<\/ul>\n<p><strong><em><u>DOMINGO 15 DE JULIO<\/u><\/em><\/strong><\/p>\n<ul>\n<li>A las 06:00 h. de la ma\u00f1ana, comienza en la Cruz de Mor\u00ed, el tradicional <strong>ROSARIO DE LA AURORA<\/strong>, que finaliza en la iglesia de San Juan.<\/li>\n<\/ul>\n<p><strong><em><u>LUNES 16 DE JULIO \u2013 FESTIVIDAD DE LA VIRGEN DEL CARMEN<\/u><\/em><\/strong><\/p>\n<ul>\n<li>A las 12:30 h<strong>. MISA EN LA COFRAD\u00cdA DE PESCADORES <\/strong>y procesi\u00f3n hasta la Iglesia del Carmen.<\/li>\n<\/ul>\n<p><strong><em><u>S\u00c1BADO 14 DE JULIO<\/u><\/em><\/strong><\/p>\n<ul>\n<li>A partir de las 16:00 h. en la bolera de Pasabolo Tabl\u00f3n Final <strong>Gran Premio San Gin\u00e9s de 2\u00aa Categor\u00eda individual.<\/strong><\/li>\n<\/ul>\n<p><strong><em><u>JUEVES 19 DE JULIO:<\/u><\/em><\/strong><\/p>\n<ul>\n<li>A las 21.15 h. en el Parque del Riego Concierto del SUNSET ACOUSTIC.<\/li>\n<\/ul>\n<p><strong><em><u>DEL 23 AL 29 DE JULIO-SEMANA DE LA JUVENTUD \u201cCOLINDRES, DE CALLE\u201d<\/u><\/em><\/strong><\/p>\n<ul>\n<li>En la Plaza la Esperanza, Parque del Riego actividades en horario de tarde<strong> (programa espec\u00edfico en Facebook, www.colindres.es).<\/strong><\/li>\n<\/ul>\n<p><strong><em><u>MIERCOLES 25 DE JULIO- FESTIVIDAD DE SANTIAGO<\/u><\/em><\/strong><\/p>\n<ul>\n<li>A las 12:00 h. <strong>Misa en la iglesia del Carmen y Procesi\u00f3n del Santo.<\/strong><\/li>\n<li>De 12:45 a 14:00 h. y de 17.00 a 20.00 h. <strong>Hinchable Tobog\u00e1n y Circuito de Quads Gasolina<\/strong> en la Plaza de San Gin\u00e9s.<\/li>\n<\/ul>\n<p><strong><em><u>JUEVES 26 DE JULIO:<\/u><\/em><\/strong><\/p>\n<ul>\n<li>A las 21.15 h. en el Parque del Riego concierto del SUNSET ACOUSTIC.<\/li>\n<\/ul>\n<p><strong><em><u>DEL 20 AL 22 DE JULIO:<\/u><\/em><\/strong><\/p>\n<ul>\n<li>IV Torneo EL JUNCU de Futbol sala en los polideportivos municipales.\n<ul>\n<li>Grandes premios para el campe\u00f3n, sub campe\u00f3n y tercer y cuarto puesto.<\/li>\n<li>Exhibici\u00f3n Freestyle y mucho m\u00e1s\u2026<\/li>\n<\/ul>\n<\/li>\n<\/ul>\n<p><strong><em><u>D\u00cdAS 26, 27, 30 Y 31 DE JULIO<\/u><\/em><\/strong><\/p>\n<ul>\n<li>A partir de las 16.00 h. Tiradas Clasificatorias para el GRAN PREMIO de Categor\u00edas menores (Alev\u00edn, Infantil y Cadete) de Bolo Palma.<\/li>\n<\/ul>\n<p><strong><em><u>VIERNES 27 DE JULIO:<\/u><\/em><\/strong><\/p>\n<ul>\n<li>A partir de las 22.00 h. en los Jardines de la Casa de Cultura y dentro de la XXX Muestra Folkl\u00f3rica \u201cPor las Tierras de Cantabria\u201d la actuaci\u00f3n del Conjunto Folkl\u00f3rico \u201cPANAMA INTERNACIONAL\u201d.<\/li>\n<\/ul>\n<p><strong><em><u>S\u00c1BADO 28 DE JULIO:<\/u><\/em><\/strong><\/p>\n<ul>\n<li>A partir de las 21.00 h. ACTUACI\u00d3N DEL D\u00fao Laura Colina y Marie-Vida Obeid \u201cMujeres en la M\u00fasica\u201d en el Sal\u00f3n de Actos de la Casa de Cultura.<\/li>\n<\/ul>\n<p><strong><em><u>DOMINGO 29 DE JULIO<\/u><\/em><\/strong><\/p>\n<ul>\n<li>A partir de las 10.00 h. se celebrar\u00e1 el XXXVI Memorial Juan Manuel Santisteban de Ciclismo.<strong><em>ORGANIZA:<\/em><\/strong> Excmo. Ayuntamiento de Colindres.<\/li>\n<\/ul>\n<p><strong><em>COLABORAN:<\/em><\/strong> Cofrad\u00eda de Pescadores, Pe\u00f1a El juncu, Pe\u00f1a San Juan, Escuela Municipal de Folclore y la Agrupaci\u00f3n Local de Protecci\u00f3n Civil, y adem\u00e1s las asociaciones, entidades deportivas y vecinos que hacen posible que todos disfrutemos de estas fiestas.<strong><em>\u00a0<\/em><\/strong><\/p>\n<p><img loading=\"lazy\" decoding=\"async\" class=\"alignnone size-medium wp-image-1616\" src=\"http:\/\/colindres.es\/wp-content\/uploads\/2018\/06\/DIPTICO-FIESTAS-JULIO-A-300x212.jpg\" alt=\"\" width=\"300\" height=\"212\" srcset=\"https:\/\/www.colindres.es\/wp-content\/uploads\/2018\/06\/DIPTICO-FIESTAS-JULIO-A-300x212.jpg 300w, https:\/\/www.colindres.es\/wp-content\/uploads\/2018\/06\/DIPTICO-FIESTAS-JULIO-A-768x543.jpg 768w, https:\/\/www.colindres.es\/wp-content\/uploads\/2018\/06\/DIPTICO-FIESTAS-JULIO-A-1024x724.jpg 1024w, https:\/\/www.colindres.es\/wp-content\/uploads\/2018\/06\/DIPTICO-FIESTAS-JULIO-A-400x284.jpg 400w, https:\/\/www.colindres.es\/wp-content\/uploads\/2018\/06\/DIPTICO-FIESTAS-JULIO-A-1080x763.jpg 1080w\" sizes=\"(max-width: 300px) 100vw, 300px\" \/> <img loading=\"lazy\" decoding=\"async\" class=\"alignnone size-medium wp-image-1617\" src=\"http:\/\/colindres.es\/wp-content\/uploads\/2018\/06\/DIPTICO-FIESTAS-JULIO-B-300x212.jpg\" alt=\"\" width=\"300\" height=\"212\" srcset=\"https:\/\/www.colindres.es\/wp-content\/uploads\/2018\/06\/DIPTICO-FIESTAS-JULIO-B-300x212.jpg 300w, https:\/\/www.colindres.es\/wp-content\/uploads\/2018\/06\/DIPTICO-FIESTAS-JULIO-B-768x543.jpg 768w, https:\/\/www.colindres.es\/wp-content\/uploads\/2018\/06\/DIPTICO-FIESTAS-JULIO-B-1024x724.jpg 1024w, https:\/\/www.colindres.es\/wp-content\/uploads\/2018\/06\/DIPTICO-FIESTAS-JULIO-B-400x284.jpg 400w, https:\/\/www.colindres.es\/wp-content\/uploads\/2018\/06\/DIPTICO-FIESTAS-JULIO-B-1080x764.jpg 1080w\" sizes=\"(max-width: 300px) 100vw, 300px\" \/><\/p>\n","protected":false},"excerpt":{"rendered":"<p>DEL 1 JULIO AL 31 DE AGOSTO: Del 1 de Julio al 31 de agosto de Lunes a Jueves en horarios de Ma\u00f1ana y Tarde \u201cCURSO DE INICIACI\u00d3N AL PIRAG\u00dcISMO\u201d para ni\u00f1@s de 6 a 12 a\u00f1os-. DURANTE EL MES DE JULIO: Campus de Atletismo \u201cToni Abad\u00eda\u201d en las pistas de atletismo en horario aproximado [&hellip;]<\/p>\n","protected":false},"author":1,"featured_media":1618,"comment_status":"open","ping_status":"closed","template":"","meta":{"_et_pb_use_builder":"","_et_pb_old_content":"","_et_gb_content_width":"","footnotes":""},"project_category":[],"project_tag":[],"class_list":["post-1615","project","type-project","status-publish","has-post-thumbnail","hentry"],"yoast_head":"<!-- This site is optimized with the Yoast SEO plugin v24.9 - https:\/\/yoast.com\/wordpress\/plugins\/seo\/ -->\n<title>EL CARMEN Y SANTIAGO - COLINDRES JULIO 2018 - Ayuntamiento de Colindres<\/title>\n<meta name=\"robots\" content=\"index, follow, max-snippet:-1, max-image-preview:large, max-video-preview:-1\" \/>\n<link rel=\"canonical\" href=\"https:\/\/www.colindres.es\/index.php\/project\/el-carmen-y-santiago-colindres-julio-2018\/\" \/>\n<meta property=\"og:locale\" content=\"es_ES\" \/>\n<meta property=\"og:type\" content=\"article\" \/>\n<meta property=\"og:title\" content=\"EL CARMEN Y SANTIAGO - COLINDRES JULIO 2018 - Ayuntamiento de Colindres\" \/>\n<meta property=\"og:description\" content=\"DEL 1 JULIO AL 31 DE AGOSTO: Del 1 de Julio al 31 de agosto de Lunes a Jueves en horarios de Ma\u00f1ana y Tarde \u201cCURSO DE INICIACI\u00d3N AL PIRAG\u00dcISMO\u201d para ni\u00f1@s de 6 a 12 a\u00f1os-. DURANTE EL MES DE JULIO: Campus de Atletismo \u201cToni Abad\u00eda\u201d en las pistas de atletismo en horario aproximado [&hellip;]\" \/>\n<meta property=\"og:url\" content=\"https:\/\/www.colindres.es\/index.php\/project\/el-carmen-y-santiago-colindres-julio-2018\/\" \/>\n<meta property=\"og:site_name\" content=\"Ayuntamiento de Colindres\" \/>\n<meta property=\"og:image\" content=\"https:\/\/www.colindres.es\/wp-content\/uploads\/2018\/06\/cartel-fiestas-carmen-santiago-755x1024.jpg\" \/>\n\t<meta property=\"og:image:width\" content=\"755\" \/>\n\t<meta property=\"og:image:height\" content=\"1024\" \/>\n\t<meta property=\"og:image:type\" content=\"image\/jpeg\" \/>\n<meta name=\"twitter:card\" content=\"summary_large_image\" \/>\n<meta name=\"twitter:label1\" content=\"Tiempo de lectura\" \/>\n\t<meta name=\"twitter:data1\" content=\"4 minutos\" \/>\n<script type=\"application\/ld+json\" class=\"yoast-schema-graph\">{\"@context\":\"https:\/\/schema.org\",\"@graph\":[{\"@type\":\"WebPage\",\"@id\":\"https:\/\/www.colindres.es\/index.php\/project\/el-carmen-y-santiago-colindres-julio-2018\/\",\"url\":\"https:\/\/www.colindres.es\/index.php\/project\/el-carmen-y-santiago-colindres-julio-2018\/\",\"name\":\"EL CARMEN Y SANTIAGO - COLINDRES JULIO 2018 - Ayuntamiento de Colindres\",\"isPartOf\":{\"@id\":\"https:\/\/www.colindres.es\/#website\"},\"primaryImageOfPage\":{\"@id\":\"https:\/\/www.colindres.es\/index.php\/project\/el-carmen-y-santiago-colindres-julio-2018\/#primaryimage\"},\"image\":{\"@id\":\"https:\/\/www.colindres.es\/index.php\/project\/el-carmen-y-santiago-colindres-julio-2018\/#primaryimage\"},\"thumbnailUrl\":\"https:\/\/www.colindres.es\/wp-content\/uploads\/2018\/06\/cartel-fiestas-carmen-santiago.jpg\",\"datePublished\":\"2018-06-29T08:04:46+00:00\",\"breadcrumb\":{\"@id\":\"https:\/\/www.colindres.es\/index.php\/project\/el-carmen-y-santiago-colindres-julio-2018\/#breadcrumb\"},\"inLanguage\":\"es\",\"potentialAction\":[{\"@type\":\"ReadAction\",\"target\":[\"https:\/\/www.colindres.es\/index.php\/project\/el-carmen-y-santiago-colindres-julio-2018\/\"]}]},{\"@type\":\"ImageObject\",\"inLanguage\":\"es\",\"@id\":\"https:\/\/www.colindres.es\/index.php\/project\/el-carmen-y-santiago-colindres-julio-2018\/#primaryimage\",\"url\":\"https:\/\/www.colindres.es\/wp-content\/uploads\/2018\/06\/cartel-fiestas-carmen-santiago.jpg\",\"contentUrl\":\"https:\/\/www.colindres.es\/wp-content\/uploads\/2018\/06\/cartel-fiestas-carmen-santiago.jpg\",\"width\":2320,\"height\":3145},{\"@type\":\"BreadcrumbList\",\"@id\":\"https:\/\/www.colindres.es\/index.php\/project\/el-carmen-y-santiago-colindres-julio-2018\/#breadcrumb\",\"itemListElement\":[{\"@type\":\"ListItem\",\"position\":1,\"name\":\"Portada\",\"item\":\"https:\/\/www.colindres.es\/\"},{\"@type\":\"ListItem\",\"position\":2,\"name\":\"Proyectos\",\"item\":\"https:\/\/www.colindres.es\/index.php\/project\/\"},{\"@type\":\"ListItem\",\"position\":3,\"name\":\"EL CARMEN Y SANTIAGO &#8211; COLINDRES JULIO 2018\"}]},{\"@type\":\"WebSite\",\"@id\":\"https:\/\/www.colindres.es\/#website\",\"url\":\"https:\/\/www.colindres.es\/\",\"name\":\"Ayuntamiento de Colindres\",\"description\":\"Dise\u00f1ado por NTIC&#039;s\",\"publisher\":{\"@id\":\"https:\/\/www.colindres.es\/#organization\"},\"potentialAction\":[{\"@type\":\"SearchAction\",\"target\":{\"@type\":\"EntryPoint\",\"urlTemplate\":\"https:\/\/www.colindres.es\/?s={search_term_string}\"},\"query-input\":{\"@type\":\"PropertyValueSpecification\",\"valueRequired\":true,\"valueName\":\"search_term_string\"}}],\"inLanguage\":\"es\"},{\"@type\":\"Organization\",\"@id\":\"https:\/\/www.colindres.es\/#organization\",\"name\":\"AYUNTAMIENTO DE COLINDRES\",\"url\":\"https:\/\/www.colindres.es\/\",\"logo\":{\"@type\":\"ImageObject\",\"inLanguage\":\"es\",\"@id\":\"https:\/\/www.colindres.es\/#\/schema\/logo\/image\/\",\"url\":\"https:\/\/www.colindres.es\/wp-content\/uploads\/2017\/01\/LOGO-PRINCIPAL.jpg\",\"contentUrl\":\"https:\/\/www.colindres.es\/wp-content\/uploads\/2017\/01\/LOGO-PRINCIPAL.jpg\",\"width\":1209,\"height\":579,\"caption\":\"AYUNTAMIENTO DE COLINDRES\"},\"image\":{\"@id\":\"https:\/\/www.colindres.es\/#\/schema\/logo\/image\/\"}}]}<\/script>\n<!-- \/ Yoast SEO plugin. -->","yoast_head_json":{"title":"EL CARMEN Y SANTIAGO - COLINDRES JULIO 2018 - Ayuntamiento de Colindres","robots":{"index":"index","follow":"follow","max-snippet":"max-snippet:-1","max-image-preview":"max-image-preview:large","max-video-preview":"max-video-preview:-1"},"canonical":"https:\/\/www.colindres.es\/index.php\/project\/el-carmen-y-santiago-colindres-julio-2018\/","og_locale":"es_ES","og_type":"article","og_title":"EL CARMEN Y SANTIAGO - COLINDRES JULIO 2018 - Ayuntamiento de Colindres","og_description":"DEL 1 JULIO AL 31 DE AGOSTO: Del 1 de Julio al 31 de agosto de Lunes a Jueves en horarios de Ma\u00f1ana y Tarde \u201cCURSO DE INICIACI\u00d3N AL PIRAG\u00dcISMO\u201d para ni\u00f1@s de 6 a 12 a\u00f1os-. DURANTE EL MES DE JULIO: Campus de Atletismo \u201cToni Abad\u00eda\u201d en las pistas de atletismo en horario aproximado [&hellip;]","og_url":"https:\/\/www.colindres.es\/index.php\/project\/el-carmen-y-santiago-colindres-julio-2018\/","og_site_name":"Ayuntamiento de Colindres","og_image":[{"width":755,"height":1024,"url":"https:\/\/www.colindres.es\/wp-content\/uploads\/2018\/06\/cartel-fiestas-carmen-santiago-755x1024.jpg","type":"image\/jpeg"}],"twitter_card":"summary_large_image","twitter_misc":{"Tiempo de lectura":"4 minutos"},"schema":{"@context":"https:\/\/schema.org","@graph":[{"@type":"WebPage","@id":"https:\/\/www.colindres.es\/index.php\/project\/el-carmen-y-santiago-colindres-julio-2018\/","url":"https:\/\/www.colindres.es\/index.php\/project\/el-carmen-y-santiago-colindres-julio-2018\/","name":"EL CARMEN Y SANTIAGO - COLINDRES JULIO 2018 - Ayuntamiento de Colindres","isPartOf":{"@id":"https:\/\/www.colindres.es\/#website"},"primaryImageOfPage":{"@id":"https:\/\/www.colindres.es\/index.php\/project\/el-carmen-y-santiago-colindres-julio-2018\/#primaryimage"},"image":{"@id":"https:\/\/www.colindres.es\/index.php\/project\/el-carmen-y-santiago-colindres-julio-2018\/#primaryimage"},"thumbnailUrl":"https:\/\/www.colindres.es\/wp-content\/uploads\/2018\/06\/cartel-fiestas-carmen-santiago.jpg","datePublished":"2018-06-29T08:04:46+00:00","breadcrumb":{"@id":"https:\/\/www.colindres.es\/index.php\/project\/el-carmen-y-santiago-colindres-julio-2018\/#breadcrumb"},"inLanguage":"es","potentialAction":[{"@type":"ReadAction","target":["https:\/\/www.colindres.es\/index.php\/project\/el-carmen-y-santiago-colindres-julio-2018\/"]}]},{"@type":"ImageObject","inLanguage":"es","@id":"https:\/\/www.colindres.es\/index.php\/project\/el-carmen-y-santiago-colindres-julio-2018\/#primaryimage","url":"https:\/\/www.colindres.es\/wp-content\/uploads\/2018\/06\/cartel-fiestas-carmen-santiago.jpg","contentUrl":"https:\/\/www.colindres.es\/wp-content\/uploads\/2018\/06\/cartel-fiestas-carmen-santiago.jpg","width":2320,"height":3145},{"@type":"BreadcrumbList","@id":"https:\/\/www.colindres.es\/index.php\/project\/el-carmen-y-santiago-colindres-julio-2018\/#breadcrumb","itemListElement":[{"@type":"ListItem","position":1,"name":"Portada","item":"https:\/\/www.colindres.es\/"},{"@type":"ListItem","position":2,"name":"Proyectos","item":"https:\/\/www.colindres.es\/index.php\/project\/"},{"@type":"ListItem","position":3,"name":"EL CARMEN Y SANTIAGO &#8211; COLINDRES JULIO 2018"}]},{"@type":"WebSite","@id":"https:\/\/www.colindres.es\/#website","url":"https:\/\/www.colindres.es\/","name":"Ayuntamiento de Colindres","description":"Dise\u00f1ado por NTIC&#039;s","publisher":{"@id":"https:\/\/www.colindres.es\/#organization"},"potentialAction":[{"@type":"SearchAction","target":{"@type":"EntryPoint","urlTemplate":"https:\/\/www.colindres.es\/?s={search_term_string}"},"query-input":{"@type":"PropertyValueSpecification","valueRequired":true,"valueName":"search_term_string"}}],"inLanguage":"es"},{"@type":"Organization","@id":"https:\/\/www.colindres.es\/#organization","name":"AYUNTAMIENTO DE COLINDRES","url":"https:\/\/www.colindres.es\/","logo":{"@type":"ImageObject","inLanguage":"es","@id":"https:\/\/www.colindres.es\/#\/schema\/logo\/image\/","url":"https:\/\/www.colindres.es\/wp-content\/uploads\/2017\/01\/LOGO-PRINCIPAL.jpg","contentUrl":"https:\/\/www.colindres.es\/wp-content\/uploads\/2017\/01\/LOGO-PRINCIPAL.jpg","width":1209,"height":579,"caption":"AYUNTAMIENTO DE COLINDRES"},"image":{"@id":"https:\/\/www.colindres.es\/#\/schema\/logo\/image\/"}}]}},"_links":{"self":[{"href":"https:\/\/www.colindres.es\/index.php\/wp-json\/wp\/v2\/project\/1615","targetHints":{"allow":["GET"]}}],"collection":[{"href":"https:\/\/www.colindres.es\/index.php\/wp-json\/wp\/v2\/project"}],"about":[{"href":"https:\/\/www.colindres.es\/index.php\/wp-json\/wp\/v2\/types\/project"}],"author":[{"embeddable":true,"href":"https:\/\/www.colindres.es\/index.php\/wp-json\/wp\/v2\/users\/1"}],"replies":[{"embeddable":true,"href":"https:\/\/www.colindres.es\/index.php\/wp-json\/wp\/v2\/comments?post=1615"}],"version-history":[{"count":1,"href":"https:\/\/www.colindres.es\/index.php\/wp-json\/wp\/v2\/project\/1615\/revisions"}],"predecessor-version":[{"id":1619,"href":"https:\/\/www.colindres.es\/index.php\/wp-json\/wp\/v2\/project\/1615\/revisions\/1619"}],"wp:featuredmedia":[{"embeddable":true,"href":"https:\/\/www.colindres.es\/index.php\/wp-json\/wp\/v2\/media\/1618"}],"wp:attachment":[{"href":"https:\/\/www.colindres.es\/index.php\/wp-json\/wp\/v2\/media?parent=1615"}],"wp:term":[{"taxonomy":"project_category","embeddable":true,"href":"https:\/\/www.colindres.es\/index.php\/wp-json\/wp\/v2\/project_category?post=1615"},{"taxonomy":"project_tag","embeddable":true,"href":"https:\/\/www.colindres.es\/index.php\/wp-json\/wp\/v2\/project_tag?post=1615"}],"curies":[{"name":"wp","href":"https:\/\/api.w.org\/{rel}","templated":true}]}}