{"id":1605,"date":"2018-06-28T14:56:59","date_gmt":"2018-06-28T14:56:59","guid":{"rendered":"http:\/\/colindres.es\/?post_type=project&#038;p=1605"},"modified":"2018-06-28T14:59:25","modified_gmt":"2018-06-28T14:59:25","slug":"colindres-conmemorara-el-iv-centenario-de-su-real-astillero-con-un-mercado-de-epoca-teatro-y-pasacalles","status":"publish","type":"project","link":"https:\/\/www.colindres.es\/index.php\/project\/colindres-conmemorara-el-iv-centenario-de-su-real-astillero-con-un-mercado-de-epoca-teatro-y-pasacalles\/","title":{"rendered":"Colindres conmemorar\u00e1 el IV centenario de su Real Astillero con un mercado de \u00e9poca, teatro y pasacalles"},"content":{"rendered":"<p><b>El puerto recibir\u00e1 la visita de la Nao Victoria, una reproducci\u00f3n de la embarcaci\u00f3n con la que Sebasti\u00e1n Elcano logr\u00f3 finalizar la primera vuelta al mundo<\/b><\/p>\n<p><b>Las actividades tendr\u00e1n lugar del 13 al 15 de julio y han sido organizadas por el Ayuntamiento en coordinaci\u00f3n con distintas asociaciones del municipio y\u00a0<\/b><b>la participaci\u00f3n del comercio y la hosteler\u00eda local<\/b><\/p>\n<p><i>Colindres, 28 de Junio<\/i>.- Colindres conmemor\u00e1 entre el 13 y el 15 de julio el cuarto centenario de la creaci\u00f3n de los Reales Astilleros de Falgote con un mercado barroco, teatro, pasacalles de \u00e9poca, talleres artesanos, m\u00fasica y actividades.<span class=\"Apple-converted-space\">\u00a0<\/span><\/p>\n<p>Adem\u00e1s, vecinos y visitantes podr\u00e1n conocer la Nao Victoria, una fiel reproducci\u00f3n de la embarcaci\u00f3n con la que Sebasti\u00e1n Elcano logr\u00f3 finalizar la primera vuelta al mundo y que durante esos d\u00edas permanecer\u00e1 atracada en el puerto del municipio.<\/p>\n<p>As\u00ed lo ha dado a conocer este jueves el alcalde, Javier Incera, en una rueda de prensa en la que ha explicado que estos festejos coincidir\u00e1n con el 400 aniversario de la Real C\u00e9dula concedida por el monarca Felipe III al Astillero de Colindres.<span class=\"Apple-converted-space\">\u00a0<\/span><\/p>\n<p>En la presentaci\u00f3n del evento tambi\u00e9n han estado presentes el concejal de Desarrollo Local, Adri\u00e1n Seti\u00e9n; los presidentes de APYMECO, Mar\u00eda Jos\u00e9 Mart\u00ednez; de la Asociaci\u00f3n de Patrimonio Falgote, Luis Guti\u00e9rrez; de la Asociaci\u00f3n de Hosteler\u00eda de Colindres (AHC), Consuelo D\u00edez; de Sauga, \u00d3scar Hidalgo, y de Mini Fusi\u00f3n Colindres, Juan Jos\u00e9 San Emeterio.<\/p>\n<p>Seg\u00fan han explicado, durante ese fin de semana el municipio rememorar\u00e1 la \u00e9poca de mayor esplendor de los Reales Astilleros de Colindres, que durante m\u00e1s de cien a\u00f1os construyeron galeones para la Armada Real y que contribuyeron al comercio y la protecci\u00f3n de las naves que viajaban por el oc\u00e9ano Atl\u00e1ntico.<\/p>\n<p>Incera ha resaltado que esta recreaci\u00f3n hist\u00f3rica es una \u201ciniciativa pionera\u201d que hasta ahora no se hab\u00eda celebrado en el municipio y se ha mostrado convencido de que se convertir\u00e1 \u201cen un atractivo m\u00e1s para visitar Colindres durante la temporada estival y para dinamizar las calles y comercios del municipio\u201d.<\/p>\n<p>As\u00ed, el alcalde ha invitado a disfrutar de la conmemoraci\u00f3n, al tiempo que ha valorado \u201cmuy positivamente\u201d el entendimiento y colaboraci\u00f3n de los participantes en el evento, agradeciendo a todos ellos \u201csu trabajo y la ilusi\u00f3n puesta en este esfuerzo com\u00fan\u201d.<span class=\"Apple-converted-space\">\u00a0<\/span><\/p>\n<p><b>Ejemplo de colaboraci\u00f3n<\/b><\/p>\n<p>Para la celebraci\u00f3n del IV centenario se han coordinado las actividades programadas por el Ayuntamiento de Colindres y un buen n\u00famero de asociaciones del municipio, como la asociaci\u00f3n de comerciantes APYMECO, la Asociaci\u00f3n de Hosteleros de Colindres (AHC), la Asociaci\u00f3n de Patrimonio Falgote y Sauga.<span class=\"Apple-converted-space\">\u00a0<\/span><\/p>\n<p>Tambi\u00e9n se ha contado con la colaboraci\u00f3n de Mini Fusi\u00f3n Colindres, el Grupo Family, el dise\u00f1ador Adri\u00e1n Rozas, la Cofrad\u00eda de Pescadores San Gin\u00e9s, el Grupo de Acci\u00f3n Costera, el Gobierno de Cantabria y la Uni\u00f3n Europea.<\/p>\n<p>As\u00ed, APYMECO sortear\u00e1 visitas guiadas a la Nao Victoria y ofrecer\u00e1 un asado el s\u00e1bado d\u00eda 14. Por su parte, la AHC ha organizado la primera Feria de la Cerveza, que tendr\u00e1 lugar del 12 al 16 de julio, mientras que la Asociaci\u00f3n de Patrimonio Falgote realizar\u00e1 una exposici\u00f3n y conferencias, tanto en el Sal\u00f3n de Plenos del Ayuntamiento como en la Casa de Cultura.<\/p>\n<p>Tambi\u00e9n durante el fin de semana se podr\u00e1 disfrutar de Mini Fusi\u00f3n con la exposici\u00f3n de los populares coches deportivos brit\u00e1nicos, y los m\u00e1s peque\u00f1os podr\u00e1n divertirse con las actividades preparadas por la Ludoteca Municipal.<\/p>\n<p>Finalmente, la banda local \u2018Lunatic Catz\u2019 ser\u00e1 la encargada de poner el toque musical con un concierto gratuito.<\/p>\n<p><b>Historia<\/b><\/p>\n<p>La construcci\u00f3n naval en Colindres se remonta al Medievo, aunque no fue hasta 1618, cuando por Real C\u00e9dula concedida por el monarca Felipe III, pas\u00f3 a ser Astillero de la Corona.<span class=\"Apple-converted-space\">\u00a0<\/span><\/p>\n<p>Seg\u00fan data la historia, en Colindres se fabricaron las mayores naves de guerra del mundo en su \u00e9poca, como la Capitana Real del Mar Oc\u00e9ano, Nuestra Se\u00f1ora de la Concepci\u00f3n y de las \u00c1nimas o la Almiranta Real de la Sant\u00edsima Trinidad.<span class=\"Apple-converted-space\">\u00a0<\/span><\/p>\n<p>Durante un siglo el Astillero Real de Colindres dot\u00f3 con naves de guerra a la Armada del Mar Oce\u00e1no y galeones para la Carrera de Indias. Su importancia, estrat\u00e9gica y militar convirti\u00f3 a este Astillero en objetivo del ataque de la escuadra francesa, guiada por el arzobispo de Burdeos en 1639.<\/p>\n<p><img loading=\"lazy\" decoding=\"async\" class=\"alignnone size-medium wp-image-1609\" src=\"http:\/\/colindres.es\/wp-content\/uploads\/2018\/06\/PHOTO-2018-06-28-10-58-56-212x300.jpg\" alt=\"\" width=\"212\" height=\"300\" srcset=\"https:\/\/www.colindres.es\/wp-content\/uploads\/2018\/06\/PHOTO-2018-06-28-10-58-56-212x300.jpg 212w, https:\/\/www.colindres.es\/wp-content\/uploads\/2018\/06\/PHOTO-2018-06-28-10-58-56-768x1085.jpg 768w, https:\/\/www.colindres.es\/wp-content\/uploads\/2018\/06\/PHOTO-2018-06-28-10-58-56-725x1024.jpg 725w, https:\/\/www.colindres.es\/wp-content\/uploads\/2018\/06\/PHOTO-2018-06-28-10-58-56-1080x1526.jpg 1080w, https:\/\/www.colindres.es\/wp-content\/uploads\/2018\/06\/PHOTO-2018-06-28-10-58-56.jpg 1132w\" sizes=\"(max-width: 212px) 100vw, 212px\" \/> <img loading=\"lazy\" decoding=\"async\" class=\"alignnone size-medium wp-image-1610\" src=\"http:\/\/colindres.es\/wp-content\/uploads\/2018\/06\/PHOTO-2018-06-28-10-59-17-216x300.jpg\" alt=\"\" width=\"216\" height=\"300\" srcset=\"https:\/\/www.colindres.es\/wp-content\/uploads\/2018\/06\/PHOTO-2018-06-28-10-59-17-216x300.jpg 216w, https:\/\/www.colindres.es\/wp-content\/uploads\/2018\/06\/PHOTO-2018-06-28-10-59-17-736x1024.jpg 736w, https:\/\/www.colindres.es\/wp-content\/uploads\/2018\/06\/PHOTO-2018-06-28-10-59-17.jpg 750w\" sizes=\"(max-width: 216px) 100vw, 216px\" \/> <img loading=\"lazy\" decoding=\"async\" class=\"alignnone size-medium wp-image-1611\" src=\"http:\/\/colindres.es\/wp-content\/uploads\/2018\/06\/PHOTO-2018-06-28-10-59-48-214x300.jpg\" alt=\"\" width=\"214\" height=\"300\" srcset=\"https:\/\/www.colindres.es\/wp-content\/uploads\/2018\/06\/PHOTO-2018-06-28-10-59-48-214x300.jpg 214w, https:\/\/www.colindres.es\/wp-content\/uploads\/2018\/06\/PHOTO-2018-06-28-10-59-48.jpg 731w\" sizes=\"(max-width: 214px) 100vw, 214px\" \/> <img loading=\"lazy\" decoding=\"async\" class=\"alignnone size-medium wp-image-1612\" src=\"http:\/\/colindres.es\/wp-content\/uploads\/2018\/06\/PHOTO-2018-06-28-11-00-17-214x300.jpg\" alt=\"\" width=\"214\" height=\"300\" srcset=\"https:\/\/www.colindres.es\/wp-content\/uploads\/2018\/06\/PHOTO-2018-06-28-11-00-17-214x300.jpg 214w, https:\/\/www.colindres.es\/wp-content\/uploads\/2018\/06\/PHOTO-2018-06-28-11-00-17.jpg 731w\" sizes=\"(max-width: 214px) 100vw, 214px\" \/> <img loading=\"lazy\" decoding=\"async\" class=\"alignnone size-medium wp-image-1613\" src=\"http:\/\/colindres.es\/wp-content\/uploads\/2018\/06\/PHOTO-2018-06-28-11-00-33-300x225.jpg\" alt=\"\" width=\"300\" height=\"225\" srcset=\"https:\/\/www.colindres.es\/wp-content\/uploads\/2018\/06\/PHOTO-2018-06-28-11-00-33-300x225.jpg 300w, https:\/\/www.colindres.es\/wp-content\/uploads\/2018\/06\/PHOTO-2018-06-28-11-00-33-510x382.jpg 510w, https:\/\/www.colindres.es\/wp-content\/uploads\/2018\/06\/PHOTO-2018-06-28-11-00-33.jpg 714w\" sizes=\"(max-width: 300px) 100vw, 300px\" \/><\/p>\n","protected":false},"excerpt":{"rendered":"<p>El puerto recibir\u00e1 la visita de la Nao Victoria, una reproducci\u00f3n de la embarcaci\u00f3n con la que Sebasti\u00e1n Elcano logr\u00f3 finalizar la primera vuelta al mundo Las actividades tendr\u00e1n lugar del 13 al 15 de julio y han sido organizadas por el Ayuntamiento en coordinaci\u00f3n con distintas asociaciones del municipio y\u00a0la participaci\u00f3n del comercio y [&hellip;]<\/p>\n","protected":false},"author":1,"featured_media":1606,"comment_status":"open","ping_status":"closed","template":"","meta":{"_et_pb_use_builder":"","_et_pb_old_content":"","_et_gb_content_width":"","footnotes":""},"project_category":[],"project_tag":[],"class_list":["post-1605","project","type-project","status-publish","has-post-thumbnail","hentry"],"yoast_head":"<!-- This site is optimized with the Yoast SEO plugin v24.9 - https:\/\/yoast.com\/wordpress\/plugins\/seo\/ -->\n<title>Colindres conmemorar\u00e1 el IV centenario de su Real Astillero con un mercado de \u00e9poca, teatro y pasacalles - Ayuntamiento de Colindres<\/title>\n<meta name=\"robots\" content=\"index, follow, max-snippet:-1, max-image-preview:large, max-video-preview:-1\" \/>\n<link rel=\"canonical\" href=\"https:\/\/www.colindres.es\/index.php\/project\/colindres-conmemorara-el-iv-centenario-de-su-real-astillero-con-un-mercado-de-epoca-teatro-y-pasacalles\/\" \/>\n<meta property=\"og:locale\" content=\"es_ES\" \/>\n<meta property=\"og:type\" content=\"article\" \/>\n<meta property=\"og:title\" content=\"Colindres conmemorar\u00e1 el IV centenario de su Real Astillero con un mercado de \u00e9poca, teatro y pasacalles - Ayuntamiento de Colindres\" \/>\n<meta property=\"og:description\" content=\"El puerto recibir\u00e1 la visita de la Nao Victoria, una reproducci\u00f3n de la embarcaci\u00f3n con la que Sebasti\u00e1n Elcano logr\u00f3 finalizar la primera vuelta al mundo Las actividades tendr\u00e1n lugar del 13 al 15 de julio y han sido organizadas por el Ayuntamiento en coordinaci\u00f3n con distintas asociaciones del municipio y\u00a0la participaci\u00f3n del comercio y [&hellip;]\" \/>\n<meta property=\"og:url\" content=\"https:\/\/www.colindres.es\/index.php\/project\/colindres-conmemorara-el-iv-centenario-de-su-real-astillero-con-un-mercado-de-epoca-teatro-y-pasacalles\/\" \/>\n<meta property=\"og:site_name\" content=\"Ayuntamiento de Colindres\" \/>\n<meta property=\"article:modified_time\" content=\"2018-06-28T14:59:25+00:00\" \/>\n<meta property=\"og:image\" content=\"https:\/\/www.colindres.es\/wp-content\/uploads\/2018\/06\/Presentacion-IV-Centenario-Real-Astillero-Colindres.jpg\" \/>\n\t<meta property=\"og:image:width\" content=\"900\" \/>\n\t<meta property=\"og:image:height\" content=\"589\" \/>\n\t<meta property=\"og:image:type\" content=\"image\/jpeg\" \/>\n<meta name=\"twitter:card\" content=\"summary_large_image\" \/>\n<meta name=\"twitter:label1\" content=\"Tiempo de lectura\" \/>\n\t<meta name=\"twitter:data1\" content=\"4 minutos\" \/>\n<script type=\"application\/ld+json\" class=\"yoast-schema-graph\">{\"@context\":\"https:\/\/schema.org\",\"@graph\":[{\"@type\":\"WebPage\",\"@id\":\"https:\/\/www.colindres.es\/index.php\/project\/colindres-conmemorara-el-iv-centenario-de-su-real-astillero-con-un-mercado-de-epoca-teatro-y-pasacalles\/\",\"url\":\"https:\/\/www.colindres.es\/index.php\/project\/colindres-conmemorara-el-iv-centenario-de-su-real-astillero-con-un-mercado-de-epoca-teatro-y-pasacalles\/\",\"name\":\"Colindres conmemorar\u00e1 el IV centenario de su Real Astillero con un mercado de \u00e9poca, teatro y pasacalles - Ayuntamiento de Colindres\",\"isPartOf\":{\"@id\":\"https:\/\/www.colindres.es\/#website\"},\"primaryImageOfPage\":{\"@id\":\"https:\/\/www.colindres.es\/index.php\/project\/colindres-conmemorara-el-iv-centenario-de-su-real-astillero-con-un-mercado-de-epoca-teatro-y-pasacalles\/#primaryimage\"},\"image\":{\"@id\":\"https:\/\/www.colindres.es\/index.php\/project\/colindres-conmemorara-el-iv-centenario-de-su-real-astillero-con-un-mercado-de-epoca-teatro-y-pasacalles\/#primaryimage\"},\"thumbnailUrl\":\"https:\/\/www.colindres.es\/wp-content\/uploads\/2018\/06\/Presentacion-IV-Centenario-Real-Astillero-Colindres.jpg\",\"datePublished\":\"2018-06-28T14:56:59+00:00\",\"dateModified\":\"2018-06-28T14:59:25+00:00\",\"breadcrumb\":{\"@id\":\"https:\/\/www.colindres.es\/index.php\/project\/colindres-conmemorara-el-iv-centenario-de-su-real-astillero-con-un-mercado-de-epoca-teatro-y-pasacalles\/#breadcrumb\"},\"inLanguage\":\"es\",\"potentialAction\":[{\"@type\":\"ReadAction\",\"target\":[\"https:\/\/www.colindres.es\/index.php\/project\/colindres-conmemorara-el-iv-centenario-de-su-real-astillero-con-un-mercado-de-epoca-teatro-y-pasacalles\/\"]}]},{\"@type\":\"ImageObject\",\"inLanguage\":\"es\",\"@id\":\"https:\/\/www.colindres.es\/index.php\/project\/colindres-conmemorara-el-iv-centenario-de-su-real-astillero-con-un-mercado-de-epoca-teatro-y-pasacalles\/#primaryimage\",\"url\":\"https:\/\/www.colindres.es\/wp-content\/uploads\/2018\/06\/Presentacion-IV-Centenario-Real-Astillero-Colindres.jpg\",\"contentUrl\":\"https:\/\/www.colindres.es\/wp-content\/uploads\/2018\/06\/Presentacion-IV-Centenario-Real-Astillero-Colindres.jpg\",\"width\":900,\"height\":589},{\"@type\":\"BreadcrumbList\",\"@id\":\"https:\/\/www.colindres.es\/index.php\/project\/colindres-conmemorara-el-iv-centenario-de-su-real-astillero-con-un-mercado-de-epoca-teatro-y-pasacalles\/#breadcrumb\",\"itemListElement\":[{\"@type\":\"ListItem\",\"position\":1,\"name\":\"Portada\",\"item\":\"https:\/\/www.colindres.es\/\"},{\"@type\":\"ListItem\",\"position\":2,\"name\":\"Proyectos\",\"item\":\"https:\/\/www.colindres.es\/index.php\/project\/\"},{\"@type\":\"ListItem\",\"position\":3,\"name\":\"Colindres conmemorar\u00e1 el IV centenario de su Real Astillero con un mercado de \u00e9poca, teatro y pasacalles\"}]},{\"@type\":\"WebSite\",\"@id\":\"https:\/\/www.colindres.es\/#website\",\"url\":\"https:\/\/www.colindres.es\/\",\"name\":\"Ayuntamiento de Colindres\",\"description\":\"Dise\u00f1ado por NTIC&#039;s\",\"publisher\":{\"@id\":\"https:\/\/www.colindres.es\/#organization\"},\"potentialAction\":[{\"@type\":\"SearchAction\",\"target\":{\"@type\":\"EntryPoint\",\"urlTemplate\":\"https:\/\/www.colindres.es\/?s={search_term_string}\"},\"query-input\":{\"@type\":\"PropertyValueSpecification\",\"valueRequired\":true,\"valueName\":\"search_term_string\"}}],\"inLanguage\":\"es\"},{\"@type\":\"Organization\",\"@id\":\"https:\/\/www.colindres.es\/#organization\",\"name\":\"AYUNTAMIENTO DE COLINDRES\",\"url\":\"https:\/\/www.colindres.es\/\",\"logo\":{\"@type\":\"ImageObject\",\"inLanguage\":\"es\",\"@id\":\"https:\/\/www.colindres.es\/#\/schema\/logo\/image\/\",\"url\":\"https:\/\/www.colindres.es\/wp-content\/uploads\/2017\/01\/LOGO-PRINCIPAL.jpg\",\"contentUrl\":\"https:\/\/www.colindres.es\/wp-content\/uploads\/2017\/01\/LOGO-PRINCIPAL.jpg\",\"width\":1209,\"height\":579,\"caption\":\"AYUNTAMIENTO DE COLINDRES\"},\"image\":{\"@id\":\"https:\/\/www.colindres.es\/#\/schema\/logo\/image\/\"}}]}<\/script>\n<!-- \/ Yoast SEO plugin. -->","yoast_head_json":{"title":"Colindres conmemorar\u00e1 el IV centenario de su Real Astillero con un mercado de \u00e9poca, teatro y pasacalles - Ayuntamiento de Colindres","robots":{"index":"index","follow":"follow","max-snippet":"max-snippet:-1","max-image-preview":"max-image-preview:large","max-video-preview":"max-video-preview:-1"},"canonical":"https:\/\/www.colindres.es\/index.php\/project\/colindres-conmemorara-el-iv-centenario-de-su-real-astillero-con-un-mercado-de-epoca-teatro-y-pasacalles\/","og_locale":"es_ES","og_type":"article","og_title":"Colindres conmemorar\u00e1 el IV centenario de su Real Astillero con un mercado de \u00e9poca, teatro y pasacalles - Ayuntamiento de Colindres","og_description":"El puerto recibir\u00e1 la visita de la Nao Victoria, una reproducci\u00f3n de la embarcaci\u00f3n con la que Sebasti\u00e1n Elcano logr\u00f3 finalizar la primera vuelta al mundo Las actividades tendr\u00e1n lugar del 13 al 15 de julio y han sido organizadas por el Ayuntamiento en coordinaci\u00f3n con distintas asociaciones del municipio y\u00a0la participaci\u00f3n del comercio y [&hellip;]","og_url":"https:\/\/www.colindres.es\/index.php\/project\/colindres-conmemorara-el-iv-centenario-de-su-real-astillero-con-un-mercado-de-epoca-teatro-y-pasacalles\/","og_site_name":"Ayuntamiento de Colindres","article_modified_time":"2018-06-28T14:59:25+00:00","og_image":[{"width":900,"height":589,"url":"https:\/\/www.colindres.es\/wp-content\/uploads\/2018\/06\/Presentacion-IV-Centenario-Real-Astillero-Colindres.jpg","type":"image\/jpeg"}],"twitter_card":"summary_large_image","twitter_misc":{"Tiempo de lectura":"4 minutos"},"schema":{"@context":"https:\/\/schema.org","@graph":[{"@type":"WebPage","@id":"https:\/\/www.colindres.es\/index.php\/project\/colindres-conmemorara-el-iv-centenario-de-su-real-astillero-con-un-mercado-de-epoca-teatro-y-pasacalles\/","url":"https:\/\/www.colindres.es\/index.php\/project\/colindres-conmemorara-el-iv-centenario-de-su-real-astillero-con-un-mercado-de-epoca-teatro-y-pasacalles\/","name":"Colindres conmemorar\u00e1 el IV centenario de su Real Astillero con un mercado de \u00e9poca, teatro y pasacalles - Ayuntamiento de Colindres","isPartOf":{"@id":"https:\/\/www.colindres.es\/#website"},"primaryImageOfPage":{"@id":"https:\/\/www.colindres.es\/index.php\/project\/colindres-conmemorara-el-iv-centenario-de-su-real-astillero-con-un-mercado-de-epoca-teatro-y-pasacalles\/#primaryimage"},"image":{"@id":"https:\/\/www.colindres.es\/index.php\/project\/colindres-conmemorara-el-iv-centenario-de-su-real-astillero-con-un-mercado-de-epoca-teatro-y-pasacalles\/#primaryimage"},"thumbnailUrl":"https:\/\/www.colindres.es\/wp-content\/uploads\/2018\/06\/Presentacion-IV-Centenario-Real-Astillero-Colindres.jpg","datePublished":"2018-06-28T14:56:59+00:00","dateModified":"2018-06-28T14:59:25+00:00","breadcrumb":{"@id":"https:\/\/www.colindres.es\/index.php\/project\/colindres-conmemorara-el-iv-centenario-de-su-real-astillero-con-un-mercado-de-epoca-teatro-y-pasacalles\/#breadcrumb"},"inLanguage":"es","potentialAction":[{"@type":"ReadAction","target":["https:\/\/www.colindres.es\/index.php\/project\/colindres-conmemorara-el-iv-centenario-de-su-real-astillero-con-un-mercado-de-epoca-teatro-y-pasacalles\/"]}]},{"@type":"ImageObject","inLanguage":"es","@id":"https:\/\/www.colindres.es\/index.php\/project\/colindres-conmemorara-el-iv-centenario-de-su-real-astillero-con-un-mercado-de-epoca-teatro-y-pasacalles\/#primaryimage","url":"https:\/\/www.colindres.es\/wp-content\/uploads\/2018\/06\/Presentacion-IV-Centenario-Real-Astillero-Colindres.jpg","contentUrl":"https:\/\/www.colindres.es\/wp-content\/uploads\/2018\/06\/Presentacion-IV-Centenario-Real-Astillero-Colindres.jpg","width":900,"height":589},{"@type":"BreadcrumbList","@id":"https:\/\/www.colindres.es\/index.php\/project\/colindres-conmemorara-el-iv-centenario-de-su-real-astillero-con-un-mercado-de-epoca-teatro-y-pasacalles\/#breadcrumb","itemListElement":[{"@type":"ListItem","position":1,"name":"Portada","item":"https:\/\/www.colindres.es\/"},{"@type":"ListItem","position":2,"name":"Proyectos","item":"https:\/\/www.colindres.es\/index.php\/project\/"},{"@type":"ListItem","position":3,"name":"Colindres conmemorar\u00e1 el IV centenario de su Real Astillero con un mercado de \u00e9poca, teatro y pasacalles"}]},{"@type":"WebSite","@id":"https:\/\/www.colindres.es\/#website","url":"https:\/\/www.colindres.es\/","name":"Ayuntamiento de Colindres","description":"Dise\u00f1ado por NTIC&#039;s","publisher":{"@id":"https:\/\/www.colindres.es\/#organization"},"potentialAction":[{"@type":"SearchAction","target":{"@type":"EntryPoint","urlTemplate":"https:\/\/www.colindres.es\/?s={search_term_string}"},"query-input":{"@type":"PropertyValueSpecification","valueRequired":true,"valueName":"search_term_string"}}],"inLanguage":"es"},{"@type":"Organization","@id":"https:\/\/www.colindres.es\/#organization","name":"AYUNTAMIENTO DE COLINDRES","url":"https:\/\/www.colindres.es\/","logo":{"@type":"ImageObject","inLanguage":"es","@id":"https:\/\/www.colindres.es\/#\/schema\/logo\/image\/","url":"https:\/\/www.colindres.es\/wp-content\/uploads\/2017\/01\/LOGO-PRINCIPAL.jpg","contentUrl":"https:\/\/www.colindres.es\/wp-content\/uploads\/2017\/01\/LOGO-PRINCIPAL.jpg","width":1209,"height":579,"caption":"AYUNTAMIENTO DE COLINDRES"},"image":{"@id":"https:\/\/www.colindres.es\/#\/schema\/logo\/image\/"}}]}},"_links":{"self":[{"href":"https:\/\/www.colindres.es\/index.php\/wp-json\/wp\/v2\/project\/1605","targetHints":{"allow":["GET"]}}],"collection":[{"href":"https:\/\/www.colindres.es\/index.php\/wp-json\/wp\/v2\/project"}],"about":[{"href":"https:\/\/www.colindres.es\/index.php\/wp-json\/wp\/v2\/types\/project"}],"author":[{"embeddable":true,"href":"https:\/\/www.colindres.es\/index.php\/wp-json\/wp\/v2\/users\/1"}],"replies":[{"embeddable":true,"href":"https:\/\/www.colindres.es\/index.php\/wp-json\/wp\/v2\/comments?post=1605"}],"version-history":[{"count":3,"href":"https:\/\/www.colindres.es\/index.php\/wp-json\/wp\/v2\/project\/1605\/revisions"}],"predecessor-version":[{"id":1614,"href":"https:\/\/www.colindres.es\/index.php\/wp-json\/wp\/v2\/project\/1605\/revisions\/1614"}],"wp:featuredmedia":[{"embeddable":true,"href":"https:\/\/www.colindres.es\/index.php\/wp-json\/wp\/v2\/media\/1606"}],"wp:attachment":[{"href":"https:\/\/www.colindres.es\/index.php\/wp-json\/wp\/v2\/media?parent=1605"}],"wp:term":[{"taxonomy":"project_category","embeddable":true,"href":"https:\/\/www.colindres.es\/index.php\/wp-json\/wp\/v2\/project_category?post=1605"},{"taxonomy":"project_tag","embeddable":true,"href":"https:\/\/www.colindres.es\/index.php\/wp-json\/wp\/v2\/project_tag?post=1605"}],"curies":[{"name":"wp","href":"https:\/\/api.w.org\/{rel}","templated":true}]}}