{"id":1600,"date":"2018-06-26T10:11:31","date_gmt":"2018-06-26T10:11:31","guid":{"rendered":"http:\/\/colindres.es\/?post_type=project&#038;p=1600"},"modified":"2018-06-26T10:11:31","modified_gmt":"2018-06-26T10:11:31","slug":"lista-provisional-de-aspirantes-admitidos-y-excluidos-al-proceso-selectivo-para-la-formacion-de-una-bolsa-de-trabajo-de-trabajador-a-social-personal-laboral-temporal","status":"publish","type":"project","link":"https:\/\/www.colindres.es\/index.php\/project\/lista-provisional-de-aspirantes-admitidos-y-excluidos-al-proceso-selectivo-para-la-formacion-de-una-bolsa-de-trabajo-de-trabajador-a-social-personal-laboral-temporal\/","title":{"rendered":"Lista provisional de aspirantes admitidos y excluidos, al proceso selectivo para la formaci\u00f3n de una bolsa de trabajo de Trabajador\/a Social (personal laboral temporal)"},"content":{"rendered":"<p><strong>Decreto de la Presidencia 76\/2018<\/strong><\/p>\n<p>Javier Incera Goyenechea, Presidente de la Mancomunidad de Servicios Sociales de Ampuero, Limpias, Liendo, Guriezo y Colindres, en el d\u00eda de la fecha dicto la siguiente resoluci\u00f3n:<\/p>\n<p>Visto el acuerdo de Junta de la Mancomunidad de fecha 17 de mayo de 2018 por el que se aprobaban las bases y la convocatoria para conforma una bolsa de trabajo de Trabajador\/a Social (personal laboral temporal).<\/p>\n<p>Vista la base cuarta que establece que una vez transcurrido el plazo de presentaci\u00f3n de instancias la Presidencia de la Corporaci\u00f3n aprobar\u00e1 la lista de aspirantes admitidos y excluidos, con indicaci\u00f3n de la causa de exclusi\u00f3n, procediendo a su exposici\u00f3n p\u00fablica.<\/p>\n<p>Teniendo en cuenta todo lo anterior, y a la vista de las competencias que me atribuye el art\u00edculo 21.1 h) de la Ley 7\/1985, de 2 de abril, de bases de r\u00e9gimen local, y a la vista de las competencias que me atribuye el art\u00edculo 11 g) de los Estatutos de la Mancomunidad (BOC n\u00ba: 216, de 8 de noviembre de 2001<\/p>\n<p><strong>RESUELVO:<\/strong><\/p>\n<p><strong>Primero.- <\/strong>Aprobar la lista provisional de aspirantes admitidos y excluidos, al proceso selectivo para la formaci\u00f3n de una bolsa de trabajo de Trabajador\/a Social (personal laboral temporal), en los siguientes t\u00e9rminos:<\/p>\n<p><strong>ASPIRANTES ADMITIDOS<\/strong><\/p>\n<ol>\n<li>ALGARA G\u00d3MEZ, PALOMA<\/li>\n<li>ALONSO P\u00c9REZ, BLANCA<\/li>\n<li>\u00c1LVAREZ GARC\u00cdA, LORENA<\/li>\n<li>AMO FERN\u00c1NDEZ, ROSA ANA<\/li>\n<li>CALLE MART\u00cdNEZ, IN\u00c9S<\/li>\n<li>CANTERO FERN\u00c1NDEZ, NEKANE<\/li>\n<li>CANTIZ P\u00c9REZ, ANA MAR\u00cdA<\/li>\n<li>CASTILLO CAMPO, YESICA<\/li>\n<li>COBO RUIZ, REYES<\/li>\n<li>D\u00cdAZ JORGE, ELENA<\/li>\n<li>DIEZ ROMERO, IVANKA JUANA<\/li>\n<li>FERN\u00c1NDEZ HERRERO, ARACELI<\/li>\n<li>FERN\u00c1NDEZ RODRIGO, ALMA<\/li>\n<li>FERN\u00c1NDEZ SORIA, M\u00aa ISABEL<\/li>\n<li>GIL ORTIZ, CRISTINA<\/li>\n<li>GONZ\u00c1LEZ CA\u00d1AVATE, ROSA IN\u00c9S<\/li>\n<li>GONZ\u00c1LEZ CASTILLA, NADIA<\/li>\n<li>GONZ\u00c1LEZ MATEO, RICARDO FERNANDO<\/li>\n<li>GUTIERREZ FERN\u00c1NDEZ, ROSA MAR\u00cdA<\/li>\n<li>IZQUIERDO GARC\u00cdA, JUAN ANTONIO<\/li>\n<li>JUESAS CELORIO, REBECA DE LAS MERCEDES<\/li>\n<li>KEUSCH RICARDO, CAROLINE<\/li>\n<li>LAGARES SARABIA, MIGUEL \u00c1NGEL<\/li>\n<li>L\u00d3PEZ HERRERO, LAURA<\/li>\n<li>L\u00d3PEZ L\u00d3PEZ, RA\u00daL<\/li>\n<li>LUENGO SARMIENTO, ROSANA<\/li>\n<li>MART\u00cdNEZ MAZA, LAURA<\/li>\n<li>MONTERO RODR\u00cdGUEZ, MARTA<\/li>\n<li>OCHOA CORRO, ANA<\/li>\n<li>OJUGAS FERN\u00c1NDEZ, ALICIA<\/li>\n<li>PILAR GARC\u00cdA, ANTONIO JOS\u00c9<\/li>\n<li>REDONDO G\u00d3MEZ, EVA FLOR<\/li>\n<li>REVUELTA CAMPOS, VANESA<\/li>\n<li>ROZAS VILLASANTE, BEATRIZ<\/li>\n<li>RUB\u00cdN DE CELIS BLANCO, ALMUDENA<\/li>\n<li>RUIZ RUIZ, M\u00aa JES\u00daS<\/li>\n<li>RUIZ CALDER\u00d3N. ANA ISABEL<\/li>\n<li>RUIZ SAN EMETERIO, PILAR<\/li>\n<li>SAN ROM\u00c1N RAMOS, ZULIMA<\/li>\n<li>SANTAYANA GONZ\u00c1LEZ, ISABEL<\/li>\n<li>V\u00c1ZQUEZ SALGUERO, JAVIER<\/li>\n<\/ol>\n<p><strong>ASPIRANTES EXCLUIDOS <\/strong><\/p>\n<ol>\n<li>S\u00c1NCHEZ VIGO, HERMINIA * DOCUMENTACI\u00d3N SIN COMPULSAR<\/li>\n<\/ol>\n<p>Los aspirantes se\u00f1alados con el s\u00edmbolo <strong>* <\/strong>habr\u00e1n de presentar, dentro del plazo de subsanaci\u00f3n, <strong>la documentaci\u00f3n rese\u00f1ada, y que se especifica como causa de exclusi\u00f3n.<\/strong><\/p>\n<p><strong>Segundo.- <\/strong>Exponer la lista provisional de aspirantes admitidos y excluidos en el Tabl\u00f3n de Edictos del Ayuntamiento de Colindres y en la p\u00e1gina web de este ayuntamiento (<a href=\"https:\/\/www.colindres.es\/\">www.colindres.es<\/a>). Se remitir\u00e1 para su publicaci\u00f3n a efectos \u00fanicamente informativos a las p\u00e1ginas webs y tablones de anuncios de los ayuntamientos integrantes de la mancomunidad.<\/p>\n<p><strong>Tercero.- <\/strong>Acordar la apertura del plazo de subsanaci\u00f3n por espacio de <strong>diez d\u00edas <\/strong>a contar desde el siguiente a la publicaci\u00f3n de extracto de la presente resoluci\u00f3n en el Tabl\u00f3n de Edictos del Ayuntamiento de Colindres y en la p\u00e1gina web de este ayuntamiento (<a href=\"https:\/\/www.colindres.es\/\">www.colindres.es<\/a>), se\u00f1alando que transcurrido el plazo, de no presentarse alegaciones, se elevar\u00e1 a definitiva.<\/p>\n<p><strong>Cuarto.- <\/strong>Que se de cuenta del presente acuerdo a la Junta de la Mancomunidad en la primera sesi\u00f3n ordinaria que celebre.<\/p>\n<p>Lo manda y firma el Sr. Presidente, en Colindres, a 26 de junio de 2018.<\/p>\n<p>El Presidente,\u00a0\u00a0\u00a0\u00a0\u00a0\u00a0\u00a0\u00a0\u00a0\u00a0\u00a0\u00a0\u00a0\u00a0\u00a0\u00a0\u00a0\u00a0\u00a0\u00a0\u00a0\u00a0\u00a0\u00a0\u00a0\u00a0\u00a0\u00a0\u00a0\u00a0\u00a0\u00a0\u00a0\u00a0\u00a0\u00a0\u00a0\u00a0\u00a0\u00a0\u00a0\u00a0\u00a0\u00a0\u00a0\u00a0\u00a0 Doy fe, el Secretario-Interventor,<\/p>\n<p>Javier Incera Goyenechea.\u00a0\u00a0\u00a0\u00a0\u00a0\u00a0\u00a0\u00a0\u00a0\u00a0\u00a0\u00a0\u00a0\u00a0\u00a0\u00a0\u00a0\u00a0\u00a0\u00a0\u00a0\u00a0\u00a0\u00a0\u00a0\u00a0\u00a0\u00a0\u00a0\u00a0 Jos\u00e9 Ignacio S\u00e1nchez Mart\u00ednez.<\/p>\n","protected":false},"excerpt":{"rendered":"<p>Decreto de la Presidencia 76\/2018 Javier Incera Goyenechea, Presidente de la Mancomunidad de Servicios Sociales de Ampuero, Limpias, Liendo, Guriezo y Colindres, en el d\u00eda de la fecha dicto la siguiente resoluci\u00f3n: Visto el acuerdo de Junta de la Mancomunidad de fecha 17 de mayo de 2018 por el que se aprobaban las bases y [&hellip;]<\/p>\n","protected":false},"author":1,"featured_media":1471,"comment_status":"open","ping_status":"closed","template":"","meta":{"_et_pb_use_builder":"","_et_pb_old_content":"","_et_gb_content_width":"","footnotes":""},"project_category":[],"project_tag":[],"class_list":["post-1600","project","type-project","status-publish","has-post-thumbnail","hentry"],"yoast_head":"<!-- This site is optimized with the Yoast SEO plugin v24.9 - https:\/\/yoast.com\/wordpress\/plugins\/seo\/ -->\n<title>Lista provisional de aspirantes admitidos y excluidos, al proceso selectivo para la formaci\u00f3n de una bolsa de trabajo de Trabajador\/a Social (personal laboral temporal) - Ayuntamiento de Colindres<\/title>\n<meta name=\"robots\" content=\"index, follow, max-snippet:-1, max-image-preview:large, max-video-preview:-1\" \/>\n<link rel=\"canonical\" href=\"https:\/\/www.colindres.es\/index.php\/project\/lista-provisional-de-aspirantes-admitidos-y-excluidos-al-proceso-selectivo-para-la-formacion-de-una-bolsa-de-trabajo-de-trabajador-a-social-personal-laboral-temporal\/\" \/>\n<meta property=\"og:locale\" content=\"es_ES\" \/>\n<meta property=\"og:type\" content=\"article\" \/>\n<meta property=\"og:title\" content=\"Lista provisional de aspirantes admitidos y excluidos, al proceso selectivo para la formaci\u00f3n de una bolsa de trabajo de Trabajador\/a Social (personal laboral temporal) - Ayuntamiento de Colindres\" \/>\n<meta property=\"og:description\" content=\"Decreto de la Presidencia 76\/2018 Javier Incera Goyenechea, Presidente de la Mancomunidad de Servicios Sociales de Ampuero, Limpias, Liendo, Guriezo y Colindres, en el d\u00eda de la fecha dicto la siguiente resoluci\u00f3n: Visto el acuerdo de Junta de la Mancomunidad de fecha 17 de mayo de 2018 por el que se aprobaban las bases y [&hellip;]\" \/>\n<meta property=\"og:url\" content=\"https:\/\/www.colindres.es\/index.php\/project\/lista-provisional-de-aspirantes-admitidos-y-excluidos-al-proceso-selectivo-para-la-formacion-de-una-bolsa-de-trabajo-de-trabajador-a-social-personal-laboral-temporal\/\" \/>\n<meta property=\"og:site_name\" content=\"Ayuntamiento de Colindres\" \/>\n<meta property=\"og:image\" content=\"https:\/\/www.colindres.es\/wp-content\/uploads\/2018\/04\/mancomunidad.jpg\" \/>\n\t<meta property=\"og:image:width\" content=\"1376\" \/>\n\t<meta property=\"og:image:height\" content=\"1040\" \/>\n\t<meta property=\"og:image:type\" content=\"image\/jpeg\" \/>\n<meta name=\"twitter:card\" content=\"summary_large_image\" \/>\n<meta name=\"twitter:label1\" content=\"Tiempo de lectura\" \/>\n\t<meta name=\"twitter:data1\" content=\"3 minutos\" \/>\n<script type=\"application\/ld+json\" class=\"yoast-schema-graph\">{\"@context\":\"https:\/\/schema.org\",\"@graph\":[{\"@type\":\"WebPage\",\"@id\":\"https:\/\/www.colindres.es\/index.php\/project\/lista-provisional-de-aspirantes-admitidos-y-excluidos-al-proceso-selectivo-para-la-formacion-de-una-bolsa-de-trabajo-de-trabajador-a-social-personal-laboral-temporal\/\",\"url\":\"https:\/\/www.colindres.es\/index.php\/project\/lista-provisional-de-aspirantes-admitidos-y-excluidos-al-proceso-selectivo-para-la-formacion-de-una-bolsa-de-trabajo-de-trabajador-a-social-personal-laboral-temporal\/\",\"name\":\"Lista provisional de aspirantes admitidos y excluidos, al proceso selectivo para la formaci\u00f3n de una bolsa de trabajo de Trabajador\/a Social (personal laboral temporal) - Ayuntamiento de Colindres\",\"isPartOf\":{\"@id\":\"https:\/\/www.colindres.es\/#website\"},\"primaryImageOfPage\":{\"@id\":\"https:\/\/www.colindres.es\/index.php\/project\/lista-provisional-de-aspirantes-admitidos-y-excluidos-al-proceso-selectivo-para-la-formacion-de-una-bolsa-de-trabajo-de-trabajador-a-social-personal-laboral-temporal\/#primaryimage\"},\"image\":{\"@id\":\"https:\/\/www.colindres.es\/index.php\/project\/lista-provisional-de-aspirantes-admitidos-y-excluidos-al-proceso-selectivo-para-la-formacion-de-una-bolsa-de-trabajo-de-trabajador-a-social-personal-laboral-temporal\/#primaryimage\"},\"thumbnailUrl\":\"https:\/\/www.colindres.es\/wp-content\/uploads\/2018\/04\/mancomunidad.jpg\",\"datePublished\":\"2018-06-26T10:11:31+00:00\",\"breadcrumb\":{\"@id\":\"https:\/\/www.colindres.es\/index.php\/project\/lista-provisional-de-aspirantes-admitidos-y-excluidos-al-proceso-selectivo-para-la-formacion-de-una-bolsa-de-trabajo-de-trabajador-a-social-personal-laboral-temporal\/#breadcrumb\"},\"inLanguage\":\"es\",\"potentialAction\":[{\"@type\":\"ReadAction\",\"target\":[\"https:\/\/www.colindres.es\/index.php\/project\/lista-provisional-de-aspirantes-admitidos-y-excluidos-al-proceso-selectivo-para-la-formacion-de-una-bolsa-de-trabajo-de-trabajador-a-social-personal-laboral-temporal\/\"]}]},{\"@type\":\"ImageObject\",\"inLanguage\":\"es\",\"@id\":\"https:\/\/www.colindres.es\/index.php\/project\/lista-provisional-de-aspirantes-admitidos-y-excluidos-al-proceso-selectivo-para-la-formacion-de-una-bolsa-de-trabajo-de-trabajador-a-social-personal-laboral-temporal\/#primaryimage\",\"url\":\"https:\/\/www.colindres.es\/wp-content\/uploads\/2018\/04\/mancomunidad.jpg\",\"contentUrl\":\"https:\/\/www.colindres.es\/wp-content\/uploads\/2018\/04\/mancomunidad.jpg\",\"width\":1376,\"height\":1040,\"caption\":\"logo mancomunidad\"},{\"@type\":\"BreadcrumbList\",\"@id\":\"https:\/\/www.colindres.es\/index.php\/project\/lista-provisional-de-aspirantes-admitidos-y-excluidos-al-proceso-selectivo-para-la-formacion-de-una-bolsa-de-trabajo-de-trabajador-a-social-personal-laboral-temporal\/#breadcrumb\",\"itemListElement\":[{\"@type\":\"ListItem\",\"position\":1,\"name\":\"Portada\",\"item\":\"https:\/\/www.colindres.es\/\"},{\"@type\":\"ListItem\",\"position\":2,\"name\":\"Proyectos\",\"item\":\"https:\/\/www.colindres.es\/index.php\/project\/\"},{\"@type\":\"ListItem\",\"position\":3,\"name\":\"Lista provisional de aspirantes admitidos y excluidos, al proceso selectivo para la formaci\u00f3n de una bolsa de trabajo de Trabajador\/a Social (personal laboral temporal)\"}]},{\"@type\":\"WebSite\",\"@id\":\"https:\/\/www.colindres.es\/#website\",\"url\":\"https:\/\/www.colindres.es\/\",\"name\":\"Ayuntamiento de Colindres\",\"description\":\"Dise\u00f1ado por NTIC&#039;s\",\"publisher\":{\"@id\":\"https:\/\/www.colindres.es\/#organization\"},\"potentialAction\":[{\"@type\":\"SearchAction\",\"target\":{\"@type\":\"EntryPoint\",\"urlTemplate\":\"https:\/\/www.colindres.es\/?s={search_term_string}\"},\"query-input\":{\"@type\":\"PropertyValueSpecification\",\"valueRequired\":true,\"valueName\":\"search_term_string\"}}],\"inLanguage\":\"es\"},{\"@type\":\"Organization\",\"@id\":\"https:\/\/www.colindres.es\/#organization\",\"name\":\"AYUNTAMIENTO DE COLINDRES\",\"url\":\"https:\/\/www.colindres.es\/\",\"logo\":{\"@type\":\"ImageObject\",\"inLanguage\":\"es\",\"@id\":\"https:\/\/www.colindres.es\/#\/schema\/logo\/image\/\",\"url\":\"https:\/\/www.colindres.es\/wp-content\/uploads\/2017\/01\/LOGO-PRINCIPAL.jpg\",\"contentUrl\":\"https:\/\/www.colindres.es\/wp-content\/uploads\/2017\/01\/LOGO-PRINCIPAL.jpg\",\"width\":1209,\"height\":579,\"caption\":\"AYUNTAMIENTO DE COLINDRES\"},\"image\":{\"@id\":\"https:\/\/www.colindres.es\/#\/schema\/logo\/image\/\"}}]}<\/script>\n<!-- \/ Yoast SEO plugin. -->","yoast_head_json":{"title":"Lista provisional de aspirantes admitidos y excluidos, al proceso selectivo para la formaci\u00f3n de una bolsa de trabajo de Trabajador\/a Social (personal laboral temporal) - Ayuntamiento de Colindres","robots":{"index":"index","follow":"follow","max-snippet":"max-snippet:-1","max-image-preview":"max-image-preview:large","max-video-preview":"max-video-preview:-1"},"canonical":"https:\/\/www.colindres.es\/index.php\/project\/lista-provisional-de-aspirantes-admitidos-y-excluidos-al-proceso-selectivo-para-la-formacion-de-una-bolsa-de-trabajo-de-trabajador-a-social-personal-laboral-temporal\/","og_locale":"es_ES","og_type":"article","og_title":"Lista provisional de aspirantes admitidos y excluidos, al proceso selectivo para la formaci\u00f3n de una bolsa de trabajo de Trabajador\/a Social (personal laboral temporal) - Ayuntamiento de Colindres","og_description":"Decreto de la Presidencia 76\/2018 Javier Incera Goyenechea, Presidente de la Mancomunidad de Servicios Sociales de Ampuero, Limpias, Liendo, Guriezo y Colindres, en el d\u00eda de la fecha dicto la siguiente resoluci\u00f3n: Visto el acuerdo de Junta de la Mancomunidad de fecha 17 de mayo de 2018 por el que se aprobaban las bases y [&hellip;]","og_url":"https:\/\/www.colindres.es\/index.php\/project\/lista-provisional-de-aspirantes-admitidos-y-excluidos-al-proceso-selectivo-para-la-formacion-de-una-bolsa-de-trabajo-de-trabajador-a-social-personal-laboral-temporal\/","og_site_name":"Ayuntamiento de Colindres","og_image":[{"width":1376,"height":1040,"url":"https:\/\/www.colindres.es\/wp-content\/uploads\/2018\/04\/mancomunidad.jpg","type":"image\/jpeg"}],"twitter_card":"summary_large_image","twitter_misc":{"Tiempo de lectura":"3 minutos"},"schema":{"@context":"https:\/\/schema.org","@graph":[{"@type":"WebPage","@id":"https:\/\/www.colindres.es\/index.php\/project\/lista-provisional-de-aspirantes-admitidos-y-excluidos-al-proceso-selectivo-para-la-formacion-de-una-bolsa-de-trabajo-de-trabajador-a-social-personal-laboral-temporal\/","url":"https:\/\/www.colindres.es\/index.php\/project\/lista-provisional-de-aspirantes-admitidos-y-excluidos-al-proceso-selectivo-para-la-formacion-de-una-bolsa-de-trabajo-de-trabajador-a-social-personal-laboral-temporal\/","name":"Lista provisional de aspirantes admitidos y excluidos, al proceso selectivo para la formaci\u00f3n de una bolsa de trabajo de Trabajador\/a Social (personal laboral temporal) - Ayuntamiento de Colindres","isPartOf":{"@id":"https:\/\/www.colindres.es\/#website"},"primaryImageOfPage":{"@id":"https:\/\/www.colindres.es\/index.php\/project\/lista-provisional-de-aspirantes-admitidos-y-excluidos-al-proceso-selectivo-para-la-formacion-de-una-bolsa-de-trabajo-de-trabajador-a-social-personal-laboral-temporal\/#primaryimage"},"image":{"@id":"https:\/\/www.colindres.es\/index.php\/project\/lista-provisional-de-aspirantes-admitidos-y-excluidos-al-proceso-selectivo-para-la-formacion-de-una-bolsa-de-trabajo-de-trabajador-a-social-personal-laboral-temporal\/#primaryimage"},"thumbnailUrl":"https:\/\/www.colindres.es\/wp-content\/uploads\/2018\/04\/mancomunidad.jpg","datePublished":"2018-06-26T10:11:31+00:00","breadcrumb":{"@id":"https:\/\/www.colindres.es\/index.php\/project\/lista-provisional-de-aspirantes-admitidos-y-excluidos-al-proceso-selectivo-para-la-formacion-de-una-bolsa-de-trabajo-de-trabajador-a-social-personal-laboral-temporal\/#breadcrumb"},"inLanguage":"es","potentialAction":[{"@type":"ReadAction","target":["https:\/\/www.colindres.es\/index.php\/project\/lista-provisional-de-aspirantes-admitidos-y-excluidos-al-proceso-selectivo-para-la-formacion-de-una-bolsa-de-trabajo-de-trabajador-a-social-personal-laboral-temporal\/"]}]},{"@type":"ImageObject","inLanguage":"es","@id":"https:\/\/www.colindres.es\/index.php\/project\/lista-provisional-de-aspirantes-admitidos-y-excluidos-al-proceso-selectivo-para-la-formacion-de-una-bolsa-de-trabajo-de-trabajador-a-social-personal-laboral-temporal\/#primaryimage","url":"https:\/\/www.colindres.es\/wp-content\/uploads\/2018\/04\/mancomunidad.jpg","contentUrl":"https:\/\/www.colindres.es\/wp-content\/uploads\/2018\/04\/mancomunidad.jpg","width":1376,"height":1040,"caption":"logo mancomunidad"},{"@type":"BreadcrumbList","@id":"https:\/\/www.colindres.es\/index.php\/project\/lista-provisional-de-aspirantes-admitidos-y-excluidos-al-proceso-selectivo-para-la-formacion-de-una-bolsa-de-trabajo-de-trabajador-a-social-personal-laboral-temporal\/#breadcrumb","itemListElement":[{"@type":"ListItem","position":1,"name":"Portada","item":"https:\/\/www.colindres.es\/"},{"@type":"ListItem","position":2,"name":"Proyectos","item":"https:\/\/www.colindres.es\/index.php\/project\/"},{"@type":"ListItem","position":3,"name":"Lista provisional de aspirantes admitidos y excluidos, al proceso selectivo para la formaci\u00f3n de una bolsa de trabajo de Trabajador\/a Social (personal laboral temporal)"}]},{"@type":"WebSite","@id":"https:\/\/www.colindres.es\/#website","url":"https:\/\/www.colindres.es\/","name":"Ayuntamiento de Colindres","description":"Dise\u00f1ado por NTIC&#039;s","publisher":{"@id":"https:\/\/www.colindres.es\/#organization"},"potentialAction":[{"@type":"SearchAction","target":{"@type":"EntryPoint","urlTemplate":"https:\/\/www.colindres.es\/?s={search_term_string}"},"query-input":{"@type":"PropertyValueSpecification","valueRequired":true,"valueName":"search_term_string"}}],"inLanguage":"es"},{"@type":"Organization","@id":"https:\/\/www.colindres.es\/#organization","name":"AYUNTAMIENTO DE COLINDRES","url":"https:\/\/www.colindres.es\/","logo":{"@type":"ImageObject","inLanguage":"es","@id":"https:\/\/www.colindres.es\/#\/schema\/logo\/image\/","url":"https:\/\/www.colindres.es\/wp-content\/uploads\/2017\/01\/LOGO-PRINCIPAL.jpg","contentUrl":"https:\/\/www.colindres.es\/wp-content\/uploads\/2017\/01\/LOGO-PRINCIPAL.jpg","width":1209,"height":579,"caption":"AYUNTAMIENTO DE COLINDRES"},"image":{"@id":"https:\/\/www.colindres.es\/#\/schema\/logo\/image\/"}}]}},"_links":{"self":[{"href":"https:\/\/www.colindres.es\/index.php\/wp-json\/wp\/v2\/project\/1600","targetHints":{"allow":["GET"]}}],"collection":[{"href":"https:\/\/www.colindres.es\/index.php\/wp-json\/wp\/v2\/project"}],"about":[{"href":"https:\/\/www.colindres.es\/index.php\/wp-json\/wp\/v2\/types\/project"}],"author":[{"embeddable":true,"href":"https:\/\/www.colindres.es\/index.php\/wp-json\/wp\/v2\/users\/1"}],"replies":[{"embeddable":true,"href":"https:\/\/www.colindres.es\/index.php\/wp-json\/wp\/v2\/comments?post=1600"}],"version-history":[{"count":1,"href":"https:\/\/www.colindres.es\/index.php\/wp-json\/wp\/v2\/project\/1600\/revisions"}],"predecessor-version":[{"id":1601,"href":"https:\/\/www.colindres.es\/index.php\/wp-json\/wp\/v2\/project\/1600\/revisions\/1601"}],"wp:featuredmedia":[{"embeddable":true,"href":"https:\/\/www.colindres.es\/index.php\/wp-json\/wp\/v2\/media\/1471"}],"wp:attachment":[{"href":"https:\/\/www.colindres.es\/index.php\/wp-json\/wp\/v2\/media?parent=1600"}],"wp:term":[{"taxonomy":"project_category","embeddable":true,"href":"https:\/\/www.colindres.es\/index.php\/wp-json\/wp\/v2\/project_category?post=1600"},{"taxonomy":"project_tag","embeddable":true,"href":"https:\/\/www.colindres.es\/index.php\/wp-json\/wp\/v2\/project_tag?post=1600"}],"curies":[{"name":"wp","href":"https:\/\/api.w.org\/{rel}","templated":true}]}}