{"id":1592,"date":"2018-06-25T07:51:08","date_gmt":"2018-06-25T07:51:08","guid":{"rendered":"http:\/\/colindres.es\/?post_type=project&#038;p=1592"},"modified":"2018-06-25T07:51:08","modified_gmt":"2018-06-25T07:51:08","slug":"la-fuente-de-cueva-o-de-la-bellota","status":"publish","type":"project","link":"https:\/\/www.colindres.es\/index.php\/project\/la-fuente-de-cueva-o-de-la-bellota\/","title":{"rendered":"La fuente de Cueva o de la Bellota"},"content":{"rendered":"<p>\u201cIr a la fuente a por agua\u201d es una de las tareas dom\u00e9sticas que, afortunadamente, ya no anotamos en la lista de <em>quehaceres<\/em> diarios. Pero, hasta la llegada del agua potable a los hogares, supuso una necesidad cotidiana. Para lavar, fregar o regar, casi todas las casas contaban con un pozo del que, bien manualmente o con una motobomba, se extra\u00eda el agua de la superficie de la capa fre\u00e1tica.<\/p>\n<p>Pero estas captaciones no sol\u00edan ser aptas para el consumo humano, por lo que en Colindres de Abajo nos tocaba hacer cola, \u201c<em>cacharra\u201d<\/em> o botijo en mano, en la fuente de La Bellota. Era \u00e9sta la \u00fanica fuente de manantial en la zona con las garant\u00edas sanitarias necesarias para su consumo, pues contaba con un control diario por parte del farmac\u00e9utico Jos\u00e9 Puente de la Maza<em>, \u201cEl Boticario\u201d.<\/em><\/p>\n<p>La fuente, que recibe el nombre de la bellota decorativa que remata su infraestructura expendedora de agua, es un elemento constructivo m\u00e1s que, desde su traslado hace ya m\u00e1s de un siglo, se integra en el espacio p\u00fablico de la alameda del Ayuntamiento, aunque est\u00e9 fuera de su recinto.<\/p>\n<p>Su ubicaci\u00f3n original fue el barrio de Cortinas. Surg\u00eda en una orilla junto a la curva de la \u201cCuesta de la Torre\u201d, debajo de un peque\u00f1o abrigo rocoso al que algunos vecinos de la zona bautizaron como \u201cLa Cueva del Zorro\u201d. Se la conoc\u00eda como Fuente de \u201cCueva\u201d, de \u201cLa Torre\u201d, de \u201cViyar\u201d o de \u201cViar\u201d y de \u201cCortinas\u201d. Y es que este paraje acumula un sinf\u00edn de top\u00f3nimos antiguos que conviven con la nomenclatura viaria actual, y todos ellos la identifican: <em>La Torre<\/em>, por haber existido una torre defensiva perteneciente al Condestable de Castilla; <em>Barrio de Viar o Viyar<\/em>, haciendo referencia, posiblemente, a la importancia que pudo tener alguno de sus caminos como v\u00eda principal en otra \u00e9poca; y <em>Cortinas<\/em> por contar desde anta\u00f1o con gran abundancia de solares y de fincas agropecuarias con \u201ccortes\u201d para recoger el ganado.<\/p>\n<p>No cabe duda de que la fuente de Cueva era sobradamente conocida y frecuentada por ese valioso recurso que es el agua, por lo que se convirti\u00f3 en referencia del lugar para localizar otros intereses. Finalizando el siglo XIX a\u00fan se conoc\u00edan en sus inmediaciones peque\u00f1as explotaciones de mineral de hierro: en 1890 hab\u00eda actividad extractiva en la mina \u201cDos Hermanas\u201d y en 1897, un vecino de Castro compra \u201c<em>la mina que hay en el sitio de Fuente de Cueva y que se llama \u201cLa Colindresa\u201d<\/em>.<\/p>\n<p>A lo largo de su historia este manantial fue objeto de cuidados y diversos trabajos de mantenimiento. El arroyo que formaba su desag\u00fce era revisado continuamente para no inundar los terrenos que atravesaba en \u00e9poca de lluvias, tal y como se acuerda en numerosos plenos: <em>\u201cHabi\u00e9ndose variado el acueducto que conduce al mar las aguas sobrantes de la Fuente de Cueva y terrenos continuos a ella que generalmente se inundan, se hace precisa la necesidad de conservar el acueducto en el mejor estado posible\u201d(1861), \u201c\u2026pasa por posesiones de Jos\u00e9 de Arce conduciendo las aguas ya dichas adem\u00e1s de las del Barrio Nuevo\u2026\u201d, \u201c\u2026entrada a las Ferias y mieses de La Palma y las B\u00e1rcenas, hasta las heneras, que practiquen una radical limpieza af\u00edn de que las aguas marchen expeditas\u201d (1890). <\/em><\/p>\n<p>La existencia de este arroyo queda confirmada en una foto de principios del siglo XX en la que se aprecia su recorrido que, proveniente del \u201ccallej\u00f3n de la fuente\u201d (actual calle Juan El Encina\u201d), atravesaba el \u201cCrucero\u201d, pasaba por delante de las casas del \u201cBarrio Chino\u201d (calle La Quinta) hasta desembocar en la marisma.<\/p>\n<p>En 1905, aprovechando las obras que transformar\u00edan la alameda del Barrio Nuevo en un renovado espacio de ocio, el ayuntamiento decide trasladar la fuente de Cueva a uno de los extremos de la misma, junto al juego de bolos. De esta manera se consigui\u00f3 una doble finalidad: a\u00f1adir un elemento de ornato en este nuevo entorno, adem\u00e1s de garantizar un mejor servicio a la poblaci\u00f3n, alej\u00e1ndola del emplazamiento original de la fuente, un lugar menos accesible y poco seguro.<\/p>\n<p>Para ejecutar la obra hubo de excavarse una zanja de 205 metros, con sus correspondientes metros de ca\u00f1er\u00eda, que salvaba la distancia entre el dep\u00f3sito del manantial y su nueva ubicaci\u00f3n, y cubrir con losas parte del canal de desag\u00fce o viaducto en sus inmediaciones. El proyecto se presupuest\u00f3 en 1.192,10 pesetas.<\/p>\n<p>Tres d\u00e9cadas despu\u00e9s, en los a\u00f1os treinta, se hizo patente una mayor demanda de agua pareja al incipiente crecimiento poblacional de Colindres. En julio de 1936, se acuerda construir un nuevo dep\u00f3sito con capacidad suficiente para recoger las aguas a pie de manantial y asegurar el suministro a la vecindad a trav\u00e9s de la fuente.<\/p>\n<p>Con la llegada del agua corriente a Colindres, en la d\u00e9cada de los setenta del pasado siglo, la fuente de Cueva\/La Bellota fue <em>enganchada<\/em> a la red y el manantial fue perdiendo entidad. Casualidad o no, parece que esper\u00f3 a ver resuelto el problema de suministro de agua potable en Colindres para \u201cdespedirse\u201d.<\/p>\n<p><em>Pie de foto: \u201cAcueducto de la Fuente de Cueva atravesando El Crucero\u201d. Foto: Archivo Carmen Urriola.<\/em><\/p>\n","protected":false},"excerpt":{"rendered":"<p>\u201cIr a la fuente a por agua\u201d es una de las tareas dom\u00e9sticas que, afortunadamente, ya no anotamos en la lista de quehaceres diarios. Pero, hasta la llegada del agua potable a los hogares, supuso una necesidad cotidiana. Para lavar, fregar o regar, casi todas las casas contaban con un pozo del que, bien manualmente [&hellip;]<\/p>\n","protected":false},"author":1,"featured_media":1593,"comment_status":"open","ping_status":"closed","template":"","meta":{"_et_pb_use_builder":"","_et_pb_old_content":"","_et_gb_content_width":"","footnotes":""},"project_category":[],"project_tag":[],"class_list":["post-1592","project","type-project","status-publish","has-post-thumbnail","hentry"],"yoast_head":"<!-- This site is optimized with the Yoast SEO plugin v24.9 - https:\/\/yoast.com\/wordpress\/plugins\/seo\/ -->\n<title>La fuente de Cueva o de la Bellota - Ayuntamiento de Colindres<\/title>\n<meta name=\"robots\" content=\"index, follow, max-snippet:-1, max-image-preview:large, max-video-preview:-1\" \/>\n<link rel=\"canonical\" href=\"https:\/\/www.colindres.es\/index.php\/project\/la-fuente-de-cueva-o-de-la-bellota\/\" \/>\n<meta property=\"og:locale\" content=\"es_ES\" \/>\n<meta property=\"og:type\" content=\"article\" \/>\n<meta property=\"og:title\" content=\"La fuente de Cueva o de la Bellota - Ayuntamiento de Colindres\" \/>\n<meta property=\"og:description\" content=\"\u201cIr a la fuente a por agua\u201d es una de las tareas dom\u00e9sticas que, afortunadamente, ya no anotamos en la lista de quehaceres diarios. Pero, hasta la llegada del agua potable a los hogares, supuso una necesidad cotidiana. Para lavar, fregar o regar, casi todas las casas contaban con un pozo del que, bien manualmente [&hellip;]\" \/>\n<meta property=\"og:url\" content=\"https:\/\/www.colindres.es\/index.php\/project\/la-fuente-de-cueva-o-de-la-bellota\/\" \/>\n<meta property=\"og:site_name\" content=\"Ayuntamiento de Colindres\" \/>\n<meta property=\"og:image\" content=\"https:\/\/www.colindres.es\/wp-content\/uploads\/2018\/06\/acueducto-de-la-Fuente-de-Cueva.jpg\" \/>\n\t<meta property=\"og:image:width\" content=\"811\" \/>\n\t<meta property=\"og:image:height\" content=\"606\" \/>\n\t<meta property=\"og:image:type\" content=\"image\/jpeg\" \/>\n<meta name=\"twitter:card\" content=\"summary_large_image\" \/>\n<meta name=\"twitter:label1\" content=\"Tiempo de lectura\" \/>\n\t<meta name=\"twitter:data1\" content=\"5 minutos\" \/>\n<script type=\"application\/ld+json\" class=\"yoast-schema-graph\">{\"@context\":\"https:\/\/schema.org\",\"@graph\":[{\"@type\":\"WebPage\",\"@id\":\"https:\/\/www.colindres.es\/index.php\/project\/la-fuente-de-cueva-o-de-la-bellota\/\",\"url\":\"https:\/\/www.colindres.es\/index.php\/project\/la-fuente-de-cueva-o-de-la-bellota\/\",\"name\":\"La fuente de Cueva o de la Bellota - Ayuntamiento de Colindres\",\"isPartOf\":{\"@id\":\"https:\/\/www.colindres.es\/#website\"},\"primaryImageOfPage\":{\"@id\":\"https:\/\/www.colindres.es\/index.php\/project\/la-fuente-de-cueva-o-de-la-bellota\/#primaryimage\"},\"image\":{\"@id\":\"https:\/\/www.colindres.es\/index.php\/project\/la-fuente-de-cueva-o-de-la-bellota\/#primaryimage\"},\"thumbnailUrl\":\"https:\/\/www.colindres.es\/wp-content\/uploads\/2018\/06\/acueducto-de-la-Fuente-de-Cueva.jpg\",\"datePublished\":\"2018-06-25T07:51:08+00:00\",\"breadcrumb\":{\"@id\":\"https:\/\/www.colindres.es\/index.php\/project\/la-fuente-de-cueva-o-de-la-bellota\/#breadcrumb\"},\"inLanguage\":\"es\",\"potentialAction\":[{\"@type\":\"ReadAction\",\"target\":[\"https:\/\/www.colindres.es\/index.php\/project\/la-fuente-de-cueva-o-de-la-bellota\/\"]}]},{\"@type\":\"ImageObject\",\"inLanguage\":\"es\",\"@id\":\"https:\/\/www.colindres.es\/index.php\/project\/la-fuente-de-cueva-o-de-la-bellota\/#primaryimage\",\"url\":\"https:\/\/www.colindres.es\/wp-content\/uploads\/2018\/06\/acueducto-de-la-Fuente-de-Cueva.jpg\",\"contentUrl\":\"https:\/\/www.colindres.es\/wp-content\/uploads\/2018\/06\/acueducto-de-la-Fuente-de-Cueva.jpg\",\"width\":811,\"height\":606},{\"@type\":\"BreadcrumbList\",\"@id\":\"https:\/\/www.colindres.es\/index.php\/project\/la-fuente-de-cueva-o-de-la-bellota\/#breadcrumb\",\"itemListElement\":[{\"@type\":\"ListItem\",\"position\":1,\"name\":\"Portada\",\"item\":\"https:\/\/www.colindres.es\/\"},{\"@type\":\"ListItem\",\"position\":2,\"name\":\"Proyectos\",\"item\":\"https:\/\/www.colindres.es\/index.php\/project\/\"},{\"@type\":\"ListItem\",\"position\":3,\"name\":\"La fuente de Cueva o de la Bellota\"}]},{\"@type\":\"WebSite\",\"@id\":\"https:\/\/www.colindres.es\/#website\",\"url\":\"https:\/\/www.colindres.es\/\",\"name\":\"Ayuntamiento de Colindres\",\"description\":\"Dise\u00f1ado por NTIC&#039;s\",\"publisher\":{\"@id\":\"https:\/\/www.colindres.es\/#organization\"},\"potentialAction\":[{\"@type\":\"SearchAction\",\"target\":{\"@type\":\"EntryPoint\",\"urlTemplate\":\"https:\/\/www.colindres.es\/?s={search_term_string}\"},\"query-input\":{\"@type\":\"PropertyValueSpecification\",\"valueRequired\":true,\"valueName\":\"search_term_string\"}}],\"inLanguage\":\"es\"},{\"@type\":\"Organization\",\"@id\":\"https:\/\/www.colindres.es\/#organization\",\"name\":\"AYUNTAMIENTO DE COLINDRES\",\"url\":\"https:\/\/www.colindres.es\/\",\"logo\":{\"@type\":\"ImageObject\",\"inLanguage\":\"es\",\"@id\":\"https:\/\/www.colindres.es\/#\/schema\/logo\/image\/\",\"url\":\"https:\/\/www.colindres.es\/wp-content\/uploads\/2017\/01\/LOGO-PRINCIPAL.jpg\",\"contentUrl\":\"https:\/\/www.colindres.es\/wp-content\/uploads\/2017\/01\/LOGO-PRINCIPAL.jpg\",\"width\":1209,\"height\":579,\"caption\":\"AYUNTAMIENTO DE COLINDRES\"},\"image\":{\"@id\":\"https:\/\/www.colindres.es\/#\/schema\/logo\/image\/\"}}]}<\/script>\n<!-- \/ Yoast SEO plugin. -->","yoast_head_json":{"title":"La fuente de Cueva o de la Bellota - Ayuntamiento de Colindres","robots":{"index":"index","follow":"follow","max-snippet":"max-snippet:-1","max-image-preview":"max-image-preview:large","max-video-preview":"max-video-preview:-1"},"canonical":"https:\/\/www.colindres.es\/index.php\/project\/la-fuente-de-cueva-o-de-la-bellota\/","og_locale":"es_ES","og_type":"article","og_title":"La fuente de Cueva o de la Bellota - Ayuntamiento de Colindres","og_description":"\u201cIr a la fuente a por agua\u201d es una de las tareas dom\u00e9sticas que, afortunadamente, ya no anotamos en la lista de quehaceres diarios. Pero, hasta la llegada del agua potable a los hogares, supuso una necesidad cotidiana. Para lavar, fregar o regar, casi todas las casas contaban con un pozo del que, bien manualmente [&hellip;]","og_url":"https:\/\/www.colindres.es\/index.php\/project\/la-fuente-de-cueva-o-de-la-bellota\/","og_site_name":"Ayuntamiento de Colindres","og_image":[{"width":811,"height":606,"url":"https:\/\/www.colindres.es\/wp-content\/uploads\/2018\/06\/acueducto-de-la-Fuente-de-Cueva.jpg","type":"image\/jpeg"}],"twitter_card":"summary_large_image","twitter_misc":{"Tiempo de lectura":"5 minutos"},"schema":{"@context":"https:\/\/schema.org","@graph":[{"@type":"WebPage","@id":"https:\/\/www.colindres.es\/index.php\/project\/la-fuente-de-cueva-o-de-la-bellota\/","url":"https:\/\/www.colindres.es\/index.php\/project\/la-fuente-de-cueva-o-de-la-bellota\/","name":"La fuente de Cueva o de la Bellota - Ayuntamiento de Colindres","isPartOf":{"@id":"https:\/\/www.colindres.es\/#website"},"primaryImageOfPage":{"@id":"https:\/\/www.colindres.es\/index.php\/project\/la-fuente-de-cueva-o-de-la-bellota\/#primaryimage"},"image":{"@id":"https:\/\/www.colindres.es\/index.php\/project\/la-fuente-de-cueva-o-de-la-bellota\/#primaryimage"},"thumbnailUrl":"https:\/\/www.colindres.es\/wp-content\/uploads\/2018\/06\/acueducto-de-la-Fuente-de-Cueva.jpg","datePublished":"2018-06-25T07:51:08+00:00","breadcrumb":{"@id":"https:\/\/www.colindres.es\/index.php\/project\/la-fuente-de-cueva-o-de-la-bellota\/#breadcrumb"},"inLanguage":"es","potentialAction":[{"@type":"ReadAction","target":["https:\/\/www.colindres.es\/index.php\/project\/la-fuente-de-cueva-o-de-la-bellota\/"]}]},{"@type":"ImageObject","inLanguage":"es","@id":"https:\/\/www.colindres.es\/index.php\/project\/la-fuente-de-cueva-o-de-la-bellota\/#primaryimage","url":"https:\/\/www.colindres.es\/wp-content\/uploads\/2018\/06\/acueducto-de-la-Fuente-de-Cueva.jpg","contentUrl":"https:\/\/www.colindres.es\/wp-content\/uploads\/2018\/06\/acueducto-de-la-Fuente-de-Cueva.jpg","width":811,"height":606},{"@type":"BreadcrumbList","@id":"https:\/\/www.colindres.es\/index.php\/project\/la-fuente-de-cueva-o-de-la-bellota\/#breadcrumb","itemListElement":[{"@type":"ListItem","position":1,"name":"Portada","item":"https:\/\/www.colindres.es\/"},{"@type":"ListItem","position":2,"name":"Proyectos","item":"https:\/\/www.colindres.es\/index.php\/project\/"},{"@type":"ListItem","position":3,"name":"La fuente de Cueva o de la Bellota"}]},{"@type":"WebSite","@id":"https:\/\/www.colindres.es\/#website","url":"https:\/\/www.colindres.es\/","name":"Ayuntamiento de Colindres","description":"Dise\u00f1ado por NTIC&#039;s","publisher":{"@id":"https:\/\/www.colindres.es\/#organization"},"potentialAction":[{"@type":"SearchAction","target":{"@type":"EntryPoint","urlTemplate":"https:\/\/www.colindres.es\/?s={search_term_string}"},"query-input":{"@type":"PropertyValueSpecification","valueRequired":true,"valueName":"search_term_string"}}],"inLanguage":"es"},{"@type":"Organization","@id":"https:\/\/www.colindres.es\/#organization","name":"AYUNTAMIENTO DE COLINDRES","url":"https:\/\/www.colindres.es\/","logo":{"@type":"ImageObject","inLanguage":"es","@id":"https:\/\/www.colindres.es\/#\/schema\/logo\/image\/","url":"https:\/\/www.colindres.es\/wp-content\/uploads\/2017\/01\/LOGO-PRINCIPAL.jpg","contentUrl":"https:\/\/www.colindres.es\/wp-content\/uploads\/2017\/01\/LOGO-PRINCIPAL.jpg","width":1209,"height":579,"caption":"AYUNTAMIENTO DE COLINDRES"},"image":{"@id":"https:\/\/www.colindres.es\/#\/schema\/logo\/image\/"}}]}},"_links":{"self":[{"href":"https:\/\/www.colindres.es\/index.php\/wp-json\/wp\/v2\/project\/1592","targetHints":{"allow":["GET"]}}],"collection":[{"href":"https:\/\/www.colindres.es\/index.php\/wp-json\/wp\/v2\/project"}],"about":[{"href":"https:\/\/www.colindres.es\/index.php\/wp-json\/wp\/v2\/types\/project"}],"author":[{"embeddable":true,"href":"https:\/\/www.colindres.es\/index.php\/wp-json\/wp\/v2\/users\/1"}],"replies":[{"embeddable":true,"href":"https:\/\/www.colindres.es\/index.php\/wp-json\/wp\/v2\/comments?post=1592"}],"version-history":[{"count":1,"href":"https:\/\/www.colindres.es\/index.php\/wp-json\/wp\/v2\/project\/1592\/revisions"}],"predecessor-version":[{"id":1594,"href":"https:\/\/www.colindres.es\/index.php\/wp-json\/wp\/v2\/project\/1592\/revisions\/1594"}],"wp:featuredmedia":[{"embeddable":true,"href":"https:\/\/www.colindres.es\/index.php\/wp-json\/wp\/v2\/media\/1593"}],"wp:attachment":[{"href":"https:\/\/www.colindres.es\/index.php\/wp-json\/wp\/v2\/media?parent=1592"}],"wp:term":[{"taxonomy":"project_category","embeddable":true,"href":"https:\/\/www.colindres.es\/index.php\/wp-json\/wp\/v2\/project_category?post=1592"},{"taxonomy":"project_tag","embeddable":true,"href":"https:\/\/www.colindres.es\/index.php\/wp-json\/wp\/v2\/project_tag?post=1592"}],"curies":[{"name":"wp","href":"https:\/\/api.w.org\/{rel}","templated":true}]}}