{"id":1559,"date":"2018-06-06T11:25:00","date_gmt":"2018-06-06T11:25:00","guid":{"rendered":"http:\/\/colindres.es\/?post_type=project&#038;p=1559"},"modified":"2018-06-06T11:25:00","modified_gmt":"2018-06-06T11:25:00","slug":"colindres-se-prepara-para-celebrar-por-todo-lo-alto-las-fiestas-de-san-juan","status":"publish","type":"project","link":"https:\/\/www.colindres.es\/index.php\/project\/colindres-se-prepara-para-celebrar-por-todo-lo-alto-las-fiestas-de-san-juan\/","title":{"rendered":"Colindres se prepara para celebrar por todo lo alto las fiestas de San Juan"},"content":{"rendered":"<p><strong>La Orquesta Mondrag\u00f3n y Javier Gurruchaga culminar\u00e1n un mes de junio que viene cargado de actividades culturales, deportivas y gastron\u00f3micas<\/strong><\/p>\n<p><em>Colindres, 6 de Junio.-<\/em> Exhibiciones de baile, folclore regional, competiciones deportivas, m\u00fasica cl\u00e1sica y coral, desfile de carrozas, juegos tradicionales, conciertos, degustaciones gastron\u00f3micas\u2026 El Ayuntamiento de Colindres, a trav\u00e9s de la Concejal\u00eda de Festejos, ha programado un amplio programa de actividades durante el mes de junio con motivo de las fiestas de San Juan.<\/p>\n<p>Desde el s\u00e1bado 9 de junio y hasta el pr\u00f3ximo domingo 1 de julio, Colindres se llenar\u00e1 de eventos culturales, deportivos y gastron\u00f3micos que har\u00e1n vivir intensamente a los vecinos del municipio los festejos.<\/p>\n<p>\u201cHemos preparado una programaci\u00f3n muy completa, que mantiene la esencia popular y tradici\u00f3n de las fiestas de San Juan y que ofrece actividades pensadas para todas las edades, especialmente, para el disfrute en familia\u201d, ha explicado la concejala de Festejos, Mar\u00eda Eugenia Casta\u00f1eda, en un comunicado de prensa.<\/p>\n<p>Asimismo, la edil de Festejos ha indicado que las diferentes escuelas municipales y entidades deportivas y culturales tendr\u00e1n la oportunidad de exhibir en diferentes instalaciones municipales el excelente trabajo que realizan a lo largo de todo el a\u00f1o y que tan bien recibido es por familiares, amigos y vecinos.<\/p>\n<p>Igualmente, Casta\u00f1eda ha querido agradecer p\u00fablicamente el trabajo desinteresado y la colaboraci\u00f3n de la Cofrad\u00eda de Pescadores, las pe\u00f1as El Juncu y San Juan, la Escuela Municipal de Folclore y la Agrupaci\u00f3n Local de Protecci\u00f3n Civil, as\u00ed como a todas las asociaciones y vecinos que hacen posible que todos disfrutemos de estas fiestas.<\/p>\n<p>Entre las actividades programadas por el Ayuntamiento destaca el concierto que ofrecer\u00e1 la m\u00edtica Orquesta Mondrag\u00f3n el s\u00e1bado 23 de junio \u2013coincidiendo con la Noche de San Juan- en el Auditorio de los Jardines de la Casa de Cultura a partir de las 22.10 horas. Minutos antes, el l\u00edder de la banda, el cantante, actor y presentador, Javier Gurruchaga, acompa\u00f1ado por el alcalde, Javier Incera, ser\u00e1 el encargado de dar el preg\u00f3n y chupinazo desde el balc\u00f3n del Ayuntamiento.<\/p>\n<p>Adem\u00e1s, como es tradici\u00f3n, tras la lectura de los textos presentados con las carrozas y el encendido de la hoguera, una macro discoteca y la gran fiesta de la espuma animar\u00e1n la noche m\u00e1s larga del a\u00f1o, mientras que los protagonistas ser\u00e1n los coches cl\u00e1sicos y las tiradas de Pasabolo.<\/p>\n<p>Al d\u00eda siguiente, ya el domingo 24 de junio, se llevar\u00e1 a cabo la Procesi\u00f3n del Santo en la Iglesia de San Juan con la participaci\u00f3n de las pe\u00f1as. Al finalizar la misa se servir\u00e1 el tradicional aperitivo y por la tarde habr\u00e1 juegos para ni\u00f1os, una salchichada y verbena. En este sentido, Casta\u00f1eda ha animado a los vecinos a disfrutar de una jornada de comida campestre en los alrededores de la Iglesia.<\/p>\n<p><strong>Amplia programaci\u00f3n<\/strong><\/p>\n<p>Antes de que llegue el gran fin de semana de San Juan, Colindres acoger\u00e1 otros eventos destacados, como el XII Monogr\u00e1fico Regional del Boxer (9 y 10 de junio); la exhibici\u00f3n de la Escuela Municipal de Gimnasia R\u00edtmica (10 de junio); el espect\u00e1culo del Gimnasio Transworld Gym (15 de junio); el XVI Slalom Villa de Colindres (17 de junio); el Memorial de bolos Jes\u00fas Ochoa, que se celebrar\u00e1 los d\u00edas 18 y 19 o la actuaci\u00f3n de la Academia de Danza Estrymens (d\u00eda 22), entre otros.<\/p>\n<p>Tambi\u00e9n durante este mes tendr\u00e1n lugar en el Sal\u00f3n de Actos de la Casa de Cultura los conciertos de guitarra (d\u00eda 14), de viol\u00edn (d\u00eda 21) y piano (d\u00eda 22) a cargo de la Escuela Municipal de M\u00fasica, as\u00ed como las mesas redondas \u2018Camino a los Juegos Ol\u00edmpicos 2020: surf, k\u00e1rate, escalada y skateborading\u2019 y \u2018Neurociencia y Educaci\u00f3n F\u00edsica\u2019 en el marco de los Cursos de Verano de la Universidad de Cantabria.<\/p>\n<p><strong>2.000 raciones de cocido \u00a0<\/strong><\/p>\n<p>La celebraci\u00f3n del D\u00eda del Cocido volver\u00e1 a ser uno de los platos fuertes de las fiestas. El domingo 1 de julio, en el Parque del Riego, a las 12.30 horas dar\u00e1 comienzo el pasacalles con las pe\u00f1as y la Escuela de Folclore y media hora m\u00e1s tarde, en la Iglesia del Carmen, habr\u00e1 conciertos del Coro de Colindres y del Coro Valle de Aras.<\/p>\n<p>Con el apetito ya abierto, a las 14.00 horas, las pe\u00f1as comenzar\u00e1n a repartir las cerca de 2.000 raciones de cocido previstas para ese d\u00eda y durante la tarde se llevar\u00e1 a cabo la decimocuarta \u2018Olimpiada del Pueblu\u2019, con la celebraci\u00f3n de juegos populares y los concursos de lanzamiento de escobas y boinas. Adem\u00e1s, durante todo el d\u00eda habr\u00e1 instalado un parque infantil para los m\u00e1s peque\u00f1os.<\/p>\n<p>Finalmente, la edil de Festejos ha recordado que las actividades comenzaron el pasado fin de semana con una exhibici\u00f3n de Zumba en el Colegio P\u00fablico Pedro del Hoyo, el X Encuentro de Pandereteras, la fiesta de la Escuela y Club de F\u00fatbol de Colindres y la vig\u00e9sima traves\u00eda nacional \u2018Villa de Colindres\u2019 y Memoria Ernesto Goribar \u2013 III Campeonato Regional de Traves\u00edas para K2.<\/p>\n","protected":false},"excerpt":{"rendered":"<p>La Orquesta Mondrag\u00f3n y Javier Gurruchaga culminar\u00e1n un mes de junio que viene cargado de actividades culturales, deportivas y gastron\u00f3micas Colindres, 6 de Junio.- Exhibiciones de baile, folclore regional, competiciones deportivas, m\u00fasica cl\u00e1sica y coral, desfile de carrozas, juegos tradicionales, conciertos, degustaciones gastron\u00f3micas\u2026 El Ayuntamiento de Colindres, a trav\u00e9s de la Concejal\u00eda de Festejos, ha [&hellip;]<\/p>\n","protected":false},"author":1,"featured_media":1561,"comment_status":"open","ping_status":"closed","template":"","meta":{"_et_pb_use_builder":"","_et_pb_old_content":"","_et_gb_content_width":"","footnotes":""},"project_category":[],"project_tag":[],"class_list":["post-1559","project","type-project","status-publish","has-post-thumbnail","hentry"],"yoast_head":"<!-- This site is optimized with the Yoast SEO plugin v24.9 - https:\/\/yoast.com\/wordpress\/plugins\/seo\/ -->\n<title>Colindres se prepara para celebrar por todo lo alto las fiestas de San Juan - Ayuntamiento de Colindres<\/title>\n<meta name=\"robots\" content=\"index, follow, max-snippet:-1, max-image-preview:large, max-video-preview:-1\" \/>\n<link rel=\"canonical\" href=\"https:\/\/www.colindres.es\/index.php\/project\/colindres-se-prepara-para-celebrar-por-todo-lo-alto-las-fiestas-de-san-juan\/\" \/>\n<meta property=\"og:locale\" content=\"es_ES\" \/>\n<meta property=\"og:type\" content=\"article\" \/>\n<meta property=\"og:title\" content=\"Colindres se prepara para celebrar por todo lo alto las fiestas de San Juan - Ayuntamiento de Colindres\" \/>\n<meta property=\"og:description\" content=\"La Orquesta Mondrag\u00f3n y Javier Gurruchaga culminar\u00e1n un mes de junio que viene cargado de actividades culturales, deportivas y gastron\u00f3micas Colindres, 6 de Junio.- Exhibiciones de baile, folclore regional, competiciones deportivas, m\u00fasica cl\u00e1sica y coral, desfile de carrozas, juegos tradicionales, conciertos, degustaciones gastron\u00f3micas\u2026 El Ayuntamiento de Colindres, a trav\u00e9s de la Concejal\u00eda de Festejos, ha [&hellip;]\" \/>\n<meta property=\"og:url\" content=\"https:\/\/www.colindres.es\/index.php\/project\/colindres-se-prepara-para-celebrar-por-todo-lo-alto-las-fiestas-de-san-juan\/\" \/>\n<meta property=\"og:site_name\" content=\"Ayuntamiento de Colindres\" \/>\n<meta property=\"og:image\" content=\"https:\/\/www.colindres.es\/wp-content\/uploads\/2018\/06\/Orquesta-Mondrag\u00f3n.jpg\" \/>\n\t<meta property=\"og:image:width\" content=\"1280\" \/>\n\t<meta property=\"og:image:height\" content=\"720\" \/>\n\t<meta property=\"og:image:type\" content=\"image\/jpeg\" \/>\n<meta name=\"twitter:card\" content=\"summary_large_image\" \/>\n<meta name=\"twitter:label1\" content=\"Tiempo de lectura\" \/>\n\t<meta name=\"twitter:data1\" content=\"4 minutos\" \/>\n<script type=\"application\/ld+json\" class=\"yoast-schema-graph\">{\"@context\":\"https:\/\/schema.org\",\"@graph\":[{\"@type\":\"WebPage\",\"@id\":\"https:\/\/www.colindres.es\/index.php\/project\/colindres-se-prepara-para-celebrar-por-todo-lo-alto-las-fiestas-de-san-juan\/\",\"url\":\"https:\/\/www.colindres.es\/index.php\/project\/colindres-se-prepara-para-celebrar-por-todo-lo-alto-las-fiestas-de-san-juan\/\",\"name\":\"Colindres se prepara para celebrar por todo lo alto las fiestas de San Juan - Ayuntamiento de Colindres\",\"isPartOf\":{\"@id\":\"https:\/\/www.colindres.es\/#website\"},\"primaryImageOfPage\":{\"@id\":\"https:\/\/www.colindres.es\/index.php\/project\/colindres-se-prepara-para-celebrar-por-todo-lo-alto-las-fiestas-de-san-juan\/#primaryimage\"},\"image\":{\"@id\":\"https:\/\/www.colindres.es\/index.php\/project\/colindres-se-prepara-para-celebrar-por-todo-lo-alto-las-fiestas-de-san-juan\/#primaryimage\"},\"thumbnailUrl\":\"https:\/\/www.colindres.es\/wp-content\/uploads\/2018\/06\/Orquesta-Mondrag\u00f3n.jpg\",\"datePublished\":\"2018-06-06T11:25:00+00:00\",\"breadcrumb\":{\"@id\":\"https:\/\/www.colindres.es\/index.php\/project\/colindres-se-prepara-para-celebrar-por-todo-lo-alto-las-fiestas-de-san-juan\/#breadcrumb\"},\"inLanguage\":\"es\",\"potentialAction\":[{\"@type\":\"ReadAction\",\"target\":[\"https:\/\/www.colindres.es\/index.php\/project\/colindres-se-prepara-para-celebrar-por-todo-lo-alto-las-fiestas-de-san-juan\/\"]}]},{\"@type\":\"ImageObject\",\"inLanguage\":\"es\",\"@id\":\"https:\/\/www.colindres.es\/index.php\/project\/colindres-se-prepara-para-celebrar-por-todo-lo-alto-las-fiestas-de-san-juan\/#primaryimage\",\"url\":\"https:\/\/www.colindres.es\/wp-content\/uploads\/2018\/06\/Orquesta-Mondrag\u00f3n.jpg\",\"contentUrl\":\"https:\/\/www.colindres.es\/wp-content\/uploads\/2018\/06\/Orquesta-Mondrag\u00f3n.jpg\",\"width\":1280,\"height\":720},{\"@type\":\"BreadcrumbList\",\"@id\":\"https:\/\/www.colindres.es\/index.php\/project\/colindres-se-prepara-para-celebrar-por-todo-lo-alto-las-fiestas-de-san-juan\/#breadcrumb\",\"itemListElement\":[{\"@type\":\"ListItem\",\"position\":1,\"name\":\"Portada\",\"item\":\"https:\/\/www.colindres.es\/\"},{\"@type\":\"ListItem\",\"position\":2,\"name\":\"Proyectos\",\"item\":\"https:\/\/www.colindres.es\/index.php\/project\/\"},{\"@type\":\"ListItem\",\"position\":3,\"name\":\"Colindres se prepara para celebrar por todo lo alto las fiestas de San Juan\"}]},{\"@type\":\"WebSite\",\"@id\":\"https:\/\/www.colindres.es\/#website\",\"url\":\"https:\/\/www.colindres.es\/\",\"name\":\"Ayuntamiento de Colindres\",\"description\":\"Dise\u00f1ado por NTIC&#039;s\",\"publisher\":{\"@id\":\"https:\/\/www.colindres.es\/#organization\"},\"potentialAction\":[{\"@type\":\"SearchAction\",\"target\":{\"@type\":\"EntryPoint\",\"urlTemplate\":\"https:\/\/www.colindres.es\/?s={search_term_string}\"},\"query-input\":{\"@type\":\"PropertyValueSpecification\",\"valueRequired\":true,\"valueName\":\"search_term_string\"}}],\"inLanguage\":\"es\"},{\"@type\":\"Organization\",\"@id\":\"https:\/\/www.colindres.es\/#organization\",\"name\":\"AYUNTAMIENTO DE COLINDRES\",\"url\":\"https:\/\/www.colindres.es\/\",\"logo\":{\"@type\":\"ImageObject\",\"inLanguage\":\"es\",\"@id\":\"https:\/\/www.colindres.es\/#\/schema\/logo\/image\/\",\"url\":\"https:\/\/www.colindres.es\/wp-content\/uploads\/2017\/01\/LOGO-PRINCIPAL.jpg\",\"contentUrl\":\"https:\/\/www.colindres.es\/wp-content\/uploads\/2017\/01\/LOGO-PRINCIPAL.jpg\",\"width\":1209,\"height\":579,\"caption\":\"AYUNTAMIENTO DE COLINDRES\"},\"image\":{\"@id\":\"https:\/\/www.colindres.es\/#\/schema\/logo\/image\/\"}}]}<\/script>\n<!-- \/ Yoast SEO plugin. -->","yoast_head_json":{"title":"Colindres se prepara para celebrar por todo lo alto las fiestas de San Juan - Ayuntamiento de Colindres","robots":{"index":"index","follow":"follow","max-snippet":"max-snippet:-1","max-image-preview":"max-image-preview:large","max-video-preview":"max-video-preview:-1"},"canonical":"https:\/\/www.colindres.es\/index.php\/project\/colindres-se-prepara-para-celebrar-por-todo-lo-alto-las-fiestas-de-san-juan\/","og_locale":"es_ES","og_type":"article","og_title":"Colindres se prepara para celebrar por todo lo alto las fiestas de San Juan - Ayuntamiento de Colindres","og_description":"La Orquesta Mondrag\u00f3n y Javier Gurruchaga culminar\u00e1n un mes de junio que viene cargado de actividades culturales, deportivas y gastron\u00f3micas Colindres, 6 de Junio.- Exhibiciones de baile, folclore regional, competiciones deportivas, m\u00fasica cl\u00e1sica y coral, desfile de carrozas, juegos tradicionales, conciertos, degustaciones gastron\u00f3micas\u2026 El Ayuntamiento de Colindres, a trav\u00e9s de la Concejal\u00eda de Festejos, ha [&hellip;]","og_url":"https:\/\/www.colindres.es\/index.php\/project\/colindres-se-prepara-para-celebrar-por-todo-lo-alto-las-fiestas-de-san-juan\/","og_site_name":"Ayuntamiento de Colindres","og_image":[{"width":1280,"height":720,"url":"https:\/\/www.colindres.es\/wp-content\/uploads\/2018\/06\/Orquesta-Mondrag\u00f3n.jpg","type":"image\/jpeg"}],"twitter_card":"summary_large_image","twitter_misc":{"Tiempo de lectura":"4 minutos"},"schema":{"@context":"https:\/\/schema.org","@graph":[{"@type":"WebPage","@id":"https:\/\/www.colindres.es\/index.php\/project\/colindres-se-prepara-para-celebrar-por-todo-lo-alto-las-fiestas-de-san-juan\/","url":"https:\/\/www.colindres.es\/index.php\/project\/colindres-se-prepara-para-celebrar-por-todo-lo-alto-las-fiestas-de-san-juan\/","name":"Colindres se prepara para celebrar por todo lo alto las fiestas de San Juan - Ayuntamiento de Colindres","isPartOf":{"@id":"https:\/\/www.colindres.es\/#website"},"primaryImageOfPage":{"@id":"https:\/\/www.colindres.es\/index.php\/project\/colindres-se-prepara-para-celebrar-por-todo-lo-alto-las-fiestas-de-san-juan\/#primaryimage"},"image":{"@id":"https:\/\/www.colindres.es\/index.php\/project\/colindres-se-prepara-para-celebrar-por-todo-lo-alto-las-fiestas-de-san-juan\/#primaryimage"},"thumbnailUrl":"https:\/\/www.colindres.es\/wp-content\/uploads\/2018\/06\/Orquesta-Mondrag\u00f3n.jpg","datePublished":"2018-06-06T11:25:00+00:00","breadcrumb":{"@id":"https:\/\/www.colindres.es\/index.php\/project\/colindres-se-prepara-para-celebrar-por-todo-lo-alto-las-fiestas-de-san-juan\/#breadcrumb"},"inLanguage":"es","potentialAction":[{"@type":"ReadAction","target":["https:\/\/www.colindres.es\/index.php\/project\/colindres-se-prepara-para-celebrar-por-todo-lo-alto-las-fiestas-de-san-juan\/"]}]},{"@type":"ImageObject","inLanguage":"es","@id":"https:\/\/www.colindres.es\/index.php\/project\/colindres-se-prepara-para-celebrar-por-todo-lo-alto-las-fiestas-de-san-juan\/#primaryimage","url":"https:\/\/www.colindres.es\/wp-content\/uploads\/2018\/06\/Orquesta-Mondrag\u00f3n.jpg","contentUrl":"https:\/\/www.colindres.es\/wp-content\/uploads\/2018\/06\/Orquesta-Mondrag\u00f3n.jpg","width":1280,"height":720},{"@type":"BreadcrumbList","@id":"https:\/\/www.colindres.es\/index.php\/project\/colindres-se-prepara-para-celebrar-por-todo-lo-alto-las-fiestas-de-san-juan\/#breadcrumb","itemListElement":[{"@type":"ListItem","position":1,"name":"Portada","item":"https:\/\/www.colindres.es\/"},{"@type":"ListItem","position":2,"name":"Proyectos","item":"https:\/\/www.colindres.es\/index.php\/project\/"},{"@type":"ListItem","position":3,"name":"Colindres se prepara para celebrar por todo lo alto las fiestas de San Juan"}]},{"@type":"WebSite","@id":"https:\/\/www.colindres.es\/#website","url":"https:\/\/www.colindres.es\/","name":"Ayuntamiento de Colindres","description":"Dise\u00f1ado por NTIC&#039;s","publisher":{"@id":"https:\/\/www.colindres.es\/#organization"},"potentialAction":[{"@type":"SearchAction","target":{"@type":"EntryPoint","urlTemplate":"https:\/\/www.colindres.es\/?s={search_term_string}"},"query-input":{"@type":"PropertyValueSpecification","valueRequired":true,"valueName":"search_term_string"}}],"inLanguage":"es"},{"@type":"Organization","@id":"https:\/\/www.colindres.es\/#organization","name":"AYUNTAMIENTO DE COLINDRES","url":"https:\/\/www.colindres.es\/","logo":{"@type":"ImageObject","inLanguage":"es","@id":"https:\/\/www.colindres.es\/#\/schema\/logo\/image\/","url":"https:\/\/www.colindres.es\/wp-content\/uploads\/2017\/01\/LOGO-PRINCIPAL.jpg","contentUrl":"https:\/\/www.colindres.es\/wp-content\/uploads\/2017\/01\/LOGO-PRINCIPAL.jpg","width":1209,"height":579,"caption":"AYUNTAMIENTO DE COLINDRES"},"image":{"@id":"https:\/\/www.colindres.es\/#\/schema\/logo\/image\/"}}]}},"_links":{"self":[{"href":"https:\/\/www.colindres.es\/index.php\/wp-json\/wp\/v2\/project\/1559","targetHints":{"allow":["GET"]}}],"collection":[{"href":"https:\/\/www.colindres.es\/index.php\/wp-json\/wp\/v2\/project"}],"about":[{"href":"https:\/\/www.colindres.es\/index.php\/wp-json\/wp\/v2\/types\/project"}],"author":[{"embeddable":true,"href":"https:\/\/www.colindres.es\/index.php\/wp-json\/wp\/v2\/users\/1"}],"replies":[{"embeddable":true,"href":"https:\/\/www.colindres.es\/index.php\/wp-json\/wp\/v2\/comments?post=1559"}],"version-history":[{"count":1,"href":"https:\/\/www.colindres.es\/index.php\/wp-json\/wp\/v2\/project\/1559\/revisions"}],"predecessor-version":[{"id":1562,"href":"https:\/\/www.colindres.es\/index.php\/wp-json\/wp\/v2\/project\/1559\/revisions\/1562"}],"wp:featuredmedia":[{"embeddable":true,"href":"https:\/\/www.colindres.es\/index.php\/wp-json\/wp\/v2\/media\/1561"}],"wp:attachment":[{"href":"https:\/\/www.colindres.es\/index.php\/wp-json\/wp\/v2\/media?parent=1559"}],"wp:term":[{"taxonomy":"project_category","embeddable":true,"href":"https:\/\/www.colindres.es\/index.php\/wp-json\/wp\/v2\/project_category?post=1559"},{"taxonomy":"project_tag","embeddable":true,"href":"https:\/\/www.colindres.es\/index.php\/wp-json\/wp\/v2\/project_tag?post=1559"}],"curies":[{"name":"wp","href":"https:\/\/api.w.org\/{rel}","templated":true}]}}