{"id":1552,"date":"2018-06-05T11:55:50","date_gmt":"2018-06-05T11:55:50","guid":{"rendered":"http:\/\/colindres.es\/?post_type=project&#038;p=1552"},"modified":"2018-06-05T15:19:38","modified_gmt":"2018-06-05T15:19:38","slug":"fiestas-junio-2018","status":"publish","type":"project","link":"https:\/\/www.colindres.es\/index.php\/project\/fiestas-junio-2018\/","title":{"rendered":"FIESTAS JUNIO 2018"},"content":{"rendered":"<p><strong><em><u>Jueves 1 de junio:<\/u><\/em><\/strong><\/p>\n<ul>\n<li>A partir de las 18.30 h. exhibici\u00f3n de ZUMBA del C.E.I.P. Pedro del Hoyo en los Jardines de la Casa de Cultura.<\/li>\n<\/ul>\n<p><strong><em><u>S\u00e1bado 2 de junio:<\/u><\/em><\/strong><\/p>\n<ul>\n<li>10\u00ba Encuentro de Panderetas Villa de Colindres\n<ul>\n<li>A partir de las 12.00 h. Llegada y concentraci\u00f3n en la Casa de Cultura, para posteriori pasar a un pasa bares.<\/li>\n<li>A partir de las 18.30 h. Charla a cargo de Eva Tejedor y seguidamente actuaci\u00f3n de Eva Tejedor &amp; Les Panderetes.<\/li>\n<\/ul>\n<\/li>\n<li>Durante todo el d\u00eda Fiesta fin de curso de la Escuela y Club de Futbol de Colindres en el Polideportivo n\u00ba 1.<\/li>\n<\/ul>\n<p><strong><em><u>Domingo 3 de junio:<\/u><\/em><\/strong><\/p>\n<ul>\n<li>XX traves\u00eda Nacional \u201cVilla de Colindres\u201d, Memorial Ernesto Goribar &amp; III Campeonato Regional de Traves\u00edas para K2\u201d.\n<ul>\n<li>A partir de las 10 h categor\u00edas Inferiores.<\/li>\n<li>A partir de las 12 h. categor\u00edas absolutas.<\/li>\n<\/ul>\n<\/li>\n<\/ul>\n<p><strong><em><u>S\u00e1bado 9 y Domingo 10 de junio:<\/u><\/em><\/strong><\/p>\n<ul>\n<li>XII Monogr\u00e1fica Regional del Boxer de Cantabria en el Parque de Riego de Colindres.\n<ul>\n<li>S\u00e1bado partir de las 15 h. Monogr\u00e1fica de belleza<\/li>\n<li>Domingo a partir de las 11 h. Prueba de trabajo SEC.<\/li>\n<\/ul>\n<\/li>\n<\/ul>\n<p><strong><em><u>Domingo 10 de junio:<\/u><\/em><\/strong><\/p>\n<ul>\n<li><em><strong>A partir de las 11 h. en el polideportivo I, exhibici\u00f3n de la Escuela Municipal de Gimnasia R\u00edtmica.<\/strong><\/em><\/li>\n<\/ul>\n<p><strong><em><u>Domingo 17 de junio:<\/u><\/em><\/strong><\/p>\n<ul>\n<li>A partir de las 14 h. XVI Slalom Villa de Colindres en la zona Deportiva.<\/li>\n<\/ul>\n<p><strong><em><u>Jueves 14 de junio:<\/u><\/em><\/strong><\/p>\n<ul>\n<li>A las 19.30 h. Concierto de guitarra en el Sal\u00f3n de Actos de la Casa de Cultura a cargo de la Escuela Municipal de M\u00fasica.<\/li>\n<\/ul>\n<p><strong><em><u>Viernes 15 de junio:<\/u><\/em><\/strong><\/p>\n<ul>\n<li>A partir de las 21 h. espect\u00e1culo del Gimnasio Transworld Gym, en el auditorio de la Casa de Cultura.<\/li>\n<\/ul>\n<p><strong><em><u>Lunes 18 de junio:<\/u><\/em><\/strong><\/p>\n<ul>\n<li>Desde las 16 h. Tiradas clasificatorias para el Memorial Jes\u00fas Ochoa de Categor\u00eda Juvenil en la bolera de Bolo Palma.<\/li>\n<\/ul>\n<p><strong><em><u>Martes 19 de junio:<\/u><\/em><\/strong><\/p>\n<ul>\n<li>Desde las 16 h. Tiradas clasificatorias para el Memorial Jes\u00fas Ochoa de Categor\u00eda Juvenil en la bolera de Bolo Palma.<\/li>\n<li>A partir de las 19 h. Mesa Redonda: Camino a los Juegos Ol\u00edmpicos 2020: surf, k\u00e1rate. Escalada y skateboarding, en el Sal\u00f3n de Plenos del Ayuntamiento de Colindres.<\/li>\n<\/ul>\n<p><strong><em><u>Jueves 21 de junio:<\/u><\/em><\/strong><\/p>\n<ul>\n<li>A las 19.30 h. Concierto de viol\u00edn en el Sal\u00f3n de Actos de la Casa de Cultura a cargo de la Escuela Municipal de M\u00fasica.<\/li>\n<li>A partir de las 19 h. Mesa redondo: neurociencia y Educaci\u00f3n F\u00edsica, en el Sal\u00f3n de Plenos del Ayuntamiento de Colindres.<\/li>\n<\/ul>\n<p><strong><em><u>Viernes 22 de junio:<\/u><\/em><\/strong><\/p>\n<ul>\n<li>A partir de las 18 h. Concierto Iniciaci\u00f3n a la m\u00fasica y piano en el Sal\u00f3n de Actos de la Casa de Cultura a cargo de la Escuela Municipal de M\u00fasica.<\/li>\n<li>A partir de las 16 h. en la bolera de Pasabolo, tiradas de clasificatorias del GRAN PREMIO SAN GIN\u00c9S DE 2\u00aa CATEGORIA INDIVIDUAL.<\/li>\n<li>A las 22 h. actuaci\u00f3n en el auditorio de los Jardines de la Casa de Cultura de la Academia de Danza Estrymens.<\/li>\n<\/ul>\n<p><strong><em><u>S\u00e1bado 23 de junio:<\/u><\/em><\/strong><\/p>\n<ul>\n<li>A las 9 h. Apertura del parque cerrado en la Alameda del Ayuntamiento.<\/li>\n<li>A las 10 h. Concentraci\u00f3n de Coches Cl\u00e1sicos, organizado por el Club de Coches Cl\u00e1sicos Colindres en La Alameda del Ayuntamiento.<\/li>\n<li>A las 11.45 h. Briefing a los participantes<\/li>\n<li>Entre las 12 y las 12.30 h. comienzo del Rallye de Coches Cl\u00e1sicos.<\/li>\n<li>Entre las 16 y 17 h. llegada de la 1\u00aa Secci\u00f3n a la Alameda del Ayuntamiento.<\/li>\n<li>A partir de las 16 h. en la bolera de Pasabolo, tiradas de clasificatorias del GRAN PREMIO SAN GIN\u00c9S DE 2\u00aa CATEGORIA INDIVIDUAL.<\/li>\n<li>A las 17 h. Salida a la 2\u00aa Secci\u00f3n desde la Alameda del Ayuntamiento.<\/li>\n<li>A las 19.30 h. Llegada al Ayuntamiento y fin de la cl\u00e1sica, tras recorridos 300 Km.<\/li>\n<li>A las 20.30 h. Entrega de los premios.<\/li>\n<li>A partir de las 20 h. en los Jardines de la Casa de Serafina, exposici\u00f3n de carrozas para la quema de San Juan.<\/li>\n<li>A las 22 h. en el balc\u00f3n del Ayuntamiento, Preg\u00f3n de fiestas y GRAN CHUPINAZO a cargo de ORQUESTA MONDRAG\u00d3N.<\/li>\n<li>A las 22.10 h. concierto a cargo de ORQUESTA MONDRAG\u00d3N, en el Auditorio de los Jardines de la Casa de Cultura.<\/li>\n<li>A las 23.30 h. concentraci\u00f3n en la Campa de la Casa de Serafina, para proceder a la lectura de los textos presentados con las carrozas, con presentaci\u00f3n de Russell Simoni.<\/li>\n<li>A media noche, procederemos al encendido de la hoguera de San Juan.<\/li>\n<li>A continuaci\u00f3n, MACRO DISCOTECA Y GRAN FIESTA DE LA ESPUMA en la campa de la Casa de Serafina.<\/li>\n<\/ul>\n<p><strong><em><u>Domingo 24 de junio:<\/u><\/em><\/strong><\/p>\n<ul>\n<li>A las 12 h. Misa y Procesi\u00f3n del Santo en la Iglesia de San Juan en Colindres de Arriba, con la participaci\u00f3n de las Pe\u00f1as.<\/li>\n<li>Al finalizar la Misa se servir\u00e1 el tradicional aperitivo, amenizado por las Pe\u00f1a San Juan y Pe\u00f1a El Juncu.<\/li>\n<li>Os animamos a disfrutar de una jornada de comida campestre en los alrededores de la Iglesia de San Juan.<\/li>\n<li>A las 17 h. juegos para ni\u00f1os, adem\u00e1s del tren de calle que circular\u00e1 tanto por la ma\u00f1ana, de 10:30 a 14 h. como por la tarde, de 17 a 22 h. para acercarnos a todos a la fiesta.<\/li>\n<li>A las 18 h. dar\u00e1 comienzo la SALCHICHADA, estar\u00e1 amenizada con una romer\u00eda durante toda la tarde por Carlos Aja, Disco M\u00f3vil Cantabria.<\/li>\n<li>A partir de las 22.30 h. reparto de chocolate con bizcochos y verbena has la 1.00 h.<\/li>\n<\/ul>\n<p><strong><em><u>Viernes 29 de junio:<\/u><\/em><\/strong><\/p>\n<ul>\n<li>Despu\u00e9s de la misa, aproximadamente a las 20.30 h., en la Iglesia del Carmen Concierto a cargo de la Coral MARISTERRA.<\/li>\n<\/ul>\n<p><strong><em><u>S\u00e1bado 30 de junio: <\/u><\/em><\/strong><\/p>\n<ul>\n<li>Desde las 17 h. Tradicional pela de patatas para la Fiesta del Cocido en el Parque de Riego.<\/li>\n<\/ul>\n<p><strong><em><u>Domingo 1 de Julio-D\u00cdA DEL COCIDO:<\/u><\/em><\/strong><\/p>\n<ul>\n<li>Fiesta del cocido monta\u00f1\u00e9s, en el Parque de Riego, elaborado por las Pe\u00f1as de la localidad, el Juncu y San Juan.<\/li>\n<li>A las 12.30 h., pasacalles con la Pe\u00f1a San Juan, la Pe\u00f1a el Juncu y la Escuela de Folclore.<\/li>\n<li>A las 13 h. despu\u00e9s de la misa concierto del Coro de Colindres y del Coro Valle de Aras en la Iglesia del Carmen.<\/li>\n<li>No antes de las 14.00 h. se proceder\u00e1 al reparto del cocido entre los asistentes, por los componentes de la Pe\u00f1a San Juan y la Pe\u00f1a el Juncu. \u00a1\u00a1No olvides retirar los tickets en las Oficinas Generales del Ayuntamiento de 10 a 14 h.!!, los D\u00cdAS 27, 28 Y 29 DE JUNIO.<\/li>\n<li>Durante todo el d\u00eda, para los m\u00e1s peques, tendremos instalado un parque infantil, con un tren que recorrer\u00e1 el municipio.<\/li>\n<li>A las 16.30 h. &#8211; \u00abXIV OLIMPIADA DE PUEBLU\u00bb<\/li>\n<li>Un mont\u00f3n de juegos para los peques y menos peques:<\/li>\n<li><strong>Juegos tradicionales.<\/strong><\/li>\n<li><b><strong>\u00abXII Concurso de Lanzamiento de Escobas\u00bb.<\/strong><\/b><\/li>\n<li><b><strong><b><strong>\u201cXI Concurso de lanzamientos de Boinas\u201d.<\/strong><\/b><\/strong><\/b><\/li>\n<li><b><strong><b><strong><b><strong>\u201cFiesta de la Espuma\u201d<\/strong><\/b><\/strong><\/b><\/strong><\/b><\/li>\n<\/ul>\n<p><strong>El programa est\u00e1 sujeto a posibles cambios y errores, podr\u00e1 mantenerse comunicado en la p\u00e1gina web local y las redes sociales. Disculpe las molestias.<\/strong><\/p>\n<p><strong>AGRADECIMIENTOS: Excmo. Ayuntamiento de Colindres.<\/strong><\/p>\n<p><strong>COLABORAN: Cofrad\u00eda de Pescadores, Pe\u00f1a El Juncu, Pe\u00f1a San Juan, Escuela Municipal de Folclore y la Agrupaci\u00f3n Local de Protecci\u00f3n Civil, y adem\u00e1s las asociaciones, entidades deportivas y vecinos que hacen posible que todos disfrutemos de estas fiestas.<\/strong><\/p>\n","protected":false},"excerpt":{"rendered":"<p>Jueves 1 de junio: A partir de las 18.30 h. exhibici\u00f3n de ZUMBA del C.E.I.P. Pedro del Hoyo en los Jardines de la Casa de Cultura. S\u00e1bado 2 de junio: 10\u00ba Encuentro de Panderetas Villa de Colindres A partir de las 12.00 h. Llegada y concentraci\u00f3n en la Casa de Cultura, para posteriori pasar a [&hellip;]<\/p>\n","protected":false},"author":1,"featured_media":1553,"comment_status":"open","ping_status":"closed","template":"","meta":{"_et_pb_use_builder":"","_et_pb_old_content":"","_et_gb_content_width":"","footnotes":""},"project_category":[],"project_tag":[],"class_list":["post-1552","project","type-project","status-publish","has-post-thumbnail","hentry"],"yoast_head":"<!-- This site is optimized with the Yoast SEO plugin v24.9 - https:\/\/yoast.com\/wordpress\/plugins\/seo\/ -->\n<title>FIESTAS JUNIO 2018 - Ayuntamiento de Colindres<\/title>\n<meta name=\"robots\" content=\"index, follow, max-snippet:-1, max-image-preview:large, max-video-preview:-1\" \/>\n<link rel=\"canonical\" href=\"https:\/\/www.colindres.es\/index.php\/project\/fiestas-junio-2018\/\" \/>\n<meta property=\"og:locale\" content=\"es_ES\" \/>\n<meta property=\"og:type\" content=\"article\" \/>\n<meta property=\"og:title\" content=\"FIESTAS JUNIO 2018 - Ayuntamiento de Colindres\" \/>\n<meta property=\"og:description\" content=\"Jueves 1 de junio: A partir de las 18.30 h. exhibici\u00f3n de ZUMBA del C.E.I.P. Pedro del Hoyo en los Jardines de la Casa de Cultura. S\u00e1bado 2 de junio: 10\u00ba Encuentro de Panderetas Villa de Colindres A partir de las 12.00 h. Llegada y concentraci\u00f3n en la Casa de Cultura, para posteriori pasar a [&hellip;]\" \/>\n<meta property=\"og:url\" content=\"https:\/\/www.colindres.es\/index.php\/project\/fiestas-junio-2018\/\" \/>\n<meta property=\"og:site_name\" content=\"Ayuntamiento de Colindres\" \/>\n<meta property=\"article:modified_time\" content=\"2018-06-05T15:19:38+00:00\" \/>\n<meta property=\"og:image\" content=\"https:\/\/www.colindres.es\/wp-content\/uploads\/2018\/06\/fiestas-junio-colindres.jpg\" \/>\n\t<meta property=\"og:image:width\" content=\"2671\" \/>\n\t<meta property=\"og:image:height\" content=\"3543\" \/>\n\t<meta property=\"og:image:type\" content=\"image\/jpeg\" \/>\n<meta name=\"twitter:card\" content=\"summary_large_image\" \/>\n<meta name=\"twitter:label1\" content=\"Tiempo de lectura\" \/>\n\t<meta name=\"twitter:data1\" content=\"6 minutos\" \/>\n<script type=\"application\/ld+json\" class=\"yoast-schema-graph\">{\"@context\":\"https:\/\/schema.org\",\"@graph\":[{\"@type\":\"WebPage\",\"@id\":\"https:\/\/www.colindres.es\/index.php\/project\/fiestas-junio-2018\/\",\"url\":\"https:\/\/www.colindres.es\/index.php\/project\/fiestas-junio-2018\/\",\"name\":\"FIESTAS JUNIO 2018 - Ayuntamiento de Colindres\",\"isPartOf\":{\"@id\":\"https:\/\/www.colindres.es\/#website\"},\"primaryImageOfPage\":{\"@id\":\"https:\/\/www.colindres.es\/index.php\/project\/fiestas-junio-2018\/#primaryimage\"},\"image\":{\"@id\":\"https:\/\/www.colindres.es\/index.php\/project\/fiestas-junio-2018\/#primaryimage\"},\"thumbnailUrl\":\"https:\/\/www.colindres.es\/wp-content\/uploads\/2018\/06\/fiestas-junio-colindres.jpg\",\"datePublished\":\"2018-06-05T11:55:50+00:00\",\"dateModified\":\"2018-06-05T15:19:38+00:00\",\"breadcrumb\":{\"@id\":\"https:\/\/www.colindres.es\/index.php\/project\/fiestas-junio-2018\/#breadcrumb\"},\"inLanguage\":\"es\",\"potentialAction\":[{\"@type\":\"ReadAction\",\"target\":[\"https:\/\/www.colindres.es\/index.php\/project\/fiestas-junio-2018\/\"]}]},{\"@type\":\"ImageObject\",\"inLanguage\":\"es\",\"@id\":\"https:\/\/www.colindres.es\/index.php\/project\/fiestas-junio-2018\/#primaryimage\",\"url\":\"https:\/\/www.colindres.es\/wp-content\/uploads\/2018\/06\/fiestas-junio-colindres.jpg\",\"contentUrl\":\"https:\/\/www.colindres.es\/wp-content\/uploads\/2018\/06\/fiestas-junio-colindres.jpg\",\"width\":2671,\"height\":3543},{\"@type\":\"BreadcrumbList\",\"@id\":\"https:\/\/www.colindres.es\/index.php\/project\/fiestas-junio-2018\/#breadcrumb\",\"itemListElement\":[{\"@type\":\"ListItem\",\"position\":1,\"name\":\"Portada\",\"item\":\"https:\/\/www.colindres.es\/\"},{\"@type\":\"ListItem\",\"position\":2,\"name\":\"Proyectos\",\"item\":\"https:\/\/www.colindres.es\/index.php\/project\/\"},{\"@type\":\"ListItem\",\"position\":3,\"name\":\"FIESTAS JUNIO 2018\"}]},{\"@type\":\"WebSite\",\"@id\":\"https:\/\/www.colindres.es\/#website\",\"url\":\"https:\/\/www.colindres.es\/\",\"name\":\"Ayuntamiento de Colindres\",\"description\":\"Dise\u00f1ado por NTIC&#039;s\",\"publisher\":{\"@id\":\"https:\/\/www.colindres.es\/#organization\"},\"potentialAction\":[{\"@type\":\"SearchAction\",\"target\":{\"@type\":\"EntryPoint\",\"urlTemplate\":\"https:\/\/www.colindres.es\/?s={search_term_string}\"},\"query-input\":{\"@type\":\"PropertyValueSpecification\",\"valueRequired\":true,\"valueName\":\"search_term_string\"}}],\"inLanguage\":\"es\"},{\"@type\":\"Organization\",\"@id\":\"https:\/\/www.colindres.es\/#organization\",\"name\":\"AYUNTAMIENTO DE COLINDRES\",\"url\":\"https:\/\/www.colindres.es\/\",\"logo\":{\"@type\":\"ImageObject\",\"inLanguage\":\"es\",\"@id\":\"https:\/\/www.colindres.es\/#\/schema\/logo\/image\/\",\"url\":\"https:\/\/www.colindres.es\/wp-content\/uploads\/2017\/01\/LOGO-PRINCIPAL.jpg\",\"contentUrl\":\"https:\/\/www.colindres.es\/wp-content\/uploads\/2017\/01\/LOGO-PRINCIPAL.jpg\",\"width\":1209,\"height\":579,\"caption\":\"AYUNTAMIENTO DE COLINDRES\"},\"image\":{\"@id\":\"https:\/\/www.colindres.es\/#\/schema\/logo\/image\/\"}}]}<\/script>\n<!-- \/ Yoast SEO plugin. -->","yoast_head_json":{"title":"FIESTAS JUNIO 2018 - Ayuntamiento de Colindres","robots":{"index":"index","follow":"follow","max-snippet":"max-snippet:-1","max-image-preview":"max-image-preview:large","max-video-preview":"max-video-preview:-1"},"canonical":"https:\/\/www.colindres.es\/index.php\/project\/fiestas-junio-2018\/","og_locale":"es_ES","og_type":"article","og_title":"FIESTAS JUNIO 2018 - Ayuntamiento de Colindres","og_description":"Jueves 1 de junio: A partir de las 18.30 h. exhibici\u00f3n de ZUMBA del C.E.I.P. Pedro del Hoyo en los Jardines de la Casa de Cultura. S\u00e1bado 2 de junio: 10\u00ba Encuentro de Panderetas Villa de Colindres A partir de las 12.00 h. Llegada y concentraci\u00f3n en la Casa de Cultura, para posteriori pasar a [&hellip;]","og_url":"https:\/\/www.colindres.es\/index.php\/project\/fiestas-junio-2018\/","og_site_name":"Ayuntamiento de Colindres","article_modified_time":"2018-06-05T15:19:38+00:00","og_image":[{"width":2671,"height":3543,"url":"https:\/\/www.colindres.es\/wp-content\/uploads\/2018\/06\/fiestas-junio-colindres.jpg","type":"image\/jpeg"}],"twitter_card":"summary_large_image","twitter_misc":{"Tiempo de lectura":"6 minutos"},"schema":{"@context":"https:\/\/schema.org","@graph":[{"@type":"WebPage","@id":"https:\/\/www.colindres.es\/index.php\/project\/fiestas-junio-2018\/","url":"https:\/\/www.colindres.es\/index.php\/project\/fiestas-junio-2018\/","name":"FIESTAS JUNIO 2018 - Ayuntamiento de Colindres","isPartOf":{"@id":"https:\/\/www.colindres.es\/#website"},"primaryImageOfPage":{"@id":"https:\/\/www.colindres.es\/index.php\/project\/fiestas-junio-2018\/#primaryimage"},"image":{"@id":"https:\/\/www.colindres.es\/index.php\/project\/fiestas-junio-2018\/#primaryimage"},"thumbnailUrl":"https:\/\/www.colindres.es\/wp-content\/uploads\/2018\/06\/fiestas-junio-colindres.jpg","datePublished":"2018-06-05T11:55:50+00:00","dateModified":"2018-06-05T15:19:38+00:00","breadcrumb":{"@id":"https:\/\/www.colindres.es\/index.php\/project\/fiestas-junio-2018\/#breadcrumb"},"inLanguage":"es","potentialAction":[{"@type":"ReadAction","target":["https:\/\/www.colindres.es\/index.php\/project\/fiestas-junio-2018\/"]}]},{"@type":"ImageObject","inLanguage":"es","@id":"https:\/\/www.colindres.es\/index.php\/project\/fiestas-junio-2018\/#primaryimage","url":"https:\/\/www.colindres.es\/wp-content\/uploads\/2018\/06\/fiestas-junio-colindres.jpg","contentUrl":"https:\/\/www.colindres.es\/wp-content\/uploads\/2018\/06\/fiestas-junio-colindres.jpg","width":2671,"height":3543},{"@type":"BreadcrumbList","@id":"https:\/\/www.colindres.es\/index.php\/project\/fiestas-junio-2018\/#breadcrumb","itemListElement":[{"@type":"ListItem","position":1,"name":"Portada","item":"https:\/\/www.colindres.es\/"},{"@type":"ListItem","position":2,"name":"Proyectos","item":"https:\/\/www.colindres.es\/index.php\/project\/"},{"@type":"ListItem","position":3,"name":"FIESTAS JUNIO 2018"}]},{"@type":"WebSite","@id":"https:\/\/www.colindres.es\/#website","url":"https:\/\/www.colindres.es\/","name":"Ayuntamiento de Colindres","description":"Dise\u00f1ado por NTIC&#039;s","publisher":{"@id":"https:\/\/www.colindres.es\/#organization"},"potentialAction":[{"@type":"SearchAction","target":{"@type":"EntryPoint","urlTemplate":"https:\/\/www.colindres.es\/?s={search_term_string}"},"query-input":{"@type":"PropertyValueSpecification","valueRequired":true,"valueName":"search_term_string"}}],"inLanguage":"es"},{"@type":"Organization","@id":"https:\/\/www.colindres.es\/#organization","name":"AYUNTAMIENTO DE COLINDRES","url":"https:\/\/www.colindres.es\/","logo":{"@type":"ImageObject","inLanguage":"es","@id":"https:\/\/www.colindres.es\/#\/schema\/logo\/image\/","url":"https:\/\/www.colindres.es\/wp-content\/uploads\/2017\/01\/LOGO-PRINCIPAL.jpg","contentUrl":"https:\/\/www.colindres.es\/wp-content\/uploads\/2017\/01\/LOGO-PRINCIPAL.jpg","width":1209,"height":579,"caption":"AYUNTAMIENTO DE COLINDRES"},"image":{"@id":"https:\/\/www.colindres.es\/#\/schema\/logo\/image\/"}}]}},"_links":{"self":[{"href":"https:\/\/www.colindres.es\/index.php\/wp-json\/wp\/v2\/project\/1552","targetHints":{"allow":["GET"]}}],"collection":[{"href":"https:\/\/www.colindres.es\/index.php\/wp-json\/wp\/v2\/project"}],"about":[{"href":"https:\/\/www.colindres.es\/index.php\/wp-json\/wp\/v2\/types\/project"}],"author":[{"embeddable":true,"href":"https:\/\/www.colindres.es\/index.php\/wp-json\/wp\/v2\/users\/1"}],"replies":[{"embeddable":true,"href":"https:\/\/www.colindres.es\/index.php\/wp-json\/wp\/v2\/comments?post=1552"}],"version-history":[{"count":2,"href":"https:\/\/www.colindres.es\/index.php\/wp-json\/wp\/v2\/project\/1552\/revisions"}],"predecessor-version":[{"id":1555,"href":"https:\/\/www.colindres.es\/index.php\/wp-json\/wp\/v2\/project\/1552\/revisions\/1555"}],"wp:featuredmedia":[{"embeddable":true,"href":"https:\/\/www.colindres.es\/index.php\/wp-json\/wp\/v2\/media\/1553"}],"wp:attachment":[{"href":"https:\/\/www.colindres.es\/index.php\/wp-json\/wp\/v2\/media?parent=1552"}],"wp:term":[{"taxonomy":"project_category","embeddable":true,"href":"https:\/\/www.colindres.es\/index.php\/wp-json\/wp\/v2\/project_category?post=1552"},{"taxonomy":"project_tag","embeddable":true,"href":"https:\/\/www.colindres.es\/index.php\/wp-json\/wp\/v2\/project_tag?post=1552"}],"curies":[{"name":"wp","href":"https:\/\/api.w.org\/{rel}","templated":true}]}}