{"id":1530,"date":"2018-05-23T09:42:10","date_gmt":"2018-05-23T09:42:10","guid":{"rendered":"http:\/\/colindres.es\/?post_type=project&#038;p=1530"},"modified":"2018-05-23T09:42:39","modified_gmt":"2018-05-23T09:42:39","slug":"el-privilegio-de-colindres-i","status":"publish","type":"project","link":"https:\/\/www.colindres.es\/index.php\/project\/el-privilegio-de-colindres-i\/","title":{"rendered":"El Privilegio de Colindres (I)"},"content":{"rendered":"<p>Uno de los aspectos que ha marcado el devenir de Colindres ha sido su car\u00e1cter de cruce de caminos. Hist\u00f3ricamente conflu\u00edan en la villa el Camino Real o de los Castellanos, que conectaba la costa con el interior de Castilla a trav\u00e9s de Los Tornos, y el Camino de Santiago en su ruta costera. \u00c9ste cruzaba el t\u00e9rmino incorporando los nombres de los barrios que atravesaba, caso del Barrio de la Portilla, junto al cual se alza uno de nuestros hitos patrimoniales: el Palacio de la Portilla, del Infantado o del Condestable, conocido popularmente como El Castillo.<\/p>\n<p>Uno de sus propietarios fue Juan de Velasco, quien lo adquiri\u00f3 en 1401 por 1.400 florines de oro. Perteneciente a uno de los grandes linajes nobiliarios de Castilla, Velasco est\u00e1 estrechamente relacionado con un significativo episodio de la historia de la villa: la concesi\u00f3n del Privilegio de Colindres.<\/p>\n<p>Juan de Velasco hered\u00f3 de su padre Pedro extensas posesiones, que inclu\u00edan doscientas aldeas en Castilla y los valles de Soba y Ruesga, adem\u00e1s del t\u00edtulo de Camarero Mayor del rey. Fue se\u00f1or de Arnedo, Briviesca y Medina de Pomar, y alcanz\u00f3 los cargos de Merino Mayor de Castilla y tutor del rey Juan II.<\/p>\n<p>Dentro de su pol\u00edtica de expansi\u00f3n se\u00f1orial, realiz\u00f3 a finales del siglo XIV innumerables compras de propiedades en Laredo, Ampuero, S\u00e1mano, Ota\u00f1\u00e9s, Guriezo, Cereceda, Liendo, Mena, Trasmiera y, especialmente, Limpias y Colindres. Adem\u00e1s, Velasco se hizo con el control del servicio de barcaje de la r\u00eda del As\u00f3n y de la Torre de Treto, en un momento de crecimiento del tr\u00e1nsito de personas y mercanc\u00edas, gracias a la revitalizaci\u00f3n de la ruta jacobea.<\/p>\n<p>Su objetivo era, a corto plazo, el control de las comunicaciones, con la imposici\u00f3n de impuestos sobre el tr\u00e1fico tanto del Camino Real como de ambas orillas de la r\u00eda. Y, a largo plazo, imponer su se\u00f1or\u00edo sobre la antigua Merindad de Vecio, que se extend\u00eda por la Cantabria oriental. Por ello, no dud\u00f3 en aprovechar la oportunidad de hacerse con el control de Colindres y Limpias, junto a Balmaseda, cuando el rey Enrique III \u201cel Doliente\u201d se las ofreci\u00f3 como garant\u00eda de un empr\u00e9stito de quince mil florines de oro \u201cdel cu\u00f1o de Arag\u00f3n\u201d, debido a los ingentes gastos que le hab\u00eda supuesto su guerra contra Portugal. Velasco las incorporar\u00eda a su se\u00f1or\u00edo \u201ccon la jurisdizi\u00f3n alta e vaja, civil e criminal\u201d.<\/p>\n<p>Sin embargo, sus respectivas poblaciones se negaron a aceptar la transacci\u00f3n, pues someterse a un se\u00f1or territorial resultaba m\u00e1s oneroso que depender directamente de la Corona, por la p\u00e9rdida de autonom\u00eda y por el agravamiento de las condiciones tributarias y judiciales. El rey les ofreci\u00f3, entonces, la oportunidad de anular la venta si las villas eran capaces de hacer frente a la mitad de la deuda. Y, efectivamente, Balmaseda logr\u00f3 aportar 5.000 florines, junto a los 2.500 que reunieron, conjuntamente, Colindres y Limpias. Una cantidad recaudada mediante un repartimiento realizado entre los vecinos y moradores de la villa.<\/p>\n<p>A cambio, Enrique III afor\u00f3 el 16 de junio de 1399 a las tres localidades, por los \u201cmuchos e buenos e leales servizios\u201d que hab\u00edan prestado a su abuelo Enrique II, a su padre Juan I y a \u00e9l mismo, con la voluntad de amparar, defender y gobernar sus buenos usos, fueros y privilegios que \u201csiempre tuvieron y tendr\u00e1n\u201d. Para ello, las vincul\u00f3 perpetuamente a la Corona y las arrop\u00f3 con los privilegios del se\u00f1or\u00edo de Vizcaya, del cual el propio rey de Castilla era titular desde 1379.<\/p>\n<p>Como consecuencia, y durante los m\u00e1s de cuatro siglos en que estuvo vigente, Colindres disfrut\u00f3 de una ventajosa situaci\u00f3n administrativa materializada en una relativa autonom\u00eda de gobierno y en una favorable posici\u00f3n fiscal: ni tributaba en Castilla (aunque s\u00ed afrontaba determinados servicios al rey), ni en el Se\u00f1or\u00edo, por no estar a \u00e9l incorporada. Tales condiciones favorecieron el dinamismo econ\u00f3mico y social de la villa: nudo de comunicaciones entre el interior de Castilla y la costa, exportadora de c\u00edtricos, productora de vino chacol\u00ed, sede de Reales Astilleros, etc.<\/p>\n<p>Pero el mantenimiento del Privilegio implic\u00f3 tambi\u00e9n inconvenientes, pues los constantes pleitos que hubo de afrontar en su defensa frente a los intentos de integraci\u00f3n desde Castilla o las pretensiones hegem\u00f3nicas del Corregimiento de las Cuatro Villas, supusieron una persistente carga econ\u00f3mica. Estos asuntos, as\u00ed como la posterior evoluci\u00f3n del Privilegio y su extinci\u00f3n los trataremos en un pr\u00f3ximo art\u00edculo.<\/p>\n","protected":false},"excerpt":{"rendered":"<p>Uno de los aspectos que ha marcado el devenir de Colindres ha sido su car\u00e1cter de cruce de caminos. Hist\u00f3ricamente conflu\u00edan en la villa el Camino Real o de los Castellanos, que conectaba la costa con el interior de Castilla a trav\u00e9s de Los Tornos, y el Camino de Santiago en su ruta costera. \u00c9ste [&hellip;]<\/p>\n","protected":false},"author":1,"featured_media":1531,"comment_status":"open","ping_status":"closed","template":"","meta":{"_et_pb_use_builder":"","_et_pb_old_content":"","_et_gb_content_width":"","footnotes":""},"project_category":[],"project_tag":[],"class_list":["post-1530","project","type-project","status-publish","has-post-thumbnail","hentry"],"yoast_head":"<!-- This site is optimized with the Yoast SEO plugin v24.9 - https:\/\/yoast.com\/wordpress\/plugins\/seo\/ -->\n<title>El Privilegio de Colindres (I) - Ayuntamiento de Colindres<\/title>\n<meta name=\"robots\" content=\"index, follow, max-snippet:-1, max-image-preview:large, max-video-preview:-1\" \/>\n<link rel=\"canonical\" href=\"https:\/\/www.colindres.es\/index.php\/project\/el-privilegio-de-colindres-i\/\" \/>\n<meta property=\"og:locale\" content=\"es_ES\" \/>\n<meta property=\"og:type\" content=\"article\" \/>\n<meta property=\"og:title\" content=\"El Privilegio de Colindres (I) - Ayuntamiento de Colindres\" \/>\n<meta property=\"og:description\" content=\"Uno de los aspectos que ha marcado el devenir de Colindres ha sido su car\u00e1cter de cruce de caminos. Hist\u00f3ricamente conflu\u00edan en la villa el Camino Real o de los Castellanos, que conectaba la costa con el interior de Castilla a trav\u00e9s de Los Tornos, y el Camino de Santiago en su ruta costera. \u00c9ste [&hellip;]\" \/>\n<meta property=\"og:url\" content=\"https:\/\/www.colindres.es\/index.php\/project\/el-privilegio-de-colindres-i\/\" \/>\n<meta property=\"og:site_name\" content=\"Ayuntamiento de Colindres\" \/>\n<meta property=\"article:modified_time\" content=\"2018-05-23T09:42:39+00:00\" \/>\n<meta property=\"og:image\" content=\"https:\/\/www.colindres.es\/wp-content\/uploads\/2018\/05\/palacio-de-La-Portilla.jpg\" \/>\n\t<meta property=\"og:image:width\" content=\"2375\" \/>\n\t<meta property=\"og:image:height\" content=\"1585\" \/>\n\t<meta property=\"og:image:type\" content=\"image\/jpeg\" \/>\n<meta name=\"twitter:card\" content=\"summary_large_image\" \/>\n<meta name=\"twitter:label1\" content=\"Tiempo de lectura\" \/>\n\t<meta name=\"twitter:data1\" content=\"4 minutos\" \/>\n<script type=\"application\/ld+json\" class=\"yoast-schema-graph\">{\"@context\":\"https:\/\/schema.org\",\"@graph\":[{\"@type\":\"WebPage\",\"@id\":\"https:\/\/www.colindres.es\/index.php\/project\/el-privilegio-de-colindres-i\/\",\"url\":\"https:\/\/www.colindres.es\/index.php\/project\/el-privilegio-de-colindres-i\/\",\"name\":\"El Privilegio de Colindres (I) - Ayuntamiento de Colindres\",\"isPartOf\":{\"@id\":\"https:\/\/www.colindres.es\/#website\"},\"primaryImageOfPage\":{\"@id\":\"https:\/\/www.colindres.es\/index.php\/project\/el-privilegio-de-colindres-i\/#primaryimage\"},\"image\":{\"@id\":\"https:\/\/www.colindres.es\/index.php\/project\/el-privilegio-de-colindres-i\/#primaryimage\"},\"thumbnailUrl\":\"https:\/\/www.colindres.es\/wp-content\/uploads\/2018\/05\/palacio-de-La-Portilla.jpg\",\"datePublished\":\"2018-05-23T09:42:10+00:00\",\"dateModified\":\"2018-05-23T09:42:39+00:00\",\"breadcrumb\":{\"@id\":\"https:\/\/www.colindres.es\/index.php\/project\/el-privilegio-de-colindres-i\/#breadcrumb\"},\"inLanguage\":\"es\",\"potentialAction\":[{\"@type\":\"ReadAction\",\"target\":[\"https:\/\/www.colindres.es\/index.php\/project\/el-privilegio-de-colindres-i\/\"]}]},{\"@type\":\"ImageObject\",\"inLanguage\":\"es\",\"@id\":\"https:\/\/www.colindres.es\/index.php\/project\/el-privilegio-de-colindres-i\/#primaryimage\",\"url\":\"https:\/\/www.colindres.es\/wp-content\/uploads\/2018\/05\/palacio-de-La-Portilla.jpg\",\"contentUrl\":\"https:\/\/www.colindres.es\/wp-content\/uploads\/2018\/05\/palacio-de-La-Portilla.jpg\",\"width\":2375,\"height\":1585},{\"@type\":\"BreadcrumbList\",\"@id\":\"https:\/\/www.colindres.es\/index.php\/project\/el-privilegio-de-colindres-i\/#breadcrumb\",\"itemListElement\":[{\"@type\":\"ListItem\",\"position\":1,\"name\":\"Portada\",\"item\":\"https:\/\/www.colindres.es\/\"},{\"@type\":\"ListItem\",\"position\":2,\"name\":\"Proyectos\",\"item\":\"https:\/\/www.colindres.es\/index.php\/project\/\"},{\"@type\":\"ListItem\",\"position\":3,\"name\":\"El Privilegio de Colindres (I)\"}]},{\"@type\":\"WebSite\",\"@id\":\"https:\/\/www.colindres.es\/#website\",\"url\":\"https:\/\/www.colindres.es\/\",\"name\":\"Ayuntamiento de Colindres\",\"description\":\"Dise\u00f1ado por NTIC&#039;s\",\"publisher\":{\"@id\":\"https:\/\/www.colindres.es\/#organization\"},\"potentialAction\":[{\"@type\":\"SearchAction\",\"target\":{\"@type\":\"EntryPoint\",\"urlTemplate\":\"https:\/\/www.colindres.es\/?s={search_term_string}\"},\"query-input\":{\"@type\":\"PropertyValueSpecification\",\"valueRequired\":true,\"valueName\":\"search_term_string\"}}],\"inLanguage\":\"es\"},{\"@type\":\"Organization\",\"@id\":\"https:\/\/www.colindres.es\/#organization\",\"name\":\"AYUNTAMIENTO DE COLINDRES\",\"url\":\"https:\/\/www.colindres.es\/\",\"logo\":{\"@type\":\"ImageObject\",\"inLanguage\":\"es\",\"@id\":\"https:\/\/www.colindres.es\/#\/schema\/logo\/image\/\",\"url\":\"https:\/\/www.colindres.es\/wp-content\/uploads\/2017\/01\/LOGO-PRINCIPAL.jpg\",\"contentUrl\":\"https:\/\/www.colindres.es\/wp-content\/uploads\/2017\/01\/LOGO-PRINCIPAL.jpg\",\"width\":1209,\"height\":579,\"caption\":\"AYUNTAMIENTO DE COLINDRES\"},\"image\":{\"@id\":\"https:\/\/www.colindres.es\/#\/schema\/logo\/image\/\"}}]}<\/script>\n<!-- \/ Yoast SEO plugin. -->","yoast_head_json":{"title":"El Privilegio de Colindres (I) - Ayuntamiento de Colindres","robots":{"index":"index","follow":"follow","max-snippet":"max-snippet:-1","max-image-preview":"max-image-preview:large","max-video-preview":"max-video-preview:-1"},"canonical":"https:\/\/www.colindres.es\/index.php\/project\/el-privilegio-de-colindres-i\/","og_locale":"es_ES","og_type":"article","og_title":"El Privilegio de Colindres (I) - Ayuntamiento de Colindres","og_description":"Uno de los aspectos que ha marcado el devenir de Colindres ha sido su car\u00e1cter de cruce de caminos. Hist\u00f3ricamente conflu\u00edan en la villa el Camino Real o de los Castellanos, que conectaba la costa con el interior de Castilla a trav\u00e9s de Los Tornos, y el Camino de Santiago en su ruta costera. \u00c9ste [&hellip;]","og_url":"https:\/\/www.colindres.es\/index.php\/project\/el-privilegio-de-colindres-i\/","og_site_name":"Ayuntamiento de Colindres","article_modified_time":"2018-05-23T09:42:39+00:00","og_image":[{"width":2375,"height":1585,"url":"https:\/\/www.colindres.es\/wp-content\/uploads\/2018\/05\/palacio-de-La-Portilla.jpg","type":"image\/jpeg"}],"twitter_card":"summary_large_image","twitter_misc":{"Tiempo de lectura":"4 minutos"},"schema":{"@context":"https:\/\/schema.org","@graph":[{"@type":"WebPage","@id":"https:\/\/www.colindres.es\/index.php\/project\/el-privilegio-de-colindres-i\/","url":"https:\/\/www.colindres.es\/index.php\/project\/el-privilegio-de-colindres-i\/","name":"El Privilegio de Colindres (I) - Ayuntamiento de Colindres","isPartOf":{"@id":"https:\/\/www.colindres.es\/#website"},"primaryImageOfPage":{"@id":"https:\/\/www.colindres.es\/index.php\/project\/el-privilegio-de-colindres-i\/#primaryimage"},"image":{"@id":"https:\/\/www.colindres.es\/index.php\/project\/el-privilegio-de-colindres-i\/#primaryimage"},"thumbnailUrl":"https:\/\/www.colindres.es\/wp-content\/uploads\/2018\/05\/palacio-de-La-Portilla.jpg","datePublished":"2018-05-23T09:42:10+00:00","dateModified":"2018-05-23T09:42:39+00:00","breadcrumb":{"@id":"https:\/\/www.colindres.es\/index.php\/project\/el-privilegio-de-colindres-i\/#breadcrumb"},"inLanguage":"es","potentialAction":[{"@type":"ReadAction","target":["https:\/\/www.colindres.es\/index.php\/project\/el-privilegio-de-colindres-i\/"]}]},{"@type":"ImageObject","inLanguage":"es","@id":"https:\/\/www.colindres.es\/index.php\/project\/el-privilegio-de-colindres-i\/#primaryimage","url":"https:\/\/www.colindres.es\/wp-content\/uploads\/2018\/05\/palacio-de-La-Portilla.jpg","contentUrl":"https:\/\/www.colindres.es\/wp-content\/uploads\/2018\/05\/palacio-de-La-Portilla.jpg","width":2375,"height":1585},{"@type":"BreadcrumbList","@id":"https:\/\/www.colindres.es\/index.php\/project\/el-privilegio-de-colindres-i\/#breadcrumb","itemListElement":[{"@type":"ListItem","position":1,"name":"Portada","item":"https:\/\/www.colindres.es\/"},{"@type":"ListItem","position":2,"name":"Proyectos","item":"https:\/\/www.colindres.es\/index.php\/project\/"},{"@type":"ListItem","position":3,"name":"El Privilegio de Colindres (I)"}]},{"@type":"WebSite","@id":"https:\/\/www.colindres.es\/#website","url":"https:\/\/www.colindres.es\/","name":"Ayuntamiento de Colindres","description":"Dise\u00f1ado por NTIC&#039;s","publisher":{"@id":"https:\/\/www.colindres.es\/#organization"},"potentialAction":[{"@type":"SearchAction","target":{"@type":"EntryPoint","urlTemplate":"https:\/\/www.colindres.es\/?s={search_term_string}"},"query-input":{"@type":"PropertyValueSpecification","valueRequired":true,"valueName":"search_term_string"}}],"inLanguage":"es"},{"@type":"Organization","@id":"https:\/\/www.colindres.es\/#organization","name":"AYUNTAMIENTO DE COLINDRES","url":"https:\/\/www.colindres.es\/","logo":{"@type":"ImageObject","inLanguage":"es","@id":"https:\/\/www.colindres.es\/#\/schema\/logo\/image\/","url":"https:\/\/www.colindres.es\/wp-content\/uploads\/2017\/01\/LOGO-PRINCIPAL.jpg","contentUrl":"https:\/\/www.colindres.es\/wp-content\/uploads\/2017\/01\/LOGO-PRINCIPAL.jpg","width":1209,"height":579,"caption":"AYUNTAMIENTO DE COLINDRES"},"image":{"@id":"https:\/\/www.colindres.es\/#\/schema\/logo\/image\/"}}]}},"_links":{"self":[{"href":"https:\/\/www.colindres.es\/index.php\/wp-json\/wp\/v2\/project\/1530","targetHints":{"allow":["GET"]}}],"collection":[{"href":"https:\/\/www.colindres.es\/index.php\/wp-json\/wp\/v2\/project"}],"about":[{"href":"https:\/\/www.colindres.es\/index.php\/wp-json\/wp\/v2\/types\/project"}],"author":[{"embeddable":true,"href":"https:\/\/www.colindres.es\/index.php\/wp-json\/wp\/v2\/users\/1"}],"replies":[{"embeddable":true,"href":"https:\/\/www.colindres.es\/index.php\/wp-json\/wp\/v2\/comments?post=1530"}],"version-history":[{"count":1,"href":"https:\/\/www.colindres.es\/index.php\/wp-json\/wp\/v2\/project\/1530\/revisions"}],"predecessor-version":[{"id":1532,"href":"https:\/\/www.colindres.es\/index.php\/wp-json\/wp\/v2\/project\/1530\/revisions\/1532"}],"wp:featuredmedia":[{"embeddable":true,"href":"https:\/\/www.colindres.es\/index.php\/wp-json\/wp\/v2\/media\/1531"}],"wp:attachment":[{"href":"https:\/\/www.colindres.es\/index.php\/wp-json\/wp\/v2\/media?parent=1530"}],"wp:term":[{"taxonomy":"project_category","embeddable":true,"href":"https:\/\/www.colindres.es\/index.php\/wp-json\/wp\/v2\/project_category?post=1530"},{"taxonomy":"project_tag","embeddable":true,"href":"https:\/\/www.colindres.es\/index.php\/wp-json\/wp\/v2\/project_tag?post=1530"}],"curies":[{"name":"wp","href":"https:\/\/api.w.org\/{rel}","templated":true}]}}