{"id":15280,"date":"2020-05-11T19:51:41","date_gmt":"2020-05-11T17:51:41","guid":{"rendered":"https:\/\/www.colindres.es\/?post_type=project&#038;p=15280"},"modified":"2020-05-11T19:51:41","modified_gmt":"2020-05-11T17:51:41","slug":"aprobado-por-unanimidad-el-presupuesto-de-colindres-para-2020-que-asciende-a-8-millones-de-euros","status":"publish","type":"project","link":"https:\/\/www.colindres.es\/index.php\/project\/aprobado-por-unanimidad-el-presupuesto-de-colindres-para-2020-que-asciende-a-8-millones-de-euros\/","title":{"rendered":"Aprobado por unanimidad el presupuesto de Colindres para 2020, que asciende a 8 millones de euros"},"content":{"rendered":"<p><em>Incera destaca que lo urgente es proteger a las familias; adem\u00e1s incluye un fondo de contingencia y un plan de infraestructuras para la reactivaci\u00f3n de la econom\u00eda local.<\/em><\/p>\n<p>Colindres, 11 de mayo de 2020<\/p>\n<p>El Pleno del Ayuntamiento de Colindres, celebrado en la tarde de hoy, de manera telem\u00e1tica, ha aprobado, con el voto favorable de todos los grupos pol\u00edticos, el presupuesto municipal para 2020, que asciende a 8.055.050 euros y que \u201ccontempla una inversi\u00f3n de 400.000 euros destinados a reforzar la reactivaci\u00f3n econ\u00f3mica de la villa\u201d.<\/p>\n<p>Alberto Echevarria, concejal de Econom\u00eda, destaca que \u201c\u00e9ste es un presupuesto que aumenta un 3% el del a\u00f1o pasado y que es equilibrado y asumible por el Ayuntamiento en estos momentos, preparado para que, si la nueva situaci\u00f3n econ\u00f3mica provoca que alg\u00fan ingreso previsto se reduzca, se pueda reajustar el gasto; es un presupuesto adaptado a la nueva situaci\u00f3n econ\u00f3mica\u201d.<\/p>\n<p>Este presupuesto \u201ces sin duda el m\u00e1s social de la historia del municipios, lo hemos adaptado a la situaci\u00f3n de crisis actual y est\u00e1 pensado para ayudar en los problemas reales con los que nos encontramos d\u00eda a d\u00eda\u201d, tal y como ha explicado el alcalde, Javier Incera; contempla un aumento en la partida destinada a subvenciones y ayudas del 2 %, al que hay que a\u00f1adir la trasferencia de cr\u00e9dito que la corporaci\u00f3n acord\u00f3 al iniciarse el estado de alarma, que ascend\u00eda a 85.000 euros y que supone un aumento en ayudas de emergencia social del 60% frente a 2019.\u00a0 Se aumentan, por tanto, las partidas de acci\u00f3n social, el c\u00e1terin social, las ayudas de emergencia, as\u00ed como la subvenci\u00f3n a C\u00e1ritas y Cruz Roja o la transferencia a la Mancomunidad de Servicios Sociales.<\/p>\n<p>La reciente declaraci\u00f3n del estado de alarma (Covid-19), que ha determinado el confinamiento de la mayor\u00eda de los vecinos, est\u00e1 motivando situaciones de necesidad que tienen especial incidencia en el \u00e1mbito del peque\u00f1o comercio del municipio. \u201cPor eso se ha habilitado una partida por importe de 50.000 \u20ac con el objeto de ayudar a las pymes locales. Pudiendo ampliarse en un futuro con transferencias de otras partidas presupuestarias no ejecutadas\u201d, ha apuntado el alcalde. \u201cEs un buen presupuesto, que atiende a lo urgente que es proteger a las familias que peor lo est\u00e1n pasando, que son los afectados por la crisis sanitaria y por la crisis econ\u00f3mica derivada de la misma\u201d.<\/p>\n<p>El plan de reactivaci\u00f3n tambi\u00e9n contempla que las partidas destinadas a fomento del empleo y activaci\u00f3n econ\u00f3mica aumenten en m\u00e1s de un 60% y que las de educaci\u00f3n lo hagan en un 3%; en estas \u00faltimas se incluye la financiaci\u00f3n de conexiones a internet para las familias con ni\u00f1os que tienen mayores dificultades econ\u00f3micas, puedan finalizar el curso escolar de manera telem\u00e1tica.<\/p>\n<p>\u201cColindres es un municipio vivo y din\u00e1mico\u201d, apunta Incera, \u201cy tiene que seguir si\u00e9ndolo y para ello, es importante que el tejido comercial y hostelero reactive su funcionamiento lo antes posible\u201d. \u201cLas circunstancias nos han obligado a adaptar este presupuesto y centrar el esfuerzo econ\u00f3mico en lo urgente; eso ha provocado que algunos proyectos con los que ya nos hab\u00edamos comprometido deban esperar al pr\u00f3ximo a\u00f1o, pero, sin duda, lo importante ahora son las familias y la reactivaci\u00f3n de la econom\u00eda local\u201d.<\/p>\n<p><strong>PLAN DE INVERSI\u00d3N POR M\u00c1S DE UN MILL\u00d3N Y MEDIO DE EUROS A EJECUTAR EN LOS PR\u00d3XIMOS 12 MESES<\/strong><\/p>\n<p>El presupuesto de 2020 incluye 731.200 euros para la realizaci\u00f3n de diferentes proyectos. Uno de ellos, la redacci\u00f3n del proyecto de rehabilitaci\u00f3n del palacio de Villa Luz, de sus jardines y el entorno de la finca, incluida la remodelaci\u00f3n de la entrada al aparcamiento anexo.<\/p>\n<p>Se repondr\u00e1n los suelos de parques infantiles y se revisar\u00e1n los elementos de juego. Una actuaci\u00f3n a la que se sumar\u00e1 la cubierta de la zona de juegos ubicada en el Parque de las Viejas, proyecto que el consistorio solicit\u00f3 al Gobierno de Cantabria y que se ejecutar\u00e1 en pr\u00f3ximas fechas.<\/p>\n<p>Incera destacaba tambi\u00e9n la inversi\u00f3n que se realizar\u00e1 en la mejora de v\u00edas p\u00fablicas con actuaciones de renovaci\u00f3n en diversas aceras del municipio y el compromiso de continuar con el proyecto de mejora del casco antiguo, Colindres de arriba, que comenz\u00f3 la legislatura pasada.<\/p>\n<p>Otra de las inversiones previstas es la de dotar a la Casa de Cultura de un nuevo sistema de cine con el cambio de butacas en el sal\u00f3n de actos y la instalaci\u00f3n de un proyector. En las instalaciones deportivas, el Ayuntamiento construir\u00e1 y pondr\u00e1 en marcha la cafeter\u00eda de la piscina cubierta y aumentar\u00e1 la oferta con una zona de spa.<\/p>\n<p>En el apartado de obras, hay que destacar obras ya adjudicadas y que se ejecutar\u00e1n ahora, como la rehabilitaci\u00f3n de las pistas de atletismo, una obra por valor de 221.000 euros y que comenzar\u00e1 a finales de este mes. Tambi\u00e9n est\u00e1n pr\u00f3ximas a realizarse las obras de construcci\u00f3n de los nuevos vestuarios del campo de f\u00fatbol, adjudicadas en 740.700 euros, una vez se reciba la \u00faltima autorizaci\u00f3n del Gobierno de Espa\u00f1a para poder comenzar con las mismas.<\/p>\n<p>A lo largo de este a\u00f1o 2020, se adjudicar\u00e1n de nuevo los contratos relacionados con los servicios de la piscina municipal y el presupuesto as\u00ed lo contempla, aumentando la partida destinada a este fin. El servicio de control de accesos se adjudic\u00f3 a comienzos de a\u00f1o y en los pr\u00f3ximos meses saldr\u00e1n a concurso los contratos del servicio de actividades deportivas y el del mantenimiento de la instalaci\u00f3n. Ambos contratos incluyen mejoras en los servicios como el aumento de socorristas, tanto en la piscina cubierta como en la descubierta, con el objetivo de mejorar la seguridad. Por otra parte, tambi\u00e9n se ampliar\u00e1 el n\u00famero de monitores en las distintas actividades deportivas, tanto en cursos de sala como en el gimnasio y se dotar\u00e1 a las instalaciones de nuevas m\u00e1quinas de ejercicios.<\/p>\n<p><strong>AUMENTO DE PARTIDAS PRESUPUESTARIAS<\/strong><\/p>\n<p>Este presupuesto contempla, por primera vez, una partida espec\u00edfica para subvencionar la actividad de la Universidad Espa\u00f1ola a Distancia (UNED), que impartir\u00e1 cursos en la sede de Colindres.<\/p>\n<p>Aumentan tambi\u00e9n, las inversiones en cultura que se ver\u00e1n mejoradas en un 10%, as\u00ed como la partida dedicada a infancia y juventud, que ser\u00e1 un 11% mayor que el pasado a\u00f1o. La partida destinada a la promoci\u00f3n del deporte se ver\u00e1 aumentada en un 7%.<\/p>\n<p>El cap\u00edtulo dedicado a personal aumenta un 8 % frente al presupuesto de 2019 ya que el consistorio convocar\u00e1 a lo largo de este ejercicio el concurso para cubrir dos nuevas plazas de agente de polic\u00eda local, reforzando la seguridad en el municipio.<\/p>\n<p>Otras partidas que tambi\u00e9n se incrementar\u00e1n de cara a este nuevo ejercicio, son la de seguridad ciudadana (un 12% m\u00e1s que en 2019) o la de medio ambiente, parques y jardines que se incrementar\u00e1 en un 53%. Se licitar\u00e1 un nuevo contrato de mantenimiento de zonas ajardinadas que mejorar\u00e1 el actual. Adem\u00e1s, se mejorar\u00e1n y acondicionar\u00e1n las placas solares de los edificios municipales y se continuar\u00e1 con el proyecto de reforestaci\u00f3n con especies aut\u00f3ctonas, para la consecuci\u00f3n de un gran corredor verde en el monte del municipio.<\/p>\n<p>En el \u00e1mbito de los servicios municipales se dotan con 710.000 euros las partidas de recogida de residuos y limpieza viaria para el pago del tratamiento de residuos al Gobierno de Cabria y el coste del nuevo y mejorado contrato que se puso en marcha el 1 de marzo, unos d\u00edas antes de decretarse el Estado de Alarma. La nueva empresa adjudicataria ha sido la encargada de la limpieza y la desinfecci\u00f3n de los lugares p\u00fablicos durante el confinamiento<\/p>\n<p>En el apartado enfocado al urbanismo, el documento garantiza la partida econ\u00f3mica suficiente para poder continuar con los trabajos del Plan General de Ordenaci\u00f3n Urbana.<\/p>\n<p>Incera ha agradecido a los portavoces de los distintos grupos de la Corporaci\u00f3n, Adri\u00e1n Seti\u00e9n, C\u00e9sar Peral y Antonio P\u00e9rez, su esfuerzo a la hora de aprobar este presupuesto por unanimidad. \u201cEn estos momentos de crisis lo importante es el trabajo conjunto, demostrar a nuestros vecinos que, ante grandes retos coincidimos en la b\u00fasqueda de soluciones. Todos juntos venceremos, primero al virus y despu\u00e9s a la recesi\u00f3n econ\u00f3mica\u201d.<\/p>\n","protected":false},"excerpt":{"rendered":"<p>Incera destaca que lo urgente es proteger a las familias; adem\u00e1s incluye un fondo de contingencia y un plan de infraestructuras para la reactivaci\u00f3n de la econom\u00eda local. Colindres, 11 de mayo de 2020 El Pleno del Ayuntamiento de Colindres, celebrado en la tarde de hoy, de manera telem\u00e1tica, ha aprobado, con el voto favorable [&hellip;]<\/p>\n","protected":false},"author":1,"featured_media":15281,"comment_status":"open","ping_status":"closed","template":"","meta":{"_et_pb_use_builder":"","_et_pb_old_content":"","_et_gb_content_width":"","footnotes":""},"project_category":[6],"project_tag":[],"class_list":["post-15280","project","type-project","status-publish","has-post-thumbnail","hentry","project_category-noticias"],"yoast_head":"<!-- This site is optimized with the Yoast SEO plugin v24.9 - https:\/\/yoast.com\/wordpress\/plugins\/seo\/ -->\n<title>Aprobado por unanimidad el presupuesto de Colindres para 2020, que asciende a 8 millones de euros - Ayuntamiento de Colindres<\/title>\n<meta name=\"robots\" content=\"index, follow, max-snippet:-1, max-image-preview:large, max-video-preview:-1\" \/>\n<link rel=\"canonical\" href=\"https:\/\/www.colindres.es\/index.php\/project\/aprobado-por-unanimidad-el-presupuesto-de-colindres-para-2020-que-asciende-a-8-millones-de-euros\/\" \/>\n<meta property=\"og:locale\" content=\"es_ES\" \/>\n<meta property=\"og:type\" content=\"article\" \/>\n<meta property=\"og:title\" content=\"Aprobado por unanimidad el presupuesto de Colindres para 2020, que asciende a 8 millones de euros - Ayuntamiento de Colindres\" \/>\n<meta property=\"og:description\" content=\"Incera destaca que lo urgente es proteger a las familias; adem\u00e1s incluye un fondo de contingencia y un plan de infraestructuras para la reactivaci\u00f3n de la econom\u00eda local. Colindres, 11 de mayo de 2020 El Pleno del Ayuntamiento de Colindres, celebrado en la tarde de hoy, de manera telem\u00e1tica, ha aprobado, con el voto favorable [&hellip;]\" \/>\n<meta property=\"og:url\" content=\"https:\/\/www.colindres.es\/index.php\/project\/aprobado-por-unanimidad-el-presupuesto-de-colindres-para-2020-que-asciende-a-8-millones-de-euros\/\" \/>\n<meta property=\"og:site_name\" content=\"Ayuntamiento de Colindres\" \/>\n<meta property=\"og:image\" content=\"https:\/\/www.colindres.es\/wp-content\/uploads\/2020\/05\/foto-mayo-pleno-2020.jpg\" \/>\n\t<meta property=\"og:image:width\" content=\"1132\" \/>\n\t<meta property=\"og:image:height\" content=\"652\" \/>\n\t<meta property=\"og:image:type\" content=\"image\/jpeg\" \/>\n<meta name=\"twitter:card\" content=\"summary_large_image\" \/>\n<meta name=\"twitter:label1\" content=\"Tiempo de lectura\" \/>\n\t<meta name=\"twitter:data1\" content=\"7 minutos\" \/>\n<script type=\"application\/ld+json\" class=\"yoast-schema-graph\">{\"@context\":\"https:\/\/schema.org\",\"@graph\":[{\"@type\":\"WebPage\",\"@id\":\"https:\/\/www.colindres.es\/index.php\/project\/aprobado-por-unanimidad-el-presupuesto-de-colindres-para-2020-que-asciende-a-8-millones-de-euros\/\",\"url\":\"https:\/\/www.colindres.es\/index.php\/project\/aprobado-por-unanimidad-el-presupuesto-de-colindres-para-2020-que-asciende-a-8-millones-de-euros\/\",\"name\":\"Aprobado por unanimidad el presupuesto de Colindres para 2020, que asciende a 8 millones de euros - Ayuntamiento de Colindres\",\"isPartOf\":{\"@id\":\"https:\/\/www.colindres.es\/#website\"},\"primaryImageOfPage\":{\"@id\":\"https:\/\/www.colindres.es\/index.php\/project\/aprobado-por-unanimidad-el-presupuesto-de-colindres-para-2020-que-asciende-a-8-millones-de-euros\/#primaryimage\"},\"image\":{\"@id\":\"https:\/\/www.colindres.es\/index.php\/project\/aprobado-por-unanimidad-el-presupuesto-de-colindres-para-2020-que-asciende-a-8-millones-de-euros\/#primaryimage\"},\"thumbnailUrl\":\"https:\/\/www.colindres.es\/wp-content\/uploads\/2020\/05\/foto-mayo-pleno-2020.jpg\",\"datePublished\":\"2020-05-11T17:51:41+00:00\",\"breadcrumb\":{\"@id\":\"https:\/\/www.colindres.es\/index.php\/project\/aprobado-por-unanimidad-el-presupuesto-de-colindres-para-2020-que-asciende-a-8-millones-de-euros\/#breadcrumb\"},\"inLanguage\":\"es\",\"potentialAction\":[{\"@type\":\"ReadAction\",\"target\":[\"https:\/\/www.colindres.es\/index.php\/project\/aprobado-por-unanimidad-el-presupuesto-de-colindres-para-2020-que-asciende-a-8-millones-de-euros\/\"]}]},{\"@type\":\"ImageObject\",\"inLanguage\":\"es\",\"@id\":\"https:\/\/www.colindres.es\/index.php\/project\/aprobado-por-unanimidad-el-presupuesto-de-colindres-para-2020-que-asciende-a-8-millones-de-euros\/#primaryimage\",\"url\":\"https:\/\/www.colindres.es\/wp-content\/uploads\/2020\/05\/foto-mayo-pleno-2020.jpg\",\"contentUrl\":\"https:\/\/www.colindres.es\/wp-content\/uploads\/2020\/05\/foto-mayo-pleno-2020.jpg\",\"width\":1132,\"height\":652,\"caption\":\"foto mayo pleno 2020\"},{\"@type\":\"BreadcrumbList\",\"@id\":\"https:\/\/www.colindres.es\/index.php\/project\/aprobado-por-unanimidad-el-presupuesto-de-colindres-para-2020-que-asciende-a-8-millones-de-euros\/#breadcrumb\",\"itemListElement\":[{\"@type\":\"ListItem\",\"position\":1,\"name\":\"Portada\",\"item\":\"https:\/\/www.colindres.es\/\"},{\"@type\":\"ListItem\",\"position\":2,\"name\":\"Proyectos\",\"item\":\"https:\/\/www.colindres.es\/index.php\/project\/\"},{\"@type\":\"ListItem\",\"position\":3,\"name\":\"Aprobado por unanimidad el presupuesto de Colindres para 2020, que asciende a 8 millones de euros\"}]},{\"@type\":\"WebSite\",\"@id\":\"https:\/\/www.colindres.es\/#website\",\"url\":\"https:\/\/www.colindres.es\/\",\"name\":\"Ayuntamiento de Colindres\",\"description\":\"Dise\u00f1ado por NTIC&#039;s\",\"publisher\":{\"@id\":\"https:\/\/www.colindres.es\/#organization\"},\"potentialAction\":[{\"@type\":\"SearchAction\",\"target\":{\"@type\":\"EntryPoint\",\"urlTemplate\":\"https:\/\/www.colindres.es\/?s={search_term_string}\"},\"query-input\":{\"@type\":\"PropertyValueSpecification\",\"valueRequired\":true,\"valueName\":\"search_term_string\"}}],\"inLanguage\":\"es\"},{\"@type\":\"Organization\",\"@id\":\"https:\/\/www.colindres.es\/#organization\",\"name\":\"AYUNTAMIENTO DE COLINDRES\",\"url\":\"https:\/\/www.colindres.es\/\",\"logo\":{\"@type\":\"ImageObject\",\"inLanguage\":\"es\",\"@id\":\"https:\/\/www.colindres.es\/#\/schema\/logo\/image\/\",\"url\":\"https:\/\/www.colindres.es\/wp-content\/uploads\/2017\/01\/LOGO-PRINCIPAL.jpg\",\"contentUrl\":\"https:\/\/www.colindres.es\/wp-content\/uploads\/2017\/01\/LOGO-PRINCIPAL.jpg\",\"width\":1209,\"height\":579,\"caption\":\"AYUNTAMIENTO DE COLINDRES\"},\"image\":{\"@id\":\"https:\/\/www.colindres.es\/#\/schema\/logo\/image\/\"}}]}<\/script>\n<!-- \/ Yoast SEO plugin. -->","yoast_head_json":{"title":"Aprobado por unanimidad el presupuesto de Colindres para 2020, que asciende a 8 millones de euros - Ayuntamiento de Colindres","robots":{"index":"index","follow":"follow","max-snippet":"max-snippet:-1","max-image-preview":"max-image-preview:large","max-video-preview":"max-video-preview:-1"},"canonical":"https:\/\/www.colindres.es\/index.php\/project\/aprobado-por-unanimidad-el-presupuesto-de-colindres-para-2020-que-asciende-a-8-millones-de-euros\/","og_locale":"es_ES","og_type":"article","og_title":"Aprobado por unanimidad el presupuesto de Colindres para 2020, que asciende a 8 millones de euros - Ayuntamiento de Colindres","og_description":"Incera destaca que lo urgente es proteger a las familias; adem\u00e1s incluye un fondo de contingencia y un plan de infraestructuras para la reactivaci\u00f3n de la econom\u00eda local. Colindres, 11 de mayo de 2020 El Pleno del Ayuntamiento de Colindres, celebrado en la tarde de hoy, de manera telem\u00e1tica, ha aprobado, con el voto favorable [&hellip;]","og_url":"https:\/\/www.colindres.es\/index.php\/project\/aprobado-por-unanimidad-el-presupuesto-de-colindres-para-2020-que-asciende-a-8-millones-de-euros\/","og_site_name":"Ayuntamiento de Colindres","og_image":[{"width":1132,"height":652,"url":"https:\/\/www.colindres.es\/wp-content\/uploads\/2020\/05\/foto-mayo-pleno-2020.jpg","type":"image\/jpeg"}],"twitter_card":"summary_large_image","twitter_misc":{"Tiempo de lectura":"7 minutos"},"schema":{"@context":"https:\/\/schema.org","@graph":[{"@type":"WebPage","@id":"https:\/\/www.colindres.es\/index.php\/project\/aprobado-por-unanimidad-el-presupuesto-de-colindres-para-2020-que-asciende-a-8-millones-de-euros\/","url":"https:\/\/www.colindres.es\/index.php\/project\/aprobado-por-unanimidad-el-presupuesto-de-colindres-para-2020-que-asciende-a-8-millones-de-euros\/","name":"Aprobado por unanimidad el presupuesto de Colindres para 2020, que asciende a 8 millones de euros - Ayuntamiento de Colindres","isPartOf":{"@id":"https:\/\/www.colindres.es\/#website"},"primaryImageOfPage":{"@id":"https:\/\/www.colindres.es\/index.php\/project\/aprobado-por-unanimidad-el-presupuesto-de-colindres-para-2020-que-asciende-a-8-millones-de-euros\/#primaryimage"},"image":{"@id":"https:\/\/www.colindres.es\/index.php\/project\/aprobado-por-unanimidad-el-presupuesto-de-colindres-para-2020-que-asciende-a-8-millones-de-euros\/#primaryimage"},"thumbnailUrl":"https:\/\/www.colindres.es\/wp-content\/uploads\/2020\/05\/foto-mayo-pleno-2020.jpg","datePublished":"2020-05-11T17:51:41+00:00","breadcrumb":{"@id":"https:\/\/www.colindres.es\/index.php\/project\/aprobado-por-unanimidad-el-presupuesto-de-colindres-para-2020-que-asciende-a-8-millones-de-euros\/#breadcrumb"},"inLanguage":"es","potentialAction":[{"@type":"ReadAction","target":["https:\/\/www.colindres.es\/index.php\/project\/aprobado-por-unanimidad-el-presupuesto-de-colindres-para-2020-que-asciende-a-8-millones-de-euros\/"]}]},{"@type":"ImageObject","inLanguage":"es","@id":"https:\/\/www.colindres.es\/index.php\/project\/aprobado-por-unanimidad-el-presupuesto-de-colindres-para-2020-que-asciende-a-8-millones-de-euros\/#primaryimage","url":"https:\/\/www.colindres.es\/wp-content\/uploads\/2020\/05\/foto-mayo-pleno-2020.jpg","contentUrl":"https:\/\/www.colindres.es\/wp-content\/uploads\/2020\/05\/foto-mayo-pleno-2020.jpg","width":1132,"height":652,"caption":"foto mayo pleno 2020"},{"@type":"BreadcrumbList","@id":"https:\/\/www.colindres.es\/index.php\/project\/aprobado-por-unanimidad-el-presupuesto-de-colindres-para-2020-que-asciende-a-8-millones-de-euros\/#breadcrumb","itemListElement":[{"@type":"ListItem","position":1,"name":"Portada","item":"https:\/\/www.colindres.es\/"},{"@type":"ListItem","position":2,"name":"Proyectos","item":"https:\/\/www.colindres.es\/index.php\/project\/"},{"@type":"ListItem","position":3,"name":"Aprobado por unanimidad el presupuesto de Colindres para 2020, que asciende a 8 millones de euros"}]},{"@type":"WebSite","@id":"https:\/\/www.colindres.es\/#website","url":"https:\/\/www.colindres.es\/","name":"Ayuntamiento de Colindres","description":"Dise\u00f1ado por NTIC&#039;s","publisher":{"@id":"https:\/\/www.colindres.es\/#organization"},"potentialAction":[{"@type":"SearchAction","target":{"@type":"EntryPoint","urlTemplate":"https:\/\/www.colindres.es\/?s={search_term_string}"},"query-input":{"@type":"PropertyValueSpecification","valueRequired":true,"valueName":"search_term_string"}}],"inLanguage":"es"},{"@type":"Organization","@id":"https:\/\/www.colindres.es\/#organization","name":"AYUNTAMIENTO DE COLINDRES","url":"https:\/\/www.colindres.es\/","logo":{"@type":"ImageObject","inLanguage":"es","@id":"https:\/\/www.colindres.es\/#\/schema\/logo\/image\/","url":"https:\/\/www.colindres.es\/wp-content\/uploads\/2017\/01\/LOGO-PRINCIPAL.jpg","contentUrl":"https:\/\/www.colindres.es\/wp-content\/uploads\/2017\/01\/LOGO-PRINCIPAL.jpg","width":1209,"height":579,"caption":"AYUNTAMIENTO DE COLINDRES"},"image":{"@id":"https:\/\/www.colindres.es\/#\/schema\/logo\/image\/"}}]}},"_links":{"self":[{"href":"https:\/\/www.colindres.es\/index.php\/wp-json\/wp\/v2\/project\/15280","targetHints":{"allow":["GET"]}}],"collection":[{"href":"https:\/\/www.colindres.es\/index.php\/wp-json\/wp\/v2\/project"}],"about":[{"href":"https:\/\/www.colindres.es\/index.php\/wp-json\/wp\/v2\/types\/project"}],"author":[{"embeddable":true,"href":"https:\/\/www.colindres.es\/index.php\/wp-json\/wp\/v2\/users\/1"}],"replies":[{"embeddable":true,"href":"https:\/\/www.colindres.es\/index.php\/wp-json\/wp\/v2\/comments?post=15280"}],"version-history":[{"count":1,"href":"https:\/\/www.colindres.es\/index.php\/wp-json\/wp\/v2\/project\/15280\/revisions"}],"predecessor-version":[{"id":15282,"href":"https:\/\/www.colindres.es\/index.php\/wp-json\/wp\/v2\/project\/15280\/revisions\/15282"}],"wp:featuredmedia":[{"embeddable":true,"href":"https:\/\/www.colindres.es\/index.php\/wp-json\/wp\/v2\/media\/15281"}],"wp:attachment":[{"href":"https:\/\/www.colindres.es\/index.php\/wp-json\/wp\/v2\/media?parent=15280"}],"wp:term":[{"taxonomy":"project_category","embeddable":true,"href":"https:\/\/www.colindres.es\/index.php\/wp-json\/wp\/v2\/project_category?post=15280"},{"taxonomy":"project_tag","embeddable":true,"href":"https:\/\/www.colindres.es\/index.php\/wp-json\/wp\/v2\/project_tag?post=15280"}],"curies":[{"name":"wp","href":"https:\/\/api.w.org\/{rel}","templated":true}]}}